{"id":31045,"date":"2025-05-02T09:07:15","date_gmt":"2025-05-02T07:07:15","guid":{"rendered":"https:\/\/dev.arkenhotel.com\/mote-event\/venues\/"},"modified":"2025-11-13T17:45:55","modified_gmt":"2025-11-13T16:45:55","slug":"venues","status":"publish","type":"meeting","link":"https:\/\/arkenhotel.com\/en\/meetings-events\/venues\/","title":{"rendered":"Venues"},"content":{"rendered":"\n<div class=\"wp-block-group has-white-color has-contrast-background-color has-text-color has-background has-link-color wp-elements-cf903b3267943a33aae930adf7300dea is-layout-flow wp-block-group-is-layout-flow\" style=\"padding-right:var(--wp--preset--spacing--hero);padding-left:var(--wp--preset--spacing--hero)\">\n<div class=\"wp-block-cover\" style=\"min-height:82vh;aspect-ratio:unset;\"><img loading=\"lazy\" decoding=\"async\" width=\"900\" height=\"601\" class=\"wp-block-cover__image-background wp-image-25782 size-large\" alt=\"\" src=\"https:\/\/arkenhotel.com\/wp-content\/uploads\/sites\/5\/2025\/04\/01_aktern-konferens-lokal-arken-hotell-spa-6549-900x601.jpg\" data-object-fit=\"cover\" srcset=\"https:\/\/arkenhotel.com\/wp-content\/uploads\/sites\/5\/2025\/04\/01_aktern-konferens-lokal-arken-hotell-spa-6549-900x601.jpg 900w, https:\/\/arkenhotel.com\/wp-content\/uploads\/sites\/5\/2025\/04\/01_aktern-konferens-lokal-arken-hotell-spa-6549-400x267.jpg 400w, https:\/\/arkenhotel.com\/wp-content\/uploads\/sites\/5\/2025\/04\/01_aktern-konferens-lokal-arken-hotell-spa-6549-600x401.jpg 600w, https:\/\/arkenhotel.com\/wp-content\/uploads\/sites\/5\/2025\/04\/01_aktern-konferens-lokal-arken-hotell-spa-6549-700x467.jpg 700w, https:\/\/arkenhotel.com\/wp-content\/uploads\/sites\/5\/2025\/04\/01_aktern-konferens-lokal-arken-hotell-spa-6549-800x534.jpg 800w, https:\/\/arkenhotel.com\/wp-content\/uploads\/sites\/5\/2025\/04\/01_aktern-konferens-lokal-arken-hotell-spa-6549-1000x668.jpg 1000w, https:\/\/arkenhotel.com\/wp-content\/uploads\/sites\/5\/2025\/04\/01_aktern-konferens-lokal-arken-hotell-spa-6549-1100x734.jpg 1100w, https:\/\/arkenhotel.com\/wp-content\/uploads\/sites\/5\/2025\/04\/01_aktern-konferens-lokal-arken-hotell-spa-6549-1280x855.jpg 1280w, https:\/\/arkenhotel.com\/wp-content\/uploads\/sites\/5\/2025\/04\/01_aktern-konferens-lokal-arken-hotell-spa-6549-1920x1282.jpg 1920w, https:\/\/arkenhotel.com\/wp-content\/uploads\/sites\/5\/2025\/04\/01_aktern-konferens-lokal-arken-hotell-spa-6549-768x513.jpg 768w, https:\/\/arkenhotel.com\/wp-content\/uploads\/sites\/5\/2025\/04\/01_aktern-konferens-lokal-arken-hotell-spa-6549-1536x1026.jpg 1536w, https:\/\/arkenhotel.com\/wp-content\/uploads\/sites\/5\/2025\/04\/01_aktern-konferens-lokal-arken-hotell-spa-6549-2048x1367.jpg 2048w, https:\/\/arkenhotel.com\/wp-content\/uploads\/sites\/5\/2025\/04\/01_aktern-konferens-lokal-arken-hotell-spa-6549-scaled.jpg 1617w\" sizes=\"auto, (max-width: 900px) 100vw, 900px\" \/><span aria-hidden=\"true\" class=\"wp-block-cover__background has-black-background-color has-background-dim-30 has-background-dim\"><\/span><div class=\"wp-block-cover__inner-container has-global-padding is-layout-constrained wp-container-core-cover-is-layout-44f82bf8 wp-block-cover-is-layout-constrained\">\n<h1 class=\"wp-block-heading has-text-align-center\">venues<\/h1>\n<\/div><\/div>\n\n\n\n<div class=\"wp-block-group is-hidden-mobile has-contrast-background-color has-background has-global-padding is-layout-constrained wp-container-core-group-is-layout-896cce2c wp-block-group-is-layout-constrained\" style=\"padding-top:var(--wp--preset--spacing--2);padding-bottom:var(--wp--preset--spacing--2)\"><\/div>\n<\/div>\n\n<div class=\"wp-block-group has-color-2-background-color has-background has-global-padding is-layout-constrained wp-container-core-group-is-layout-44c88912 wp-block-group-is-layout-constrained\" style=\"padding-top:var(--wp--preset--spacing--5);padding-bottom:var(--wp--preset--spacing--5)\">\n<div class=\"wp-block-columns are-vertically-aligned-top is-layout-flex wp-container-core-columns-is-layout-4df05606 wp-block-columns-is-layout-flex\">\n<div class=\"wp-block-column is-vertically-aligned-top is-layout-flow wp-block-column-is-layout-flow\" style=\"flex-basis:50%\">\n<div class=\"wp-block-group has-global-padding is-content-justification-left is-layout-constrained wp-container-core-group-is-layout-74cbbf86 wp-block-group-is-layout-constrained\">\n<h2 class=\"wp-block-heading\">creative meeting rooms and conference facilities in gothenburg<\/h2>\n<\/div>\n<\/div>\n\n\n\n<div class=\"wp-block-column is-vertically-aligned-top is-layout-flow wp-block-column-is-layout-flow\" style=\"flex-basis:50%\">\n<p>A successful conference is about more than just the venue. At Arken Hotel &amp; Art Garden Spa in Gothenburg, we offer flexible conference rooms and meeting rooms with the sea as a neighbor &#8211; perfect for everything from effective meetings to large corporate events and conferences. Tell us what you want to achieve, and we will customize the arrangement that takes you there.  <\/p>\n\n\n\n<div class=\"wp-block-buttons is-layout-flex wp-block-buttons-is-layout-flex\">\n<div class=\"wp-block-button\" style=\"--hover-background-color:var(--wp--preset--color--color-4);--hover-text-color:var(--wp--preset--color--white);--hover-border-color:var(--wp--preset--color--color-4);--active-background-color:var(--wp--preset--color--color-3);--active-text-color:var(--wp--preset--color--white);--active-border-color:var(--wp--preset--color--color-3);--focus-background-color:var(--wp--preset--color--color-3);--focus-text-color:var(--wp--preset--color--white);--focus-border-color:var(--wp--preset--color--color-3);--disabled-background-color:var(--wp--preset--color--color-1);--disabled-text-color:var(--wp--preset--color--black);--disabled-border-color:var(--wp--preset--color--color-1)\"><a class=\"wp-block-button__link wp-element-button\" href=\"https:\/\/arkenhotel.com\/en\/meetings-events\/venues\/#kontakt\">contact us<\/a><\/div>\n<\/div>\n<\/div>\n<\/div>\n<\/div>\n\n<div class=\"wp-block-group has-global-padding is-layout-constrained wp-block-group-is-layout-constrained\" style=\"padding-top:var(--wp--preset--spacing--5);padding-bottom:var(--wp--preset--spacing--5)\"><div id=\"9dc399e8-6aa3-4b2d-993e-0ccfba4b2888\" class=\"posts-archive-dropdown block-editor-block-list__block wp-block block-editor-block-list__block wp-block is-selected\" data-post-type=\"lokal\">\n         <div class=\" post-card\" data-post-id=\"30939\" data-post-slug=\"oceanen\">\n                     <div class=\"image-wrapper\">\n               <img decoding=\"async\" src=\"https:\/\/arkenhotel.com\/wp-content\/uploads\/sites\/5\/2025\/04\/oceanen-kongresshall-arken-hotel-0226-900x600.jpg\" srcset=\"https:\/\/arkenhotel.com\/wp-content\/uploads\/sites\/5\/2025\/04\/oceanen-kongresshall-arken-hotel-0226-900x600.jpg 900w, https:\/\/arkenhotel.com\/wp-content\/uploads\/sites\/5\/2025\/04\/oceanen-kongresshall-arken-hotel-0226-400x267.jpg 400w, https:\/\/arkenhotel.com\/wp-content\/uploads\/sites\/5\/2025\/04\/oceanen-kongresshall-arken-hotel-0226-600x400.jpg 600w, https:\/\/arkenhotel.com\/wp-content\/uploads\/sites\/5\/2025\/04\/oceanen-kongresshall-arken-hotel-0226-700x467.jpg 700w, https:\/\/arkenhotel.com\/wp-content\/uploads\/sites\/5\/2025\/04\/oceanen-kongresshall-arken-hotel-0226-800x533.jpg 800w, https:\/\/arkenhotel.com\/wp-content\/uploads\/sites\/5\/2025\/04\/oceanen-kongresshall-arken-hotel-0226-1000x667.jpg 1000w, https:\/\/arkenhotel.com\/wp-content\/uploads\/sites\/5\/2025\/04\/oceanen-kongresshall-arken-hotel-0226-1100x733.jpg 1100w, https:\/\/arkenhotel.com\/wp-content\/uploads\/sites\/5\/2025\/04\/oceanen-kongresshall-arken-hotel-0226-1280x853.jpg 1280w, https:\/\/arkenhotel.com\/wp-content\/uploads\/sites\/5\/2025\/04\/oceanen-kongresshall-arken-hotel-0226-768x512.jpg 768w, https:\/\/arkenhotel.com\/wp-content\/uploads\/sites\/5\/2025\/04\/oceanen-kongresshall-arken-hotel-0226-1536x1024.jpg 1536w, https:\/\/arkenhotel.com\/wp-content\/uploads\/sites\/5\/2025\/04\/oceanen-kongresshall-arken-hotel-0226.jpg 1620w\" alt=\"OCEANEN\" class=\"\" \/>\n            <\/div>\n                  <div class=\"content-wrapper\">\n            <div class=\"post-title-capacity\">\n                                 <h3 class=\"wp-block-heading post-title\">OCEANEN<\/h3>\n                                                <p class=\"post-capacity\">600 pers.<\/p>\n                           <\/div>\n                           <p class=\"post-subheading\">Oceanen is our largest room and is ideal for large congresses, dinners, parties, exhibitions and fairs.<\/p>\n                     <\/div>\n                     <div class=\"btn-wrapper\">\n               <button class=\"post-btn wp-block-button__link wp-element-button\">\n                  <div class=\"post-btn-closed\">\n                     Read more                     <svg width=\"10\" height=\"10\" viewBox=\"0 0 10 10\" fill=\"none\" xmlns=\"http:\/\/www.w3.org\/2000\/svg\">\n                        <path d=\"M10 2.66038L5 8L-4.8687e-07 2.66038L0.627207 2L5 6.66981L9.37279 2L10 2.66038Z\" fill=\"currentcolor\" \/>\n                     <\/svg>\n                  <\/div>\n                  <div class=\"post-btn-open\">\n                     Close                     <svg width=\"10\" height=\"10\" viewBox=\"0 0 10 10\" fill=\"none\" xmlns=\"http:\/\/www.w3.org\/2000\/svg\">\n                        <path d=\"M0.561192 10L0 9.43881L4.43881 5L0 0.561192L0.561192 0L5 4.43881L9.43881 0L10 0.561192L5.56119 5L10 9.43881L9.43881 10L5 5.56119L0.561192 10Z\" fill=\"currentcolor\" \/>\n                     <\/svg>\n                  <\/div>\n               <\/button>\n            <\/div>\n                  <div class=\"post-dropdown-content\" data-post-id=\"30939\">\n            <div class=\"post-dropdown-content-inner\">\n               \n<div class=\"wp-block-columns has-base-background-color has-background is-layout-flex wp-container-core-columns-is-layout-a521ed9a wp-block-columns-is-layout-flex\" style=\"padding-top:0;padding-right:0;padding-bottom:0;padding-left:0\">\n<div class=\"wp-block-column is-vertically-aligned-top has-small-font-size is-layout-flow wp-container-core-column-is-layout-6073293c wp-block-column-is-layout-flow\" style=\"flex-basis:500px\">\n<div class=\"wp-block-group is-content-justification-space-between is-nowrap is-layout-flex wp-container-core-group-is-layout-63c1e1a1 wp-block-group-is-layout-flex\">\n<h3 class=\"wp-block-heading\">OCEANEN<\/h3>\n\n\n\n<p class=\"has-contrast-color has-text-color has-link-color has-medium-font-size wp-elements-3cc36b6b43c8dd24343e8cbb6169a69e\">600 pers.<\/p>\n<\/div>\n\n\n\n<p>Oceanen is our largest room with a floor area of 1000 sqm. It is perfectly suited to big events such as larger congresses, dinners, parties, exhibitions and fairs. <\/p>\n\n\n\n<p>The venue has soundproofing carpet and textiles, RGB lighting, sound system and projector. Everything needed to create the right atmosphere for different occasions. The entire Oceanen is covered in textiles, which creates very good acoustics.    <br\/><br\/>Oceanen is 43 meters long, 26 meters wide and has a sloping roof with a minimum ceiling height of 6 meters. A wide loading door at ground level makes loading and unloading very easy, and it is also possible to drive vehicles directly into the premises.  <br\/><br\/>The fair&#8217;s central location in the building makes it logistically very easy to get from the fair to seminar rooms, group rooms, hotel rooms or restaurants.  <\/p>\n\n\n\n<div class=\"wp-block-buttons is-layout-flex wp-block-buttons-is-layout-flex\">\n<div class=\"wp-block-button\" style=\"--hover-background-color:var(--wp--preset--color--contrast);--hover-text-color:var(--wp--preset--color--base);--hover-border-color:var(--wp--preset--color--contrast);--active-background-color:var(--wp--preset--color--color-3);--active-text-color:var(--wp--preset--color--base);--active-border-color:var(--wp--preset--color--color-3);--focus-background-color:var(--wp--preset--color--contrast);--focus-text-color:var(--wp--preset--color--base);--focus-border-color:var(--wp--preset--color--contrast);--disabled-background-color:var(--wp--preset--color--color-2);--disabled-text-color:var(--wp--preset--color--black);--disabled-border-color:var(--wp--preset--color--color-2)\"><a class=\"wp-block-button__link wp-element-button\" href=\"https:\/\/arkenhotel.com\/en\/meetings-events\/venues\/#kontakt\">SEND A BOOKING INQUIRY<\/a><\/div>\n<\/div>\n\n\n\n<div class=\"wp-block-group is-vertical is-layout-flex wp-container-core-group-is-layout-9f8fc9c8 wp-block-group-is-layout-flex\">\n<p style=\"font-style:normal;font-weight:500\">Equipment on the premises:<\/p>\n\n\n\n<ul class=\"wp-block-list is-style-checklist is-style-checklist--1\">\n<li class=\"has-x-small-font-size\">Wide loading door at ground level<\/li>\n\n\n\n<li class=\"has-x-small-font-size\">About 189 amps of electricity available<\/li>\n\n\n\n<li class=\"has-x-small-font-size\">A stage of 24 sqm<\/li>\n\n\n\n<li class=\"has-x-small-font-size\">Front light<\/li>\n\n\n\n<li class=\"has-x-small-font-size\">Ceiling mounted projector<\/li>\n\n\n\n<li class=\"has-x-small-font-size\">Film screen<\/li>\n\n\n\n<li class=\"has-x-small-font-size\">PA system<\/li>\n\n\n\n<li class=\"has-x-small-font-size\">Wireless audio devices<\/li>\n\n\n\n<li class=\"has-x-small-font-size\">Multiple general lighting modes<\/li>\n\n\n\n<li class=\"has-x-small-font-size\">Curtains<\/li>\n\n\n\n<li class=\"has-x-small-font-size\">Sound absorbing mat<\/li>\n\n\n\n<li class=\"has-x-small-font-size\">Wardrobes<\/li>\n\n\n\n<li class=\"has-x-small-font-size\">Fixed and wireless broadband access<\/li>\n<\/ul>\n<\/div>\n\n\n\n<div class=\"wp-block-group is-vertical is-layout-flex wp-container-core-group-is-layout-9f8fc9c8 wp-block-group-is-layout-flex\">\n<p style=\"font-style:normal;font-weight:500\">Facts:<\/p>\n\n\n\n<p class=\"has-x-small-font-size\">Surface area: 1000 sqm<\/p>\n\n\n\n<p class=\"has-x-small-font-size\">Length: 43 m<\/p>\n\n\n\n<p class=\"has-x-small-font-size\">Width: 26 m<\/p>\n\n\n\n<p class=\"has-x-small-font-size\">Ceiling height: at least 6 m<\/p>\n\n\n\n<p class=\"has-x-small-font-size\">Maximum number: 600 pers.<\/p>\n<\/div>\n\n\n\n<div class=\"wp-block-group is-vertical is-layout-flex wp-container-core-group-is-layout-9f8fc9c8 wp-block-group-is-layout-flex\">\n<p style=\"font-style:normal;font-weight:500\">Seatings:<\/p>\n\n\n\n<p class=\"has-x-small-font-size\">Cinema seating &#8211; 600 pers. | Islands &#8211; 400 pers. <\/p>\n<\/div>\n<\/div>\n\n\n\n<div class=\"wp-block-column is-vertically-aligned-top is-layout-flow wp-block-column-is-layout-flow\" style=\"flex-basis:66.66%\"><div data-block-id=\"4e6a6933-c609-4c49-a87e-7b92feb82710\" class=\"wp-block-content-grid block-editor-block-list__block wp-block wp-block-tiburon-content-grid columns-l-1 columns-m-1 columns-s-1 layout-default slider-on-l slider-on-m slider-on-s column-gap-0\">\n   \n\n<div class=\"wp-block-group has-global-padding is-layout-constrained wp-container-core-group-is-layout-7db9d80f wp-block-group-is-layout-constrained\" style=\"padding-right:0;padding-left:0\">\n<figure data-wp-context=\"{&quot;imageId&quot;:&quot;69f188245f45d&quot;}\" data-wp-interactive=\"core\/image\" data-wp-key=\"69f188245f45d\" class=\"wp-block-image size-large wp-lightbox-container\"><img loading=\"lazy\" decoding=\"async\" width=\"900\" height=\"600\" data-wp-class--hide=\"state.isContentHidden\" data-wp-class--show=\"state.isContentVisible\" data-wp-init=\"callbacks.setButtonStyles\" data-wp-on--click=\"actions.showLightbox\" data-wp-on--load=\"callbacks.setButtonStyles\" data-wp-on-window--resize=\"callbacks.setButtonStyles\" src=\"https:\/\/arkenhotel.com\/wp-content\/uploads\/sites\/5\/2025\/04\/oceanen-kongresshall-arken-hotel-0226-900x600.jpg\" alt=\"oceanen event hall\" class=\"wp-image-25755\" srcset=\"https:\/\/arkenhotel.com\/wp-content\/uploads\/sites\/5\/2025\/04\/oceanen-kongresshall-arken-hotel-0226-900x600.jpg 900w, https:\/\/arkenhotel.com\/wp-content\/uploads\/sites\/5\/2025\/04\/oceanen-kongresshall-arken-hotel-0226-400x267.jpg 400w, https:\/\/arkenhotel.com\/wp-content\/uploads\/sites\/5\/2025\/04\/oceanen-kongresshall-arken-hotel-0226-600x400.jpg 600w, https:\/\/arkenhotel.com\/wp-content\/uploads\/sites\/5\/2025\/04\/oceanen-kongresshall-arken-hotel-0226-700x467.jpg 700w, https:\/\/arkenhotel.com\/wp-content\/uploads\/sites\/5\/2025\/04\/oceanen-kongresshall-arken-hotel-0226-800x533.jpg 800w, https:\/\/arkenhotel.com\/wp-content\/uploads\/sites\/5\/2025\/04\/oceanen-kongresshall-arken-hotel-0226-1000x667.jpg 1000w, https:\/\/arkenhotel.com\/wp-content\/uploads\/sites\/5\/2025\/04\/oceanen-kongresshall-arken-hotel-0226-1100x733.jpg 1100w, https:\/\/arkenhotel.com\/wp-content\/uploads\/sites\/5\/2025\/04\/oceanen-kongresshall-arken-hotel-0226-1280x853.jpg 1280w, https:\/\/arkenhotel.com\/wp-content\/uploads\/sites\/5\/2025\/04\/oceanen-kongresshall-arken-hotel-0226-768x512.jpg 768w, https:\/\/arkenhotel.com\/wp-content\/uploads\/sites\/5\/2025\/04\/oceanen-kongresshall-arken-hotel-0226-1536x1024.jpg 1536w, https:\/\/arkenhotel.com\/wp-content\/uploads\/sites\/5\/2025\/04\/oceanen-kongresshall-arken-hotel-0226.jpg 1620w\" sizes=\"auto, (max-width: 900px) 100vw, 900px\" \/><button\n\t\t\tclass=\"lightbox-trigger\"\n\t\t\ttype=\"button\"\n\t\t\taria-haspopup=\"dialog\"\n\t\t\taria-label=\"Enlarge\"\n\t\t\tdata-wp-init=\"callbacks.initTriggerButton\"\n\t\t\tdata-wp-on--click=\"actions.showLightbox\"\n\t\t\tdata-wp-style--right=\"state.imageButtonRight\"\n\t\t\tdata-wp-style--top=\"state.imageButtonTop\"\n\t\t>\n\t\t\t<svg xmlns=\"http:\/\/www.w3.org\/2000\/svg\" width=\"12\" height=\"12\" fill=\"none\" viewBox=\"0 0 12 12\">\n\t\t\t\t<path fill=\"#fff\" d=\"M2 0a2 2 0 0 0-2 2v2h1.5V2a.5.5 0 0 1 .5-.5h2V0H2Zm2 10.5H2a.5.5 0 0 1-.5-.5V8H0v2a2 2 0 0 0 2 2h2v-1.5ZM8 12v-1.5h2a.5.5 0 0 0 .5-.5V8H12v2a2 2 0 0 1-2 2H8Zm2-12a2 2 0 0 1 2 2v2h-1.5V2a.5.5 0 0 0-.5-.5H8V0h2Z\" \/>\n\t\t\t<\/svg>\n\t\t<\/button><\/figure>\n<\/div>\n\n\n\n<div class=\"wp-block-group has-global-padding is-layout-constrained wp-container-core-group-is-layout-7db9d80f wp-block-group-is-layout-constrained\" style=\"padding-right:0;padding-left:0\">\n<figure data-wp-context=\"{&quot;imageId&quot;:&quot;69f188245fa11&quot;}\" data-wp-interactive=\"core\/image\" data-wp-key=\"69f188245fa11\" class=\"wp-block-image size-large wp-lightbox-container\"><img loading=\"lazy\" decoding=\"async\" width=\"900\" height=\"601\" data-wp-class--hide=\"state.isContentHidden\" data-wp-class--show=\"state.isContentVisible\" data-wp-init=\"callbacks.setButtonStyles\" data-wp-on--click=\"actions.showLightbox\" data-wp-on--load=\"callbacks.setButtonStyles\" data-wp-on-window--resize=\"callbacks.setButtonStyles\" src=\"https:\/\/arkenhotel.com\/wp-content\/uploads\/sites\/5\/2025\/04\/oceanen-rgb-ljus-konferens-arken-900x601.gif\" alt=\"ocean lighting\" class=\"wp-image-25756\" style=\"aspect-ratio:3\/2;object-fit:cover\" srcset=\"https:\/\/arkenhotel.com\/wp-content\/uploads\/sites\/5\/2025\/04\/oceanen-rgb-ljus-konferens-arken-900x601.gif 900w, https:\/\/arkenhotel.com\/wp-content\/uploads\/sites\/5\/2025\/04\/oceanen-rgb-ljus-konferens-arken-400x267.gif 400w, https:\/\/arkenhotel.com\/wp-content\/uploads\/sites\/5\/2025\/04\/oceanen-rgb-ljus-konferens-arken-600x401.gif 600w, https:\/\/arkenhotel.com\/wp-content\/uploads\/sites\/5\/2025\/04\/oceanen-rgb-ljus-konferens-arken-699x467.gif 699w, https:\/\/arkenhotel.com\/wp-content\/uploads\/sites\/5\/2025\/04\/oceanen-rgb-ljus-konferens-arken-800x534.gif 800w, https:\/\/arkenhotel.com\/wp-content\/uploads\/sites\/5\/2025\/04\/oceanen-rgb-ljus-konferens-arken-1000x668.gif 1000w, https:\/\/arkenhotel.com\/wp-content\/uploads\/sites\/5\/2025\/04\/oceanen-rgb-ljus-konferens-arken-1100x735.gif 1100w, https:\/\/arkenhotel.com\/wp-content\/uploads\/sites\/5\/2025\/04\/oceanen-rgb-ljus-konferens-arken-768x513.gif 768w\" sizes=\"auto, (max-width: 900px) 100vw, 900px\" \/><button\n\t\t\tclass=\"lightbox-trigger\"\n\t\t\ttype=\"button\"\n\t\t\taria-haspopup=\"dialog\"\n\t\t\taria-label=\"Enlarge\"\n\t\t\tdata-wp-init=\"callbacks.initTriggerButton\"\n\t\t\tdata-wp-on--click=\"actions.showLightbox\"\n\t\t\tdata-wp-style--right=\"state.imageButtonRight\"\n\t\t\tdata-wp-style--top=\"state.imageButtonTop\"\n\t\t>\n\t\t\t<svg xmlns=\"http:\/\/www.w3.org\/2000\/svg\" width=\"12\" height=\"12\" fill=\"none\" viewBox=\"0 0 12 12\">\n\t\t\t\t<path fill=\"#fff\" d=\"M2 0a2 2 0 0 0-2 2v2h1.5V2a.5.5 0 0 1 .5-.5h2V0H2Zm2 10.5H2a.5.5 0 0 1-.5-.5V8H0v2a2 2 0 0 0 2 2h2v-1.5ZM8 12v-1.5h2a.5.5 0 0 0 .5-.5V8H12v2a2 2 0 0 1-2 2H8Zm2-12a2 2 0 0 1 2 2v2h-1.5V2a.5.5 0 0 0-.5-.5H8V0h2Z\" \/>\n\t\t\t<\/svg>\n\t\t<\/button><\/figure>\n<\/div>\n\n\n\n<div class=\"wp-block-group has-global-padding is-layout-constrained wp-container-core-group-is-layout-7db9d80f wp-block-group-is-layout-constrained\" style=\"padding-right:0;padding-left:0\">\n<figure data-wp-context=\"{&quot;imageId&quot;:&quot;69f188245ff54&quot;}\" data-wp-interactive=\"core\/image\" data-wp-key=\"69f188245ff54\" class=\"wp-block-image size-large wp-lightbox-container\"><img loading=\"lazy\" decoding=\"async\" width=\"900\" height=\"600\" data-wp-class--hide=\"state.isContentHidden\" data-wp-class--show=\"state.isContentVisible\" data-wp-init=\"callbacks.setButtonStyles\" data-wp-on--click=\"actions.showLightbox\" data-wp-on--load=\"callbacks.setButtonStyles\" data-wp-on-window--resize=\"callbacks.setButtonStyles\" src=\"https:\/\/arkenhotel.com\/wp-content\/uploads\/sites\/5\/2025\/04\/bil-utstallning-oceanen-arken-0215-900x600.jpg\" alt=\"car at events in oceanen\" class=\"wp-image-28029\" style=\"aspect-ratio:3\/2;object-fit:cover\" srcset=\"https:\/\/arkenhotel.com\/wp-content\/uploads\/sites\/5\/2025\/04\/bil-utstallning-oceanen-arken-0215-900x600.jpg 900w, https:\/\/arkenhotel.com\/wp-content\/uploads\/sites\/5\/2025\/04\/bil-utstallning-oceanen-arken-0215-600x400.jpg 600w, https:\/\/arkenhotel.com\/wp-content\/uploads\/sites\/5\/2025\/04\/bil-utstallning-oceanen-arken-0215-768x512.jpg 768w, https:\/\/arkenhotel.com\/wp-content\/uploads\/sites\/5\/2025\/04\/bil-utstallning-oceanen-arken-0215-1536x1024.jpg 1536w, https:\/\/arkenhotel.com\/wp-content\/uploads\/sites\/5\/2025\/04\/bil-utstallning-oceanen-arken-0215-400x267.jpg 400w, https:\/\/arkenhotel.com\/wp-content\/uploads\/sites\/5\/2025\/04\/bil-utstallning-oceanen-arken-0215-700x467.jpg 700w, https:\/\/arkenhotel.com\/wp-content\/uploads\/sites\/5\/2025\/04\/bil-utstallning-oceanen-arken-0215-800x533.jpg 800w, https:\/\/arkenhotel.com\/wp-content\/uploads\/sites\/5\/2025\/04\/bil-utstallning-oceanen-arken-0215-1000x667.jpg 1000w, https:\/\/arkenhotel.com\/wp-content\/uploads\/sites\/5\/2025\/04\/bil-utstallning-oceanen-arken-0215-1100x733.jpg 1100w, https:\/\/arkenhotel.com\/wp-content\/uploads\/sites\/5\/2025\/04\/bil-utstallning-oceanen-arken-0215-1280x853.jpg 1280w, https:\/\/arkenhotel.com\/wp-content\/uploads\/sites\/5\/2025\/04\/bil-utstallning-oceanen-arken-0215.jpg 1620w\" sizes=\"auto, (max-width: 900px) 100vw, 900px\" \/><button\n\t\t\tclass=\"lightbox-trigger\"\n\t\t\ttype=\"button\"\n\t\t\taria-haspopup=\"dialog\"\n\t\t\taria-label=\"Enlarge\"\n\t\t\tdata-wp-init=\"callbacks.initTriggerButton\"\n\t\t\tdata-wp-on--click=\"actions.showLightbox\"\n\t\t\tdata-wp-style--right=\"state.imageButtonRight\"\n\t\t\tdata-wp-style--top=\"state.imageButtonTop\"\n\t\t>\n\t\t\t<svg xmlns=\"http:\/\/www.w3.org\/2000\/svg\" width=\"12\" height=\"12\" fill=\"none\" viewBox=\"0 0 12 12\">\n\t\t\t\t<path fill=\"#fff\" d=\"M2 0a2 2 0 0 0-2 2v2h1.5V2a.5.5 0 0 1 .5-.5h2V0H2Zm2 10.5H2a.5.5 0 0 1-.5-.5V8H0v2a2 2 0 0 0 2 2h2v-1.5ZM8 12v-1.5h2a.5.5 0 0 0 .5-.5V8H12v2a2 2 0 0 1-2 2H8Zm2-12a2 2 0 0 1 2 2v2h-1.5V2a.5.5 0 0 0-.5-.5H8V0h2Z\" \/>\n\t\t\t<\/svg>\n\t\t<\/button><\/figure>\n<\/div>\n\n\n\n<div class=\"wp-block-group has-global-padding is-layout-constrained wp-container-core-group-is-layout-7db9d80f wp-block-group-is-layout-constrained\" style=\"padding-right:0;padding-left:0\">\n<figure data-wp-context=\"{&quot;imageId&quot;:&quot;69f188246049c&quot;}\" data-wp-interactive=\"core\/image\" data-wp-key=\"69f188246049c\" class=\"wp-block-image size-large wp-lightbox-container\"><img loading=\"lazy\" decoding=\"async\" width=\"900\" height=\"599\" data-wp-class--hide=\"state.isContentHidden\" data-wp-class--show=\"state.isContentVisible\" data-wp-init=\"callbacks.setButtonStyles\" data-wp-on--click=\"actions.showLightbox\" data-wp-on--load=\"callbacks.setButtonStyles\" data-wp-on-window--resize=\"callbacks.setButtonStyles\" src=\"https:\/\/arkenhotel.com\/wp-content\/uploads\/sites\/5\/2025\/04\/20-oceanen-konferens-lokal-arken-hotell-goteborg-8267-900x599.jpg\" alt=\"chairs in oceanen\" class=\"wp-image-25757\" style=\"aspect-ratio:3\/2;object-fit:cover\" srcset=\"https:\/\/arkenhotel.com\/wp-content\/uploads\/sites\/5\/2025\/04\/20-oceanen-konferens-lokal-arken-hotell-goteborg-8267-900x599.jpg 900w, https:\/\/arkenhotel.com\/wp-content\/uploads\/sites\/5\/2025\/04\/20-oceanen-konferens-lokal-arken-hotell-goteborg-8267-400x266.jpg 400w, https:\/\/arkenhotel.com\/wp-content\/uploads\/sites\/5\/2025\/04\/20-oceanen-konferens-lokal-arken-hotell-goteborg-8267-600x399.jpg 600w, https:\/\/arkenhotel.com\/wp-content\/uploads\/sites\/5\/2025\/04\/20-oceanen-konferens-lokal-arken-hotell-goteborg-8267-700x466.jpg 700w, https:\/\/arkenhotel.com\/wp-content\/uploads\/sites\/5\/2025\/04\/20-oceanen-konferens-lokal-arken-hotell-goteborg-8267-800x532.jpg 800w, https:\/\/arkenhotel.com\/wp-content\/uploads\/sites\/5\/2025\/04\/20-oceanen-konferens-lokal-arken-hotell-goteborg-8267-1000x665.jpg 1000w, https:\/\/arkenhotel.com\/wp-content\/uploads\/sites\/5\/2025\/04\/20-oceanen-konferens-lokal-arken-hotell-goteborg-8267-1100x732.jpg 1100w, https:\/\/arkenhotel.com\/wp-content\/uploads\/sites\/5\/2025\/04\/20-oceanen-konferens-lokal-arken-hotell-goteborg-8267-1280x852.jpg 1280w, https:\/\/arkenhotel.com\/wp-content\/uploads\/sites\/5\/2025\/04\/20-oceanen-konferens-lokal-arken-hotell-goteborg-8267-768x511.jpg 768w, https:\/\/arkenhotel.com\/wp-content\/uploads\/sites\/5\/2025\/04\/20-oceanen-konferens-lokal-arken-hotell-goteborg-8267-1536x1022.jpg 1536w, https:\/\/arkenhotel.com\/wp-content\/uploads\/sites\/5\/2025\/04\/20-oceanen-konferens-lokal-arken-hotell-goteborg-8267.jpg 1623w\" sizes=\"auto, (max-width: 900px) 100vw, 900px\" \/><button\n\t\t\tclass=\"lightbox-trigger\"\n\t\t\ttype=\"button\"\n\t\t\taria-haspopup=\"dialog\"\n\t\t\taria-label=\"Enlarge\"\n\t\t\tdata-wp-init=\"callbacks.initTriggerButton\"\n\t\t\tdata-wp-on--click=\"actions.showLightbox\"\n\t\t\tdata-wp-style--right=\"state.imageButtonRight\"\n\t\t\tdata-wp-style--top=\"state.imageButtonTop\"\n\t\t>\n\t\t\t<svg xmlns=\"http:\/\/www.w3.org\/2000\/svg\" width=\"12\" height=\"12\" fill=\"none\" viewBox=\"0 0 12 12\">\n\t\t\t\t<path fill=\"#fff\" d=\"M2 0a2 2 0 0 0-2 2v2h1.5V2a.5.5 0 0 1 .5-.5h2V0H2Zm2 10.5H2a.5.5 0 0 1-.5-.5V8H0v2a2 2 0 0 0 2 2h2v-1.5ZM8 12v-1.5h2a.5.5 0 0 0 .5-.5V8H12v2a2 2 0 0 1-2 2H8Zm2-12a2 2 0 0 1 2 2v2h-1.5V2a.5.5 0 0 0-.5-.5H8V0h2Z\" \/>\n\t\t\t<\/svg>\n\t\t<\/button><\/figure>\n<\/div>\n\n\n\n<div class=\"wp-block-group has-global-padding is-layout-constrained wp-container-core-group-is-layout-7db9d80f wp-block-group-is-layout-constrained\" style=\"padding-right:0;padding-left:0\">\n<figure data-wp-context=\"{&quot;imageId&quot;:&quot;69f18824609bb&quot;}\" data-wp-interactive=\"core\/image\" data-wp-key=\"69f18824609bb\" class=\"wp-block-image size-large wp-lightbox-container\"><img loading=\"lazy\" decoding=\"async\" width=\"900\" height=\"601\" data-wp-class--hide=\"state.isContentHidden\" data-wp-class--show=\"state.isContentVisible\" data-wp-init=\"callbacks.setButtonStyles\" data-wp-on--click=\"actions.showLightbox\" data-wp-on--load=\"callbacks.setButtonStyles\" data-wp-on-window--resize=\"callbacks.setButtonStyles\" src=\"https:\/\/arkenhotel.com\/wp-content\/uploads\/sites\/5\/2025\/04\/eventhall-oceanen-konferens-arken-hotell-goteborg-1641-900x601.jpg\" alt=\"scene in the ocean\" class=\"wp-image-28025\" style=\"aspect-ratio:3\/2;object-fit:cover\" srcset=\"https:\/\/arkenhotel.com\/wp-content\/uploads\/sites\/5\/2025\/04\/eventhall-oceanen-konferens-arken-hotell-goteborg-1641-900x601.jpg 900w, https:\/\/arkenhotel.com\/wp-content\/uploads\/sites\/5\/2025\/04\/eventhall-oceanen-konferens-arken-hotell-goteborg-1641-600x400.jpg 600w, https:\/\/arkenhotel.com\/wp-content\/uploads\/sites\/5\/2025\/04\/eventhall-oceanen-konferens-arken-hotell-goteborg-1641-768x513.jpg 768w, https:\/\/arkenhotel.com\/wp-content\/uploads\/sites\/5\/2025\/04\/eventhall-oceanen-konferens-arken-hotell-goteborg-1641-1536x1025.jpg 1536w, https:\/\/arkenhotel.com\/wp-content\/uploads\/sites\/5\/2025\/04\/eventhall-oceanen-konferens-arken-hotell-goteborg-1641-400x267.jpg 400w, https:\/\/arkenhotel.com\/wp-content\/uploads\/sites\/5\/2025\/04\/eventhall-oceanen-konferens-arken-hotell-goteborg-1641-700x467.jpg 700w, https:\/\/arkenhotel.com\/wp-content\/uploads\/sites\/5\/2025\/04\/eventhall-oceanen-konferens-arken-hotell-goteborg-1641-800x534.jpg 800w, https:\/\/arkenhotel.com\/wp-content\/uploads\/sites\/5\/2025\/04\/eventhall-oceanen-konferens-arken-hotell-goteborg-1641-1000x667.jpg 1000w, https:\/\/arkenhotel.com\/wp-content\/uploads\/sites\/5\/2025\/04\/eventhall-oceanen-konferens-arken-hotell-goteborg-1641-1100x734.jpg 1100w, https:\/\/arkenhotel.com\/wp-content\/uploads\/sites\/5\/2025\/04\/eventhall-oceanen-konferens-arken-hotell-goteborg-1641-1280x854.jpg 1280w, https:\/\/arkenhotel.com\/wp-content\/uploads\/sites\/5\/2025\/04\/eventhall-oceanen-konferens-arken-hotell-goteborg-1641.jpg 1618w\" sizes=\"auto, (max-width: 900px) 100vw, 900px\" \/><button\n\t\t\tclass=\"lightbox-trigger\"\n\t\t\ttype=\"button\"\n\t\t\taria-haspopup=\"dialog\"\n\t\t\taria-label=\"Enlarge\"\n\t\t\tdata-wp-init=\"callbacks.initTriggerButton\"\n\t\t\tdata-wp-on--click=\"actions.showLightbox\"\n\t\t\tdata-wp-style--right=\"state.imageButtonRight\"\n\t\t\tdata-wp-style--top=\"state.imageButtonTop\"\n\t\t>\n\t\t\t<svg xmlns=\"http:\/\/www.w3.org\/2000\/svg\" width=\"12\" height=\"12\" fill=\"none\" viewBox=\"0 0 12 12\">\n\t\t\t\t<path fill=\"#fff\" d=\"M2 0a2 2 0 0 0-2 2v2h1.5V2a.5.5 0 0 1 .5-.5h2V0H2Zm2 10.5H2a.5.5 0 0 1-.5-.5V8H0v2a2 2 0 0 0 2 2h2v-1.5ZM8 12v-1.5h2a.5.5 0 0 0 .5-.5V8H12v2a2 2 0 0 1-2 2H8Zm2-12a2 2 0 0 1 2 2v2h-1.5V2a.5.5 0 0 0-.5-.5H8V0h2Z\" \/>\n\t\t\t<\/svg>\n\t\t<\/button><\/figure>\n<\/div>\n\n\n\n<div class=\"wp-block-group has-global-padding is-layout-constrained wp-container-core-group-is-layout-7db9d80f wp-block-group-is-layout-constrained\" style=\"padding-right:0;padding-left:0\">\n<figure data-wp-context=\"{&quot;imageId&quot;:&quot;69f1882460ec9&quot;}\" data-wp-interactive=\"core\/image\" data-wp-key=\"69f1882460ec9\" class=\"wp-block-image size-large wp-lightbox-container\"><img loading=\"lazy\" decoding=\"async\" width=\"900\" height=\"601\" data-wp-class--hide=\"state.isContentHidden\" data-wp-class--show=\"state.isContentVisible\" data-wp-init=\"callbacks.setButtonStyles\" data-wp-on--click=\"actions.showLightbox\" data-wp-on--load=\"callbacks.setButtonStyles\" data-wp-on-window--resize=\"callbacks.setButtonStyles\" src=\"https:\/\/arkenhotel.com\/wp-content\/uploads\/sites\/5\/2025\/04\/eventhall-oceanen-konferens-arken-hotell-goteborg-4080-900x601.jpg\" alt=\"dance competition in oceanen\" class=\"wp-image-28024\" style=\"aspect-ratio:3\/2;object-fit:cover\" srcset=\"https:\/\/arkenhotel.com\/wp-content\/uploads\/sites\/5\/2025\/04\/eventhall-oceanen-konferens-arken-hotell-goteborg-4080-900x601.jpg 900w, https:\/\/arkenhotel.com\/wp-content\/uploads\/sites\/5\/2025\/04\/eventhall-oceanen-konferens-arken-hotell-goteborg-4080-600x400.jpg 600w, https:\/\/arkenhotel.com\/wp-content\/uploads\/sites\/5\/2025\/04\/eventhall-oceanen-konferens-arken-hotell-goteborg-4080-768x513.jpg 768w, https:\/\/arkenhotel.com\/wp-content\/uploads\/sites\/5\/2025\/04\/eventhall-oceanen-konferens-arken-hotell-goteborg-4080-1536x1025.jpg 1536w, https:\/\/arkenhotel.com\/wp-content\/uploads\/sites\/5\/2025\/04\/eventhall-oceanen-konferens-arken-hotell-goteborg-4080-400x267.jpg 400w, https:\/\/arkenhotel.com\/wp-content\/uploads\/sites\/5\/2025\/04\/eventhall-oceanen-konferens-arken-hotell-goteborg-4080-700x467.jpg 700w, https:\/\/arkenhotel.com\/wp-content\/uploads\/sites\/5\/2025\/04\/eventhall-oceanen-konferens-arken-hotell-goteborg-4080-800x534.jpg 800w, https:\/\/arkenhotel.com\/wp-content\/uploads\/sites\/5\/2025\/04\/eventhall-oceanen-konferens-arken-hotell-goteborg-4080-1000x667.jpg 1000w, https:\/\/arkenhotel.com\/wp-content\/uploads\/sites\/5\/2025\/04\/eventhall-oceanen-konferens-arken-hotell-goteborg-4080-1100x734.jpg 1100w, https:\/\/arkenhotel.com\/wp-content\/uploads\/sites\/5\/2025\/04\/eventhall-oceanen-konferens-arken-hotell-goteborg-4080-1280x854.jpg 1280w, https:\/\/arkenhotel.com\/wp-content\/uploads\/sites\/5\/2025\/04\/eventhall-oceanen-konferens-arken-hotell-goteborg-4080.jpg 1618w\" sizes=\"auto, (max-width: 900px) 100vw, 900px\" \/><button\n\t\t\tclass=\"lightbox-trigger\"\n\t\t\ttype=\"button\"\n\t\t\taria-haspopup=\"dialog\"\n\t\t\taria-label=\"Enlarge\"\n\t\t\tdata-wp-init=\"callbacks.initTriggerButton\"\n\t\t\tdata-wp-on--click=\"actions.showLightbox\"\n\t\t\tdata-wp-style--right=\"state.imageButtonRight\"\n\t\t\tdata-wp-style--top=\"state.imageButtonTop\"\n\t\t>\n\t\t\t<svg xmlns=\"http:\/\/www.w3.org\/2000\/svg\" width=\"12\" height=\"12\" fill=\"none\" viewBox=\"0 0 12 12\">\n\t\t\t\t<path fill=\"#fff\" d=\"M2 0a2 2 0 0 0-2 2v2h1.5V2a.5.5 0 0 1 .5-.5h2V0H2Zm2 10.5H2a.5.5 0 0 1-.5-.5V8H0v2a2 2 0 0 0 2 2h2v-1.5ZM8 12v-1.5h2a.5.5 0 0 0 .5-.5V8H12v2a2 2 0 0 1-2 2H8Zm2-12a2 2 0 0 1 2 2v2h-1.5V2a.5.5 0 0 0-.5-.5H8V0h2Z\" \/>\n\t\t\t<\/svg>\n\t\t<\/button><\/figure>\n<\/div>\n\n\n\n<div class=\"wp-block-group has-global-padding is-layout-constrained wp-container-core-group-is-layout-7db9d80f wp-block-group-is-layout-constrained\" style=\"padding-right:0;padding-left:0\">\n<figure data-wp-context=\"{&quot;imageId&quot;:&quot;69f18824613c4&quot;}\" data-wp-interactive=\"core\/image\" data-wp-key=\"69f18824613c4\" class=\"wp-block-image size-large wp-lightbox-container\"><img loading=\"lazy\" decoding=\"async\" width=\"900\" height=\"601\" data-wp-class--hide=\"state.isContentHidden\" data-wp-class--show=\"state.isContentVisible\" data-wp-init=\"callbacks.setButtonStyles\" data-wp-on--click=\"actions.showLightbox\" data-wp-on--load=\"callbacks.setButtonStyles\" data-wp-on-window--resize=\"callbacks.setButtonStyles\" src=\"https:\/\/arkenhotel.com\/wp-content\/uploads\/sites\/5\/2025\/04\/yoga-oceanen-konferens-arken-hotell-goteborg-2892-900x601.jpg\" alt=\"yoga event in the ocean\" class=\"wp-image-28027\" style=\"aspect-ratio:3\/2;object-fit:cover\" srcset=\"https:\/\/arkenhotel.com\/wp-content\/uploads\/sites\/5\/2025\/04\/yoga-oceanen-konferens-arken-hotell-goteborg-2892-900x601.jpg 900w, https:\/\/arkenhotel.com\/wp-content\/uploads\/sites\/5\/2025\/04\/yoga-oceanen-konferens-arken-hotell-goteborg-2892-600x400.jpg 600w, https:\/\/arkenhotel.com\/wp-content\/uploads\/sites\/5\/2025\/04\/yoga-oceanen-konferens-arken-hotell-goteborg-2892-768x513.jpg 768w, https:\/\/arkenhotel.com\/wp-content\/uploads\/sites\/5\/2025\/04\/yoga-oceanen-konferens-arken-hotell-goteborg-2892-1536x1025.jpg 1536w, https:\/\/arkenhotel.com\/wp-content\/uploads\/sites\/5\/2025\/04\/yoga-oceanen-konferens-arken-hotell-goteborg-2892-400x267.jpg 400w, https:\/\/arkenhotel.com\/wp-content\/uploads\/sites\/5\/2025\/04\/yoga-oceanen-konferens-arken-hotell-goteborg-2892-700x467.jpg 700w, https:\/\/arkenhotel.com\/wp-content\/uploads\/sites\/5\/2025\/04\/yoga-oceanen-konferens-arken-hotell-goteborg-2892-800x534.jpg 800w, https:\/\/arkenhotel.com\/wp-content\/uploads\/sites\/5\/2025\/04\/yoga-oceanen-konferens-arken-hotell-goteborg-2892-1000x667.jpg 1000w, https:\/\/arkenhotel.com\/wp-content\/uploads\/sites\/5\/2025\/04\/yoga-oceanen-konferens-arken-hotell-goteborg-2892-1100x734.jpg 1100w, https:\/\/arkenhotel.com\/wp-content\/uploads\/sites\/5\/2025\/04\/yoga-oceanen-konferens-arken-hotell-goteborg-2892-1280x854.jpg 1280w, https:\/\/arkenhotel.com\/wp-content\/uploads\/sites\/5\/2025\/04\/yoga-oceanen-konferens-arken-hotell-goteborg-2892.jpg 1618w\" sizes=\"auto, (max-width: 900px) 100vw, 900px\" \/><button\n\t\t\tclass=\"lightbox-trigger\"\n\t\t\ttype=\"button\"\n\t\t\taria-haspopup=\"dialog\"\n\t\t\taria-label=\"Enlarge\"\n\t\t\tdata-wp-init=\"callbacks.initTriggerButton\"\n\t\t\tdata-wp-on--click=\"actions.showLightbox\"\n\t\t\tdata-wp-style--right=\"state.imageButtonRight\"\n\t\t\tdata-wp-style--top=\"state.imageButtonTop\"\n\t\t>\n\t\t\t<svg xmlns=\"http:\/\/www.w3.org\/2000\/svg\" width=\"12\" height=\"12\" fill=\"none\" viewBox=\"0 0 12 12\">\n\t\t\t\t<path fill=\"#fff\" d=\"M2 0a2 2 0 0 0-2 2v2h1.5V2a.5.5 0 0 1 .5-.5h2V0H2Zm2 10.5H2a.5.5 0 0 1-.5-.5V8H0v2a2 2 0 0 0 2 2h2v-1.5ZM8 12v-1.5h2a.5.5 0 0 0 .5-.5V8H12v2a2 2 0 0 1-2 2H8Zm2-12a2 2 0 0 1 2 2v2h-1.5V2a.5.5 0 0 0-.5-.5H8V0h2Z\" \/>\n\t\t\t<\/svg>\n\t\t<\/button><\/figure>\n<\/div>\n\n\n\n<div class=\"wp-block-group has-global-padding is-layout-constrained wp-container-core-group-is-layout-7db9d80f wp-block-group-is-layout-constrained\" style=\"padding-right:0;padding-left:0\">\n<figure data-wp-context=\"{&quot;imageId&quot;:&quot;69f188246189b&quot;}\" data-wp-interactive=\"core\/image\" data-wp-key=\"69f188246189b\" class=\"wp-block-image size-large wp-lightbox-container\"><img loading=\"lazy\" decoding=\"async\" width=\"900\" height=\"600\" data-wp-class--hide=\"state.isContentHidden\" data-wp-class--show=\"state.isContentVisible\" data-wp-init=\"callbacks.setButtonStyles\" data-wp-on--click=\"actions.showLightbox\" data-wp-on--load=\"callbacks.setButtonStyles\" data-wp-on-window--resize=\"callbacks.setButtonStyles\" src=\"https:\/\/arkenhotel.com\/wp-content\/uploads\/sites\/5\/2025\/04\/kundcase-assemblin-arken-konferens-goteborg-5777-900x600.jpg\" alt=\"table setting for events in oceanen \" class=\"wp-image-28015\" style=\"aspect-ratio:3\/2;object-fit:cover\" srcset=\"https:\/\/arkenhotel.com\/wp-content\/uploads\/sites\/5\/2025\/04\/kundcase-assemblin-arken-konferens-goteborg-5777-900x600.jpg 900w, https:\/\/arkenhotel.com\/wp-content\/uploads\/sites\/5\/2025\/04\/kundcase-assemblin-arken-konferens-goteborg-5777-600x400.jpg 600w, https:\/\/arkenhotel.com\/wp-content\/uploads\/sites\/5\/2025\/04\/kundcase-assemblin-arken-konferens-goteborg-5777-768x512.jpg 768w, https:\/\/arkenhotel.com\/wp-content\/uploads\/sites\/5\/2025\/04\/kundcase-assemblin-arken-konferens-goteborg-5777-1536x1024.jpg 1536w, https:\/\/arkenhotel.com\/wp-content\/uploads\/sites\/5\/2025\/04\/kundcase-assemblin-arken-konferens-goteborg-5777-400x267.jpg 400w, https:\/\/arkenhotel.com\/wp-content\/uploads\/sites\/5\/2025\/04\/kundcase-assemblin-arken-konferens-goteborg-5777-700x467.jpg 700w, https:\/\/arkenhotel.com\/wp-content\/uploads\/sites\/5\/2025\/04\/kundcase-assemblin-arken-konferens-goteborg-5777-800x533.jpg 800w, https:\/\/arkenhotel.com\/wp-content\/uploads\/sites\/5\/2025\/04\/kundcase-assemblin-arken-konferens-goteborg-5777-1000x667.jpg 1000w, https:\/\/arkenhotel.com\/wp-content\/uploads\/sites\/5\/2025\/04\/kundcase-assemblin-arken-konferens-goteborg-5777-1100x733.jpg 1100w, https:\/\/arkenhotel.com\/wp-content\/uploads\/sites\/5\/2025\/04\/kundcase-assemblin-arken-konferens-goteborg-5777-1280x853.jpg 1280w, https:\/\/arkenhotel.com\/wp-content\/uploads\/sites\/5\/2025\/04\/kundcase-assemblin-arken-konferens-goteborg-5777.jpg 1620w\" sizes=\"auto, (max-width: 900px) 100vw, 900px\" \/><button\n\t\t\tclass=\"lightbox-trigger\"\n\t\t\ttype=\"button\"\n\t\t\taria-haspopup=\"dialog\"\n\t\t\taria-label=\"Enlarge\"\n\t\t\tdata-wp-init=\"callbacks.initTriggerButton\"\n\t\t\tdata-wp-on--click=\"actions.showLightbox\"\n\t\t\tdata-wp-style--right=\"state.imageButtonRight\"\n\t\t\tdata-wp-style--top=\"state.imageButtonTop\"\n\t\t>\n\t\t\t<svg xmlns=\"http:\/\/www.w3.org\/2000\/svg\" width=\"12\" height=\"12\" fill=\"none\" viewBox=\"0 0 12 12\">\n\t\t\t\t<path fill=\"#fff\" d=\"M2 0a2 2 0 0 0-2 2v2h1.5V2a.5.5 0 0 1 .5-.5h2V0H2Zm2 10.5H2a.5.5 0 0 1-.5-.5V8H0v2a2 2 0 0 0 2 2h2v-1.5ZM8 12v-1.5h2a.5.5 0 0 0 .5-.5V8H12v2a2 2 0 0 1-2 2H8Zm2-12a2 2 0 0 1 2 2v2h-1.5V2a.5.5 0 0 0-.5-.5H8V0h2Z\" \/>\n\t\t\t<\/svg>\n\t\t<\/button><\/figure>\n<\/div>\n\n\n\n<div class=\"wp-block-group has-global-padding is-layout-constrained wp-container-core-group-is-layout-7db9d80f wp-block-group-is-layout-constrained\" style=\"padding-right:0;padding-left:0\">\n<figure data-wp-context=\"{&quot;imageId&quot;:&quot;69f1882461da3&quot;}\" data-wp-interactive=\"core\/image\" data-wp-key=\"69f1882461da3\" class=\"wp-block-image size-large wp-lightbox-container\"><img loading=\"lazy\" decoding=\"async\" width=\"900\" height=\"601\" data-wp-class--hide=\"state.isContentHidden\" data-wp-class--show=\"state.isContentVisible\" data-wp-init=\"callbacks.setButtonStyles\" data-wp-on--click=\"actions.showLightbox\" data-wp-on--load=\"callbacks.setButtonStyles\" data-wp-on-window--resize=\"callbacks.setButtonStyles\" src=\"https:\/\/arkenhotel.com\/wp-content\/uploads\/sites\/5\/2025\/04\/kundcase-assemblin-arken-konferens-goteborg-5590-900x601.jpg\" alt=\"events in the ocean with displays for technology\" class=\"wp-image-28016\" srcset=\"https:\/\/arkenhotel.com\/wp-content\/uploads\/sites\/5\/2025\/04\/kundcase-assemblin-arken-konferens-goteborg-5590-900x601.jpg 900w, https:\/\/arkenhotel.com\/wp-content\/uploads\/sites\/5\/2025\/04\/kundcase-assemblin-arken-konferens-goteborg-5590-600x400.jpg 600w, https:\/\/arkenhotel.com\/wp-content\/uploads\/sites\/5\/2025\/04\/kundcase-assemblin-arken-konferens-goteborg-5590-768x513.jpg 768w, https:\/\/arkenhotel.com\/wp-content\/uploads\/sites\/5\/2025\/04\/kundcase-assemblin-arken-konferens-goteborg-5590-1536x1025.jpg 1536w, https:\/\/arkenhotel.com\/wp-content\/uploads\/sites\/5\/2025\/04\/kundcase-assemblin-arken-konferens-goteborg-5590-400x267.jpg 400w, https:\/\/arkenhotel.com\/wp-content\/uploads\/sites\/5\/2025\/04\/kundcase-assemblin-arken-konferens-goteborg-5590-700x467.jpg 700w, https:\/\/arkenhotel.com\/wp-content\/uploads\/sites\/5\/2025\/04\/kundcase-assemblin-arken-konferens-goteborg-5590-800x534.jpg 800w, https:\/\/arkenhotel.com\/wp-content\/uploads\/sites\/5\/2025\/04\/kundcase-assemblin-arken-konferens-goteborg-5590-1000x667.jpg 1000w, https:\/\/arkenhotel.com\/wp-content\/uploads\/sites\/5\/2025\/04\/kundcase-assemblin-arken-konferens-goteborg-5590-1100x734.jpg 1100w, https:\/\/arkenhotel.com\/wp-content\/uploads\/sites\/5\/2025\/04\/kundcase-assemblin-arken-konferens-goteborg-5590-1280x854.jpg 1280w, https:\/\/arkenhotel.com\/wp-content\/uploads\/sites\/5\/2025\/04\/kundcase-assemblin-arken-konferens-goteborg-5590.jpg 1618w\" sizes=\"auto, (max-width: 900px) 100vw, 900px\" \/><button\n\t\t\tclass=\"lightbox-trigger\"\n\t\t\ttype=\"button\"\n\t\t\taria-haspopup=\"dialog\"\n\t\t\taria-label=\"Enlarge\"\n\t\t\tdata-wp-init=\"callbacks.initTriggerButton\"\n\t\t\tdata-wp-on--click=\"actions.showLightbox\"\n\t\t\tdata-wp-style--right=\"state.imageButtonRight\"\n\t\t\tdata-wp-style--top=\"state.imageButtonTop\"\n\t\t>\n\t\t\t<svg xmlns=\"http:\/\/www.w3.org\/2000\/svg\" width=\"12\" height=\"12\" fill=\"none\" viewBox=\"0 0 12 12\">\n\t\t\t\t<path fill=\"#fff\" d=\"M2 0a2 2 0 0 0-2 2v2h1.5V2a.5.5 0 0 1 .5-.5h2V0H2Zm2 10.5H2a.5.5 0 0 1-.5-.5V8H0v2a2 2 0 0 0 2 2h2v-1.5ZM8 12v-1.5h2a.5.5 0 0 0 .5-.5V8H12v2a2 2 0 0 1-2 2H8Zm2-12a2 2 0 0 1 2 2v2h-1.5V2a.5.5 0 0 0-.5-.5H8V0h2Z\" \/>\n\t\t\t<\/svg>\n\t\t<\/button><\/figure>\n<\/div>\n\n\n\n<div class=\"wp-block-group has-global-padding is-layout-constrained wp-container-core-group-is-layout-7db9d80f wp-block-group-is-layout-constrained\" style=\"padding-right:0;padding-left:0\">\n<figure data-wp-context=\"{&quot;imageId&quot;:&quot;69f1882462286&quot;}\" data-wp-interactive=\"core\/image\" data-wp-key=\"69f1882462286\" class=\"wp-block-image size-large wp-lightbox-container\"><img loading=\"lazy\" decoding=\"async\" width=\"900\" height=\"517\" data-wp-class--hide=\"state.isContentHidden\" data-wp-class--show=\"state.isContentVisible\" data-wp-init=\"callbacks.setButtonStyles\" data-wp-on--click=\"actions.showLightbox\" data-wp-on--load=\"callbacks.setButtonStyles\" data-wp-on-window--resize=\"callbacks.setButtonStyles\" src=\"https:\/\/arkenhotel.com\/wp-content\/uploads\/sites\/5\/2025\/04\/rydell-quick-arken-900x517.jpg\" alt=\"party with live band in oceanen\" class=\"wp-image-28017\" style=\"aspect-ratio:3\/2;object-fit:cover\" srcset=\"https:\/\/arkenhotel.com\/wp-content\/uploads\/sites\/5\/2025\/04\/rydell-quick-arken-900x517.jpg 900w, https:\/\/arkenhotel.com\/wp-content\/uploads\/sites\/5\/2025\/04\/rydell-quick-arken-600x344.jpg 600w, https:\/\/arkenhotel.com\/wp-content\/uploads\/sites\/5\/2025\/04\/rydell-quick-arken-768x441.jpg 768w, https:\/\/arkenhotel.com\/wp-content\/uploads\/sites\/5\/2025\/04\/rydell-quick-arken-400x230.jpg 400w, https:\/\/arkenhotel.com\/wp-content\/uploads\/sites\/5\/2025\/04\/rydell-quick-arken-700x402.jpg 700w, https:\/\/arkenhotel.com\/wp-content\/uploads\/sites\/5\/2025\/04\/rydell-quick-arken-800x459.jpg 800w, https:\/\/arkenhotel.com\/wp-content\/uploads\/sites\/5\/2025\/04\/rydell-quick-arken-1000x574.jpg 1000w, https:\/\/arkenhotel.com\/wp-content\/uploads\/sites\/5\/2025\/04\/rydell-quick-arken.jpg 1080w\" sizes=\"auto, (max-width: 900px) 100vw, 900px\" \/><button\n\t\t\tclass=\"lightbox-trigger\"\n\t\t\ttype=\"button\"\n\t\t\taria-haspopup=\"dialog\"\n\t\t\taria-label=\"Enlarge\"\n\t\t\tdata-wp-init=\"callbacks.initTriggerButton\"\n\t\t\tdata-wp-on--click=\"actions.showLightbox\"\n\t\t\tdata-wp-style--right=\"state.imageButtonRight\"\n\t\t\tdata-wp-style--top=\"state.imageButtonTop\"\n\t\t>\n\t\t\t<svg xmlns=\"http:\/\/www.w3.org\/2000\/svg\" width=\"12\" height=\"12\" fill=\"none\" viewBox=\"0 0 12 12\">\n\t\t\t\t<path fill=\"#fff\" d=\"M2 0a2 2 0 0 0-2 2v2h1.5V2a.5.5 0 0 1 .5-.5h2V0H2Zm2 10.5H2a.5.5 0 0 1-.5-.5V8H0v2a2 2 0 0 0 2 2h2v-1.5ZM8 12v-1.5h2a.5.5 0 0 0 .5-.5V8H12v2a2 2 0 0 1-2 2H8Zm2-12a2 2 0 0 1 2 2v2h-1.5V2a.5.5 0 0 0-.5-.5H8V0h2Z\" \/>\n\t\t\t<\/svg>\n\t\t<\/button><\/figure>\n<\/div>\n\n\n\n<div class=\"wp-block-group has-global-padding is-layout-constrained wp-container-core-group-is-layout-7db9d80f wp-block-group-is-layout-constrained\" style=\"padding-right:0;padding-left:0\">\n<figure data-wp-context=\"{&quot;imageId&quot;:&quot;69f188246292a&quot;}\" data-wp-interactive=\"core\/image\" data-wp-key=\"69f188246292a\" class=\"wp-block-image size-large wp-lightbox-container\"><img loading=\"lazy\" decoding=\"async\" width=\"900\" height=\"601\" data-wp-class--hide=\"state.isContentHidden\" data-wp-class--show=\"state.isContentVisible\" data-wp-init=\"callbacks.setButtonStyles\" data-wp-on--click=\"actions.showLightbox\" data-wp-on--load=\"callbacks.setButtonStyles\" data-wp-on-window--resize=\"callbacks.setButtonStyles\" src=\"https:\/\/arkenhotel.com\/wp-content\/uploads\/sites\/5\/2025\/04\/take-over-konferens-arken-goteborg-9192-900x601.jpg\" alt=\"Mass and chairs in a row in oceanen\" class=\"wp-image-28018\" srcset=\"https:\/\/arkenhotel.com\/wp-content\/uploads\/sites\/5\/2025\/04\/take-over-konferens-arken-goteborg-9192-900x601.jpg 900w, https:\/\/arkenhotel.com\/wp-content\/uploads\/sites\/5\/2025\/04\/take-over-konferens-arken-goteborg-9192-600x400.jpg 600w, https:\/\/arkenhotel.com\/wp-content\/uploads\/sites\/5\/2025\/04\/take-over-konferens-arken-goteborg-9192-768x513.jpg 768w, https:\/\/arkenhotel.com\/wp-content\/uploads\/sites\/5\/2025\/04\/take-over-konferens-arken-goteborg-9192-1536x1025.jpg 1536w, https:\/\/arkenhotel.com\/wp-content\/uploads\/sites\/5\/2025\/04\/take-over-konferens-arken-goteborg-9192-400x267.jpg 400w, https:\/\/arkenhotel.com\/wp-content\/uploads\/sites\/5\/2025\/04\/take-over-konferens-arken-goteborg-9192-700x467.jpg 700w, https:\/\/arkenhotel.com\/wp-content\/uploads\/sites\/5\/2025\/04\/take-over-konferens-arken-goteborg-9192-800x534.jpg 800w, https:\/\/arkenhotel.com\/wp-content\/uploads\/sites\/5\/2025\/04\/take-over-konferens-arken-goteborg-9192-1000x667.jpg 1000w, https:\/\/arkenhotel.com\/wp-content\/uploads\/sites\/5\/2025\/04\/take-over-konferens-arken-goteborg-9192-1100x734.jpg 1100w, https:\/\/arkenhotel.com\/wp-content\/uploads\/sites\/5\/2025\/04\/take-over-konferens-arken-goteborg-9192-1280x854.jpg 1280w, https:\/\/arkenhotel.com\/wp-content\/uploads\/sites\/5\/2025\/04\/take-over-konferens-arken-goteborg-9192.jpg 1618w\" sizes=\"auto, (max-width: 900px) 100vw, 900px\" \/><button\n\t\t\tclass=\"lightbox-trigger\"\n\t\t\ttype=\"button\"\n\t\t\taria-haspopup=\"dialog\"\n\t\t\taria-label=\"Enlarge\"\n\t\t\tdata-wp-init=\"callbacks.initTriggerButton\"\n\t\t\tdata-wp-on--click=\"actions.showLightbox\"\n\t\t\tdata-wp-style--right=\"state.imageButtonRight\"\n\t\t\tdata-wp-style--top=\"state.imageButtonTop\"\n\t\t>\n\t\t\t<svg xmlns=\"http:\/\/www.w3.org\/2000\/svg\" width=\"12\" height=\"12\" fill=\"none\" viewBox=\"0 0 12 12\">\n\t\t\t\t<path fill=\"#fff\" d=\"M2 0a2 2 0 0 0-2 2v2h1.5V2a.5.5 0 0 1 .5-.5h2V0H2Zm2 10.5H2a.5.5 0 0 1-.5-.5V8H0v2a2 2 0 0 0 2 2h2v-1.5ZM8 12v-1.5h2a.5.5 0 0 0 .5-.5V8H12v2a2 2 0 0 1-2 2H8Zm2-12a2 2 0 0 1 2 2v2h-1.5V2a.5.5 0 0 0-.5-.5H8V0h2Z\" \/>\n\t\t\t<\/svg>\n\t\t<\/button><\/figure>\n<\/div>\n\n\n\n<div class=\"wp-block-group has-global-padding is-layout-constrained wp-container-core-group-is-layout-7db9d80f wp-block-group-is-layout-constrained\" style=\"padding-right:0;padding-left:0\">\n<figure data-wp-context=\"{&quot;imageId&quot;:&quot;69f1882462ef1&quot;}\" data-wp-interactive=\"core\/image\" data-wp-key=\"69f1882462ef1\" class=\"wp-block-image size-large is-resized wp-lightbox-container\"><img decoding=\"async\" data-wp-class--hide=\"state.isContentHidden\" data-wp-class--show=\"state.isContentVisible\" data-wp-init=\"callbacks.setButtonStyles\" data-wp-on--click=\"actions.showLightbox\" data-wp-on--load=\"callbacks.setButtonStyles\" data-wp-on-window--resize=\"callbacks.setButtonStyles\" src=\"https:\/\/arkenhotel.com\/wp-content\/uploads\/sites\/5\/2025\/04\/oceanen-fest-konferens-arken-hotell-goteborg-0064-900x600.jpg\" alt=\"event in oceanen\" class=\"wp-image-27663\" style=\"aspect-ratio:1;width:815px;height:auto\"\/><button\n\t\t\tclass=\"lightbox-trigger\"\n\t\t\ttype=\"button\"\n\t\t\taria-haspopup=\"dialog\"\n\t\t\taria-label=\"Enlarge\"\n\t\t\tdata-wp-init=\"callbacks.initTriggerButton\"\n\t\t\tdata-wp-on--click=\"actions.showLightbox\"\n\t\t\tdata-wp-style--right=\"state.imageButtonRight\"\n\t\t\tdata-wp-style--top=\"state.imageButtonTop\"\n\t\t>\n\t\t\t<svg xmlns=\"http:\/\/www.w3.org\/2000\/svg\" width=\"12\" height=\"12\" fill=\"none\" viewBox=\"0 0 12 12\">\n\t\t\t\t<path fill=\"#fff\" d=\"M2 0a2 2 0 0 0-2 2v2h1.5V2a.5.5 0 0 1 .5-.5h2V0H2Zm2 10.5H2a.5.5 0 0 1-.5-.5V8H0v2a2 2 0 0 0 2 2h2v-1.5ZM8 12v-1.5h2a.5.5 0 0 0 .5-.5V8H12v2a2 2 0 0 1-2 2H8Zm2-12a2 2 0 0 1 2 2v2h-1.5V2a.5.5 0 0 0-.5-.5H8V0h2Z\" \/>\n\t\t\t<\/svg>\n\t\t<\/button><\/figure>\n<\/div>\n\n\n\n<div class=\"wp-block-group has-global-padding is-layout-constrained wp-container-core-group-is-layout-7db9d80f wp-block-group-is-layout-constrained\" style=\"padding-right:0;padding-left:0\">\n<figure data-wp-context=\"{&quot;imageId&quot;:&quot;69f1882463484&quot;}\" data-wp-interactive=\"core\/image\" data-wp-key=\"69f1882463484\" class=\"wp-block-image size-large wp-lightbox-container\"><img loading=\"lazy\" decoding=\"async\" width=\"900\" height=\"601\" data-wp-class--hide=\"state.isContentHidden\" data-wp-class--show=\"state.isContentVisible\" data-wp-init=\"callbacks.setButtonStyles\" data-wp-on--click=\"actions.showLightbox\" data-wp-on--load=\"callbacks.setButtonStyles\" data-wp-on-window--resize=\"callbacks.setButtonStyles\" src=\"https:\/\/arkenhotel.com\/wp-content\/uploads\/sites\/5\/2025\/10\/oceanen-event-arken-hotell-gbg-2890-900x601.jpg\" alt=\"festive diving in Oceanen\" class=\"wp-image-27366\" style=\"aspect-ratio:3\/2;object-fit:cover\" srcset=\"https:\/\/arkenhotel.com\/wp-content\/uploads\/sites\/5\/2025\/10\/oceanen-event-arken-hotell-gbg-2890-900x601.jpg 900w, https:\/\/arkenhotel.com\/wp-content\/uploads\/sites\/5\/2025\/10\/oceanen-event-arken-hotell-gbg-2890-600x400.jpg 600w, https:\/\/arkenhotel.com\/wp-content\/uploads\/sites\/5\/2025\/10\/oceanen-event-arken-hotell-gbg-2890-768x513.jpg 768w, https:\/\/arkenhotel.com\/wp-content\/uploads\/sites\/5\/2025\/10\/oceanen-event-arken-hotell-gbg-2890-1536x1025.jpg 1536w, https:\/\/arkenhotel.com\/wp-content\/uploads\/sites\/5\/2025\/10\/oceanen-event-arken-hotell-gbg-2890-400x267.jpg 400w, https:\/\/arkenhotel.com\/wp-content\/uploads\/sites\/5\/2025\/10\/oceanen-event-arken-hotell-gbg-2890-700x467.jpg 700w, https:\/\/arkenhotel.com\/wp-content\/uploads\/sites\/5\/2025\/10\/oceanen-event-arken-hotell-gbg-2890-800x534.jpg 800w, https:\/\/arkenhotel.com\/wp-content\/uploads\/sites\/5\/2025\/10\/oceanen-event-arken-hotell-gbg-2890-1000x667.jpg 1000w, https:\/\/arkenhotel.com\/wp-content\/uploads\/sites\/5\/2025\/10\/oceanen-event-arken-hotell-gbg-2890-1100x734.jpg 1100w, https:\/\/arkenhotel.com\/wp-content\/uploads\/sites\/5\/2025\/10\/oceanen-event-arken-hotell-gbg-2890-1280x854.jpg 1280w, https:\/\/arkenhotel.com\/wp-content\/uploads\/sites\/5\/2025\/10\/oceanen-event-arken-hotell-gbg-2890.jpg 1618w\" sizes=\"auto, (max-width: 900px) 100vw, 900px\" \/><button\n\t\t\tclass=\"lightbox-trigger\"\n\t\t\ttype=\"button\"\n\t\t\taria-haspopup=\"dialog\"\n\t\t\taria-label=\"Enlarge\"\n\t\t\tdata-wp-init=\"callbacks.initTriggerButton\"\n\t\t\tdata-wp-on--click=\"actions.showLightbox\"\n\t\t\tdata-wp-style--right=\"state.imageButtonRight\"\n\t\t\tdata-wp-style--top=\"state.imageButtonTop\"\n\t\t>\n\t\t\t<svg xmlns=\"http:\/\/www.w3.org\/2000\/svg\" width=\"12\" height=\"12\" fill=\"none\" viewBox=\"0 0 12 12\">\n\t\t\t\t<path fill=\"#fff\" d=\"M2 0a2 2 0 0 0-2 2v2h1.5V2a.5.5 0 0 1 .5-.5h2V0H2Zm2 10.5H2a.5.5 0 0 1-.5-.5V8H0v2a2 2 0 0 0 2 2h2v-1.5ZM8 12v-1.5h2a.5.5 0 0 0 .5-.5V8H12v2a2 2 0 0 1-2 2H8Zm2-12a2 2 0 0 1 2 2v2h-1.5V2a.5.5 0 0 0-.5-.5H8V0h2Z\" \/>\n\t\t\t<\/svg>\n\t\t<\/button><\/figure>\n<\/div>\n\n\n\n<div class=\"wp-block-group has-global-padding is-layout-constrained wp-container-core-group-is-layout-7db9d80f wp-block-group-is-layout-constrained\" style=\"padding-right:0;padding-left:0\">\n<figure data-wp-context=\"{&quot;imageId&quot;:&quot;69f18824639ae&quot;}\" data-wp-interactive=\"core\/image\" data-wp-key=\"69f18824639ae\" class=\"wp-block-image size-large wp-lightbox-container\"><img loading=\"lazy\" decoding=\"async\" width=\"900\" height=\"601\" data-wp-class--hide=\"state.isContentHidden\" data-wp-class--show=\"state.isContentVisible\" data-wp-init=\"callbacks.setButtonStyles\" data-wp-on--click=\"actions.showLightbox\" data-wp-on--load=\"callbacks.setButtonStyles\" data-wp-on-window--resize=\"callbacks.setButtonStyles\" src=\"https:\/\/arkenhotel.com\/wp-content\/uploads\/sites\/5\/2025\/04\/oceanen-event-arken-hotell-gbg-2881-900x601.jpg\" alt=\"party with bands in oceanen\" class=\"wp-image-28019\" srcset=\"https:\/\/arkenhotel.com\/wp-content\/uploads\/sites\/5\/2025\/04\/oceanen-event-arken-hotell-gbg-2881-900x601.jpg 900w, https:\/\/arkenhotel.com\/wp-content\/uploads\/sites\/5\/2025\/04\/oceanen-event-arken-hotell-gbg-2881-600x400.jpg 600w, https:\/\/arkenhotel.com\/wp-content\/uploads\/sites\/5\/2025\/04\/oceanen-event-arken-hotell-gbg-2881-768x513.jpg 768w, https:\/\/arkenhotel.com\/wp-content\/uploads\/sites\/5\/2025\/04\/oceanen-event-arken-hotell-gbg-2881-1536x1025.jpg 1536w, https:\/\/arkenhotel.com\/wp-content\/uploads\/sites\/5\/2025\/04\/oceanen-event-arken-hotell-gbg-2881-400x267.jpg 400w, https:\/\/arkenhotel.com\/wp-content\/uploads\/sites\/5\/2025\/04\/oceanen-event-arken-hotell-gbg-2881-700x467.jpg 700w, https:\/\/arkenhotel.com\/wp-content\/uploads\/sites\/5\/2025\/04\/oceanen-event-arken-hotell-gbg-2881-800x534.jpg 800w, https:\/\/arkenhotel.com\/wp-content\/uploads\/sites\/5\/2025\/04\/oceanen-event-arken-hotell-gbg-2881-1000x667.jpg 1000w, https:\/\/arkenhotel.com\/wp-content\/uploads\/sites\/5\/2025\/04\/oceanen-event-arken-hotell-gbg-2881-1100x734.jpg 1100w, https:\/\/arkenhotel.com\/wp-content\/uploads\/sites\/5\/2025\/04\/oceanen-event-arken-hotell-gbg-2881-1280x854.jpg 1280w, https:\/\/arkenhotel.com\/wp-content\/uploads\/sites\/5\/2025\/04\/oceanen-event-arken-hotell-gbg-2881.jpg 1618w\" sizes=\"auto, (max-width: 900px) 100vw, 900px\" \/><button\n\t\t\tclass=\"lightbox-trigger\"\n\t\t\ttype=\"button\"\n\t\t\taria-haspopup=\"dialog\"\n\t\t\taria-label=\"Enlarge\"\n\t\t\tdata-wp-init=\"callbacks.initTriggerButton\"\n\t\t\tdata-wp-on--click=\"actions.showLightbox\"\n\t\t\tdata-wp-style--right=\"state.imageButtonRight\"\n\t\t\tdata-wp-style--top=\"state.imageButtonTop\"\n\t\t>\n\t\t\t<svg xmlns=\"http:\/\/www.w3.org\/2000\/svg\" width=\"12\" height=\"12\" fill=\"none\" viewBox=\"0 0 12 12\">\n\t\t\t\t<path fill=\"#fff\" d=\"M2 0a2 2 0 0 0-2 2v2h1.5V2a.5.5 0 0 1 .5-.5h2V0H2Zm2 10.5H2a.5.5 0 0 1-.5-.5V8H0v2a2 2 0 0 0 2 2h2v-1.5ZM8 12v-1.5h2a.5.5 0 0 0 .5-.5V8H12v2a2 2 0 0 1-2 2H8Zm2-12a2 2 0 0 1 2 2v2h-1.5V2a.5.5 0 0 0-.5-.5H8V0h2Z\" \/>\n\t\t\t<\/svg>\n\t\t<\/button><\/figure>\n<\/div>\n\n\n\n<div class=\"wp-block-group has-global-padding is-layout-constrained wp-container-core-group-is-layout-7db9d80f wp-block-group-is-layout-constrained\" style=\"padding-right:0;padding-left:0\">\n<figure data-wp-context=\"{&quot;imageId&quot;:&quot;69f1882463efa&quot;}\" data-wp-interactive=\"core\/image\" data-wp-key=\"69f1882463efa\" class=\"wp-block-image size-large wp-lightbox-container\"><img loading=\"lazy\" decoding=\"async\" width=\"900\" height=\"601\" data-wp-class--hide=\"state.isContentHidden\" data-wp-class--show=\"state.isContentVisible\" data-wp-init=\"callbacks.setButtonStyles\" data-wp-on--click=\"actions.showLightbox\" data-wp-on--load=\"callbacks.setButtonStyles\" data-wp-on-window--resize=\"callbacks.setButtonStyles\" src=\"https:\/\/arkenhotel.com\/wp-content\/uploads\/sites\/5\/2025\/04\/oceanen-event-arken-hotell-gbg-2843-900x601.jpg\" alt=\"party diving in oceanen\" class=\"wp-image-28020\" srcset=\"https:\/\/arkenhotel.com\/wp-content\/uploads\/sites\/5\/2025\/04\/oceanen-event-arken-hotell-gbg-2843-900x601.jpg 900w, https:\/\/arkenhotel.com\/wp-content\/uploads\/sites\/5\/2025\/04\/oceanen-event-arken-hotell-gbg-2843-600x400.jpg 600w, https:\/\/arkenhotel.com\/wp-content\/uploads\/sites\/5\/2025\/04\/oceanen-event-arken-hotell-gbg-2843-768x513.jpg 768w, https:\/\/arkenhotel.com\/wp-content\/uploads\/sites\/5\/2025\/04\/oceanen-event-arken-hotell-gbg-2843-1536x1025.jpg 1536w, https:\/\/arkenhotel.com\/wp-content\/uploads\/sites\/5\/2025\/04\/oceanen-event-arken-hotell-gbg-2843-400x267.jpg 400w, https:\/\/arkenhotel.com\/wp-content\/uploads\/sites\/5\/2025\/04\/oceanen-event-arken-hotell-gbg-2843-700x467.jpg 700w, https:\/\/arkenhotel.com\/wp-content\/uploads\/sites\/5\/2025\/04\/oceanen-event-arken-hotell-gbg-2843-800x534.jpg 800w, https:\/\/arkenhotel.com\/wp-content\/uploads\/sites\/5\/2025\/04\/oceanen-event-arken-hotell-gbg-2843-1000x667.jpg 1000w, https:\/\/arkenhotel.com\/wp-content\/uploads\/sites\/5\/2025\/04\/oceanen-event-arken-hotell-gbg-2843-1100x734.jpg 1100w, https:\/\/arkenhotel.com\/wp-content\/uploads\/sites\/5\/2025\/04\/oceanen-event-arken-hotell-gbg-2843-1280x854.jpg 1280w, https:\/\/arkenhotel.com\/wp-content\/uploads\/sites\/5\/2025\/04\/oceanen-event-arken-hotell-gbg-2843.jpg 1618w\" sizes=\"auto, (max-width: 900px) 100vw, 900px\" \/><button\n\t\t\tclass=\"lightbox-trigger\"\n\t\t\ttype=\"button\"\n\t\t\taria-haspopup=\"dialog\"\n\t\t\taria-label=\"Enlarge\"\n\t\t\tdata-wp-init=\"callbacks.initTriggerButton\"\n\t\t\tdata-wp-on--click=\"actions.showLightbox\"\n\t\t\tdata-wp-style--right=\"state.imageButtonRight\"\n\t\t\tdata-wp-style--top=\"state.imageButtonTop\"\n\t\t>\n\t\t\t<svg xmlns=\"http:\/\/www.w3.org\/2000\/svg\" width=\"12\" height=\"12\" fill=\"none\" viewBox=\"0 0 12 12\">\n\t\t\t\t<path fill=\"#fff\" d=\"M2 0a2 2 0 0 0-2 2v2h1.5V2a.5.5 0 0 1 .5-.5h2V0H2Zm2 10.5H2a.5.5 0 0 1-.5-.5V8H0v2a2 2 0 0 0 2 2h2v-1.5ZM8 12v-1.5h2a.5.5 0 0 0 .5-.5V8H12v2a2 2 0 0 1-2 2H8Zm2-12a2 2 0 0 1 2 2v2h-1.5V2a.5.5 0 0 0-.5-.5H8V0h2Z\" \/>\n\t\t\t<\/svg>\n\t\t<\/button><\/figure>\n<\/div>\n\n\n\n<div class=\"wp-block-group has-global-padding is-layout-constrained wp-container-core-group-is-layout-7db9d80f wp-block-group-is-layout-constrained\" style=\"padding-right:0;padding-left:0\">\n<figure class=\"wp-block-image size-large\"><img loading=\"lazy\" decoding=\"async\" width=\"900\" height=\"601\" src=\"https:\/\/arkenhotel.com\/wp-content\/uploads\/sites\/5\/2025\/04\/oceanen-event-arken-hotell-gbg-2832-900x601.jpg\" alt=\"party diving in oceanen\" class=\"wp-image-28021\" srcset=\"https:\/\/arkenhotel.com\/wp-content\/uploads\/sites\/5\/2025\/04\/oceanen-event-arken-hotell-gbg-2832-900x601.jpg 900w, https:\/\/arkenhotel.com\/wp-content\/uploads\/sites\/5\/2025\/04\/oceanen-event-arken-hotell-gbg-2832-600x400.jpg 600w, https:\/\/arkenhotel.com\/wp-content\/uploads\/sites\/5\/2025\/04\/oceanen-event-arken-hotell-gbg-2832-768x513.jpg 768w, https:\/\/arkenhotel.com\/wp-content\/uploads\/sites\/5\/2025\/04\/oceanen-event-arken-hotell-gbg-2832-1536x1025.jpg 1536w, https:\/\/arkenhotel.com\/wp-content\/uploads\/sites\/5\/2025\/04\/oceanen-event-arken-hotell-gbg-2832-400x267.jpg 400w, https:\/\/arkenhotel.com\/wp-content\/uploads\/sites\/5\/2025\/04\/oceanen-event-arken-hotell-gbg-2832-700x467.jpg 700w, https:\/\/arkenhotel.com\/wp-content\/uploads\/sites\/5\/2025\/04\/oceanen-event-arken-hotell-gbg-2832-800x534.jpg 800w, https:\/\/arkenhotel.com\/wp-content\/uploads\/sites\/5\/2025\/04\/oceanen-event-arken-hotell-gbg-2832-1000x667.jpg 1000w, https:\/\/arkenhotel.com\/wp-content\/uploads\/sites\/5\/2025\/04\/oceanen-event-arken-hotell-gbg-2832-1100x734.jpg 1100w, https:\/\/arkenhotel.com\/wp-content\/uploads\/sites\/5\/2025\/04\/oceanen-event-arken-hotell-gbg-2832-1280x854.jpg 1280w, https:\/\/arkenhotel.com\/wp-content\/uploads\/sites\/5\/2025\/04\/oceanen-event-arken-hotell-gbg-2832.jpg 1618w\" sizes=\"auto, (max-width: 900px) 100vw, 900px\" \/><\/figure>\n<\/div>\n\n\n\n<div class=\"wp-block-group has-global-padding is-layout-constrained wp-container-core-group-is-layout-7db9d80f wp-block-group-is-layout-constrained\" style=\"padding-right:0;padding-left:0\">\n<figure data-wp-context=\"{&quot;imageId&quot;:&quot;69f1882464621&quot;}\" data-wp-interactive=\"core\/image\" data-wp-key=\"69f1882464621\" class=\"wp-block-image size-large wp-lightbox-container\"><img loading=\"lazy\" decoding=\"async\" width=\"900\" height=\"600\" data-wp-class--hide=\"state.isContentHidden\" data-wp-class--show=\"state.isContentVisible\" data-wp-init=\"callbacks.setButtonStyles\" data-wp-on--click=\"actions.showLightbox\" data-wp-on--load=\"callbacks.setButtonStyles\" data-wp-on-window--resize=\"callbacks.setButtonStyles\" src=\"https:\/\/arkenhotel.com\/wp-content\/uploads\/sites\/5\/2025\/04\/massa-oceanen-nores-konferens-arken-hotell-0747-900x600.jpg\" alt=\"exhibition stands in oceanen\" class=\"wp-image-28032\" style=\"aspect-ratio:3\/2;object-fit:cover\" srcset=\"https:\/\/arkenhotel.com\/wp-content\/uploads\/sites\/5\/2025\/04\/massa-oceanen-nores-konferens-arken-hotell-0747-900x600.jpg 900w, https:\/\/arkenhotel.com\/wp-content\/uploads\/sites\/5\/2025\/04\/massa-oceanen-nores-konferens-arken-hotell-0747-600x400.jpg 600w, https:\/\/arkenhotel.com\/wp-content\/uploads\/sites\/5\/2025\/04\/massa-oceanen-nores-konferens-arken-hotell-0747-768x512.jpg 768w, https:\/\/arkenhotel.com\/wp-content\/uploads\/sites\/5\/2025\/04\/massa-oceanen-nores-konferens-arken-hotell-0747-1536x1024.jpg 1536w, https:\/\/arkenhotel.com\/wp-content\/uploads\/sites\/5\/2025\/04\/massa-oceanen-nores-konferens-arken-hotell-0747-2048x1365.jpg 2048w, https:\/\/arkenhotel.com\/wp-content\/uploads\/sites\/5\/2025\/04\/massa-oceanen-nores-konferens-arken-hotell-0747-400x267.jpg 400w, https:\/\/arkenhotel.com\/wp-content\/uploads\/sites\/5\/2025\/04\/massa-oceanen-nores-konferens-arken-hotell-0747-700x467.jpg 700w, https:\/\/arkenhotel.com\/wp-content\/uploads\/sites\/5\/2025\/04\/massa-oceanen-nores-konferens-arken-hotell-0747-800x533.jpg 800w, https:\/\/arkenhotel.com\/wp-content\/uploads\/sites\/5\/2025\/04\/massa-oceanen-nores-konferens-arken-hotell-0747-1000x667.jpg 1000w, https:\/\/arkenhotel.com\/wp-content\/uploads\/sites\/5\/2025\/04\/massa-oceanen-nores-konferens-arken-hotell-0747-1100x733.jpg 1100w, https:\/\/arkenhotel.com\/wp-content\/uploads\/sites\/5\/2025\/04\/massa-oceanen-nores-konferens-arken-hotell-0747-1280x853.jpg 1280w, https:\/\/arkenhotel.com\/wp-content\/uploads\/sites\/5\/2025\/04\/massa-oceanen-nores-konferens-arken-hotell-0747-1920x1280.jpg 1920w\" sizes=\"auto, (max-width: 900px) 100vw, 900px\" \/><button\n\t\t\tclass=\"lightbox-trigger\"\n\t\t\ttype=\"button\"\n\t\t\taria-haspopup=\"dialog\"\n\t\t\taria-label=\"Enlarge\"\n\t\t\tdata-wp-init=\"callbacks.initTriggerButton\"\n\t\t\tdata-wp-on--click=\"actions.showLightbox\"\n\t\t\tdata-wp-style--right=\"state.imageButtonRight\"\n\t\t\tdata-wp-style--top=\"state.imageButtonTop\"\n\t\t>\n\t\t\t<svg xmlns=\"http:\/\/www.w3.org\/2000\/svg\" width=\"12\" height=\"12\" fill=\"none\" viewBox=\"0 0 12 12\">\n\t\t\t\t<path fill=\"#fff\" d=\"M2 0a2 2 0 0 0-2 2v2h1.5V2a.5.5 0 0 1 .5-.5h2V0H2Zm2 10.5H2a.5.5 0 0 1-.5-.5V8H0v2a2 2 0 0 0 2 2h2v-1.5ZM8 12v-1.5h2a.5.5 0 0 0 .5-.5V8H12v2a2 2 0 0 1-2 2H8Zm2-12a2 2 0 0 1 2 2v2h-1.5V2a.5.5 0 0 0-.5-.5H8V0h2Z\" \/>\n\t\t\t<\/svg>\n\t\t<\/button><\/figure>\n<\/div>\n\n\n\n<div class=\"wp-block-group has-global-padding is-layout-constrained wp-container-core-group-is-layout-7db9d80f wp-block-group-is-layout-constrained\" style=\"padding-right:0;padding-left:0\">\n<figure data-wp-context=\"{&quot;imageId&quot;:&quot;69f1882464b19&quot;}\" data-wp-interactive=\"core\/image\" data-wp-key=\"69f1882464b19\" class=\"wp-block-image size-large wp-lightbox-container\"><img loading=\"lazy\" decoding=\"async\" width=\"900\" height=\"601\" data-wp-class--hide=\"state.isContentHidden\" data-wp-class--show=\"state.isContentVisible\" data-wp-init=\"callbacks.setButtonStyles\" data-wp-on--click=\"actions.showLightbox\" data-wp-on--load=\"callbacks.setButtonStyles\" data-wp-on-window--resize=\"callbacks.setButtonStyles\" src=\"https:\/\/arkenhotel.com\/wp-content\/uploads\/sites\/5\/2025\/04\/massa-julmarknad-konferens-arken-hotell-2982-900x601.jpg\" alt=\"Christmas market in the ocean\" class=\"wp-image-28033\" style=\"aspect-ratio:3\/2;object-fit:cover\" srcset=\"https:\/\/arkenhotel.com\/wp-content\/uploads\/sites\/5\/2025\/04\/massa-julmarknad-konferens-arken-hotell-2982-900x601.jpg 900w, https:\/\/arkenhotel.com\/wp-content\/uploads\/sites\/5\/2025\/04\/massa-julmarknad-konferens-arken-hotell-2982-600x400.jpg 600w, https:\/\/arkenhotel.com\/wp-content\/uploads\/sites\/5\/2025\/04\/massa-julmarknad-konferens-arken-hotell-2982-768x513.jpg 768w, https:\/\/arkenhotel.com\/wp-content\/uploads\/sites\/5\/2025\/04\/massa-julmarknad-konferens-arken-hotell-2982-1536x1025.jpg 1536w, https:\/\/arkenhotel.com\/wp-content\/uploads\/sites\/5\/2025\/04\/massa-julmarknad-konferens-arken-hotell-2982-400x267.jpg 400w, https:\/\/arkenhotel.com\/wp-content\/uploads\/sites\/5\/2025\/04\/massa-julmarknad-konferens-arken-hotell-2982-700x467.jpg 700w, https:\/\/arkenhotel.com\/wp-content\/uploads\/sites\/5\/2025\/04\/massa-julmarknad-konferens-arken-hotell-2982-800x534.jpg 800w, https:\/\/arkenhotel.com\/wp-content\/uploads\/sites\/5\/2025\/04\/massa-julmarknad-konferens-arken-hotell-2982-1000x667.jpg 1000w, https:\/\/arkenhotel.com\/wp-content\/uploads\/sites\/5\/2025\/04\/massa-julmarknad-konferens-arken-hotell-2982-1100x734.jpg 1100w, https:\/\/arkenhotel.com\/wp-content\/uploads\/sites\/5\/2025\/04\/massa-julmarknad-konferens-arken-hotell-2982-1280x854.jpg 1280w, https:\/\/arkenhotel.com\/wp-content\/uploads\/sites\/5\/2025\/04\/massa-julmarknad-konferens-arken-hotell-2982.jpg 1618w\" sizes=\"auto, (max-width: 900px) 100vw, 900px\" \/><button\n\t\t\tclass=\"lightbox-trigger\"\n\t\t\ttype=\"button\"\n\t\t\taria-haspopup=\"dialog\"\n\t\t\taria-label=\"Enlarge\"\n\t\t\tdata-wp-init=\"callbacks.initTriggerButton\"\n\t\t\tdata-wp-on--click=\"actions.showLightbox\"\n\t\t\tdata-wp-style--right=\"state.imageButtonRight\"\n\t\t\tdata-wp-style--top=\"state.imageButtonTop\"\n\t\t>\n\t\t\t<svg xmlns=\"http:\/\/www.w3.org\/2000\/svg\" width=\"12\" height=\"12\" fill=\"none\" viewBox=\"0 0 12 12\">\n\t\t\t\t<path fill=\"#fff\" d=\"M2 0a2 2 0 0 0-2 2v2h1.5V2a.5.5 0 0 1 .5-.5h2V0H2Zm2 10.5H2a.5.5 0 0 1-.5-.5V8H0v2a2 2 0 0 0 2 2h2v-1.5ZM8 12v-1.5h2a.5.5 0 0 0 .5-.5V8H12v2a2 2 0 0 1-2 2H8Zm2-12a2 2 0 0 1 2 2v2h-1.5V2a.5.5 0 0 0-.5-.5H8V0h2Z\" \/>\n\t\t\t<\/svg>\n\t\t<\/button><\/figure>\n<\/div>\n\n\n\n<div class=\"wp-block-group has-global-padding is-layout-constrained wp-container-core-group-is-layout-7db9d80f wp-block-group-is-layout-constrained\" style=\"padding-right:0;padding-left:0\">\n<figure data-wp-context=\"{&quot;imageId&quot;:&quot;69f1882464fd6&quot;}\" data-wp-interactive=\"core\/image\" data-wp-key=\"69f1882464fd6\" class=\"wp-block-image size-large wp-lightbox-container\"><img loading=\"lazy\" decoding=\"async\" width=\"900\" height=\"599\" data-wp-class--hide=\"state.isContentHidden\" data-wp-class--show=\"state.isContentVisible\" data-wp-init=\"callbacks.setButtonStyles\" data-wp-on--click=\"actions.showLightbox\" data-wp-on--load=\"callbacks.setButtonStyles\" data-wp-on-window--resize=\"callbacks.setButtonStyles\" src=\"https:\/\/arkenhotel.com\/wp-content\/uploads\/sites\/5\/2025\/04\/20_oceanen-konferens-lokal-arken-1-900x599.jpg\" alt=\"buttons for technology in the ocean\" class=\"wp-image-25853\" style=\"aspect-ratio:3\/2;object-fit:cover\" srcset=\"https:\/\/arkenhotel.com\/wp-content\/uploads\/sites\/5\/2025\/04\/20_oceanen-konferens-lokal-arken-1-900x599.jpg 900w, https:\/\/arkenhotel.com\/wp-content\/uploads\/sites\/5\/2025\/04\/20_oceanen-konferens-lokal-arken-1-400x266.jpg 400w, https:\/\/arkenhotel.com\/wp-content\/uploads\/sites\/5\/2025\/04\/20_oceanen-konferens-lokal-arken-1-600x399.jpg 600w, https:\/\/arkenhotel.com\/wp-content\/uploads\/sites\/5\/2025\/04\/20_oceanen-konferens-lokal-arken-1-700x466.jpg 700w, https:\/\/arkenhotel.com\/wp-content\/uploads\/sites\/5\/2025\/04\/20_oceanen-konferens-lokal-arken-1-800x532.jpg 800w, https:\/\/arkenhotel.com\/wp-content\/uploads\/sites\/5\/2025\/04\/20_oceanen-konferens-lokal-arken-1-1000x665.jpg 1000w, https:\/\/arkenhotel.com\/wp-content\/uploads\/sites\/5\/2025\/04\/20_oceanen-konferens-lokal-arken-1-1100x732.jpg 1100w, https:\/\/arkenhotel.com\/wp-content\/uploads\/sites\/5\/2025\/04\/20_oceanen-konferens-lokal-arken-1-768x511.jpg 768w, https:\/\/arkenhotel.com\/wp-content\/uploads\/sites\/5\/2025\/04\/20_oceanen-konferens-lokal-arken-1.jpg 1200w\" sizes=\"auto, (max-width: 900px) 100vw, 900px\" \/><button\n\t\t\tclass=\"lightbox-trigger\"\n\t\t\ttype=\"button\"\n\t\t\taria-haspopup=\"dialog\"\n\t\t\taria-label=\"Enlarge\"\n\t\t\tdata-wp-init=\"callbacks.initTriggerButton\"\n\t\t\tdata-wp-on--click=\"actions.showLightbox\"\n\t\t\tdata-wp-style--right=\"state.imageButtonRight\"\n\t\t\tdata-wp-style--top=\"state.imageButtonTop\"\n\t\t>\n\t\t\t<svg xmlns=\"http:\/\/www.w3.org\/2000\/svg\" width=\"12\" height=\"12\" fill=\"none\" viewBox=\"0 0 12 12\">\n\t\t\t\t<path fill=\"#fff\" d=\"M2 0a2 2 0 0 0-2 2v2h1.5V2a.5.5 0 0 1 .5-.5h2V0H2Zm2 10.5H2a.5.5 0 0 1-.5-.5V8H0v2a2 2 0 0 0 2 2h2v-1.5ZM8 12v-1.5h2a.5.5 0 0 0 .5-.5V8H12v2a2 2 0 0 1-2 2H8Zm2-12a2 2 0 0 1 2 2v2h-1.5V2a.5.5 0 0 0-.5-.5H8V0h2Z\" \/>\n\t\t\t<\/svg>\n\t\t<\/button><\/figure>\n<\/div>\n\n<\/div><!DOCTYPE html PUBLIC \"-\/\/W3C\/\/DTD HTML 4.0 Transitional\/\/EN\" \"http:\/\/www.w3.org\/TR\/REC-html40\/loose.dtd\">\n<html><body><swiper-container init=\"false\" data-slides-per-view-l=\"1\" data-slides-per-view-m=\"1\" data-slides-per-view-s=\"1\" data-show-next=\"\" data-width-auto=\"0\" data-columns-gap=\"0\" data-show-navigation=\"1\" pagination-type=\"fraction\" data-pagination-version=\"first\" data-nav-bg-color=\"var(--wp--preset--color--contrast)\" data-nav-arrow-color=\"var(--wp--preset--color--base)\" class=\"wp-block-content-grid-slider slider-l slider-m slider-s\"><swiper-slide><div class=\"wp-block-group has-global-padding is-layout-constrained wp-container-core-group-is-layout-7db9d80f wp-block-group-is-layout-constrained\" style=\"padding-right:0;padding-left:0\">\n<figure data-wp-context='{\"imageId\":\"69f188245f45d\"}' data-wp-interactive=\"core\/image\" data-wp-key=\"69f188245f45d\" class=\"wp-block-image size-large wp-lightbox-container\"><img loading=\"lazy\" decoding=\"async\" width=\"900\" height=\"600\" data-wp-class--hide=\"state.isContentHidden\" data-wp-class--show=\"state.isContentVisible\" data-wp-init=\"callbacks.setButtonStyles\" data-wp-on--click=\"actions.showLightbox\" data-wp-on--load=\"callbacks.setButtonStyles\" data-wp-on-window--resize=\"callbacks.setButtonStyles\" src=\"https:\/\/arkenhotel.com\/wp-content\/uploads\/sites\/5\/2025\/04\/oceanen-kongresshall-arken-hotel-0226-900x600.jpg\" alt=\"oceanen event hall\" class=\"wp-image-25755\" srcset=\"https:\/\/arkenhotel.com\/wp-content\/uploads\/sites\/5\/2025\/04\/oceanen-kongresshall-arken-hotel-0226-900x600.jpg 900w, https:\/\/arkenhotel.com\/wp-content\/uploads\/sites\/5\/2025\/04\/oceanen-kongresshall-arken-hotel-0226-400x267.jpg 400w, https:\/\/arkenhotel.com\/wp-content\/uploads\/sites\/5\/2025\/04\/oceanen-kongresshall-arken-hotel-0226-600x400.jpg 600w, https:\/\/arkenhotel.com\/wp-content\/uploads\/sites\/5\/2025\/04\/oceanen-kongresshall-arken-hotel-0226-700x467.jpg 700w, https:\/\/arkenhotel.com\/wp-content\/uploads\/sites\/5\/2025\/04\/oceanen-kongresshall-arken-hotel-0226-800x533.jpg 800w, https:\/\/arkenhotel.com\/wp-content\/uploads\/sites\/5\/2025\/04\/oceanen-kongresshall-arken-hotel-0226-1000x667.jpg 1000w, https:\/\/arkenhotel.com\/wp-content\/uploads\/sites\/5\/2025\/04\/oceanen-kongresshall-arken-hotel-0226-1100x733.jpg 1100w, https:\/\/arkenhotel.com\/wp-content\/uploads\/sites\/5\/2025\/04\/oceanen-kongresshall-arken-hotel-0226-1280x853.jpg 1280w, https:\/\/arkenhotel.com\/wp-content\/uploads\/sites\/5\/2025\/04\/oceanen-kongresshall-arken-hotel-0226-768x512.jpg 768w, https:\/\/arkenhotel.com\/wp-content\/uploads\/sites\/5\/2025\/04\/oceanen-kongresshall-arken-hotel-0226-1536x1024.jpg 1536w, https:\/\/arkenhotel.com\/wp-content\/uploads\/sites\/5\/2025\/04\/oceanen-kongresshall-arken-hotel-0226.jpg 1620w\" sizes=\"auto, (max-width: 900px) 100vw, 900px\" \/><button class=\"lightbox-trigger\" type=\"button\" aria-haspopup=\"dialog\" aria-label=\"Enlarge\" data-wp-init=\"callbacks.initTriggerButton\" data-wp-on--click=\"actions.showLightbox\" data-wp-style--right=\"state.imageButtonRight\" data-wp-style--top=\"state.imageButtonTop\">\n\t\t\t<svg xmlns=\"http:\/\/www.w3.org\/2000\/svg\" width=\"12\" height=\"12\" fill=\"none\" viewbox=\"0 0 12 12\">\n\t\t\t\t<path fill=\"#fff\" d=\"M2 0a2 2 0 0 0-2 2v2h1.5V2a.5.5 0 0 1 .5-.5h2V0H2Zm2 10.5H2a.5.5 0 0 1-.5-.5V8H0v2a2 2 0 0 0 2 2h2v-1.5ZM8 12v-1.5h2a.5.5 0 0 0 .5-.5V8H12v2a2 2 0 0 1-2 2H8Zm2-12a2 2 0 0 1 2 2v2h-1.5V2a.5.5 0 0 0-.5-.5H8V0h2Z\"><\/path>\n\t\t\t<\/svg>\n\t\t<\/button><\/figure>\n<\/div><\/swiper-slide><swiper-slide><div class=\"wp-block-group has-global-padding is-layout-constrained wp-container-core-group-is-layout-7db9d80f wp-block-group-is-layout-constrained\" style=\"padding-right:0;padding-left:0\">\n<figure data-wp-context='{\"imageId\":\"69f188245fa11\"}' data-wp-interactive=\"core\/image\" data-wp-key=\"69f188245fa11\" class=\"wp-block-image size-large wp-lightbox-container\"><img loading=\"lazy\" decoding=\"async\" width=\"900\" height=\"601\" data-wp-class--hide=\"state.isContentHidden\" data-wp-class--show=\"state.isContentVisible\" data-wp-init=\"callbacks.setButtonStyles\" data-wp-on--click=\"actions.showLightbox\" data-wp-on--load=\"callbacks.setButtonStyles\" data-wp-on-window--resize=\"callbacks.setButtonStyles\" src=\"https:\/\/arkenhotel.com\/wp-content\/uploads\/sites\/5\/2025\/04\/oceanen-rgb-ljus-konferens-arken-900x601.gif\" alt=\"ocean lighting\" class=\"wp-image-25756\" style=\"aspect-ratio:3\/2;object-fit:cover\" srcset=\"https:\/\/arkenhotel.com\/wp-content\/uploads\/sites\/5\/2025\/04\/oceanen-rgb-ljus-konferens-arken-900x601.gif 900w, https:\/\/arkenhotel.com\/wp-content\/uploads\/sites\/5\/2025\/04\/oceanen-rgb-ljus-konferens-arken-400x267.gif 400w, https:\/\/arkenhotel.com\/wp-content\/uploads\/sites\/5\/2025\/04\/oceanen-rgb-ljus-konferens-arken-600x401.gif 600w, https:\/\/arkenhotel.com\/wp-content\/uploads\/sites\/5\/2025\/04\/oceanen-rgb-ljus-konferens-arken-699x467.gif 699w, https:\/\/arkenhotel.com\/wp-content\/uploads\/sites\/5\/2025\/04\/oceanen-rgb-ljus-konferens-arken-800x534.gif 800w, https:\/\/arkenhotel.com\/wp-content\/uploads\/sites\/5\/2025\/04\/oceanen-rgb-ljus-konferens-arken-1000x668.gif 1000w, https:\/\/arkenhotel.com\/wp-content\/uploads\/sites\/5\/2025\/04\/oceanen-rgb-ljus-konferens-arken-1100x735.gif 1100w, https:\/\/arkenhotel.com\/wp-content\/uploads\/sites\/5\/2025\/04\/oceanen-rgb-ljus-konferens-arken-768x513.gif 768w\" sizes=\"auto, (max-width: 900px) 100vw, 900px\" \/><button class=\"lightbox-trigger\" type=\"button\" aria-haspopup=\"dialog\" aria-label=\"Enlarge\" data-wp-init=\"callbacks.initTriggerButton\" data-wp-on--click=\"actions.showLightbox\" data-wp-style--right=\"state.imageButtonRight\" data-wp-style--top=\"state.imageButtonTop\">\n\t\t\t<svg xmlns=\"http:\/\/www.w3.org\/2000\/svg\" width=\"12\" height=\"12\" fill=\"none\" viewbox=\"0 0 12 12\">\n\t\t\t\t<path fill=\"#fff\" d=\"M2 0a2 2 0 0 0-2 2v2h1.5V2a.5.5 0 0 1 .5-.5h2V0H2Zm2 10.5H2a.5.5 0 0 1-.5-.5V8H0v2a2 2 0 0 0 2 2h2v-1.5ZM8 12v-1.5h2a.5.5 0 0 0 .5-.5V8H12v2a2 2 0 0 1-2 2H8Zm2-12a2 2 0 0 1 2 2v2h-1.5V2a.5.5 0 0 0-.5-.5H8V0h2Z\"><\/path>\n\t\t\t<\/svg>\n\t\t<\/button><\/figure>\n<\/div><\/swiper-slide><swiper-slide><div class=\"wp-block-group has-global-padding is-layout-constrained wp-container-core-group-is-layout-7db9d80f wp-block-group-is-layout-constrained\" style=\"padding-right:0;padding-left:0\">\n<figure data-wp-context='{\"imageId\":\"69f188245ff54\"}' data-wp-interactive=\"core\/image\" data-wp-key=\"69f188245ff54\" class=\"wp-block-image size-large wp-lightbox-container\"><img loading=\"lazy\" decoding=\"async\" width=\"900\" height=\"600\" data-wp-class--hide=\"state.isContentHidden\" data-wp-class--show=\"state.isContentVisible\" data-wp-init=\"callbacks.setButtonStyles\" data-wp-on--click=\"actions.showLightbox\" data-wp-on--load=\"callbacks.setButtonStyles\" data-wp-on-window--resize=\"callbacks.setButtonStyles\" src=\"https:\/\/arkenhotel.com\/wp-content\/uploads\/sites\/5\/2025\/04\/bil-utstallning-oceanen-arken-0215-900x600.jpg\" alt=\"car at events in oceanen\" class=\"wp-image-28029\" style=\"aspect-ratio:3\/2;object-fit:cover\" srcset=\"https:\/\/arkenhotel.com\/wp-content\/uploads\/sites\/5\/2025\/04\/bil-utstallning-oceanen-arken-0215-900x600.jpg 900w, https:\/\/arkenhotel.com\/wp-content\/uploads\/sites\/5\/2025\/04\/bil-utstallning-oceanen-arken-0215-600x400.jpg 600w, https:\/\/arkenhotel.com\/wp-content\/uploads\/sites\/5\/2025\/04\/bil-utstallning-oceanen-arken-0215-768x512.jpg 768w, https:\/\/arkenhotel.com\/wp-content\/uploads\/sites\/5\/2025\/04\/bil-utstallning-oceanen-arken-0215-1536x1024.jpg 1536w, https:\/\/arkenhotel.com\/wp-content\/uploads\/sites\/5\/2025\/04\/bil-utstallning-oceanen-arken-0215-400x267.jpg 400w, https:\/\/arkenhotel.com\/wp-content\/uploads\/sites\/5\/2025\/04\/bil-utstallning-oceanen-arken-0215-700x467.jpg 700w, https:\/\/arkenhotel.com\/wp-content\/uploads\/sites\/5\/2025\/04\/bil-utstallning-oceanen-arken-0215-800x533.jpg 800w, https:\/\/arkenhotel.com\/wp-content\/uploads\/sites\/5\/2025\/04\/bil-utstallning-oceanen-arken-0215-1000x667.jpg 1000w, https:\/\/arkenhotel.com\/wp-content\/uploads\/sites\/5\/2025\/04\/bil-utstallning-oceanen-arken-0215-1100x733.jpg 1100w, https:\/\/arkenhotel.com\/wp-content\/uploads\/sites\/5\/2025\/04\/bil-utstallning-oceanen-arken-0215-1280x853.jpg 1280w, https:\/\/arkenhotel.com\/wp-content\/uploads\/sites\/5\/2025\/04\/bil-utstallning-oceanen-arken-0215.jpg 1620w\" sizes=\"auto, (max-width: 900px) 100vw, 900px\" \/><button class=\"lightbox-trigger\" type=\"button\" aria-haspopup=\"dialog\" aria-label=\"Enlarge\" data-wp-init=\"callbacks.initTriggerButton\" data-wp-on--click=\"actions.showLightbox\" data-wp-style--right=\"state.imageButtonRight\" data-wp-style--top=\"state.imageButtonTop\">\n\t\t\t<svg xmlns=\"http:\/\/www.w3.org\/2000\/svg\" width=\"12\" height=\"12\" fill=\"none\" viewbox=\"0 0 12 12\">\n\t\t\t\t<path fill=\"#fff\" d=\"M2 0a2 2 0 0 0-2 2v2h1.5V2a.5.5 0 0 1 .5-.5h2V0H2Zm2 10.5H2a.5.5 0 0 1-.5-.5V8H0v2a2 2 0 0 0 2 2h2v-1.5ZM8 12v-1.5h2a.5.5 0 0 0 .5-.5V8H12v2a2 2 0 0 1-2 2H8Zm2-12a2 2 0 0 1 2 2v2h-1.5V2a.5.5 0 0 0-.5-.5H8V0h2Z\"><\/path>\n\t\t\t<\/svg>\n\t\t<\/button><\/figure>\n<\/div><\/swiper-slide><swiper-slide><div class=\"wp-block-group has-global-padding is-layout-constrained wp-container-core-group-is-layout-7db9d80f wp-block-group-is-layout-constrained\" style=\"padding-right:0;padding-left:0\">\n<figure data-wp-context='{\"imageId\":\"69f188246049c\"}' data-wp-interactive=\"core\/image\" data-wp-key=\"69f188246049c\" class=\"wp-block-image size-large wp-lightbox-container\"><img loading=\"lazy\" decoding=\"async\" width=\"900\" height=\"599\" data-wp-class--hide=\"state.isContentHidden\" data-wp-class--show=\"state.isContentVisible\" data-wp-init=\"callbacks.setButtonStyles\" data-wp-on--click=\"actions.showLightbox\" data-wp-on--load=\"callbacks.setButtonStyles\" data-wp-on-window--resize=\"callbacks.setButtonStyles\" src=\"https:\/\/arkenhotel.com\/wp-content\/uploads\/sites\/5\/2025\/04\/20-oceanen-konferens-lokal-arken-hotell-goteborg-8267-900x599.jpg\" alt=\"chairs in oceanen\" class=\"wp-image-25757\" style=\"aspect-ratio:3\/2;object-fit:cover\" srcset=\"https:\/\/arkenhotel.com\/wp-content\/uploads\/sites\/5\/2025\/04\/20-oceanen-konferens-lokal-arken-hotell-goteborg-8267-900x599.jpg 900w, https:\/\/arkenhotel.com\/wp-content\/uploads\/sites\/5\/2025\/04\/20-oceanen-konferens-lokal-arken-hotell-goteborg-8267-400x266.jpg 400w, https:\/\/arkenhotel.com\/wp-content\/uploads\/sites\/5\/2025\/04\/20-oceanen-konferens-lokal-arken-hotell-goteborg-8267-600x399.jpg 600w, https:\/\/arkenhotel.com\/wp-content\/uploads\/sites\/5\/2025\/04\/20-oceanen-konferens-lokal-arken-hotell-goteborg-8267-700x466.jpg 700w, https:\/\/arkenhotel.com\/wp-content\/uploads\/sites\/5\/2025\/04\/20-oceanen-konferens-lokal-arken-hotell-goteborg-8267-800x532.jpg 800w, https:\/\/arkenhotel.com\/wp-content\/uploads\/sites\/5\/2025\/04\/20-oceanen-konferens-lokal-arken-hotell-goteborg-8267-1000x665.jpg 1000w, https:\/\/arkenhotel.com\/wp-content\/uploads\/sites\/5\/2025\/04\/20-oceanen-konferens-lokal-arken-hotell-goteborg-8267-1100x732.jpg 1100w, https:\/\/arkenhotel.com\/wp-content\/uploads\/sites\/5\/2025\/04\/20-oceanen-konferens-lokal-arken-hotell-goteborg-8267-1280x852.jpg 1280w, https:\/\/arkenhotel.com\/wp-content\/uploads\/sites\/5\/2025\/04\/20-oceanen-konferens-lokal-arken-hotell-goteborg-8267-768x511.jpg 768w, https:\/\/arkenhotel.com\/wp-content\/uploads\/sites\/5\/2025\/04\/20-oceanen-konferens-lokal-arken-hotell-goteborg-8267-1536x1022.jpg 1536w, https:\/\/arkenhotel.com\/wp-content\/uploads\/sites\/5\/2025\/04\/20-oceanen-konferens-lokal-arken-hotell-goteborg-8267.jpg 1623w\" sizes=\"auto, (max-width: 900px) 100vw, 900px\" \/><button class=\"lightbox-trigger\" type=\"button\" aria-haspopup=\"dialog\" aria-label=\"Enlarge\" data-wp-init=\"callbacks.initTriggerButton\" data-wp-on--click=\"actions.showLightbox\" data-wp-style--right=\"state.imageButtonRight\" data-wp-style--top=\"state.imageButtonTop\">\n\t\t\t<svg xmlns=\"http:\/\/www.w3.org\/2000\/svg\" width=\"12\" height=\"12\" fill=\"none\" viewbox=\"0 0 12 12\">\n\t\t\t\t<path fill=\"#fff\" d=\"M2 0a2 2 0 0 0-2 2v2h1.5V2a.5.5 0 0 1 .5-.5h2V0H2Zm2 10.5H2a.5.5 0 0 1-.5-.5V8H0v2a2 2 0 0 0 2 2h2v-1.5ZM8 12v-1.5h2a.5.5 0 0 0 .5-.5V8H12v2a2 2 0 0 1-2 2H8Zm2-12a2 2 0 0 1 2 2v2h-1.5V2a.5.5 0 0 0-.5-.5H8V0h2Z\"><\/path>\n\t\t\t<\/svg>\n\t\t<\/button><\/figure>\n<\/div><\/swiper-slide><swiper-slide><div class=\"wp-block-group has-global-padding is-layout-constrained wp-container-core-group-is-layout-7db9d80f wp-block-group-is-layout-constrained\" style=\"padding-right:0;padding-left:0\">\n<figure data-wp-context='{\"imageId\":\"69f18824609bb\"}' data-wp-interactive=\"core\/image\" data-wp-key=\"69f18824609bb\" class=\"wp-block-image size-large wp-lightbox-container\"><img loading=\"lazy\" decoding=\"async\" width=\"900\" height=\"601\" data-wp-class--hide=\"state.isContentHidden\" data-wp-class--show=\"state.isContentVisible\" data-wp-init=\"callbacks.setButtonStyles\" data-wp-on--click=\"actions.showLightbox\" data-wp-on--load=\"callbacks.setButtonStyles\" data-wp-on-window--resize=\"callbacks.setButtonStyles\" src=\"https:\/\/arkenhotel.com\/wp-content\/uploads\/sites\/5\/2025\/04\/eventhall-oceanen-konferens-arken-hotell-goteborg-1641-900x601.jpg\" alt=\"scene in the ocean\" class=\"wp-image-28025\" style=\"aspect-ratio:3\/2;object-fit:cover\" srcset=\"https:\/\/arkenhotel.com\/wp-content\/uploads\/sites\/5\/2025\/04\/eventhall-oceanen-konferens-arken-hotell-goteborg-1641-900x601.jpg 900w, https:\/\/arkenhotel.com\/wp-content\/uploads\/sites\/5\/2025\/04\/eventhall-oceanen-konferens-arken-hotell-goteborg-1641-600x400.jpg 600w, https:\/\/arkenhotel.com\/wp-content\/uploads\/sites\/5\/2025\/04\/eventhall-oceanen-konferens-arken-hotell-goteborg-1641-768x513.jpg 768w, https:\/\/arkenhotel.com\/wp-content\/uploads\/sites\/5\/2025\/04\/eventhall-oceanen-konferens-arken-hotell-goteborg-1641-1536x1025.jpg 1536w, https:\/\/arkenhotel.com\/wp-content\/uploads\/sites\/5\/2025\/04\/eventhall-oceanen-konferens-arken-hotell-goteborg-1641-400x267.jpg 400w, https:\/\/arkenhotel.com\/wp-content\/uploads\/sites\/5\/2025\/04\/eventhall-oceanen-konferens-arken-hotell-goteborg-1641-700x467.jpg 700w, https:\/\/arkenhotel.com\/wp-content\/uploads\/sites\/5\/2025\/04\/eventhall-oceanen-konferens-arken-hotell-goteborg-1641-800x534.jpg 800w, https:\/\/arkenhotel.com\/wp-content\/uploads\/sites\/5\/2025\/04\/eventhall-oceanen-konferens-arken-hotell-goteborg-1641-1000x667.jpg 1000w, https:\/\/arkenhotel.com\/wp-content\/uploads\/sites\/5\/2025\/04\/eventhall-oceanen-konferens-arken-hotell-goteborg-1641-1100x734.jpg 1100w, https:\/\/arkenhotel.com\/wp-content\/uploads\/sites\/5\/2025\/04\/eventhall-oceanen-konferens-arken-hotell-goteborg-1641-1280x854.jpg 1280w, https:\/\/arkenhotel.com\/wp-content\/uploads\/sites\/5\/2025\/04\/eventhall-oceanen-konferens-arken-hotell-goteborg-1641.jpg 1618w\" sizes=\"auto, (max-width: 900px) 100vw, 900px\" \/><button class=\"lightbox-trigger\" type=\"button\" aria-haspopup=\"dialog\" aria-label=\"Enlarge\" data-wp-init=\"callbacks.initTriggerButton\" data-wp-on--click=\"actions.showLightbox\" data-wp-style--right=\"state.imageButtonRight\" data-wp-style--top=\"state.imageButtonTop\">\n\t\t\t<svg xmlns=\"http:\/\/www.w3.org\/2000\/svg\" width=\"12\" height=\"12\" fill=\"none\" viewbox=\"0 0 12 12\">\n\t\t\t\t<path fill=\"#fff\" d=\"M2 0a2 2 0 0 0-2 2v2h1.5V2a.5.5 0 0 1 .5-.5h2V0H2Zm2 10.5H2a.5.5 0 0 1-.5-.5V8H0v2a2 2 0 0 0 2 2h2v-1.5ZM8 12v-1.5h2a.5.5 0 0 0 .5-.5V8H12v2a2 2 0 0 1-2 2H8Zm2-12a2 2 0 0 1 2 2v2h-1.5V2a.5.5 0 0 0-.5-.5H8V0h2Z\"><\/path>\n\t\t\t<\/svg>\n\t\t<\/button><\/figure>\n<\/div><\/swiper-slide><swiper-slide><div class=\"wp-block-group has-global-padding is-layout-constrained wp-container-core-group-is-layout-7db9d80f wp-block-group-is-layout-constrained\" style=\"padding-right:0;padding-left:0\">\n<figure data-wp-context='{\"imageId\":\"69f1882460ec9\"}' data-wp-interactive=\"core\/image\" data-wp-key=\"69f1882460ec9\" class=\"wp-block-image size-large wp-lightbox-container\"><img loading=\"lazy\" decoding=\"async\" width=\"900\" height=\"601\" data-wp-class--hide=\"state.isContentHidden\" data-wp-class--show=\"state.isContentVisible\" data-wp-init=\"callbacks.setButtonStyles\" data-wp-on--click=\"actions.showLightbox\" data-wp-on--load=\"callbacks.setButtonStyles\" data-wp-on-window--resize=\"callbacks.setButtonStyles\" src=\"https:\/\/arkenhotel.com\/wp-content\/uploads\/sites\/5\/2025\/04\/eventhall-oceanen-konferens-arken-hotell-goteborg-4080-900x601.jpg\" alt=\"dance competition in oceanen\" class=\"wp-image-28024\" style=\"aspect-ratio:3\/2;object-fit:cover\" srcset=\"https:\/\/arkenhotel.com\/wp-content\/uploads\/sites\/5\/2025\/04\/eventhall-oceanen-konferens-arken-hotell-goteborg-4080-900x601.jpg 900w, https:\/\/arkenhotel.com\/wp-content\/uploads\/sites\/5\/2025\/04\/eventhall-oceanen-konferens-arken-hotell-goteborg-4080-600x400.jpg 600w, https:\/\/arkenhotel.com\/wp-content\/uploads\/sites\/5\/2025\/04\/eventhall-oceanen-konferens-arken-hotell-goteborg-4080-768x513.jpg 768w, https:\/\/arkenhotel.com\/wp-content\/uploads\/sites\/5\/2025\/04\/eventhall-oceanen-konferens-arken-hotell-goteborg-4080-1536x1025.jpg 1536w, https:\/\/arkenhotel.com\/wp-content\/uploads\/sites\/5\/2025\/04\/eventhall-oceanen-konferens-arken-hotell-goteborg-4080-400x267.jpg 400w, https:\/\/arkenhotel.com\/wp-content\/uploads\/sites\/5\/2025\/04\/eventhall-oceanen-konferens-arken-hotell-goteborg-4080-700x467.jpg 700w, https:\/\/arkenhotel.com\/wp-content\/uploads\/sites\/5\/2025\/04\/eventhall-oceanen-konferens-arken-hotell-goteborg-4080-800x534.jpg 800w, https:\/\/arkenhotel.com\/wp-content\/uploads\/sites\/5\/2025\/04\/eventhall-oceanen-konferens-arken-hotell-goteborg-4080-1000x667.jpg 1000w, https:\/\/arkenhotel.com\/wp-content\/uploads\/sites\/5\/2025\/04\/eventhall-oceanen-konferens-arken-hotell-goteborg-4080-1100x734.jpg 1100w, https:\/\/arkenhotel.com\/wp-content\/uploads\/sites\/5\/2025\/04\/eventhall-oceanen-konferens-arken-hotell-goteborg-4080-1280x854.jpg 1280w, https:\/\/arkenhotel.com\/wp-content\/uploads\/sites\/5\/2025\/04\/eventhall-oceanen-konferens-arken-hotell-goteborg-4080.jpg 1618w\" sizes=\"auto, (max-width: 900px) 100vw, 900px\" \/><button class=\"lightbox-trigger\" type=\"button\" aria-haspopup=\"dialog\" aria-label=\"Enlarge\" data-wp-init=\"callbacks.initTriggerButton\" data-wp-on--click=\"actions.showLightbox\" data-wp-style--right=\"state.imageButtonRight\" data-wp-style--top=\"state.imageButtonTop\">\n\t\t\t<svg xmlns=\"http:\/\/www.w3.org\/2000\/svg\" width=\"12\" height=\"12\" fill=\"none\" viewbox=\"0 0 12 12\">\n\t\t\t\t<path fill=\"#fff\" d=\"M2 0a2 2 0 0 0-2 2v2h1.5V2a.5.5 0 0 1 .5-.5h2V0H2Zm2 10.5H2a.5.5 0 0 1-.5-.5V8H0v2a2 2 0 0 0 2 2h2v-1.5ZM8 12v-1.5h2a.5.5 0 0 0 .5-.5V8H12v2a2 2 0 0 1-2 2H8Zm2-12a2 2 0 0 1 2 2v2h-1.5V2a.5.5 0 0 0-.5-.5H8V0h2Z\"><\/path>\n\t\t\t<\/svg>\n\t\t<\/button><\/figure>\n<\/div><\/swiper-slide><swiper-slide><div class=\"wp-block-group has-global-padding is-layout-constrained wp-container-core-group-is-layout-7db9d80f wp-block-group-is-layout-constrained\" style=\"padding-right:0;padding-left:0\">\n<figure data-wp-context='{\"imageId\":\"69f18824613c4\"}' data-wp-interactive=\"core\/image\" data-wp-key=\"69f18824613c4\" class=\"wp-block-image size-large wp-lightbox-container\"><img loading=\"lazy\" decoding=\"async\" width=\"900\" height=\"601\" data-wp-class--hide=\"state.isContentHidden\" data-wp-class--show=\"state.isContentVisible\" data-wp-init=\"callbacks.setButtonStyles\" data-wp-on--click=\"actions.showLightbox\" data-wp-on--load=\"callbacks.setButtonStyles\" data-wp-on-window--resize=\"callbacks.setButtonStyles\" src=\"https:\/\/arkenhotel.com\/wp-content\/uploads\/sites\/5\/2025\/04\/yoga-oceanen-konferens-arken-hotell-goteborg-2892-900x601.jpg\" alt=\"yoga event in the ocean\" class=\"wp-image-28027\" style=\"aspect-ratio:3\/2;object-fit:cover\" srcset=\"https:\/\/arkenhotel.com\/wp-content\/uploads\/sites\/5\/2025\/04\/yoga-oceanen-konferens-arken-hotell-goteborg-2892-900x601.jpg 900w, https:\/\/arkenhotel.com\/wp-content\/uploads\/sites\/5\/2025\/04\/yoga-oceanen-konferens-arken-hotell-goteborg-2892-600x400.jpg 600w, https:\/\/arkenhotel.com\/wp-content\/uploads\/sites\/5\/2025\/04\/yoga-oceanen-konferens-arken-hotell-goteborg-2892-768x513.jpg 768w, https:\/\/arkenhotel.com\/wp-content\/uploads\/sites\/5\/2025\/04\/yoga-oceanen-konferens-arken-hotell-goteborg-2892-1536x1025.jpg 1536w, https:\/\/arkenhotel.com\/wp-content\/uploads\/sites\/5\/2025\/04\/yoga-oceanen-konferens-arken-hotell-goteborg-2892-400x267.jpg 400w, https:\/\/arkenhotel.com\/wp-content\/uploads\/sites\/5\/2025\/04\/yoga-oceanen-konferens-arken-hotell-goteborg-2892-700x467.jpg 700w, https:\/\/arkenhotel.com\/wp-content\/uploads\/sites\/5\/2025\/04\/yoga-oceanen-konferens-arken-hotell-goteborg-2892-800x534.jpg 800w, https:\/\/arkenhotel.com\/wp-content\/uploads\/sites\/5\/2025\/04\/yoga-oceanen-konferens-arken-hotell-goteborg-2892-1000x667.jpg 1000w, https:\/\/arkenhotel.com\/wp-content\/uploads\/sites\/5\/2025\/04\/yoga-oceanen-konferens-arken-hotell-goteborg-2892-1100x734.jpg 1100w, https:\/\/arkenhotel.com\/wp-content\/uploads\/sites\/5\/2025\/04\/yoga-oceanen-konferens-arken-hotell-goteborg-2892-1280x854.jpg 1280w, https:\/\/arkenhotel.com\/wp-content\/uploads\/sites\/5\/2025\/04\/yoga-oceanen-konferens-arken-hotell-goteborg-2892.jpg 1618w\" sizes=\"auto, (max-width: 900px) 100vw, 900px\" \/><button class=\"lightbox-trigger\" type=\"button\" aria-haspopup=\"dialog\" aria-label=\"Enlarge\" data-wp-init=\"callbacks.initTriggerButton\" data-wp-on--click=\"actions.showLightbox\" data-wp-style--right=\"state.imageButtonRight\" data-wp-style--top=\"state.imageButtonTop\">\n\t\t\t<svg xmlns=\"http:\/\/www.w3.org\/2000\/svg\" width=\"12\" height=\"12\" fill=\"none\" viewbox=\"0 0 12 12\">\n\t\t\t\t<path fill=\"#fff\" d=\"M2 0a2 2 0 0 0-2 2v2h1.5V2a.5.5 0 0 1 .5-.5h2V0H2Zm2 10.5H2a.5.5 0 0 1-.5-.5V8H0v2a2 2 0 0 0 2 2h2v-1.5ZM8 12v-1.5h2a.5.5 0 0 0 .5-.5V8H12v2a2 2 0 0 1-2 2H8Zm2-12a2 2 0 0 1 2 2v2h-1.5V2a.5.5 0 0 0-.5-.5H8V0h2Z\"><\/path>\n\t\t\t<\/svg>\n\t\t<\/button><\/figure>\n<\/div><\/swiper-slide><swiper-slide><div class=\"wp-block-group has-global-padding is-layout-constrained wp-container-core-group-is-layout-7db9d80f wp-block-group-is-layout-constrained\" style=\"padding-right:0;padding-left:0\">\n<figure data-wp-context='{\"imageId\":\"69f188246189b\"}' data-wp-interactive=\"core\/image\" data-wp-key=\"69f188246189b\" class=\"wp-block-image size-large wp-lightbox-container\"><img loading=\"lazy\" decoding=\"async\" width=\"900\" height=\"600\" data-wp-class--hide=\"state.isContentHidden\" data-wp-class--show=\"state.isContentVisible\" data-wp-init=\"callbacks.setButtonStyles\" data-wp-on--click=\"actions.showLightbox\" data-wp-on--load=\"callbacks.setButtonStyles\" data-wp-on-window--resize=\"callbacks.setButtonStyles\" src=\"https:\/\/arkenhotel.com\/wp-content\/uploads\/sites\/5\/2025\/04\/kundcase-assemblin-arken-konferens-goteborg-5777-900x600.jpg\" alt=\"table setting for events in oceanen \" class=\"wp-image-28015\" style=\"aspect-ratio:3\/2;object-fit:cover\" srcset=\"https:\/\/arkenhotel.com\/wp-content\/uploads\/sites\/5\/2025\/04\/kundcase-assemblin-arken-konferens-goteborg-5777-900x600.jpg 900w, https:\/\/arkenhotel.com\/wp-content\/uploads\/sites\/5\/2025\/04\/kundcase-assemblin-arken-konferens-goteborg-5777-600x400.jpg 600w, https:\/\/arkenhotel.com\/wp-content\/uploads\/sites\/5\/2025\/04\/kundcase-assemblin-arken-konferens-goteborg-5777-768x512.jpg 768w, https:\/\/arkenhotel.com\/wp-content\/uploads\/sites\/5\/2025\/04\/kundcase-assemblin-arken-konferens-goteborg-5777-1536x1024.jpg 1536w, https:\/\/arkenhotel.com\/wp-content\/uploads\/sites\/5\/2025\/04\/kundcase-assemblin-arken-konferens-goteborg-5777-400x267.jpg 400w, https:\/\/arkenhotel.com\/wp-content\/uploads\/sites\/5\/2025\/04\/kundcase-assemblin-arken-konferens-goteborg-5777-700x467.jpg 700w, https:\/\/arkenhotel.com\/wp-content\/uploads\/sites\/5\/2025\/04\/kundcase-assemblin-arken-konferens-goteborg-5777-800x533.jpg 800w, https:\/\/arkenhotel.com\/wp-content\/uploads\/sites\/5\/2025\/04\/kundcase-assemblin-arken-konferens-goteborg-5777-1000x667.jpg 1000w, https:\/\/arkenhotel.com\/wp-content\/uploads\/sites\/5\/2025\/04\/kundcase-assemblin-arken-konferens-goteborg-5777-1100x733.jpg 1100w, https:\/\/arkenhotel.com\/wp-content\/uploads\/sites\/5\/2025\/04\/kundcase-assemblin-arken-konferens-goteborg-5777-1280x853.jpg 1280w, https:\/\/arkenhotel.com\/wp-content\/uploads\/sites\/5\/2025\/04\/kundcase-assemblin-arken-konferens-goteborg-5777.jpg 1620w\" sizes=\"auto, (max-width: 900px) 100vw, 900px\" \/><button class=\"lightbox-trigger\" type=\"button\" aria-haspopup=\"dialog\" aria-label=\"Enlarge\" data-wp-init=\"callbacks.initTriggerButton\" data-wp-on--click=\"actions.showLightbox\" data-wp-style--right=\"state.imageButtonRight\" data-wp-style--top=\"state.imageButtonTop\">\n\t\t\t<svg xmlns=\"http:\/\/www.w3.org\/2000\/svg\" width=\"12\" height=\"12\" fill=\"none\" viewbox=\"0 0 12 12\">\n\t\t\t\t<path fill=\"#fff\" d=\"M2 0a2 2 0 0 0-2 2v2h1.5V2a.5.5 0 0 1 .5-.5h2V0H2Zm2 10.5H2a.5.5 0 0 1-.5-.5V8H0v2a2 2 0 0 0 2 2h2v-1.5ZM8 12v-1.5h2a.5.5 0 0 0 .5-.5V8H12v2a2 2 0 0 1-2 2H8Zm2-12a2 2 0 0 1 2 2v2h-1.5V2a.5.5 0 0 0-.5-.5H8V0h2Z\"><\/path>\n\t\t\t<\/svg>\n\t\t<\/button><\/figure>\n<\/div><\/swiper-slide><swiper-slide><div class=\"wp-block-group has-global-padding is-layout-constrained wp-container-core-group-is-layout-7db9d80f wp-block-group-is-layout-constrained\" style=\"padding-right:0;padding-left:0\">\n<figure data-wp-context='{\"imageId\":\"69f1882461da3\"}' data-wp-interactive=\"core\/image\" data-wp-key=\"69f1882461da3\" class=\"wp-block-image size-large wp-lightbox-container\"><img loading=\"lazy\" decoding=\"async\" width=\"900\" height=\"601\" data-wp-class--hide=\"state.isContentHidden\" data-wp-class--show=\"state.isContentVisible\" data-wp-init=\"callbacks.setButtonStyles\" data-wp-on--click=\"actions.showLightbox\" data-wp-on--load=\"callbacks.setButtonStyles\" data-wp-on-window--resize=\"callbacks.setButtonStyles\" src=\"https:\/\/arkenhotel.com\/wp-content\/uploads\/sites\/5\/2025\/04\/kundcase-assemblin-arken-konferens-goteborg-5590-900x601.jpg\" alt=\"events in the ocean with displays for technology\" class=\"wp-image-28016\" srcset=\"https:\/\/arkenhotel.com\/wp-content\/uploads\/sites\/5\/2025\/04\/kundcase-assemblin-arken-konferens-goteborg-5590-900x601.jpg 900w, https:\/\/arkenhotel.com\/wp-content\/uploads\/sites\/5\/2025\/04\/kundcase-assemblin-arken-konferens-goteborg-5590-600x400.jpg 600w, https:\/\/arkenhotel.com\/wp-content\/uploads\/sites\/5\/2025\/04\/kundcase-assemblin-arken-konferens-goteborg-5590-768x513.jpg 768w, https:\/\/arkenhotel.com\/wp-content\/uploads\/sites\/5\/2025\/04\/kundcase-assemblin-arken-konferens-goteborg-5590-1536x1025.jpg 1536w, https:\/\/arkenhotel.com\/wp-content\/uploads\/sites\/5\/2025\/04\/kundcase-assemblin-arken-konferens-goteborg-5590-400x267.jpg 400w, https:\/\/arkenhotel.com\/wp-content\/uploads\/sites\/5\/2025\/04\/kundcase-assemblin-arken-konferens-goteborg-5590-700x467.jpg 700w, https:\/\/arkenhotel.com\/wp-content\/uploads\/sites\/5\/2025\/04\/kundcase-assemblin-arken-konferens-goteborg-5590-800x534.jpg 800w, https:\/\/arkenhotel.com\/wp-content\/uploads\/sites\/5\/2025\/04\/kundcase-assemblin-arken-konferens-goteborg-5590-1000x667.jpg 1000w, https:\/\/arkenhotel.com\/wp-content\/uploads\/sites\/5\/2025\/04\/kundcase-assemblin-arken-konferens-goteborg-5590-1100x734.jpg 1100w, https:\/\/arkenhotel.com\/wp-content\/uploads\/sites\/5\/2025\/04\/kundcase-assemblin-arken-konferens-goteborg-5590-1280x854.jpg 1280w, https:\/\/arkenhotel.com\/wp-content\/uploads\/sites\/5\/2025\/04\/kundcase-assemblin-arken-konferens-goteborg-5590.jpg 1618w\" sizes=\"auto, (max-width: 900px) 100vw, 900px\" \/><button class=\"lightbox-trigger\" type=\"button\" aria-haspopup=\"dialog\" aria-label=\"Enlarge\" data-wp-init=\"callbacks.initTriggerButton\" data-wp-on--click=\"actions.showLightbox\" data-wp-style--right=\"state.imageButtonRight\" data-wp-style--top=\"state.imageButtonTop\">\n\t\t\t<svg xmlns=\"http:\/\/www.w3.org\/2000\/svg\" width=\"12\" height=\"12\" fill=\"none\" viewbox=\"0 0 12 12\">\n\t\t\t\t<path fill=\"#fff\" d=\"M2 0a2 2 0 0 0-2 2v2h1.5V2a.5.5 0 0 1 .5-.5h2V0H2Zm2 10.5H2a.5.5 0 0 1-.5-.5V8H0v2a2 2 0 0 0 2 2h2v-1.5ZM8 12v-1.5h2a.5.5 0 0 0 .5-.5V8H12v2a2 2 0 0 1-2 2H8Zm2-12a2 2 0 0 1 2 2v2h-1.5V2a.5.5 0 0 0-.5-.5H8V0h2Z\"><\/path>\n\t\t\t<\/svg>\n\t\t<\/button><\/figure>\n<\/div><\/swiper-slide><swiper-slide><div class=\"wp-block-group has-global-padding is-layout-constrained wp-container-core-group-is-layout-7db9d80f wp-block-group-is-layout-constrained\" style=\"padding-right:0;padding-left:0\">\n<figure data-wp-context='{\"imageId\":\"69f1882462286\"}' data-wp-interactive=\"core\/image\" data-wp-key=\"69f1882462286\" class=\"wp-block-image size-large wp-lightbox-container\"><img loading=\"lazy\" decoding=\"async\" width=\"900\" height=\"517\" data-wp-class--hide=\"state.isContentHidden\" data-wp-class--show=\"state.isContentVisible\" data-wp-init=\"callbacks.setButtonStyles\" data-wp-on--click=\"actions.showLightbox\" data-wp-on--load=\"callbacks.setButtonStyles\" data-wp-on-window--resize=\"callbacks.setButtonStyles\" src=\"https:\/\/arkenhotel.com\/wp-content\/uploads\/sites\/5\/2025\/04\/rydell-quick-arken-900x517.jpg\" alt=\"party with live band in oceanen\" class=\"wp-image-28017\" style=\"aspect-ratio:3\/2;object-fit:cover\" srcset=\"https:\/\/arkenhotel.com\/wp-content\/uploads\/sites\/5\/2025\/04\/rydell-quick-arken-900x517.jpg 900w, https:\/\/arkenhotel.com\/wp-content\/uploads\/sites\/5\/2025\/04\/rydell-quick-arken-600x344.jpg 600w, https:\/\/arkenhotel.com\/wp-content\/uploads\/sites\/5\/2025\/04\/rydell-quick-arken-768x441.jpg 768w, https:\/\/arkenhotel.com\/wp-content\/uploads\/sites\/5\/2025\/04\/rydell-quick-arken-400x230.jpg 400w, https:\/\/arkenhotel.com\/wp-content\/uploads\/sites\/5\/2025\/04\/rydell-quick-arken-700x402.jpg 700w, https:\/\/arkenhotel.com\/wp-content\/uploads\/sites\/5\/2025\/04\/rydell-quick-arken-800x459.jpg 800w, https:\/\/arkenhotel.com\/wp-content\/uploads\/sites\/5\/2025\/04\/rydell-quick-arken-1000x574.jpg 1000w, https:\/\/arkenhotel.com\/wp-content\/uploads\/sites\/5\/2025\/04\/rydell-quick-arken.jpg 1080w\" sizes=\"auto, (max-width: 900px) 100vw, 900px\" \/><button class=\"lightbox-trigger\" type=\"button\" aria-haspopup=\"dialog\" aria-label=\"Enlarge\" data-wp-init=\"callbacks.initTriggerButton\" data-wp-on--click=\"actions.showLightbox\" data-wp-style--right=\"state.imageButtonRight\" data-wp-style--top=\"state.imageButtonTop\">\n\t\t\t<svg xmlns=\"http:\/\/www.w3.org\/2000\/svg\" width=\"12\" height=\"12\" fill=\"none\" viewbox=\"0 0 12 12\">\n\t\t\t\t<path fill=\"#fff\" d=\"M2 0a2 2 0 0 0-2 2v2h1.5V2a.5.5 0 0 1 .5-.5h2V0H2Zm2 10.5H2a.5.5 0 0 1-.5-.5V8H0v2a2 2 0 0 0 2 2h2v-1.5ZM8 12v-1.5h2a.5.5 0 0 0 .5-.5V8H12v2a2 2 0 0 1-2 2H8Zm2-12a2 2 0 0 1 2 2v2h-1.5V2a.5.5 0 0 0-.5-.5H8V0h2Z\"><\/path>\n\t\t\t<\/svg>\n\t\t<\/button><\/figure>\n<\/div><\/swiper-slide><swiper-slide><div class=\"wp-block-group has-global-padding is-layout-constrained wp-container-core-group-is-layout-7db9d80f wp-block-group-is-layout-constrained\" style=\"padding-right:0;padding-left:0\">\n<figure data-wp-context='{\"imageId\":\"69f188246292a\"}' data-wp-interactive=\"core\/image\" data-wp-key=\"69f188246292a\" class=\"wp-block-image size-large wp-lightbox-container\"><img loading=\"lazy\" decoding=\"async\" width=\"900\" height=\"601\" data-wp-class--hide=\"state.isContentHidden\" data-wp-class--show=\"state.isContentVisible\" data-wp-init=\"callbacks.setButtonStyles\" data-wp-on--click=\"actions.showLightbox\" data-wp-on--load=\"callbacks.setButtonStyles\" data-wp-on-window--resize=\"callbacks.setButtonStyles\" src=\"https:\/\/arkenhotel.com\/wp-content\/uploads\/sites\/5\/2025\/04\/take-over-konferens-arken-goteborg-9192-900x601.jpg\" alt=\"Mass and chairs in a row in oceanen\" class=\"wp-image-28018\" srcset=\"https:\/\/arkenhotel.com\/wp-content\/uploads\/sites\/5\/2025\/04\/take-over-konferens-arken-goteborg-9192-900x601.jpg 900w, https:\/\/arkenhotel.com\/wp-content\/uploads\/sites\/5\/2025\/04\/take-over-konferens-arken-goteborg-9192-600x400.jpg 600w, https:\/\/arkenhotel.com\/wp-content\/uploads\/sites\/5\/2025\/04\/take-over-konferens-arken-goteborg-9192-768x513.jpg 768w, https:\/\/arkenhotel.com\/wp-content\/uploads\/sites\/5\/2025\/04\/take-over-konferens-arken-goteborg-9192-1536x1025.jpg 1536w, https:\/\/arkenhotel.com\/wp-content\/uploads\/sites\/5\/2025\/04\/take-over-konferens-arken-goteborg-9192-400x267.jpg 400w, https:\/\/arkenhotel.com\/wp-content\/uploads\/sites\/5\/2025\/04\/take-over-konferens-arken-goteborg-9192-700x467.jpg 700w, https:\/\/arkenhotel.com\/wp-content\/uploads\/sites\/5\/2025\/04\/take-over-konferens-arken-goteborg-9192-800x534.jpg 800w, https:\/\/arkenhotel.com\/wp-content\/uploads\/sites\/5\/2025\/04\/take-over-konferens-arken-goteborg-9192-1000x667.jpg 1000w, https:\/\/arkenhotel.com\/wp-content\/uploads\/sites\/5\/2025\/04\/take-over-konferens-arken-goteborg-9192-1100x734.jpg 1100w, https:\/\/arkenhotel.com\/wp-content\/uploads\/sites\/5\/2025\/04\/take-over-konferens-arken-goteborg-9192-1280x854.jpg 1280w, https:\/\/arkenhotel.com\/wp-content\/uploads\/sites\/5\/2025\/04\/take-over-konferens-arken-goteborg-9192.jpg 1618w\" sizes=\"auto, (max-width: 900px) 100vw, 900px\" \/><button class=\"lightbox-trigger\" type=\"button\" aria-haspopup=\"dialog\" aria-label=\"Enlarge\" data-wp-init=\"callbacks.initTriggerButton\" data-wp-on--click=\"actions.showLightbox\" data-wp-style--right=\"state.imageButtonRight\" data-wp-style--top=\"state.imageButtonTop\">\n\t\t\t<svg xmlns=\"http:\/\/www.w3.org\/2000\/svg\" width=\"12\" height=\"12\" fill=\"none\" viewbox=\"0 0 12 12\">\n\t\t\t\t<path fill=\"#fff\" d=\"M2 0a2 2 0 0 0-2 2v2h1.5V2a.5.5 0 0 1 .5-.5h2V0H2Zm2 10.5H2a.5.5 0 0 1-.5-.5V8H0v2a2 2 0 0 0 2 2h2v-1.5ZM8 12v-1.5h2a.5.5 0 0 0 .5-.5V8H12v2a2 2 0 0 1-2 2H8Zm2-12a2 2 0 0 1 2 2v2h-1.5V2a.5.5 0 0 0-.5-.5H8V0h2Z\"><\/path>\n\t\t\t<\/svg>\n\t\t<\/button><\/figure>\n<\/div><\/swiper-slide><swiper-slide><div class=\"wp-block-group has-global-padding is-layout-constrained wp-container-core-group-is-layout-7db9d80f wp-block-group-is-layout-constrained\" style=\"padding-right:0;padding-left:0\">\n<figure data-wp-context='{\"imageId\":\"69f1882462ef1\"}' data-wp-interactive=\"core\/image\" data-wp-key=\"69f1882462ef1\" class=\"wp-block-image size-large is-resized wp-lightbox-container\"><img decoding=\"async\" data-wp-class--hide=\"state.isContentHidden\" data-wp-class--show=\"state.isContentVisible\" data-wp-init=\"callbacks.setButtonStyles\" data-wp-on--click=\"actions.showLightbox\" data-wp-on--load=\"callbacks.setButtonStyles\" data-wp-on-window--resize=\"callbacks.setButtonStyles\" src=\"https:\/\/arkenhotel.com\/wp-content\/uploads\/sites\/5\/2025\/04\/oceanen-fest-konferens-arken-hotell-goteborg-0064-900x600.jpg\" alt=\"event in oceanen\" class=\"wp-image-27663\" style=\"aspect-ratio:1;width:815px;height:auto\"><button class=\"lightbox-trigger\" type=\"button\" aria-haspopup=\"dialog\" aria-label=\"Enlarge\" data-wp-init=\"callbacks.initTriggerButton\" data-wp-on--click=\"actions.showLightbox\" data-wp-style--right=\"state.imageButtonRight\" data-wp-style--top=\"state.imageButtonTop\">\n\t\t\t<svg xmlns=\"http:\/\/www.w3.org\/2000\/svg\" width=\"12\" height=\"12\" fill=\"none\" viewbox=\"0 0 12 12\">\n\t\t\t\t<path fill=\"#fff\" d=\"M2 0a2 2 0 0 0-2 2v2h1.5V2a.5.5 0 0 1 .5-.5h2V0H2Zm2 10.5H2a.5.5 0 0 1-.5-.5V8H0v2a2 2 0 0 0 2 2h2v-1.5ZM8 12v-1.5h2a.5.5 0 0 0 .5-.5V8H12v2a2 2 0 0 1-2 2H8Zm2-12a2 2 0 0 1 2 2v2h-1.5V2a.5.5 0 0 0-.5-.5H8V0h2Z\"><\/path>\n\t\t\t<\/svg>\n\t\t<\/button><\/figure>\n<\/div><\/swiper-slide><swiper-slide><div class=\"wp-block-group has-global-padding is-layout-constrained wp-container-core-group-is-layout-7db9d80f wp-block-group-is-layout-constrained\" style=\"padding-right:0;padding-left:0\">\n<figure data-wp-context='{\"imageId\":\"69f1882463484\"}' data-wp-interactive=\"core\/image\" data-wp-key=\"69f1882463484\" class=\"wp-block-image size-large wp-lightbox-container\"><img loading=\"lazy\" decoding=\"async\" width=\"900\" height=\"601\" data-wp-class--hide=\"state.isContentHidden\" data-wp-class--show=\"state.isContentVisible\" data-wp-init=\"callbacks.setButtonStyles\" data-wp-on--click=\"actions.showLightbox\" data-wp-on--load=\"callbacks.setButtonStyles\" data-wp-on-window--resize=\"callbacks.setButtonStyles\" src=\"https:\/\/arkenhotel.com\/wp-content\/uploads\/sites\/5\/2025\/10\/oceanen-event-arken-hotell-gbg-2890-900x601.jpg\" alt=\"festive diving in Oceanen\" class=\"wp-image-27366\" style=\"aspect-ratio:3\/2;object-fit:cover\" srcset=\"https:\/\/arkenhotel.com\/wp-content\/uploads\/sites\/5\/2025\/10\/oceanen-event-arken-hotell-gbg-2890-900x601.jpg 900w, https:\/\/arkenhotel.com\/wp-content\/uploads\/sites\/5\/2025\/10\/oceanen-event-arken-hotell-gbg-2890-600x400.jpg 600w, https:\/\/arkenhotel.com\/wp-content\/uploads\/sites\/5\/2025\/10\/oceanen-event-arken-hotell-gbg-2890-768x513.jpg 768w, https:\/\/arkenhotel.com\/wp-content\/uploads\/sites\/5\/2025\/10\/oceanen-event-arken-hotell-gbg-2890-1536x1025.jpg 1536w, https:\/\/arkenhotel.com\/wp-content\/uploads\/sites\/5\/2025\/10\/oceanen-event-arken-hotell-gbg-2890-400x267.jpg 400w, https:\/\/arkenhotel.com\/wp-content\/uploads\/sites\/5\/2025\/10\/oceanen-event-arken-hotell-gbg-2890-700x467.jpg 700w, https:\/\/arkenhotel.com\/wp-content\/uploads\/sites\/5\/2025\/10\/oceanen-event-arken-hotell-gbg-2890-800x534.jpg 800w, https:\/\/arkenhotel.com\/wp-content\/uploads\/sites\/5\/2025\/10\/oceanen-event-arken-hotell-gbg-2890-1000x667.jpg 1000w, https:\/\/arkenhotel.com\/wp-content\/uploads\/sites\/5\/2025\/10\/oceanen-event-arken-hotell-gbg-2890-1100x734.jpg 1100w, https:\/\/arkenhotel.com\/wp-content\/uploads\/sites\/5\/2025\/10\/oceanen-event-arken-hotell-gbg-2890-1280x854.jpg 1280w, https:\/\/arkenhotel.com\/wp-content\/uploads\/sites\/5\/2025\/10\/oceanen-event-arken-hotell-gbg-2890.jpg 1618w\" sizes=\"auto, (max-width: 900px) 100vw, 900px\" \/><button class=\"lightbox-trigger\" type=\"button\" aria-haspopup=\"dialog\" aria-label=\"Enlarge\" data-wp-init=\"callbacks.initTriggerButton\" data-wp-on--click=\"actions.showLightbox\" data-wp-style--right=\"state.imageButtonRight\" data-wp-style--top=\"state.imageButtonTop\">\n\t\t\t<svg xmlns=\"http:\/\/www.w3.org\/2000\/svg\" width=\"12\" height=\"12\" fill=\"none\" viewbox=\"0 0 12 12\">\n\t\t\t\t<path fill=\"#fff\" d=\"M2 0a2 2 0 0 0-2 2v2h1.5V2a.5.5 0 0 1 .5-.5h2V0H2Zm2 10.5H2a.5.5 0 0 1-.5-.5V8H0v2a2 2 0 0 0 2 2h2v-1.5ZM8 12v-1.5h2a.5.5 0 0 0 .5-.5V8H12v2a2 2 0 0 1-2 2H8Zm2-12a2 2 0 0 1 2 2v2h-1.5V2a.5.5 0 0 0-.5-.5H8V0h2Z\"><\/path>\n\t\t\t<\/svg>\n\t\t<\/button><\/figure>\n<\/div><\/swiper-slide><swiper-slide><div class=\"wp-block-group has-global-padding is-layout-constrained wp-container-core-group-is-layout-7db9d80f wp-block-group-is-layout-constrained\" style=\"padding-right:0;padding-left:0\">\n<figure data-wp-context='{\"imageId\":\"69f18824639ae\"}' data-wp-interactive=\"core\/image\" data-wp-key=\"69f18824639ae\" class=\"wp-block-image size-large wp-lightbox-container\"><img loading=\"lazy\" decoding=\"async\" width=\"900\" height=\"601\" data-wp-class--hide=\"state.isContentHidden\" data-wp-class--show=\"state.isContentVisible\" data-wp-init=\"callbacks.setButtonStyles\" data-wp-on--click=\"actions.showLightbox\" data-wp-on--load=\"callbacks.setButtonStyles\" data-wp-on-window--resize=\"callbacks.setButtonStyles\" src=\"https:\/\/arkenhotel.com\/wp-content\/uploads\/sites\/5\/2025\/04\/oceanen-event-arken-hotell-gbg-2881-900x601.jpg\" alt=\"party with bands in oceanen\" class=\"wp-image-28019\" srcset=\"https:\/\/arkenhotel.com\/wp-content\/uploads\/sites\/5\/2025\/04\/oceanen-event-arken-hotell-gbg-2881-900x601.jpg 900w, https:\/\/arkenhotel.com\/wp-content\/uploads\/sites\/5\/2025\/04\/oceanen-event-arken-hotell-gbg-2881-600x400.jpg 600w, https:\/\/arkenhotel.com\/wp-content\/uploads\/sites\/5\/2025\/04\/oceanen-event-arken-hotell-gbg-2881-768x513.jpg 768w, https:\/\/arkenhotel.com\/wp-content\/uploads\/sites\/5\/2025\/04\/oceanen-event-arken-hotell-gbg-2881-1536x1025.jpg 1536w, https:\/\/arkenhotel.com\/wp-content\/uploads\/sites\/5\/2025\/04\/oceanen-event-arken-hotell-gbg-2881-400x267.jpg 400w, https:\/\/arkenhotel.com\/wp-content\/uploads\/sites\/5\/2025\/04\/oceanen-event-arken-hotell-gbg-2881-700x467.jpg 700w, https:\/\/arkenhotel.com\/wp-content\/uploads\/sites\/5\/2025\/04\/oceanen-event-arken-hotell-gbg-2881-800x534.jpg 800w, https:\/\/arkenhotel.com\/wp-content\/uploads\/sites\/5\/2025\/04\/oceanen-event-arken-hotell-gbg-2881-1000x667.jpg 1000w, https:\/\/arkenhotel.com\/wp-content\/uploads\/sites\/5\/2025\/04\/oceanen-event-arken-hotell-gbg-2881-1100x734.jpg 1100w, https:\/\/arkenhotel.com\/wp-content\/uploads\/sites\/5\/2025\/04\/oceanen-event-arken-hotell-gbg-2881-1280x854.jpg 1280w, https:\/\/arkenhotel.com\/wp-content\/uploads\/sites\/5\/2025\/04\/oceanen-event-arken-hotell-gbg-2881.jpg 1618w\" sizes=\"auto, (max-width: 900px) 100vw, 900px\" \/><button class=\"lightbox-trigger\" type=\"button\" aria-haspopup=\"dialog\" aria-label=\"Enlarge\" data-wp-init=\"callbacks.initTriggerButton\" data-wp-on--click=\"actions.showLightbox\" data-wp-style--right=\"state.imageButtonRight\" data-wp-style--top=\"state.imageButtonTop\">\n\t\t\t<svg xmlns=\"http:\/\/www.w3.org\/2000\/svg\" width=\"12\" height=\"12\" fill=\"none\" viewbox=\"0 0 12 12\">\n\t\t\t\t<path fill=\"#fff\" d=\"M2 0a2 2 0 0 0-2 2v2h1.5V2a.5.5 0 0 1 .5-.5h2V0H2Zm2 10.5H2a.5.5 0 0 1-.5-.5V8H0v2a2 2 0 0 0 2 2h2v-1.5ZM8 12v-1.5h2a.5.5 0 0 0 .5-.5V8H12v2a2 2 0 0 1-2 2H8Zm2-12a2 2 0 0 1 2 2v2h-1.5V2a.5.5 0 0 0-.5-.5H8V0h2Z\"><\/path>\n\t\t\t<\/svg>\n\t\t<\/button><\/figure>\n<\/div><\/swiper-slide><swiper-slide><div class=\"wp-block-group has-global-padding is-layout-constrained wp-container-core-group-is-layout-7db9d80f wp-block-group-is-layout-constrained\" style=\"padding-right:0;padding-left:0\">\n<figure data-wp-context='{\"imageId\":\"69f1882463efa\"}' data-wp-interactive=\"core\/image\" data-wp-key=\"69f1882463efa\" class=\"wp-block-image size-large wp-lightbox-container\"><img loading=\"lazy\" decoding=\"async\" width=\"900\" height=\"601\" data-wp-class--hide=\"state.isContentHidden\" data-wp-class--show=\"state.isContentVisible\" data-wp-init=\"callbacks.setButtonStyles\" data-wp-on--click=\"actions.showLightbox\" data-wp-on--load=\"callbacks.setButtonStyles\" data-wp-on-window--resize=\"callbacks.setButtonStyles\" src=\"https:\/\/arkenhotel.com\/wp-content\/uploads\/sites\/5\/2025\/04\/oceanen-event-arken-hotell-gbg-2843-900x601.jpg\" alt=\"party diving in oceanen\" class=\"wp-image-28020\" srcset=\"https:\/\/arkenhotel.com\/wp-content\/uploads\/sites\/5\/2025\/04\/oceanen-event-arken-hotell-gbg-2843-900x601.jpg 900w, https:\/\/arkenhotel.com\/wp-content\/uploads\/sites\/5\/2025\/04\/oceanen-event-arken-hotell-gbg-2843-600x400.jpg 600w, https:\/\/arkenhotel.com\/wp-content\/uploads\/sites\/5\/2025\/04\/oceanen-event-arken-hotell-gbg-2843-768x513.jpg 768w, https:\/\/arkenhotel.com\/wp-content\/uploads\/sites\/5\/2025\/04\/oceanen-event-arken-hotell-gbg-2843-1536x1025.jpg 1536w, https:\/\/arkenhotel.com\/wp-content\/uploads\/sites\/5\/2025\/04\/oceanen-event-arken-hotell-gbg-2843-400x267.jpg 400w, https:\/\/arkenhotel.com\/wp-content\/uploads\/sites\/5\/2025\/04\/oceanen-event-arken-hotell-gbg-2843-700x467.jpg 700w, https:\/\/arkenhotel.com\/wp-content\/uploads\/sites\/5\/2025\/04\/oceanen-event-arken-hotell-gbg-2843-800x534.jpg 800w, https:\/\/arkenhotel.com\/wp-content\/uploads\/sites\/5\/2025\/04\/oceanen-event-arken-hotell-gbg-2843-1000x667.jpg 1000w, https:\/\/arkenhotel.com\/wp-content\/uploads\/sites\/5\/2025\/04\/oceanen-event-arken-hotell-gbg-2843-1100x734.jpg 1100w, https:\/\/arkenhotel.com\/wp-content\/uploads\/sites\/5\/2025\/04\/oceanen-event-arken-hotell-gbg-2843-1280x854.jpg 1280w, https:\/\/arkenhotel.com\/wp-content\/uploads\/sites\/5\/2025\/04\/oceanen-event-arken-hotell-gbg-2843.jpg 1618w\" sizes=\"auto, (max-width: 900px) 100vw, 900px\" \/><button class=\"lightbox-trigger\" type=\"button\" aria-haspopup=\"dialog\" aria-label=\"Enlarge\" data-wp-init=\"callbacks.initTriggerButton\" data-wp-on--click=\"actions.showLightbox\" data-wp-style--right=\"state.imageButtonRight\" data-wp-style--top=\"state.imageButtonTop\">\n\t\t\t<svg xmlns=\"http:\/\/www.w3.org\/2000\/svg\" width=\"12\" height=\"12\" fill=\"none\" viewbox=\"0 0 12 12\">\n\t\t\t\t<path fill=\"#fff\" d=\"M2 0a2 2 0 0 0-2 2v2h1.5V2a.5.5 0 0 1 .5-.5h2V0H2Zm2 10.5H2a.5.5 0 0 1-.5-.5V8H0v2a2 2 0 0 0 2 2h2v-1.5ZM8 12v-1.5h2a.5.5 0 0 0 .5-.5V8H12v2a2 2 0 0 1-2 2H8Zm2-12a2 2 0 0 1 2 2v2h-1.5V2a.5.5 0 0 0-.5-.5H8V0h2Z\"><\/path>\n\t\t\t<\/svg>\n\t\t<\/button><\/figure>\n<\/div><\/swiper-slide><swiper-slide><div class=\"wp-block-group has-global-padding is-layout-constrained wp-container-core-group-is-layout-7db9d80f wp-block-group-is-layout-constrained\" style=\"padding-right:0;padding-left:0\">\n<figure class=\"wp-block-image size-large\"><img loading=\"lazy\" decoding=\"async\" width=\"900\" height=\"601\" src=\"https:\/\/arkenhotel.com\/wp-content\/uploads\/sites\/5\/2025\/04\/oceanen-event-arken-hotell-gbg-2832-900x601.jpg\" alt=\"party diving in oceanen\" class=\"wp-image-28021\" srcset=\"https:\/\/arkenhotel.com\/wp-content\/uploads\/sites\/5\/2025\/04\/oceanen-event-arken-hotell-gbg-2832-900x601.jpg 900w, https:\/\/arkenhotel.com\/wp-content\/uploads\/sites\/5\/2025\/04\/oceanen-event-arken-hotell-gbg-2832-600x400.jpg 600w, https:\/\/arkenhotel.com\/wp-content\/uploads\/sites\/5\/2025\/04\/oceanen-event-arken-hotell-gbg-2832-768x513.jpg 768w, https:\/\/arkenhotel.com\/wp-content\/uploads\/sites\/5\/2025\/04\/oceanen-event-arken-hotell-gbg-2832-1536x1025.jpg 1536w, https:\/\/arkenhotel.com\/wp-content\/uploads\/sites\/5\/2025\/04\/oceanen-event-arken-hotell-gbg-2832-400x267.jpg 400w, https:\/\/arkenhotel.com\/wp-content\/uploads\/sites\/5\/2025\/04\/oceanen-event-arken-hotell-gbg-2832-700x467.jpg 700w, https:\/\/arkenhotel.com\/wp-content\/uploads\/sites\/5\/2025\/04\/oceanen-event-arken-hotell-gbg-2832-800x534.jpg 800w, https:\/\/arkenhotel.com\/wp-content\/uploads\/sites\/5\/2025\/04\/oceanen-event-arken-hotell-gbg-2832-1000x667.jpg 1000w, https:\/\/arkenhotel.com\/wp-content\/uploads\/sites\/5\/2025\/04\/oceanen-event-arken-hotell-gbg-2832-1100x734.jpg 1100w, https:\/\/arkenhotel.com\/wp-content\/uploads\/sites\/5\/2025\/04\/oceanen-event-arken-hotell-gbg-2832-1280x854.jpg 1280w, https:\/\/arkenhotel.com\/wp-content\/uploads\/sites\/5\/2025\/04\/oceanen-event-arken-hotell-gbg-2832.jpg 1618w\" sizes=\"auto, (max-width: 900px) 100vw, 900px\" \/><\/figure>\n<\/div><\/swiper-slide><swiper-slide><div class=\"wp-block-group has-global-padding is-layout-constrained wp-container-core-group-is-layout-7db9d80f wp-block-group-is-layout-constrained\" style=\"padding-right:0;padding-left:0\">\n<figure data-wp-context='{\"imageId\":\"69f1882464621\"}' data-wp-interactive=\"core\/image\" data-wp-key=\"69f1882464621\" class=\"wp-block-image size-large wp-lightbox-container\"><img loading=\"lazy\" decoding=\"async\" width=\"900\" height=\"600\" data-wp-class--hide=\"state.isContentHidden\" data-wp-class--show=\"state.isContentVisible\" data-wp-init=\"callbacks.setButtonStyles\" data-wp-on--click=\"actions.showLightbox\" data-wp-on--load=\"callbacks.setButtonStyles\" data-wp-on-window--resize=\"callbacks.setButtonStyles\" src=\"https:\/\/arkenhotel.com\/wp-content\/uploads\/sites\/5\/2025\/04\/massa-oceanen-nores-konferens-arken-hotell-0747-900x600.jpg\" alt=\"exhibition stands in oceanen\" class=\"wp-image-28032\" style=\"aspect-ratio:3\/2;object-fit:cover\" srcset=\"https:\/\/arkenhotel.com\/wp-content\/uploads\/sites\/5\/2025\/04\/massa-oceanen-nores-konferens-arken-hotell-0747-900x600.jpg 900w, https:\/\/arkenhotel.com\/wp-content\/uploads\/sites\/5\/2025\/04\/massa-oceanen-nores-konferens-arken-hotell-0747-600x400.jpg 600w, https:\/\/arkenhotel.com\/wp-content\/uploads\/sites\/5\/2025\/04\/massa-oceanen-nores-konferens-arken-hotell-0747-768x512.jpg 768w, https:\/\/arkenhotel.com\/wp-content\/uploads\/sites\/5\/2025\/04\/massa-oceanen-nores-konferens-arken-hotell-0747-1536x1024.jpg 1536w, https:\/\/arkenhotel.com\/wp-content\/uploads\/sites\/5\/2025\/04\/massa-oceanen-nores-konferens-arken-hotell-0747-2048x1365.jpg 2048w, https:\/\/arkenhotel.com\/wp-content\/uploads\/sites\/5\/2025\/04\/massa-oceanen-nores-konferens-arken-hotell-0747-400x267.jpg 400w, https:\/\/arkenhotel.com\/wp-content\/uploads\/sites\/5\/2025\/04\/massa-oceanen-nores-konferens-arken-hotell-0747-700x467.jpg 700w, https:\/\/arkenhotel.com\/wp-content\/uploads\/sites\/5\/2025\/04\/massa-oceanen-nores-konferens-arken-hotell-0747-800x533.jpg 800w, https:\/\/arkenhotel.com\/wp-content\/uploads\/sites\/5\/2025\/04\/massa-oceanen-nores-konferens-arken-hotell-0747-1000x667.jpg 1000w, https:\/\/arkenhotel.com\/wp-content\/uploads\/sites\/5\/2025\/04\/massa-oceanen-nores-konferens-arken-hotell-0747-1100x733.jpg 1100w, https:\/\/arkenhotel.com\/wp-content\/uploads\/sites\/5\/2025\/04\/massa-oceanen-nores-konferens-arken-hotell-0747-1280x853.jpg 1280w, https:\/\/arkenhotel.com\/wp-content\/uploads\/sites\/5\/2025\/04\/massa-oceanen-nores-konferens-arken-hotell-0747-1920x1280.jpg 1920w\" sizes=\"auto, (max-width: 900px) 100vw, 900px\" \/><button class=\"lightbox-trigger\" type=\"button\" aria-haspopup=\"dialog\" aria-label=\"Enlarge\" data-wp-init=\"callbacks.initTriggerButton\" data-wp-on--click=\"actions.showLightbox\" data-wp-style--right=\"state.imageButtonRight\" data-wp-style--top=\"state.imageButtonTop\">\n\t\t\t<svg xmlns=\"http:\/\/www.w3.org\/2000\/svg\" width=\"12\" height=\"12\" fill=\"none\" viewbox=\"0 0 12 12\">\n\t\t\t\t<path fill=\"#fff\" d=\"M2 0a2 2 0 0 0-2 2v2h1.5V2a.5.5 0 0 1 .5-.5h2V0H2Zm2 10.5H2a.5.5 0 0 1-.5-.5V8H0v2a2 2 0 0 0 2 2h2v-1.5ZM8 12v-1.5h2a.5.5 0 0 0 .5-.5V8H12v2a2 2 0 0 1-2 2H8Zm2-12a2 2 0 0 1 2 2v2h-1.5V2a.5.5 0 0 0-.5-.5H8V0h2Z\"><\/path>\n\t\t\t<\/svg>\n\t\t<\/button><\/figure>\n<\/div><\/swiper-slide><swiper-slide><div class=\"wp-block-group has-global-padding is-layout-constrained wp-container-core-group-is-layout-7db9d80f wp-block-group-is-layout-constrained\" style=\"padding-right:0;padding-left:0\">\n<figure data-wp-context='{\"imageId\":\"69f1882464b19\"}' data-wp-interactive=\"core\/image\" data-wp-key=\"69f1882464b19\" class=\"wp-block-image size-large wp-lightbox-container\"><img loading=\"lazy\" decoding=\"async\" width=\"900\" height=\"601\" data-wp-class--hide=\"state.isContentHidden\" data-wp-class--show=\"state.isContentVisible\" data-wp-init=\"callbacks.setButtonStyles\" data-wp-on--click=\"actions.showLightbox\" data-wp-on--load=\"callbacks.setButtonStyles\" data-wp-on-window--resize=\"callbacks.setButtonStyles\" src=\"https:\/\/arkenhotel.com\/wp-content\/uploads\/sites\/5\/2025\/04\/massa-julmarknad-konferens-arken-hotell-2982-900x601.jpg\" alt=\"Christmas market in the ocean\" class=\"wp-image-28033\" style=\"aspect-ratio:3\/2;object-fit:cover\" srcset=\"https:\/\/arkenhotel.com\/wp-content\/uploads\/sites\/5\/2025\/04\/massa-julmarknad-konferens-arken-hotell-2982-900x601.jpg 900w, https:\/\/arkenhotel.com\/wp-content\/uploads\/sites\/5\/2025\/04\/massa-julmarknad-konferens-arken-hotell-2982-600x400.jpg 600w, https:\/\/arkenhotel.com\/wp-content\/uploads\/sites\/5\/2025\/04\/massa-julmarknad-konferens-arken-hotell-2982-768x513.jpg 768w, https:\/\/arkenhotel.com\/wp-content\/uploads\/sites\/5\/2025\/04\/massa-julmarknad-konferens-arken-hotell-2982-1536x1025.jpg 1536w, https:\/\/arkenhotel.com\/wp-content\/uploads\/sites\/5\/2025\/04\/massa-julmarknad-konferens-arken-hotell-2982-400x267.jpg 400w, https:\/\/arkenhotel.com\/wp-content\/uploads\/sites\/5\/2025\/04\/massa-julmarknad-konferens-arken-hotell-2982-700x467.jpg 700w, https:\/\/arkenhotel.com\/wp-content\/uploads\/sites\/5\/2025\/04\/massa-julmarknad-konferens-arken-hotell-2982-800x534.jpg 800w, https:\/\/arkenhotel.com\/wp-content\/uploads\/sites\/5\/2025\/04\/massa-julmarknad-konferens-arken-hotell-2982-1000x667.jpg 1000w, https:\/\/arkenhotel.com\/wp-content\/uploads\/sites\/5\/2025\/04\/massa-julmarknad-konferens-arken-hotell-2982-1100x734.jpg 1100w, https:\/\/arkenhotel.com\/wp-content\/uploads\/sites\/5\/2025\/04\/massa-julmarknad-konferens-arken-hotell-2982-1280x854.jpg 1280w, https:\/\/arkenhotel.com\/wp-content\/uploads\/sites\/5\/2025\/04\/massa-julmarknad-konferens-arken-hotell-2982.jpg 1618w\" sizes=\"auto, (max-width: 900px) 100vw, 900px\" \/><button class=\"lightbox-trigger\" type=\"button\" aria-haspopup=\"dialog\" aria-label=\"Enlarge\" data-wp-init=\"callbacks.initTriggerButton\" data-wp-on--click=\"actions.showLightbox\" data-wp-style--right=\"state.imageButtonRight\" data-wp-style--top=\"state.imageButtonTop\">\n\t\t\t<svg xmlns=\"http:\/\/www.w3.org\/2000\/svg\" width=\"12\" height=\"12\" fill=\"none\" viewbox=\"0 0 12 12\">\n\t\t\t\t<path fill=\"#fff\" d=\"M2 0a2 2 0 0 0-2 2v2h1.5V2a.5.5 0 0 1 .5-.5h2V0H2Zm2 10.5H2a.5.5 0 0 1-.5-.5V8H0v2a2 2 0 0 0 2 2h2v-1.5ZM8 12v-1.5h2a.5.5 0 0 0 .5-.5V8H12v2a2 2 0 0 1-2 2H8Zm2-12a2 2 0 0 1 2 2v2h-1.5V2a.5.5 0 0 0-.5-.5H8V0h2Z\"><\/path>\n\t\t\t<\/svg>\n\t\t<\/button><\/figure>\n<\/div><\/swiper-slide><swiper-slide><div class=\"wp-block-group has-global-padding is-layout-constrained wp-container-core-group-is-layout-7db9d80f wp-block-group-is-layout-constrained\" style=\"padding-right:0;padding-left:0\">\n<figure data-wp-context='{\"imageId\":\"69f1882464fd6\"}' data-wp-interactive=\"core\/image\" data-wp-key=\"69f1882464fd6\" class=\"wp-block-image size-large wp-lightbox-container\"><img loading=\"lazy\" decoding=\"async\" width=\"900\" height=\"599\" data-wp-class--hide=\"state.isContentHidden\" data-wp-class--show=\"state.isContentVisible\" data-wp-init=\"callbacks.setButtonStyles\" data-wp-on--click=\"actions.showLightbox\" data-wp-on--load=\"callbacks.setButtonStyles\" data-wp-on-window--resize=\"callbacks.setButtonStyles\" src=\"https:\/\/arkenhotel.com\/wp-content\/uploads\/sites\/5\/2025\/04\/20_oceanen-konferens-lokal-arken-1-900x599.jpg\" alt=\"buttons for technology in the ocean\" class=\"wp-image-25853\" style=\"aspect-ratio:3\/2;object-fit:cover\" srcset=\"https:\/\/arkenhotel.com\/wp-content\/uploads\/sites\/5\/2025\/04\/20_oceanen-konferens-lokal-arken-1-900x599.jpg 900w, https:\/\/arkenhotel.com\/wp-content\/uploads\/sites\/5\/2025\/04\/20_oceanen-konferens-lokal-arken-1-400x266.jpg 400w, https:\/\/arkenhotel.com\/wp-content\/uploads\/sites\/5\/2025\/04\/20_oceanen-konferens-lokal-arken-1-600x399.jpg 600w, https:\/\/arkenhotel.com\/wp-content\/uploads\/sites\/5\/2025\/04\/20_oceanen-konferens-lokal-arken-1-700x466.jpg 700w, https:\/\/arkenhotel.com\/wp-content\/uploads\/sites\/5\/2025\/04\/20_oceanen-konferens-lokal-arken-1-800x532.jpg 800w, https:\/\/arkenhotel.com\/wp-content\/uploads\/sites\/5\/2025\/04\/20_oceanen-konferens-lokal-arken-1-1000x665.jpg 1000w, https:\/\/arkenhotel.com\/wp-content\/uploads\/sites\/5\/2025\/04\/20_oceanen-konferens-lokal-arken-1-1100x732.jpg 1100w, https:\/\/arkenhotel.com\/wp-content\/uploads\/sites\/5\/2025\/04\/20_oceanen-konferens-lokal-arken-1-768x511.jpg 768w, https:\/\/arkenhotel.com\/wp-content\/uploads\/sites\/5\/2025\/04\/20_oceanen-konferens-lokal-arken-1.jpg 1200w\" sizes=\"auto, (max-width: 900px) 100vw, 900px\" \/><button class=\"lightbox-trigger\" type=\"button\" aria-haspopup=\"dialog\" aria-label=\"Enlarge\" data-wp-init=\"callbacks.initTriggerButton\" data-wp-on--click=\"actions.showLightbox\" data-wp-style--right=\"state.imageButtonRight\" data-wp-style--top=\"state.imageButtonTop\">\n\t\t\t<svg xmlns=\"http:\/\/www.w3.org\/2000\/svg\" width=\"12\" height=\"12\" fill=\"none\" viewbox=\"0 0 12 12\">\n\t\t\t\t<path fill=\"#fff\" d=\"M2 0a2 2 0 0 0-2 2v2h1.5V2a.5.5 0 0 1 .5-.5h2V0H2Zm2 10.5H2a.5.5 0 0 1-.5-.5V8H0v2a2 2 0 0 0 2 2h2v-1.5ZM8 12v-1.5h2a.5.5 0 0 0 .5-.5V8H12v2a2 2 0 0 1-2 2H8Zm2-12a2 2 0 0 1 2 2v2h-1.5V2a.5.5 0 0 0-.5-.5H8V0h2Z\"><\/path>\n\t\t\t<\/svg>\n\t\t<\/button><\/figure>\n<\/div><\/swiper-slide><\/swiper-container><\/body><\/html>\n<\/div>\n<\/div>\n            <\/div>\n         <\/div>\n      <\/div>\n         <div class=\" post-card\" data-post-id=\"30908\" data-post-slug=\"aulan\">\n                     <div class=\"image-wrapper\">\n               <img decoding=\"async\" src=\"https:\/\/arkenhotel.com\/wp-content\/uploads\/sites\/5\/2025\/04\/21_aulan-konferens-lokal-arken-3872-900x600.jpg\" srcset=\"https:\/\/arkenhotel.com\/wp-content\/uploads\/sites\/5\/2025\/04\/21_aulan-konferens-lokal-arken-3872-900x600.jpg 900w, https:\/\/arkenhotel.com\/wp-content\/uploads\/sites\/5\/2025\/04\/21_aulan-konferens-lokal-arken-3872-400x267.jpg 400w, https:\/\/arkenhotel.com\/wp-content\/uploads\/sites\/5\/2025\/04\/21_aulan-konferens-lokal-arken-3872-600x400.jpg 600w, https:\/\/arkenhotel.com\/wp-content\/uploads\/sites\/5\/2025\/04\/21_aulan-konferens-lokal-arken-3872-700x467.jpg 700w, https:\/\/arkenhotel.com\/wp-content\/uploads\/sites\/5\/2025\/04\/21_aulan-konferens-lokal-arken-3872-800x533.jpg 800w, https:\/\/arkenhotel.com\/wp-content\/uploads\/sites\/5\/2025\/04\/21_aulan-konferens-lokal-arken-3872-1000x667.jpg 1000w, https:\/\/arkenhotel.com\/wp-content\/uploads\/sites\/5\/2025\/04\/21_aulan-konferens-lokal-arken-3872-1100x733.jpg 1100w, https:\/\/arkenhotel.com\/wp-content\/uploads\/sites\/5\/2025\/04\/21_aulan-konferens-lokal-arken-3872-1280x853.jpg 1280w, https:\/\/arkenhotel.com\/wp-content\/uploads\/sites\/5\/2025\/04\/21_aulan-konferens-lokal-arken-3872-1920x1280.jpg 1920w, https:\/\/arkenhotel.com\/wp-content\/uploads\/sites\/5\/2025\/04\/21_aulan-konferens-lokal-arken-3872-768x512.jpg 768w, https:\/\/arkenhotel.com\/wp-content\/uploads\/sites\/5\/2025\/04\/21_aulan-konferens-lokal-arken-3872-1536x1024.jpg 1536w, https:\/\/arkenhotel.com\/wp-content\/uploads\/sites\/5\/2025\/04\/21_aulan-konferens-lokal-arken-3872-2048x1365.jpg 2048w, https:\/\/arkenhotel.com\/wp-content\/uploads\/sites\/5\/2025\/04\/21_aulan-konferens-lokal-arken-3872-scaled.jpg 1620w\" alt=\"AULAN Auditorium\" class=\"\" \/>\n            <\/div>\n                  <div class=\"content-wrapper\">\n            <div class=\"post-title-capacity\">\n                                 <h3 class=\"wp-block-heading post-title\">AULAN Auditorium<\/h3>\n                                                <p class=\"post-capacity\">150 pers.<\/p>\n                           <\/div>\n                           <p class=\"post-subheading\">Aulan auditorium has a raised stage and sloping floor, which provides good contact with the audience. <\/p>\n                     <\/div>\n                     <div class=\"btn-wrapper\">\n               <button class=\"post-btn wp-block-button__link wp-element-button\">\n                  <div class=\"post-btn-closed\">\n                     Read more                     <svg width=\"10\" height=\"10\" viewBox=\"0 0 10 10\" fill=\"none\" xmlns=\"http:\/\/www.w3.org\/2000\/svg\">\n                        <path d=\"M10 2.66038L5 8L-4.8687e-07 2.66038L0.627207 2L5 6.66981L9.37279 2L10 2.66038Z\" fill=\"currentcolor\" \/>\n                     <\/svg>\n                  <\/div>\n                  <div class=\"post-btn-open\">\n                     Close                     <svg width=\"10\" height=\"10\" viewBox=\"0 0 10 10\" fill=\"none\" xmlns=\"http:\/\/www.w3.org\/2000\/svg\">\n                        <path d=\"M0.561192 10L0 9.43881L4.43881 5L0 0.561192L0.561192 0L5 4.43881L9.43881 0L10 0.561192L5.56119 5L10 9.43881L9.43881 10L5 5.56119L0.561192 10Z\" fill=\"currentcolor\" \/>\n                     <\/svg>\n                  <\/div>\n               <\/button>\n            <\/div>\n                  <div class=\"post-dropdown-content\" data-post-id=\"30908\">\n            <div class=\"post-dropdown-content-inner\">\n               \n<div class=\"wp-block-columns has-base-background-color has-background is-layout-flex wp-container-core-columns-is-layout-a864abb7 wp-block-columns-is-layout-flex\" style=\"padding-top:0;padding-right:0;padding-bottom:0;padding-left:0\">\n<div class=\"wp-block-column is-vertically-aligned-top has-small-font-size is-layout-flow wp-container-core-column-is-layout-6073293c wp-block-column-is-layout-flow\" style=\"flex-basis:500px\">\n<div class=\"wp-block-group is-content-justification-space-between is-nowrap is-layout-flex wp-container-core-group-is-layout-63c1e1a1 wp-block-group-is-layout-flex\">\n<h3 class=\"wp-block-heading\">Aulan Auditorium<\/h3>\n\n\n\n<p class=\"has-contrast-color has-text-color has-link-color has-medium-font-size wp-elements-54e768abc7179ae17555aad9514f49eb\">150 pers.<\/p>\n<\/div>\n\n\n\n<p>Aulan auditorium has a raised stage and a sloping floor that provides good contact with the audience. The room has a capacity of 150 seats in fixed theater seating. <\/p>\n\n\n\n<div class=\"wp-block-buttons is-layout-flex wp-block-buttons-is-layout-flex\">\n<div class=\"wp-block-button\" style=\"--hover-background-color:var(--wp--preset--color--contrast);--hover-text-color:var(--wp--preset--color--base);--hover-border-color:var(--wp--preset--color--contrast);--active-background-color:var(--wp--preset--color--color-3);--active-text-color:var(--wp--preset--color--base);--active-border-color:var(--wp--preset--color--color-3);--focus-background-color:var(--wp--preset--color--contrast);--focus-text-color:var(--wp--preset--color--base);--focus-border-color:var(--wp--preset--color--contrast);--disabled-background-color:var(--wp--preset--color--color-2);--disabled-text-color:var(--wp--preset--color--black);--disabled-border-color:var(--wp--preset--color--color-2)\"><a class=\"wp-block-button__link wp-element-button\" href=\"https:\/\/arkenhotel.com\/en\/meetings-events\/venues\/#kontakt\">SEND A BOOKING INQUIRY<\/a><\/div>\n<\/div>\n\n\n\n<div class=\"wp-block-group is-vertical is-layout-flex wp-container-core-group-is-layout-9f8fc9c8 wp-block-group-is-layout-flex\">\n<p style=\"font-style:normal;font-weight:500\">Equipment on the premises:<\/p>\n\n\n\n<ul class=\"wp-block-list is-style-checklist is-style-checklist--2\">\n<li>Projector<\/li>\n\n\n\n<li>Loudspeakers<\/li>\n\n\n\n<li>Whiteboards<\/li>\n\n\n\n<li>Flipchart<\/li>\n\n\n\n<li>Fixed and wireless broadband access<\/li>\n<\/ul>\n<\/div>\n\n\n\n<div class=\"wp-block-group is-vertical is-layout-flex wp-container-core-group-is-layout-9f8fc9c8 wp-block-group-is-layout-flex\">\n<p style=\"font-style:normal;font-weight:500\">Facts:<\/p>\n\n\n\n<p class=\"has-x-small-font-size\">Surface area: 168 sqm<\/p>\n\n\n\n<p class=\"has-x-small-font-size\">Maximum number: 150 pers.<\/p>\n<\/div>\n\n\n\n<div class=\"wp-block-group is-vertical is-layout-flex wp-container-core-group-is-layout-9f8fc9c8 wp-block-group-is-layout-flex\">\n<p style=\"font-style:normal;font-weight:500\">Seatings:<\/p>\n\n\n\n<p class=\"has-x-small-font-size\">Fixed cinema seating &#8211; 150 pers.<\/p>\n\n\n\n<p class=\"has-x-small-font-size\"><\/p>\n\n\n\n<p class=\"has-x-small-font-size\"><\/p>\n<\/div>\n<\/div>\n\n\n\n<div class=\"wp-block-column is-vertically-aligned-top is-layout-flow wp-block-column-is-layout-flow\" style=\"flex-basis:66.66%\"><div data-block-id=\"4e6a6933-c609-4c49-a87e-7b92feb82710\" class=\"wp-block-content-grid block-editor-block-list__block wp-block wp-block-tiburon-content-grid columns-l-1 columns-m-1 columns-s-1 layout-default slider-on-l slider-on-m slider-on-s column-gap-0\">\n   \n\n<div class=\"wp-block-group has-global-padding is-layout-constrained wp-container-core-group-is-layout-7db9d80f wp-block-group-is-layout-constrained\" style=\"padding-right:0;padding-left:0\">\n<figure class=\"wp-block-image size-large\"><img loading=\"lazy\" decoding=\"async\" width=\"900\" height=\"600\" src=\"https:\/\/arkenhotel.com\/wp-content\/uploads\/sites\/5\/2025\/04\/21_aulan-konferens-lokal-arken-3872-900x600.jpg\" alt=\"Aulan with fixed cinema seating for up to 150 people.\" class=\"wp-image-25858\" srcset=\"https:\/\/arkenhotel.com\/wp-content\/uploads\/sites\/5\/2025\/04\/21_aulan-konferens-lokal-arken-3872-900x600.jpg 900w, https:\/\/arkenhotel.com\/wp-content\/uploads\/sites\/5\/2025\/04\/21_aulan-konferens-lokal-arken-3872-400x267.jpg 400w, https:\/\/arkenhotel.com\/wp-content\/uploads\/sites\/5\/2025\/04\/21_aulan-konferens-lokal-arken-3872-600x400.jpg 600w, https:\/\/arkenhotel.com\/wp-content\/uploads\/sites\/5\/2025\/04\/21_aulan-konferens-lokal-arken-3872-700x467.jpg 700w, https:\/\/arkenhotel.com\/wp-content\/uploads\/sites\/5\/2025\/04\/21_aulan-konferens-lokal-arken-3872-800x533.jpg 800w, https:\/\/arkenhotel.com\/wp-content\/uploads\/sites\/5\/2025\/04\/21_aulan-konferens-lokal-arken-3872-1000x667.jpg 1000w, https:\/\/arkenhotel.com\/wp-content\/uploads\/sites\/5\/2025\/04\/21_aulan-konferens-lokal-arken-3872-1100x733.jpg 1100w, https:\/\/arkenhotel.com\/wp-content\/uploads\/sites\/5\/2025\/04\/21_aulan-konferens-lokal-arken-3872-1280x853.jpg 1280w, https:\/\/arkenhotel.com\/wp-content\/uploads\/sites\/5\/2025\/04\/21_aulan-konferens-lokal-arken-3872-1920x1280.jpg 1920w, https:\/\/arkenhotel.com\/wp-content\/uploads\/sites\/5\/2025\/04\/21_aulan-konferens-lokal-arken-3872-768x512.jpg 768w, https:\/\/arkenhotel.com\/wp-content\/uploads\/sites\/5\/2025\/04\/21_aulan-konferens-lokal-arken-3872-1536x1024.jpg 1536w, https:\/\/arkenhotel.com\/wp-content\/uploads\/sites\/5\/2025\/04\/21_aulan-konferens-lokal-arken-3872-2048x1365.jpg 2048w, https:\/\/arkenhotel.com\/wp-content\/uploads\/sites\/5\/2025\/04\/21_aulan-konferens-lokal-arken-3872-scaled.jpg 1620w\" sizes=\"auto, (max-width: 900px) 100vw, 900px\" \/><\/figure>\n<\/div>\n\n\n\n<div class=\"wp-block-group has-global-padding is-layout-constrained wp-container-core-group-is-layout-7db9d80f wp-block-group-is-layout-constrained\" style=\"padding-right:0;padding-left:0\">\n<figure class=\"wp-block-image size-large\"><img loading=\"lazy\" decoding=\"async\" width=\"900\" height=\"601\" src=\"https:\/\/arkenhotel.com\/wp-content\/uploads\/sites\/5\/2025\/04\/21_aulan-konferens-lokal-arken-hotell-spa-4470-900x601.jpg\" alt=\"Aulan with raised stage and seating for 150 people.\" class=\"wp-image-25859\" srcset=\"https:\/\/arkenhotel.com\/wp-content\/uploads\/sites\/5\/2025\/04\/21_aulan-konferens-lokal-arken-hotell-spa-4470-900x601.jpg 900w, https:\/\/arkenhotel.com\/wp-content\/uploads\/sites\/5\/2025\/04\/21_aulan-konferens-lokal-arken-hotell-spa-4470-400x267.jpg 400w, https:\/\/arkenhotel.com\/wp-content\/uploads\/sites\/5\/2025\/04\/21_aulan-konferens-lokal-arken-hotell-spa-4470-600x401.jpg 600w, https:\/\/arkenhotel.com\/wp-content\/uploads\/sites\/5\/2025\/04\/21_aulan-konferens-lokal-arken-hotell-spa-4470-700x467.jpg 700w, https:\/\/arkenhotel.com\/wp-content\/uploads\/sites\/5\/2025\/04\/21_aulan-konferens-lokal-arken-hotell-spa-4470-800x534.jpg 800w, https:\/\/arkenhotel.com\/wp-content\/uploads\/sites\/5\/2025\/04\/21_aulan-konferens-lokal-arken-hotell-spa-4470-1000x668.jpg 1000w, https:\/\/arkenhotel.com\/wp-content\/uploads\/sites\/5\/2025\/04\/21_aulan-konferens-lokal-arken-hotell-spa-4470-1100x734.jpg 1100w, https:\/\/arkenhotel.com\/wp-content\/uploads\/sites\/5\/2025\/04\/21_aulan-konferens-lokal-arken-hotell-spa-4470-1280x855.jpg 1280w, https:\/\/arkenhotel.com\/wp-content\/uploads\/sites\/5\/2025\/04\/21_aulan-konferens-lokal-arken-hotell-spa-4470-1920x1282.jpg 1920w, https:\/\/arkenhotel.com\/wp-content\/uploads\/sites\/5\/2025\/04\/21_aulan-konferens-lokal-arken-hotell-spa-4470-768x513.jpg 768w, https:\/\/arkenhotel.com\/wp-content\/uploads\/sites\/5\/2025\/04\/21_aulan-konferens-lokal-arken-hotell-spa-4470-1536x1026.jpg 1536w, https:\/\/arkenhotel.com\/wp-content\/uploads\/sites\/5\/2025\/04\/21_aulan-konferens-lokal-arken-hotell-spa-4470-2048x1367.jpg 2048w, https:\/\/arkenhotel.com\/wp-content\/uploads\/sites\/5\/2025\/04\/21_aulan-konferens-lokal-arken-hotell-spa-4470-scaled.jpg 1617w\" sizes=\"auto, (max-width: 900px) 100vw, 900px\" \/><\/figure>\n<\/div>\n\n<\/div><!DOCTYPE html PUBLIC \"-\/\/W3C\/\/DTD HTML 4.0 Transitional\/\/EN\" \"http:\/\/www.w3.org\/TR\/REC-html40\/loose.dtd\">\n<html><body><swiper-container init=\"false\" data-slides-per-view-l=\"1\" data-slides-per-view-m=\"1\" data-slides-per-view-s=\"1\" data-show-next=\"\" data-width-auto=\"0\" data-columns-gap=\"0\" data-show-navigation=\"1\" pagination-type=\"fraction\" data-pagination-version=\"first\" data-nav-bg-color=\"var(--wp--preset--color--contrast)\" data-nav-arrow-color=\"var(--wp--preset--color--base)\" class=\"wp-block-content-grid-slider slider-l slider-m slider-s\"><swiper-slide><div class=\"wp-block-group has-global-padding is-layout-constrained wp-container-core-group-is-layout-7db9d80f wp-block-group-is-layout-constrained\" style=\"padding-right:0;padding-left:0\">\n<figure class=\"wp-block-image size-large\"><img loading=\"lazy\" decoding=\"async\" width=\"900\" height=\"600\" src=\"https:\/\/arkenhotel.com\/wp-content\/uploads\/sites\/5\/2025\/04\/21_aulan-konferens-lokal-arken-3872-900x600.jpg\" alt=\"Aulan with fixed cinema seating for up to 150 people.\" class=\"wp-image-25858\" srcset=\"https:\/\/arkenhotel.com\/wp-content\/uploads\/sites\/5\/2025\/04\/21_aulan-konferens-lokal-arken-3872-900x600.jpg 900w, https:\/\/arkenhotel.com\/wp-content\/uploads\/sites\/5\/2025\/04\/21_aulan-konferens-lokal-arken-3872-400x267.jpg 400w, https:\/\/arkenhotel.com\/wp-content\/uploads\/sites\/5\/2025\/04\/21_aulan-konferens-lokal-arken-3872-600x400.jpg 600w, https:\/\/arkenhotel.com\/wp-content\/uploads\/sites\/5\/2025\/04\/21_aulan-konferens-lokal-arken-3872-700x467.jpg 700w, https:\/\/arkenhotel.com\/wp-content\/uploads\/sites\/5\/2025\/04\/21_aulan-konferens-lokal-arken-3872-800x533.jpg 800w, https:\/\/arkenhotel.com\/wp-content\/uploads\/sites\/5\/2025\/04\/21_aulan-konferens-lokal-arken-3872-1000x667.jpg 1000w, https:\/\/arkenhotel.com\/wp-content\/uploads\/sites\/5\/2025\/04\/21_aulan-konferens-lokal-arken-3872-1100x733.jpg 1100w, https:\/\/arkenhotel.com\/wp-content\/uploads\/sites\/5\/2025\/04\/21_aulan-konferens-lokal-arken-3872-1280x853.jpg 1280w, https:\/\/arkenhotel.com\/wp-content\/uploads\/sites\/5\/2025\/04\/21_aulan-konferens-lokal-arken-3872-1920x1280.jpg 1920w, https:\/\/arkenhotel.com\/wp-content\/uploads\/sites\/5\/2025\/04\/21_aulan-konferens-lokal-arken-3872-768x512.jpg 768w, https:\/\/arkenhotel.com\/wp-content\/uploads\/sites\/5\/2025\/04\/21_aulan-konferens-lokal-arken-3872-1536x1024.jpg 1536w, https:\/\/arkenhotel.com\/wp-content\/uploads\/sites\/5\/2025\/04\/21_aulan-konferens-lokal-arken-3872-2048x1365.jpg 2048w, https:\/\/arkenhotel.com\/wp-content\/uploads\/sites\/5\/2025\/04\/21_aulan-konferens-lokal-arken-3872-scaled.jpg 1620w\" sizes=\"auto, (max-width: 900px) 100vw, 900px\" \/><\/figure>\n<\/div><\/swiper-slide><swiper-slide><div class=\"wp-block-group has-global-padding is-layout-constrained wp-container-core-group-is-layout-7db9d80f wp-block-group-is-layout-constrained\" style=\"padding-right:0;padding-left:0\">\n<figure class=\"wp-block-image size-large\"><img loading=\"lazy\" decoding=\"async\" width=\"900\" height=\"601\" src=\"https:\/\/arkenhotel.com\/wp-content\/uploads\/sites\/5\/2025\/04\/21_aulan-konferens-lokal-arken-hotell-spa-4470-900x601.jpg\" alt=\"Aulan with raised stage and seating for 150 people.\" class=\"wp-image-25859\" srcset=\"https:\/\/arkenhotel.com\/wp-content\/uploads\/sites\/5\/2025\/04\/21_aulan-konferens-lokal-arken-hotell-spa-4470-900x601.jpg 900w, https:\/\/arkenhotel.com\/wp-content\/uploads\/sites\/5\/2025\/04\/21_aulan-konferens-lokal-arken-hotell-spa-4470-400x267.jpg 400w, https:\/\/arkenhotel.com\/wp-content\/uploads\/sites\/5\/2025\/04\/21_aulan-konferens-lokal-arken-hotell-spa-4470-600x401.jpg 600w, https:\/\/arkenhotel.com\/wp-content\/uploads\/sites\/5\/2025\/04\/21_aulan-konferens-lokal-arken-hotell-spa-4470-700x467.jpg 700w, https:\/\/arkenhotel.com\/wp-content\/uploads\/sites\/5\/2025\/04\/21_aulan-konferens-lokal-arken-hotell-spa-4470-800x534.jpg 800w, https:\/\/arkenhotel.com\/wp-content\/uploads\/sites\/5\/2025\/04\/21_aulan-konferens-lokal-arken-hotell-spa-4470-1000x668.jpg 1000w, https:\/\/arkenhotel.com\/wp-content\/uploads\/sites\/5\/2025\/04\/21_aulan-konferens-lokal-arken-hotell-spa-4470-1100x734.jpg 1100w, https:\/\/arkenhotel.com\/wp-content\/uploads\/sites\/5\/2025\/04\/21_aulan-konferens-lokal-arken-hotell-spa-4470-1280x855.jpg 1280w, https:\/\/arkenhotel.com\/wp-content\/uploads\/sites\/5\/2025\/04\/21_aulan-konferens-lokal-arken-hotell-spa-4470-1920x1282.jpg 1920w, https:\/\/arkenhotel.com\/wp-content\/uploads\/sites\/5\/2025\/04\/21_aulan-konferens-lokal-arken-hotell-spa-4470-768x513.jpg 768w, https:\/\/arkenhotel.com\/wp-content\/uploads\/sites\/5\/2025\/04\/21_aulan-konferens-lokal-arken-hotell-spa-4470-1536x1026.jpg 1536w, https:\/\/arkenhotel.com\/wp-content\/uploads\/sites\/5\/2025\/04\/21_aulan-konferens-lokal-arken-hotell-spa-4470-2048x1367.jpg 2048w, https:\/\/arkenhotel.com\/wp-content\/uploads\/sites\/5\/2025\/04\/21_aulan-konferens-lokal-arken-hotell-spa-4470-scaled.jpg 1617w\" sizes=\"auto, (max-width: 900px) 100vw, 900px\" \/><\/figure>\n<\/div><\/swiper-slide><\/swiper-container><\/body><\/html>\n<\/div>\n<\/div>\n\n<p><\/p>\n            <\/div>\n         <\/div>\n      <\/div>\n         <div class=\" post-card\" data-post-id=\"30918\" data-post-slug=\"viken\">\n                     <div class=\"image-wrapper\">\n               <img decoding=\"async\" src=\"https:\/\/arkenhotel.com\/wp-content\/uploads\/sites\/5\/2025\/04\/28_viken-konferens-lokal-arken-3876-900x600.jpg\" srcset=\"https:\/\/arkenhotel.com\/wp-content\/uploads\/sites\/5\/2025\/04\/28_viken-konferens-lokal-arken-3876-900x600.jpg 900w, https:\/\/arkenhotel.com\/wp-content\/uploads\/sites\/5\/2025\/04\/28_viken-konferens-lokal-arken-3876-400x267.jpg 400w, https:\/\/arkenhotel.com\/wp-content\/uploads\/sites\/5\/2025\/04\/28_viken-konferens-lokal-arken-3876-600x400.jpg 600w, https:\/\/arkenhotel.com\/wp-content\/uploads\/sites\/5\/2025\/04\/28_viken-konferens-lokal-arken-3876-700x467.jpg 700w, https:\/\/arkenhotel.com\/wp-content\/uploads\/sites\/5\/2025\/04\/28_viken-konferens-lokal-arken-3876-800x533.jpg 800w, https:\/\/arkenhotel.com\/wp-content\/uploads\/sites\/5\/2025\/04\/28_viken-konferens-lokal-arken-3876-1000x667.jpg 1000w, https:\/\/arkenhotel.com\/wp-content\/uploads\/sites\/5\/2025\/04\/28_viken-konferens-lokal-arken-3876-1100x733.jpg 1100w, https:\/\/arkenhotel.com\/wp-content\/uploads\/sites\/5\/2025\/04\/28_viken-konferens-lokal-arken-3876-1280x853.jpg 1280w, https:\/\/arkenhotel.com\/wp-content\/uploads\/sites\/5\/2025\/04\/28_viken-konferens-lokal-arken-3876-1920x1280.jpg 1920w, https:\/\/arkenhotel.com\/wp-content\/uploads\/sites\/5\/2025\/04\/28_viken-konferens-lokal-arken-3876-768x512.jpg 768w, https:\/\/arkenhotel.com\/wp-content\/uploads\/sites\/5\/2025\/04\/28_viken-konferens-lokal-arken-3876-1536x1024.jpg 1536w, https:\/\/arkenhotel.com\/wp-content\/uploads\/sites\/5\/2025\/04\/28_viken-konferens-lokal-arken-3876-2048x1365.jpg 2048w, https:\/\/arkenhotel.com\/wp-content\/uploads\/sites\/5\/2025\/04\/28_viken-konferens-lokal-arken-3876-scaled.jpg 1620w\" alt=\"VIKEN\" class=\"\" \/>\n            <\/div>\n                  <div class=\"content-wrapper\">\n            <div class=\"post-title-capacity\">\n                                 <h3 class=\"wp-block-heading post-title\">VIKEN<\/h3>\n                                                <p class=\"post-capacity\">80 pers.<\/p>\n                           <\/div>\n                           <p class=\"post-subheading\">Viken has all the equipment you need for your conference. <\/p>\n                     <\/div>\n                     <div class=\"btn-wrapper\">\n               <button class=\"post-btn wp-block-button__link wp-element-button\">\n                  <div class=\"post-btn-closed\">\n                     Read more                     <svg width=\"10\" height=\"10\" viewBox=\"0 0 10 10\" fill=\"none\" xmlns=\"http:\/\/www.w3.org\/2000\/svg\">\n                        <path d=\"M10 2.66038L5 8L-4.8687e-07 2.66038L0.627207 2L5 6.66981L9.37279 2L10 2.66038Z\" fill=\"currentcolor\" \/>\n                     <\/svg>\n                  <\/div>\n                  <div class=\"post-btn-open\">\n                     Close                     <svg width=\"10\" height=\"10\" viewBox=\"0 0 10 10\" fill=\"none\" xmlns=\"http:\/\/www.w3.org\/2000\/svg\">\n                        <path d=\"M0.561192 10L0 9.43881L4.43881 5L0 0.561192L0.561192 0L5 4.43881L9.43881 0L10 0.561192L5.56119 5L10 9.43881L9.43881 10L5 5.56119L0.561192 10Z\" fill=\"currentcolor\" \/>\n                     <\/svg>\n                  <\/div>\n               <\/button>\n            <\/div>\n                  <div class=\"post-dropdown-content\" data-post-id=\"30918\">\n            <div class=\"post-dropdown-content-inner\">\n               \n<div class=\"wp-block-columns has-base-background-color has-background is-layout-flex wp-container-core-columns-is-layout-a864abb7 wp-block-columns-is-layout-flex\" style=\"padding-top:0;padding-right:0;padding-bottom:0;padding-left:0\">\n<div class=\"wp-block-column is-vertically-aligned-top has-small-font-size is-layout-flow wp-container-core-column-is-layout-6073293c wp-block-column-is-layout-flow\" style=\"flex-basis:500px\">\n<div class=\"wp-block-group is-content-justification-space-between is-nowrap is-layout-flex wp-container-core-group-is-layout-63c1e1a1 wp-block-group-is-layout-flex\">\n<h3 class=\"wp-block-heading\">VIKEN<\/h3>\n\n\n\n<p class=\"has-contrast-color has-text-color has-link-color has-medium-font-size wp-elements-c87fc7b4f9de67e2bb65e18f213c2e2a\">80 pers.<\/p>\n<\/div>\n\n\n\n<p>In Viken you will find all the equipment you need for your conference. The room is equipped for maximum comfort, with ergonomic chairs, generous writing boards and adjustable lighting. <\/p>\n\n\n\n<div class=\"wp-block-buttons is-layout-flex wp-block-buttons-is-layout-flex\">\n<div class=\"wp-block-button\" style=\"--hover-background-color:var(--wp--preset--color--contrast);--hover-text-color:var(--wp--preset--color--base);--hover-border-color:var(--wp--preset--color--contrast);--active-background-color:var(--wp--preset--color--color-3);--active-text-color:var(--wp--preset--color--base);--active-border-color:var(--wp--preset--color--color-3);--focus-background-color:var(--wp--preset--color--contrast);--focus-text-color:var(--wp--preset--color--base);--focus-border-color:var(--wp--preset--color--contrast);--disabled-background-color:var(--wp--preset--color--color-2);--disabled-text-color:var(--wp--preset--color--black);--disabled-border-color:var(--wp--preset--color--color-2)\"><a class=\"wp-block-button__link wp-element-button\" href=\"https:\/\/arkenhotel.com\/en\/meetings-events\/venues\/#kontakt\">SEND A BOOKING INQUIRY<\/a><\/div>\n<\/div>\n\n\n\n<div class=\"wp-block-group is-vertical is-layout-flex wp-container-core-group-is-layout-9f8fc9c8 wp-block-group-is-layout-flex\">\n<p style=\"font-style:normal;font-weight:500\">Equipment on the premises:<\/p>\n\n\n\n<ul class=\"wp-block-list is-style-checklist is-style-checklist--3\">\n<li>Projector<\/li>\n\n\n\n<li>Loudspeakers<\/li>\n\n\n\n<li>Whiteboards<\/li>\n\n\n\n<li>Flipchart<\/li>\n\n\n\n<li>Fixed and wireless broadband access<\/li>\n<\/ul>\n<\/div>\n\n\n\n<div class=\"wp-block-group is-vertical is-layout-flex wp-container-core-group-is-layout-9f8fc9c8 wp-block-group-is-layout-flex\">\n<p style=\"font-style:normal;font-weight:500\">Facts:<\/p>\n\n\n\n<p class=\"has-x-small-font-size\">Surface area: 126 sqm<\/p>\n\n\n\n<p class=\"has-x-small-font-size\">Maximum number: 80 pers.<\/p>\n<\/div>\n\n\n\n<div class=\"wp-block-group is-vertical is-layout-flex wp-container-core-group-is-layout-9f8fc9c8 wp-block-group-is-layout-flex\">\n<p style=\"font-style:normal;font-weight:500\">Seatings:<\/p>\n\n\n\n<p class=\"has-x-small-font-size\">U-seating &#8211; 18 pers. | Islands &#8211; 72 pers. | School seating &#8211; 50 pers.<br\/>Chairs in a circle &#8211; 30 pers. | Cinema seating &#8211; 80 pers. | Round tables &#8211; 64 pers.   <\/p>\n\n\n\n<p class=\"has-x-small-font-size\"><\/p>\n\n\n\n<p class=\"has-x-small-font-size\"><\/p>\n<\/div>\n<\/div>\n\n\n\n<div class=\"wp-block-column is-vertically-aligned-top is-layout-flow wp-block-column-is-layout-flow\" style=\"flex-basis:66.66%\"><div data-block-id=\"4e6a6933-c609-4c49-a87e-7b92feb82710\" class=\"wp-block-content-grid block-editor-block-list__block wp-block wp-block-tiburon-content-grid columns-l-1 columns-m-1 columns-s-1 layout-default slider-on-l slider-on-m slider-on-s column-gap-0\">\n   \n\n<div class=\"wp-block-group has-global-padding is-layout-constrained wp-container-core-group-is-layout-7db9d80f wp-block-group-is-layout-constrained\" style=\"padding-right:0;padding-left:0\">\n<figure class=\"wp-block-image size-large\"><img loading=\"lazy\" decoding=\"async\" width=\"900\" height=\"600\" src=\"https:\/\/arkenhotel.com\/wp-content\/uploads\/sites\/5\/2025\/04\/28_viken-konferens-lokal-arken-3876-900x600.jpg\" alt=\"Viken - conference room for up to 80 people\" class=\"wp-image-25893\" srcset=\"https:\/\/arkenhotel.com\/wp-content\/uploads\/sites\/5\/2025\/04\/28_viken-konferens-lokal-arken-3876-900x600.jpg 900w, https:\/\/arkenhotel.com\/wp-content\/uploads\/sites\/5\/2025\/04\/28_viken-konferens-lokal-arken-3876-400x267.jpg 400w, https:\/\/arkenhotel.com\/wp-content\/uploads\/sites\/5\/2025\/04\/28_viken-konferens-lokal-arken-3876-600x400.jpg 600w, https:\/\/arkenhotel.com\/wp-content\/uploads\/sites\/5\/2025\/04\/28_viken-konferens-lokal-arken-3876-700x467.jpg 700w, https:\/\/arkenhotel.com\/wp-content\/uploads\/sites\/5\/2025\/04\/28_viken-konferens-lokal-arken-3876-800x533.jpg 800w, https:\/\/arkenhotel.com\/wp-content\/uploads\/sites\/5\/2025\/04\/28_viken-konferens-lokal-arken-3876-1000x667.jpg 1000w, https:\/\/arkenhotel.com\/wp-content\/uploads\/sites\/5\/2025\/04\/28_viken-konferens-lokal-arken-3876-1100x733.jpg 1100w, https:\/\/arkenhotel.com\/wp-content\/uploads\/sites\/5\/2025\/04\/28_viken-konferens-lokal-arken-3876-1280x853.jpg 1280w, https:\/\/arkenhotel.com\/wp-content\/uploads\/sites\/5\/2025\/04\/28_viken-konferens-lokal-arken-3876-1920x1280.jpg 1920w, https:\/\/arkenhotel.com\/wp-content\/uploads\/sites\/5\/2025\/04\/28_viken-konferens-lokal-arken-3876-768x512.jpg 768w, https:\/\/arkenhotel.com\/wp-content\/uploads\/sites\/5\/2025\/04\/28_viken-konferens-lokal-arken-3876-1536x1024.jpg 1536w, https:\/\/arkenhotel.com\/wp-content\/uploads\/sites\/5\/2025\/04\/28_viken-konferens-lokal-arken-3876-2048x1365.jpg 2048w, https:\/\/arkenhotel.com\/wp-content\/uploads\/sites\/5\/2025\/04\/28_viken-konferens-lokal-arken-3876-scaled.jpg 1620w\" sizes=\"auto, (max-width: 900px) 100vw, 900px\" \/><\/figure>\n<\/div>\n\n\n\n<div class=\"wp-block-group has-global-padding is-layout-constrained wp-container-core-group-is-layout-7db9d80f wp-block-group-is-layout-constrained\" style=\"padding-right:0;padding-left:0\">\n<figure class=\"wp-block-image size-large\"><img loading=\"lazy\" decoding=\"async\" width=\"900\" height=\"600\" src=\"https:\/\/arkenhotel.com\/wp-content\/uploads\/sites\/5\/2025\/04\/28_viken-konferens-lokal-arken-3879-900x600.jpg\" alt=\"Viken conference room\" class=\"wp-image-25894\" srcset=\"https:\/\/arkenhotel.com\/wp-content\/uploads\/sites\/5\/2025\/04\/28_viken-konferens-lokal-arken-3879-900x600.jpg 900w, https:\/\/arkenhotel.com\/wp-content\/uploads\/sites\/5\/2025\/04\/28_viken-konferens-lokal-arken-3879-400x267.jpg 400w, https:\/\/arkenhotel.com\/wp-content\/uploads\/sites\/5\/2025\/04\/28_viken-konferens-lokal-arken-3879-600x400.jpg 600w, https:\/\/arkenhotel.com\/wp-content\/uploads\/sites\/5\/2025\/04\/28_viken-konferens-lokal-arken-3879-700x467.jpg 700w, https:\/\/arkenhotel.com\/wp-content\/uploads\/sites\/5\/2025\/04\/28_viken-konferens-lokal-arken-3879-800x533.jpg 800w, https:\/\/arkenhotel.com\/wp-content\/uploads\/sites\/5\/2025\/04\/28_viken-konferens-lokal-arken-3879-1000x667.jpg 1000w, https:\/\/arkenhotel.com\/wp-content\/uploads\/sites\/5\/2025\/04\/28_viken-konferens-lokal-arken-3879-1100x733.jpg 1100w, https:\/\/arkenhotel.com\/wp-content\/uploads\/sites\/5\/2025\/04\/28_viken-konferens-lokal-arken-3879-1280x853.jpg 1280w, https:\/\/arkenhotel.com\/wp-content\/uploads\/sites\/5\/2025\/04\/28_viken-konferens-lokal-arken-3879-1920x1280.jpg 1920w, https:\/\/arkenhotel.com\/wp-content\/uploads\/sites\/5\/2025\/04\/28_viken-konferens-lokal-arken-3879-768x512.jpg 768w, https:\/\/arkenhotel.com\/wp-content\/uploads\/sites\/5\/2025\/04\/28_viken-konferens-lokal-arken-3879-1536x1024.jpg 1536w, https:\/\/arkenhotel.com\/wp-content\/uploads\/sites\/5\/2025\/04\/28_viken-konferens-lokal-arken-3879-2048x1365.jpg 2048w, https:\/\/arkenhotel.com\/wp-content\/uploads\/sites\/5\/2025\/04\/28_viken-konferens-lokal-arken-3879-scaled.jpg 1620w\" sizes=\"auto, (max-width: 900px) 100vw, 900px\" \/><\/figure>\n<\/div>\n\n\n\n<div class=\"wp-block-group has-global-padding is-layout-constrained wp-container-core-group-is-layout-7db9d80f wp-block-group-is-layout-constrained\" style=\"padding-right:0;padding-left:0\">\n<figure class=\"wp-block-image size-large\"><img loading=\"lazy\" decoding=\"async\" width=\"900\" height=\"600\" src=\"https:\/\/arkenhotel.com\/wp-content\/uploads\/sites\/5\/2025\/04\/28_viken-konferens-lokal-arken-3881-900x600.jpg\" alt=\"Viken - conference room at Arken Hotel &amp;amp; Art Garden Spa\" class=\"wp-image-25895\" srcset=\"https:\/\/arkenhotel.com\/wp-content\/uploads\/sites\/5\/2025\/04\/28_viken-konferens-lokal-arken-3881-900x600.jpg 900w, https:\/\/arkenhotel.com\/wp-content\/uploads\/sites\/5\/2025\/04\/28_viken-konferens-lokal-arken-3881-400x267.jpg 400w, https:\/\/arkenhotel.com\/wp-content\/uploads\/sites\/5\/2025\/04\/28_viken-konferens-lokal-arken-3881-600x400.jpg 600w, https:\/\/arkenhotel.com\/wp-content\/uploads\/sites\/5\/2025\/04\/28_viken-konferens-lokal-arken-3881-700x467.jpg 700w, https:\/\/arkenhotel.com\/wp-content\/uploads\/sites\/5\/2025\/04\/28_viken-konferens-lokal-arken-3881-800x533.jpg 800w, https:\/\/arkenhotel.com\/wp-content\/uploads\/sites\/5\/2025\/04\/28_viken-konferens-lokal-arken-3881-1000x667.jpg 1000w, https:\/\/arkenhotel.com\/wp-content\/uploads\/sites\/5\/2025\/04\/28_viken-konferens-lokal-arken-3881-1100x733.jpg 1100w, https:\/\/arkenhotel.com\/wp-content\/uploads\/sites\/5\/2025\/04\/28_viken-konferens-lokal-arken-3881-1280x853.jpg 1280w, https:\/\/arkenhotel.com\/wp-content\/uploads\/sites\/5\/2025\/04\/28_viken-konferens-lokal-arken-3881-1920x1280.jpg 1920w, https:\/\/arkenhotel.com\/wp-content\/uploads\/sites\/5\/2025\/04\/28_viken-konferens-lokal-arken-3881-768x512.jpg 768w, https:\/\/arkenhotel.com\/wp-content\/uploads\/sites\/5\/2025\/04\/28_viken-konferens-lokal-arken-3881-1536x1024.jpg 1536w, https:\/\/arkenhotel.com\/wp-content\/uploads\/sites\/5\/2025\/04\/28_viken-konferens-lokal-arken-3881-2048x1365.jpg 2048w, https:\/\/arkenhotel.com\/wp-content\/uploads\/sites\/5\/2025\/04\/28_viken-konferens-lokal-arken-3881-scaled.jpg 1620w\" sizes=\"auto, (max-width: 900px) 100vw, 900px\" \/><\/figure>\n<\/div>\n\n<\/div><!DOCTYPE html PUBLIC \"-\/\/W3C\/\/DTD HTML 4.0 Transitional\/\/EN\" \"http:\/\/www.w3.org\/TR\/REC-html40\/loose.dtd\">\n<html><body><swiper-container init=\"false\" data-slides-per-view-l=\"1\" data-slides-per-view-m=\"1\" data-slides-per-view-s=\"1\" data-show-next=\"\" data-width-auto=\"0\" data-columns-gap=\"0\" data-show-navigation=\"1\" pagination-type=\"fraction\" data-pagination-version=\"first\" data-nav-bg-color=\"var(--wp--preset--color--contrast)\" data-nav-arrow-color=\"var(--wp--preset--color--base)\" class=\"wp-block-content-grid-slider slider-l slider-m slider-s\"><swiper-slide><div class=\"wp-block-group has-global-padding is-layout-constrained wp-container-core-group-is-layout-7db9d80f wp-block-group-is-layout-constrained\" style=\"padding-right:0;padding-left:0\">\n<figure class=\"wp-block-image size-large\"><img loading=\"lazy\" decoding=\"async\" width=\"900\" height=\"600\" src=\"https:\/\/arkenhotel.com\/wp-content\/uploads\/sites\/5\/2025\/04\/28_viken-konferens-lokal-arken-3876-900x600.jpg\" alt=\"Viken - conference room for up to 80 people\" class=\"wp-image-25893\" srcset=\"https:\/\/arkenhotel.com\/wp-content\/uploads\/sites\/5\/2025\/04\/28_viken-konferens-lokal-arken-3876-900x600.jpg 900w, https:\/\/arkenhotel.com\/wp-content\/uploads\/sites\/5\/2025\/04\/28_viken-konferens-lokal-arken-3876-400x267.jpg 400w, https:\/\/arkenhotel.com\/wp-content\/uploads\/sites\/5\/2025\/04\/28_viken-konferens-lokal-arken-3876-600x400.jpg 600w, https:\/\/arkenhotel.com\/wp-content\/uploads\/sites\/5\/2025\/04\/28_viken-konferens-lokal-arken-3876-700x467.jpg 700w, https:\/\/arkenhotel.com\/wp-content\/uploads\/sites\/5\/2025\/04\/28_viken-konferens-lokal-arken-3876-800x533.jpg 800w, https:\/\/arkenhotel.com\/wp-content\/uploads\/sites\/5\/2025\/04\/28_viken-konferens-lokal-arken-3876-1000x667.jpg 1000w, https:\/\/arkenhotel.com\/wp-content\/uploads\/sites\/5\/2025\/04\/28_viken-konferens-lokal-arken-3876-1100x733.jpg 1100w, https:\/\/arkenhotel.com\/wp-content\/uploads\/sites\/5\/2025\/04\/28_viken-konferens-lokal-arken-3876-1280x853.jpg 1280w, https:\/\/arkenhotel.com\/wp-content\/uploads\/sites\/5\/2025\/04\/28_viken-konferens-lokal-arken-3876-1920x1280.jpg 1920w, https:\/\/arkenhotel.com\/wp-content\/uploads\/sites\/5\/2025\/04\/28_viken-konferens-lokal-arken-3876-768x512.jpg 768w, https:\/\/arkenhotel.com\/wp-content\/uploads\/sites\/5\/2025\/04\/28_viken-konferens-lokal-arken-3876-1536x1024.jpg 1536w, https:\/\/arkenhotel.com\/wp-content\/uploads\/sites\/5\/2025\/04\/28_viken-konferens-lokal-arken-3876-2048x1365.jpg 2048w, https:\/\/arkenhotel.com\/wp-content\/uploads\/sites\/5\/2025\/04\/28_viken-konferens-lokal-arken-3876-scaled.jpg 1620w\" sizes=\"auto, (max-width: 900px) 100vw, 900px\" \/><\/figure>\n<\/div><\/swiper-slide><swiper-slide><div class=\"wp-block-group has-global-padding is-layout-constrained wp-container-core-group-is-layout-7db9d80f wp-block-group-is-layout-constrained\" style=\"padding-right:0;padding-left:0\">\n<figure class=\"wp-block-image size-large\"><img loading=\"lazy\" decoding=\"async\" width=\"900\" height=\"600\" src=\"https:\/\/arkenhotel.com\/wp-content\/uploads\/sites\/5\/2025\/04\/28_viken-konferens-lokal-arken-3879-900x600.jpg\" alt=\"Viken conference room\" class=\"wp-image-25894\" srcset=\"https:\/\/arkenhotel.com\/wp-content\/uploads\/sites\/5\/2025\/04\/28_viken-konferens-lokal-arken-3879-900x600.jpg 900w, https:\/\/arkenhotel.com\/wp-content\/uploads\/sites\/5\/2025\/04\/28_viken-konferens-lokal-arken-3879-400x267.jpg 400w, https:\/\/arkenhotel.com\/wp-content\/uploads\/sites\/5\/2025\/04\/28_viken-konferens-lokal-arken-3879-600x400.jpg 600w, https:\/\/arkenhotel.com\/wp-content\/uploads\/sites\/5\/2025\/04\/28_viken-konferens-lokal-arken-3879-700x467.jpg 700w, https:\/\/arkenhotel.com\/wp-content\/uploads\/sites\/5\/2025\/04\/28_viken-konferens-lokal-arken-3879-800x533.jpg 800w, https:\/\/arkenhotel.com\/wp-content\/uploads\/sites\/5\/2025\/04\/28_viken-konferens-lokal-arken-3879-1000x667.jpg 1000w, https:\/\/arkenhotel.com\/wp-content\/uploads\/sites\/5\/2025\/04\/28_viken-konferens-lokal-arken-3879-1100x733.jpg 1100w, https:\/\/arkenhotel.com\/wp-content\/uploads\/sites\/5\/2025\/04\/28_viken-konferens-lokal-arken-3879-1280x853.jpg 1280w, https:\/\/arkenhotel.com\/wp-content\/uploads\/sites\/5\/2025\/04\/28_viken-konferens-lokal-arken-3879-1920x1280.jpg 1920w, https:\/\/arkenhotel.com\/wp-content\/uploads\/sites\/5\/2025\/04\/28_viken-konferens-lokal-arken-3879-768x512.jpg 768w, https:\/\/arkenhotel.com\/wp-content\/uploads\/sites\/5\/2025\/04\/28_viken-konferens-lokal-arken-3879-1536x1024.jpg 1536w, https:\/\/arkenhotel.com\/wp-content\/uploads\/sites\/5\/2025\/04\/28_viken-konferens-lokal-arken-3879-2048x1365.jpg 2048w, https:\/\/arkenhotel.com\/wp-content\/uploads\/sites\/5\/2025\/04\/28_viken-konferens-lokal-arken-3879-scaled.jpg 1620w\" sizes=\"auto, (max-width: 900px) 100vw, 900px\" \/><\/figure>\n<\/div><\/swiper-slide><swiper-slide><div class=\"wp-block-group has-global-padding is-layout-constrained wp-container-core-group-is-layout-7db9d80f wp-block-group-is-layout-constrained\" style=\"padding-right:0;padding-left:0\">\n<figure class=\"wp-block-image size-large\"><img loading=\"lazy\" decoding=\"async\" width=\"900\" height=\"600\" src=\"https:\/\/arkenhotel.com\/wp-content\/uploads\/sites\/5\/2025\/04\/28_viken-konferens-lokal-arken-3881-900x600.jpg\" alt=\"Viken - conference room at Arken Hotel &amp;amp; Art Garden Spa\" class=\"wp-image-25895\" srcset=\"https:\/\/arkenhotel.com\/wp-content\/uploads\/sites\/5\/2025\/04\/28_viken-konferens-lokal-arken-3881-900x600.jpg 900w, https:\/\/arkenhotel.com\/wp-content\/uploads\/sites\/5\/2025\/04\/28_viken-konferens-lokal-arken-3881-400x267.jpg 400w, https:\/\/arkenhotel.com\/wp-content\/uploads\/sites\/5\/2025\/04\/28_viken-konferens-lokal-arken-3881-600x400.jpg 600w, https:\/\/arkenhotel.com\/wp-content\/uploads\/sites\/5\/2025\/04\/28_viken-konferens-lokal-arken-3881-700x467.jpg 700w, https:\/\/arkenhotel.com\/wp-content\/uploads\/sites\/5\/2025\/04\/28_viken-konferens-lokal-arken-3881-800x533.jpg 800w, https:\/\/arkenhotel.com\/wp-content\/uploads\/sites\/5\/2025\/04\/28_viken-konferens-lokal-arken-3881-1000x667.jpg 1000w, https:\/\/arkenhotel.com\/wp-content\/uploads\/sites\/5\/2025\/04\/28_viken-konferens-lokal-arken-3881-1100x733.jpg 1100w, https:\/\/arkenhotel.com\/wp-content\/uploads\/sites\/5\/2025\/04\/28_viken-konferens-lokal-arken-3881-1280x853.jpg 1280w, https:\/\/arkenhotel.com\/wp-content\/uploads\/sites\/5\/2025\/04\/28_viken-konferens-lokal-arken-3881-1920x1280.jpg 1920w, https:\/\/arkenhotel.com\/wp-content\/uploads\/sites\/5\/2025\/04\/28_viken-konferens-lokal-arken-3881-768x512.jpg 768w, https:\/\/arkenhotel.com\/wp-content\/uploads\/sites\/5\/2025\/04\/28_viken-konferens-lokal-arken-3881-1536x1024.jpg 1536w, https:\/\/arkenhotel.com\/wp-content\/uploads\/sites\/5\/2025\/04\/28_viken-konferens-lokal-arken-3881-2048x1365.jpg 2048w, https:\/\/arkenhotel.com\/wp-content\/uploads\/sites\/5\/2025\/04\/28_viken-konferens-lokal-arken-3881-scaled.jpg 1620w\" sizes=\"auto, (max-width: 900px) 100vw, 900px\" \/><\/figure>\n<\/div><\/swiper-slide><\/swiper-container><\/body><\/html>\n<\/div>\n<\/div>\n\n<p><\/p>\n            <\/div>\n         <\/div>\n      <\/div>\n         <div class=\" post-card\" data-post-id=\"30914\" data-post-slug=\"vinga\">\n                     <div class=\"image-wrapper\">\n               <img decoding=\"async\" src=\"https:\/\/arkenhotel.com\/wp-content\/uploads\/sites\/5\/2025\/04\/22_vinga-konferens-lokaler-arken-7520--900x601.jpg\" srcset=\"https:\/\/arkenhotel.com\/wp-content\/uploads\/sites\/5\/2025\/04\/22_vinga-konferens-lokaler-arken-7520--900x601.jpg 900w, https:\/\/arkenhotel.com\/wp-content\/uploads\/sites\/5\/2025\/04\/22_vinga-konferens-lokaler-arken-7520--400x267.jpg 400w, https:\/\/arkenhotel.com\/wp-content\/uploads\/sites\/5\/2025\/04\/22_vinga-konferens-lokaler-arken-7520--600x401.jpg 600w, https:\/\/arkenhotel.com\/wp-content\/uploads\/sites\/5\/2025\/04\/22_vinga-konferens-lokaler-arken-7520--700x467.jpg 700w, https:\/\/arkenhotel.com\/wp-content\/uploads\/sites\/5\/2025\/04\/22_vinga-konferens-lokaler-arken-7520--800x534.jpg 800w, https:\/\/arkenhotel.com\/wp-content\/uploads\/sites\/5\/2025\/04\/22_vinga-konferens-lokaler-arken-7520--1000x668.jpg 1000w, https:\/\/arkenhotel.com\/wp-content\/uploads\/sites\/5\/2025\/04\/22_vinga-konferens-lokaler-arken-7520--1100x734.jpg 1100w, https:\/\/arkenhotel.com\/wp-content\/uploads\/sites\/5\/2025\/04\/22_vinga-konferens-lokaler-arken-7520--1280x855.jpg 1280w, https:\/\/arkenhotel.com\/wp-content\/uploads\/sites\/5\/2025\/04\/22_vinga-konferens-lokaler-arken-7520--1920x1282.jpg 1920w, https:\/\/arkenhotel.com\/wp-content\/uploads\/sites\/5\/2025\/04\/22_vinga-konferens-lokaler-arken-7520--768x513.jpg 768w, https:\/\/arkenhotel.com\/wp-content\/uploads\/sites\/5\/2025\/04\/22_vinga-konferens-lokaler-arken-7520--1536x1026.jpg 1536w, https:\/\/arkenhotel.com\/wp-content\/uploads\/sites\/5\/2025\/04\/22_vinga-konferens-lokaler-arken-7520--2048x1367.jpg 2048w, https:\/\/arkenhotel.com\/wp-content\/uploads\/sites\/5\/2025\/04\/22_vinga-konferens-lokaler-arken-7520--scaled.jpg 1617w\" alt=\"VINGA\" class=\"\" \/>\n            <\/div>\n                  <div class=\"content-wrapper\">\n            <div class=\"post-title-capacity\">\n                                 <h3 class=\"wp-block-heading post-title\">VINGA<\/h3>\n                                                <p class=\"post-capacity\">60 pers.<\/p>\n                           <\/div>\n                           <p class=\"post-subheading\">Vinga has all the equipment you need for your conference.  <\/p>\n                     <\/div>\n                     <div class=\"btn-wrapper\">\n               <button class=\"post-btn wp-block-button__link wp-element-button\">\n                  <div class=\"post-btn-closed\">\n                     Read more                     <svg width=\"10\" height=\"10\" viewBox=\"0 0 10 10\" fill=\"none\" xmlns=\"http:\/\/www.w3.org\/2000\/svg\">\n                        <path d=\"M10 2.66038L5 8L-4.8687e-07 2.66038L0.627207 2L5 6.66981L9.37279 2L10 2.66038Z\" fill=\"currentcolor\" \/>\n                     <\/svg>\n                  <\/div>\n                  <div class=\"post-btn-open\">\n                     Close                     <svg width=\"10\" height=\"10\" viewBox=\"0 0 10 10\" fill=\"none\" xmlns=\"http:\/\/www.w3.org\/2000\/svg\">\n                        <path d=\"M0.561192 10L0 9.43881L4.43881 5L0 0.561192L0.561192 0L5 4.43881L9.43881 0L10 0.561192L5.56119 5L10 9.43881L9.43881 10L5 5.56119L0.561192 10Z\" fill=\"currentcolor\" \/>\n                     <\/svg>\n                  <\/div>\n               <\/button>\n            <\/div>\n                  <div class=\"post-dropdown-content\" data-post-id=\"30914\">\n            <div class=\"post-dropdown-content-inner\">\n               \n<div class=\"wp-block-columns has-base-background-color has-background is-layout-flex wp-container-core-columns-is-layout-a864abb7 wp-block-columns-is-layout-flex\" style=\"padding-top:0;padding-right:0;padding-bottom:0;padding-left:0\">\n<div class=\"wp-block-column is-vertically-aligned-top has-small-font-size is-layout-flow wp-container-core-column-is-layout-6073293c wp-block-column-is-layout-flow\" style=\"flex-basis:500px\">\n<div class=\"wp-block-group is-content-justification-space-between is-nowrap is-layout-flex wp-container-core-group-is-layout-63c1e1a1 wp-block-group-is-layout-flex\">\n<h3 class=\"wp-block-heading\">vinga<\/h3>\n\n\n\n<p class=\"has-contrast-color has-text-color has-link-color has-medium-font-size wp-elements-7a1745a2809503029a8fc7cf04fd8b30\">60 pers.<\/p>\n<\/div>\n\n\n\n<p>In Vinga you will find all the equipment you need for your conference. The room is equipped for maximum comfort, with ergonomic chairs, generous writing boards and adjustable lighting. <\/p>\n\n\n\n<div class=\"wp-block-buttons is-layout-flex wp-block-buttons-is-layout-flex\">\n<div class=\"wp-block-button\" style=\"--hover-background-color:var(--wp--preset--color--contrast);--hover-text-color:var(--wp--preset--color--base);--hover-border-color:var(--wp--preset--color--contrast);--active-background-color:var(--wp--preset--color--color-3);--active-text-color:var(--wp--preset--color--base);--active-border-color:var(--wp--preset--color--color-3);--focus-background-color:var(--wp--preset--color--contrast);--focus-text-color:var(--wp--preset--color--base);--focus-border-color:var(--wp--preset--color--contrast);--disabled-background-color:var(--wp--preset--color--color-2);--disabled-text-color:var(--wp--preset--color--black);--disabled-border-color:var(--wp--preset--color--color-2)\"><a class=\"wp-block-button__link wp-element-button\" href=\"https:\/\/arkenhotel.com\/en\/meetings-events\/venues\/#kontakt\">SEND A BOOKING INQUIRY<\/a><\/div>\n<\/div>\n\n\n\n<div class=\"wp-block-group is-vertical is-layout-flex wp-container-core-group-is-layout-9f8fc9c8 wp-block-group-is-layout-flex\">\n<p style=\"font-style:normal;font-weight:500\">Equipment on the premises:<\/p>\n\n\n\n<ul class=\"wp-block-list is-style-checklist is-style-checklist--4\">\n<li>Projector<\/li>\n\n\n\n<li>Loudspeakers<\/li>\n\n\n\n<li>Whiteboards<\/li>\n\n\n\n<li>Flipchart<\/li>\n\n\n\n<li>Fixed and wireless broadband access<\/li>\n<\/ul>\n<\/div>\n\n\n\n<div class=\"wp-block-group is-vertical is-layout-flex wp-container-core-group-is-layout-9f8fc9c8 wp-block-group-is-layout-flex\">\n<p style=\"font-style:normal;font-weight:500\">Facts:<\/p>\n\n\n\n<p class=\"has-x-small-font-size\">Surface area: 98 sqm<\/p>\n\n\n\n<p class=\"has-x-small-font-size\">Maximum number: 60 pers.<\/p>\n<\/div>\n\n\n\n<div class=\"wp-block-group is-vertical is-layout-flex wp-container-core-group-is-layout-9f8fc9c8 wp-block-group-is-layout-flex\">\n<p style=\"font-style:normal;font-weight:500\">Seatings:<\/p>\n\n\n\n<p class=\"has-x-small-font-size\">U-shaped seating &#8211; 16 pers. | Islands &#8211; 32 pers. | School seating &#8211; 30 pers.<br\/>Chairs in a circle &#8211; 30 pers. | Cinema seating &#8211; 60 pers. | Round tables &#8211; 30 pers.   <\/p>\n\n\n\n<p class=\"has-x-small-font-size\"><\/p>\n\n\n\n<p class=\"has-x-small-font-size\"><\/p>\n<\/div>\n<\/div>\n\n\n\n<div class=\"wp-block-column is-vertically-aligned-top is-layout-flow wp-block-column-is-layout-flow\" style=\"flex-basis:66.66%\"><div data-block-id=\"4e6a6933-c609-4c49-a87e-7b92feb82710\" class=\"wp-block-content-grid block-editor-block-list__block wp-block wp-block-tiburon-content-grid columns-l-1 columns-m-1 columns-s-1 layout-default slider-on-l slider-on-m slider-on-s column-gap-0\">\n   \n\n<div class=\"wp-block-group has-global-padding is-layout-constrained wp-container-core-group-is-layout-7db9d80f wp-block-group-is-layout-constrained\" style=\"padding-right:0;padding-left:0\">\n<figure class=\"wp-block-image size-large\"><img loading=\"lazy\" decoding=\"async\" width=\"900\" height=\"601\" src=\"https:\/\/arkenhotel.com\/wp-content\/uploads\/sites\/5\/2025\/04\/22_vinga-konferens-lokaler-arken-7520--900x601.jpg\" alt=\"Vinga - with seating for up to 60 people.\" class=\"wp-image-25868\" srcset=\"https:\/\/arkenhotel.com\/wp-content\/uploads\/sites\/5\/2025\/04\/22_vinga-konferens-lokaler-arken-7520--900x601.jpg 900w, https:\/\/arkenhotel.com\/wp-content\/uploads\/sites\/5\/2025\/04\/22_vinga-konferens-lokaler-arken-7520--400x267.jpg 400w, https:\/\/arkenhotel.com\/wp-content\/uploads\/sites\/5\/2025\/04\/22_vinga-konferens-lokaler-arken-7520--600x401.jpg 600w, https:\/\/arkenhotel.com\/wp-content\/uploads\/sites\/5\/2025\/04\/22_vinga-konferens-lokaler-arken-7520--700x467.jpg 700w, https:\/\/arkenhotel.com\/wp-content\/uploads\/sites\/5\/2025\/04\/22_vinga-konferens-lokaler-arken-7520--800x534.jpg 800w, https:\/\/arkenhotel.com\/wp-content\/uploads\/sites\/5\/2025\/04\/22_vinga-konferens-lokaler-arken-7520--1000x668.jpg 1000w, https:\/\/arkenhotel.com\/wp-content\/uploads\/sites\/5\/2025\/04\/22_vinga-konferens-lokaler-arken-7520--1100x734.jpg 1100w, https:\/\/arkenhotel.com\/wp-content\/uploads\/sites\/5\/2025\/04\/22_vinga-konferens-lokaler-arken-7520--1280x855.jpg 1280w, https:\/\/arkenhotel.com\/wp-content\/uploads\/sites\/5\/2025\/04\/22_vinga-konferens-lokaler-arken-7520--1920x1282.jpg 1920w, https:\/\/arkenhotel.com\/wp-content\/uploads\/sites\/5\/2025\/04\/22_vinga-konferens-lokaler-arken-7520--768x513.jpg 768w, https:\/\/arkenhotel.com\/wp-content\/uploads\/sites\/5\/2025\/04\/22_vinga-konferens-lokaler-arken-7520--1536x1026.jpg 1536w, https:\/\/arkenhotel.com\/wp-content\/uploads\/sites\/5\/2025\/04\/22_vinga-konferens-lokaler-arken-7520--2048x1367.jpg 2048w, https:\/\/arkenhotel.com\/wp-content\/uploads\/sites\/5\/2025\/04\/22_vinga-konferens-lokaler-arken-7520--scaled.jpg 1617w\" sizes=\"auto, (max-width: 900px) 100vw, 900px\" \/><\/figure>\n<\/div>\n\n\n\n<div class=\"wp-block-group has-global-padding is-layout-constrained wp-container-core-group-is-layout-7db9d80f wp-block-group-is-layout-constrained\" style=\"padding-right:0;padding-left:0\">\n<figure class=\"wp-block-image size-large\"><img loading=\"lazy\" decoding=\"async\" width=\"900\" height=\"600\" src=\"https:\/\/arkenhotel.com\/wp-content\/uploads\/sites\/5\/2025\/04\/22_vinga-konferensrum-arken-6565-900x600.jpg\" alt=\"Vinga - with lovely views of the sea.\" class=\"wp-image-25869\" srcset=\"https:\/\/arkenhotel.com\/wp-content\/uploads\/sites\/5\/2025\/04\/22_vinga-konferensrum-arken-6565-900x600.jpg 900w, https:\/\/arkenhotel.com\/wp-content\/uploads\/sites\/5\/2025\/04\/22_vinga-konferensrum-arken-6565-400x267.jpg 400w, https:\/\/arkenhotel.com\/wp-content\/uploads\/sites\/5\/2025\/04\/22_vinga-konferensrum-arken-6565-600x400.jpg 600w, https:\/\/arkenhotel.com\/wp-content\/uploads\/sites\/5\/2025\/04\/22_vinga-konferensrum-arken-6565-700x467.jpg 700w, https:\/\/arkenhotel.com\/wp-content\/uploads\/sites\/5\/2025\/04\/22_vinga-konferensrum-arken-6565-800x533.jpg 800w, https:\/\/arkenhotel.com\/wp-content\/uploads\/sites\/5\/2025\/04\/22_vinga-konferensrum-arken-6565-1000x667.jpg 1000w, https:\/\/arkenhotel.com\/wp-content\/uploads\/sites\/5\/2025\/04\/22_vinga-konferensrum-arken-6565-1100x733.jpg 1100w, https:\/\/arkenhotel.com\/wp-content\/uploads\/sites\/5\/2025\/04\/22_vinga-konferensrum-arken-6565-768x512.jpg 768w, https:\/\/arkenhotel.com\/wp-content\/uploads\/sites\/5\/2025\/04\/22_vinga-konferensrum-arken-6565.jpg 1200w\" sizes=\"auto, (max-width: 900px) 100vw, 900px\" \/><\/figure>\n<\/div>\n\n\n\n<div class=\"wp-block-group has-global-padding is-layout-constrained wp-container-core-group-is-layout-7db9d80f wp-block-group-is-layout-constrained\" style=\"padding-right:0;padding-left:0\">\n<figure class=\"wp-block-image size-large\"><img loading=\"lazy\" decoding=\"async\" width=\"900\" height=\"600\" src=\"https:\/\/arkenhotel.com\/wp-content\/uploads\/sites\/5\/2025\/04\/22_vinga-konferens-lokaler-arken-3845-900x600.jpg\" alt=\"Conference room Vinga with capacity for between 16-60 people.\" class=\"wp-image-25865\" srcset=\"https:\/\/arkenhotel.com\/wp-content\/uploads\/sites\/5\/2025\/04\/22_vinga-konferens-lokaler-arken-3845-900x600.jpg 900w, https:\/\/arkenhotel.com\/wp-content\/uploads\/sites\/5\/2025\/04\/22_vinga-konferens-lokaler-arken-3845-400x267.jpg 400w, https:\/\/arkenhotel.com\/wp-content\/uploads\/sites\/5\/2025\/04\/22_vinga-konferens-lokaler-arken-3845-600x400.jpg 600w, https:\/\/arkenhotel.com\/wp-content\/uploads\/sites\/5\/2025\/04\/22_vinga-konferens-lokaler-arken-3845-700x467.jpg 700w, https:\/\/arkenhotel.com\/wp-content\/uploads\/sites\/5\/2025\/04\/22_vinga-konferens-lokaler-arken-3845-800x533.jpg 800w, https:\/\/arkenhotel.com\/wp-content\/uploads\/sites\/5\/2025\/04\/22_vinga-konferens-lokaler-arken-3845-1000x667.jpg 1000w, https:\/\/arkenhotel.com\/wp-content\/uploads\/sites\/5\/2025\/04\/22_vinga-konferens-lokaler-arken-3845-1100x733.jpg 1100w, https:\/\/arkenhotel.com\/wp-content\/uploads\/sites\/5\/2025\/04\/22_vinga-konferens-lokaler-arken-3845-1280x853.jpg 1280w, https:\/\/arkenhotel.com\/wp-content\/uploads\/sites\/5\/2025\/04\/22_vinga-konferens-lokaler-arken-3845-768x512.jpg 768w, https:\/\/arkenhotel.com\/wp-content\/uploads\/sites\/5\/2025\/04\/22_vinga-konferens-lokaler-arken-3845-1536x1024.jpg 1536w, https:\/\/arkenhotel.com\/wp-content\/uploads\/sites\/5\/2025\/04\/22_vinga-konferens-lokaler-arken-3845.jpg 1620w\" sizes=\"auto, (max-width: 900px) 100vw, 900px\" \/><\/figure>\n<\/div>\n\n\n\n<div class=\"wp-block-group has-global-padding is-layout-constrained wp-container-core-group-is-layout-7db9d80f wp-block-group-is-layout-constrained\" style=\"padding-right:0;padding-left:0\">\n<figure class=\"wp-block-image size-large\"><img loading=\"lazy\" decoding=\"async\" width=\"900\" height=\"600\" src=\"https:\/\/arkenhotel.com\/wp-content\/uploads\/sites\/5\/2025\/04\/22_vinga-konferens-lokaler-arken-3849-900x600.jpg\" alt=\"Vinga is a flexible conference venue that can accommodate up to 60 people.\" class=\"wp-image-25866\" srcset=\"https:\/\/arkenhotel.com\/wp-content\/uploads\/sites\/5\/2025\/04\/22_vinga-konferens-lokaler-arken-3849-900x600.jpg 900w, https:\/\/arkenhotel.com\/wp-content\/uploads\/sites\/5\/2025\/04\/22_vinga-konferens-lokaler-arken-3849-400x267.jpg 400w, https:\/\/arkenhotel.com\/wp-content\/uploads\/sites\/5\/2025\/04\/22_vinga-konferens-lokaler-arken-3849-600x400.jpg 600w, https:\/\/arkenhotel.com\/wp-content\/uploads\/sites\/5\/2025\/04\/22_vinga-konferens-lokaler-arken-3849-700x467.jpg 700w, https:\/\/arkenhotel.com\/wp-content\/uploads\/sites\/5\/2025\/04\/22_vinga-konferens-lokaler-arken-3849-800x533.jpg 800w, https:\/\/arkenhotel.com\/wp-content\/uploads\/sites\/5\/2025\/04\/22_vinga-konferens-lokaler-arken-3849-1000x667.jpg 1000w, https:\/\/arkenhotel.com\/wp-content\/uploads\/sites\/5\/2025\/04\/22_vinga-konferens-lokaler-arken-3849-1100x733.jpg 1100w, https:\/\/arkenhotel.com\/wp-content\/uploads\/sites\/5\/2025\/04\/22_vinga-konferens-lokaler-arken-3849-1280x853.jpg 1280w, https:\/\/arkenhotel.com\/wp-content\/uploads\/sites\/5\/2025\/04\/22_vinga-konferens-lokaler-arken-3849-768x512.jpg 768w, https:\/\/arkenhotel.com\/wp-content\/uploads\/sites\/5\/2025\/04\/22_vinga-konferens-lokaler-arken-3849-1536x1024.jpg 1536w, https:\/\/arkenhotel.com\/wp-content\/uploads\/sites\/5\/2025\/04\/22_vinga-konferens-lokaler-arken-3849.jpg 1620w\" sizes=\"auto, (max-width: 900px) 100vw, 900px\" \/><\/figure>\n<\/div>\n\n\n\n<div class=\"wp-block-group has-global-padding is-layout-constrained wp-container-core-group-is-layout-7db9d80f wp-block-group-is-layout-constrained\" style=\"padding-right:0;padding-left:0\">\n<figure class=\"wp-block-image size-large\"><img loading=\"lazy\" decoding=\"async\" width=\"900\" height=\"600\" src=\"https:\/\/arkenhotel.com\/wp-content\/uploads\/sites\/5\/2025\/04\/22_vinga-konferens-lokaler-arken-3852-900x600.jpg\" alt=\"Vonga conference room at Arken Hotel &amp;amp; Art Garden Spa.\" class=\"wp-image-25867\" srcset=\"https:\/\/arkenhotel.com\/wp-content\/uploads\/sites\/5\/2025\/04\/22_vinga-konferens-lokaler-arken-3852-900x600.jpg 900w, https:\/\/arkenhotel.com\/wp-content\/uploads\/sites\/5\/2025\/04\/22_vinga-konferens-lokaler-arken-3852-400x267.jpg 400w, https:\/\/arkenhotel.com\/wp-content\/uploads\/sites\/5\/2025\/04\/22_vinga-konferens-lokaler-arken-3852-600x400.jpg 600w, https:\/\/arkenhotel.com\/wp-content\/uploads\/sites\/5\/2025\/04\/22_vinga-konferens-lokaler-arken-3852-700x467.jpg 700w, https:\/\/arkenhotel.com\/wp-content\/uploads\/sites\/5\/2025\/04\/22_vinga-konferens-lokaler-arken-3852-800x533.jpg 800w, https:\/\/arkenhotel.com\/wp-content\/uploads\/sites\/5\/2025\/04\/22_vinga-konferens-lokaler-arken-3852-1000x667.jpg 1000w, https:\/\/arkenhotel.com\/wp-content\/uploads\/sites\/5\/2025\/04\/22_vinga-konferens-lokaler-arken-3852-1100x733.jpg 1100w, https:\/\/arkenhotel.com\/wp-content\/uploads\/sites\/5\/2025\/04\/22_vinga-konferens-lokaler-arken-3852-1280x853.jpg 1280w, https:\/\/arkenhotel.com\/wp-content\/uploads\/sites\/5\/2025\/04\/22_vinga-konferens-lokaler-arken-3852-768x512.jpg 768w, https:\/\/arkenhotel.com\/wp-content\/uploads\/sites\/5\/2025\/04\/22_vinga-konferens-lokaler-arken-3852-1536x1024.jpg 1536w, https:\/\/arkenhotel.com\/wp-content\/uploads\/sites\/5\/2025\/04\/22_vinga-konferens-lokaler-arken-3852.jpg 1620w\" sizes=\"auto, (max-width: 900px) 100vw, 900px\" \/><\/figure>\n<\/div>\n\n<\/div><!DOCTYPE html PUBLIC \"-\/\/W3C\/\/DTD HTML 4.0 Transitional\/\/EN\" \"http:\/\/www.w3.org\/TR\/REC-html40\/loose.dtd\">\n<html><body><swiper-container init=\"false\" data-slides-per-view-l=\"1\" data-slides-per-view-m=\"1\" data-slides-per-view-s=\"1\" data-show-next=\"\" data-width-auto=\"0\" data-columns-gap=\"0\" data-show-navigation=\"1\" pagination-type=\"fraction\" data-pagination-version=\"first\" data-nav-bg-color=\"var(--wp--preset--color--contrast)\" data-nav-arrow-color=\"var(--wp--preset--color--base)\" class=\"wp-block-content-grid-slider slider-l slider-m slider-s\"><swiper-slide><div class=\"wp-block-group has-global-padding is-layout-constrained wp-container-core-group-is-layout-7db9d80f wp-block-group-is-layout-constrained\" style=\"padding-right:0;padding-left:0\">\n<figure class=\"wp-block-image size-large\"><img loading=\"lazy\" decoding=\"async\" width=\"900\" height=\"601\" src=\"https:\/\/arkenhotel.com\/wp-content\/uploads\/sites\/5\/2025\/04\/22_vinga-konferens-lokaler-arken-7520--900x601.jpg\" alt=\"Vinga - with seating for up to 60 people.\" class=\"wp-image-25868\" srcset=\"https:\/\/arkenhotel.com\/wp-content\/uploads\/sites\/5\/2025\/04\/22_vinga-konferens-lokaler-arken-7520--900x601.jpg 900w, https:\/\/arkenhotel.com\/wp-content\/uploads\/sites\/5\/2025\/04\/22_vinga-konferens-lokaler-arken-7520--400x267.jpg 400w, https:\/\/arkenhotel.com\/wp-content\/uploads\/sites\/5\/2025\/04\/22_vinga-konferens-lokaler-arken-7520--600x401.jpg 600w, https:\/\/arkenhotel.com\/wp-content\/uploads\/sites\/5\/2025\/04\/22_vinga-konferens-lokaler-arken-7520--700x467.jpg 700w, https:\/\/arkenhotel.com\/wp-content\/uploads\/sites\/5\/2025\/04\/22_vinga-konferens-lokaler-arken-7520--800x534.jpg 800w, https:\/\/arkenhotel.com\/wp-content\/uploads\/sites\/5\/2025\/04\/22_vinga-konferens-lokaler-arken-7520--1000x668.jpg 1000w, https:\/\/arkenhotel.com\/wp-content\/uploads\/sites\/5\/2025\/04\/22_vinga-konferens-lokaler-arken-7520--1100x734.jpg 1100w, https:\/\/arkenhotel.com\/wp-content\/uploads\/sites\/5\/2025\/04\/22_vinga-konferens-lokaler-arken-7520--1280x855.jpg 1280w, https:\/\/arkenhotel.com\/wp-content\/uploads\/sites\/5\/2025\/04\/22_vinga-konferens-lokaler-arken-7520--1920x1282.jpg 1920w, https:\/\/arkenhotel.com\/wp-content\/uploads\/sites\/5\/2025\/04\/22_vinga-konferens-lokaler-arken-7520--768x513.jpg 768w, https:\/\/arkenhotel.com\/wp-content\/uploads\/sites\/5\/2025\/04\/22_vinga-konferens-lokaler-arken-7520--1536x1026.jpg 1536w, https:\/\/arkenhotel.com\/wp-content\/uploads\/sites\/5\/2025\/04\/22_vinga-konferens-lokaler-arken-7520--2048x1367.jpg 2048w, https:\/\/arkenhotel.com\/wp-content\/uploads\/sites\/5\/2025\/04\/22_vinga-konferens-lokaler-arken-7520--scaled.jpg 1617w\" sizes=\"auto, (max-width: 900px) 100vw, 900px\" \/><\/figure>\n<\/div><\/swiper-slide><swiper-slide><div class=\"wp-block-group has-global-padding is-layout-constrained wp-container-core-group-is-layout-7db9d80f wp-block-group-is-layout-constrained\" style=\"padding-right:0;padding-left:0\">\n<figure class=\"wp-block-image size-large\"><img loading=\"lazy\" decoding=\"async\" width=\"900\" height=\"600\" src=\"https:\/\/arkenhotel.com\/wp-content\/uploads\/sites\/5\/2025\/04\/22_vinga-konferensrum-arken-6565-900x600.jpg\" alt=\"Vinga - with lovely views of the sea.\" class=\"wp-image-25869\" srcset=\"https:\/\/arkenhotel.com\/wp-content\/uploads\/sites\/5\/2025\/04\/22_vinga-konferensrum-arken-6565-900x600.jpg 900w, https:\/\/arkenhotel.com\/wp-content\/uploads\/sites\/5\/2025\/04\/22_vinga-konferensrum-arken-6565-400x267.jpg 400w, https:\/\/arkenhotel.com\/wp-content\/uploads\/sites\/5\/2025\/04\/22_vinga-konferensrum-arken-6565-600x400.jpg 600w, https:\/\/arkenhotel.com\/wp-content\/uploads\/sites\/5\/2025\/04\/22_vinga-konferensrum-arken-6565-700x467.jpg 700w, https:\/\/arkenhotel.com\/wp-content\/uploads\/sites\/5\/2025\/04\/22_vinga-konferensrum-arken-6565-800x533.jpg 800w, https:\/\/arkenhotel.com\/wp-content\/uploads\/sites\/5\/2025\/04\/22_vinga-konferensrum-arken-6565-1000x667.jpg 1000w, https:\/\/arkenhotel.com\/wp-content\/uploads\/sites\/5\/2025\/04\/22_vinga-konferensrum-arken-6565-1100x733.jpg 1100w, https:\/\/arkenhotel.com\/wp-content\/uploads\/sites\/5\/2025\/04\/22_vinga-konferensrum-arken-6565-768x512.jpg 768w, https:\/\/arkenhotel.com\/wp-content\/uploads\/sites\/5\/2025\/04\/22_vinga-konferensrum-arken-6565.jpg 1200w\" sizes=\"auto, (max-width: 900px) 100vw, 900px\" \/><\/figure>\n<\/div><\/swiper-slide><swiper-slide><div class=\"wp-block-group has-global-padding is-layout-constrained wp-container-core-group-is-layout-7db9d80f wp-block-group-is-layout-constrained\" style=\"padding-right:0;padding-left:0\">\n<figure class=\"wp-block-image size-large\"><img loading=\"lazy\" decoding=\"async\" width=\"900\" height=\"600\" src=\"https:\/\/arkenhotel.com\/wp-content\/uploads\/sites\/5\/2025\/04\/22_vinga-konferens-lokaler-arken-3845-900x600.jpg\" alt=\"Conference room Vinga with capacity for between 16-60 people.\" class=\"wp-image-25865\" srcset=\"https:\/\/arkenhotel.com\/wp-content\/uploads\/sites\/5\/2025\/04\/22_vinga-konferens-lokaler-arken-3845-900x600.jpg 900w, https:\/\/arkenhotel.com\/wp-content\/uploads\/sites\/5\/2025\/04\/22_vinga-konferens-lokaler-arken-3845-400x267.jpg 400w, https:\/\/arkenhotel.com\/wp-content\/uploads\/sites\/5\/2025\/04\/22_vinga-konferens-lokaler-arken-3845-600x400.jpg 600w, https:\/\/arkenhotel.com\/wp-content\/uploads\/sites\/5\/2025\/04\/22_vinga-konferens-lokaler-arken-3845-700x467.jpg 700w, https:\/\/arkenhotel.com\/wp-content\/uploads\/sites\/5\/2025\/04\/22_vinga-konferens-lokaler-arken-3845-800x533.jpg 800w, https:\/\/arkenhotel.com\/wp-content\/uploads\/sites\/5\/2025\/04\/22_vinga-konferens-lokaler-arken-3845-1000x667.jpg 1000w, https:\/\/arkenhotel.com\/wp-content\/uploads\/sites\/5\/2025\/04\/22_vinga-konferens-lokaler-arken-3845-1100x733.jpg 1100w, https:\/\/arkenhotel.com\/wp-content\/uploads\/sites\/5\/2025\/04\/22_vinga-konferens-lokaler-arken-3845-1280x853.jpg 1280w, https:\/\/arkenhotel.com\/wp-content\/uploads\/sites\/5\/2025\/04\/22_vinga-konferens-lokaler-arken-3845-768x512.jpg 768w, https:\/\/arkenhotel.com\/wp-content\/uploads\/sites\/5\/2025\/04\/22_vinga-konferens-lokaler-arken-3845-1536x1024.jpg 1536w, https:\/\/arkenhotel.com\/wp-content\/uploads\/sites\/5\/2025\/04\/22_vinga-konferens-lokaler-arken-3845.jpg 1620w\" sizes=\"auto, (max-width: 900px) 100vw, 900px\" \/><\/figure>\n<\/div><\/swiper-slide><swiper-slide><div class=\"wp-block-group has-global-padding is-layout-constrained wp-container-core-group-is-layout-7db9d80f wp-block-group-is-layout-constrained\" style=\"padding-right:0;padding-left:0\">\n<figure class=\"wp-block-image size-large\"><img loading=\"lazy\" decoding=\"async\" width=\"900\" height=\"600\" src=\"https:\/\/arkenhotel.com\/wp-content\/uploads\/sites\/5\/2025\/04\/22_vinga-konferens-lokaler-arken-3849-900x600.jpg\" alt=\"Vinga is a flexible conference venue that can accommodate up to 60 people.\" class=\"wp-image-25866\" srcset=\"https:\/\/arkenhotel.com\/wp-content\/uploads\/sites\/5\/2025\/04\/22_vinga-konferens-lokaler-arken-3849-900x600.jpg 900w, https:\/\/arkenhotel.com\/wp-content\/uploads\/sites\/5\/2025\/04\/22_vinga-konferens-lokaler-arken-3849-400x267.jpg 400w, https:\/\/arkenhotel.com\/wp-content\/uploads\/sites\/5\/2025\/04\/22_vinga-konferens-lokaler-arken-3849-600x400.jpg 600w, https:\/\/arkenhotel.com\/wp-content\/uploads\/sites\/5\/2025\/04\/22_vinga-konferens-lokaler-arken-3849-700x467.jpg 700w, https:\/\/arkenhotel.com\/wp-content\/uploads\/sites\/5\/2025\/04\/22_vinga-konferens-lokaler-arken-3849-800x533.jpg 800w, https:\/\/arkenhotel.com\/wp-content\/uploads\/sites\/5\/2025\/04\/22_vinga-konferens-lokaler-arken-3849-1000x667.jpg 1000w, https:\/\/arkenhotel.com\/wp-content\/uploads\/sites\/5\/2025\/04\/22_vinga-konferens-lokaler-arken-3849-1100x733.jpg 1100w, https:\/\/arkenhotel.com\/wp-content\/uploads\/sites\/5\/2025\/04\/22_vinga-konferens-lokaler-arken-3849-1280x853.jpg 1280w, https:\/\/arkenhotel.com\/wp-content\/uploads\/sites\/5\/2025\/04\/22_vinga-konferens-lokaler-arken-3849-768x512.jpg 768w, https:\/\/arkenhotel.com\/wp-content\/uploads\/sites\/5\/2025\/04\/22_vinga-konferens-lokaler-arken-3849-1536x1024.jpg 1536w, https:\/\/arkenhotel.com\/wp-content\/uploads\/sites\/5\/2025\/04\/22_vinga-konferens-lokaler-arken-3849.jpg 1620w\" sizes=\"auto, (max-width: 900px) 100vw, 900px\" \/><\/figure>\n<\/div><\/swiper-slide><swiper-slide><div class=\"wp-block-group has-global-padding is-layout-constrained wp-container-core-group-is-layout-7db9d80f wp-block-group-is-layout-constrained\" style=\"padding-right:0;padding-left:0\">\n<figure class=\"wp-block-image size-large\"><img loading=\"lazy\" decoding=\"async\" width=\"900\" height=\"600\" src=\"https:\/\/arkenhotel.com\/wp-content\/uploads\/sites\/5\/2025\/04\/22_vinga-konferens-lokaler-arken-3852-900x600.jpg\" alt=\"Vonga conference room at Arken Hotel &amp;amp; Art Garden Spa.\" class=\"wp-image-25867\" srcset=\"https:\/\/arkenhotel.com\/wp-content\/uploads\/sites\/5\/2025\/04\/22_vinga-konferens-lokaler-arken-3852-900x600.jpg 900w, https:\/\/arkenhotel.com\/wp-content\/uploads\/sites\/5\/2025\/04\/22_vinga-konferens-lokaler-arken-3852-400x267.jpg 400w, https:\/\/arkenhotel.com\/wp-content\/uploads\/sites\/5\/2025\/04\/22_vinga-konferens-lokaler-arken-3852-600x400.jpg 600w, https:\/\/arkenhotel.com\/wp-content\/uploads\/sites\/5\/2025\/04\/22_vinga-konferens-lokaler-arken-3852-700x467.jpg 700w, https:\/\/arkenhotel.com\/wp-content\/uploads\/sites\/5\/2025\/04\/22_vinga-konferens-lokaler-arken-3852-800x533.jpg 800w, https:\/\/arkenhotel.com\/wp-content\/uploads\/sites\/5\/2025\/04\/22_vinga-konferens-lokaler-arken-3852-1000x667.jpg 1000w, https:\/\/arkenhotel.com\/wp-content\/uploads\/sites\/5\/2025\/04\/22_vinga-konferens-lokaler-arken-3852-1100x733.jpg 1100w, https:\/\/arkenhotel.com\/wp-content\/uploads\/sites\/5\/2025\/04\/22_vinga-konferens-lokaler-arken-3852-1280x853.jpg 1280w, https:\/\/arkenhotel.com\/wp-content\/uploads\/sites\/5\/2025\/04\/22_vinga-konferens-lokaler-arken-3852-768x512.jpg 768w, https:\/\/arkenhotel.com\/wp-content\/uploads\/sites\/5\/2025\/04\/22_vinga-konferens-lokaler-arken-3852-1536x1024.jpg 1536w, https:\/\/arkenhotel.com\/wp-content\/uploads\/sites\/5\/2025\/04\/22_vinga-konferens-lokaler-arken-3852.jpg 1620w\" sizes=\"auto, (max-width: 900px) 100vw, 900px\" \/><\/figure>\n<\/div><\/swiper-slide><\/swiper-container><\/body><\/html>\n<\/div>\n<\/div>\n\n<p><\/p>\n            <\/div>\n         <\/div>\n      <\/div>\n         <div class=\" post-card\" data-post-id=\"30888\" data-post-slug=\"pater-noster\">\n                     <div class=\"image-wrapper\">\n               <img decoding=\"async\" src=\"https:\/\/arkenhotel.com\/wp-content\/uploads\/sites\/5\/2025\/04\/17_pater_noster-konferens-lokaler-arken-7520-7527-900x601.jpg\" srcset=\"https:\/\/arkenhotel.com\/wp-content\/uploads\/sites\/5\/2025\/04\/17_pater_noster-konferens-lokaler-arken-7520-7527-900x601.jpg 900w, https:\/\/arkenhotel.com\/wp-content\/uploads\/sites\/5\/2025\/04\/17_pater_noster-konferens-lokaler-arken-7520-7527-400x267.jpg 400w, https:\/\/arkenhotel.com\/wp-content\/uploads\/sites\/5\/2025\/04\/17_pater_noster-konferens-lokaler-arken-7520-7527-600x400.jpg 600w, https:\/\/arkenhotel.com\/wp-content\/uploads\/sites\/5\/2025\/04\/17_pater_noster-konferens-lokaler-arken-7520-7527-700x467.jpg 700w, https:\/\/arkenhotel.com\/wp-content\/uploads\/sites\/5\/2025\/04\/17_pater_noster-konferens-lokaler-arken-7520-7527-800x534.jpg 800w, https:\/\/arkenhotel.com\/wp-content\/uploads\/sites\/5\/2025\/04\/17_pater_noster-konferens-lokaler-arken-7520-7527-1000x667.jpg 1000w, https:\/\/arkenhotel.com\/wp-content\/uploads\/sites\/5\/2025\/04\/17_pater_noster-konferens-lokaler-arken-7520-7527-1100x734.jpg 1100w, https:\/\/arkenhotel.com\/wp-content\/uploads\/sites\/5\/2025\/04\/17_pater_noster-konferens-lokaler-arken-7520-7527-1280x854.jpg 1280w, https:\/\/arkenhotel.com\/wp-content\/uploads\/sites\/5\/2025\/04\/17_pater_noster-konferens-lokaler-arken-7520-7527-768x513.jpg 768w, https:\/\/arkenhotel.com\/wp-content\/uploads\/sites\/5\/2025\/04\/17_pater_noster-konferens-lokaler-arken-7520-7527-1536x1025.jpg 1536w, https:\/\/arkenhotel.com\/wp-content\/uploads\/sites\/5\/2025\/04\/17_pater_noster-konferens-lokaler-arken-7520-7527.jpg 1618w\" alt=\"PATER NOSTER\" class=\"\" \/>\n            <\/div>\n                  <div class=\"content-wrapper\">\n            <div class=\"post-title-capacity\">\n                                 <h3 class=\"wp-block-heading post-title\">PATER NOSTER<\/h3>\n                                                <p class=\"post-capacity\">60 pers.<\/p>\n                           <\/div>\n                           <p class=\"post-subheading\">Pater Noster has all the equipment you need for the conference. <\/p>\n                     <\/div>\n                     <div class=\"btn-wrapper\">\n               <button class=\"post-btn wp-block-button__link wp-element-button\">\n                  <div class=\"post-btn-closed\">\n                     Read more                     <svg width=\"10\" height=\"10\" viewBox=\"0 0 10 10\" fill=\"none\" xmlns=\"http:\/\/www.w3.org\/2000\/svg\">\n                        <path d=\"M10 2.66038L5 8L-4.8687e-07 2.66038L0.627207 2L5 6.66981L9.37279 2L10 2.66038Z\" fill=\"currentcolor\" \/>\n                     <\/svg>\n                  <\/div>\n                  <div class=\"post-btn-open\">\n                     Close                     <svg width=\"10\" height=\"10\" viewBox=\"0 0 10 10\" fill=\"none\" xmlns=\"http:\/\/www.w3.org\/2000\/svg\">\n                        <path d=\"M0.561192 10L0 9.43881L4.43881 5L0 0.561192L0.561192 0L5 4.43881L9.43881 0L10 0.561192L5.56119 5L10 9.43881L9.43881 10L5 5.56119L0.561192 10Z\" fill=\"currentcolor\" \/>\n                     <\/svg>\n                  <\/div>\n               <\/button>\n            <\/div>\n                  <div class=\"post-dropdown-content\" data-post-id=\"30888\">\n            <div class=\"post-dropdown-content-inner\">\n               \n<div class=\"wp-block-columns has-base-background-color has-background is-layout-flex wp-container-core-columns-is-layout-a864abb7 wp-block-columns-is-layout-flex\" style=\"padding-top:0;padding-right:0;padding-bottom:0;padding-left:0\">\n<div class=\"wp-block-column is-vertically-aligned-top has-small-font-size is-layout-flow wp-container-core-column-is-layout-6073293c wp-block-column-is-layout-flow\" style=\"flex-basis:500px\">\n<div class=\"wp-block-group is-content-justification-space-between is-nowrap is-layout-flex wp-container-core-group-is-layout-63c1e1a1 wp-block-group-is-layout-flex\">\n<h3 class=\"wp-block-heading\">PATER NOSTER<\/h3>\n\n\n\n<p class=\"has-contrast-color has-text-color has-link-color has-medium-font-size wp-elements-7a1745a2809503029a8fc7cf04fd8b30\">60 pers.<\/p>\n<\/div>\n\n\n\n<p>In Pater Noster you will find all the equipment you need for your conference. The room is equipped for maximum comfort, with ergonomic chairs, generous writing boards and adjustable lighting. <\/p>\n\n\n\n<div class=\"wp-block-buttons is-layout-flex wp-block-buttons-is-layout-flex\">\n<div class=\"wp-block-button\" style=\"--hover-background-color:var(--wp--preset--color--contrast);--hover-text-color:var(--wp--preset--color--base);--hover-border-color:var(--wp--preset--color--contrast);--active-background-color:var(--wp--preset--color--color-3);--active-text-color:var(--wp--preset--color--base);--active-border-color:var(--wp--preset--color--color-3);--focus-background-color:var(--wp--preset--color--contrast);--focus-text-color:var(--wp--preset--color--base);--focus-border-color:var(--wp--preset--color--contrast);--disabled-background-color:var(--wp--preset--color--color-2);--disabled-text-color:var(--wp--preset--color--black);--disabled-border-color:var(--wp--preset--color--color-2)\"><a class=\"wp-block-button__link wp-element-button\" href=\"https:\/\/arkenhotel.com\/en\/meetings-events\/venues\/#kontakt\">SEND A BOOKING INQUIRY<\/a><\/div>\n<\/div>\n\n\n\n<div class=\"wp-block-group is-vertical is-layout-flex wp-container-core-group-is-layout-9f8fc9c8 wp-block-group-is-layout-flex\">\n<p style=\"font-style:normal;font-weight:500\">Equipment on the premises:<\/p>\n\n\n\n<ul class=\"wp-block-list is-style-checklist is-style-checklist--5\">\n<li>Projector<\/li>\n\n\n\n<li>Loudspeakers<\/li>\n\n\n\n<li>Whiteboards<\/li>\n\n\n\n<li>Flipchart<\/li>\n\n\n\n<li>Fixed and wireless broadband access<\/li>\n<\/ul>\n<\/div>\n\n\n\n<div class=\"wp-block-group is-vertical is-layout-flex wp-container-core-group-is-layout-9f8fc9c8 wp-block-group-is-layout-flex\">\n<p style=\"font-style:normal;font-weight:500\">Facts:<\/p>\n\n\n\n<p class=\"has-x-small-font-size\">Surface area: 98 sqm<\/p>\n\n\n\n<p class=\"has-x-small-font-size\">Maximum number: 16-60 pers.<\/p>\n<\/div>\n\n\n\n<div class=\"wp-block-group is-vertical is-layout-flex wp-container-core-group-is-layout-9f8fc9c8 wp-block-group-is-layout-flex\">\n<p style=\"font-style:normal;font-weight:500\">Seatings:<\/p>\n\n\n\n<p class=\"has-x-small-font-size\">U-shaped seating &#8211; 16 pers. | Islands &#8211; 32 pers. | School seating &#8211; 30 pers.<br\/>Chairs in a circle &#8211; 30 pers. | Cinema seating &#8211; 60 pers. | Round tables &#8211; 30 pers.   <\/p>\n\n\n\n<p class=\"has-x-small-font-size\"><\/p>\n\n\n\n<p class=\"has-x-small-font-size\"><\/p>\n<\/div>\n<\/div>\n\n\n\n<div class=\"wp-block-column is-vertically-aligned-top is-layout-flow wp-block-column-is-layout-flow\" style=\"flex-basis:66.66%\"><div data-block-id=\"4e6a6933-c609-4c49-a87e-7b92feb82710\" class=\"wp-block-content-grid block-editor-block-list__block wp-block wp-block-tiburon-content-grid columns-l-1 columns-m-1 columns-s-1 layout-default slider-on-l slider-on-m slider-on-s column-gap-0\">\n   \n\n<div class=\"wp-block-group has-global-padding is-layout-constrained wp-container-core-group-is-layout-7db9d80f wp-block-group-is-layout-constrained\" style=\"padding-right:0;padding-left:0\">\n<figure class=\"wp-block-image size-large\"><img loading=\"lazy\" decoding=\"async\" width=\"900\" height=\"601\" src=\"https:\/\/arkenhotel.com\/wp-content\/uploads\/sites\/5\/2025\/04\/17_pater_noster-konferens-lokaler-arken-7520-7527-900x601.jpg\" alt=\"Pater Noster - conference room for up to 60 people\" class=\"wp-image-25845\" srcset=\"https:\/\/arkenhotel.com\/wp-content\/uploads\/sites\/5\/2025\/04\/17_pater_noster-konferens-lokaler-arken-7520-7527-900x601.jpg 900w, https:\/\/arkenhotel.com\/wp-content\/uploads\/sites\/5\/2025\/04\/17_pater_noster-konferens-lokaler-arken-7520-7527-400x267.jpg 400w, https:\/\/arkenhotel.com\/wp-content\/uploads\/sites\/5\/2025\/04\/17_pater_noster-konferens-lokaler-arken-7520-7527-600x400.jpg 600w, https:\/\/arkenhotel.com\/wp-content\/uploads\/sites\/5\/2025\/04\/17_pater_noster-konferens-lokaler-arken-7520-7527-700x467.jpg 700w, https:\/\/arkenhotel.com\/wp-content\/uploads\/sites\/5\/2025\/04\/17_pater_noster-konferens-lokaler-arken-7520-7527-800x534.jpg 800w, https:\/\/arkenhotel.com\/wp-content\/uploads\/sites\/5\/2025\/04\/17_pater_noster-konferens-lokaler-arken-7520-7527-1000x667.jpg 1000w, https:\/\/arkenhotel.com\/wp-content\/uploads\/sites\/5\/2025\/04\/17_pater_noster-konferens-lokaler-arken-7520-7527-1100x734.jpg 1100w, https:\/\/arkenhotel.com\/wp-content\/uploads\/sites\/5\/2025\/04\/17_pater_noster-konferens-lokaler-arken-7520-7527-1280x854.jpg 1280w, https:\/\/arkenhotel.com\/wp-content\/uploads\/sites\/5\/2025\/04\/17_pater_noster-konferens-lokaler-arken-7520-7527-768x513.jpg 768w, https:\/\/arkenhotel.com\/wp-content\/uploads\/sites\/5\/2025\/04\/17_pater_noster-konferens-lokaler-arken-7520-7527-1536x1025.jpg 1536w, https:\/\/arkenhotel.com\/wp-content\/uploads\/sites\/5\/2025\/04\/17_pater_noster-konferens-lokaler-arken-7520-7527.jpg 1618w\" sizes=\"auto, (max-width: 900px) 100vw, 900px\" \/><\/figure>\n<\/div>\n\n\n\n<div class=\"wp-block-group has-global-padding is-layout-constrained wp-container-core-group-is-layout-7db9d80f wp-block-group-is-layout-constrained\" style=\"padding-right:0;padding-left:0\">\n<figure class=\"wp-block-image size-large\"><img loading=\"lazy\" decoding=\"async\" width=\"900\" height=\"601\" src=\"https:\/\/arkenhotel.com\/wp-content\/uploads\/sites\/5\/2025\/04\/17_pater_noster-konferens-lokaler-arken-7520--900x601.jpg\" alt=\"Pater Noster - for larger conferences.\" class=\"wp-image-25844\" srcset=\"https:\/\/arkenhotel.com\/wp-content\/uploads\/sites\/5\/2025\/04\/17_pater_noster-konferens-lokaler-arken-7520--900x601.jpg 900w, https:\/\/arkenhotel.com\/wp-content\/uploads\/sites\/5\/2025\/04\/17_pater_noster-konferens-lokaler-arken-7520--400x267.jpg 400w, https:\/\/arkenhotel.com\/wp-content\/uploads\/sites\/5\/2025\/04\/17_pater_noster-konferens-lokaler-arken-7520--600x400.jpg 600w, https:\/\/arkenhotel.com\/wp-content\/uploads\/sites\/5\/2025\/04\/17_pater_noster-konferens-lokaler-arken-7520--700x467.jpg 700w, https:\/\/arkenhotel.com\/wp-content\/uploads\/sites\/5\/2025\/04\/17_pater_noster-konferens-lokaler-arken-7520--800x534.jpg 800w, https:\/\/arkenhotel.com\/wp-content\/uploads\/sites\/5\/2025\/04\/17_pater_noster-konferens-lokaler-arken-7520--1000x667.jpg 1000w, https:\/\/arkenhotel.com\/wp-content\/uploads\/sites\/5\/2025\/04\/17_pater_noster-konferens-lokaler-arken-7520--1100x734.jpg 1100w, https:\/\/arkenhotel.com\/wp-content\/uploads\/sites\/5\/2025\/04\/17_pater_noster-konferens-lokaler-arken-7520--1280x854.jpg 1280w, https:\/\/arkenhotel.com\/wp-content\/uploads\/sites\/5\/2025\/04\/17_pater_noster-konferens-lokaler-arken-7520--768x513.jpg 768w, https:\/\/arkenhotel.com\/wp-content\/uploads\/sites\/5\/2025\/04\/17_pater_noster-konferens-lokaler-arken-7520--1536x1025.jpg 1536w, https:\/\/arkenhotel.com\/wp-content\/uploads\/sites\/5\/2025\/04\/17_pater_noster-konferens-lokaler-arken-7520-.jpg 1618w\" sizes=\"auto, (max-width: 900px) 100vw, 900px\" \/><\/figure>\n<\/div>\n\n<\/div><!DOCTYPE html PUBLIC \"-\/\/W3C\/\/DTD HTML 4.0 Transitional\/\/EN\" \"http:\/\/www.w3.org\/TR\/REC-html40\/loose.dtd\">\n<html><body><swiper-container init=\"false\" data-slides-per-view-l=\"1\" data-slides-per-view-m=\"1\" data-slides-per-view-s=\"1\" data-show-next=\"\" data-width-auto=\"0\" data-columns-gap=\"0\" data-show-navigation=\"1\" pagination-type=\"fraction\" data-pagination-version=\"first\" data-nav-bg-color=\"var(--wp--preset--color--contrast)\" data-nav-arrow-color=\"var(--wp--preset--color--base)\" class=\"wp-block-content-grid-slider slider-l slider-m slider-s\"><swiper-slide><div class=\"wp-block-group has-global-padding is-layout-constrained wp-container-core-group-is-layout-7db9d80f wp-block-group-is-layout-constrained\" style=\"padding-right:0;padding-left:0\">\n<figure class=\"wp-block-image size-large\"><img loading=\"lazy\" decoding=\"async\" width=\"900\" height=\"601\" src=\"https:\/\/arkenhotel.com\/wp-content\/uploads\/sites\/5\/2025\/04\/17_pater_noster-konferens-lokaler-arken-7520-7527-900x601.jpg\" alt=\"Pater Noster - conference room for up to 60 people\" class=\"wp-image-25845\" srcset=\"https:\/\/arkenhotel.com\/wp-content\/uploads\/sites\/5\/2025\/04\/17_pater_noster-konferens-lokaler-arken-7520-7527-900x601.jpg 900w, https:\/\/arkenhotel.com\/wp-content\/uploads\/sites\/5\/2025\/04\/17_pater_noster-konferens-lokaler-arken-7520-7527-400x267.jpg 400w, https:\/\/arkenhotel.com\/wp-content\/uploads\/sites\/5\/2025\/04\/17_pater_noster-konferens-lokaler-arken-7520-7527-600x400.jpg 600w, https:\/\/arkenhotel.com\/wp-content\/uploads\/sites\/5\/2025\/04\/17_pater_noster-konferens-lokaler-arken-7520-7527-700x467.jpg 700w, https:\/\/arkenhotel.com\/wp-content\/uploads\/sites\/5\/2025\/04\/17_pater_noster-konferens-lokaler-arken-7520-7527-800x534.jpg 800w, https:\/\/arkenhotel.com\/wp-content\/uploads\/sites\/5\/2025\/04\/17_pater_noster-konferens-lokaler-arken-7520-7527-1000x667.jpg 1000w, https:\/\/arkenhotel.com\/wp-content\/uploads\/sites\/5\/2025\/04\/17_pater_noster-konferens-lokaler-arken-7520-7527-1100x734.jpg 1100w, https:\/\/arkenhotel.com\/wp-content\/uploads\/sites\/5\/2025\/04\/17_pater_noster-konferens-lokaler-arken-7520-7527-1280x854.jpg 1280w, https:\/\/arkenhotel.com\/wp-content\/uploads\/sites\/5\/2025\/04\/17_pater_noster-konferens-lokaler-arken-7520-7527-768x513.jpg 768w, https:\/\/arkenhotel.com\/wp-content\/uploads\/sites\/5\/2025\/04\/17_pater_noster-konferens-lokaler-arken-7520-7527-1536x1025.jpg 1536w, https:\/\/arkenhotel.com\/wp-content\/uploads\/sites\/5\/2025\/04\/17_pater_noster-konferens-lokaler-arken-7520-7527.jpg 1618w\" sizes=\"auto, (max-width: 900px) 100vw, 900px\" \/><\/figure>\n<\/div><\/swiper-slide><swiper-slide><div class=\"wp-block-group has-global-padding is-layout-constrained wp-container-core-group-is-layout-7db9d80f wp-block-group-is-layout-constrained\" style=\"padding-right:0;padding-left:0\">\n<figure class=\"wp-block-image size-large\"><img loading=\"lazy\" decoding=\"async\" width=\"900\" height=\"601\" src=\"https:\/\/arkenhotel.com\/wp-content\/uploads\/sites\/5\/2025\/04\/17_pater_noster-konferens-lokaler-arken-7520--900x601.jpg\" alt=\"Pater Noster - for larger conferences.\" class=\"wp-image-25844\" srcset=\"https:\/\/arkenhotel.com\/wp-content\/uploads\/sites\/5\/2025\/04\/17_pater_noster-konferens-lokaler-arken-7520--900x601.jpg 900w, https:\/\/arkenhotel.com\/wp-content\/uploads\/sites\/5\/2025\/04\/17_pater_noster-konferens-lokaler-arken-7520--400x267.jpg 400w, https:\/\/arkenhotel.com\/wp-content\/uploads\/sites\/5\/2025\/04\/17_pater_noster-konferens-lokaler-arken-7520--600x400.jpg 600w, https:\/\/arkenhotel.com\/wp-content\/uploads\/sites\/5\/2025\/04\/17_pater_noster-konferens-lokaler-arken-7520--700x467.jpg 700w, https:\/\/arkenhotel.com\/wp-content\/uploads\/sites\/5\/2025\/04\/17_pater_noster-konferens-lokaler-arken-7520--800x534.jpg 800w, https:\/\/arkenhotel.com\/wp-content\/uploads\/sites\/5\/2025\/04\/17_pater_noster-konferens-lokaler-arken-7520--1000x667.jpg 1000w, https:\/\/arkenhotel.com\/wp-content\/uploads\/sites\/5\/2025\/04\/17_pater_noster-konferens-lokaler-arken-7520--1100x734.jpg 1100w, https:\/\/arkenhotel.com\/wp-content\/uploads\/sites\/5\/2025\/04\/17_pater_noster-konferens-lokaler-arken-7520--1280x854.jpg 1280w, https:\/\/arkenhotel.com\/wp-content\/uploads\/sites\/5\/2025\/04\/17_pater_noster-konferens-lokaler-arken-7520--768x513.jpg 768w, https:\/\/arkenhotel.com\/wp-content\/uploads\/sites\/5\/2025\/04\/17_pater_noster-konferens-lokaler-arken-7520--1536x1025.jpg 1536w, https:\/\/arkenhotel.com\/wp-content\/uploads\/sites\/5\/2025\/04\/17_pater_noster-konferens-lokaler-arken-7520-.jpg 1618w\" sizes=\"auto, (max-width: 900px) 100vw, 900px\" \/><\/figure>\n<\/div><\/swiper-slide><\/swiper-container><\/body><\/html>\n<\/div>\n<\/div>\n\n<p><\/p>\n            <\/div>\n         <\/div>\n      <\/div>\n         <div class=\" post-card\" data-post-id=\"30895\" data-post-slug=\"tangen\">\n                     <div class=\"image-wrapper\">\n               <img decoding=\"async\" src=\"https:\/\/arkenhotel.com\/wp-content\/uploads\/sites\/5\/2025\/04\/18_tangen-konferens-lokaler-arken-7584-900x601.jpg\" srcset=\"https:\/\/arkenhotel.com\/wp-content\/uploads\/sites\/5\/2025\/04\/18_tangen-konferens-lokaler-arken-7584-900x601.jpg 900w, https:\/\/arkenhotel.com\/wp-content\/uploads\/sites\/5\/2025\/04\/18_tangen-konferens-lokaler-arken-7584-400x267.jpg 400w, https:\/\/arkenhotel.com\/wp-content\/uploads\/sites\/5\/2025\/04\/18_tangen-konferens-lokaler-arken-7584-600x400.jpg 600w, https:\/\/arkenhotel.com\/wp-content\/uploads\/sites\/5\/2025\/04\/18_tangen-konferens-lokaler-arken-7584-700x467.jpg 700w, https:\/\/arkenhotel.com\/wp-content\/uploads\/sites\/5\/2025\/04\/18_tangen-konferens-lokaler-arken-7584-800x534.jpg 800w, https:\/\/arkenhotel.com\/wp-content\/uploads\/sites\/5\/2025\/04\/18_tangen-konferens-lokaler-arken-7584-1000x667.jpg 1000w, https:\/\/arkenhotel.com\/wp-content\/uploads\/sites\/5\/2025\/04\/18_tangen-konferens-lokaler-arken-7584-1100x734.jpg 1100w, https:\/\/arkenhotel.com\/wp-content\/uploads\/sites\/5\/2025\/04\/18_tangen-konferens-lokaler-arken-7584-1280x854.jpg 1280w, https:\/\/arkenhotel.com\/wp-content\/uploads\/sites\/5\/2025\/04\/18_tangen-konferens-lokaler-arken-7584-768x513.jpg 768w, https:\/\/arkenhotel.com\/wp-content\/uploads\/sites\/5\/2025\/04\/18_tangen-konferens-lokaler-arken-7584-1536x1025.jpg 1536w, https:\/\/arkenhotel.com\/wp-content\/uploads\/sites\/5\/2025\/04\/18_tangen-konferens-lokaler-arken-7584.jpg 1618w\" alt=\"T\u00c5NGEN\" class=\"\" \/>\n            <\/div>\n                  <div class=\"content-wrapper\">\n            <div class=\"post-title-capacity\">\n                                 <h3 class=\"wp-block-heading post-title\">T\u00c5NGEN<\/h3>\n                                                <p class=\"post-capacity\">48 pers.<\/p>\n                           <\/div>\n                           <p class=\"post-subheading\">T\u00e5ngen has all the equipment you need for your conference.  <\/p>\n                     <\/div>\n                     <div class=\"btn-wrapper\">\n               <button class=\"post-btn wp-block-button__link wp-element-button\">\n                  <div class=\"post-btn-closed\">\n                     Read more                     <svg width=\"10\" height=\"10\" viewBox=\"0 0 10 10\" fill=\"none\" xmlns=\"http:\/\/www.w3.org\/2000\/svg\">\n                        <path d=\"M10 2.66038L5 8L-4.8687e-07 2.66038L0.627207 2L5 6.66981L9.37279 2L10 2.66038Z\" fill=\"currentcolor\" \/>\n                     <\/svg>\n                  <\/div>\n                  <div class=\"post-btn-open\">\n                     Close                     <svg width=\"10\" height=\"10\" viewBox=\"0 0 10 10\" fill=\"none\" xmlns=\"http:\/\/www.w3.org\/2000\/svg\">\n                        <path d=\"M0.561192 10L0 9.43881L4.43881 5L0 0.561192L0.561192 0L5 4.43881L9.43881 0L10 0.561192L5.56119 5L10 9.43881L9.43881 10L5 5.56119L0.561192 10Z\" fill=\"currentcolor\" \/>\n                     <\/svg>\n                  <\/div>\n               <\/button>\n            <\/div>\n                  <div class=\"post-dropdown-content\" data-post-id=\"30895\">\n            <div class=\"post-dropdown-content-inner\">\n               \n<div class=\"wp-block-columns has-base-background-color has-background is-layout-flex wp-container-core-columns-is-layout-a864abb7 wp-block-columns-is-layout-flex\" style=\"padding-top:0;padding-right:0;padding-bottom:0;padding-left:0\">\n<div class=\"wp-block-column is-vertically-aligned-top has-small-font-size is-layout-flow wp-container-core-column-is-layout-6073293c wp-block-column-is-layout-flow\" style=\"flex-basis:500px\">\n<div class=\"wp-block-group is-content-justification-space-between is-nowrap is-layout-flex wp-container-core-group-is-layout-63c1e1a1 wp-block-group-is-layout-flex\">\n<h3 class=\"wp-block-heading\">T\u00e5ngen<\/h3>\n\n\n\n<p class=\"has-contrast-color has-text-color has-link-color has-medium-font-size wp-elements-201579f8c175f13c44a310908eca1545\">48 pers.<\/p>\n<\/div>\n\n\n\n<p>In T\u00e5ngen you will find all the equipment you need for your conference. The room is equipped for maximum comfort, with ergonomic chairs, generous writing boards and adjustable lighting. <\/p>\n\n\n\n<div class=\"wp-block-buttons is-layout-flex wp-block-buttons-is-layout-flex\">\n<div class=\"wp-block-button\" style=\"--hover-background-color:var(--wp--preset--color--contrast);--hover-text-color:var(--wp--preset--color--base);--hover-border-color:var(--wp--preset--color--contrast);--active-background-color:var(--wp--preset--color--color-3);--active-text-color:var(--wp--preset--color--base);--active-border-color:var(--wp--preset--color--color-3);--focus-background-color:var(--wp--preset--color--contrast);--focus-text-color:var(--wp--preset--color--base);--focus-border-color:var(--wp--preset--color--contrast);--disabled-background-color:var(--wp--preset--color--color-2);--disabled-text-color:var(--wp--preset--color--black);--disabled-border-color:var(--wp--preset--color--color-2)\"><a class=\"wp-block-button__link wp-element-button\" href=\"https:\/\/arkenhotel.com\/en\/meetings-events\/venues\/#kontakt\">SEND A BOOKING INQUIRY<\/a><\/div>\n<\/div>\n\n\n\n<div class=\"wp-block-group is-vertical is-layout-flex wp-container-core-group-is-layout-9f8fc9c8 wp-block-group-is-layout-flex\">\n<p style=\"font-style:normal;font-weight:500\">Equipment on the premises:<\/p>\n\n\n\n<ul class=\"wp-block-list is-style-checklist is-style-checklist--6\">\n<li>Projector<\/li>\n\n\n\n<li>Loudspeakers<\/li>\n\n\n\n<li>Whiteboards<\/li>\n\n\n\n<li>Flipchart<\/li>\n\n\n\n<li>Fixed and wireless broadband access<\/li>\n<\/ul>\n<\/div>\n\n\n\n<div class=\"wp-block-group is-vertical is-layout-flex wp-container-core-group-is-layout-9f8fc9c8 wp-block-group-is-layout-flex\">\n<p style=\"font-style:normal;font-weight:500\">Facts:<\/p>\n\n\n\n<p class=\"has-x-small-font-size\">Surface area: 91 sqm<\/p>\n\n\n\n<p class=\"has-x-small-font-size\">Maximum number: 14-48 pers.<\/p>\n<\/div>\n\n\n\n<div class=\"wp-block-group is-vertical is-layout-flex wp-container-core-group-is-layout-9f8fc9c8 wp-block-group-is-layout-flex\">\n<p style=\"font-style:normal;font-weight:500\">Seatings:<\/p>\n\n\n\n<p class=\"has-x-small-font-size\">U-seating &#8211; 14 pers. | Islands &#8211; 24 pers. | School seating &#8211; 24 pers. | Chairs in a circle &#8211; 26 pers. | Cinema seating &#8211; 48 pers. | Round tables &#8211; 30 pers.    <\/p>\n\n\n\n<p class=\"has-x-small-font-size\"><\/p>\n\n\n\n<p class=\"has-x-small-font-size\"><\/p>\n<\/div>\n<\/div>\n\n\n\n<div class=\"wp-block-column is-vertically-aligned-top is-layout-flow wp-block-column-is-layout-flow\" style=\"flex-basis:66.66%\"><div data-block-id=\"4e6a6933-c609-4c49-a87e-7b92feb82710\" class=\"wp-block-content-grid block-editor-block-list__block wp-block wp-block-tiburon-content-grid columns-l-1 columns-m-1 columns-s-1 layout-default slider-on-l slider-on-m slider-on-s column-gap-0\">\n   \n\n<div class=\"wp-block-group has-global-padding is-layout-constrained wp-container-core-group-is-layout-7db9d80f wp-block-group-is-layout-constrained\" style=\"padding-right:0;padding-left:0\">\n<figure class=\"wp-block-image size-large\"><img loading=\"lazy\" decoding=\"async\" width=\"900\" height=\"601\" src=\"https:\/\/arkenhotel.com\/wp-content\/uploads\/sites\/5\/2025\/04\/18_tangen-konferens-lokaler-arken-7579-900x601.jpg\" alt=\"T&#xE5;ngen - conference room for up to 48 people\" class=\"wp-image-25848\" srcset=\"https:\/\/arkenhotel.com\/wp-content\/uploads\/sites\/5\/2025\/04\/18_tangen-konferens-lokaler-arken-7579-900x601.jpg 900w, https:\/\/arkenhotel.com\/wp-content\/uploads\/sites\/5\/2025\/04\/18_tangen-konferens-lokaler-arken-7579-400x267.jpg 400w, https:\/\/arkenhotel.com\/wp-content\/uploads\/sites\/5\/2025\/04\/18_tangen-konferens-lokaler-arken-7579-600x400.jpg 600w, https:\/\/arkenhotel.com\/wp-content\/uploads\/sites\/5\/2025\/04\/18_tangen-konferens-lokaler-arken-7579-700x467.jpg 700w, https:\/\/arkenhotel.com\/wp-content\/uploads\/sites\/5\/2025\/04\/18_tangen-konferens-lokaler-arken-7579-800x534.jpg 800w, https:\/\/arkenhotel.com\/wp-content\/uploads\/sites\/5\/2025\/04\/18_tangen-konferens-lokaler-arken-7579-1000x667.jpg 1000w, https:\/\/arkenhotel.com\/wp-content\/uploads\/sites\/5\/2025\/04\/18_tangen-konferens-lokaler-arken-7579-1100x734.jpg 1100w, https:\/\/arkenhotel.com\/wp-content\/uploads\/sites\/5\/2025\/04\/18_tangen-konferens-lokaler-arken-7579-1280x854.jpg 1280w, https:\/\/arkenhotel.com\/wp-content\/uploads\/sites\/5\/2025\/04\/18_tangen-konferens-lokaler-arken-7579-768x513.jpg 768w, https:\/\/arkenhotel.com\/wp-content\/uploads\/sites\/5\/2025\/04\/18_tangen-konferens-lokaler-arken-7579-1536x1025.jpg 1536w, https:\/\/arkenhotel.com\/wp-content\/uploads\/sites\/5\/2025\/04\/18_tangen-konferens-lokaler-arken-7579.jpg 1618w\" sizes=\"auto, (max-width: 900px) 100vw, 900px\" \/><\/figure>\n<\/div>\n\n\n\n<div class=\"wp-block-group has-global-padding is-layout-constrained wp-container-core-group-is-layout-7db9d80f wp-block-group-is-layout-constrained\" style=\"padding-right:0;padding-left:0\">\n<figure class=\"wp-block-image size-large\"><img loading=\"lazy\" decoding=\"async\" width=\"900\" height=\"601\" src=\"https:\/\/arkenhotel.com\/wp-content\/uploads\/sites\/5\/2025\/04\/18_tangen-konferens-lokaler-arken-7578-900x601.jpg\" alt=\"T&#xE5;ngen conference room at Arken Hotel &amp;amp; Art Garden Spa\" class=\"wp-image-25847\" srcset=\"https:\/\/arkenhotel.com\/wp-content\/uploads\/sites\/5\/2025\/04\/18_tangen-konferens-lokaler-arken-7578-900x601.jpg 900w, https:\/\/arkenhotel.com\/wp-content\/uploads\/sites\/5\/2025\/04\/18_tangen-konferens-lokaler-arken-7578-400x267.jpg 400w, https:\/\/arkenhotel.com\/wp-content\/uploads\/sites\/5\/2025\/04\/18_tangen-konferens-lokaler-arken-7578-600x401.jpg 600w, https:\/\/arkenhotel.com\/wp-content\/uploads\/sites\/5\/2025\/04\/18_tangen-konferens-lokaler-arken-7578-700x467.jpg 700w, https:\/\/arkenhotel.com\/wp-content\/uploads\/sites\/5\/2025\/04\/18_tangen-konferens-lokaler-arken-7578-800x534.jpg 800w, https:\/\/arkenhotel.com\/wp-content\/uploads\/sites\/5\/2025\/04\/18_tangen-konferens-lokaler-arken-7578-1000x668.jpg 1000w, https:\/\/arkenhotel.com\/wp-content\/uploads\/sites\/5\/2025\/04\/18_tangen-konferens-lokaler-arken-7578-1100x734.jpg 1100w, https:\/\/arkenhotel.com\/wp-content\/uploads\/sites\/5\/2025\/04\/18_tangen-konferens-lokaler-arken-7578-1280x855.jpg 1280w, https:\/\/arkenhotel.com\/wp-content\/uploads\/sites\/5\/2025\/04\/18_tangen-konferens-lokaler-arken-7578-1920x1282.jpg 1920w, https:\/\/arkenhotel.com\/wp-content\/uploads\/sites\/5\/2025\/04\/18_tangen-konferens-lokaler-arken-7578-768x513.jpg 768w, https:\/\/arkenhotel.com\/wp-content\/uploads\/sites\/5\/2025\/04\/18_tangen-konferens-lokaler-arken-7578-1536x1026.jpg 1536w, https:\/\/arkenhotel.com\/wp-content\/uploads\/sites\/5\/2025\/04\/18_tangen-konferens-lokaler-arken-7578-2048x1367.jpg 2048w, https:\/\/arkenhotel.com\/wp-content\/uploads\/sites\/5\/2025\/04\/18_tangen-konferens-lokaler-arken-7578-scaled.jpg 1617w\" sizes=\"auto, (max-width: 900px) 100vw, 900px\" \/><\/figure>\n<\/div>\n\n\n\n<div class=\"wp-block-group has-global-padding is-layout-constrained wp-container-core-group-is-layout-7db9d80f wp-block-group-is-layout-constrained\" style=\"padding-right:0;padding-left:0\">\n<figure class=\"wp-block-image size-large\"><img loading=\"lazy\" decoding=\"async\" width=\"900\" height=\"601\" src=\"https:\/\/arkenhotel.com\/wp-content\/uploads\/sites\/5\/2025\/04\/18_tangen-konferens-lokaler-arken-7581-900x601.jpg\" alt=\"T&#xE5;ngen conference room\" class=\"wp-image-25849\" srcset=\"https:\/\/arkenhotel.com\/wp-content\/uploads\/sites\/5\/2025\/04\/18_tangen-konferens-lokaler-arken-7581-900x601.jpg 900w, https:\/\/arkenhotel.com\/wp-content\/uploads\/sites\/5\/2025\/04\/18_tangen-konferens-lokaler-arken-7581-400x267.jpg 400w, https:\/\/arkenhotel.com\/wp-content\/uploads\/sites\/5\/2025\/04\/18_tangen-konferens-lokaler-arken-7581-600x400.jpg 600w, https:\/\/arkenhotel.com\/wp-content\/uploads\/sites\/5\/2025\/04\/18_tangen-konferens-lokaler-arken-7581-700x467.jpg 700w, https:\/\/arkenhotel.com\/wp-content\/uploads\/sites\/5\/2025\/04\/18_tangen-konferens-lokaler-arken-7581-800x534.jpg 800w, https:\/\/arkenhotel.com\/wp-content\/uploads\/sites\/5\/2025\/04\/18_tangen-konferens-lokaler-arken-7581-1000x667.jpg 1000w, https:\/\/arkenhotel.com\/wp-content\/uploads\/sites\/5\/2025\/04\/18_tangen-konferens-lokaler-arken-7581-1100x734.jpg 1100w, https:\/\/arkenhotel.com\/wp-content\/uploads\/sites\/5\/2025\/04\/18_tangen-konferens-lokaler-arken-7581-1280x854.jpg 1280w, https:\/\/arkenhotel.com\/wp-content\/uploads\/sites\/5\/2025\/04\/18_tangen-konferens-lokaler-arken-7581-768x513.jpg 768w, https:\/\/arkenhotel.com\/wp-content\/uploads\/sites\/5\/2025\/04\/18_tangen-konferens-lokaler-arken-7581-1536x1025.jpg 1536w, https:\/\/arkenhotel.com\/wp-content\/uploads\/sites\/5\/2025\/04\/18_tangen-konferens-lokaler-arken-7581.jpg 1618w\" sizes=\"auto, (max-width: 900px) 100vw, 900px\" \/><\/figure>\n<\/div>\n\n\n\n<div class=\"wp-block-group has-global-padding is-layout-constrained wp-container-core-group-is-layout-7db9d80f wp-block-group-is-layout-constrained\" style=\"padding-right:0;padding-left:0\">\n<figure class=\"wp-block-image size-large\"><img loading=\"lazy\" decoding=\"async\" width=\"900\" height=\"600\" src=\"https:\/\/arkenhotel.com\/wp-content\/uploads\/sites\/5\/2025\/10\/konferens-arken-hotell--900x600.jpg\" alt=\"Taking notes at the conference\" class=\"wp-image-26048\" srcset=\"https:\/\/arkenhotel.com\/wp-content\/uploads\/sites\/5\/2025\/10\/konferens-arken-hotell--900x600.jpg 900w, https:\/\/arkenhotel.com\/wp-content\/uploads\/sites\/5\/2025\/10\/konferens-arken-hotell--400x267.jpg 400w, https:\/\/arkenhotel.com\/wp-content\/uploads\/sites\/5\/2025\/10\/konferens-arken-hotell--600x400.jpg 600w, https:\/\/arkenhotel.com\/wp-content\/uploads\/sites\/5\/2025\/10\/konferens-arken-hotell--700x467.jpg 700w, https:\/\/arkenhotel.com\/wp-content\/uploads\/sites\/5\/2025\/10\/konferens-arken-hotell--800x533.jpg 800w, https:\/\/arkenhotel.com\/wp-content\/uploads\/sites\/5\/2025\/10\/konferens-arken-hotell--1000x667.jpg 1000w, https:\/\/arkenhotel.com\/wp-content\/uploads\/sites\/5\/2025\/10\/konferens-arken-hotell--1100x733.jpg 1100w, https:\/\/arkenhotel.com\/wp-content\/uploads\/sites\/5\/2025\/10\/konferens-arken-hotell--1280x853.jpg 1280w, https:\/\/arkenhotel.com\/wp-content\/uploads\/sites\/5\/2025\/10\/konferens-arken-hotell--768x512.jpg 768w, https:\/\/arkenhotel.com\/wp-content\/uploads\/sites\/5\/2025\/10\/konferens-arken-hotell--1536x1024.jpg 1536w, https:\/\/arkenhotel.com\/wp-content\/uploads\/sites\/5\/2025\/10\/konferens-arken-hotell-.jpg 1620w\" sizes=\"auto, (max-width: 900px) 100vw, 900px\" \/><\/figure>\n<\/div>\n\n<\/div><!DOCTYPE html PUBLIC \"-\/\/W3C\/\/DTD HTML 4.0 Transitional\/\/EN\" \"http:\/\/www.w3.org\/TR\/REC-html40\/loose.dtd\">\n<html><body><swiper-container init=\"false\" data-slides-per-view-l=\"1\" data-slides-per-view-m=\"1\" data-slides-per-view-s=\"1\" data-show-next=\"\" data-width-auto=\"0\" data-columns-gap=\"0\" data-show-navigation=\"1\" pagination-type=\"fraction\" data-pagination-version=\"first\" data-nav-bg-color=\"var(--wp--preset--color--contrast)\" data-nav-arrow-color=\"var(--wp--preset--color--base)\" class=\"wp-block-content-grid-slider slider-l slider-m slider-s\"><swiper-slide><div class=\"wp-block-group has-global-padding is-layout-constrained wp-container-core-group-is-layout-7db9d80f wp-block-group-is-layout-constrained\" style=\"padding-right:0;padding-left:0\">\n<figure class=\"wp-block-image size-large\"><img loading=\"lazy\" decoding=\"async\" width=\"900\" height=\"601\" src=\"https:\/\/arkenhotel.com\/wp-content\/uploads\/sites\/5\/2025\/04\/18_tangen-konferens-lokaler-arken-7579-900x601.jpg\" alt=\"T&aring;ngen - conference room for up to 48 people\" class=\"wp-image-25848\" srcset=\"https:\/\/arkenhotel.com\/wp-content\/uploads\/sites\/5\/2025\/04\/18_tangen-konferens-lokaler-arken-7579-900x601.jpg 900w, https:\/\/arkenhotel.com\/wp-content\/uploads\/sites\/5\/2025\/04\/18_tangen-konferens-lokaler-arken-7579-400x267.jpg 400w, https:\/\/arkenhotel.com\/wp-content\/uploads\/sites\/5\/2025\/04\/18_tangen-konferens-lokaler-arken-7579-600x400.jpg 600w, https:\/\/arkenhotel.com\/wp-content\/uploads\/sites\/5\/2025\/04\/18_tangen-konferens-lokaler-arken-7579-700x467.jpg 700w, https:\/\/arkenhotel.com\/wp-content\/uploads\/sites\/5\/2025\/04\/18_tangen-konferens-lokaler-arken-7579-800x534.jpg 800w, https:\/\/arkenhotel.com\/wp-content\/uploads\/sites\/5\/2025\/04\/18_tangen-konferens-lokaler-arken-7579-1000x667.jpg 1000w, https:\/\/arkenhotel.com\/wp-content\/uploads\/sites\/5\/2025\/04\/18_tangen-konferens-lokaler-arken-7579-1100x734.jpg 1100w, https:\/\/arkenhotel.com\/wp-content\/uploads\/sites\/5\/2025\/04\/18_tangen-konferens-lokaler-arken-7579-1280x854.jpg 1280w, https:\/\/arkenhotel.com\/wp-content\/uploads\/sites\/5\/2025\/04\/18_tangen-konferens-lokaler-arken-7579-768x513.jpg 768w, https:\/\/arkenhotel.com\/wp-content\/uploads\/sites\/5\/2025\/04\/18_tangen-konferens-lokaler-arken-7579-1536x1025.jpg 1536w, https:\/\/arkenhotel.com\/wp-content\/uploads\/sites\/5\/2025\/04\/18_tangen-konferens-lokaler-arken-7579.jpg 1618w\" sizes=\"auto, (max-width: 900px) 100vw, 900px\" \/><\/figure>\n<\/div><\/swiper-slide><swiper-slide><div class=\"wp-block-group has-global-padding is-layout-constrained wp-container-core-group-is-layout-7db9d80f wp-block-group-is-layout-constrained\" style=\"padding-right:0;padding-left:0\">\n<figure class=\"wp-block-image size-large\"><img loading=\"lazy\" decoding=\"async\" width=\"900\" height=\"601\" src=\"https:\/\/arkenhotel.com\/wp-content\/uploads\/sites\/5\/2025\/04\/18_tangen-konferens-lokaler-arken-7578-900x601.jpg\" alt=\"T&aring;ngen conference room at Arken Hotel &amp;amp; Art Garden Spa\" class=\"wp-image-25847\" srcset=\"https:\/\/arkenhotel.com\/wp-content\/uploads\/sites\/5\/2025\/04\/18_tangen-konferens-lokaler-arken-7578-900x601.jpg 900w, https:\/\/arkenhotel.com\/wp-content\/uploads\/sites\/5\/2025\/04\/18_tangen-konferens-lokaler-arken-7578-400x267.jpg 400w, https:\/\/arkenhotel.com\/wp-content\/uploads\/sites\/5\/2025\/04\/18_tangen-konferens-lokaler-arken-7578-600x401.jpg 600w, https:\/\/arkenhotel.com\/wp-content\/uploads\/sites\/5\/2025\/04\/18_tangen-konferens-lokaler-arken-7578-700x467.jpg 700w, https:\/\/arkenhotel.com\/wp-content\/uploads\/sites\/5\/2025\/04\/18_tangen-konferens-lokaler-arken-7578-800x534.jpg 800w, https:\/\/arkenhotel.com\/wp-content\/uploads\/sites\/5\/2025\/04\/18_tangen-konferens-lokaler-arken-7578-1000x668.jpg 1000w, https:\/\/arkenhotel.com\/wp-content\/uploads\/sites\/5\/2025\/04\/18_tangen-konferens-lokaler-arken-7578-1100x734.jpg 1100w, https:\/\/arkenhotel.com\/wp-content\/uploads\/sites\/5\/2025\/04\/18_tangen-konferens-lokaler-arken-7578-1280x855.jpg 1280w, https:\/\/arkenhotel.com\/wp-content\/uploads\/sites\/5\/2025\/04\/18_tangen-konferens-lokaler-arken-7578-1920x1282.jpg 1920w, https:\/\/arkenhotel.com\/wp-content\/uploads\/sites\/5\/2025\/04\/18_tangen-konferens-lokaler-arken-7578-768x513.jpg 768w, https:\/\/arkenhotel.com\/wp-content\/uploads\/sites\/5\/2025\/04\/18_tangen-konferens-lokaler-arken-7578-1536x1026.jpg 1536w, https:\/\/arkenhotel.com\/wp-content\/uploads\/sites\/5\/2025\/04\/18_tangen-konferens-lokaler-arken-7578-2048x1367.jpg 2048w, https:\/\/arkenhotel.com\/wp-content\/uploads\/sites\/5\/2025\/04\/18_tangen-konferens-lokaler-arken-7578-scaled.jpg 1617w\" sizes=\"auto, (max-width: 900px) 100vw, 900px\" \/><\/figure>\n<\/div><\/swiper-slide><swiper-slide><div class=\"wp-block-group has-global-padding is-layout-constrained wp-container-core-group-is-layout-7db9d80f wp-block-group-is-layout-constrained\" style=\"padding-right:0;padding-left:0\">\n<figure class=\"wp-block-image size-large\"><img loading=\"lazy\" decoding=\"async\" width=\"900\" height=\"601\" src=\"https:\/\/arkenhotel.com\/wp-content\/uploads\/sites\/5\/2025\/04\/18_tangen-konferens-lokaler-arken-7581-900x601.jpg\" alt=\"T&aring;ngen conference room\" class=\"wp-image-25849\" srcset=\"https:\/\/arkenhotel.com\/wp-content\/uploads\/sites\/5\/2025\/04\/18_tangen-konferens-lokaler-arken-7581-900x601.jpg 900w, https:\/\/arkenhotel.com\/wp-content\/uploads\/sites\/5\/2025\/04\/18_tangen-konferens-lokaler-arken-7581-400x267.jpg 400w, https:\/\/arkenhotel.com\/wp-content\/uploads\/sites\/5\/2025\/04\/18_tangen-konferens-lokaler-arken-7581-600x400.jpg 600w, https:\/\/arkenhotel.com\/wp-content\/uploads\/sites\/5\/2025\/04\/18_tangen-konferens-lokaler-arken-7581-700x467.jpg 700w, https:\/\/arkenhotel.com\/wp-content\/uploads\/sites\/5\/2025\/04\/18_tangen-konferens-lokaler-arken-7581-800x534.jpg 800w, https:\/\/arkenhotel.com\/wp-content\/uploads\/sites\/5\/2025\/04\/18_tangen-konferens-lokaler-arken-7581-1000x667.jpg 1000w, https:\/\/arkenhotel.com\/wp-content\/uploads\/sites\/5\/2025\/04\/18_tangen-konferens-lokaler-arken-7581-1100x734.jpg 1100w, https:\/\/arkenhotel.com\/wp-content\/uploads\/sites\/5\/2025\/04\/18_tangen-konferens-lokaler-arken-7581-1280x854.jpg 1280w, https:\/\/arkenhotel.com\/wp-content\/uploads\/sites\/5\/2025\/04\/18_tangen-konferens-lokaler-arken-7581-768x513.jpg 768w, https:\/\/arkenhotel.com\/wp-content\/uploads\/sites\/5\/2025\/04\/18_tangen-konferens-lokaler-arken-7581-1536x1025.jpg 1536w, https:\/\/arkenhotel.com\/wp-content\/uploads\/sites\/5\/2025\/04\/18_tangen-konferens-lokaler-arken-7581.jpg 1618w\" sizes=\"auto, (max-width: 900px) 100vw, 900px\" \/><\/figure>\n<\/div><\/swiper-slide><swiper-slide><div class=\"wp-block-group has-global-padding is-layout-constrained wp-container-core-group-is-layout-7db9d80f wp-block-group-is-layout-constrained\" style=\"padding-right:0;padding-left:0\">\n<figure class=\"wp-block-image size-large\"><img loading=\"lazy\" decoding=\"async\" width=\"900\" height=\"600\" src=\"https:\/\/arkenhotel.com\/wp-content\/uploads\/sites\/5\/2025\/10\/konferens-arken-hotell--900x600.jpg\" alt=\"Taking notes at the conference\" class=\"wp-image-26048\" srcset=\"https:\/\/arkenhotel.com\/wp-content\/uploads\/sites\/5\/2025\/10\/konferens-arken-hotell--900x600.jpg 900w, https:\/\/arkenhotel.com\/wp-content\/uploads\/sites\/5\/2025\/10\/konferens-arken-hotell--400x267.jpg 400w, https:\/\/arkenhotel.com\/wp-content\/uploads\/sites\/5\/2025\/10\/konferens-arken-hotell--600x400.jpg 600w, https:\/\/arkenhotel.com\/wp-content\/uploads\/sites\/5\/2025\/10\/konferens-arken-hotell--700x467.jpg 700w, https:\/\/arkenhotel.com\/wp-content\/uploads\/sites\/5\/2025\/10\/konferens-arken-hotell--800x533.jpg 800w, https:\/\/arkenhotel.com\/wp-content\/uploads\/sites\/5\/2025\/10\/konferens-arken-hotell--1000x667.jpg 1000w, https:\/\/arkenhotel.com\/wp-content\/uploads\/sites\/5\/2025\/10\/konferens-arken-hotell--1100x733.jpg 1100w, https:\/\/arkenhotel.com\/wp-content\/uploads\/sites\/5\/2025\/10\/konferens-arken-hotell--1280x853.jpg 1280w, https:\/\/arkenhotel.com\/wp-content\/uploads\/sites\/5\/2025\/10\/konferens-arken-hotell--768x512.jpg 768w, https:\/\/arkenhotel.com\/wp-content\/uploads\/sites\/5\/2025\/10\/konferens-arken-hotell--1536x1024.jpg 1536w, https:\/\/arkenhotel.com\/wp-content\/uploads\/sites\/5\/2025\/10\/konferens-arken-hotell-.jpg 1620w\" sizes=\"auto, (max-width: 900px) 100vw, 900px\" \/><\/figure>\n<\/div><\/swiper-slide><\/swiper-container><\/body><\/html>\n<\/div>\n<\/div>\n\n<p><\/p>\n            <\/div>\n         <\/div>\n      <\/div>\n         <div class=\" post-card\" data-post-id=\"30924\" data-post-slug=\"bojen\">\n                     <div class=\"image-wrapper\">\n               <img decoding=\"async\" src=\"https:\/\/arkenhotel.com\/wp-content\/uploads\/sites\/5\/2025\/04\/02_bojen-konferens-lokal-arken-hotell-spa-6560-900x601.jpg\" srcset=\"https:\/\/arkenhotel.com\/wp-content\/uploads\/sites\/5\/2025\/04\/02_bojen-konferens-lokal-arken-hotell-spa-6560-900x601.jpg 900w, https:\/\/arkenhotel.com\/wp-content\/uploads\/sites\/5\/2025\/04\/02_bojen-konferens-lokal-arken-hotell-spa-6560-400x267.jpg 400w, https:\/\/arkenhotel.com\/wp-content\/uploads\/sites\/5\/2025\/04\/02_bojen-konferens-lokal-arken-hotell-spa-6560-600x400.jpg 600w, https:\/\/arkenhotel.com\/wp-content\/uploads\/sites\/5\/2025\/04\/02_bojen-konferens-lokal-arken-hotell-spa-6560-700x467.jpg 700w, https:\/\/arkenhotel.com\/wp-content\/uploads\/sites\/5\/2025\/04\/02_bojen-konferens-lokal-arken-hotell-spa-6560-800x534.jpg 800w, https:\/\/arkenhotel.com\/wp-content\/uploads\/sites\/5\/2025\/04\/02_bojen-konferens-lokal-arken-hotell-spa-6560-1000x667.jpg 1000w, https:\/\/arkenhotel.com\/wp-content\/uploads\/sites\/5\/2025\/04\/02_bojen-konferens-lokal-arken-hotell-spa-6560-1100x734.jpg 1100w, https:\/\/arkenhotel.com\/wp-content\/uploads\/sites\/5\/2025\/04\/02_bojen-konferens-lokal-arken-hotell-spa-6560-1280x854.jpg 1280w, https:\/\/arkenhotel.com\/wp-content\/uploads\/sites\/5\/2025\/04\/02_bojen-konferens-lokal-arken-hotell-spa-6560-768x513.jpg 768w, https:\/\/arkenhotel.com\/wp-content\/uploads\/sites\/5\/2025\/04\/02_bojen-konferens-lokal-arken-hotell-spa-6560-1536x1025.jpg 1536w, https:\/\/arkenhotel.com\/wp-content\/uploads\/sites\/5\/2025\/04\/02_bojen-konferens-lokal-arken-hotell-spa-6560.jpg 1618w\" alt=\"BOJEN\" class=\"\" \/>\n            <\/div>\n                  <div class=\"content-wrapper\">\n            <div class=\"post-title-capacity\">\n                                 <h3 class=\"wp-block-heading post-title\">BOJEN<\/h3>\n                                                <p class=\"post-capacity\">40 pers.<\/p>\n                           <\/div>\n                           <p class=\"post-subheading\">A conference room for maximum comfort with windows and a door to our atrium.  <\/p>\n                     <\/div>\n                     <div class=\"btn-wrapper\">\n               <button class=\"post-btn wp-block-button__link wp-element-button\">\n                  <div class=\"post-btn-closed\">\n                     Read more                     <svg width=\"10\" height=\"10\" viewBox=\"0 0 10 10\" fill=\"none\" xmlns=\"http:\/\/www.w3.org\/2000\/svg\">\n                        <path d=\"M10 2.66038L5 8L-4.8687e-07 2.66038L0.627207 2L5 6.66981L9.37279 2L10 2.66038Z\" fill=\"currentcolor\" \/>\n                     <\/svg>\n                  <\/div>\n                  <div class=\"post-btn-open\">\n                     Close                     <svg width=\"10\" height=\"10\" viewBox=\"0 0 10 10\" fill=\"none\" xmlns=\"http:\/\/www.w3.org\/2000\/svg\">\n                        <path d=\"M0.561192 10L0 9.43881L4.43881 5L0 0.561192L0.561192 0L5 4.43881L9.43881 0L10 0.561192L5.56119 5L10 9.43881L9.43881 10L5 5.56119L0.561192 10Z\" fill=\"currentcolor\" \/>\n                     <\/svg>\n                  <\/div>\n               <\/button>\n            <\/div>\n                  <div class=\"post-dropdown-content\" data-post-id=\"30924\">\n            <div class=\"post-dropdown-content-inner\">\n               \n<div class=\"wp-block-columns has-base-background-color has-background is-layout-flex wp-container-core-columns-is-layout-a864abb7 wp-block-columns-is-layout-flex\" style=\"padding-top:0;padding-right:0;padding-bottom:0;padding-left:0\">\n<div class=\"wp-block-column is-vertically-aligned-top has-small-font-size is-layout-flow wp-container-core-column-is-layout-6073293c wp-block-column-is-layout-flow\" style=\"flex-basis:500px\">\n<div class=\"wp-block-group is-content-justification-space-between is-nowrap is-layout-flex wp-container-core-group-is-layout-63c1e1a1 wp-block-group-is-layout-flex\">\n<h3 class=\"wp-block-heading\">BOJEN<\/h3>\n\n\n\n<p class=\"has-contrast-color has-text-color has-link-color has-medium-font-size wp-elements-491cfdeb256877ab8cf5c7efcf72115a\">40 pers.<\/p>\n<\/div>\n\n\n\n<p>In Bojen you will find all the equipment you need for your conference. The room is equipped for maximum comfort, with ergonomic chairs, generous writing boards and adjustable lighting. Fixed broadband connection and standard technology such as computer projectors, speakers and more.    <\/p>\n\n\n\n<div class=\"wp-block-buttons is-layout-flex wp-block-buttons-is-layout-flex\">\n<div class=\"wp-block-button\" style=\"--hover-background-color:var(--wp--preset--color--contrast);--hover-text-color:var(--wp--preset--color--base);--hover-border-color:var(--wp--preset--color--contrast);--active-background-color:var(--wp--preset--color--color-3);--active-text-color:var(--wp--preset--color--base);--active-border-color:var(--wp--preset--color--color-3);--focus-background-color:var(--wp--preset--color--contrast);--focus-text-color:var(--wp--preset--color--base);--focus-border-color:var(--wp--preset--color--contrast);--disabled-background-color:var(--wp--preset--color--color-2);--disabled-text-color:var(--wp--preset--color--black);--disabled-border-color:var(--wp--preset--color--color-2)\"><a class=\"wp-block-button__link wp-element-button\" href=\"https:\/\/arkenhotel.com\/en\/meetings-events\/venues\/#kontakt\">SEND A BOOKING INQUIRY<\/a><\/div>\n<\/div>\n\n\n\n<div class=\"wp-block-group is-vertical is-layout-flex wp-container-core-group-is-layout-9f8fc9c8 wp-block-group-is-layout-flex\">\n<p style=\"font-style:normal;font-weight:500\">Equipment on the premises:<\/p>\n\n\n\n<ul class=\"wp-block-list is-style-checklist is-style-checklist--7\">\n<li>Projector<\/li>\n\n\n\n<li>Flipchart<\/li>\n\n\n\n<li>Whiteboards<\/li>\n\n\n\n<li>Fixed and wireless broadband access<\/li>\n\n\n\n<li>Window and door to orangery<\/li>\n<\/ul>\n<\/div>\n\n\n\n<div class=\"wp-block-group is-vertical is-layout-flex wp-container-core-group-is-layout-9f8fc9c8 wp-block-group-is-layout-flex\">\n<p style=\"font-style:normal;font-weight:500\">Facts:<\/p>\n\n\n\n<p class=\"has-x-small-font-size\">Surface area: 55 sqm<\/p>\n\n\n\n<p class=\"has-x-small-font-size\">Maximum number: 14-40 pers.<\/p>\n<\/div>\n\n\n\n<div class=\"wp-block-group is-vertical is-layout-flex wp-container-core-group-is-layout-9f8fc9c8 wp-block-group-is-layout-flex\">\n<p style=\"font-style:normal;font-weight:500\">Seatings:<\/p>\n\n\n\n<p class=\"has-x-small-font-size\">School seating &#8211; 20 pers. | Cinema seating &#8211; 40 pers. <\/p>\n\n\n\n<p class=\"has-x-small-font-size\">U-seat &#8211; 14 pers. | Island &#8211; 24 pers. <\/p>\n\n\n\n<p class=\"has-x-small-font-size\">Chairs in a ring &#8211; 20 pers.<\/p>\n<\/div>\n<\/div>\n\n\n\n<div class=\"wp-block-column is-vertically-aligned-top is-layout-flow wp-block-column-is-layout-flow\" style=\"flex-basis:66.66%\"><div data-block-id=\"4e6a6933-c609-4c49-a87e-7b92feb82710\" class=\"wp-block-content-grid block-editor-block-list__block wp-block wp-block-tiburon-content-grid columns-l-1 columns-m-1 columns-s-1 layout-default slider-on-l slider-on-m slider-on-s column-gap-0\">\n   \n\n<div class=\"wp-block-group has-global-padding is-layout-constrained wp-container-core-group-is-layout-7db9d80f wp-block-group-is-layout-constrained\" style=\"padding-right:0;padding-left:0\">\n<figure class=\"wp-block-image size-large\"><img loading=\"lazy\" decoding=\"async\" width=\"900\" height=\"601\" src=\"https:\/\/arkenhotel.com\/wp-content\/uploads\/sites\/5\/2025\/04\/02_bojen-konferens-lokal-arken-hotell-spa-6573-900x601.jpg\" alt=\"Bojen Conference room\" class=\"wp-image-25787\" srcset=\"https:\/\/arkenhotel.com\/wp-content\/uploads\/sites\/5\/2025\/04\/02_bojen-konferens-lokal-arken-hotell-spa-6573-900x601.jpg 900w, https:\/\/arkenhotel.com\/wp-content\/uploads\/sites\/5\/2025\/04\/02_bojen-konferens-lokal-arken-hotell-spa-6573-400x267.jpg 400w, https:\/\/arkenhotel.com\/wp-content\/uploads\/sites\/5\/2025\/04\/02_bojen-konferens-lokal-arken-hotell-spa-6573-600x400.jpg 600w, https:\/\/arkenhotel.com\/wp-content\/uploads\/sites\/5\/2025\/04\/02_bojen-konferens-lokal-arken-hotell-spa-6573-700x467.jpg 700w, https:\/\/arkenhotel.com\/wp-content\/uploads\/sites\/5\/2025\/04\/02_bojen-konferens-lokal-arken-hotell-spa-6573-800x534.jpg 800w, https:\/\/arkenhotel.com\/wp-content\/uploads\/sites\/5\/2025\/04\/02_bojen-konferens-lokal-arken-hotell-spa-6573-1000x667.jpg 1000w, https:\/\/arkenhotel.com\/wp-content\/uploads\/sites\/5\/2025\/04\/02_bojen-konferens-lokal-arken-hotell-spa-6573-1100x734.jpg 1100w, https:\/\/arkenhotel.com\/wp-content\/uploads\/sites\/5\/2025\/04\/02_bojen-konferens-lokal-arken-hotell-spa-6573-1280x854.jpg 1280w, https:\/\/arkenhotel.com\/wp-content\/uploads\/sites\/5\/2025\/04\/02_bojen-konferens-lokal-arken-hotell-spa-6573-768x513.jpg 768w, https:\/\/arkenhotel.com\/wp-content\/uploads\/sites\/5\/2025\/04\/02_bojen-konferens-lokal-arken-hotell-spa-6573-1536x1025.jpg 1536w, https:\/\/arkenhotel.com\/wp-content\/uploads\/sites\/5\/2025\/04\/02_bojen-konferens-lokal-arken-hotell-spa-6573.jpg 1618w\" sizes=\"auto, (max-width: 900px) 100vw, 900px\" \/><\/figure>\n<\/div>\n\n\n\n<div class=\"wp-block-group has-global-padding is-layout-constrained wp-container-core-group-is-layout-7db9d80f wp-block-group-is-layout-constrained\" style=\"padding-right:0;padding-left:0\">\n<figure class=\"wp-block-image size-large\"><img loading=\"lazy\" decoding=\"async\" width=\"900\" height=\"601\" src=\"https:\/\/arkenhotel.com\/wp-content\/uploads\/sites\/5\/2025\/04\/02_bojen-konferens-lokal-arken-hotell-spa-6578-900x601.jpg\" alt=\"A spacious conference room with high comfort\" class=\"wp-image-25788\" srcset=\"https:\/\/arkenhotel.com\/wp-content\/uploads\/sites\/5\/2025\/04\/02_bojen-konferens-lokal-arken-hotell-spa-6578-900x601.jpg 900w, https:\/\/arkenhotel.com\/wp-content\/uploads\/sites\/5\/2025\/04\/02_bojen-konferens-lokal-arken-hotell-spa-6578-400x267.jpg 400w, https:\/\/arkenhotel.com\/wp-content\/uploads\/sites\/5\/2025\/04\/02_bojen-konferens-lokal-arken-hotell-spa-6578-600x400.jpg 600w, https:\/\/arkenhotel.com\/wp-content\/uploads\/sites\/5\/2025\/04\/02_bojen-konferens-lokal-arken-hotell-spa-6578-700x467.jpg 700w, https:\/\/arkenhotel.com\/wp-content\/uploads\/sites\/5\/2025\/04\/02_bojen-konferens-lokal-arken-hotell-spa-6578-800x534.jpg 800w, https:\/\/arkenhotel.com\/wp-content\/uploads\/sites\/5\/2025\/04\/02_bojen-konferens-lokal-arken-hotell-spa-6578-1000x667.jpg 1000w, https:\/\/arkenhotel.com\/wp-content\/uploads\/sites\/5\/2025\/04\/02_bojen-konferens-lokal-arken-hotell-spa-6578-1100x734.jpg 1100w, https:\/\/arkenhotel.com\/wp-content\/uploads\/sites\/5\/2025\/04\/02_bojen-konferens-lokal-arken-hotell-spa-6578-1280x854.jpg 1280w, https:\/\/arkenhotel.com\/wp-content\/uploads\/sites\/5\/2025\/04\/02_bojen-konferens-lokal-arken-hotell-spa-6578-768x513.jpg 768w, https:\/\/arkenhotel.com\/wp-content\/uploads\/sites\/5\/2025\/04\/02_bojen-konferens-lokal-arken-hotell-spa-6578-1536x1025.jpg 1536w, https:\/\/arkenhotel.com\/wp-content\/uploads\/sites\/5\/2025\/04\/02_bojen-konferens-lokal-arken-hotell-spa-6578.jpg 1618w\" sizes=\"auto, (max-width: 900px) 100vw, 900px\" \/><\/figure>\n<\/div>\n\n\n\n<div class=\"wp-block-group has-global-padding is-layout-constrained wp-container-core-group-is-layout-7db9d80f wp-block-group-is-layout-constrained\" style=\"padding-right:0;padding-left:0\">\n<figure class=\"wp-block-image size-large\"><img loading=\"lazy\" decoding=\"async\" width=\"900\" height=\"601\" src=\"https:\/\/arkenhotel.com\/wp-content\/uploads\/sites\/5\/2025\/04\/02_bojen-konferens-lokal-arken-hotell-spa-6567-900x601.jpg\" alt=\"Local Bojen adjoins our orangery\" class=\"wp-image-25786\" srcset=\"https:\/\/arkenhotel.com\/wp-content\/uploads\/sites\/5\/2025\/04\/02_bojen-konferens-lokal-arken-hotell-spa-6567-900x601.jpg 900w, https:\/\/arkenhotel.com\/wp-content\/uploads\/sites\/5\/2025\/04\/02_bojen-konferens-lokal-arken-hotell-spa-6567-400x267.jpg 400w, https:\/\/arkenhotel.com\/wp-content\/uploads\/sites\/5\/2025\/04\/02_bojen-konferens-lokal-arken-hotell-spa-6567-600x400.jpg 600w, https:\/\/arkenhotel.com\/wp-content\/uploads\/sites\/5\/2025\/04\/02_bojen-konferens-lokal-arken-hotell-spa-6567-700x467.jpg 700w, https:\/\/arkenhotel.com\/wp-content\/uploads\/sites\/5\/2025\/04\/02_bojen-konferens-lokal-arken-hotell-spa-6567-800x534.jpg 800w, https:\/\/arkenhotel.com\/wp-content\/uploads\/sites\/5\/2025\/04\/02_bojen-konferens-lokal-arken-hotell-spa-6567-1000x667.jpg 1000w, https:\/\/arkenhotel.com\/wp-content\/uploads\/sites\/5\/2025\/04\/02_bojen-konferens-lokal-arken-hotell-spa-6567-1100x734.jpg 1100w, https:\/\/arkenhotel.com\/wp-content\/uploads\/sites\/5\/2025\/04\/02_bojen-konferens-lokal-arken-hotell-spa-6567-1280x854.jpg 1280w, https:\/\/arkenhotel.com\/wp-content\/uploads\/sites\/5\/2025\/04\/02_bojen-konferens-lokal-arken-hotell-spa-6567-768x513.jpg 768w, https:\/\/arkenhotel.com\/wp-content\/uploads\/sites\/5\/2025\/04\/02_bojen-konferens-lokal-arken-hotell-spa-6567-1536x1025.jpg 1536w, https:\/\/arkenhotel.com\/wp-content\/uploads\/sites\/5\/2025\/04\/02_bojen-konferens-lokal-arken-hotell-spa-6567.jpg 1618w\" sizes=\"auto, (max-width: 900px) 100vw, 900px\" \/><\/figure>\n<\/div>\n\n\n\n<div class=\"wp-block-group has-global-padding is-layout-constrained wp-container-core-group-is-layout-7db9d80f wp-block-group-is-layout-constrained\" style=\"padding-right:0;padding-left:0\">\n<figure class=\"wp-block-image size-large\"><img loading=\"lazy\" decoding=\"async\" width=\"900\" height=\"601\" src=\"https:\/\/arkenhotel.com\/wp-content\/uploads\/sites\/5\/2025\/04\/02_bojen-konferens-lokal-arken-hotell-spa-6564-900x601.jpg\" alt=\"Bojen is bright and fresh with daylight\" class=\"wp-image-25785\" srcset=\"https:\/\/arkenhotel.com\/wp-content\/uploads\/sites\/5\/2025\/04\/02_bojen-konferens-lokal-arken-hotell-spa-6564-900x601.jpg 900w, https:\/\/arkenhotel.com\/wp-content\/uploads\/sites\/5\/2025\/04\/02_bojen-konferens-lokal-arken-hotell-spa-6564-400x267.jpg 400w, https:\/\/arkenhotel.com\/wp-content\/uploads\/sites\/5\/2025\/04\/02_bojen-konferens-lokal-arken-hotell-spa-6564-600x401.jpg 600w, https:\/\/arkenhotel.com\/wp-content\/uploads\/sites\/5\/2025\/04\/02_bojen-konferens-lokal-arken-hotell-spa-6564-700x467.jpg 700w, https:\/\/arkenhotel.com\/wp-content\/uploads\/sites\/5\/2025\/04\/02_bojen-konferens-lokal-arken-hotell-spa-6564-800x534.jpg 800w, https:\/\/arkenhotel.com\/wp-content\/uploads\/sites\/5\/2025\/04\/02_bojen-konferens-lokal-arken-hotell-spa-6564-1000x668.jpg 1000w, https:\/\/arkenhotel.com\/wp-content\/uploads\/sites\/5\/2025\/04\/02_bojen-konferens-lokal-arken-hotell-spa-6564-1100x734.jpg 1100w, https:\/\/arkenhotel.com\/wp-content\/uploads\/sites\/5\/2025\/04\/02_bojen-konferens-lokal-arken-hotell-spa-6564-1280x855.jpg 1280w, https:\/\/arkenhotel.com\/wp-content\/uploads\/sites\/5\/2025\/04\/02_bojen-konferens-lokal-arken-hotell-spa-6564-1920x1282.jpg 1920w, https:\/\/arkenhotel.com\/wp-content\/uploads\/sites\/5\/2025\/04\/02_bojen-konferens-lokal-arken-hotell-spa-6564-768x513.jpg 768w, https:\/\/arkenhotel.com\/wp-content\/uploads\/sites\/5\/2025\/04\/02_bojen-konferens-lokal-arken-hotell-spa-6564-1536x1026.jpg 1536w, https:\/\/arkenhotel.com\/wp-content\/uploads\/sites\/5\/2025\/04\/02_bojen-konferens-lokal-arken-hotell-spa-6564-2048x1367.jpg 2048w, https:\/\/arkenhotel.com\/wp-content\/uploads\/sites\/5\/2025\/04\/02_bojen-konferens-lokal-arken-hotell-spa-6564-scaled.jpg 1617w\" sizes=\"auto, (max-width: 900px) 100vw, 900px\" \/><\/figure>\n<\/div>\n\n\n\n<div class=\"wp-block-group has-global-padding is-layout-constrained wp-container-core-group-is-layout-7db9d80f wp-block-group-is-layout-constrained\" style=\"padding-right:0;padding-left:0\">\n<figure class=\"wp-block-image size-large\"><img loading=\"lazy\" decoding=\"async\" width=\"900\" height=\"601\" src=\"https:\/\/arkenhotel.com\/wp-content\/uploads\/sites\/5\/2025\/04\/02_bojen-konferens-lokal-arken-hotell-spa-6560-900x601.jpg\" alt=\"Select type of seating based on number of people\" class=\"wp-image-25784\" srcset=\"https:\/\/arkenhotel.com\/wp-content\/uploads\/sites\/5\/2025\/04\/02_bojen-konferens-lokal-arken-hotell-spa-6560-900x601.jpg 900w, https:\/\/arkenhotel.com\/wp-content\/uploads\/sites\/5\/2025\/04\/02_bojen-konferens-lokal-arken-hotell-spa-6560-400x267.jpg 400w, https:\/\/arkenhotel.com\/wp-content\/uploads\/sites\/5\/2025\/04\/02_bojen-konferens-lokal-arken-hotell-spa-6560-600x400.jpg 600w, https:\/\/arkenhotel.com\/wp-content\/uploads\/sites\/5\/2025\/04\/02_bojen-konferens-lokal-arken-hotell-spa-6560-700x467.jpg 700w, https:\/\/arkenhotel.com\/wp-content\/uploads\/sites\/5\/2025\/04\/02_bojen-konferens-lokal-arken-hotell-spa-6560-800x534.jpg 800w, https:\/\/arkenhotel.com\/wp-content\/uploads\/sites\/5\/2025\/04\/02_bojen-konferens-lokal-arken-hotell-spa-6560-1000x667.jpg 1000w, https:\/\/arkenhotel.com\/wp-content\/uploads\/sites\/5\/2025\/04\/02_bojen-konferens-lokal-arken-hotell-spa-6560-1100x734.jpg 1100w, https:\/\/arkenhotel.com\/wp-content\/uploads\/sites\/5\/2025\/04\/02_bojen-konferens-lokal-arken-hotell-spa-6560-1280x854.jpg 1280w, https:\/\/arkenhotel.com\/wp-content\/uploads\/sites\/5\/2025\/04\/02_bojen-konferens-lokal-arken-hotell-spa-6560-768x513.jpg 768w, https:\/\/arkenhotel.com\/wp-content\/uploads\/sites\/5\/2025\/04\/02_bojen-konferens-lokal-arken-hotell-spa-6560-1536x1025.jpg 1536w, https:\/\/arkenhotel.com\/wp-content\/uploads\/sites\/5\/2025\/04\/02_bojen-konferens-lokal-arken-hotell-spa-6560.jpg 1618w\" sizes=\"auto, (max-width: 900px) 100vw, 900px\" \/><\/figure>\n<\/div>\n\n<\/div><!DOCTYPE html PUBLIC \"-\/\/W3C\/\/DTD HTML 4.0 Transitional\/\/EN\" \"http:\/\/www.w3.org\/TR\/REC-html40\/loose.dtd\">\n<html><body><swiper-container init=\"false\" data-slides-per-view-l=\"1\" data-slides-per-view-m=\"1\" data-slides-per-view-s=\"1\" data-show-next=\"\" data-width-auto=\"0\" data-columns-gap=\"0\" data-show-navigation=\"1\" pagination-type=\"fraction\" data-pagination-version=\"first\" data-nav-bg-color=\"var(--wp--preset--color--contrast)\" data-nav-arrow-color=\"var(--wp--preset--color--base)\" class=\"wp-block-content-grid-slider slider-l slider-m slider-s\"><swiper-slide><div class=\"wp-block-group has-global-padding is-layout-constrained wp-container-core-group-is-layout-7db9d80f wp-block-group-is-layout-constrained\" style=\"padding-right:0;padding-left:0\">\n<figure class=\"wp-block-image size-large\"><img loading=\"lazy\" decoding=\"async\" width=\"900\" height=\"601\" src=\"https:\/\/arkenhotel.com\/wp-content\/uploads\/sites\/5\/2025\/04\/02_bojen-konferens-lokal-arken-hotell-spa-6573-900x601.jpg\" alt=\"Bojen Conference room\" class=\"wp-image-25787\" srcset=\"https:\/\/arkenhotel.com\/wp-content\/uploads\/sites\/5\/2025\/04\/02_bojen-konferens-lokal-arken-hotell-spa-6573-900x601.jpg 900w, https:\/\/arkenhotel.com\/wp-content\/uploads\/sites\/5\/2025\/04\/02_bojen-konferens-lokal-arken-hotell-spa-6573-400x267.jpg 400w, https:\/\/arkenhotel.com\/wp-content\/uploads\/sites\/5\/2025\/04\/02_bojen-konferens-lokal-arken-hotell-spa-6573-600x400.jpg 600w, https:\/\/arkenhotel.com\/wp-content\/uploads\/sites\/5\/2025\/04\/02_bojen-konferens-lokal-arken-hotell-spa-6573-700x467.jpg 700w, https:\/\/arkenhotel.com\/wp-content\/uploads\/sites\/5\/2025\/04\/02_bojen-konferens-lokal-arken-hotell-spa-6573-800x534.jpg 800w, https:\/\/arkenhotel.com\/wp-content\/uploads\/sites\/5\/2025\/04\/02_bojen-konferens-lokal-arken-hotell-spa-6573-1000x667.jpg 1000w, https:\/\/arkenhotel.com\/wp-content\/uploads\/sites\/5\/2025\/04\/02_bojen-konferens-lokal-arken-hotell-spa-6573-1100x734.jpg 1100w, https:\/\/arkenhotel.com\/wp-content\/uploads\/sites\/5\/2025\/04\/02_bojen-konferens-lokal-arken-hotell-spa-6573-1280x854.jpg 1280w, https:\/\/arkenhotel.com\/wp-content\/uploads\/sites\/5\/2025\/04\/02_bojen-konferens-lokal-arken-hotell-spa-6573-768x513.jpg 768w, https:\/\/arkenhotel.com\/wp-content\/uploads\/sites\/5\/2025\/04\/02_bojen-konferens-lokal-arken-hotell-spa-6573-1536x1025.jpg 1536w, https:\/\/arkenhotel.com\/wp-content\/uploads\/sites\/5\/2025\/04\/02_bojen-konferens-lokal-arken-hotell-spa-6573.jpg 1618w\" sizes=\"auto, (max-width: 900px) 100vw, 900px\" \/><\/figure>\n<\/div><\/swiper-slide><swiper-slide><div class=\"wp-block-group has-global-padding is-layout-constrained wp-container-core-group-is-layout-7db9d80f wp-block-group-is-layout-constrained\" style=\"padding-right:0;padding-left:0\">\n<figure class=\"wp-block-image size-large\"><img loading=\"lazy\" decoding=\"async\" width=\"900\" height=\"601\" src=\"https:\/\/arkenhotel.com\/wp-content\/uploads\/sites\/5\/2025\/04\/02_bojen-konferens-lokal-arken-hotell-spa-6578-900x601.jpg\" alt=\"A spacious conference room with high comfort\" class=\"wp-image-25788\" srcset=\"https:\/\/arkenhotel.com\/wp-content\/uploads\/sites\/5\/2025\/04\/02_bojen-konferens-lokal-arken-hotell-spa-6578-900x601.jpg 900w, https:\/\/arkenhotel.com\/wp-content\/uploads\/sites\/5\/2025\/04\/02_bojen-konferens-lokal-arken-hotell-spa-6578-400x267.jpg 400w, https:\/\/arkenhotel.com\/wp-content\/uploads\/sites\/5\/2025\/04\/02_bojen-konferens-lokal-arken-hotell-spa-6578-600x400.jpg 600w, https:\/\/arkenhotel.com\/wp-content\/uploads\/sites\/5\/2025\/04\/02_bojen-konferens-lokal-arken-hotell-spa-6578-700x467.jpg 700w, https:\/\/arkenhotel.com\/wp-content\/uploads\/sites\/5\/2025\/04\/02_bojen-konferens-lokal-arken-hotell-spa-6578-800x534.jpg 800w, https:\/\/arkenhotel.com\/wp-content\/uploads\/sites\/5\/2025\/04\/02_bojen-konferens-lokal-arken-hotell-spa-6578-1000x667.jpg 1000w, https:\/\/arkenhotel.com\/wp-content\/uploads\/sites\/5\/2025\/04\/02_bojen-konferens-lokal-arken-hotell-spa-6578-1100x734.jpg 1100w, https:\/\/arkenhotel.com\/wp-content\/uploads\/sites\/5\/2025\/04\/02_bojen-konferens-lokal-arken-hotell-spa-6578-1280x854.jpg 1280w, https:\/\/arkenhotel.com\/wp-content\/uploads\/sites\/5\/2025\/04\/02_bojen-konferens-lokal-arken-hotell-spa-6578-768x513.jpg 768w, https:\/\/arkenhotel.com\/wp-content\/uploads\/sites\/5\/2025\/04\/02_bojen-konferens-lokal-arken-hotell-spa-6578-1536x1025.jpg 1536w, https:\/\/arkenhotel.com\/wp-content\/uploads\/sites\/5\/2025\/04\/02_bojen-konferens-lokal-arken-hotell-spa-6578.jpg 1618w\" sizes=\"auto, (max-width: 900px) 100vw, 900px\" \/><\/figure>\n<\/div><\/swiper-slide><swiper-slide><div class=\"wp-block-group has-global-padding is-layout-constrained wp-container-core-group-is-layout-7db9d80f wp-block-group-is-layout-constrained\" style=\"padding-right:0;padding-left:0\">\n<figure class=\"wp-block-image size-large\"><img loading=\"lazy\" decoding=\"async\" width=\"900\" height=\"601\" src=\"https:\/\/arkenhotel.com\/wp-content\/uploads\/sites\/5\/2025\/04\/02_bojen-konferens-lokal-arken-hotell-spa-6567-900x601.jpg\" alt=\"Local Bojen adjoins our orangery\" class=\"wp-image-25786\" srcset=\"https:\/\/arkenhotel.com\/wp-content\/uploads\/sites\/5\/2025\/04\/02_bojen-konferens-lokal-arken-hotell-spa-6567-900x601.jpg 900w, https:\/\/arkenhotel.com\/wp-content\/uploads\/sites\/5\/2025\/04\/02_bojen-konferens-lokal-arken-hotell-spa-6567-400x267.jpg 400w, https:\/\/arkenhotel.com\/wp-content\/uploads\/sites\/5\/2025\/04\/02_bojen-konferens-lokal-arken-hotell-spa-6567-600x400.jpg 600w, https:\/\/arkenhotel.com\/wp-content\/uploads\/sites\/5\/2025\/04\/02_bojen-konferens-lokal-arken-hotell-spa-6567-700x467.jpg 700w, https:\/\/arkenhotel.com\/wp-content\/uploads\/sites\/5\/2025\/04\/02_bojen-konferens-lokal-arken-hotell-spa-6567-800x534.jpg 800w, https:\/\/arkenhotel.com\/wp-content\/uploads\/sites\/5\/2025\/04\/02_bojen-konferens-lokal-arken-hotell-spa-6567-1000x667.jpg 1000w, https:\/\/arkenhotel.com\/wp-content\/uploads\/sites\/5\/2025\/04\/02_bojen-konferens-lokal-arken-hotell-spa-6567-1100x734.jpg 1100w, https:\/\/arkenhotel.com\/wp-content\/uploads\/sites\/5\/2025\/04\/02_bojen-konferens-lokal-arken-hotell-spa-6567-1280x854.jpg 1280w, https:\/\/arkenhotel.com\/wp-content\/uploads\/sites\/5\/2025\/04\/02_bojen-konferens-lokal-arken-hotell-spa-6567-768x513.jpg 768w, https:\/\/arkenhotel.com\/wp-content\/uploads\/sites\/5\/2025\/04\/02_bojen-konferens-lokal-arken-hotell-spa-6567-1536x1025.jpg 1536w, https:\/\/arkenhotel.com\/wp-content\/uploads\/sites\/5\/2025\/04\/02_bojen-konferens-lokal-arken-hotell-spa-6567.jpg 1618w\" sizes=\"auto, (max-width: 900px) 100vw, 900px\" \/><\/figure>\n<\/div><\/swiper-slide><swiper-slide><div class=\"wp-block-group has-global-padding is-layout-constrained wp-container-core-group-is-layout-7db9d80f wp-block-group-is-layout-constrained\" style=\"padding-right:0;padding-left:0\">\n<figure class=\"wp-block-image size-large\"><img loading=\"lazy\" decoding=\"async\" width=\"900\" height=\"601\" src=\"https:\/\/arkenhotel.com\/wp-content\/uploads\/sites\/5\/2025\/04\/02_bojen-konferens-lokal-arken-hotell-spa-6564-900x601.jpg\" alt=\"Bojen is bright and fresh with daylight\" class=\"wp-image-25785\" srcset=\"https:\/\/arkenhotel.com\/wp-content\/uploads\/sites\/5\/2025\/04\/02_bojen-konferens-lokal-arken-hotell-spa-6564-900x601.jpg 900w, https:\/\/arkenhotel.com\/wp-content\/uploads\/sites\/5\/2025\/04\/02_bojen-konferens-lokal-arken-hotell-spa-6564-400x267.jpg 400w, https:\/\/arkenhotel.com\/wp-content\/uploads\/sites\/5\/2025\/04\/02_bojen-konferens-lokal-arken-hotell-spa-6564-600x401.jpg 600w, https:\/\/arkenhotel.com\/wp-content\/uploads\/sites\/5\/2025\/04\/02_bojen-konferens-lokal-arken-hotell-spa-6564-700x467.jpg 700w, https:\/\/arkenhotel.com\/wp-content\/uploads\/sites\/5\/2025\/04\/02_bojen-konferens-lokal-arken-hotell-spa-6564-800x534.jpg 800w, https:\/\/arkenhotel.com\/wp-content\/uploads\/sites\/5\/2025\/04\/02_bojen-konferens-lokal-arken-hotell-spa-6564-1000x668.jpg 1000w, https:\/\/arkenhotel.com\/wp-content\/uploads\/sites\/5\/2025\/04\/02_bojen-konferens-lokal-arken-hotell-spa-6564-1100x734.jpg 1100w, https:\/\/arkenhotel.com\/wp-content\/uploads\/sites\/5\/2025\/04\/02_bojen-konferens-lokal-arken-hotell-spa-6564-1280x855.jpg 1280w, https:\/\/arkenhotel.com\/wp-content\/uploads\/sites\/5\/2025\/04\/02_bojen-konferens-lokal-arken-hotell-spa-6564-1920x1282.jpg 1920w, https:\/\/arkenhotel.com\/wp-content\/uploads\/sites\/5\/2025\/04\/02_bojen-konferens-lokal-arken-hotell-spa-6564-768x513.jpg 768w, https:\/\/arkenhotel.com\/wp-content\/uploads\/sites\/5\/2025\/04\/02_bojen-konferens-lokal-arken-hotell-spa-6564-1536x1026.jpg 1536w, https:\/\/arkenhotel.com\/wp-content\/uploads\/sites\/5\/2025\/04\/02_bojen-konferens-lokal-arken-hotell-spa-6564-2048x1367.jpg 2048w, https:\/\/arkenhotel.com\/wp-content\/uploads\/sites\/5\/2025\/04\/02_bojen-konferens-lokal-arken-hotell-spa-6564-scaled.jpg 1617w\" sizes=\"auto, (max-width: 900px) 100vw, 900px\" \/><\/figure>\n<\/div><\/swiper-slide><swiper-slide><div class=\"wp-block-group has-global-padding is-layout-constrained wp-container-core-group-is-layout-7db9d80f wp-block-group-is-layout-constrained\" style=\"padding-right:0;padding-left:0\">\n<figure class=\"wp-block-image size-large\"><img loading=\"lazy\" decoding=\"async\" width=\"900\" height=\"601\" src=\"https:\/\/arkenhotel.com\/wp-content\/uploads\/sites\/5\/2025\/04\/02_bojen-konferens-lokal-arken-hotell-spa-6560-900x601.jpg\" alt=\"Select type of seating based on number of people\" class=\"wp-image-25784\" srcset=\"https:\/\/arkenhotel.com\/wp-content\/uploads\/sites\/5\/2025\/04\/02_bojen-konferens-lokal-arken-hotell-spa-6560-900x601.jpg 900w, https:\/\/arkenhotel.com\/wp-content\/uploads\/sites\/5\/2025\/04\/02_bojen-konferens-lokal-arken-hotell-spa-6560-400x267.jpg 400w, https:\/\/arkenhotel.com\/wp-content\/uploads\/sites\/5\/2025\/04\/02_bojen-konferens-lokal-arken-hotell-spa-6560-600x400.jpg 600w, https:\/\/arkenhotel.com\/wp-content\/uploads\/sites\/5\/2025\/04\/02_bojen-konferens-lokal-arken-hotell-spa-6560-700x467.jpg 700w, https:\/\/arkenhotel.com\/wp-content\/uploads\/sites\/5\/2025\/04\/02_bojen-konferens-lokal-arken-hotell-spa-6560-800x534.jpg 800w, https:\/\/arkenhotel.com\/wp-content\/uploads\/sites\/5\/2025\/04\/02_bojen-konferens-lokal-arken-hotell-spa-6560-1000x667.jpg 1000w, https:\/\/arkenhotel.com\/wp-content\/uploads\/sites\/5\/2025\/04\/02_bojen-konferens-lokal-arken-hotell-spa-6560-1100x734.jpg 1100w, https:\/\/arkenhotel.com\/wp-content\/uploads\/sites\/5\/2025\/04\/02_bojen-konferens-lokal-arken-hotell-spa-6560-1280x854.jpg 1280w, https:\/\/arkenhotel.com\/wp-content\/uploads\/sites\/5\/2025\/04\/02_bojen-konferens-lokal-arken-hotell-spa-6560-768x513.jpg 768w, https:\/\/arkenhotel.com\/wp-content\/uploads\/sites\/5\/2025\/04\/02_bojen-konferens-lokal-arken-hotell-spa-6560-1536x1025.jpg 1536w, https:\/\/arkenhotel.com\/wp-content\/uploads\/sites\/5\/2025\/04\/02_bojen-konferens-lokal-arken-hotell-spa-6560.jpg 1618w\" sizes=\"auto, (max-width: 900px) 100vw, 900px\" \/><\/figure>\n<\/div><\/swiper-slide><\/swiper-container><\/body><\/html>\n<\/div>\n<\/div>\n\n<p><\/p>\n            <\/div>\n         <\/div>\n      <\/div>\n         <div class=\" post-card\" data-post-id=\"30944\" data-post-slug=\"aktern\">\n                     <div class=\"image-wrapper\">\n               <img decoding=\"async\" src=\"\/wp-content\/uploads\/2024\/02\/post-Image-300x173.jpg\" srcset=\"\" alt=\"AKTERN\" class=\"\" \/>\n            <\/div>\n                  <div class=\"content-wrapper\">\n            <div class=\"post-title-capacity\">\n                                 <h3 class=\"wp-block-heading post-title\">AKTERN<\/h3>\n                                                <p class=\"post-capacity\">40 pers.<\/p>\n                           <\/div>\n                           <p class=\"post-subheading\">A bright and pleasant conference room with windows and a door to our atrium.  <\/p>\n                     <\/div>\n                     <div class=\"btn-wrapper\">\n               <button class=\"post-btn wp-block-button__link wp-element-button\">\n                  <div class=\"post-btn-closed\">\n                     Read more                     <svg width=\"10\" height=\"10\" viewBox=\"0 0 10 10\" fill=\"none\" xmlns=\"http:\/\/www.w3.org\/2000\/svg\">\n                        <path d=\"M10 2.66038L5 8L-4.8687e-07 2.66038L0.627207 2L5 6.66981L9.37279 2L10 2.66038Z\" fill=\"currentcolor\" \/>\n                     <\/svg>\n                  <\/div>\n                  <div class=\"post-btn-open\">\n                     Close                     <svg width=\"10\" height=\"10\" viewBox=\"0 0 10 10\" fill=\"none\" xmlns=\"http:\/\/www.w3.org\/2000\/svg\">\n                        <path d=\"M0.561192 10L0 9.43881L4.43881 5L0 0.561192L0.561192 0L5 4.43881L9.43881 0L10 0.561192L5.56119 5L10 9.43881L9.43881 10L5 5.56119L0.561192 10Z\" fill=\"currentcolor\" \/>\n                     <\/svg>\n                  <\/div>\n               <\/button>\n            <\/div>\n                  <div class=\"post-dropdown-content\" data-post-id=\"30944\">\n            <div class=\"post-dropdown-content-inner\">\n               \n<div class=\"wp-block-columns has-base-background-color has-background is-layout-flex wp-container-core-columns-is-layout-a864abb7 wp-block-columns-is-layout-flex\" style=\"padding-top:0;padding-right:0;padding-bottom:0;padding-left:0\">\n<div class=\"wp-block-column is-vertically-aligned-top has-small-font-size is-layout-flow wp-container-core-column-is-layout-6073293c wp-block-column-is-layout-flow\" style=\"flex-basis:500px\">\n<div class=\"wp-block-group is-content-justification-space-between is-nowrap is-layout-flex wp-container-core-group-is-layout-63c1e1a1 wp-block-group-is-layout-flex\">\n<h3 class=\"wp-block-heading\">Aktern<\/h3>\n\n\n\n<p class=\"has-contrast-color has-text-color has-link-color has-medium-font-size wp-elements-491cfdeb256877ab8cf5c7efcf72115a\">40 pers.<\/p>\n<\/div>\n\n\n\n<p>In Aktern you will find all the equipment you need for your conference. The room is equipped for maximum comfort, with ergonomic chairs, generous writing boards and adjustable lighting.   <\/p>\n\n\n\n<div class=\"wp-block-buttons is-layout-flex wp-block-buttons-is-layout-flex\">\n<div class=\"wp-block-button\" style=\"--hover-background-color:var(--wp--preset--color--contrast);--hover-text-color:var(--wp--preset--color--base);--hover-border-color:var(--wp--preset--color--contrast);--active-background-color:var(--wp--preset--color--color-3);--active-text-color:var(--wp--preset--color--base);--active-border-color:var(--wp--preset--color--color-3);--focus-background-color:var(--wp--preset--color--contrast);--focus-text-color:var(--wp--preset--color--base);--focus-border-color:var(--wp--preset--color--contrast);--disabled-background-color:var(--wp--preset--color--color-2);--disabled-text-color:var(--wp--preset--color--black);--disabled-border-color:var(--wp--preset--color--color-2)\"><a class=\"wp-block-button__link wp-element-button\" href=\"https:\/\/arkenhotel.com\/en\/meetings-events\/venues\/#kontakt\">SEND A BOOKING INQUIRY<\/a><\/div>\n<\/div>\n\n\n\n<div class=\"wp-block-group is-vertical is-layout-flex wp-container-core-group-is-layout-9f8fc9c8 wp-block-group-is-layout-flex\">\n<p style=\"font-style:normal;font-weight:500\">Equipment on the premises:<\/p>\n\n\n\n<ul class=\"wp-block-list is-style-checklist is-style-checklist--8\">\n<li>Projector<\/li>\n\n\n\n<li>Flipchart<\/li>\n\n\n\n<li>Whiteboards<\/li>\n\n\n\n<li>Wireless presentation system<\/li>\n\n\n\n<li>Fixed and wireless broadband access<\/li>\n\n\n\n<li>Window and door facing the atrium<\/li>\n<\/ul>\n<\/div>\n\n\n\n<div class=\"wp-block-group is-vertical is-layout-flex wp-container-core-group-is-layout-9f8fc9c8 wp-block-group-is-layout-flex\">\n<p style=\"font-style:normal;font-weight:500\">Facts:<\/p>\n\n\n\n<p class=\"has-x-small-font-size\">Surface area: 55 sqm<\/p>\n\n\n\n<p class=\"has-x-small-font-size\">Maximum number: 14-40 pers.<\/p>\n<\/div>\n\n\n\n<div class=\"wp-block-group is-vertical is-layout-flex wp-container-core-group-is-layout-9f8fc9c8 wp-block-group-is-layout-flex\">\n<p style=\"font-style:normal;font-weight:500\">Seatings:<\/p>\n\n\n\n<p class=\"has-x-small-font-size\">School seating &#8211; 20 pers. | Cinema seating &#8211; 40 pers. <\/p>\n\n\n\n<p class=\"has-x-small-font-size\">U-seat &#8211; 14 pers. | Island &#8211; 24 pers. <\/p>\n\n\n\n<p class=\"has-x-small-font-size\">Chairs in a ring &#8211; 20 pers.<\/p>\n<\/div>\n<\/div>\n\n\n\n<div class=\"wp-block-column is-vertically-aligned-top is-layout-flow wp-block-column-is-layout-flow\" style=\"flex-basis:66.66%\"><div data-block-id=\"4e6a6933-c609-4c49-a87e-7b92feb82710\" class=\"wp-block-content-grid block-editor-block-list__block wp-block wp-block-tiburon-content-grid columns-l-1 columns-m-1 columns-s-1 layout-default slider-on-l slider-on-m slider-on-s column-gap-0\">\n   \n\n<div class=\"wp-block-group has-global-padding is-layout-constrained wp-container-core-group-is-layout-7db9d80f wp-block-group-is-layout-constrained\" style=\"padding-right:0;padding-left:0\">\n<figure class=\"wp-block-image size-large\"><img loading=\"lazy\" decoding=\"async\" width=\"900\" height=\"601\" src=\"https:\/\/arkenhotel.com\/wp-content\/uploads\/sites\/5\/2025\/04\/01_aktern-konferens-lokal-arken-hotell-spa-6527-900x601.jpg\" alt=\"Aktern with room for 14-40 people\" class=\"wp-image-25778\" srcset=\"https:\/\/arkenhotel.com\/wp-content\/uploads\/sites\/5\/2025\/04\/01_aktern-konferens-lokal-arken-hotell-spa-6527-900x601.jpg 900w, https:\/\/arkenhotel.com\/wp-content\/uploads\/sites\/5\/2025\/04\/01_aktern-konferens-lokal-arken-hotell-spa-6527-400x267.jpg 400w, https:\/\/arkenhotel.com\/wp-content\/uploads\/sites\/5\/2025\/04\/01_aktern-konferens-lokal-arken-hotell-spa-6527-600x400.jpg 600w, https:\/\/arkenhotel.com\/wp-content\/uploads\/sites\/5\/2025\/04\/01_aktern-konferens-lokal-arken-hotell-spa-6527-700x467.jpg 700w, https:\/\/arkenhotel.com\/wp-content\/uploads\/sites\/5\/2025\/04\/01_aktern-konferens-lokal-arken-hotell-spa-6527-800x534.jpg 800w, https:\/\/arkenhotel.com\/wp-content\/uploads\/sites\/5\/2025\/04\/01_aktern-konferens-lokal-arken-hotell-spa-6527-1000x667.jpg 1000w, https:\/\/arkenhotel.com\/wp-content\/uploads\/sites\/5\/2025\/04\/01_aktern-konferens-lokal-arken-hotell-spa-6527-1100x734.jpg 1100w, https:\/\/arkenhotel.com\/wp-content\/uploads\/sites\/5\/2025\/04\/01_aktern-konferens-lokal-arken-hotell-spa-6527-1280x854.jpg 1280w, https:\/\/arkenhotel.com\/wp-content\/uploads\/sites\/5\/2025\/04\/01_aktern-konferens-lokal-arken-hotell-spa-6527-768x513.jpg 768w, https:\/\/arkenhotel.com\/wp-content\/uploads\/sites\/5\/2025\/04\/01_aktern-konferens-lokal-arken-hotell-spa-6527-1536x1025.jpg 1536w, https:\/\/arkenhotel.com\/wp-content\/uploads\/sites\/5\/2025\/04\/01_aktern-konferens-lokal-arken-hotell-spa-6527.jpg 1618w\" sizes=\"auto, (max-width: 900px) 100vw, 900px\" \/><\/figure>\n<\/div>\n\n\n\n<div class=\"wp-block-group has-global-padding is-layout-constrained wp-container-core-group-is-layout-7db9d80f wp-block-group-is-layout-constrained\" style=\"padding-right:0;padding-left:0\">\n<figure class=\"wp-block-image size-large\"><img loading=\"lazy\" decoding=\"async\" width=\"900\" height=\"601\" src=\"https:\/\/arkenhotel.com\/wp-content\/uploads\/sites\/5\/2025\/04\/01_aktern-konferens-lokal-arken-hotell-spa-6549-900x601.jpg\" alt=\"Conference room Aktern\" class=\"wp-image-25782\" srcset=\"https:\/\/arkenhotel.com\/wp-content\/uploads\/sites\/5\/2025\/04\/01_aktern-konferens-lokal-arken-hotell-spa-6549-900x601.jpg 900w, https:\/\/arkenhotel.com\/wp-content\/uploads\/sites\/5\/2025\/04\/01_aktern-konferens-lokal-arken-hotell-spa-6549-400x267.jpg 400w, https:\/\/arkenhotel.com\/wp-content\/uploads\/sites\/5\/2025\/04\/01_aktern-konferens-lokal-arken-hotell-spa-6549-600x401.jpg 600w, https:\/\/arkenhotel.com\/wp-content\/uploads\/sites\/5\/2025\/04\/01_aktern-konferens-lokal-arken-hotell-spa-6549-700x467.jpg 700w, https:\/\/arkenhotel.com\/wp-content\/uploads\/sites\/5\/2025\/04\/01_aktern-konferens-lokal-arken-hotell-spa-6549-800x534.jpg 800w, https:\/\/arkenhotel.com\/wp-content\/uploads\/sites\/5\/2025\/04\/01_aktern-konferens-lokal-arken-hotell-spa-6549-1000x668.jpg 1000w, https:\/\/arkenhotel.com\/wp-content\/uploads\/sites\/5\/2025\/04\/01_aktern-konferens-lokal-arken-hotell-spa-6549-1100x734.jpg 1100w, https:\/\/arkenhotel.com\/wp-content\/uploads\/sites\/5\/2025\/04\/01_aktern-konferens-lokal-arken-hotell-spa-6549-1280x855.jpg 1280w, https:\/\/arkenhotel.com\/wp-content\/uploads\/sites\/5\/2025\/04\/01_aktern-konferens-lokal-arken-hotell-spa-6549-1920x1282.jpg 1920w, https:\/\/arkenhotel.com\/wp-content\/uploads\/sites\/5\/2025\/04\/01_aktern-konferens-lokal-arken-hotell-spa-6549-768x513.jpg 768w, https:\/\/arkenhotel.com\/wp-content\/uploads\/sites\/5\/2025\/04\/01_aktern-konferens-lokal-arken-hotell-spa-6549-1536x1026.jpg 1536w, https:\/\/arkenhotel.com\/wp-content\/uploads\/sites\/5\/2025\/04\/01_aktern-konferens-lokal-arken-hotell-spa-6549-2048x1367.jpg 2048w, https:\/\/arkenhotel.com\/wp-content\/uploads\/sites\/5\/2025\/04\/01_aktern-konferens-lokal-arken-hotell-spa-6549-scaled.jpg 1617w\" sizes=\"auto, (max-width: 900px) 100vw, 900px\" \/><\/figure>\n<\/div>\n\n\n\n<div class=\"wp-block-group has-global-padding is-layout-constrained wp-container-core-group-is-layout-7db9d80f wp-block-group-is-layout-constrained\" style=\"padding-right:0;padding-left:0\">\n<figure class=\"wp-block-image size-large\"><img loading=\"lazy\" decoding=\"async\" width=\"900\" height=\"601\" src=\"https:\/\/arkenhotel.com\/wp-content\/uploads\/sites\/5\/2025\/04\/01_aktern-konferens-lokal-arken-hotell-spa-6543-900x601.jpg\" alt=\"Conference room Aktern\" class=\"wp-image-25781\" srcset=\"https:\/\/arkenhotel.com\/wp-content\/uploads\/sites\/5\/2025\/04\/01_aktern-konferens-lokal-arken-hotell-spa-6543-900x601.jpg 900w, https:\/\/arkenhotel.com\/wp-content\/uploads\/sites\/5\/2025\/04\/01_aktern-konferens-lokal-arken-hotell-spa-6543-400x267.jpg 400w, https:\/\/arkenhotel.com\/wp-content\/uploads\/sites\/5\/2025\/04\/01_aktern-konferens-lokal-arken-hotell-spa-6543-600x400.jpg 600w, https:\/\/arkenhotel.com\/wp-content\/uploads\/sites\/5\/2025\/04\/01_aktern-konferens-lokal-arken-hotell-spa-6543-700x467.jpg 700w, https:\/\/arkenhotel.com\/wp-content\/uploads\/sites\/5\/2025\/04\/01_aktern-konferens-lokal-arken-hotell-spa-6543-800x534.jpg 800w, https:\/\/arkenhotel.com\/wp-content\/uploads\/sites\/5\/2025\/04\/01_aktern-konferens-lokal-arken-hotell-spa-6543-1000x667.jpg 1000w, https:\/\/arkenhotel.com\/wp-content\/uploads\/sites\/5\/2025\/04\/01_aktern-konferens-lokal-arken-hotell-spa-6543-1100x734.jpg 1100w, https:\/\/arkenhotel.com\/wp-content\/uploads\/sites\/5\/2025\/04\/01_aktern-konferens-lokal-arken-hotell-spa-6543-1280x854.jpg 1280w, https:\/\/arkenhotel.com\/wp-content\/uploads\/sites\/5\/2025\/04\/01_aktern-konferens-lokal-arken-hotell-spa-6543-768x513.jpg 768w, https:\/\/arkenhotel.com\/wp-content\/uploads\/sites\/5\/2025\/04\/01_aktern-konferens-lokal-arken-hotell-spa-6543-1536x1025.jpg 1536w, https:\/\/arkenhotel.com\/wp-content\/uploads\/sites\/5\/2025\/04\/01_aktern-konferens-lokal-arken-hotell-spa-6543.jpg 1618w\" sizes=\"auto, (max-width: 900px) 100vw, 900px\" \/><\/figure>\n<\/div>\n\n\n\n<div class=\"wp-block-group has-global-padding is-layout-constrained wp-container-core-group-is-layout-7db9d80f wp-block-group-is-layout-constrained\" style=\"padding-right:0;padding-left:0\">\n<figure class=\"wp-block-image size-large\"><img loading=\"lazy\" decoding=\"async\" width=\"900\" height=\"601\" src=\"https:\/\/arkenhotel.com\/wp-content\/uploads\/sites\/5\/2025\/04\/01_aktern-konferens-lokal-arken-hotell-spa-6541-900x601.jpg\" alt=\"Conference room Aktern\" class=\"wp-image-25780\" srcset=\"https:\/\/arkenhotel.com\/wp-content\/uploads\/sites\/5\/2025\/04\/01_aktern-konferens-lokal-arken-hotell-spa-6541-900x601.jpg 900w, https:\/\/arkenhotel.com\/wp-content\/uploads\/sites\/5\/2025\/04\/01_aktern-konferens-lokal-arken-hotell-spa-6541-400x267.jpg 400w, https:\/\/arkenhotel.com\/wp-content\/uploads\/sites\/5\/2025\/04\/01_aktern-konferens-lokal-arken-hotell-spa-6541-600x400.jpg 600w, https:\/\/arkenhotel.com\/wp-content\/uploads\/sites\/5\/2025\/04\/01_aktern-konferens-lokal-arken-hotell-spa-6541-700x467.jpg 700w, https:\/\/arkenhotel.com\/wp-content\/uploads\/sites\/5\/2025\/04\/01_aktern-konferens-lokal-arken-hotell-spa-6541-800x534.jpg 800w, https:\/\/arkenhotel.com\/wp-content\/uploads\/sites\/5\/2025\/04\/01_aktern-konferens-lokal-arken-hotell-spa-6541-1000x667.jpg 1000w, https:\/\/arkenhotel.com\/wp-content\/uploads\/sites\/5\/2025\/04\/01_aktern-konferens-lokal-arken-hotell-spa-6541-1100x734.jpg 1100w, https:\/\/arkenhotel.com\/wp-content\/uploads\/sites\/5\/2025\/04\/01_aktern-konferens-lokal-arken-hotell-spa-6541-1280x854.jpg 1280w, https:\/\/arkenhotel.com\/wp-content\/uploads\/sites\/5\/2025\/04\/01_aktern-konferens-lokal-arken-hotell-spa-6541-768x513.jpg 768w, https:\/\/arkenhotel.com\/wp-content\/uploads\/sites\/5\/2025\/04\/01_aktern-konferens-lokal-arken-hotell-spa-6541-1536x1025.jpg 1536w, https:\/\/arkenhotel.com\/wp-content\/uploads\/sites\/5\/2025\/04\/01_aktern-konferens-lokal-arken-hotell-spa-6541.jpg 1618w\" sizes=\"auto, (max-width: 900px) 100vw, 900px\" \/><\/figure>\n<\/div>\n\n\n\n<div class=\"wp-block-group has-global-padding is-layout-constrained wp-container-core-group-is-layout-7db9d80f wp-block-group-is-layout-constrained\" style=\"padding-right:0;padding-left:0\">\n<figure class=\"wp-block-image size-large\"><img loading=\"lazy\" decoding=\"async\" width=\"900\" height=\"601\" src=\"https:\/\/arkenhotel.com\/wp-content\/uploads\/sites\/5\/2025\/04\/01_aktern-konferens-lokal-arken-hotell-spa-6556-900x601.jpg\" alt=\"Aktern has both wired and wireless broadband connectivity\" class=\"wp-image-25783\" srcset=\"https:\/\/arkenhotel.com\/wp-content\/uploads\/sites\/5\/2025\/04\/01_aktern-konferens-lokal-arken-hotell-spa-6556-900x601.jpg 900w, https:\/\/arkenhotel.com\/wp-content\/uploads\/sites\/5\/2025\/04\/01_aktern-konferens-lokal-arken-hotell-spa-6556-400x267.jpg 400w, https:\/\/arkenhotel.com\/wp-content\/uploads\/sites\/5\/2025\/04\/01_aktern-konferens-lokal-arken-hotell-spa-6556-600x400.jpg 600w, https:\/\/arkenhotel.com\/wp-content\/uploads\/sites\/5\/2025\/04\/01_aktern-konferens-lokal-arken-hotell-spa-6556-700x467.jpg 700w, https:\/\/arkenhotel.com\/wp-content\/uploads\/sites\/5\/2025\/04\/01_aktern-konferens-lokal-arken-hotell-spa-6556-800x534.jpg 800w, https:\/\/arkenhotel.com\/wp-content\/uploads\/sites\/5\/2025\/04\/01_aktern-konferens-lokal-arken-hotell-spa-6556-1000x667.jpg 1000w, https:\/\/arkenhotel.com\/wp-content\/uploads\/sites\/5\/2025\/04\/01_aktern-konferens-lokal-arken-hotell-spa-6556-1100x734.jpg 1100w, https:\/\/arkenhotel.com\/wp-content\/uploads\/sites\/5\/2025\/04\/01_aktern-konferens-lokal-arken-hotell-spa-6556-1280x854.jpg 1280w, https:\/\/arkenhotel.com\/wp-content\/uploads\/sites\/5\/2025\/04\/01_aktern-konferens-lokal-arken-hotell-spa-6556-768x513.jpg 768w, https:\/\/arkenhotel.com\/wp-content\/uploads\/sites\/5\/2025\/04\/01_aktern-konferens-lokal-arken-hotell-spa-6556-1536x1025.jpg 1536w, https:\/\/arkenhotel.com\/wp-content\/uploads\/sites\/5\/2025\/04\/01_aktern-konferens-lokal-arken-hotell-spa-6556.jpg 1618w\" sizes=\"auto, (max-width: 900px) 100vw, 900px\" \/><\/figure>\n<\/div>\n\n\n\n<div class=\"wp-block-group has-global-padding is-layout-constrained wp-container-core-group-is-layout-7db9d80f wp-block-group-is-layout-constrained\" style=\"padding-right:0;padding-left:0\">\n<figure class=\"wp-block-image size-large\"><img loading=\"lazy\" decoding=\"async\" width=\"900\" height=\"601\" src=\"https:\/\/arkenhotel.com\/wp-content\/uploads\/sites\/5\/2025\/04\/01_aktern-konferens-lokal-arken-hotell-spa-6532-900x601.jpg\" alt=\"Aktern has a door and window to our orangery\" class=\"wp-image-25779\" srcset=\"https:\/\/arkenhotel.com\/wp-content\/uploads\/sites\/5\/2025\/04\/01_aktern-konferens-lokal-arken-hotell-spa-6532-900x601.jpg 900w, https:\/\/arkenhotel.com\/wp-content\/uploads\/sites\/5\/2025\/04\/01_aktern-konferens-lokal-arken-hotell-spa-6532-400x267.jpg 400w, https:\/\/arkenhotel.com\/wp-content\/uploads\/sites\/5\/2025\/04\/01_aktern-konferens-lokal-arken-hotell-spa-6532-600x401.jpg 600w, https:\/\/arkenhotel.com\/wp-content\/uploads\/sites\/5\/2025\/04\/01_aktern-konferens-lokal-arken-hotell-spa-6532-700x467.jpg 700w, https:\/\/arkenhotel.com\/wp-content\/uploads\/sites\/5\/2025\/04\/01_aktern-konferens-lokal-arken-hotell-spa-6532-800x534.jpg 800w, https:\/\/arkenhotel.com\/wp-content\/uploads\/sites\/5\/2025\/04\/01_aktern-konferens-lokal-arken-hotell-spa-6532-1000x668.jpg 1000w, https:\/\/arkenhotel.com\/wp-content\/uploads\/sites\/5\/2025\/04\/01_aktern-konferens-lokal-arken-hotell-spa-6532-1100x734.jpg 1100w, https:\/\/arkenhotel.com\/wp-content\/uploads\/sites\/5\/2025\/04\/01_aktern-konferens-lokal-arken-hotell-spa-6532-1280x855.jpg 1280w, https:\/\/arkenhotel.com\/wp-content\/uploads\/sites\/5\/2025\/04\/01_aktern-konferens-lokal-arken-hotell-spa-6532-1920x1282.jpg 1920w, https:\/\/arkenhotel.com\/wp-content\/uploads\/sites\/5\/2025\/04\/01_aktern-konferens-lokal-arken-hotell-spa-6532-768x513.jpg 768w, https:\/\/arkenhotel.com\/wp-content\/uploads\/sites\/5\/2025\/04\/01_aktern-konferens-lokal-arken-hotell-spa-6532-1536x1026.jpg 1536w, https:\/\/arkenhotel.com\/wp-content\/uploads\/sites\/5\/2025\/04\/01_aktern-konferens-lokal-arken-hotell-spa-6532-2048x1367.jpg 2048w, https:\/\/arkenhotel.com\/wp-content\/uploads\/sites\/5\/2025\/04\/01_aktern-konferens-lokal-arken-hotell-spa-6532-scaled.jpg 1617w\" sizes=\"auto, (max-width: 900px) 100vw, 900px\" \/><\/figure>\n<\/div>\n\n\n\n<div class=\"wp-block-group has-global-padding is-layout-constrained wp-container-core-group-is-layout-7db9d80f wp-block-group-is-layout-constrained\" style=\"padding-right:0;padding-left:0\">\n<figure class=\"wp-block-image size-large\"><img loading=\"lazy\" decoding=\"async\" width=\"900\" height=\"601\" src=\"https:\/\/arkenhotel.com\/wp-content\/uploads\/sites\/5\/2025\/04\/konferens-orangeri-arken-4578-900x601.jpg\" alt=\"Work inside Aktern or continue working in our atrium\" class=\"wp-image-25898\" srcset=\"https:\/\/arkenhotel.com\/wp-content\/uploads\/sites\/5\/2025\/04\/konferens-orangeri-arken-4578-900x601.jpg 900w, https:\/\/arkenhotel.com\/wp-content\/uploads\/sites\/5\/2025\/04\/konferens-orangeri-arken-4578-400x267.jpg 400w, https:\/\/arkenhotel.com\/wp-content\/uploads\/sites\/5\/2025\/04\/konferens-orangeri-arken-4578-600x401.jpg 600w, https:\/\/arkenhotel.com\/wp-content\/uploads\/sites\/5\/2025\/04\/konferens-orangeri-arken-4578-700x467.jpg 700w, https:\/\/arkenhotel.com\/wp-content\/uploads\/sites\/5\/2025\/04\/konferens-orangeri-arken-4578-800x534.jpg 800w, https:\/\/arkenhotel.com\/wp-content\/uploads\/sites\/5\/2025\/04\/konferens-orangeri-arken-4578-1000x668.jpg 1000w, https:\/\/arkenhotel.com\/wp-content\/uploads\/sites\/5\/2025\/04\/konferens-orangeri-arken-4578-1100x734.jpg 1100w, https:\/\/arkenhotel.com\/wp-content\/uploads\/sites\/5\/2025\/04\/konferens-orangeri-arken-4578-1280x855.jpg 1280w, https:\/\/arkenhotel.com\/wp-content\/uploads\/sites\/5\/2025\/04\/konferens-orangeri-arken-4578-1920x1282.jpg 1920w, https:\/\/arkenhotel.com\/wp-content\/uploads\/sites\/5\/2025\/04\/konferens-orangeri-arken-4578-768x513.jpg 768w, https:\/\/arkenhotel.com\/wp-content\/uploads\/sites\/5\/2025\/04\/konferens-orangeri-arken-4578-1536x1026.jpg 1536w, https:\/\/arkenhotel.com\/wp-content\/uploads\/sites\/5\/2025\/04\/konferens-orangeri-arken-4578-2048x1367.jpg 2048w, https:\/\/arkenhotel.com\/wp-content\/uploads\/sites\/5\/2025\/04\/konferens-orangeri-arken-4578-scaled.jpg 1617w\" sizes=\"auto, (max-width: 900px) 100vw, 900px\" \/><\/figure>\n<\/div>\n\n<\/div><!DOCTYPE html PUBLIC \"-\/\/W3C\/\/DTD HTML 4.0 Transitional\/\/EN\" \"http:\/\/www.w3.org\/TR\/REC-html40\/loose.dtd\">\n<html><body><swiper-container init=\"false\" data-slides-per-view-l=\"1\" data-slides-per-view-m=\"1\" data-slides-per-view-s=\"1\" data-show-next=\"\" data-width-auto=\"0\" data-columns-gap=\"0\" data-show-navigation=\"1\" pagination-type=\"fraction\" data-pagination-version=\"first\" data-nav-bg-color=\"var(--wp--preset--color--contrast)\" data-nav-arrow-color=\"var(--wp--preset--color--base)\" class=\"wp-block-content-grid-slider slider-l slider-m slider-s\"><swiper-slide><div class=\"wp-block-group has-global-padding is-layout-constrained wp-container-core-group-is-layout-7db9d80f wp-block-group-is-layout-constrained\" style=\"padding-right:0;padding-left:0\">\n<figure class=\"wp-block-image size-large\"><img loading=\"lazy\" decoding=\"async\" width=\"900\" height=\"601\" src=\"https:\/\/arkenhotel.com\/wp-content\/uploads\/sites\/5\/2025\/04\/01_aktern-konferens-lokal-arken-hotell-spa-6527-900x601.jpg\" alt=\"Aktern with room for 14-40 people\" class=\"wp-image-25778\" srcset=\"https:\/\/arkenhotel.com\/wp-content\/uploads\/sites\/5\/2025\/04\/01_aktern-konferens-lokal-arken-hotell-spa-6527-900x601.jpg 900w, https:\/\/arkenhotel.com\/wp-content\/uploads\/sites\/5\/2025\/04\/01_aktern-konferens-lokal-arken-hotell-spa-6527-400x267.jpg 400w, https:\/\/arkenhotel.com\/wp-content\/uploads\/sites\/5\/2025\/04\/01_aktern-konferens-lokal-arken-hotell-spa-6527-600x400.jpg 600w, https:\/\/arkenhotel.com\/wp-content\/uploads\/sites\/5\/2025\/04\/01_aktern-konferens-lokal-arken-hotell-spa-6527-700x467.jpg 700w, https:\/\/arkenhotel.com\/wp-content\/uploads\/sites\/5\/2025\/04\/01_aktern-konferens-lokal-arken-hotell-spa-6527-800x534.jpg 800w, https:\/\/arkenhotel.com\/wp-content\/uploads\/sites\/5\/2025\/04\/01_aktern-konferens-lokal-arken-hotell-spa-6527-1000x667.jpg 1000w, https:\/\/arkenhotel.com\/wp-content\/uploads\/sites\/5\/2025\/04\/01_aktern-konferens-lokal-arken-hotell-spa-6527-1100x734.jpg 1100w, https:\/\/arkenhotel.com\/wp-content\/uploads\/sites\/5\/2025\/04\/01_aktern-konferens-lokal-arken-hotell-spa-6527-1280x854.jpg 1280w, https:\/\/arkenhotel.com\/wp-content\/uploads\/sites\/5\/2025\/04\/01_aktern-konferens-lokal-arken-hotell-spa-6527-768x513.jpg 768w, https:\/\/arkenhotel.com\/wp-content\/uploads\/sites\/5\/2025\/04\/01_aktern-konferens-lokal-arken-hotell-spa-6527-1536x1025.jpg 1536w, https:\/\/arkenhotel.com\/wp-content\/uploads\/sites\/5\/2025\/04\/01_aktern-konferens-lokal-arken-hotell-spa-6527.jpg 1618w\" sizes=\"auto, (max-width: 900px) 100vw, 900px\" \/><\/figure>\n<\/div><\/swiper-slide><swiper-slide><div class=\"wp-block-group has-global-padding is-layout-constrained wp-container-core-group-is-layout-7db9d80f wp-block-group-is-layout-constrained\" style=\"padding-right:0;padding-left:0\">\n<figure class=\"wp-block-image size-large\"><img loading=\"lazy\" decoding=\"async\" width=\"900\" height=\"601\" src=\"https:\/\/arkenhotel.com\/wp-content\/uploads\/sites\/5\/2025\/04\/01_aktern-konferens-lokal-arken-hotell-spa-6549-900x601.jpg\" alt=\"Conference room Aktern\" class=\"wp-image-25782\" srcset=\"https:\/\/arkenhotel.com\/wp-content\/uploads\/sites\/5\/2025\/04\/01_aktern-konferens-lokal-arken-hotell-spa-6549-900x601.jpg 900w, https:\/\/arkenhotel.com\/wp-content\/uploads\/sites\/5\/2025\/04\/01_aktern-konferens-lokal-arken-hotell-spa-6549-400x267.jpg 400w, https:\/\/arkenhotel.com\/wp-content\/uploads\/sites\/5\/2025\/04\/01_aktern-konferens-lokal-arken-hotell-spa-6549-600x401.jpg 600w, https:\/\/arkenhotel.com\/wp-content\/uploads\/sites\/5\/2025\/04\/01_aktern-konferens-lokal-arken-hotell-spa-6549-700x467.jpg 700w, https:\/\/arkenhotel.com\/wp-content\/uploads\/sites\/5\/2025\/04\/01_aktern-konferens-lokal-arken-hotell-spa-6549-800x534.jpg 800w, https:\/\/arkenhotel.com\/wp-content\/uploads\/sites\/5\/2025\/04\/01_aktern-konferens-lokal-arken-hotell-spa-6549-1000x668.jpg 1000w, https:\/\/arkenhotel.com\/wp-content\/uploads\/sites\/5\/2025\/04\/01_aktern-konferens-lokal-arken-hotell-spa-6549-1100x734.jpg 1100w, https:\/\/arkenhotel.com\/wp-content\/uploads\/sites\/5\/2025\/04\/01_aktern-konferens-lokal-arken-hotell-spa-6549-1280x855.jpg 1280w, https:\/\/arkenhotel.com\/wp-content\/uploads\/sites\/5\/2025\/04\/01_aktern-konferens-lokal-arken-hotell-spa-6549-1920x1282.jpg 1920w, https:\/\/arkenhotel.com\/wp-content\/uploads\/sites\/5\/2025\/04\/01_aktern-konferens-lokal-arken-hotell-spa-6549-768x513.jpg 768w, https:\/\/arkenhotel.com\/wp-content\/uploads\/sites\/5\/2025\/04\/01_aktern-konferens-lokal-arken-hotell-spa-6549-1536x1026.jpg 1536w, https:\/\/arkenhotel.com\/wp-content\/uploads\/sites\/5\/2025\/04\/01_aktern-konferens-lokal-arken-hotell-spa-6549-2048x1367.jpg 2048w, https:\/\/arkenhotel.com\/wp-content\/uploads\/sites\/5\/2025\/04\/01_aktern-konferens-lokal-arken-hotell-spa-6549-scaled.jpg 1617w\" sizes=\"auto, (max-width: 900px) 100vw, 900px\" \/><\/figure>\n<\/div><\/swiper-slide><swiper-slide><div class=\"wp-block-group has-global-padding is-layout-constrained wp-container-core-group-is-layout-7db9d80f wp-block-group-is-layout-constrained\" style=\"padding-right:0;padding-left:0\">\n<figure class=\"wp-block-image size-large\"><img loading=\"lazy\" decoding=\"async\" width=\"900\" height=\"601\" src=\"https:\/\/arkenhotel.com\/wp-content\/uploads\/sites\/5\/2025\/04\/01_aktern-konferens-lokal-arken-hotell-spa-6543-900x601.jpg\" alt=\"Conference room Aktern\" class=\"wp-image-25781\" srcset=\"https:\/\/arkenhotel.com\/wp-content\/uploads\/sites\/5\/2025\/04\/01_aktern-konferens-lokal-arken-hotell-spa-6543-900x601.jpg 900w, https:\/\/arkenhotel.com\/wp-content\/uploads\/sites\/5\/2025\/04\/01_aktern-konferens-lokal-arken-hotell-spa-6543-400x267.jpg 400w, https:\/\/arkenhotel.com\/wp-content\/uploads\/sites\/5\/2025\/04\/01_aktern-konferens-lokal-arken-hotell-spa-6543-600x400.jpg 600w, https:\/\/arkenhotel.com\/wp-content\/uploads\/sites\/5\/2025\/04\/01_aktern-konferens-lokal-arken-hotell-spa-6543-700x467.jpg 700w, https:\/\/arkenhotel.com\/wp-content\/uploads\/sites\/5\/2025\/04\/01_aktern-konferens-lokal-arken-hotell-spa-6543-800x534.jpg 800w, https:\/\/arkenhotel.com\/wp-content\/uploads\/sites\/5\/2025\/04\/01_aktern-konferens-lokal-arken-hotell-spa-6543-1000x667.jpg 1000w, https:\/\/arkenhotel.com\/wp-content\/uploads\/sites\/5\/2025\/04\/01_aktern-konferens-lokal-arken-hotell-spa-6543-1100x734.jpg 1100w, https:\/\/arkenhotel.com\/wp-content\/uploads\/sites\/5\/2025\/04\/01_aktern-konferens-lokal-arken-hotell-spa-6543-1280x854.jpg 1280w, https:\/\/arkenhotel.com\/wp-content\/uploads\/sites\/5\/2025\/04\/01_aktern-konferens-lokal-arken-hotell-spa-6543-768x513.jpg 768w, https:\/\/arkenhotel.com\/wp-content\/uploads\/sites\/5\/2025\/04\/01_aktern-konferens-lokal-arken-hotell-spa-6543-1536x1025.jpg 1536w, https:\/\/arkenhotel.com\/wp-content\/uploads\/sites\/5\/2025\/04\/01_aktern-konferens-lokal-arken-hotell-spa-6543.jpg 1618w\" sizes=\"auto, (max-width: 900px) 100vw, 900px\" \/><\/figure>\n<\/div><\/swiper-slide><swiper-slide><div class=\"wp-block-group has-global-padding is-layout-constrained wp-container-core-group-is-layout-7db9d80f wp-block-group-is-layout-constrained\" style=\"padding-right:0;padding-left:0\">\n<figure class=\"wp-block-image size-large\"><img loading=\"lazy\" decoding=\"async\" width=\"900\" height=\"601\" src=\"https:\/\/arkenhotel.com\/wp-content\/uploads\/sites\/5\/2025\/04\/01_aktern-konferens-lokal-arken-hotell-spa-6541-900x601.jpg\" alt=\"Conference room Aktern\" class=\"wp-image-25780\" srcset=\"https:\/\/arkenhotel.com\/wp-content\/uploads\/sites\/5\/2025\/04\/01_aktern-konferens-lokal-arken-hotell-spa-6541-900x601.jpg 900w, https:\/\/arkenhotel.com\/wp-content\/uploads\/sites\/5\/2025\/04\/01_aktern-konferens-lokal-arken-hotell-spa-6541-400x267.jpg 400w, https:\/\/arkenhotel.com\/wp-content\/uploads\/sites\/5\/2025\/04\/01_aktern-konferens-lokal-arken-hotell-spa-6541-600x400.jpg 600w, https:\/\/arkenhotel.com\/wp-content\/uploads\/sites\/5\/2025\/04\/01_aktern-konferens-lokal-arken-hotell-spa-6541-700x467.jpg 700w, https:\/\/arkenhotel.com\/wp-content\/uploads\/sites\/5\/2025\/04\/01_aktern-konferens-lokal-arken-hotell-spa-6541-800x534.jpg 800w, https:\/\/arkenhotel.com\/wp-content\/uploads\/sites\/5\/2025\/04\/01_aktern-konferens-lokal-arken-hotell-spa-6541-1000x667.jpg 1000w, https:\/\/arkenhotel.com\/wp-content\/uploads\/sites\/5\/2025\/04\/01_aktern-konferens-lokal-arken-hotell-spa-6541-1100x734.jpg 1100w, https:\/\/arkenhotel.com\/wp-content\/uploads\/sites\/5\/2025\/04\/01_aktern-konferens-lokal-arken-hotell-spa-6541-1280x854.jpg 1280w, https:\/\/arkenhotel.com\/wp-content\/uploads\/sites\/5\/2025\/04\/01_aktern-konferens-lokal-arken-hotell-spa-6541-768x513.jpg 768w, https:\/\/arkenhotel.com\/wp-content\/uploads\/sites\/5\/2025\/04\/01_aktern-konferens-lokal-arken-hotell-spa-6541-1536x1025.jpg 1536w, https:\/\/arkenhotel.com\/wp-content\/uploads\/sites\/5\/2025\/04\/01_aktern-konferens-lokal-arken-hotell-spa-6541.jpg 1618w\" sizes=\"auto, (max-width: 900px) 100vw, 900px\" \/><\/figure>\n<\/div><\/swiper-slide><swiper-slide><div class=\"wp-block-group has-global-padding is-layout-constrained wp-container-core-group-is-layout-7db9d80f wp-block-group-is-layout-constrained\" style=\"padding-right:0;padding-left:0\">\n<figure class=\"wp-block-image size-large\"><img loading=\"lazy\" decoding=\"async\" width=\"900\" height=\"601\" src=\"https:\/\/arkenhotel.com\/wp-content\/uploads\/sites\/5\/2025\/04\/01_aktern-konferens-lokal-arken-hotell-spa-6556-900x601.jpg\" alt=\"Aktern has both wired and wireless broadband connectivity\" class=\"wp-image-25783\" srcset=\"https:\/\/arkenhotel.com\/wp-content\/uploads\/sites\/5\/2025\/04\/01_aktern-konferens-lokal-arken-hotell-spa-6556-900x601.jpg 900w, https:\/\/arkenhotel.com\/wp-content\/uploads\/sites\/5\/2025\/04\/01_aktern-konferens-lokal-arken-hotell-spa-6556-400x267.jpg 400w, https:\/\/arkenhotel.com\/wp-content\/uploads\/sites\/5\/2025\/04\/01_aktern-konferens-lokal-arken-hotell-spa-6556-600x400.jpg 600w, https:\/\/arkenhotel.com\/wp-content\/uploads\/sites\/5\/2025\/04\/01_aktern-konferens-lokal-arken-hotell-spa-6556-700x467.jpg 700w, https:\/\/arkenhotel.com\/wp-content\/uploads\/sites\/5\/2025\/04\/01_aktern-konferens-lokal-arken-hotell-spa-6556-800x534.jpg 800w, https:\/\/arkenhotel.com\/wp-content\/uploads\/sites\/5\/2025\/04\/01_aktern-konferens-lokal-arken-hotell-spa-6556-1000x667.jpg 1000w, https:\/\/arkenhotel.com\/wp-content\/uploads\/sites\/5\/2025\/04\/01_aktern-konferens-lokal-arken-hotell-spa-6556-1100x734.jpg 1100w, https:\/\/arkenhotel.com\/wp-content\/uploads\/sites\/5\/2025\/04\/01_aktern-konferens-lokal-arken-hotell-spa-6556-1280x854.jpg 1280w, https:\/\/arkenhotel.com\/wp-content\/uploads\/sites\/5\/2025\/04\/01_aktern-konferens-lokal-arken-hotell-spa-6556-768x513.jpg 768w, https:\/\/arkenhotel.com\/wp-content\/uploads\/sites\/5\/2025\/04\/01_aktern-konferens-lokal-arken-hotell-spa-6556-1536x1025.jpg 1536w, https:\/\/arkenhotel.com\/wp-content\/uploads\/sites\/5\/2025\/04\/01_aktern-konferens-lokal-arken-hotell-spa-6556.jpg 1618w\" sizes=\"auto, (max-width: 900px) 100vw, 900px\" \/><\/figure>\n<\/div><\/swiper-slide><swiper-slide><div class=\"wp-block-group has-global-padding is-layout-constrained wp-container-core-group-is-layout-7db9d80f wp-block-group-is-layout-constrained\" style=\"padding-right:0;padding-left:0\">\n<figure class=\"wp-block-image size-large\"><img loading=\"lazy\" decoding=\"async\" width=\"900\" height=\"601\" src=\"https:\/\/arkenhotel.com\/wp-content\/uploads\/sites\/5\/2025\/04\/01_aktern-konferens-lokal-arken-hotell-spa-6532-900x601.jpg\" alt=\"Aktern has a door and window to our orangery\" class=\"wp-image-25779\" srcset=\"https:\/\/arkenhotel.com\/wp-content\/uploads\/sites\/5\/2025\/04\/01_aktern-konferens-lokal-arken-hotell-spa-6532-900x601.jpg 900w, https:\/\/arkenhotel.com\/wp-content\/uploads\/sites\/5\/2025\/04\/01_aktern-konferens-lokal-arken-hotell-spa-6532-400x267.jpg 400w, https:\/\/arkenhotel.com\/wp-content\/uploads\/sites\/5\/2025\/04\/01_aktern-konferens-lokal-arken-hotell-spa-6532-600x401.jpg 600w, https:\/\/arkenhotel.com\/wp-content\/uploads\/sites\/5\/2025\/04\/01_aktern-konferens-lokal-arken-hotell-spa-6532-700x467.jpg 700w, https:\/\/arkenhotel.com\/wp-content\/uploads\/sites\/5\/2025\/04\/01_aktern-konferens-lokal-arken-hotell-spa-6532-800x534.jpg 800w, https:\/\/arkenhotel.com\/wp-content\/uploads\/sites\/5\/2025\/04\/01_aktern-konferens-lokal-arken-hotell-spa-6532-1000x668.jpg 1000w, https:\/\/arkenhotel.com\/wp-content\/uploads\/sites\/5\/2025\/04\/01_aktern-konferens-lokal-arken-hotell-spa-6532-1100x734.jpg 1100w, https:\/\/arkenhotel.com\/wp-content\/uploads\/sites\/5\/2025\/04\/01_aktern-konferens-lokal-arken-hotell-spa-6532-1280x855.jpg 1280w, https:\/\/arkenhotel.com\/wp-content\/uploads\/sites\/5\/2025\/04\/01_aktern-konferens-lokal-arken-hotell-spa-6532-1920x1282.jpg 1920w, https:\/\/arkenhotel.com\/wp-content\/uploads\/sites\/5\/2025\/04\/01_aktern-konferens-lokal-arken-hotell-spa-6532-768x513.jpg 768w, https:\/\/arkenhotel.com\/wp-content\/uploads\/sites\/5\/2025\/04\/01_aktern-konferens-lokal-arken-hotell-spa-6532-1536x1026.jpg 1536w, https:\/\/arkenhotel.com\/wp-content\/uploads\/sites\/5\/2025\/04\/01_aktern-konferens-lokal-arken-hotell-spa-6532-2048x1367.jpg 2048w, https:\/\/arkenhotel.com\/wp-content\/uploads\/sites\/5\/2025\/04\/01_aktern-konferens-lokal-arken-hotell-spa-6532-scaled.jpg 1617w\" sizes=\"auto, (max-width: 900px) 100vw, 900px\" \/><\/figure>\n<\/div><\/swiper-slide><swiper-slide><div class=\"wp-block-group has-global-padding is-layout-constrained wp-container-core-group-is-layout-7db9d80f wp-block-group-is-layout-constrained\" style=\"padding-right:0;padding-left:0\">\n<figure class=\"wp-block-image size-large\"><img loading=\"lazy\" decoding=\"async\" width=\"900\" height=\"601\" src=\"https:\/\/arkenhotel.com\/wp-content\/uploads\/sites\/5\/2025\/04\/konferens-orangeri-arken-4578-900x601.jpg\" alt=\"Work inside Aktern or continue working in our atrium\" class=\"wp-image-25898\" srcset=\"https:\/\/arkenhotel.com\/wp-content\/uploads\/sites\/5\/2025\/04\/konferens-orangeri-arken-4578-900x601.jpg 900w, https:\/\/arkenhotel.com\/wp-content\/uploads\/sites\/5\/2025\/04\/konferens-orangeri-arken-4578-400x267.jpg 400w, https:\/\/arkenhotel.com\/wp-content\/uploads\/sites\/5\/2025\/04\/konferens-orangeri-arken-4578-600x401.jpg 600w, https:\/\/arkenhotel.com\/wp-content\/uploads\/sites\/5\/2025\/04\/konferens-orangeri-arken-4578-700x467.jpg 700w, https:\/\/arkenhotel.com\/wp-content\/uploads\/sites\/5\/2025\/04\/konferens-orangeri-arken-4578-800x534.jpg 800w, https:\/\/arkenhotel.com\/wp-content\/uploads\/sites\/5\/2025\/04\/konferens-orangeri-arken-4578-1000x668.jpg 1000w, https:\/\/arkenhotel.com\/wp-content\/uploads\/sites\/5\/2025\/04\/konferens-orangeri-arken-4578-1100x734.jpg 1100w, https:\/\/arkenhotel.com\/wp-content\/uploads\/sites\/5\/2025\/04\/konferens-orangeri-arken-4578-1280x855.jpg 1280w, https:\/\/arkenhotel.com\/wp-content\/uploads\/sites\/5\/2025\/04\/konferens-orangeri-arken-4578-1920x1282.jpg 1920w, https:\/\/arkenhotel.com\/wp-content\/uploads\/sites\/5\/2025\/04\/konferens-orangeri-arken-4578-768x513.jpg 768w, https:\/\/arkenhotel.com\/wp-content\/uploads\/sites\/5\/2025\/04\/konferens-orangeri-arken-4578-1536x1026.jpg 1536w, https:\/\/arkenhotel.com\/wp-content\/uploads\/sites\/5\/2025\/04\/konferens-orangeri-arken-4578-2048x1367.jpg 2048w, https:\/\/arkenhotel.com\/wp-content\/uploads\/sites\/5\/2025\/04\/konferens-orangeri-arken-4578-scaled.jpg 1617w\" sizes=\"auto, (max-width: 900px) 100vw, 900px\" \/><\/figure>\n<\/div><\/swiper-slide><\/swiper-container><\/body><\/html>\n<\/div>\n<\/div>\n\n<p><\/p>\n            <\/div>\n         <\/div>\n      <\/div>\n         <div class=\" post-card\" data-post-id=\"31038\" data-post-slug=\"konferenslokal-cyklonen\">\n                     <div class=\"image-wrapper\">\n               <img decoding=\"async\" src=\"https:\/\/arkenhotel.com\/wp-content\/uploads\/sites\/5\/2025\/04\/3_cyklonen-konferens-lokaler-arken-2-2-900x506.jpg\" srcset=\"https:\/\/arkenhotel.com\/wp-content\/uploads\/sites\/5\/2025\/04\/3_cyklonen-konferens-lokaler-arken-2-2-900x506.jpg 900w, https:\/\/arkenhotel.com\/wp-content\/uploads\/sites\/5\/2025\/04\/3_cyklonen-konferens-lokaler-arken-2-2-400x225.jpg 400w, https:\/\/arkenhotel.com\/wp-content\/uploads\/sites\/5\/2025\/04\/3_cyklonen-konferens-lokaler-arken-2-2-600x338.jpg 600w, https:\/\/arkenhotel.com\/wp-content\/uploads\/sites\/5\/2025\/04\/3_cyklonen-konferens-lokaler-arken-2-2-700x394.jpg 700w, https:\/\/arkenhotel.com\/wp-content\/uploads\/sites\/5\/2025\/04\/3_cyklonen-konferens-lokaler-arken-2-2-800x450.jpg 800w, https:\/\/arkenhotel.com\/wp-content\/uploads\/sites\/5\/2025\/04\/3_cyklonen-konferens-lokaler-arken-2-2-1000x563.jpg 1000w, https:\/\/arkenhotel.com\/wp-content\/uploads\/sites\/5\/2025\/04\/3_cyklonen-konferens-lokaler-arken-2-2-1100x619.jpg 1100w, https:\/\/arkenhotel.com\/wp-content\/uploads\/sites\/5\/2025\/04\/3_cyklonen-konferens-lokaler-arken-2-2-1280x720.jpg 1280w, https:\/\/arkenhotel.com\/wp-content\/uploads\/sites\/5\/2025\/04\/3_cyklonen-konferens-lokaler-arken-2-2-768x432.jpg 768w, https:\/\/arkenhotel.com\/wp-content\/uploads\/sites\/5\/2025\/04\/3_cyklonen-konferens-lokaler-arken-2-2-1536x864.jpg 1536w, https:\/\/arkenhotel.com\/wp-content\/uploads\/sites\/5\/2025\/04\/3_cyklonen-konferens-lokaler-arken-2-2.jpg 1920w\" alt=\"CYKLONEN\" class=\"\" \/>\n            <\/div>\n                  <div class=\"content-wrapper\">\n            <div class=\"post-title-capacity\">\n                                 <h3 class=\"wp-block-heading post-title\">CYKLONEN<\/h3>\n                                                <p class=\"post-capacity\">40 pers.<\/p>\n                           <\/div>\n                           <p class=\"post-subheading\">In Cyklonen, you will find all the equipment you might need for a great conference. <\/p>\n                     <\/div>\n                     <div class=\"btn-wrapper\">\n               <button class=\"post-btn wp-block-button__link wp-element-button\">\n                  <div class=\"post-btn-closed\">\n                     Read more                     <svg width=\"10\" height=\"10\" viewBox=\"0 0 10 10\" fill=\"none\" xmlns=\"http:\/\/www.w3.org\/2000\/svg\">\n                        <path d=\"M10 2.66038L5 8L-4.8687e-07 2.66038L0.627207 2L5 6.66981L9.37279 2L10 2.66038Z\" fill=\"currentcolor\" \/>\n                     <\/svg>\n                  <\/div>\n                  <div class=\"post-btn-open\">\n                     Close                     <svg width=\"10\" height=\"10\" viewBox=\"0 0 10 10\" fill=\"none\" xmlns=\"http:\/\/www.w3.org\/2000\/svg\">\n                        <path d=\"M0.561192 10L0 9.43881L4.43881 5L0 0.561192L0.561192 0L5 4.43881L9.43881 0L10 0.561192L5.56119 5L10 9.43881L9.43881 10L5 5.56119L0.561192 10Z\" fill=\"currentcolor\" \/>\n                     <\/svg>\n                  <\/div>\n               <\/button>\n            <\/div>\n                  <div class=\"post-dropdown-content\" data-post-id=\"31038\">\n            <div class=\"post-dropdown-content-inner\">\n               \n<div class=\"wp-block-columns has-base-background-color has-background is-layout-flex wp-container-core-columns-is-layout-a864abb7 wp-block-columns-is-layout-flex\" style=\"padding-top:0;padding-right:0;padding-bottom:0;padding-left:0\">\n<div class=\"wp-block-column is-vertically-aligned-top has-small-font-size is-layout-flow wp-container-core-column-is-layout-6073293c wp-block-column-is-layout-flow\" style=\"flex-basis:500px\">\n<div class=\"wp-block-group is-content-justification-space-between is-nowrap is-layout-flex wp-container-core-group-is-layout-63c1e1a1 wp-block-group-is-layout-flex\">\n<h3 class=\"wp-block-heading\">cyklonen<\/h3>\n\n\n\n<p class=\"has-contrast-color has-text-color has-link-color has-medium-font-size wp-elements-491cfdeb256877ab8cf5c7efcf72115a\">40 pers.<\/p>\n<\/div>\n\n\n\n<p>In Cyklonen you will find all the equipment you need for your conference. The room is equipped for maximum comfort, with ergonomic chairs, generous writing boards and adjustable lighting. <\/p>\n\n\n\n<div class=\"wp-block-buttons is-layout-flex wp-block-buttons-is-layout-flex\">\n<div class=\"wp-block-button\" style=\"--hover-background-color:var(--wp--preset--color--contrast);--hover-text-color:var(--wp--preset--color--base);--hover-border-color:var(--wp--preset--color--contrast);--active-background-color:var(--wp--preset--color--color-3);--active-text-color:var(--wp--preset--color--base);--active-border-color:var(--wp--preset--color--color-3);--focus-background-color:var(--wp--preset--color--contrast);--focus-text-color:var(--wp--preset--color--base);--focus-border-color:var(--wp--preset--color--contrast);--disabled-background-color:var(--wp--preset--color--color-2);--disabled-text-color:var(--wp--preset--color--black);--disabled-border-color:var(--wp--preset--color--color-2)\"><a class=\"wp-block-button__link wp-element-button\" href=\"https:\/\/arkenhotel.com\/en\/meetings-events\/venues\/#kontakt\">SEND A BOOKING INQUIRY<\/a><\/div>\n<\/div>\n\n\n\n<div class=\"wp-block-group is-vertical is-layout-flex wp-container-core-group-is-layout-9f8fc9c8 wp-block-group-is-layout-flex\">\n<p style=\"font-style:normal;font-weight:500\">Equipment on the premises:<\/p>\n\n\n\n<ul class=\"wp-block-list is-style-checklist is-style-checklist--9\">\n<li>Projector<\/li>\n\n\n\n<li>Loudspeakers<\/li>\n\n\n\n<li>Whiteboards<\/li>\n\n\n\n<li>Flipchart<\/li>\n\n\n\n<li>Fixed and wireless broadband access<\/li>\n<\/ul>\n<\/div>\n\n\n\n<div class=\"wp-block-group is-vertical is-layout-flex wp-container-core-group-is-layout-9f8fc9c8 wp-block-group-is-layout-flex\">\n<p style=\"font-style:normal;font-weight:500\">Facts:<\/p>\n\n\n\n<p class=\"has-x-small-font-size\">Surface area: 52 sqm<\/p>\n\n\n\n<p class=\"has-x-small-font-size\">Maximum number: 12-40 pers.<\/p>\n<\/div>\n\n\n\n<div class=\"wp-block-group is-vertical is-layout-flex wp-container-core-group-is-layout-9f8fc9c8 wp-block-group-is-layout-flex\">\n<p style=\"font-style:normal;font-weight:500\">Seatings:<\/p>\n\n\n\n<p class=\"has-x-small-font-size\">U-seat &#8211; 12 pers. | Islands &#8211; 20 pers. | School seating &#8211; 16 pers.<br\/>Chairs in a ring &#8211; 18 pers. | Cinema seating &#8211; 40 pers.  <\/p>\n\n\n\n<p class=\"has-x-small-font-size\"><\/p>\n\n\n\n<p class=\"has-x-small-font-size\"><\/p>\n<\/div>\n<\/div>\n\n\n\n<div class=\"wp-block-column is-vertically-aligned-top is-layout-flow wp-block-column-is-layout-flow\" style=\"flex-basis:66.66%\"><div data-block-id=\"4e6a6933-c609-4c49-a87e-7b92feb82710\" class=\"wp-block-content-grid block-editor-block-list__block wp-block wp-block-tiburon-content-grid columns-l-1 columns-m-1 columns-s-1 layout-default slider-on-l slider-on-m slider-on-s column-gap-0\">\n   \n\n<div class=\"wp-block-group has-global-padding is-layout-constrained wp-container-core-group-is-layout-7db9d80f wp-block-group-is-layout-constrained\" style=\"padding-right:0;padding-left:0\">\n<figure class=\"wp-block-image size-large\"><img loading=\"lazy\" decoding=\"async\" width=\"900\" height=\"601\" src=\"https:\/\/arkenhotel.com\/wp-content\/uploads\/sites\/5\/2025\/04\/3_cyklonen-konferens-lokaler-arken-2-900x601.jpg\" alt=\"Cyklonen conference rooms at Arken Hotel &amp;amp; Art Garden Spa\" class=\"wp-image-25789\" srcset=\"https:\/\/arkenhotel.com\/wp-content\/uploads\/sites\/5\/2025\/04\/3_cyklonen-konferens-lokaler-arken-2-900x601.jpg 900w, https:\/\/arkenhotel.com\/wp-content\/uploads\/sites\/5\/2025\/04\/3_cyklonen-konferens-lokaler-arken-2-400x267.jpg 400w, https:\/\/arkenhotel.com\/wp-content\/uploads\/sites\/5\/2025\/04\/3_cyklonen-konferens-lokaler-arken-2-600x401.jpg 600w, https:\/\/arkenhotel.com\/wp-content\/uploads\/sites\/5\/2025\/04\/3_cyklonen-konferens-lokaler-arken-2-700x467.jpg 700w, https:\/\/arkenhotel.com\/wp-content\/uploads\/sites\/5\/2025\/04\/3_cyklonen-konferens-lokaler-arken-2-800x534.jpg 800w, https:\/\/arkenhotel.com\/wp-content\/uploads\/sites\/5\/2025\/04\/3_cyklonen-konferens-lokaler-arken-2-1000x668.jpg 1000w, https:\/\/arkenhotel.com\/wp-content\/uploads\/sites\/5\/2025\/04\/3_cyklonen-konferens-lokaler-arken-2-1100x734.jpg 1100w, https:\/\/arkenhotel.com\/wp-content\/uploads\/sites\/5\/2025\/04\/3_cyklonen-konferens-lokaler-arken-2-1280x855.jpg 1280w, https:\/\/arkenhotel.com\/wp-content\/uploads\/sites\/5\/2025\/04\/3_cyklonen-konferens-lokaler-arken-2-1920x1282.jpg 1920w, https:\/\/arkenhotel.com\/wp-content\/uploads\/sites\/5\/2025\/04\/3_cyklonen-konferens-lokaler-arken-2-768x513.jpg 768w, https:\/\/arkenhotel.com\/wp-content\/uploads\/sites\/5\/2025\/04\/3_cyklonen-konferens-lokaler-arken-2-1536x1026.jpg 1536w, https:\/\/arkenhotel.com\/wp-content\/uploads\/sites\/5\/2025\/04\/3_cyklonen-konferens-lokaler-arken-2-2048x1367.jpg 2048w, https:\/\/arkenhotel.com\/wp-content\/uploads\/sites\/5\/2025\/04\/3_cyklonen-konferens-lokaler-arken-2-scaled.jpg 1617w\" sizes=\"auto, (max-width: 900px) 100vw, 900px\" \/><\/figure>\n<\/div>\n\n\n\n<div class=\"wp-block-group has-global-padding is-layout-constrained wp-container-core-group-is-layout-7db9d80f wp-block-group-is-layout-constrained\" style=\"padding-right:0;padding-left:0\">\n<figure class=\"wp-block-image size-large\"><img loading=\"lazy\" decoding=\"async\" width=\"900\" height=\"601\" src=\"https:\/\/arkenhotel.com\/wp-content\/uploads\/sites\/5\/2025\/04\/3_cyklonen-konferens-lokaler-arken--900x601.jpg\" alt=\"Conference room with access to the orangery\" class=\"wp-image-25790\" srcset=\"https:\/\/arkenhotel.com\/wp-content\/uploads\/sites\/5\/2025\/04\/3_cyklonen-konferens-lokaler-arken--900x601.jpg 900w, https:\/\/arkenhotel.com\/wp-content\/uploads\/sites\/5\/2025\/04\/3_cyklonen-konferens-lokaler-arken--400x267.jpg 400w, https:\/\/arkenhotel.com\/wp-content\/uploads\/sites\/5\/2025\/04\/3_cyklonen-konferens-lokaler-arken--600x401.jpg 600w, https:\/\/arkenhotel.com\/wp-content\/uploads\/sites\/5\/2025\/04\/3_cyklonen-konferens-lokaler-arken--700x467.jpg 700w, https:\/\/arkenhotel.com\/wp-content\/uploads\/sites\/5\/2025\/04\/3_cyklonen-konferens-lokaler-arken--800x534.jpg 800w, https:\/\/arkenhotel.com\/wp-content\/uploads\/sites\/5\/2025\/04\/3_cyklonen-konferens-lokaler-arken--1000x668.jpg 1000w, https:\/\/arkenhotel.com\/wp-content\/uploads\/sites\/5\/2025\/04\/3_cyklonen-konferens-lokaler-arken--1100x734.jpg 1100w, https:\/\/arkenhotel.com\/wp-content\/uploads\/sites\/5\/2025\/04\/3_cyklonen-konferens-lokaler-arken--1280x855.jpg 1280w, https:\/\/arkenhotel.com\/wp-content\/uploads\/sites\/5\/2025\/04\/3_cyklonen-konferens-lokaler-arken--1920x1282.jpg 1920w, https:\/\/arkenhotel.com\/wp-content\/uploads\/sites\/5\/2025\/04\/3_cyklonen-konferens-lokaler-arken--768x513.jpg 768w, https:\/\/arkenhotel.com\/wp-content\/uploads\/sites\/5\/2025\/04\/3_cyklonen-konferens-lokaler-arken--1536x1026.jpg 1536w, https:\/\/arkenhotel.com\/wp-content\/uploads\/sites\/5\/2025\/04\/3_cyklonen-konferens-lokaler-arken--2048x1367.jpg 2048w, https:\/\/arkenhotel.com\/wp-content\/uploads\/sites\/5\/2025\/04\/3_cyklonen-konferens-lokaler-arken--scaled.jpg 1617w\" sizes=\"auto, (max-width: 900px) 100vw, 900px\" \/><\/figure>\n<\/div>\n\n<\/div><!DOCTYPE html PUBLIC \"-\/\/W3C\/\/DTD HTML 4.0 Transitional\/\/EN\" \"http:\/\/www.w3.org\/TR\/REC-html40\/loose.dtd\">\n<html><body><swiper-container init=\"false\" data-slides-per-view-l=\"1\" data-slides-per-view-m=\"1\" data-slides-per-view-s=\"1\" data-show-next=\"\" data-width-auto=\"0\" data-columns-gap=\"0\" data-show-navigation=\"1\" pagination-type=\"fraction\" data-pagination-version=\"first\" data-nav-bg-color=\"var(--wp--preset--color--contrast)\" data-nav-arrow-color=\"var(--wp--preset--color--base)\" class=\"wp-block-content-grid-slider slider-l slider-m slider-s\"><swiper-slide><div class=\"wp-block-group has-global-padding is-layout-constrained wp-container-core-group-is-layout-7db9d80f wp-block-group-is-layout-constrained\" style=\"padding-right:0;padding-left:0\">\n<figure class=\"wp-block-image size-large\"><img loading=\"lazy\" decoding=\"async\" width=\"900\" height=\"601\" src=\"https:\/\/arkenhotel.com\/wp-content\/uploads\/sites\/5\/2025\/04\/3_cyklonen-konferens-lokaler-arken-2-900x601.jpg\" alt=\"Cyklonen conference rooms at Arken Hotel &amp;amp; Art Garden Spa\" class=\"wp-image-25789\" srcset=\"https:\/\/arkenhotel.com\/wp-content\/uploads\/sites\/5\/2025\/04\/3_cyklonen-konferens-lokaler-arken-2-900x601.jpg 900w, https:\/\/arkenhotel.com\/wp-content\/uploads\/sites\/5\/2025\/04\/3_cyklonen-konferens-lokaler-arken-2-400x267.jpg 400w, https:\/\/arkenhotel.com\/wp-content\/uploads\/sites\/5\/2025\/04\/3_cyklonen-konferens-lokaler-arken-2-600x401.jpg 600w, https:\/\/arkenhotel.com\/wp-content\/uploads\/sites\/5\/2025\/04\/3_cyklonen-konferens-lokaler-arken-2-700x467.jpg 700w, https:\/\/arkenhotel.com\/wp-content\/uploads\/sites\/5\/2025\/04\/3_cyklonen-konferens-lokaler-arken-2-800x534.jpg 800w, https:\/\/arkenhotel.com\/wp-content\/uploads\/sites\/5\/2025\/04\/3_cyklonen-konferens-lokaler-arken-2-1000x668.jpg 1000w, https:\/\/arkenhotel.com\/wp-content\/uploads\/sites\/5\/2025\/04\/3_cyklonen-konferens-lokaler-arken-2-1100x734.jpg 1100w, https:\/\/arkenhotel.com\/wp-content\/uploads\/sites\/5\/2025\/04\/3_cyklonen-konferens-lokaler-arken-2-1280x855.jpg 1280w, https:\/\/arkenhotel.com\/wp-content\/uploads\/sites\/5\/2025\/04\/3_cyklonen-konferens-lokaler-arken-2-1920x1282.jpg 1920w, https:\/\/arkenhotel.com\/wp-content\/uploads\/sites\/5\/2025\/04\/3_cyklonen-konferens-lokaler-arken-2-768x513.jpg 768w, https:\/\/arkenhotel.com\/wp-content\/uploads\/sites\/5\/2025\/04\/3_cyklonen-konferens-lokaler-arken-2-1536x1026.jpg 1536w, https:\/\/arkenhotel.com\/wp-content\/uploads\/sites\/5\/2025\/04\/3_cyklonen-konferens-lokaler-arken-2-2048x1367.jpg 2048w, https:\/\/arkenhotel.com\/wp-content\/uploads\/sites\/5\/2025\/04\/3_cyklonen-konferens-lokaler-arken-2-scaled.jpg 1617w\" sizes=\"auto, (max-width: 900px) 100vw, 900px\" \/><\/figure>\n<\/div><\/swiper-slide><swiper-slide><div class=\"wp-block-group has-global-padding is-layout-constrained wp-container-core-group-is-layout-7db9d80f wp-block-group-is-layout-constrained\" style=\"padding-right:0;padding-left:0\">\n<figure class=\"wp-block-image size-large\"><img loading=\"lazy\" decoding=\"async\" width=\"900\" height=\"601\" src=\"https:\/\/arkenhotel.com\/wp-content\/uploads\/sites\/5\/2025\/04\/3_cyklonen-konferens-lokaler-arken--900x601.jpg\" alt=\"Conference room with access to the orangery\" class=\"wp-image-25790\" srcset=\"https:\/\/arkenhotel.com\/wp-content\/uploads\/sites\/5\/2025\/04\/3_cyklonen-konferens-lokaler-arken--900x601.jpg 900w, https:\/\/arkenhotel.com\/wp-content\/uploads\/sites\/5\/2025\/04\/3_cyklonen-konferens-lokaler-arken--400x267.jpg 400w, https:\/\/arkenhotel.com\/wp-content\/uploads\/sites\/5\/2025\/04\/3_cyklonen-konferens-lokaler-arken--600x401.jpg 600w, https:\/\/arkenhotel.com\/wp-content\/uploads\/sites\/5\/2025\/04\/3_cyklonen-konferens-lokaler-arken--700x467.jpg 700w, https:\/\/arkenhotel.com\/wp-content\/uploads\/sites\/5\/2025\/04\/3_cyklonen-konferens-lokaler-arken--800x534.jpg 800w, https:\/\/arkenhotel.com\/wp-content\/uploads\/sites\/5\/2025\/04\/3_cyklonen-konferens-lokaler-arken--1000x668.jpg 1000w, https:\/\/arkenhotel.com\/wp-content\/uploads\/sites\/5\/2025\/04\/3_cyklonen-konferens-lokaler-arken--1100x734.jpg 1100w, https:\/\/arkenhotel.com\/wp-content\/uploads\/sites\/5\/2025\/04\/3_cyklonen-konferens-lokaler-arken--1280x855.jpg 1280w, https:\/\/arkenhotel.com\/wp-content\/uploads\/sites\/5\/2025\/04\/3_cyklonen-konferens-lokaler-arken--1920x1282.jpg 1920w, https:\/\/arkenhotel.com\/wp-content\/uploads\/sites\/5\/2025\/04\/3_cyklonen-konferens-lokaler-arken--768x513.jpg 768w, https:\/\/arkenhotel.com\/wp-content\/uploads\/sites\/5\/2025\/04\/3_cyklonen-konferens-lokaler-arken--1536x1026.jpg 1536w, https:\/\/arkenhotel.com\/wp-content\/uploads\/sites\/5\/2025\/04\/3_cyklonen-konferens-lokaler-arken--2048x1367.jpg 2048w, https:\/\/arkenhotel.com\/wp-content\/uploads\/sites\/5\/2025\/04\/3_cyklonen-konferens-lokaler-arken--scaled.jpg 1617w\" sizes=\"auto, (max-width: 900px) 100vw, 900px\" \/><\/figure>\n<\/div><\/swiper-slide><\/swiper-container><\/body><\/html>\n<\/div>\n<\/div>\n\n<p><\/p>\n            <\/div>\n         <\/div>\n      <\/div>\n         <div class=\" post-card\" data-post-id=\"30894\" data-post-slug=\"udden\">\n                     <div class=\"image-wrapper\">\n               <img decoding=\"async\" src=\"https:\/\/arkenhotel.com\/wp-content\/uploads\/sites\/5\/2025\/04\/24_udden-konferens-lokaler-arken-3841-900x600.jpg\" srcset=\"https:\/\/arkenhotel.com\/wp-content\/uploads\/sites\/5\/2025\/04\/24_udden-konferens-lokaler-arken-3841-900x600.jpg 900w, https:\/\/arkenhotel.com\/wp-content\/uploads\/sites\/5\/2025\/04\/24_udden-konferens-lokaler-arken-3841-400x267.jpg 400w, https:\/\/arkenhotel.com\/wp-content\/uploads\/sites\/5\/2025\/04\/24_udden-konferens-lokaler-arken-3841-600x400.jpg 600w, https:\/\/arkenhotel.com\/wp-content\/uploads\/sites\/5\/2025\/04\/24_udden-konferens-lokaler-arken-3841-700x467.jpg 700w, https:\/\/arkenhotel.com\/wp-content\/uploads\/sites\/5\/2025\/04\/24_udden-konferens-lokaler-arken-3841-800x533.jpg 800w, https:\/\/arkenhotel.com\/wp-content\/uploads\/sites\/5\/2025\/04\/24_udden-konferens-lokaler-arken-3841-1000x667.jpg 1000w, https:\/\/arkenhotel.com\/wp-content\/uploads\/sites\/5\/2025\/04\/24_udden-konferens-lokaler-arken-3841-1100x733.jpg 1100w, https:\/\/arkenhotel.com\/wp-content\/uploads\/sites\/5\/2025\/04\/24_udden-konferens-lokaler-arken-3841-1280x853.jpg 1280w, https:\/\/arkenhotel.com\/wp-content\/uploads\/sites\/5\/2025\/04\/24_udden-konferens-lokaler-arken-3841-768x512.jpg 768w, https:\/\/arkenhotel.com\/wp-content\/uploads\/sites\/5\/2025\/04\/24_udden-konferens-lokaler-arken-3841-1536x1024.jpg 1536w, https:\/\/arkenhotel.com\/wp-content\/uploads\/sites\/5\/2025\/04\/24_udden-konferens-lokaler-arken-3841.jpg 1620w\" alt=\"UDDEN\" class=\"\" \/>\n            <\/div>\n                  <div class=\"content-wrapper\">\n            <div class=\"post-title-capacity\">\n                                 <h3 class=\"wp-block-heading post-title\">UDDEN<\/h3>\n                                                <p class=\"post-capacity\">40 pers.<\/p>\n                           <\/div>\n                           <p class=\"post-subheading\">In Udden you will find all the equipment you need for your conference.  <\/p>\n                     <\/div>\n                     <div class=\"btn-wrapper\">\n               <button class=\"post-btn wp-block-button__link wp-element-button\">\n                  <div class=\"post-btn-closed\">\n                     Read more                     <svg width=\"10\" height=\"10\" viewBox=\"0 0 10 10\" fill=\"none\" xmlns=\"http:\/\/www.w3.org\/2000\/svg\">\n                        <path d=\"M10 2.66038L5 8L-4.8687e-07 2.66038L0.627207 2L5 6.66981L9.37279 2L10 2.66038Z\" fill=\"currentcolor\" \/>\n                     <\/svg>\n                  <\/div>\n                  <div class=\"post-btn-open\">\n                     Close                     <svg width=\"10\" height=\"10\" viewBox=\"0 0 10 10\" fill=\"none\" xmlns=\"http:\/\/www.w3.org\/2000\/svg\">\n                        <path d=\"M0.561192 10L0 9.43881L4.43881 5L0 0.561192L0.561192 0L5 4.43881L9.43881 0L10 0.561192L5.56119 5L10 9.43881L9.43881 10L5 5.56119L0.561192 10Z\" fill=\"currentcolor\" \/>\n                     <\/svg>\n                  <\/div>\n               <\/button>\n            <\/div>\n                  <div class=\"post-dropdown-content\" data-post-id=\"30894\">\n            <div class=\"post-dropdown-content-inner\">\n               \n<div class=\"wp-block-columns has-base-background-color has-background is-layout-flex wp-container-core-columns-is-layout-a864abb7 wp-block-columns-is-layout-flex\" style=\"padding-top:0;padding-right:0;padding-bottom:0;padding-left:0\">\n<div class=\"wp-block-column is-vertically-aligned-top has-small-font-size is-layout-flow wp-container-core-column-is-layout-6073293c wp-block-column-is-layout-flow\" style=\"flex-basis:500px\">\n<div class=\"wp-block-group is-content-justification-space-between is-nowrap is-layout-flex wp-container-core-group-is-layout-63c1e1a1 wp-block-group-is-layout-flex\">\n<h3 class=\"wp-block-heading\">udden<\/h3>\n\n\n\n<p class=\"has-contrast-color has-text-color has-link-color has-medium-font-size wp-elements-491cfdeb256877ab8cf5c7efcf72115a\">40 pers.<\/p>\n<\/div>\n\n\n\n<p>In Udden you will find all the equipment you need for your conference. The room is equipped for maximum comfort, with ergonomic chairs, generous whiteboards and adjustable lighting.<\/p>\n\n\n\n<div class=\"wp-block-buttons is-layout-flex wp-block-buttons-is-layout-flex\">\n<div class=\"wp-block-button\" style=\"--hover-background-color:var(--wp--preset--color--contrast);--hover-text-color:var(--wp--preset--color--base);--hover-border-color:var(--wp--preset--color--contrast);--active-background-color:var(--wp--preset--color--color-3);--active-text-color:var(--wp--preset--color--base);--active-border-color:var(--wp--preset--color--color-3);--focus-background-color:var(--wp--preset--color--contrast);--focus-text-color:var(--wp--preset--color--base);--focus-border-color:var(--wp--preset--color--contrast);--disabled-background-color:var(--wp--preset--color--color-2);--disabled-text-color:var(--wp--preset--color--black);--disabled-border-color:var(--wp--preset--color--color-2)\"><a class=\"wp-block-button__link wp-element-button\" href=\"https:\/\/arkenhotel.com\/en\/meetings-events\/venues\/#kontakt\">SEND A BOOKING INQUIRY<\/a><\/div>\n<\/div>\n\n\n\n<div class=\"wp-block-group is-vertical is-layout-flex wp-container-core-group-is-layout-9f8fc9c8 wp-block-group-is-layout-flex\">\n<p style=\"font-style:normal;font-weight:500\">Equipment on the premises:<\/p>\n\n\n\n<ul class=\"wp-block-list is-style-checklist is-style-checklist--10\">\n<li>Projector<\/li>\n\n\n\n<li>Whiteboards<\/li>\n\n\n\n<li>TV<\/li>\n\n\n\n<li>Flipchart<\/li>\n\n\n\n<li>Wireless and fixed broadband connectivity<\/li>\n<\/ul>\n<\/div>\n\n\n\n<div class=\"wp-block-group is-vertical is-layout-flex wp-container-core-group-is-layout-9f8fc9c8 wp-block-group-is-layout-flex\">\n<p style=\"font-style:normal;font-weight:500\">Facts:<\/p>\n\n\n\n<p class=\"has-x-small-font-size\">Surface area: 52 sqm<\/p>\n\n\n\n<p class=\"has-x-small-font-size\">Maximum number: 40 pers.<\/p>\n<\/div>\n\n\n\n<div class=\"wp-block-group is-vertical is-layout-flex wp-container-core-group-is-layout-9f8fc9c8 wp-block-group-is-layout-flex\">\n<p style=\"font-style:normal;font-weight:500\">Seatings:<\/p>\n\n\n\n<p class=\"has-x-small-font-size\">U-seating &#8211; 10 pers. | Islands &#8211; 20 pers. | School seating &#8211; 20 pers. | Cinema seating &#8211; 40 pers. | Chairs in a circle &#8211; 18 pers.   <\/p>\n\n\n\n<p class=\"has-x-small-font-size\"><\/p>\n\n\n\n<p class=\"has-x-small-font-size\"><\/p>\n<\/div>\n<\/div>\n\n\n\n<div class=\"wp-block-column is-vertically-aligned-top is-layout-flow wp-block-column-is-layout-flow\" style=\"flex-basis:66.66%\"><div data-block-id=\"4e6a6933-c609-4c49-a87e-7b92feb82710\" class=\"wp-block-content-grid block-editor-block-list__block wp-block wp-block-tiburon-content-grid columns-l-1 columns-m-1 columns-s-1 layout-default slider-on-l slider-on-m slider-on-s column-gap-0\">\n   \n\n<div class=\"wp-block-group has-global-padding is-layout-constrained wp-container-core-group-is-layout-7db9d80f wp-block-group-is-layout-constrained\" style=\"padding-right:0;padding-left:0\">\n<figure class=\"wp-block-image size-large\"><img loading=\"lazy\" decoding=\"async\" width=\"900\" height=\"600\" src=\"https:\/\/arkenhotel.com\/wp-content\/uploads\/sites\/5\/2025\/04\/24_udden-konferens-lokaler-arken-3841-900x600.jpg\" alt=\"Udden - Conference room at Arken Hotel &amp;amp; Art Garden Spa\" class=\"wp-image-25878\" srcset=\"https:\/\/arkenhotel.com\/wp-content\/uploads\/sites\/5\/2025\/04\/24_udden-konferens-lokaler-arken-3841-900x600.jpg 900w, https:\/\/arkenhotel.com\/wp-content\/uploads\/sites\/5\/2025\/04\/24_udden-konferens-lokaler-arken-3841-400x267.jpg 400w, https:\/\/arkenhotel.com\/wp-content\/uploads\/sites\/5\/2025\/04\/24_udden-konferens-lokaler-arken-3841-600x400.jpg 600w, https:\/\/arkenhotel.com\/wp-content\/uploads\/sites\/5\/2025\/04\/24_udden-konferens-lokaler-arken-3841-700x467.jpg 700w, https:\/\/arkenhotel.com\/wp-content\/uploads\/sites\/5\/2025\/04\/24_udden-konferens-lokaler-arken-3841-800x533.jpg 800w, https:\/\/arkenhotel.com\/wp-content\/uploads\/sites\/5\/2025\/04\/24_udden-konferens-lokaler-arken-3841-1000x667.jpg 1000w, https:\/\/arkenhotel.com\/wp-content\/uploads\/sites\/5\/2025\/04\/24_udden-konferens-lokaler-arken-3841-1100x733.jpg 1100w, https:\/\/arkenhotel.com\/wp-content\/uploads\/sites\/5\/2025\/04\/24_udden-konferens-lokaler-arken-3841-1280x853.jpg 1280w, https:\/\/arkenhotel.com\/wp-content\/uploads\/sites\/5\/2025\/04\/24_udden-konferens-lokaler-arken-3841-768x512.jpg 768w, https:\/\/arkenhotel.com\/wp-content\/uploads\/sites\/5\/2025\/04\/24_udden-konferens-lokaler-arken-3841-1536x1024.jpg 1536w, https:\/\/arkenhotel.com\/wp-content\/uploads\/sites\/5\/2025\/04\/24_udden-konferens-lokaler-arken-3841.jpg 1620w\" sizes=\"auto, (max-width: 900px) 100vw, 900px\" \/><\/figure>\n<\/div>\n\n\n\n<div class=\"wp-block-group has-global-padding is-layout-constrained wp-container-core-group-is-layout-7db9d80f wp-block-group-is-layout-constrained\" style=\"padding-right:0;padding-left:0\">\n<figure class=\"wp-block-image size-large\"><img loading=\"lazy\" decoding=\"async\" width=\"900\" height=\"600\" src=\"https:\/\/arkenhotel.com\/wp-content\/uploads\/sites\/5\/2025\/04\/24_udden-konferens-lokaler-arken-3844-900x600.jpg\" alt=\"Seating for 40 people in the Udden conference room.\" class=\"wp-image-25879\" srcset=\"https:\/\/arkenhotel.com\/wp-content\/uploads\/sites\/5\/2025\/04\/24_udden-konferens-lokaler-arken-3844-900x600.jpg 900w, https:\/\/arkenhotel.com\/wp-content\/uploads\/sites\/5\/2025\/04\/24_udden-konferens-lokaler-arken-3844-400x267.jpg 400w, https:\/\/arkenhotel.com\/wp-content\/uploads\/sites\/5\/2025\/04\/24_udden-konferens-lokaler-arken-3844-600x400.jpg 600w, https:\/\/arkenhotel.com\/wp-content\/uploads\/sites\/5\/2025\/04\/24_udden-konferens-lokaler-arken-3844-700x467.jpg 700w, https:\/\/arkenhotel.com\/wp-content\/uploads\/sites\/5\/2025\/04\/24_udden-konferens-lokaler-arken-3844-800x533.jpg 800w, https:\/\/arkenhotel.com\/wp-content\/uploads\/sites\/5\/2025\/04\/24_udden-konferens-lokaler-arken-3844-1000x667.jpg 1000w, https:\/\/arkenhotel.com\/wp-content\/uploads\/sites\/5\/2025\/04\/24_udden-konferens-lokaler-arken-3844-1100x733.jpg 1100w, https:\/\/arkenhotel.com\/wp-content\/uploads\/sites\/5\/2025\/04\/24_udden-konferens-lokaler-arken-3844-1280x853.jpg 1280w, https:\/\/arkenhotel.com\/wp-content\/uploads\/sites\/5\/2025\/04\/24_udden-konferens-lokaler-arken-3844-768x512.jpg 768w, https:\/\/arkenhotel.com\/wp-content\/uploads\/sites\/5\/2025\/04\/24_udden-konferens-lokaler-arken-3844-1536x1024.jpg 1536w, https:\/\/arkenhotel.com\/wp-content\/uploads\/sites\/5\/2025\/04\/24_udden-konferens-lokaler-arken-3844.jpg 1620w\" sizes=\"auto, (max-width: 900px) 100vw, 900px\" \/><\/figure>\n<\/div>\n\n<\/div><!DOCTYPE html PUBLIC \"-\/\/W3C\/\/DTD HTML 4.0 Transitional\/\/EN\" \"http:\/\/www.w3.org\/TR\/REC-html40\/loose.dtd\">\n<html><body><swiper-container init=\"false\" data-slides-per-view-l=\"1\" data-slides-per-view-m=\"1\" data-slides-per-view-s=\"1\" data-show-next=\"\" data-width-auto=\"0\" data-columns-gap=\"0\" data-show-navigation=\"1\" pagination-type=\"fraction\" data-pagination-version=\"first\" data-nav-bg-color=\"var(--wp--preset--color--contrast)\" data-nav-arrow-color=\"var(--wp--preset--color--base)\" class=\"wp-block-content-grid-slider slider-l slider-m slider-s\"><swiper-slide><div class=\"wp-block-group has-global-padding is-layout-constrained wp-container-core-group-is-layout-7db9d80f wp-block-group-is-layout-constrained\" style=\"padding-right:0;padding-left:0\">\n<figure class=\"wp-block-image size-large\"><img loading=\"lazy\" decoding=\"async\" width=\"900\" height=\"600\" src=\"https:\/\/arkenhotel.com\/wp-content\/uploads\/sites\/5\/2025\/04\/24_udden-konferens-lokaler-arken-3841-900x600.jpg\" alt=\"Udden - Conference room at Arken Hotel &amp;amp; Art Garden Spa\" class=\"wp-image-25878\" srcset=\"https:\/\/arkenhotel.com\/wp-content\/uploads\/sites\/5\/2025\/04\/24_udden-konferens-lokaler-arken-3841-900x600.jpg 900w, https:\/\/arkenhotel.com\/wp-content\/uploads\/sites\/5\/2025\/04\/24_udden-konferens-lokaler-arken-3841-400x267.jpg 400w, https:\/\/arkenhotel.com\/wp-content\/uploads\/sites\/5\/2025\/04\/24_udden-konferens-lokaler-arken-3841-600x400.jpg 600w, https:\/\/arkenhotel.com\/wp-content\/uploads\/sites\/5\/2025\/04\/24_udden-konferens-lokaler-arken-3841-700x467.jpg 700w, https:\/\/arkenhotel.com\/wp-content\/uploads\/sites\/5\/2025\/04\/24_udden-konferens-lokaler-arken-3841-800x533.jpg 800w, https:\/\/arkenhotel.com\/wp-content\/uploads\/sites\/5\/2025\/04\/24_udden-konferens-lokaler-arken-3841-1000x667.jpg 1000w, https:\/\/arkenhotel.com\/wp-content\/uploads\/sites\/5\/2025\/04\/24_udden-konferens-lokaler-arken-3841-1100x733.jpg 1100w, https:\/\/arkenhotel.com\/wp-content\/uploads\/sites\/5\/2025\/04\/24_udden-konferens-lokaler-arken-3841-1280x853.jpg 1280w, https:\/\/arkenhotel.com\/wp-content\/uploads\/sites\/5\/2025\/04\/24_udden-konferens-lokaler-arken-3841-768x512.jpg 768w, https:\/\/arkenhotel.com\/wp-content\/uploads\/sites\/5\/2025\/04\/24_udden-konferens-lokaler-arken-3841-1536x1024.jpg 1536w, https:\/\/arkenhotel.com\/wp-content\/uploads\/sites\/5\/2025\/04\/24_udden-konferens-lokaler-arken-3841.jpg 1620w\" sizes=\"auto, (max-width: 900px) 100vw, 900px\" \/><\/figure>\n<\/div><\/swiper-slide><swiper-slide><div class=\"wp-block-group has-global-padding is-layout-constrained wp-container-core-group-is-layout-7db9d80f wp-block-group-is-layout-constrained\" style=\"padding-right:0;padding-left:0\">\n<figure class=\"wp-block-image size-large\"><img loading=\"lazy\" decoding=\"async\" width=\"900\" height=\"600\" src=\"https:\/\/arkenhotel.com\/wp-content\/uploads\/sites\/5\/2025\/04\/24_udden-konferens-lokaler-arken-3844-900x600.jpg\" alt=\"Seating for 40 people in the Udden conference room.\" class=\"wp-image-25879\" srcset=\"https:\/\/arkenhotel.com\/wp-content\/uploads\/sites\/5\/2025\/04\/24_udden-konferens-lokaler-arken-3844-900x600.jpg 900w, https:\/\/arkenhotel.com\/wp-content\/uploads\/sites\/5\/2025\/04\/24_udden-konferens-lokaler-arken-3844-400x267.jpg 400w, https:\/\/arkenhotel.com\/wp-content\/uploads\/sites\/5\/2025\/04\/24_udden-konferens-lokaler-arken-3844-600x400.jpg 600w, https:\/\/arkenhotel.com\/wp-content\/uploads\/sites\/5\/2025\/04\/24_udden-konferens-lokaler-arken-3844-700x467.jpg 700w, https:\/\/arkenhotel.com\/wp-content\/uploads\/sites\/5\/2025\/04\/24_udden-konferens-lokaler-arken-3844-800x533.jpg 800w, https:\/\/arkenhotel.com\/wp-content\/uploads\/sites\/5\/2025\/04\/24_udden-konferens-lokaler-arken-3844-1000x667.jpg 1000w, https:\/\/arkenhotel.com\/wp-content\/uploads\/sites\/5\/2025\/04\/24_udden-konferens-lokaler-arken-3844-1100x733.jpg 1100w, https:\/\/arkenhotel.com\/wp-content\/uploads\/sites\/5\/2025\/04\/24_udden-konferens-lokaler-arken-3844-1280x853.jpg 1280w, https:\/\/arkenhotel.com\/wp-content\/uploads\/sites\/5\/2025\/04\/24_udden-konferens-lokaler-arken-3844-768x512.jpg 768w, https:\/\/arkenhotel.com\/wp-content\/uploads\/sites\/5\/2025\/04\/24_udden-konferens-lokaler-arken-3844-1536x1024.jpg 1536w, https:\/\/arkenhotel.com\/wp-content\/uploads\/sites\/5\/2025\/04\/24_udden-konferens-lokaler-arken-3844.jpg 1620w\" sizes=\"auto, (max-width: 900px) 100vw, 900px\" \/><\/figure>\n<\/div><\/swiper-slide><\/swiper-container><\/body><\/html>\n<\/div>\n<\/div>\n\n<p><\/p>\n            <\/div>\n         <\/div>\n      <\/div>\n         <div class=\" post-card\" data-post-id=\"30900\" data-post-slug=\"kalvsund\">\n                     <div class=\"image-wrapper\">\n               <img decoding=\"async\" src=\"https:\/\/arkenhotel.com\/wp-content\/uploads\/sites\/5\/2025\/04\/25_Kalvsund-konferens-lokal-arken-hotell-spa-6676-900x601.jpg\" srcset=\"https:\/\/arkenhotel.com\/wp-content\/uploads\/sites\/5\/2025\/04\/25_Kalvsund-konferens-lokal-arken-hotell-spa-6676-900x601.jpg 900w, https:\/\/arkenhotel.com\/wp-content\/uploads\/sites\/5\/2025\/04\/25_Kalvsund-konferens-lokal-arken-hotell-spa-6676-400x267.jpg 400w, https:\/\/arkenhotel.com\/wp-content\/uploads\/sites\/5\/2025\/04\/25_Kalvsund-konferens-lokal-arken-hotell-spa-6676-600x401.jpg 600w, https:\/\/arkenhotel.com\/wp-content\/uploads\/sites\/5\/2025\/04\/25_Kalvsund-konferens-lokal-arken-hotell-spa-6676-700x467.jpg 700w, https:\/\/arkenhotel.com\/wp-content\/uploads\/sites\/5\/2025\/04\/25_Kalvsund-konferens-lokal-arken-hotell-spa-6676-800x534.jpg 800w, https:\/\/arkenhotel.com\/wp-content\/uploads\/sites\/5\/2025\/04\/25_Kalvsund-konferens-lokal-arken-hotell-spa-6676-1000x668.jpg 1000w, https:\/\/arkenhotel.com\/wp-content\/uploads\/sites\/5\/2025\/04\/25_Kalvsund-konferens-lokal-arken-hotell-spa-6676-1100x734.jpg 1100w, https:\/\/arkenhotel.com\/wp-content\/uploads\/sites\/5\/2025\/04\/25_Kalvsund-konferens-lokal-arken-hotell-spa-6676-1280x855.jpg 1280w, https:\/\/arkenhotel.com\/wp-content\/uploads\/sites\/5\/2025\/04\/25_Kalvsund-konferens-lokal-arken-hotell-spa-6676-1920x1282.jpg 1920w, https:\/\/arkenhotel.com\/wp-content\/uploads\/sites\/5\/2025\/04\/25_Kalvsund-konferens-lokal-arken-hotell-spa-6676-768x513.jpg 768w, https:\/\/arkenhotel.com\/wp-content\/uploads\/sites\/5\/2025\/04\/25_Kalvsund-konferens-lokal-arken-hotell-spa-6676-1536x1026.jpg 1536w, https:\/\/arkenhotel.com\/wp-content\/uploads\/sites\/5\/2025\/04\/25_Kalvsund-konferens-lokal-arken-hotell-spa-6676-2048x1367.jpg 2048w, https:\/\/arkenhotel.com\/wp-content\/uploads\/sites\/5\/2025\/04\/25_Kalvsund-konferens-lokal-arken-hotell-spa-6676-scaled.jpg 1617w\" alt=\"KALVSUND\" class=\"\" \/>\n            <\/div>\n                  <div class=\"content-wrapper\">\n            <div class=\"post-title-capacity\">\n                                 <h3 class=\"wp-block-heading post-title\">KALVSUND<\/h3>\n                                                <p class=\"post-capacity\">40 pers.<\/p>\n                           <\/div>\n                           <p class=\"post-subheading\">In Kalvsund you will find all the equipment you need for your conference.  <\/p>\n                     <\/div>\n                     <div class=\"btn-wrapper\">\n               <button class=\"post-btn wp-block-button__link wp-element-button\">\n                  <div class=\"post-btn-closed\">\n                     Read more                     <svg width=\"10\" height=\"10\" viewBox=\"0 0 10 10\" fill=\"none\" xmlns=\"http:\/\/www.w3.org\/2000\/svg\">\n                        <path d=\"M10 2.66038L5 8L-4.8687e-07 2.66038L0.627207 2L5 6.66981L9.37279 2L10 2.66038Z\" fill=\"currentcolor\" \/>\n                     <\/svg>\n                  <\/div>\n                  <div class=\"post-btn-open\">\n                     Close                     <svg width=\"10\" height=\"10\" viewBox=\"0 0 10 10\" fill=\"none\" xmlns=\"http:\/\/www.w3.org\/2000\/svg\">\n                        <path d=\"M0.561192 10L0 9.43881L4.43881 5L0 0.561192L0.561192 0L5 4.43881L9.43881 0L10 0.561192L5.56119 5L10 9.43881L9.43881 10L5 5.56119L0.561192 10Z\" fill=\"currentcolor\" \/>\n                     <\/svg>\n                  <\/div>\n               <\/button>\n            <\/div>\n                  <div class=\"post-dropdown-content\" data-post-id=\"30900\">\n            <div class=\"post-dropdown-content-inner\">\n               \n<div class=\"wp-block-columns has-base-background-color has-background is-layout-flex wp-container-core-columns-is-layout-a864abb7 wp-block-columns-is-layout-flex\" style=\"padding-top:0;padding-right:0;padding-bottom:0;padding-left:0\">\n<div class=\"wp-block-column is-vertically-aligned-top has-small-font-size is-layout-flow wp-container-core-column-is-layout-6073293c wp-block-column-is-layout-flow\" style=\"flex-basis:500px\">\n<div class=\"wp-block-group is-content-justification-space-between is-nowrap is-layout-flex wp-container-core-group-is-layout-63c1e1a1 wp-block-group-is-layout-flex\">\n<h3 class=\"wp-block-heading\">kalvsund<\/h3>\n\n\n\n<p class=\"has-contrast-color has-text-color has-link-color has-medium-font-size wp-elements-491cfdeb256877ab8cf5c7efcf72115a\">40 pers.<\/p>\n<\/div>\n\n\n\n<p>In Kalvsund you will find all the equipment you need for your conference. The room is equipped for maximum comfort, with ergonomic chairs, generous writing boards and adjustable lighting. <\/p>\n\n\n\n<div class=\"wp-block-buttons is-layout-flex wp-block-buttons-is-layout-flex\">\n<div class=\"wp-block-button\" style=\"--hover-background-color:var(--wp--preset--color--contrast);--hover-text-color:var(--wp--preset--color--base);--hover-border-color:var(--wp--preset--color--contrast);--active-background-color:var(--wp--preset--color--color-3);--active-text-color:var(--wp--preset--color--base);--active-border-color:var(--wp--preset--color--color-3);--focus-background-color:var(--wp--preset--color--contrast);--focus-text-color:var(--wp--preset--color--base);--focus-border-color:var(--wp--preset--color--contrast);--disabled-background-color:var(--wp--preset--color--color-2);--disabled-text-color:var(--wp--preset--color--black);--disabled-border-color:var(--wp--preset--color--color-2)\"><a class=\"wp-block-button__link wp-element-button\" href=\"https:\/\/arkenhotel.com\/en\/meetings-events\/venues\/#kontakt\">SEND A BOOKING INQUIRY<\/a><\/div>\n<\/div>\n\n\n\n<div class=\"wp-block-group is-vertical is-layout-flex wp-container-core-group-is-layout-9f8fc9c8 wp-block-group-is-layout-flex\">\n<p style=\"font-style:normal;font-weight:500\">Equipment on the premises:<\/p>\n\n\n\n<ul class=\"wp-block-list is-style-checklist is-style-checklist--11\">\n<li>Projector<\/li>\n\n\n\n<li>Loudspeakers<\/li>\n\n\n\n<li>Whiteboards<\/li>\n\n\n\n<li>Flipchart<\/li>\n\n\n\n<li>Fixed and wireless broadband<\/li>\n<\/ul>\n<\/div>\n\n\n\n<div class=\"wp-block-group is-vertical is-layout-flex wp-container-core-group-is-layout-9f8fc9c8 wp-block-group-is-layout-flex\">\n<p style=\"font-style:normal;font-weight:500\">Facts:<\/p>\n\n\n\n<p class=\"has-x-small-font-size\">Surface area: 52 sqm<\/p>\n\n\n\n<p class=\"has-x-small-font-size\">Maximum number: 40 pers.<\/p>\n<\/div>\n\n\n\n<div class=\"wp-block-group is-vertical is-layout-flex wp-container-core-group-is-layout-9f8fc9c8 wp-block-group-is-layout-flex\">\n<p style=\"font-style:normal;font-weight:500\">Seatings:<\/p>\n\n\n\n<p class=\"has-x-small-font-size\">U-seating &#8211; 10 pers. | Islands &#8211; 20 pers. | School seating &#8211; 20 pers. | Cinema seating &#8211; 40 pers. | Chairs in a circle &#8211; 18 pers.   <\/p>\n\n\n\n<p class=\"has-x-small-font-size\"><\/p>\n\n\n\n<p class=\"has-x-small-font-size\"><\/p>\n<\/div>\n<\/div>\n\n\n\n<div class=\"wp-block-column is-vertically-aligned-top is-layout-flow wp-block-column-is-layout-flow\" style=\"flex-basis:66.66%\"><div data-block-id=\"4e6a6933-c609-4c49-a87e-7b92feb82710\" class=\"wp-block-content-grid block-editor-block-list__block wp-block wp-block-tiburon-content-grid columns-l-1 columns-m-1 columns-s-1 layout-default slider-on-l slider-on-m slider-on-s column-gap-0\">\n   \n\n<div class=\"wp-block-group has-global-padding is-layout-constrained wp-container-core-group-is-layout-7db9d80f wp-block-group-is-layout-constrained\" style=\"padding-right:0;padding-left:0\">\n<figure class=\"wp-block-image size-large\"><img loading=\"lazy\" decoding=\"async\" width=\"900\" height=\"601\" src=\"https:\/\/arkenhotel.com\/wp-content\/uploads\/sites\/5\/2025\/04\/25_Kalvsund-konferens-lokal-arken-hotell-spa-6676-900x601.jpg\" alt=\"Kalvsund conference room\" class=\"wp-image-25880\" srcset=\"https:\/\/arkenhotel.com\/wp-content\/uploads\/sites\/5\/2025\/04\/25_Kalvsund-konferens-lokal-arken-hotell-spa-6676-900x601.jpg 900w, https:\/\/arkenhotel.com\/wp-content\/uploads\/sites\/5\/2025\/04\/25_Kalvsund-konferens-lokal-arken-hotell-spa-6676-400x267.jpg 400w, https:\/\/arkenhotel.com\/wp-content\/uploads\/sites\/5\/2025\/04\/25_Kalvsund-konferens-lokal-arken-hotell-spa-6676-600x401.jpg 600w, https:\/\/arkenhotel.com\/wp-content\/uploads\/sites\/5\/2025\/04\/25_Kalvsund-konferens-lokal-arken-hotell-spa-6676-700x467.jpg 700w, https:\/\/arkenhotel.com\/wp-content\/uploads\/sites\/5\/2025\/04\/25_Kalvsund-konferens-lokal-arken-hotell-spa-6676-800x534.jpg 800w, https:\/\/arkenhotel.com\/wp-content\/uploads\/sites\/5\/2025\/04\/25_Kalvsund-konferens-lokal-arken-hotell-spa-6676-1000x668.jpg 1000w, https:\/\/arkenhotel.com\/wp-content\/uploads\/sites\/5\/2025\/04\/25_Kalvsund-konferens-lokal-arken-hotell-spa-6676-1100x734.jpg 1100w, https:\/\/arkenhotel.com\/wp-content\/uploads\/sites\/5\/2025\/04\/25_Kalvsund-konferens-lokal-arken-hotell-spa-6676-1280x855.jpg 1280w, https:\/\/arkenhotel.com\/wp-content\/uploads\/sites\/5\/2025\/04\/25_Kalvsund-konferens-lokal-arken-hotell-spa-6676-1920x1282.jpg 1920w, https:\/\/arkenhotel.com\/wp-content\/uploads\/sites\/5\/2025\/04\/25_Kalvsund-konferens-lokal-arken-hotell-spa-6676-768x513.jpg 768w, https:\/\/arkenhotel.com\/wp-content\/uploads\/sites\/5\/2025\/04\/25_Kalvsund-konferens-lokal-arken-hotell-spa-6676-1536x1026.jpg 1536w, https:\/\/arkenhotel.com\/wp-content\/uploads\/sites\/5\/2025\/04\/25_Kalvsund-konferens-lokal-arken-hotell-spa-6676-2048x1367.jpg 2048w, https:\/\/arkenhotel.com\/wp-content\/uploads\/sites\/5\/2025\/04\/25_Kalvsund-konferens-lokal-arken-hotell-spa-6676-scaled.jpg 1617w\" sizes=\"auto, (max-width: 900px) 100vw, 900px\" \/><\/figure>\n<\/div>\n\n\n\n<div class=\"wp-block-group has-global-padding is-layout-constrained wp-container-core-group-is-layout-7db9d80f wp-block-group-is-layout-constrained\" style=\"padding-right:0;padding-left:0\">\n<figure class=\"wp-block-image size-large\"><img loading=\"lazy\" decoding=\"async\" width=\"900\" height=\"601\" src=\"https:\/\/arkenhotel.com\/wp-content\/uploads\/sites\/5\/2025\/04\/25_Kalvsund-konferens-lokal-arken-hotell-spa-6680-900x601.jpg\" alt=\"Kalvsund - conference room at Arken Hotel &amp;amp; Art Garden Spa\" class=\"wp-image-25881\" srcset=\"https:\/\/arkenhotel.com\/wp-content\/uploads\/sites\/5\/2025\/04\/25_Kalvsund-konferens-lokal-arken-hotell-spa-6680-900x601.jpg 900w, https:\/\/arkenhotel.com\/wp-content\/uploads\/sites\/5\/2025\/04\/25_Kalvsund-konferens-lokal-arken-hotell-spa-6680-400x267.jpg 400w, https:\/\/arkenhotel.com\/wp-content\/uploads\/sites\/5\/2025\/04\/25_Kalvsund-konferens-lokal-arken-hotell-spa-6680-600x400.jpg 600w, https:\/\/arkenhotel.com\/wp-content\/uploads\/sites\/5\/2025\/04\/25_Kalvsund-konferens-lokal-arken-hotell-spa-6680-700x467.jpg 700w, https:\/\/arkenhotel.com\/wp-content\/uploads\/sites\/5\/2025\/04\/25_Kalvsund-konferens-lokal-arken-hotell-spa-6680-800x534.jpg 800w, https:\/\/arkenhotel.com\/wp-content\/uploads\/sites\/5\/2025\/04\/25_Kalvsund-konferens-lokal-arken-hotell-spa-6680-1000x667.jpg 1000w, https:\/\/arkenhotel.com\/wp-content\/uploads\/sites\/5\/2025\/04\/25_Kalvsund-konferens-lokal-arken-hotell-spa-6680-1100x734.jpg 1100w, https:\/\/arkenhotel.com\/wp-content\/uploads\/sites\/5\/2025\/04\/25_Kalvsund-konferens-lokal-arken-hotell-spa-6680-1280x854.jpg 1280w, https:\/\/arkenhotel.com\/wp-content\/uploads\/sites\/5\/2025\/04\/25_Kalvsund-konferens-lokal-arken-hotell-spa-6680-768x513.jpg 768w, https:\/\/arkenhotel.com\/wp-content\/uploads\/sites\/5\/2025\/04\/25_Kalvsund-konferens-lokal-arken-hotell-spa-6680-1536x1025.jpg 1536w, https:\/\/arkenhotel.com\/wp-content\/uploads\/sites\/5\/2025\/04\/25_Kalvsund-konferens-lokal-arken-hotell-spa-6680.jpg 1618w\" sizes=\"auto, (max-width: 900px) 100vw, 900px\" \/><\/figure>\n<\/div>\n\n<\/div><!DOCTYPE html PUBLIC \"-\/\/W3C\/\/DTD HTML 4.0 Transitional\/\/EN\" \"http:\/\/www.w3.org\/TR\/REC-html40\/loose.dtd\">\n<html><body><swiper-container init=\"false\" data-slides-per-view-l=\"1\" data-slides-per-view-m=\"1\" data-slides-per-view-s=\"1\" data-show-next=\"\" data-width-auto=\"0\" data-columns-gap=\"0\" data-show-navigation=\"1\" pagination-type=\"fraction\" data-pagination-version=\"first\" data-nav-bg-color=\"var(--wp--preset--color--contrast)\" data-nav-arrow-color=\"var(--wp--preset--color--base)\" class=\"wp-block-content-grid-slider slider-l slider-m slider-s\"><swiper-slide><div class=\"wp-block-group has-global-padding is-layout-constrained wp-container-core-group-is-layout-7db9d80f wp-block-group-is-layout-constrained\" style=\"padding-right:0;padding-left:0\">\n<figure class=\"wp-block-image size-large\"><img loading=\"lazy\" decoding=\"async\" width=\"900\" height=\"601\" src=\"https:\/\/arkenhotel.com\/wp-content\/uploads\/sites\/5\/2025\/04\/25_Kalvsund-konferens-lokal-arken-hotell-spa-6676-900x601.jpg\" alt=\"Kalvsund conference room\" class=\"wp-image-25880\" srcset=\"https:\/\/arkenhotel.com\/wp-content\/uploads\/sites\/5\/2025\/04\/25_Kalvsund-konferens-lokal-arken-hotell-spa-6676-900x601.jpg 900w, https:\/\/arkenhotel.com\/wp-content\/uploads\/sites\/5\/2025\/04\/25_Kalvsund-konferens-lokal-arken-hotell-spa-6676-400x267.jpg 400w, https:\/\/arkenhotel.com\/wp-content\/uploads\/sites\/5\/2025\/04\/25_Kalvsund-konferens-lokal-arken-hotell-spa-6676-600x401.jpg 600w, https:\/\/arkenhotel.com\/wp-content\/uploads\/sites\/5\/2025\/04\/25_Kalvsund-konferens-lokal-arken-hotell-spa-6676-700x467.jpg 700w, https:\/\/arkenhotel.com\/wp-content\/uploads\/sites\/5\/2025\/04\/25_Kalvsund-konferens-lokal-arken-hotell-spa-6676-800x534.jpg 800w, https:\/\/arkenhotel.com\/wp-content\/uploads\/sites\/5\/2025\/04\/25_Kalvsund-konferens-lokal-arken-hotell-spa-6676-1000x668.jpg 1000w, https:\/\/arkenhotel.com\/wp-content\/uploads\/sites\/5\/2025\/04\/25_Kalvsund-konferens-lokal-arken-hotell-spa-6676-1100x734.jpg 1100w, https:\/\/arkenhotel.com\/wp-content\/uploads\/sites\/5\/2025\/04\/25_Kalvsund-konferens-lokal-arken-hotell-spa-6676-1280x855.jpg 1280w, https:\/\/arkenhotel.com\/wp-content\/uploads\/sites\/5\/2025\/04\/25_Kalvsund-konferens-lokal-arken-hotell-spa-6676-1920x1282.jpg 1920w, https:\/\/arkenhotel.com\/wp-content\/uploads\/sites\/5\/2025\/04\/25_Kalvsund-konferens-lokal-arken-hotell-spa-6676-768x513.jpg 768w, https:\/\/arkenhotel.com\/wp-content\/uploads\/sites\/5\/2025\/04\/25_Kalvsund-konferens-lokal-arken-hotell-spa-6676-1536x1026.jpg 1536w, https:\/\/arkenhotel.com\/wp-content\/uploads\/sites\/5\/2025\/04\/25_Kalvsund-konferens-lokal-arken-hotell-spa-6676-2048x1367.jpg 2048w, https:\/\/arkenhotel.com\/wp-content\/uploads\/sites\/5\/2025\/04\/25_Kalvsund-konferens-lokal-arken-hotell-spa-6676-scaled.jpg 1617w\" sizes=\"auto, (max-width: 900px) 100vw, 900px\" \/><\/figure>\n<\/div><\/swiper-slide><swiper-slide><div class=\"wp-block-group has-global-padding is-layout-constrained wp-container-core-group-is-layout-7db9d80f wp-block-group-is-layout-constrained\" style=\"padding-right:0;padding-left:0\">\n<figure class=\"wp-block-image size-large\"><img loading=\"lazy\" decoding=\"async\" width=\"900\" height=\"601\" src=\"https:\/\/arkenhotel.com\/wp-content\/uploads\/sites\/5\/2025\/04\/25_Kalvsund-konferens-lokal-arken-hotell-spa-6680-900x601.jpg\" alt=\"Kalvsund - conference room at Arken Hotel &amp;amp; Art Garden Spa\" class=\"wp-image-25881\" srcset=\"https:\/\/arkenhotel.com\/wp-content\/uploads\/sites\/5\/2025\/04\/25_Kalvsund-konferens-lokal-arken-hotell-spa-6680-900x601.jpg 900w, https:\/\/arkenhotel.com\/wp-content\/uploads\/sites\/5\/2025\/04\/25_Kalvsund-konferens-lokal-arken-hotell-spa-6680-400x267.jpg 400w, https:\/\/arkenhotel.com\/wp-content\/uploads\/sites\/5\/2025\/04\/25_Kalvsund-konferens-lokal-arken-hotell-spa-6680-600x400.jpg 600w, https:\/\/arkenhotel.com\/wp-content\/uploads\/sites\/5\/2025\/04\/25_Kalvsund-konferens-lokal-arken-hotell-spa-6680-700x467.jpg 700w, https:\/\/arkenhotel.com\/wp-content\/uploads\/sites\/5\/2025\/04\/25_Kalvsund-konferens-lokal-arken-hotell-spa-6680-800x534.jpg 800w, https:\/\/arkenhotel.com\/wp-content\/uploads\/sites\/5\/2025\/04\/25_Kalvsund-konferens-lokal-arken-hotell-spa-6680-1000x667.jpg 1000w, https:\/\/arkenhotel.com\/wp-content\/uploads\/sites\/5\/2025\/04\/25_Kalvsund-konferens-lokal-arken-hotell-spa-6680-1100x734.jpg 1100w, https:\/\/arkenhotel.com\/wp-content\/uploads\/sites\/5\/2025\/04\/25_Kalvsund-konferens-lokal-arken-hotell-spa-6680-1280x854.jpg 1280w, https:\/\/arkenhotel.com\/wp-content\/uploads\/sites\/5\/2025\/04\/25_Kalvsund-konferens-lokal-arken-hotell-spa-6680-768x513.jpg 768w, https:\/\/arkenhotel.com\/wp-content\/uploads\/sites\/5\/2025\/04\/25_Kalvsund-konferens-lokal-arken-hotell-spa-6680-1536x1025.jpg 1536w, https:\/\/arkenhotel.com\/wp-content\/uploads\/sites\/5\/2025\/04\/25_Kalvsund-konferens-lokal-arken-hotell-spa-6680.jpg 1618w\" sizes=\"auto, (max-width: 900px) 100vw, 900px\" \/><\/figure>\n<\/div><\/swiper-slide><\/swiper-container><\/body><\/html>\n<\/div>\n<\/div>\n\n<p><\/p>\n            <\/div>\n         <\/div>\n      <\/div>\n         <div class=\" post-card\" data-post-id=\"30912\" data-post-slug=\"vagen\">\n                     <div class=\"image-wrapper\">\n               <img decoding=\"async\" src=\"https:\/\/arkenhotel.com\/wp-content\/uploads\/sites\/5\/2025\/04\/27_vagen-konferens-lokal-arken-hotell-1481-900x601.jpg\" srcset=\"https:\/\/arkenhotel.com\/wp-content\/uploads\/sites\/5\/2025\/04\/27_vagen-konferens-lokal-arken-hotell-1481-900x601.jpg 900w, https:\/\/arkenhotel.com\/wp-content\/uploads\/sites\/5\/2025\/04\/27_vagen-konferens-lokal-arken-hotell-1481-400x267.jpg 400w, https:\/\/arkenhotel.com\/wp-content\/uploads\/sites\/5\/2025\/04\/27_vagen-konferens-lokal-arken-hotell-1481-600x400.jpg 600w, https:\/\/arkenhotel.com\/wp-content\/uploads\/sites\/5\/2025\/04\/27_vagen-konferens-lokal-arken-hotell-1481-700x467.jpg 700w, https:\/\/arkenhotel.com\/wp-content\/uploads\/sites\/5\/2025\/04\/27_vagen-konferens-lokal-arken-hotell-1481-800x534.jpg 800w, https:\/\/arkenhotel.com\/wp-content\/uploads\/sites\/5\/2025\/04\/27_vagen-konferens-lokal-arken-hotell-1481-1000x667.jpg 1000w, https:\/\/arkenhotel.com\/wp-content\/uploads\/sites\/5\/2025\/04\/27_vagen-konferens-lokal-arken-hotell-1481-1100x734.jpg 1100w, https:\/\/arkenhotel.com\/wp-content\/uploads\/sites\/5\/2025\/04\/27_vagen-konferens-lokal-arken-hotell-1481-1280x854.jpg 1280w, https:\/\/arkenhotel.com\/wp-content\/uploads\/sites\/5\/2025\/04\/27_vagen-konferens-lokal-arken-hotell-1481-768x513.jpg 768w, https:\/\/arkenhotel.com\/wp-content\/uploads\/sites\/5\/2025\/04\/27_vagen-konferens-lokal-arken-hotell-1481-1536x1025.jpg 1536w, https:\/\/arkenhotel.com\/wp-content\/uploads\/sites\/5\/2025\/04\/27_vagen-konferens-lokal-arken-hotell-1481.jpg 1618w\" alt=\"V\u00c5GEN\" class=\"\" \/>\n            <\/div>\n                  <div class=\"content-wrapper\">\n            <div class=\"post-title-capacity\">\n                                 <h3 class=\"wp-block-heading post-title\">V\u00c5GEN<\/h3>\n                                                <p class=\"post-capacity\">32 pers.<\/p>\n                           <\/div>\n                           <p class=\"post-subheading\">In V\u00e5gen you will find all the equipment you need for your conference.  <\/p>\n                     <\/div>\n                     <div class=\"btn-wrapper\">\n               <button class=\"post-btn wp-block-button__link wp-element-button\">\n                  <div class=\"post-btn-closed\">\n                     Read more                     <svg width=\"10\" height=\"10\" viewBox=\"0 0 10 10\" fill=\"none\" xmlns=\"http:\/\/www.w3.org\/2000\/svg\">\n                        <path d=\"M10 2.66038L5 8L-4.8687e-07 2.66038L0.627207 2L5 6.66981L9.37279 2L10 2.66038Z\" fill=\"currentcolor\" \/>\n                     <\/svg>\n                  <\/div>\n                  <div class=\"post-btn-open\">\n                     Close                     <svg width=\"10\" height=\"10\" viewBox=\"0 0 10 10\" fill=\"none\" xmlns=\"http:\/\/www.w3.org\/2000\/svg\">\n                        <path d=\"M0.561192 10L0 9.43881L4.43881 5L0 0.561192L0.561192 0L5 4.43881L9.43881 0L10 0.561192L5.56119 5L10 9.43881L9.43881 10L5 5.56119L0.561192 10Z\" fill=\"currentcolor\" \/>\n                     <\/svg>\n                  <\/div>\n               <\/button>\n            <\/div>\n                  <div class=\"post-dropdown-content\" data-post-id=\"30912\">\n            <div class=\"post-dropdown-content-inner\">\n               \n<div class=\"wp-block-columns has-base-background-color has-background is-layout-flex wp-container-core-columns-is-layout-a864abb7 wp-block-columns-is-layout-flex\" style=\"padding-top:0;padding-right:0;padding-bottom:0;padding-left:0\">\n<div class=\"wp-block-column is-vertically-aligned-top has-small-font-size is-layout-flow wp-container-core-column-is-layout-6073293c wp-block-column-is-layout-flow\" style=\"flex-basis:500px\">\n<div class=\"wp-block-group is-content-justification-space-between is-nowrap is-layout-flex wp-container-core-group-is-layout-63c1e1a1 wp-block-group-is-layout-flex\">\n<h3 class=\"wp-block-heading\">V\u00e5gen<\/h3>\n\n\n\n<p class=\"has-contrast-color has-text-color has-link-color has-medium-font-size wp-elements-d1e078b40e3d55365e6ec2a3e4826ea7\">32 pers.<\/p>\n<\/div>\n\n\n\n<p>In V\u00e5gen you will find all the equipment you need for your conference. The room is equipped for maximum comfort, with ergonomic chairs, generous writing boards and adjustable lighting. <\/p>\n\n\n\n<div class=\"wp-block-buttons is-layout-flex wp-block-buttons-is-layout-flex\">\n<div class=\"wp-block-button\" style=\"--hover-background-color:var(--wp--preset--color--contrast);--hover-text-color:var(--wp--preset--color--base);--hover-border-color:var(--wp--preset--color--contrast);--active-background-color:var(--wp--preset--color--color-3);--active-text-color:var(--wp--preset--color--base);--active-border-color:var(--wp--preset--color--color-3);--focus-background-color:var(--wp--preset--color--contrast);--focus-text-color:var(--wp--preset--color--base);--focus-border-color:var(--wp--preset--color--contrast);--disabled-background-color:var(--wp--preset--color--color-2);--disabled-text-color:var(--wp--preset--color--black);--disabled-border-color:var(--wp--preset--color--color-2)\"><a class=\"wp-block-button__link wp-element-button\" href=\"https:\/\/arkenhotel.com\/en\/meetings-events\/venues\/#kontakt\">SEND A BOOKING INQUIRY<\/a><\/div>\n<\/div>\n\n\n\n<div class=\"wp-block-group is-vertical is-layout-flex wp-container-core-group-is-layout-9f8fc9c8 wp-block-group-is-layout-flex\">\n<p style=\"font-style:normal;font-weight:500\">Equipment on the premises:<\/p>\n\n\n\n<ul class=\"wp-block-list is-style-checklist is-style-checklist--12\">\n<li>Projector<\/li>\n\n\n\n<li>Loudspeakers<\/li>\n\n\n\n<li>Whiteboards<\/li>\n\n\n\n<li>Flipchart<\/li>\n\n\n\n<li>Fixed and wireless broadband<\/li>\n<\/ul>\n<\/div>\n\n\n\n<div class=\"wp-block-group is-vertical is-layout-flex wp-container-core-group-is-layout-9f8fc9c8 wp-block-group-is-layout-flex\">\n<p style=\"font-style:normal;font-weight:500\">Facts:<\/p>\n\n\n\n<p class=\"has-x-small-font-size\">Surface area: 63 sqm<\/p>\n\n\n\n<p class=\"has-x-small-font-size\">Maximum number: 32 pers.<\/p>\n<\/div>\n\n\n\n<div class=\"wp-block-group is-vertical is-layout-flex wp-container-core-group-is-layout-9f8fc9c8 wp-block-group-is-layout-flex\">\n<p style=\"font-style:normal;font-weight:500\">Seatings:<\/p>\n\n\n\n<p class=\"has-x-small-font-size\">U-seat &#8211; 14 pers. | Islands &#8211; 20 pers. | School seating &#8211; 18 pers.   | Biositting &#8211; 32 pers. | Chairs in a ring &#8211; 20 pers.<\/p>\n\n\n\n<p class=\"has-x-small-font-size\"><\/p>\n\n\n\n<p class=\"has-x-small-font-size\"><\/p>\n<\/div>\n<\/div>\n\n\n\n<div class=\"wp-block-column is-vertically-aligned-top is-layout-flow wp-block-column-is-layout-flow\" style=\"flex-basis:66.66%\"><div data-block-id=\"4e6a6933-c609-4c49-a87e-7b92feb82710\" class=\"wp-block-content-grid block-editor-block-list__block wp-block wp-block-tiburon-content-grid columns-l-1 columns-m-1 columns-s-1 layout-default slider-on-l slider-on-m slider-on-s column-gap-0\">\n   \n\n<div class=\"wp-block-group has-global-padding is-layout-constrained wp-container-core-group-is-layout-7db9d80f wp-block-group-is-layout-constrained\" style=\"padding-right:0;padding-left:0\">\n<figure class=\"wp-block-image size-large\"><img loading=\"lazy\" decoding=\"async\" width=\"900\" height=\"601\" src=\"https:\/\/arkenhotel.com\/wp-content\/uploads\/sites\/5\/2025\/04\/27_vagen-konferens-lokal-arken-hotell-1481-900x601.jpg\" alt=\"V&#xE5;gen conference room at Arken Hotel &amp;amp; Art Garden Spa\" class=\"wp-image-25892\" srcset=\"https:\/\/arkenhotel.com\/wp-content\/uploads\/sites\/5\/2025\/04\/27_vagen-konferens-lokal-arken-hotell-1481-900x601.jpg 900w, https:\/\/arkenhotel.com\/wp-content\/uploads\/sites\/5\/2025\/04\/27_vagen-konferens-lokal-arken-hotell-1481-400x267.jpg 400w, https:\/\/arkenhotel.com\/wp-content\/uploads\/sites\/5\/2025\/04\/27_vagen-konferens-lokal-arken-hotell-1481-600x400.jpg 600w, https:\/\/arkenhotel.com\/wp-content\/uploads\/sites\/5\/2025\/04\/27_vagen-konferens-lokal-arken-hotell-1481-700x467.jpg 700w, https:\/\/arkenhotel.com\/wp-content\/uploads\/sites\/5\/2025\/04\/27_vagen-konferens-lokal-arken-hotell-1481-800x534.jpg 800w, https:\/\/arkenhotel.com\/wp-content\/uploads\/sites\/5\/2025\/04\/27_vagen-konferens-lokal-arken-hotell-1481-1000x667.jpg 1000w, https:\/\/arkenhotel.com\/wp-content\/uploads\/sites\/5\/2025\/04\/27_vagen-konferens-lokal-arken-hotell-1481-1100x734.jpg 1100w, https:\/\/arkenhotel.com\/wp-content\/uploads\/sites\/5\/2025\/04\/27_vagen-konferens-lokal-arken-hotell-1481-1280x854.jpg 1280w, https:\/\/arkenhotel.com\/wp-content\/uploads\/sites\/5\/2025\/04\/27_vagen-konferens-lokal-arken-hotell-1481-768x513.jpg 768w, https:\/\/arkenhotel.com\/wp-content\/uploads\/sites\/5\/2025\/04\/27_vagen-konferens-lokal-arken-hotell-1481-1536x1025.jpg 1536w, https:\/\/arkenhotel.com\/wp-content\/uploads\/sites\/5\/2025\/04\/27_vagen-konferens-lokal-arken-hotell-1481.jpg 1618w\" sizes=\"auto, (max-width: 900px) 100vw, 900px\" \/><\/figure>\n<\/div>\n\n\n\n<div class=\"wp-block-group has-global-padding is-layout-constrained wp-container-core-group-is-layout-7db9d80f wp-block-group-is-layout-constrained\" style=\"padding-right:0;padding-left:0\">\n<figure class=\"wp-block-image size-large\"><img loading=\"lazy\" decoding=\"async\" width=\"900\" height=\"601\" src=\"https:\/\/arkenhotel.com\/wp-content\/uploads\/sites\/5\/2025\/04\/27_vagen-konferens-lokal-arken-hotell-1474-900x601.jpg\" alt=\"V&#xE5;gen - conference room for up to 32 people.\" class=\"wp-image-25890\" srcset=\"https:\/\/arkenhotel.com\/wp-content\/uploads\/sites\/5\/2025\/04\/27_vagen-konferens-lokal-arken-hotell-1474-900x601.jpg 900w, https:\/\/arkenhotel.com\/wp-content\/uploads\/sites\/5\/2025\/04\/27_vagen-konferens-lokal-arken-hotell-1474-400x267.jpg 400w, https:\/\/arkenhotel.com\/wp-content\/uploads\/sites\/5\/2025\/04\/27_vagen-konferens-lokal-arken-hotell-1474-600x400.jpg 600w, https:\/\/arkenhotel.com\/wp-content\/uploads\/sites\/5\/2025\/04\/27_vagen-konferens-lokal-arken-hotell-1474-700x467.jpg 700w, https:\/\/arkenhotel.com\/wp-content\/uploads\/sites\/5\/2025\/04\/27_vagen-konferens-lokal-arken-hotell-1474-800x534.jpg 800w, https:\/\/arkenhotel.com\/wp-content\/uploads\/sites\/5\/2025\/04\/27_vagen-konferens-lokal-arken-hotell-1474-1000x667.jpg 1000w, https:\/\/arkenhotel.com\/wp-content\/uploads\/sites\/5\/2025\/04\/27_vagen-konferens-lokal-arken-hotell-1474-1100x734.jpg 1100w, https:\/\/arkenhotel.com\/wp-content\/uploads\/sites\/5\/2025\/04\/27_vagen-konferens-lokal-arken-hotell-1474-1280x854.jpg 1280w, https:\/\/arkenhotel.com\/wp-content\/uploads\/sites\/5\/2025\/04\/27_vagen-konferens-lokal-arken-hotell-1474-768x513.jpg 768w, https:\/\/arkenhotel.com\/wp-content\/uploads\/sites\/5\/2025\/04\/27_vagen-konferens-lokal-arken-hotell-1474-1536x1025.jpg 1536w, https:\/\/arkenhotel.com\/wp-content\/uploads\/sites\/5\/2025\/04\/27_vagen-konferens-lokal-arken-hotell-1474.jpg 1618w\" sizes=\"auto, (max-width: 900px) 100vw, 900px\" \/><\/figure>\n<\/div>\n\n\n\n<div class=\"wp-block-group has-global-padding is-layout-constrained wp-container-core-group-is-layout-7db9d80f wp-block-group-is-layout-constrained\" style=\"padding-right:0;padding-left:0\">\n<figure class=\"wp-block-image size-large\"><img loading=\"lazy\" decoding=\"async\" width=\"900\" height=\"601\" src=\"https:\/\/arkenhotel.com\/wp-content\/uploads\/sites\/5\/2025\/04\/27_vagen-konferens-lokal-arken-hotell-1480-900x601.jpg\" alt=\"V&#xE5;gen conference room\" class=\"wp-image-25891\" srcset=\"https:\/\/arkenhotel.com\/wp-content\/uploads\/sites\/5\/2025\/04\/27_vagen-konferens-lokal-arken-hotell-1480-900x601.jpg 900w, https:\/\/arkenhotel.com\/wp-content\/uploads\/sites\/5\/2025\/04\/27_vagen-konferens-lokal-arken-hotell-1480-400x267.jpg 400w, https:\/\/arkenhotel.com\/wp-content\/uploads\/sites\/5\/2025\/04\/27_vagen-konferens-lokal-arken-hotell-1480-600x400.jpg 600w, https:\/\/arkenhotel.com\/wp-content\/uploads\/sites\/5\/2025\/04\/27_vagen-konferens-lokal-arken-hotell-1480-700x467.jpg 700w, https:\/\/arkenhotel.com\/wp-content\/uploads\/sites\/5\/2025\/04\/27_vagen-konferens-lokal-arken-hotell-1480-800x534.jpg 800w, https:\/\/arkenhotel.com\/wp-content\/uploads\/sites\/5\/2025\/04\/27_vagen-konferens-lokal-arken-hotell-1480-1000x667.jpg 1000w, https:\/\/arkenhotel.com\/wp-content\/uploads\/sites\/5\/2025\/04\/27_vagen-konferens-lokal-arken-hotell-1480-1100x734.jpg 1100w, https:\/\/arkenhotel.com\/wp-content\/uploads\/sites\/5\/2025\/04\/27_vagen-konferens-lokal-arken-hotell-1480-1280x854.jpg 1280w, https:\/\/arkenhotel.com\/wp-content\/uploads\/sites\/5\/2025\/04\/27_vagen-konferens-lokal-arken-hotell-1480-768x513.jpg 768w, https:\/\/arkenhotel.com\/wp-content\/uploads\/sites\/5\/2025\/04\/27_vagen-konferens-lokal-arken-hotell-1480-1536x1025.jpg 1536w, https:\/\/arkenhotel.com\/wp-content\/uploads\/sites\/5\/2025\/04\/27_vagen-konferens-lokal-arken-hotell-1480.jpg 1618w\" sizes=\"auto, (max-width: 900px) 100vw, 900px\" \/><\/figure>\n<\/div>\n\n<\/div><!DOCTYPE html PUBLIC \"-\/\/W3C\/\/DTD HTML 4.0 Transitional\/\/EN\" \"http:\/\/www.w3.org\/TR\/REC-html40\/loose.dtd\">\n<html><body><swiper-container init=\"false\" data-slides-per-view-l=\"1\" data-slides-per-view-m=\"1\" data-slides-per-view-s=\"1\" data-show-next=\"\" data-width-auto=\"0\" data-columns-gap=\"0\" data-show-navigation=\"1\" pagination-type=\"fraction\" data-pagination-version=\"first\" data-nav-bg-color=\"var(--wp--preset--color--contrast)\" data-nav-arrow-color=\"var(--wp--preset--color--base)\" class=\"wp-block-content-grid-slider slider-l slider-m slider-s\"><swiper-slide><div class=\"wp-block-group has-global-padding is-layout-constrained wp-container-core-group-is-layout-7db9d80f wp-block-group-is-layout-constrained\" style=\"padding-right:0;padding-left:0\">\n<figure class=\"wp-block-image size-large\"><img loading=\"lazy\" decoding=\"async\" width=\"900\" height=\"601\" src=\"https:\/\/arkenhotel.com\/wp-content\/uploads\/sites\/5\/2025\/04\/27_vagen-konferens-lokal-arken-hotell-1481-900x601.jpg\" alt=\"V&aring;gen conference room at Arken Hotel &amp;amp; Art Garden Spa\" class=\"wp-image-25892\" srcset=\"https:\/\/arkenhotel.com\/wp-content\/uploads\/sites\/5\/2025\/04\/27_vagen-konferens-lokal-arken-hotell-1481-900x601.jpg 900w, https:\/\/arkenhotel.com\/wp-content\/uploads\/sites\/5\/2025\/04\/27_vagen-konferens-lokal-arken-hotell-1481-400x267.jpg 400w, https:\/\/arkenhotel.com\/wp-content\/uploads\/sites\/5\/2025\/04\/27_vagen-konferens-lokal-arken-hotell-1481-600x400.jpg 600w, https:\/\/arkenhotel.com\/wp-content\/uploads\/sites\/5\/2025\/04\/27_vagen-konferens-lokal-arken-hotell-1481-700x467.jpg 700w, https:\/\/arkenhotel.com\/wp-content\/uploads\/sites\/5\/2025\/04\/27_vagen-konferens-lokal-arken-hotell-1481-800x534.jpg 800w, https:\/\/arkenhotel.com\/wp-content\/uploads\/sites\/5\/2025\/04\/27_vagen-konferens-lokal-arken-hotell-1481-1000x667.jpg 1000w, https:\/\/arkenhotel.com\/wp-content\/uploads\/sites\/5\/2025\/04\/27_vagen-konferens-lokal-arken-hotell-1481-1100x734.jpg 1100w, https:\/\/arkenhotel.com\/wp-content\/uploads\/sites\/5\/2025\/04\/27_vagen-konferens-lokal-arken-hotell-1481-1280x854.jpg 1280w, https:\/\/arkenhotel.com\/wp-content\/uploads\/sites\/5\/2025\/04\/27_vagen-konferens-lokal-arken-hotell-1481-768x513.jpg 768w, https:\/\/arkenhotel.com\/wp-content\/uploads\/sites\/5\/2025\/04\/27_vagen-konferens-lokal-arken-hotell-1481-1536x1025.jpg 1536w, https:\/\/arkenhotel.com\/wp-content\/uploads\/sites\/5\/2025\/04\/27_vagen-konferens-lokal-arken-hotell-1481.jpg 1618w\" sizes=\"auto, (max-width: 900px) 100vw, 900px\" \/><\/figure>\n<\/div><\/swiper-slide><swiper-slide><div class=\"wp-block-group has-global-padding is-layout-constrained wp-container-core-group-is-layout-7db9d80f wp-block-group-is-layout-constrained\" style=\"padding-right:0;padding-left:0\">\n<figure class=\"wp-block-image size-large\"><img loading=\"lazy\" decoding=\"async\" width=\"900\" height=\"601\" src=\"https:\/\/arkenhotel.com\/wp-content\/uploads\/sites\/5\/2025\/04\/27_vagen-konferens-lokal-arken-hotell-1474-900x601.jpg\" alt=\"V&aring;gen - conference room for up to 32 people.\" class=\"wp-image-25890\" srcset=\"https:\/\/arkenhotel.com\/wp-content\/uploads\/sites\/5\/2025\/04\/27_vagen-konferens-lokal-arken-hotell-1474-900x601.jpg 900w, https:\/\/arkenhotel.com\/wp-content\/uploads\/sites\/5\/2025\/04\/27_vagen-konferens-lokal-arken-hotell-1474-400x267.jpg 400w, https:\/\/arkenhotel.com\/wp-content\/uploads\/sites\/5\/2025\/04\/27_vagen-konferens-lokal-arken-hotell-1474-600x400.jpg 600w, https:\/\/arkenhotel.com\/wp-content\/uploads\/sites\/5\/2025\/04\/27_vagen-konferens-lokal-arken-hotell-1474-700x467.jpg 700w, https:\/\/arkenhotel.com\/wp-content\/uploads\/sites\/5\/2025\/04\/27_vagen-konferens-lokal-arken-hotell-1474-800x534.jpg 800w, https:\/\/arkenhotel.com\/wp-content\/uploads\/sites\/5\/2025\/04\/27_vagen-konferens-lokal-arken-hotell-1474-1000x667.jpg 1000w, https:\/\/arkenhotel.com\/wp-content\/uploads\/sites\/5\/2025\/04\/27_vagen-konferens-lokal-arken-hotell-1474-1100x734.jpg 1100w, https:\/\/arkenhotel.com\/wp-content\/uploads\/sites\/5\/2025\/04\/27_vagen-konferens-lokal-arken-hotell-1474-1280x854.jpg 1280w, https:\/\/arkenhotel.com\/wp-content\/uploads\/sites\/5\/2025\/04\/27_vagen-konferens-lokal-arken-hotell-1474-768x513.jpg 768w, https:\/\/arkenhotel.com\/wp-content\/uploads\/sites\/5\/2025\/04\/27_vagen-konferens-lokal-arken-hotell-1474-1536x1025.jpg 1536w, https:\/\/arkenhotel.com\/wp-content\/uploads\/sites\/5\/2025\/04\/27_vagen-konferens-lokal-arken-hotell-1474.jpg 1618w\" sizes=\"auto, (max-width: 900px) 100vw, 900px\" \/><\/figure>\n<\/div><\/swiper-slide><swiper-slide><div class=\"wp-block-group has-global-padding is-layout-constrained wp-container-core-group-is-layout-7db9d80f wp-block-group-is-layout-constrained\" style=\"padding-right:0;padding-left:0\">\n<figure class=\"wp-block-image size-large\"><img loading=\"lazy\" decoding=\"async\" width=\"900\" height=\"601\" src=\"https:\/\/arkenhotel.com\/wp-content\/uploads\/sites\/5\/2025\/04\/27_vagen-konferens-lokal-arken-hotell-1480-900x601.jpg\" alt=\"V&aring;gen conference room\" class=\"wp-image-25891\" srcset=\"https:\/\/arkenhotel.com\/wp-content\/uploads\/sites\/5\/2025\/04\/27_vagen-konferens-lokal-arken-hotell-1480-900x601.jpg 900w, https:\/\/arkenhotel.com\/wp-content\/uploads\/sites\/5\/2025\/04\/27_vagen-konferens-lokal-arken-hotell-1480-400x267.jpg 400w, https:\/\/arkenhotel.com\/wp-content\/uploads\/sites\/5\/2025\/04\/27_vagen-konferens-lokal-arken-hotell-1480-600x400.jpg 600w, https:\/\/arkenhotel.com\/wp-content\/uploads\/sites\/5\/2025\/04\/27_vagen-konferens-lokal-arken-hotell-1480-700x467.jpg 700w, https:\/\/arkenhotel.com\/wp-content\/uploads\/sites\/5\/2025\/04\/27_vagen-konferens-lokal-arken-hotell-1480-800x534.jpg 800w, https:\/\/arkenhotel.com\/wp-content\/uploads\/sites\/5\/2025\/04\/27_vagen-konferens-lokal-arken-hotell-1480-1000x667.jpg 1000w, https:\/\/arkenhotel.com\/wp-content\/uploads\/sites\/5\/2025\/04\/27_vagen-konferens-lokal-arken-hotell-1480-1100x734.jpg 1100w, https:\/\/arkenhotel.com\/wp-content\/uploads\/sites\/5\/2025\/04\/27_vagen-konferens-lokal-arken-hotell-1480-1280x854.jpg 1280w, https:\/\/arkenhotel.com\/wp-content\/uploads\/sites\/5\/2025\/04\/27_vagen-konferens-lokal-arken-hotell-1480-768x513.jpg 768w, https:\/\/arkenhotel.com\/wp-content\/uploads\/sites\/5\/2025\/04\/27_vagen-konferens-lokal-arken-hotell-1480-1536x1025.jpg 1536w, https:\/\/arkenhotel.com\/wp-content\/uploads\/sites\/5\/2025\/04\/27_vagen-konferens-lokal-arken-hotell-1480.jpg 1618w\" sizes=\"auto, (max-width: 900px) 100vw, 900px\" \/><\/figure>\n<\/div><\/swiper-slide><\/swiper-container><\/body><\/html>\n<\/div>\n<\/div>\n\n<p><\/p>\n            <\/div>\n         <\/div>\n      <\/div>\n         <div class=\" post-card\" data-post-id=\"30884\" data-post-slug=\"lanternan\">\n                     <div class=\"image-wrapper\">\n               <img decoding=\"async\" src=\"https:\/\/arkenhotel.com\/wp-content\/uploads\/sites\/5\/2025\/04\/11_lanternan-konferens-lokaler-arken-7514-900x601.jpg\" srcset=\"https:\/\/arkenhotel.com\/wp-content\/uploads\/sites\/5\/2025\/04\/11_lanternan-konferens-lokaler-arken-7514-900x601.jpg 900w, https:\/\/arkenhotel.com\/wp-content\/uploads\/sites\/5\/2025\/04\/11_lanternan-konferens-lokaler-arken-7514-400x267.jpg 400w, https:\/\/arkenhotel.com\/wp-content\/uploads\/sites\/5\/2025\/04\/11_lanternan-konferens-lokaler-arken-7514-600x401.jpg 600w, https:\/\/arkenhotel.com\/wp-content\/uploads\/sites\/5\/2025\/04\/11_lanternan-konferens-lokaler-arken-7514-700x467.jpg 700w, https:\/\/arkenhotel.com\/wp-content\/uploads\/sites\/5\/2025\/04\/11_lanternan-konferens-lokaler-arken-7514-800x534.jpg 800w, https:\/\/arkenhotel.com\/wp-content\/uploads\/sites\/5\/2025\/04\/11_lanternan-konferens-lokaler-arken-7514-1000x668.jpg 1000w, https:\/\/arkenhotel.com\/wp-content\/uploads\/sites\/5\/2025\/04\/11_lanternan-konferens-lokaler-arken-7514-1100x734.jpg 1100w, https:\/\/arkenhotel.com\/wp-content\/uploads\/sites\/5\/2025\/04\/11_lanternan-konferens-lokaler-arken-7514-1280x855.jpg 1280w, https:\/\/arkenhotel.com\/wp-content\/uploads\/sites\/5\/2025\/04\/11_lanternan-konferens-lokaler-arken-7514-1920x1282.jpg 1920w, https:\/\/arkenhotel.com\/wp-content\/uploads\/sites\/5\/2025\/04\/11_lanternan-konferens-lokaler-arken-7514-768x513.jpg 768w, https:\/\/arkenhotel.com\/wp-content\/uploads\/sites\/5\/2025\/04\/11_lanternan-konferens-lokaler-arken-7514-1536x1026.jpg 1536w, https:\/\/arkenhotel.com\/wp-content\/uploads\/sites\/5\/2025\/04\/11_lanternan-konferens-lokaler-arken-7514-2048x1367.jpg 2048w, https:\/\/arkenhotel.com\/wp-content\/uploads\/sites\/5\/2025\/04\/11_lanternan-konferens-lokaler-arken-7514-scaled.jpg 1617w\" alt=\"LANTERNAN\" class=\"\" \/>\n            <\/div>\n                  <div class=\"content-wrapper\">\n            <div class=\"post-title-capacity\">\n                                 <h3 class=\"wp-block-heading post-title\">LANTERNAN<\/h3>\n                                                <p class=\"post-capacity\">28 pers.<\/p>\n                           <\/div>\n                           <p class=\"post-subheading\">The Lanternan has all the equipment you need for the conference. <\/p>\n                     <\/div>\n                     <div class=\"btn-wrapper\">\n               <button class=\"post-btn wp-block-button__link wp-element-button\">\n                  <div class=\"post-btn-closed\">\n                     Read more                     <svg width=\"10\" height=\"10\" viewBox=\"0 0 10 10\" fill=\"none\" xmlns=\"http:\/\/www.w3.org\/2000\/svg\">\n                        <path d=\"M10 2.66038L5 8L-4.8687e-07 2.66038L0.627207 2L5 6.66981L9.37279 2L10 2.66038Z\" fill=\"currentcolor\" \/>\n                     <\/svg>\n                  <\/div>\n                  <div class=\"post-btn-open\">\n                     Close                     <svg width=\"10\" height=\"10\" viewBox=\"0 0 10 10\" fill=\"none\" xmlns=\"http:\/\/www.w3.org\/2000\/svg\">\n                        <path d=\"M0.561192 10L0 9.43881L4.43881 5L0 0.561192L0.561192 0L5 4.43881L9.43881 0L10 0.561192L5.56119 5L10 9.43881L9.43881 10L5 5.56119L0.561192 10Z\" fill=\"currentcolor\" \/>\n                     <\/svg>\n                  <\/div>\n               <\/button>\n            <\/div>\n                  <div class=\"post-dropdown-content\" data-post-id=\"30884\">\n            <div class=\"post-dropdown-content-inner\">\n               \n<div class=\"wp-block-columns has-base-background-color has-background is-layout-flex wp-container-core-columns-is-layout-a864abb7 wp-block-columns-is-layout-flex\" style=\"padding-top:0;padding-right:0;padding-bottom:0;padding-left:0\">\n<div class=\"wp-block-column is-vertically-aligned-top has-small-font-size is-layout-flow wp-container-core-column-is-layout-6073293c wp-block-column-is-layout-flow\" style=\"flex-basis:500px\">\n<div class=\"wp-block-group is-content-justification-space-between is-nowrap is-layout-flex wp-container-core-group-is-layout-63c1e1a1 wp-block-group-is-layout-flex\">\n<h3 class=\"wp-block-heading\">Lanternan<\/h3>\n\n\n\n<p class=\"has-contrast-color has-text-color has-link-color has-medium-font-size wp-elements-25a4017e1063dbc0af5d804162ac09d0\">28 pers.<\/p>\n<\/div>\n\n\n\n<p>In Lanternan you will find all the equipment you need for your conference. The room is equipped for maximum comfort, with ergonomic chairs, generous writing boards and adjustable lighting. <\/p>\n\n\n\n<div class=\"wp-block-buttons is-layout-flex wp-block-buttons-is-layout-flex\">\n<div class=\"wp-block-button\" style=\"--hover-background-color:var(--wp--preset--color--contrast);--hover-text-color:var(--wp--preset--color--base);--hover-border-color:var(--wp--preset--color--contrast);--active-background-color:var(--wp--preset--color--color-3);--active-text-color:var(--wp--preset--color--base);--active-border-color:var(--wp--preset--color--color-3);--focus-background-color:var(--wp--preset--color--contrast);--focus-text-color:var(--wp--preset--color--base);--focus-border-color:var(--wp--preset--color--contrast);--disabled-background-color:var(--wp--preset--color--color-2);--disabled-text-color:var(--wp--preset--color--black);--disabled-border-color:var(--wp--preset--color--color-2)\"><a class=\"wp-block-button__link wp-element-button\" href=\"https:\/\/arkenhotel.com\/en\/meetings-events\/venues\/#kontakt\">SEND A BOOKING INQUIRY<\/a><\/div>\n<\/div>\n\n\n\n<div class=\"wp-block-group is-vertical is-layout-flex wp-container-core-group-is-layout-9f8fc9c8 wp-block-group-is-layout-flex\">\n<p style=\"font-style:normal;font-weight:500\">Equipment on the premises:<\/p>\n\n\n\n<ul class=\"wp-block-list is-style-checklist is-style-checklist--13\">\n<li>Projector<\/li>\n\n\n\n<li>Loudspeakers<\/li>\n\n\n\n<li>Whiteboards<\/li>\n\n\n\n<li>Flipchart<\/li>\n\n\n\n<li>Window facing the orangery<\/li>\n\n\n\n<li>Fixed and wireless broadband access<\/li>\n<\/ul>\n<\/div>\n\n\n\n<p><\/p>\n\n\n\n<div class=\"wp-block-group is-vertical is-layout-flex wp-container-core-group-is-layout-9f8fc9c8 wp-block-group-is-layout-flex\">\n<p style=\"font-style:normal;font-weight:500\">Facts:<\/p>\n\n\n\n<p class=\"has-x-small-font-size\">Surface area: 45 sqm<\/p>\n\n\n\n<p class=\"has-x-small-font-size\">Maximum number: 10-28 pers.<\/p>\n<\/div>\n\n\n\n<div class=\"wp-block-group is-vertical is-layout-flex wp-container-core-group-is-layout-9f8fc9c8 wp-block-group-is-layout-flex\">\n<p style=\"font-style:normal;font-weight:500\">Seatings:<\/p>\n\n\n\n<p class=\"has-x-small-font-size\">U-shaped seating &#8211; 12 pers. | Islands &#8211; 10 pers. | School seating &#8211; 14 pers.<br\/>Chairs in a circle &#8211; 10 pers. | Cinema seating &#8211; 28 pers.  <\/p>\n\n\n\n<p class=\"has-x-small-font-size\"><\/p>\n\n\n\n<p class=\"has-x-small-font-size\"><\/p>\n<\/div>\n<\/div>\n\n\n\n<div class=\"wp-block-column is-vertically-aligned-top is-layout-flow wp-block-column-is-layout-flow\" style=\"flex-basis:66.66%\"><div data-block-id=\"4e6a6933-c609-4c49-a87e-7b92feb82710\" class=\"wp-block-content-grid block-editor-block-list__block wp-block wp-block-tiburon-content-grid columns-l-1 columns-m-1 columns-s-1 layout-default slider-on-l slider-on-m slider-on-s column-gap-0\">\n   \n\n<div class=\"wp-block-group has-global-padding is-layout-constrained wp-container-core-group-is-layout-7db9d80f wp-block-group-is-layout-constrained\" style=\"padding-right:0;padding-left:0\">\n<figure class=\"wp-block-image size-large\"><img loading=\"lazy\" decoding=\"async\" width=\"900\" height=\"601\" src=\"https:\/\/arkenhotel.com\/wp-content\/uploads\/sites\/5\/2025\/04\/11_lanternan-konferens-lokaler-arken-7514-900x601.jpg\" alt=\"In Lanternan you will find all the equipment you need for your conference. The room is equipped for maximum comfort, with ergonomic chairs, generous writing boards and adjustable lighting. \" class=\"wp-image-25824\" srcset=\"https:\/\/arkenhotel.com\/wp-content\/uploads\/sites\/5\/2025\/04\/11_lanternan-konferens-lokaler-arken-7514-900x601.jpg 900w, https:\/\/arkenhotel.com\/wp-content\/uploads\/sites\/5\/2025\/04\/11_lanternan-konferens-lokaler-arken-7514-400x267.jpg 400w, https:\/\/arkenhotel.com\/wp-content\/uploads\/sites\/5\/2025\/04\/11_lanternan-konferens-lokaler-arken-7514-600x401.jpg 600w, https:\/\/arkenhotel.com\/wp-content\/uploads\/sites\/5\/2025\/04\/11_lanternan-konferens-lokaler-arken-7514-700x467.jpg 700w, https:\/\/arkenhotel.com\/wp-content\/uploads\/sites\/5\/2025\/04\/11_lanternan-konferens-lokaler-arken-7514-800x534.jpg 800w, https:\/\/arkenhotel.com\/wp-content\/uploads\/sites\/5\/2025\/04\/11_lanternan-konferens-lokaler-arken-7514-1000x668.jpg 1000w, https:\/\/arkenhotel.com\/wp-content\/uploads\/sites\/5\/2025\/04\/11_lanternan-konferens-lokaler-arken-7514-1100x734.jpg 1100w, https:\/\/arkenhotel.com\/wp-content\/uploads\/sites\/5\/2025\/04\/11_lanternan-konferens-lokaler-arken-7514-1280x855.jpg 1280w, https:\/\/arkenhotel.com\/wp-content\/uploads\/sites\/5\/2025\/04\/11_lanternan-konferens-lokaler-arken-7514-1920x1282.jpg 1920w, https:\/\/arkenhotel.com\/wp-content\/uploads\/sites\/5\/2025\/04\/11_lanternan-konferens-lokaler-arken-7514-768x513.jpg 768w, https:\/\/arkenhotel.com\/wp-content\/uploads\/sites\/5\/2025\/04\/11_lanternan-konferens-lokaler-arken-7514-1536x1026.jpg 1536w, https:\/\/arkenhotel.com\/wp-content\/uploads\/sites\/5\/2025\/04\/11_lanternan-konferens-lokaler-arken-7514-2048x1367.jpg 2048w, https:\/\/arkenhotel.com\/wp-content\/uploads\/sites\/5\/2025\/04\/11_lanternan-konferens-lokaler-arken-7514-scaled.jpg 1617w\" sizes=\"auto, (max-width: 900px) 100vw, 900px\" \/><\/figure>\n<\/div>\n\n\n\n<div class=\"wp-block-group has-global-padding is-layout-constrained wp-container-core-group-is-layout-7db9d80f wp-block-group-is-layout-constrained\" style=\"padding-right:0;padding-left:0\">\n<figure class=\"wp-block-image size-large\"><img loading=\"lazy\" decoding=\"async\" width=\"900\" height=\"601\" src=\"https:\/\/arkenhotel.com\/wp-content\/uploads\/sites\/5\/2025\/04\/11_lanternan-konferens-lokaler-arken-7509-900x601.jpg\" alt=\"Conference room Lanternan\" class=\"wp-image-25823\" srcset=\"https:\/\/arkenhotel.com\/wp-content\/uploads\/sites\/5\/2025\/04\/11_lanternan-konferens-lokaler-arken-7509-900x601.jpg 900w, https:\/\/arkenhotel.com\/wp-content\/uploads\/sites\/5\/2025\/04\/11_lanternan-konferens-lokaler-arken-7509-400x267.jpg 400w, https:\/\/arkenhotel.com\/wp-content\/uploads\/sites\/5\/2025\/04\/11_lanternan-konferens-lokaler-arken-7509-600x401.jpg 600w, https:\/\/arkenhotel.com\/wp-content\/uploads\/sites\/5\/2025\/04\/11_lanternan-konferens-lokaler-arken-7509-700x467.jpg 700w, https:\/\/arkenhotel.com\/wp-content\/uploads\/sites\/5\/2025\/04\/11_lanternan-konferens-lokaler-arken-7509-800x534.jpg 800w, https:\/\/arkenhotel.com\/wp-content\/uploads\/sites\/5\/2025\/04\/11_lanternan-konferens-lokaler-arken-7509-1000x668.jpg 1000w, https:\/\/arkenhotel.com\/wp-content\/uploads\/sites\/5\/2025\/04\/11_lanternan-konferens-lokaler-arken-7509-1100x734.jpg 1100w, https:\/\/arkenhotel.com\/wp-content\/uploads\/sites\/5\/2025\/04\/11_lanternan-konferens-lokaler-arken-7509-1280x855.jpg 1280w, https:\/\/arkenhotel.com\/wp-content\/uploads\/sites\/5\/2025\/04\/11_lanternan-konferens-lokaler-arken-7509-1920x1282.jpg 1920w, https:\/\/arkenhotel.com\/wp-content\/uploads\/sites\/5\/2025\/04\/11_lanternan-konferens-lokaler-arken-7509-768x513.jpg 768w, https:\/\/arkenhotel.com\/wp-content\/uploads\/sites\/5\/2025\/04\/11_lanternan-konferens-lokaler-arken-7509-1536x1026.jpg 1536w, https:\/\/arkenhotel.com\/wp-content\/uploads\/sites\/5\/2025\/04\/11_lanternan-konferens-lokaler-arken-7509-2048x1367.jpg 2048w, https:\/\/arkenhotel.com\/wp-content\/uploads\/sites\/5\/2025\/04\/11_lanternan-konferens-lokaler-arken-7509-scaled.jpg 1617w\" sizes=\"auto, (max-width: 900px) 100vw, 900px\" \/><\/figure>\n<\/div>\n\n\n\n<div class=\"wp-block-group has-global-padding is-layout-constrained wp-container-core-group-is-layout-7db9d80f wp-block-group-is-layout-constrained\" style=\"padding-right:0;padding-left:0\">\n<figure class=\"wp-block-image size-large\"><img loading=\"lazy\" decoding=\"async\" width=\"900\" height=\"600\" src=\"https:\/\/arkenhotel.com\/wp-content\/uploads\/sites\/5\/2025\/04\/11_lanternan-lokaler-arken-13-av-21-900x600.jpg\" alt=\"Lanternan - conference room for 28 people\" class=\"wp-image-25825\" srcset=\"https:\/\/arkenhotel.com\/wp-content\/uploads\/sites\/5\/2025\/04\/11_lanternan-lokaler-arken-13-av-21-900x600.jpg 900w, https:\/\/arkenhotel.com\/wp-content\/uploads\/sites\/5\/2025\/04\/11_lanternan-lokaler-arken-13-av-21-400x267.jpg 400w, https:\/\/arkenhotel.com\/wp-content\/uploads\/sites\/5\/2025\/04\/11_lanternan-lokaler-arken-13-av-21-600x400.jpg 600w, https:\/\/arkenhotel.com\/wp-content\/uploads\/sites\/5\/2025\/04\/11_lanternan-lokaler-arken-13-av-21-700x467.jpg 700w, https:\/\/arkenhotel.com\/wp-content\/uploads\/sites\/5\/2025\/04\/11_lanternan-lokaler-arken-13-av-21-800x533.jpg 800w, https:\/\/arkenhotel.com\/wp-content\/uploads\/sites\/5\/2025\/04\/11_lanternan-lokaler-arken-13-av-21-1000x667.jpg 1000w, https:\/\/arkenhotel.com\/wp-content\/uploads\/sites\/5\/2025\/04\/11_lanternan-lokaler-arken-13-av-21-1100x733.jpg 1100w, https:\/\/arkenhotel.com\/wp-content\/uploads\/sites\/5\/2025\/04\/11_lanternan-lokaler-arken-13-av-21-768x512.jpg 768w, https:\/\/arkenhotel.com\/wp-content\/uploads\/sites\/5\/2025\/04\/11_lanternan-lokaler-arken-13-av-21.jpg 1200w\" sizes=\"auto, (max-width: 900px) 100vw, 900px\" \/><\/figure>\n<\/div>\n\n<\/div><!DOCTYPE html PUBLIC \"-\/\/W3C\/\/DTD HTML 4.0 Transitional\/\/EN\" \"http:\/\/www.w3.org\/TR\/REC-html40\/loose.dtd\">\n<html><body><swiper-container init=\"false\" data-slides-per-view-l=\"1\" data-slides-per-view-m=\"1\" data-slides-per-view-s=\"1\" data-show-next=\"\" data-width-auto=\"0\" data-columns-gap=\"0\" data-show-navigation=\"1\" pagination-type=\"fraction\" data-pagination-version=\"first\" data-nav-bg-color=\"var(--wp--preset--color--contrast)\" data-nav-arrow-color=\"var(--wp--preset--color--base)\" class=\"wp-block-content-grid-slider slider-l slider-m slider-s\"><swiper-slide><div class=\"wp-block-group has-global-padding is-layout-constrained wp-container-core-group-is-layout-7db9d80f wp-block-group-is-layout-constrained\" style=\"padding-right:0;padding-left:0\">\n<figure class=\"wp-block-image size-large\"><img loading=\"lazy\" decoding=\"async\" width=\"900\" height=\"601\" src=\"https:\/\/arkenhotel.com\/wp-content\/uploads\/sites\/5\/2025\/04\/11_lanternan-konferens-lokaler-arken-7514-900x601.jpg\" alt=\"In Lanternan you will find all the equipment you need for your conference. The room is equipped for maximum comfort, with ergonomic chairs, generous writing boards and adjustable lighting. \" class=\"wp-image-25824\" srcset=\"https:\/\/arkenhotel.com\/wp-content\/uploads\/sites\/5\/2025\/04\/11_lanternan-konferens-lokaler-arken-7514-900x601.jpg 900w, https:\/\/arkenhotel.com\/wp-content\/uploads\/sites\/5\/2025\/04\/11_lanternan-konferens-lokaler-arken-7514-400x267.jpg 400w, https:\/\/arkenhotel.com\/wp-content\/uploads\/sites\/5\/2025\/04\/11_lanternan-konferens-lokaler-arken-7514-600x401.jpg 600w, https:\/\/arkenhotel.com\/wp-content\/uploads\/sites\/5\/2025\/04\/11_lanternan-konferens-lokaler-arken-7514-700x467.jpg 700w, https:\/\/arkenhotel.com\/wp-content\/uploads\/sites\/5\/2025\/04\/11_lanternan-konferens-lokaler-arken-7514-800x534.jpg 800w, https:\/\/arkenhotel.com\/wp-content\/uploads\/sites\/5\/2025\/04\/11_lanternan-konferens-lokaler-arken-7514-1000x668.jpg 1000w, https:\/\/arkenhotel.com\/wp-content\/uploads\/sites\/5\/2025\/04\/11_lanternan-konferens-lokaler-arken-7514-1100x734.jpg 1100w, https:\/\/arkenhotel.com\/wp-content\/uploads\/sites\/5\/2025\/04\/11_lanternan-konferens-lokaler-arken-7514-1280x855.jpg 1280w, https:\/\/arkenhotel.com\/wp-content\/uploads\/sites\/5\/2025\/04\/11_lanternan-konferens-lokaler-arken-7514-1920x1282.jpg 1920w, https:\/\/arkenhotel.com\/wp-content\/uploads\/sites\/5\/2025\/04\/11_lanternan-konferens-lokaler-arken-7514-768x513.jpg 768w, https:\/\/arkenhotel.com\/wp-content\/uploads\/sites\/5\/2025\/04\/11_lanternan-konferens-lokaler-arken-7514-1536x1026.jpg 1536w, https:\/\/arkenhotel.com\/wp-content\/uploads\/sites\/5\/2025\/04\/11_lanternan-konferens-lokaler-arken-7514-2048x1367.jpg 2048w, https:\/\/arkenhotel.com\/wp-content\/uploads\/sites\/5\/2025\/04\/11_lanternan-konferens-lokaler-arken-7514-scaled.jpg 1617w\" sizes=\"auto, (max-width: 900px) 100vw, 900px\" \/><\/figure>\n<\/div><\/swiper-slide><swiper-slide><div class=\"wp-block-group has-global-padding is-layout-constrained wp-container-core-group-is-layout-7db9d80f wp-block-group-is-layout-constrained\" style=\"padding-right:0;padding-left:0\">\n<figure class=\"wp-block-image size-large\"><img loading=\"lazy\" decoding=\"async\" width=\"900\" height=\"601\" src=\"https:\/\/arkenhotel.com\/wp-content\/uploads\/sites\/5\/2025\/04\/11_lanternan-konferens-lokaler-arken-7509-900x601.jpg\" alt=\"Conference room Lanternan\" class=\"wp-image-25823\" srcset=\"https:\/\/arkenhotel.com\/wp-content\/uploads\/sites\/5\/2025\/04\/11_lanternan-konferens-lokaler-arken-7509-900x601.jpg 900w, https:\/\/arkenhotel.com\/wp-content\/uploads\/sites\/5\/2025\/04\/11_lanternan-konferens-lokaler-arken-7509-400x267.jpg 400w, https:\/\/arkenhotel.com\/wp-content\/uploads\/sites\/5\/2025\/04\/11_lanternan-konferens-lokaler-arken-7509-600x401.jpg 600w, https:\/\/arkenhotel.com\/wp-content\/uploads\/sites\/5\/2025\/04\/11_lanternan-konferens-lokaler-arken-7509-700x467.jpg 700w, https:\/\/arkenhotel.com\/wp-content\/uploads\/sites\/5\/2025\/04\/11_lanternan-konferens-lokaler-arken-7509-800x534.jpg 800w, https:\/\/arkenhotel.com\/wp-content\/uploads\/sites\/5\/2025\/04\/11_lanternan-konferens-lokaler-arken-7509-1000x668.jpg 1000w, https:\/\/arkenhotel.com\/wp-content\/uploads\/sites\/5\/2025\/04\/11_lanternan-konferens-lokaler-arken-7509-1100x734.jpg 1100w, https:\/\/arkenhotel.com\/wp-content\/uploads\/sites\/5\/2025\/04\/11_lanternan-konferens-lokaler-arken-7509-1280x855.jpg 1280w, https:\/\/arkenhotel.com\/wp-content\/uploads\/sites\/5\/2025\/04\/11_lanternan-konferens-lokaler-arken-7509-1920x1282.jpg 1920w, https:\/\/arkenhotel.com\/wp-content\/uploads\/sites\/5\/2025\/04\/11_lanternan-konferens-lokaler-arken-7509-768x513.jpg 768w, https:\/\/arkenhotel.com\/wp-content\/uploads\/sites\/5\/2025\/04\/11_lanternan-konferens-lokaler-arken-7509-1536x1026.jpg 1536w, https:\/\/arkenhotel.com\/wp-content\/uploads\/sites\/5\/2025\/04\/11_lanternan-konferens-lokaler-arken-7509-2048x1367.jpg 2048w, https:\/\/arkenhotel.com\/wp-content\/uploads\/sites\/5\/2025\/04\/11_lanternan-konferens-lokaler-arken-7509-scaled.jpg 1617w\" sizes=\"auto, (max-width: 900px) 100vw, 900px\" \/><\/figure>\n<\/div><\/swiper-slide><swiper-slide><div class=\"wp-block-group has-global-padding is-layout-constrained wp-container-core-group-is-layout-7db9d80f wp-block-group-is-layout-constrained\" style=\"padding-right:0;padding-left:0\">\n<figure class=\"wp-block-image size-large\"><img loading=\"lazy\" decoding=\"async\" width=\"900\" height=\"600\" src=\"https:\/\/arkenhotel.com\/wp-content\/uploads\/sites\/5\/2025\/04\/11_lanternan-lokaler-arken-13-av-21-900x600.jpg\" alt=\"Lanternan - conference room for 28 people\" class=\"wp-image-25825\" srcset=\"https:\/\/arkenhotel.com\/wp-content\/uploads\/sites\/5\/2025\/04\/11_lanternan-lokaler-arken-13-av-21-900x600.jpg 900w, https:\/\/arkenhotel.com\/wp-content\/uploads\/sites\/5\/2025\/04\/11_lanternan-lokaler-arken-13-av-21-400x267.jpg 400w, https:\/\/arkenhotel.com\/wp-content\/uploads\/sites\/5\/2025\/04\/11_lanternan-lokaler-arken-13-av-21-600x400.jpg 600w, https:\/\/arkenhotel.com\/wp-content\/uploads\/sites\/5\/2025\/04\/11_lanternan-lokaler-arken-13-av-21-700x467.jpg 700w, https:\/\/arkenhotel.com\/wp-content\/uploads\/sites\/5\/2025\/04\/11_lanternan-lokaler-arken-13-av-21-800x533.jpg 800w, https:\/\/arkenhotel.com\/wp-content\/uploads\/sites\/5\/2025\/04\/11_lanternan-lokaler-arken-13-av-21-1000x667.jpg 1000w, https:\/\/arkenhotel.com\/wp-content\/uploads\/sites\/5\/2025\/04\/11_lanternan-lokaler-arken-13-av-21-1100x733.jpg 1100w, https:\/\/arkenhotel.com\/wp-content\/uploads\/sites\/5\/2025\/04\/11_lanternan-lokaler-arken-13-av-21-768x512.jpg 768w, https:\/\/arkenhotel.com\/wp-content\/uploads\/sites\/5\/2025\/04\/11_lanternan-lokaler-arken-13-av-21.jpg 1200w\" sizes=\"auto, (max-width: 900px) 100vw, 900px\" \/><\/figure>\n<\/div><\/swiper-slide><\/swiper-container><\/body><\/html>\n<\/div>\n<\/div>\n\n<p><\/p>\n            <\/div>\n         <\/div>\n      <\/div>\n         <div class=\" post-card\" data-post-id=\"30902\" data-post-slug=\"tarnan\">\n                     <div class=\"image-wrapper\">\n               <img decoding=\"async\" src=\"https:\/\/arkenhotel.com\/wp-content\/uploads\/sites\/5\/2025\/04\/19_tarnan-konferens-lokaler-arken--900x601.jpg\" srcset=\"https:\/\/arkenhotel.com\/wp-content\/uploads\/sites\/5\/2025\/04\/19_tarnan-konferens-lokaler-arken--900x601.jpg 900w, https:\/\/arkenhotel.com\/wp-content\/uploads\/sites\/5\/2025\/04\/19_tarnan-konferens-lokaler-arken--400x267.jpg 400w, https:\/\/arkenhotel.com\/wp-content\/uploads\/sites\/5\/2025\/04\/19_tarnan-konferens-lokaler-arken--600x401.jpg 600w, https:\/\/arkenhotel.com\/wp-content\/uploads\/sites\/5\/2025\/04\/19_tarnan-konferens-lokaler-arken--700x467.jpg 700w, https:\/\/arkenhotel.com\/wp-content\/uploads\/sites\/5\/2025\/04\/19_tarnan-konferens-lokaler-arken--800x534.jpg 800w, https:\/\/arkenhotel.com\/wp-content\/uploads\/sites\/5\/2025\/04\/19_tarnan-konferens-lokaler-arken--1000x668.jpg 1000w, https:\/\/arkenhotel.com\/wp-content\/uploads\/sites\/5\/2025\/04\/19_tarnan-konferens-lokaler-arken--1100x734.jpg 1100w, https:\/\/arkenhotel.com\/wp-content\/uploads\/sites\/5\/2025\/04\/19_tarnan-konferens-lokaler-arken--1280x855.jpg 1280w, https:\/\/arkenhotel.com\/wp-content\/uploads\/sites\/5\/2025\/04\/19_tarnan-konferens-lokaler-arken--1920x1282.jpg 1920w, https:\/\/arkenhotel.com\/wp-content\/uploads\/sites\/5\/2025\/04\/19_tarnan-konferens-lokaler-arken--768x513.jpg 768w, https:\/\/arkenhotel.com\/wp-content\/uploads\/sites\/5\/2025\/04\/19_tarnan-konferens-lokaler-arken--1536x1026.jpg 1536w, https:\/\/arkenhotel.com\/wp-content\/uploads\/sites\/5\/2025\/04\/19_tarnan-konferens-lokaler-arken--2048x1367.jpg 2048w, https:\/\/arkenhotel.com\/wp-content\/uploads\/sites\/5\/2025\/04\/19_tarnan-konferens-lokaler-arken--scaled.jpg 1617w\" alt=\"T\u00c4RNAN\" class=\"\" \/>\n            <\/div>\n                  <div class=\"content-wrapper\">\n            <div class=\"post-title-capacity\">\n                                 <h3 class=\"wp-block-heading post-title\">T\u00c4RNAN<\/h3>\n                                                <p class=\"post-capacity\">24 pers.<\/p>\n                           <\/div>\n                           <p class=\"post-subheading\">The T\u00e4rnan has all the equipment you need for the conference.  <\/p>\n                     <\/div>\n                     <div class=\"btn-wrapper\">\n               <button class=\"post-btn wp-block-button__link wp-element-button\">\n                  <div class=\"post-btn-closed\">\n                     Read more                     <svg width=\"10\" height=\"10\" viewBox=\"0 0 10 10\" fill=\"none\" xmlns=\"http:\/\/www.w3.org\/2000\/svg\">\n                        <path d=\"M10 2.66038L5 8L-4.8687e-07 2.66038L0.627207 2L5 6.66981L9.37279 2L10 2.66038Z\" fill=\"currentcolor\" \/>\n                     <\/svg>\n                  <\/div>\n                  <div class=\"post-btn-open\">\n                     Close                     <svg width=\"10\" height=\"10\" viewBox=\"0 0 10 10\" fill=\"none\" xmlns=\"http:\/\/www.w3.org\/2000\/svg\">\n                        <path d=\"M0.561192 10L0 9.43881L4.43881 5L0 0.561192L0.561192 0L5 4.43881L9.43881 0L10 0.561192L5.56119 5L10 9.43881L9.43881 10L5 5.56119L0.561192 10Z\" fill=\"currentcolor\" \/>\n                     <\/svg>\n                  <\/div>\n               <\/button>\n            <\/div>\n                  <div class=\"post-dropdown-content\" data-post-id=\"30902\">\n            <div class=\"post-dropdown-content-inner\">\n               \n<div class=\"wp-block-columns has-base-background-color has-background is-layout-flex wp-container-core-columns-is-layout-a864abb7 wp-block-columns-is-layout-flex\" style=\"padding-top:0;padding-right:0;padding-bottom:0;padding-left:0\">\n<div class=\"wp-block-column is-vertically-aligned-top has-small-font-size is-layout-flow wp-container-core-column-is-layout-6073293c wp-block-column-is-layout-flow\" style=\"flex-basis:500px\">\n<div class=\"wp-block-group is-content-justification-space-between is-nowrap is-layout-flex wp-container-core-group-is-layout-63c1e1a1 wp-block-group-is-layout-flex\">\n<h3 class=\"wp-block-heading\">T\u00e4rnan<\/h3>\n\n\n\n<p class=\"has-contrast-color has-text-color has-link-color has-medium-font-size wp-elements-bb17ab84d961368663fe3883357242b0\">24 pers.<\/p>\n<\/div>\n\n\n\n<p>In T\u00e4rnan you will find all the equipment you need for your conference. The room is equipped for maximum comfort, with ergonomic chairs, generous whiteboards and adjustable lighting.<\/p>\n\n\n\n<div class=\"wp-block-buttons is-layout-flex wp-block-buttons-is-layout-flex\">\n<div class=\"wp-block-button\" style=\"--hover-background-color:var(--wp--preset--color--contrast);--hover-text-color:var(--wp--preset--color--base);--hover-border-color:var(--wp--preset--color--contrast);--active-background-color:var(--wp--preset--color--color-3);--active-text-color:var(--wp--preset--color--base);--active-border-color:var(--wp--preset--color--color-3);--focus-background-color:var(--wp--preset--color--contrast);--focus-text-color:var(--wp--preset--color--base);--focus-border-color:var(--wp--preset--color--contrast);--disabled-background-color:var(--wp--preset--color--color-2);--disabled-text-color:var(--wp--preset--color--black);--disabled-border-color:var(--wp--preset--color--color-2)\"><a class=\"wp-block-button__link wp-element-button\" href=\"https:\/\/arkenhotel.com\/en\/meetings-events\/venues\/#kontakt\">SEND A BOOKING INQUIRY<\/a><\/div>\n<\/div>\n\n\n\n<div class=\"wp-block-group is-vertical is-layout-flex wp-container-core-group-is-layout-9f8fc9c8 wp-block-group-is-layout-flex\">\n<p style=\"font-style:normal;font-weight:500\">Equipment on the premises:<\/p>\n\n\n\n<ul class=\"wp-block-list is-style-checklist is-style-checklist--14\">\n<li>Projector<\/li>\n\n\n\n<li>Loudspeakers<\/li>\n\n\n\n<li>Whiteboards<\/li>\n\n\n\n<li>Flipchart<\/li>\n\n\n\n<li>Fixed and wireless broadband access<\/li>\n<\/ul>\n<\/div>\n\n\n\n<div class=\"wp-block-group is-vertical is-layout-flex wp-container-core-group-is-layout-9f8fc9c8 wp-block-group-is-layout-flex\">\n<p style=\"font-style:normal;font-weight:500\">Facts:<\/p>\n\n\n\n<p class=\"has-x-small-font-size\">Surface area: 45 sqm<\/p>\n\n\n\n<p class=\"has-x-small-font-size\">Maximum number: 10-24 pers.<\/p>\n<\/div>\n\n\n\n<div class=\"wp-block-group is-vertical is-layout-flex wp-container-core-group-is-layout-9f8fc9c8 wp-block-group-is-layout-flex\">\n<p style=\"font-style:normal;font-weight:500\">Seatings:<\/p>\n\n\n\n<p class=\"has-x-small-font-size\">U-seat &#8211; 10 pers. | Islands &#8211; 16 pers. | School seating &#8211; 12 pers. | Chairs in a circle &#8211; 14 pers. | Cinema seating &#8211; 24 pers.   <\/p>\n\n\n\n<p class=\"has-x-small-font-size\"><\/p>\n\n\n\n<p class=\"has-x-small-font-size\"><\/p>\n<\/div>\n<\/div>\n\n\n\n<div class=\"wp-block-column is-vertically-aligned-top is-layout-flow wp-block-column-is-layout-flow\" style=\"flex-basis:66.66%\"><div data-block-id=\"4e6a6933-c609-4c49-a87e-7b92feb82710\" class=\"wp-block-content-grid block-editor-block-list__block wp-block wp-block-tiburon-content-grid columns-l-1 columns-m-1 columns-s-1 layout-default slider-on-l slider-on-m slider-on-s column-gap-0\">\n   \n\n<div class=\"wp-block-group has-global-padding is-layout-constrained wp-container-core-group-is-layout-7db9d80f wp-block-group-is-layout-constrained\" style=\"padding-right:0;padding-left:0\">\n<figure class=\"wp-block-image size-large\"><img loading=\"lazy\" decoding=\"async\" width=\"900\" height=\"601\" src=\"https:\/\/arkenhotel.com\/wp-content\/uploads\/sites\/5\/2025\/04\/19_tarnan-konferens-lokaler-arken--900x601.jpg\" alt=\"T&#xE4;rnan conference room at Arken Hotel &amp;amp; Art Garden Spa.\" class=\"wp-image-25851\" srcset=\"https:\/\/arkenhotel.com\/wp-content\/uploads\/sites\/5\/2025\/04\/19_tarnan-konferens-lokaler-arken--900x601.jpg 900w, https:\/\/arkenhotel.com\/wp-content\/uploads\/sites\/5\/2025\/04\/19_tarnan-konferens-lokaler-arken--400x267.jpg 400w, https:\/\/arkenhotel.com\/wp-content\/uploads\/sites\/5\/2025\/04\/19_tarnan-konferens-lokaler-arken--600x401.jpg 600w, https:\/\/arkenhotel.com\/wp-content\/uploads\/sites\/5\/2025\/04\/19_tarnan-konferens-lokaler-arken--700x467.jpg 700w, https:\/\/arkenhotel.com\/wp-content\/uploads\/sites\/5\/2025\/04\/19_tarnan-konferens-lokaler-arken--800x534.jpg 800w, https:\/\/arkenhotel.com\/wp-content\/uploads\/sites\/5\/2025\/04\/19_tarnan-konferens-lokaler-arken--1000x668.jpg 1000w, https:\/\/arkenhotel.com\/wp-content\/uploads\/sites\/5\/2025\/04\/19_tarnan-konferens-lokaler-arken--1100x734.jpg 1100w, https:\/\/arkenhotel.com\/wp-content\/uploads\/sites\/5\/2025\/04\/19_tarnan-konferens-lokaler-arken--1280x855.jpg 1280w, https:\/\/arkenhotel.com\/wp-content\/uploads\/sites\/5\/2025\/04\/19_tarnan-konferens-lokaler-arken--1920x1282.jpg 1920w, https:\/\/arkenhotel.com\/wp-content\/uploads\/sites\/5\/2025\/04\/19_tarnan-konferens-lokaler-arken--768x513.jpg 768w, https:\/\/arkenhotel.com\/wp-content\/uploads\/sites\/5\/2025\/04\/19_tarnan-konferens-lokaler-arken--1536x1026.jpg 1536w, https:\/\/arkenhotel.com\/wp-content\/uploads\/sites\/5\/2025\/04\/19_tarnan-konferens-lokaler-arken--2048x1367.jpg 2048w, https:\/\/arkenhotel.com\/wp-content\/uploads\/sites\/5\/2025\/04\/19_tarnan-konferens-lokaler-arken--scaled.jpg 1617w\" sizes=\"auto, (max-width: 900px) 100vw, 900px\" \/><\/figure>\n<\/div>\n\n\n\n<div class=\"wp-block-group has-global-padding is-layout-constrained wp-container-core-group-is-layout-7db9d80f wp-block-group-is-layout-constrained\" style=\"padding-right:0;padding-left:0\">\n<figure class=\"wp-block-image size-large\"><img loading=\"lazy\" decoding=\"async\" width=\"900\" height=\"601\" src=\"https:\/\/arkenhotel.com\/wp-content\/uploads\/sites\/5\/2025\/04\/19_tarnan-konferens-lokaler-arken-7592-900x601.jpg\" alt=\"T&#xE4;rnan - conference room for up to 24 people.\" class=\"wp-image-25852\" srcset=\"https:\/\/arkenhotel.com\/wp-content\/uploads\/sites\/5\/2025\/04\/19_tarnan-konferens-lokaler-arken-7592-900x601.jpg 900w, https:\/\/arkenhotel.com\/wp-content\/uploads\/sites\/5\/2025\/04\/19_tarnan-konferens-lokaler-arken-7592-400x267.jpg 400w, https:\/\/arkenhotel.com\/wp-content\/uploads\/sites\/5\/2025\/04\/19_tarnan-konferens-lokaler-arken-7592-600x401.jpg 600w, https:\/\/arkenhotel.com\/wp-content\/uploads\/sites\/5\/2025\/04\/19_tarnan-konferens-lokaler-arken-7592-700x467.jpg 700w, https:\/\/arkenhotel.com\/wp-content\/uploads\/sites\/5\/2025\/04\/19_tarnan-konferens-lokaler-arken-7592-800x534.jpg 800w, https:\/\/arkenhotel.com\/wp-content\/uploads\/sites\/5\/2025\/04\/19_tarnan-konferens-lokaler-arken-7592-1000x668.jpg 1000w, https:\/\/arkenhotel.com\/wp-content\/uploads\/sites\/5\/2025\/04\/19_tarnan-konferens-lokaler-arken-7592-1100x734.jpg 1100w, https:\/\/arkenhotel.com\/wp-content\/uploads\/sites\/5\/2025\/04\/19_tarnan-konferens-lokaler-arken-7592-1280x855.jpg 1280w, https:\/\/arkenhotel.com\/wp-content\/uploads\/sites\/5\/2025\/04\/19_tarnan-konferens-lokaler-arken-7592-1920x1282.jpg 1920w, https:\/\/arkenhotel.com\/wp-content\/uploads\/sites\/5\/2025\/04\/19_tarnan-konferens-lokaler-arken-7592-768x513.jpg 768w, https:\/\/arkenhotel.com\/wp-content\/uploads\/sites\/5\/2025\/04\/19_tarnan-konferens-lokaler-arken-7592-1536x1026.jpg 1536w, https:\/\/arkenhotel.com\/wp-content\/uploads\/sites\/5\/2025\/04\/19_tarnan-konferens-lokaler-arken-7592-2048x1367.jpg 2048w, https:\/\/arkenhotel.com\/wp-content\/uploads\/sites\/5\/2025\/04\/19_tarnan-konferens-lokaler-arken-7592-scaled.jpg 1617w\" sizes=\"auto, (max-width: 900px) 100vw, 900px\" \/><\/figure>\n<\/div>\n\n\n\n<div class=\"wp-block-group has-global-padding is-layout-constrained wp-container-core-group-is-layout-7db9d80f wp-block-group-is-layout-constrained\" style=\"padding-right:0;padding-left:0\">\n<figure class=\"wp-block-image size-large\"><img loading=\"lazy\" decoding=\"async\" width=\"900\" height=\"600\" src=\"https:\/\/arkenhotel.com\/wp-content\/uploads\/sites\/5\/2025\/10\/konferens-arken-hotell--900x600.jpg\" alt=\"Taking notes at the conference\" class=\"wp-image-26048\" srcset=\"https:\/\/arkenhotel.com\/wp-content\/uploads\/sites\/5\/2025\/10\/konferens-arken-hotell--900x600.jpg 900w, https:\/\/arkenhotel.com\/wp-content\/uploads\/sites\/5\/2025\/10\/konferens-arken-hotell--400x267.jpg 400w, https:\/\/arkenhotel.com\/wp-content\/uploads\/sites\/5\/2025\/10\/konferens-arken-hotell--600x400.jpg 600w, https:\/\/arkenhotel.com\/wp-content\/uploads\/sites\/5\/2025\/10\/konferens-arken-hotell--700x467.jpg 700w, https:\/\/arkenhotel.com\/wp-content\/uploads\/sites\/5\/2025\/10\/konferens-arken-hotell--800x533.jpg 800w, https:\/\/arkenhotel.com\/wp-content\/uploads\/sites\/5\/2025\/10\/konferens-arken-hotell--1000x667.jpg 1000w, https:\/\/arkenhotel.com\/wp-content\/uploads\/sites\/5\/2025\/10\/konferens-arken-hotell--1100x733.jpg 1100w, https:\/\/arkenhotel.com\/wp-content\/uploads\/sites\/5\/2025\/10\/konferens-arken-hotell--1280x853.jpg 1280w, https:\/\/arkenhotel.com\/wp-content\/uploads\/sites\/5\/2025\/10\/konferens-arken-hotell--768x512.jpg 768w, https:\/\/arkenhotel.com\/wp-content\/uploads\/sites\/5\/2025\/10\/konferens-arken-hotell--1536x1024.jpg 1536w, https:\/\/arkenhotel.com\/wp-content\/uploads\/sites\/5\/2025\/10\/konferens-arken-hotell-.jpg 1620w\" sizes=\"auto, (max-width: 900px) 100vw, 900px\" \/><\/figure>\n<\/div>\n\n<\/div><!DOCTYPE html PUBLIC \"-\/\/W3C\/\/DTD HTML 4.0 Transitional\/\/EN\" \"http:\/\/www.w3.org\/TR\/REC-html40\/loose.dtd\">\n<html><body><swiper-container init=\"false\" data-slides-per-view-l=\"1\" data-slides-per-view-m=\"1\" data-slides-per-view-s=\"1\" data-show-next=\"\" data-width-auto=\"0\" data-columns-gap=\"0\" data-show-navigation=\"1\" pagination-type=\"fraction\" data-pagination-version=\"first\" data-nav-bg-color=\"var(--wp--preset--color--contrast)\" data-nav-arrow-color=\"var(--wp--preset--color--base)\" class=\"wp-block-content-grid-slider slider-l slider-m slider-s\"><swiper-slide><div class=\"wp-block-group has-global-padding is-layout-constrained wp-container-core-group-is-layout-7db9d80f wp-block-group-is-layout-constrained\" style=\"padding-right:0;padding-left:0\">\n<figure class=\"wp-block-image size-large\"><img loading=\"lazy\" decoding=\"async\" width=\"900\" height=\"601\" src=\"https:\/\/arkenhotel.com\/wp-content\/uploads\/sites\/5\/2025\/04\/19_tarnan-konferens-lokaler-arken--900x601.jpg\" alt=\"T&auml;rnan conference room at Arken Hotel &amp;amp; Art Garden Spa.\" class=\"wp-image-25851\" srcset=\"https:\/\/arkenhotel.com\/wp-content\/uploads\/sites\/5\/2025\/04\/19_tarnan-konferens-lokaler-arken--900x601.jpg 900w, https:\/\/arkenhotel.com\/wp-content\/uploads\/sites\/5\/2025\/04\/19_tarnan-konferens-lokaler-arken--400x267.jpg 400w, https:\/\/arkenhotel.com\/wp-content\/uploads\/sites\/5\/2025\/04\/19_tarnan-konferens-lokaler-arken--600x401.jpg 600w, https:\/\/arkenhotel.com\/wp-content\/uploads\/sites\/5\/2025\/04\/19_tarnan-konferens-lokaler-arken--700x467.jpg 700w, https:\/\/arkenhotel.com\/wp-content\/uploads\/sites\/5\/2025\/04\/19_tarnan-konferens-lokaler-arken--800x534.jpg 800w, https:\/\/arkenhotel.com\/wp-content\/uploads\/sites\/5\/2025\/04\/19_tarnan-konferens-lokaler-arken--1000x668.jpg 1000w, https:\/\/arkenhotel.com\/wp-content\/uploads\/sites\/5\/2025\/04\/19_tarnan-konferens-lokaler-arken--1100x734.jpg 1100w, https:\/\/arkenhotel.com\/wp-content\/uploads\/sites\/5\/2025\/04\/19_tarnan-konferens-lokaler-arken--1280x855.jpg 1280w, https:\/\/arkenhotel.com\/wp-content\/uploads\/sites\/5\/2025\/04\/19_tarnan-konferens-lokaler-arken--1920x1282.jpg 1920w, https:\/\/arkenhotel.com\/wp-content\/uploads\/sites\/5\/2025\/04\/19_tarnan-konferens-lokaler-arken--768x513.jpg 768w, https:\/\/arkenhotel.com\/wp-content\/uploads\/sites\/5\/2025\/04\/19_tarnan-konferens-lokaler-arken--1536x1026.jpg 1536w, https:\/\/arkenhotel.com\/wp-content\/uploads\/sites\/5\/2025\/04\/19_tarnan-konferens-lokaler-arken--2048x1367.jpg 2048w, https:\/\/arkenhotel.com\/wp-content\/uploads\/sites\/5\/2025\/04\/19_tarnan-konferens-lokaler-arken--scaled.jpg 1617w\" sizes=\"auto, (max-width: 900px) 100vw, 900px\" \/><\/figure>\n<\/div><\/swiper-slide><swiper-slide><div class=\"wp-block-group has-global-padding is-layout-constrained wp-container-core-group-is-layout-7db9d80f wp-block-group-is-layout-constrained\" style=\"padding-right:0;padding-left:0\">\n<figure class=\"wp-block-image size-large\"><img loading=\"lazy\" decoding=\"async\" width=\"900\" height=\"601\" src=\"https:\/\/arkenhotel.com\/wp-content\/uploads\/sites\/5\/2025\/04\/19_tarnan-konferens-lokaler-arken-7592-900x601.jpg\" alt=\"T&auml;rnan - conference room for up to 24 people.\" class=\"wp-image-25852\" srcset=\"https:\/\/arkenhotel.com\/wp-content\/uploads\/sites\/5\/2025\/04\/19_tarnan-konferens-lokaler-arken-7592-900x601.jpg 900w, https:\/\/arkenhotel.com\/wp-content\/uploads\/sites\/5\/2025\/04\/19_tarnan-konferens-lokaler-arken-7592-400x267.jpg 400w, https:\/\/arkenhotel.com\/wp-content\/uploads\/sites\/5\/2025\/04\/19_tarnan-konferens-lokaler-arken-7592-600x401.jpg 600w, https:\/\/arkenhotel.com\/wp-content\/uploads\/sites\/5\/2025\/04\/19_tarnan-konferens-lokaler-arken-7592-700x467.jpg 700w, https:\/\/arkenhotel.com\/wp-content\/uploads\/sites\/5\/2025\/04\/19_tarnan-konferens-lokaler-arken-7592-800x534.jpg 800w, https:\/\/arkenhotel.com\/wp-content\/uploads\/sites\/5\/2025\/04\/19_tarnan-konferens-lokaler-arken-7592-1000x668.jpg 1000w, https:\/\/arkenhotel.com\/wp-content\/uploads\/sites\/5\/2025\/04\/19_tarnan-konferens-lokaler-arken-7592-1100x734.jpg 1100w, https:\/\/arkenhotel.com\/wp-content\/uploads\/sites\/5\/2025\/04\/19_tarnan-konferens-lokaler-arken-7592-1280x855.jpg 1280w, https:\/\/arkenhotel.com\/wp-content\/uploads\/sites\/5\/2025\/04\/19_tarnan-konferens-lokaler-arken-7592-1920x1282.jpg 1920w, https:\/\/arkenhotel.com\/wp-content\/uploads\/sites\/5\/2025\/04\/19_tarnan-konferens-lokaler-arken-7592-768x513.jpg 768w, https:\/\/arkenhotel.com\/wp-content\/uploads\/sites\/5\/2025\/04\/19_tarnan-konferens-lokaler-arken-7592-1536x1026.jpg 1536w, https:\/\/arkenhotel.com\/wp-content\/uploads\/sites\/5\/2025\/04\/19_tarnan-konferens-lokaler-arken-7592-2048x1367.jpg 2048w, https:\/\/arkenhotel.com\/wp-content\/uploads\/sites\/5\/2025\/04\/19_tarnan-konferens-lokaler-arken-7592-scaled.jpg 1617w\" sizes=\"auto, (max-width: 900px) 100vw, 900px\" \/><\/figure>\n<\/div><\/swiper-slide><swiper-slide><div class=\"wp-block-group has-global-padding is-layout-constrained wp-container-core-group-is-layout-7db9d80f wp-block-group-is-layout-constrained\" style=\"padding-right:0;padding-left:0\">\n<figure class=\"wp-block-image size-large\"><img loading=\"lazy\" decoding=\"async\" width=\"900\" height=\"600\" src=\"https:\/\/arkenhotel.com\/wp-content\/uploads\/sites\/5\/2025\/10\/konferens-arken-hotell--900x600.jpg\" alt=\"Taking notes at the conference\" class=\"wp-image-26048\" srcset=\"https:\/\/arkenhotel.com\/wp-content\/uploads\/sites\/5\/2025\/10\/konferens-arken-hotell--900x600.jpg 900w, https:\/\/arkenhotel.com\/wp-content\/uploads\/sites\/5\/2025\/10\/konferens-arken-hotell--400x267.jpg 400w, https:\/\/arkenhotel.com\/wp-content\/uploads\/sites\/5\/2025\/10\/konferens-arken-hotell--600x400.jpg 600w, https:\/\/arkenhotel.com\/wp-content\/uploads\/sites\/5\/2025\/10\/konferens-arken-hotell--700x467.jpg 700w, https:\/\/arkenhotel.com\/wp-content\/uploads\/sites\/5\/2025\/10\/konferens-arken-hotell--800x533.jpg 800w, https:\/\/arkenhotel.com\/wp-content\/uploads\/sites\/5\/2025\/10\/konferens-arken-hotell--1000x667.jpg 1000w, https:\/\/arkenhotel.com\/wp-content\/uploads\/sites\/5\/2025\/10\/konferens-arken-hotell--1100x733.jpg 1100w, https:\/\/arkenhotel.com\/wp-content\/uploads\/sites\/5\/2025\/10\/konferens-arken-hotell--1280x853.jpg 1280w, https:\/\/arkenhotel.com\/wp-content\/uploads\/sites\/5\/2025\/10\/konferens-arken-hotell--768x512.jpg 768w, https:\/\/arkenhotel.com\/wp-content\/uploads\/sites\/5\/2025\/10\/konferens-arken-hotell--1536x1024.jpg 1536w, https:\/\/arkenhotel.com\/wp-content\/uploads\/sites\/5\/2025\/10\/konferens-arken-hotell-.jpg 1620w\" sizes=\"auto, (max-width: 900px) 100vw, 900px\" \/><\/figure>\n<\/div><\/swiper-slide><\/swiper-container><\/body><\/html>\n<\/div>\n<\/div>\n\n<p><\/p>\n            <\/div>\n         <\/div>\n      <\/div>\n         <div class=\" post-card\" data-post-id=\"30890\" data-post-slug=\"masten\">\n                     <div class=\"image-wrapper\">\n               <img decoding=\"async\" src=\"https:\/\/arkenhotel.com\/wp-content\/uploads\/sites\/5\/2025\/04\/12_masten-konferens-lokaler-arken-7517--900x601.jpg\" srcset=\"https:\/\/arkenhotel.com\/wp-content\/uploads\/sites\/5\/2025\/04\/12_masten-konferens-lokaler-arken-7517--900x601.jpg 900w, https:\/\/arkenhotel.com\/wp-content\/uploads\/sites\/5\/2025\/04\/12_masten-konferens-lokaler-arken-7517--400x267.jpg 400w, https:\/\/arkenhotel.com\/wp-content\/uploads\/sites\/5\/2025\/04\/12_masten-konferens-lokaler-arken-7517--600x401.jpg 600w, https:\/\/arkenhotel.com\/wp-content\/uploads\/sites\/5\/2025\/04\/12_masten-konferens-lokaler-arken-7517--700x467.jpg 700w, https:\/\/arkenhotel.com\/wp-content\/uploads\/sites\/5\/2025\/04\/12_masten-konferens-lokaler-arken-7517--800x534.jpg 800w, https:\/\/arkenhotel.com\/wp-content\/uploads\/sites\/5\/2025\/04\/12_masten-konferens-lokaler-arken-7517--1000x668.jpg 1000w, https:\/\/arkenhotel.com\/wp-content\/uploads\/sites\/5\/2025\/04\/12_masten-konferens-lokaler-arken-7517--1100x734.jpg 1100w, https:\/\/arkenhotel.com\/wp-content\/uploads\/sites\/5\/2025\/04\/12_masten-konferens-lokaler-arken-7517--1280x855.jpg 1280w, https:\/\/arkenhotel.com\/wp-content\/uploads\/sites\/5\/2025\/04\/12_masten-konferens-lokaler-arken-7517--1920x1282.jpg 1920w, https:\/\/arkenhotel.com\/wp-content\/uploads\/sites\/5\/2025\/04\/12_masten-konferens-lokaler-arken-7517--768x513.jpg 768w, https:\/\/arkenhotel.com\/wp-content\/uploads\/sites\/5\/2025\/04\/12_masten-konferens-lokaler-arken-7517--1536x1026.jpg 1536w, https:\/\/arkenhotel.com\/wp-content\/uploads\/sites\/5\/2025\/04\/12_masten-konferens-lokaler-arken-7517--2048x1367.jpg 2048w, https:\/\/arkenhotel.com\/wp-content\/uploads\/sites\/5\/2025\/04\/12_masten-konferens-lokaler-arken-7517--scaled.jpg 1617w\" alt=\"MASTEN\" class=\"\" \/>\n            <\/div>\n                  <div class=\"content-wrapper\">\n            <div class=\"post-title-capacity\">\n                                 <h3 class=\"wp-block-heading post-title\">MASTEN<\/h3>\n                                                <p class=\"post-capacity\">24 pers.<\/p>\n                           <\/div>\n                           <p class=\"post-subheading\">Masten has all the equipment you need for the conference. <\/p>\n                     <\/div>\n                     <div class=\"btn-wrapper\">\n               <button class=\"post-btn wp-block-button__link wp-element-button\">\n                  <div class=\"post-btn-closed\">\n                     Read more                     <svg width=\"10\" height=\"10\" viewBox=\"0 0 10 10\" fill=\"none\" xmlns=\"http:\/\/www.w3.org\/2000\/svg\">\n                        <path d=\"M10 2.66038L5 8L-4.8687e-07 2.66038L0.627207 2L5 6.66981L9.37279 2L10 2.66038Z\" fill=\"currentcolor\" \/>\n                     <\/svg>\n                  <\/div>\n                  <div class=\"post-btn-open\">\n                     Close                     <svg width=\"10\" height=\"10\" viewBox=\"0 0 10 10\" fill=\"none\" xmlns=\"http:\/\/www.w3.org\/2000\/svg\">\n                        <path d=\"M0.561192 10L0 9.43881L4.43881 5L0 0.561192L0.561192 0L5 4.43881L9.43881 0L10 0.561192L5.56119 5L10 9.43881L9.43881 10L5 5.56119L0.561192 10Z\" fill=\"currentcolor\" \/>\n                     <\/svg>\n                  <\/div>\n               <\/button>\n            <\/div>\n                  <div class=\"post-dropdown-content\" data-post-id=\"30890\">\n            <div class=\"post-dropdown-content-inner\">\n               \n<div class=\"wp-block-columns has-base-background-color has-background is-layout-flex wp-container-core-columns-is-layout-a864abb7 wp-block-columns-is-layout-flex\" style=\"padding-top:0;padding-right:0;padding-bottom:0;padding-left:0\">\n<div class=\"wp-block-column is-vertically-aligned-top has-small-font-size is-layout-flow wp-container-core-column-is-layout-6073293c wp-block-column-is-layout-flow\" style=\"flex-basis:500px\">\n<div class=\"wp-block-group is-content-justification-space-between is-nowrap is-layout-flex wp-container-core-group-is-layout-63c1e1a1 wp-block-group-is-layout-flex\">\n<h3 class=\"wp-block-heading\">MASTEN<\/h3>\n\n\n\n<p class=\"has-contrast-color has-text-color has-link-color has-medium-font-size wp-elements-bb17ab84d961368663fe3883357242b0\">24 pers.<\/p>\n<\/div>\n\n\n\n<p>In Masten you will find all the equipment you need for your conference. The room is equipped for maximum comfort, with ergonomic chairs, generous writing boards and adjustable lighting. <\/p>\n\n\n\n<div class=\"wp-block-buttons is-layout-flex wp-block-buttons-is-layout-flex\">\n<div class=\"wp-block-button\" style=\"--hover-background-color:var(--wp--preset--color--contrast);--hover-text-color:var(--wp--preset--color--base);--hover-border-color:var(--wp--preset--color--contrast);--active-background-color:var(--wp--preset--color--color-3);--active-text-color:var(--wp--preset--color--base);--active-border-color:var(--wp--preset--color--color-3);--focus-background-color:var(--wp--preset--color--contrast);--focus-text-color:var(--wp--preset--color--base);--focus-border-color:var(--wp--preset--color--contrast);--disabled-background-color:var(--wp--preset--color--color-2);--disabled-text-color:var(--wp--preset--color--black);--disabled-border-color:var(--wp--preset--color--color-2)\"><a class=\"wp-block-button__link wp-element-button\" href=\"https:\/\/arkenhotel.com\/en\/meetings-events\/venues\/#kontakt\">SEND A BOOKING INQUIRY<\/a><\/div>\n<\/div>\n\n\n\n<div class=\"wp-block-group is-vertical is-layout-flex wp-container-core-group-is-layout-9f8fc9c8 wp-block-group-is-layout-flex\">\n<p style=\"font-style:normal;font-weight:500\">Equipment on the premises:<\/p>\n\n\n\n<ul class=\"wp-block-list is-style-checklist is-style-checklist--15\">\n<li>Projector<\/li>\n\n\n\n<li>Loudspeakers<\/li>\n\n\n\n<li>Whiteboards<\/li>\n\n\n\n<li>Flipchart<\/li>\n\n\n\n<li>Window facing the orangery<\/li>\n\n\n\n<li>Fixed and wireless broadband access<\/li>\n<\/ul>\n<\/div>\n\n\n\n<div class=\"wp-block-group is-vertical is-layout-flex wp-container-core-group-is-layout-9f8fc9c8 wp-block-group-is-layout-flex\">\n<p style=\"font-style:normal;font-weight:500\">Facts:<\/p>\n\n\n\n<p class=\"has-x-small-font-size\">Surface area: 41 sqm<\/p>\n\n\n\n<p class=\"has-x-small-font-size\">Maximum number: 24 pers.<\/p>\n<\/div>\n\n\n\n<div class=\"wp-block-group is-vertical is-layout-flex wp-container-core-group-is-layout-9f8fc9c8 wp-block-group-is-layout-flex\">\n<p style=\"font-style:normal;font-weight:500\">Seatings:<\/p>\n\n\n\n<p class=\"has-x-small-font-size\">U-seat &#8211; 10 pers. | Islands &#8211; 8 pers. | School seating &#8211; 12 pers.<br\/>Chairs in a circle &#8211; 8 pers. | Cinema seating &#8211; 24 pers.  <\/p>\n\n\n\n<p class=\"has-x-small-font-size\"><\/p>\n\n\n\n<p class=\"has-x-small-font-size\"><\/p>\n<\/div>\n<\/div>\n\n\n\n<div class=\"wp-block-column is-vertically-aligned-top is-layout-flow wp-block-column-is-layout-flow\" style=\"flex-basis:66.66%\"><div data-block-id=\"4e6a6933-c609-4c49-a87e-7b92feb82710\" class=\"wp-block-content-grid block-editor-block-list__block wp-block wp-block-tiburon-content-grid columns-l-1 columns-m-1 columns-s-1 layout-default slider-on-l slider-on-m slider-on-s column-gap-0\">\n   \n\n<div class=\"wp-block-group has-global-padding is-layout-constrained wp-container-core-group-is-layout-7db9d80f wp-block-group-is-layout-constrained\" style=\"padding-right:0;padding-left:0\">\n<figure class=\"wp-block-image size-large\"><img loading=\"lazy\" decoding=\"async\" width=\"900\" height=\"601\" src=\"https:\/\/arkenhotel.com\/wp-content\/uploads\/sites\/5\/2025\/04\/12_masten-konferens-lokaler-arken-7517--900x601.jpg\" alt=\"Masten - Conference room Arken Hotel &amp;amp; Art Garden Spa\" class=\"wp-image-25826\" srcset=\"https:\/\/arkenhotel.com\/wp-content\/uploads\/sites\/5\/2025\/04\/12_masten-konferens-lokaler-arken-7517--900x601.jpg 900w, https:\/\/arkenhotel.com\/wp-content\/uploads\/sites\/5\/2025\/04\/12_masten-konferens-lokaler-arken-7517--400x267.jpg 400w, https:\/\/arkenhotel.com\/wp-content\/uploads\/sites\/5\/2025\/04\/12_masten-konferens-lokaler-arken-7517--600x401.jpg 600w, https:\/\/arkenhotel.com\/wp-content\/uploads\/sites\/5\/2025\/04\/12_masten-konferens-lokaler-arken-7517--700x467.jpg 700w, https:\/\/arkenhotel.com\/wp-content\/uploads\/sites\/5\/2025\/04\/12_masten-konferens-lokaler-arken-7517--800x534.jpg 800w, https:\/\/arkenhotel.com\/wp-content\/uploads\/sites\/5\/2025\/04\/12_masten-konferens-lokaler-arken-7517--1000x668.jpg 1000w, https:\/\/arkenhotel.com\/wp-content\/uploads\/sites\/5\/2025\/04\/12_masten-konferens-lokaler-arken-7517--1100x734.jpg 1100w, https:\/\/arkenhotel.com\/wp-content\/uploads\/sites\/5\/2025\/04\/12_masten-konferens-lokaler-arken-7517--1280x855.jpg 1280w, https:\/\/arkenhotel.com\/wp-content\/uploads\/sites\/5\/2025\/04\/12_masten-konferens-lokaler-arken-7517--1920x1282.jpg 1920w, https:\/\/arkenhotel.com\/wp-content\/uploads\/sites\/5\/2025\/04\/12_masten-konferens-lokaler-arken-7517--768x513.jpg 768w, https:\/\/arkenhotel.com\/wp-content\/uploads\/sites\/5\/2025\/04\/12_masten-konferens-lokaler-arken-7517--1536x1026.jpg 1536w, https:\/\/arkenhotel.com\/wp-content\/uploads\/sites\/5\/2025\/04\/12_masten-konferens-lokaler-arken-7517--2048x1367.jpg 2048w, https:\/\/arkenhotel.com\/wp-content\/uploads\/sites\/5\/2025\/04\/12_masten-konferens-lokaler-arken-7517--scaled.jpg 1617w\" sizes=\"auto, (max-width: 900px) 100vw, 900px\" \/><\/figure>\n<\/div>\n\n\n\n<div class=\"wp-block-group has-global-padding is-layout-constrained wp-container-core-group-is-layout-7db9d80f wp-block-group-is-layout-constrained\" style=\"padding-right:0;padding-left:0\">\n<figure class=\"wp-block-image size-large\"><img loading=\"lazy\" decoding=\"async\" width=\"900\" height=\"601\" src=\"https:\/\/arkenhotel.com\/wp-content\/uploads\/sites\/5\/2025\/04\/12_masten-konferens-lokaler-arken-7519-900x601.jpg\" alt=\"Masten - Conference room Arken Hotel &amp;amp; Art Garden Spa\" class=\"wp-image-25827\" srcset=\"https:\/\/arkenhotel.com\/wp-content\/uploads\/sites\/5\/2025\/04\/12_masten-konferens-lokaler-arken-7519-900x601.jpg 900w, https:\/\/arkenhotel.com\/wp-content\/uploads\/sites\/5\/2025\/04\/12_masten-konferens-lokaler-arken-7519-400x267.jpg 400w, https:\/\/arkenhotel.com\/wp-content\/uploads\/sites\/5\/2025\/04\/12_masten-konferens-lokaler-arken-7519-600x401.jpg 600w, https:\/\/arkenhotel.com\/wp-content\/uploads\/sites\/5\/2025\/04\/12_masten-konferens-lokaler-arken-7519-700x467.jpg 700w, https:\/\/arkenhotel.com\/wp-content\/uploads\/sites\/5\/2025\/04\/12_masten-konferens-lokaler-arken-7519-800x534.jpg 800w, https:\/\/arkenhotel.com\/wp-content\/uploads\/sites\/5\/2025\/04\/12_masten-konferens-lokaler-arken-7519-1000x668.jpg 1000w, https:\/\/arkenhotel.com\/wp-content\/uploads\/sites\/5\/2025\/04\/12_masten-konferens-lokaler-arken-7519-1100x734.jpg 1100w, https:\/\/arkenhotel.com\/wp-content\/uploads\/sites\/5\/2025\/04\/12_masten-konferens-lokaler-arken-7519-1280x855.jpg 1280w, https:\/\/arkenhotel.com\/wp-content\/uploads\/sites\/5\/2025\/04\/12_masten-konferens-lokaler-arken-7519-1920x1282.jpg 1920w, https:\/\/arkenhotel.com\/wp-content\/uploads\/sites\/5\/2025\/04\/12_masten-konferens-lokaler-arken-7519-768x513.jpg 768w, https:\/\/arkenhotel.com\/wp-content\/uploads\/sites\/5\/2025\/04\/12_masten-konferens-lokaler-arken-7519-1536x1026.jpg 1536w, https:\/\/arkenhotel.com\/wp-content\/uploads\/sites\/5\/2025\/04\/12_masten-konferens-lokaler-arken-7519-2048x1367.jpg 2048w, https:\/\/arkenhotel.com\/wp-content\/uploads\/sites\/5\/2025\/04\/12_masten-konferens-lokaler-arken-7519-scaled.jpg 1617w\" sizes=\"auto, (max-width: 900px) 100vw, 900px\" \/><\/figure>\n<\/div>\n\n\n\n<div class=\"wp-block-group has-global-padding is-layout-constrained wp-container-core-group-is-layout-7db9d80f wp-block-group-is-layout-constrained\" style=\"padding-right:0;padding-left:0\">\n<figure class=\"wp-block-image size-large\"><img loading=\"lazy\" decoding=\"async\" width=\"900\" height=\"600\" src=\"https:\/\/arkenhotel.com\/wp-content\/uploads\/sites\/5\/2025\/04\/12_masten-konferens-lokaler-arken-7520--900x600.jpg\" alt=\"Masten - Conference room Arken Hotel &amp;amp; Art Garden Spa\" class=\"wp-image-25828\" srcset=\"https:\/\/arkenhotel.com\/wp-content\/uploads\/sites\/5\/2025\/04\/12_masten-konferens-lokaler-arken-7520--900x600.jpg 900w, https:\/\/arkenhotel.com\/wp-content\/uploads\/sites\/5\/2025\/04\/12_masten-konferens-lokaler-arken-7520--400x267.jpg 400w, https:\/\/arkenhotel.com\/wp-content\/uploads\/sites\/5\/2025\/04\/12_masten-konferens-lokaler-arken-7520--600x400.jpg 600w, https:\/\/arkenhotel.com\/wp-content\/uploads\/sites\/5\/2025\/04\/12_masten-konferens-lokaler-arken-7520--700x467.jpg 700w, https:\/\/arkenhotel.com\/wp-content\/uploads\/sites\/5\/2025\/04\/12_masten-konferens-lokaler-arken-7520--800x533.jpg 800w, https:\/\/arkenhotel.com\/wp-content\/uploads\/sites\/5\/2025\/04\/12_masten-konferens-lokaler-arken-7520--1000x667.jpg 1000w, https:\/\/arkenhotel.com\/wp-content\/uploads\/sites\/5\/2025\/04\/12_masten-konferens-lokaler-arken-7520--1100x733.jpg 1100w, https:\/\/arkenhotel.com\/wp-content\/uploads\/sites\/5\/2025\/04\/12_masten-konferens-lokaler-arken-7520--1280x853.jpg 1280w, https:\/\/arkenhotel.com\/wp-content\/uploads\/sites\/5\/2025\/04\/12_masten-konferens-lokaler-arken-7520--1920x1280.jpg 1920w, https:\/\/arkenhotel.com\/wp-content\/uploads\/sites\/5\/2025\/04\/12_masten-konferens-lokaler-arken-7520--768x512.jpg 768w, https:\/\/arkenhotel.com\/wp-content\/uploads\/sites\/5\/2025\/04\/12_masten-konferens-lokaler-arken-7520--1536x1024.jpg 1536w, https:\/\/arkenhotel.com\/wp-content\/uploads\/sites\/5\/2025\/04\/12_masten-konferens-lokaler-arken-7520--2048x1365.jpg 2048w, https:\/\/arkenhotel.com\/wp-content\/uploads\/sites\/5\/2025\/04\/12_masten-konferens-lokaler-arken-7520--scaled.jpg 1620w\" sizes=\"auto, (max-width: 900px) 100vw, 900px\" \/><\/figure>\n<\/div>\n\n<\/div><!DOCTYPE html PUBLIC \"-\/\/W3C\/\/DTD HTML 4.0 Transitional\/\/EN\" \"http:\/\/www.w3.org\/TR\/REC-html40\/loose.dtd\">\n<html><body><swiper-container init=\"false\" data-slides-per-view-l=\"1\" data-slides-per-view-m=\"1\" data-slides-per-view-s=\"1\" data-show-next=\"\" data-width-auto=\"0\" data-columns-gap=\"0\" data-show-navigation=\"1\" pagination-type=\"fraction\" data-pagination-version=\"first\" data-nav-bg-color=\"var(--wp--preset--color--contrast)\" data-nav-arrow-color=\"var(--wp--preset--color--base)\" class=\"wp-block-content-grid-slider slider-l slider-m slider-s\"><swiper-slide><div class=\"wp-block-group has-global-padding is-layout-constrained wp-container-core-group-is-layout-7db9d80f wp-block-group-is-layout-constrained\" style=\"padding-right:0;padding-left:0\">\n<figure class=\"wp-block-image size-large\"><img loading=\"lazy\" decoding=\"async\" width=\"900\" height=\"601\" src=\"https:\/\/arkenhotel.com\/wp-content\/uploads\/sites\/5\/2025\/04\/12_masten-konferens-lokaler-arken-7517--900x601.jpg\" alt=\"Masten - Conference room Arken Hotel &amp;amp; Art Garden Spa\" class=\"wp-image-25826\" srcset=\"https:\/\/arkenhotel.com\/wp-content\/uploads\/sites\/5\/2025\/04\/12_masten-konferens-lokaler-arken-7517--900x601.jpg 900w, https:\/\/arkenhotel.com\/wp-content\/uploads\/sites\/5\/2025\/04\/12_masten-konferens-lokaler-arken-7517--400x267.jpg 400w, https:\/\/arkenhotel.com\/wp-content\/uploads\/sites\/5\/2025\/04\/12_masten-konferens-lokaler-arken-7517--600x401.jpg 600w, https:\/\/arkenhotel.com\/wp-content\/uploads\/sites\/5\/2025\/04\/12_masten-konferens-lokaler-arken-7517--700x467.jpg 700w, https:\/\/arkenhotel.com\/wp-content\/uploads\/sites\/5\/2025\/04\/12_masten-konferens-lokaler-arken-7517--800x534.jpg 800w, https:\/\/arkenhotel.com\/wp-content\/uploads\/sites\/5\/2025\/04\/12_masten-konferens-lokaler-arken-7517--1000x668.jpg 1000w, https:\/\/arkenhotel.com\/wp-content\/uploads\/sites\/5\/2025\/04\/12_masten-konferens-lokaler-arken-7517--1100x734.jpg 1100w, https:\/\/arkenhotel.com\/wp-content\/uploads\/sites\/5\/2025\/04\/12_masten-konferens-lokaler-arken-7517--1280x855.jpg 1280w, https:\/\/arkenhotel.com\/wp-content\/uploads\/sites\/5\/2025\/04\/12_masten-konferens-lokaler-arken-7517--1920x1282.jpg 1920w, https:\/\/arkenhotel.com\/wp-content\/uploads\/sites\/5\/2025\/04\/12_masten-konferens-lokaler-arken-7517--768x513.jpg 768w, https:\/\/arkenhotel.com\/wp-content\/uploads\/sites\/5\/2025\/04\/12_masten-konferens-lokaler-arken-7517--1536x1026.jpg 1536w, https:\/\/arkenhotel.com\/wp-content\/uploads\/sites\/5\/2025\/04\/12_masten-konferens-lokaler-arken-7517--2048x1367.jpg 2048w, https:\/\/arkenhotel.com\/wp-content\/uploads\/sites\/5\/2025\/04\/12_masten-konferens-lokaler-arken-7517--scaled.jpg 1617w\" sizes=\"auto, (max-width: 900px) 100vw, 900px\" \/><\/figure>\n<\/div><\/swiper-slide><swiper-slide><div class=\"wp-block-group has-global-padding is-layout-constrained wp-container-core-group-is-layout-7db9d80f wp-block-group-is-layout-constrained\" style=\"padding-right:0;padding-left:0\">\n<figure class=\"wp-block-image size-large\"><img loading=\"lazy\" decoding=\"async\" width=\"900\" height=\"601\" src=\"https:\/\/arkenhotel.com\/wp-content\/uploads\/sites\/5\/2025\/04\/12_masten-konferens-lokaler-arken-7519-900x601.jpg\" alt=\"Masten - Conference room Arken Hotel &amp;amp; Art Garden Spa\" class=\"wp-image-25827\" srcset=\"https:\/\/arkenhotel.com\/wp-content\/uploads\/sites\/5\/2025\/04\/12_masten-konferens-lokaler-arken-7519-900x601.jpg 900w, https:\/\/arkenhotel.com\/wp-content\/uploads\/sites\/5\/2025\/04\/12_masten-konferens-lokaler-arken-7519-400x267.jpg 400w, https:\/\/arkenhotel.com\/wp-content\/uploads\/sites\/5\/2025\/04\/12_masten-konferens-lokaler-arken-7519-600x401.jpg 600w, https:\/\/arkenhotel.com\/wp-content\/uploads\/sites\/5\/2025\/04\/12_masten-konferens-lokaler-arken-7519-700x467.jpg 700w, https:\/\/arkenhotel.com\/wp-content\/uploads\/sites\/5\/2025\/04\/12_masten-konferens-lokaler-arken-7519-800x534.jpg 800w, https:\/\/arkenhotel.com\/wp-content\/uploads\/sites\/5\/2025\/04\/12_masten-konferens-lokaler-arken-7519-1000x668.jpg 1000w, https:\/\/arkenhotel.com\/wp-content\/uploads\/sites\/5\/2025\/04\/12_masten-konferens-lokaler-arken-7519-1100x734.jpg 1100w, https:\/\/arkenhotel.com\/wp-content\/uploads\/sites\/5\/2025\/04\/12_masten-konferens-lokaler-arken-7519-1280x855.jpg 1280w, https:\/\/arkenhotel.com\/wp-content\/uploads\/sites\/5\/2025\/04\/12_masten-konferens-lokaler-arken-7519-1920x1282.jpg 1920w, https:\/\/arkenhotel.com\/wp-content\/uploads\/sites\/5\/2025\/04\/12_masten-konferens-lokaler-arken-7519-768x513.jpg 768w, https:\/\/arkenhotel.com\/wp-content\/uploads\/sites\/5\/2025\/04\/12_masten-konferens-lokaler-arken-7519-1536x1026.jpg 1536w, https:\/\/arkenhotel.com\/wp-content\/uploads\/sites\/5\/2025\/04\/12_masten-konferens-lokaler-arken-7519-2048x1367.jpg 2048w, https:\/\/arkenhotel.com\/wp-content\/uploads\/sites\/5\/2025\/04\/12_masten-konferens-lokaler-arken-7519-scaled.jpg 1617w\" sizes=\"auto, (max-width: 900px) 100vw, 900px\" \/><\/figure>\n<\/div><\/swiper-slide><swiper-slide><div class=\"wp-block-group has-global-padding is-layout-constrained wp-container-core-group-is-layout-7db9d80f wp-block-group-is-layout-constrained\" style=\"padding-right:0;padding-left:0\">\n<figure class=\"wp-block-image size-large\"><img loading=\"lazy\" decoding=\"async\" width=\"900\" height=\"600\" src=\"https:\/\/arkenhotel.com\/wp-content\/uploads\/sites\/5\/2025\/04\/12_masten-konferens-lokaler-arken-7520--900x600.jpg\" alt=\"Masten - Conference room Arken Hotel &amp;amp; Art Garden Spa\" class=\"wp-image-25828\" srcset=\"https:\/\/arkenhotel.com\/wp-content\/uploads\/sites\/5\/2025\/04\/12_masten-konferens-lokaler-arken-7520--900x600.jpg 900w, https:\/\/arkenhotel.com\/wp-content\/uploads\/sites\/5\/2025\/04\/12_masten-konferens-lokaler-arken-7520--400x267.jpg 400w, https:\/\/arkenhotel.com\/wp-content\/uploads\/sites\/5\/2025\/04\/12_masten-konferens-lokaler-arken-7520--600x400.jpg 600w, https:\/\/arkenhotel.com\/wp-content\/uploads\/sites\/5\/2025\/04\/12_masten-konferens-lokaler-arken-7520--700x467.jpg 700w, https:\/\/arkenhotel.com\/wp-content\/uploads\/sites\/5\/2025\/04\/12_masten-konferens-lokaler-arken-7520--800x533.jpg 800w, https:\/\/arkenhotel.com\/wp-content\/uploads\/sites\/5\/2025\/04\/12_masten-konferens-lokaler-arken-7520--1000x667.jpg 1000w, https:\/\/arkenhotel.com\/wp-content\/uploads\/sites\/5\/2025\/04\/12_masten-konferens-lokaler-arken-7520--1100x733.jpg 1100w, https:\/\/arkenhotel.com\/wp-content\/uploads\/sites\/5\/2025\/04\/12_masten-konferens-lokaler-arken-7520--1280x853.jpg 1280w, https:\/\/arkenhotel.com\/wp-content\/uploads\/sites\/5\/2025\/04\/12_masten-konferens-lokaler-arken-7520--1920x1280.jpg 1920w, https:\/\/arkenhotel.com\/wp-content\/uploads\/sites\/5\/2025\/04\/12_masten-konferens-lokaler-arken-7520--768x512.jpg 768w, https:\/\/arkenhotel.com\/wp-content\/uploads\/sites\/5\/2025\/04\/12_masten-konferens-lokaler-arken-7520--1536x1024.jpg 1536w, https:\/\/arkenhotel.com\/wp-content\/uploads\/sites\/5\/2025\/04\/12_masten-konferens-lokaler-arken-7520--2048x1365.jpg 2048w, https:\/\/arkenhotel.com\/wp-content\/uploads\/sites\/5\/2025\/04\/12_masten-konferens-lokaler-arken-7520--scaled.jpg 1620w\" sizes=\"auto, (max-width: 900px) 100vw, 900px\" \/><\/figure>\n<\/div><\/swiper-slide><\/swiper-container><\/body><\/html>\n<\/div>\n<\/div>\n\n<p><\/p>\n            <\/div>\n         <\/div>\n      <\/div>\n         <div class=\" post-card\" data-post-id=\"30920\" data-post-slug=\"utkiken\">\n                     <div class=\"image-wrapper\">\n               <img decoding=\"async\" src=\"https:\/\/arkenhotel.com\/wp-content\/uploads\/sites\/5\/2025\/04\/23_Utkiken-konferens-lokal-arken-hotell-spa-6651-900x601.jpg\" srcset=\"https:\/\/arkenhotel.com\/wp-content\/uploads\/sites\/5\/2025\/04\/23_Utkiken-konferens-lokal-arken-hotell-spa-6651-900x601.jpg 900w, https:\/\/arkenhotel.com\/wp-content\/uploads\/sites\/5\/2025\/04\/23_Utkiken-konferens-lokal-arken-hotell-spa-6651-400x267.jpg 400w, https:\/\/arkenhotel.com\/wp-content\/uploads\/sites\/5\/2025\/04\/23_Utkiken-konferens-lokal-arken-hotell-spa-6651-600x400.jpg 600w, https:\/\/arkenhotel.com\/wp-content\/uploads\/sites\/5\/2025\/04\/23_Utkiken-konferens-lokal-arken-hotell-spa-6651-700x467.jpg 700w, https:\/\/arkenhotel.com\/wp-content\/uploads\/sites\/5\/2025\/04\/23_Utkiken-konferens-lokal-arken-hotell-spa-6651-800x534.jpg 800w, https:\/\/arkenhotel.com\/wp-content\/uploads\/sites\/5\/2025\/04\/23_Utkiken-konferens-lokal-arken-hotell-spa-6651-1000x667.jpg 1000w, https:\/\/arkenhotel.com\/wp-content\/uploads\/sites\/5\/2025\/04\/23_Utkiken-konferens-lokal-arken-hotell-spa-6651-1100x734.jpg 1100w, https:\/\/arkenhotel.com\/wp-content\/uploads\/sites\/5\/2025\/04\/23_Utkiken-konferens-lokal-arken-hotell-spa-6651-1280x854.jpg 1280w, https:\/\/arkenhotel.com\/wp-content\/uploads\/sites\/5\/2025\/04\/23_Utkiken-konferens-lokal-arken-hotell-spa-6651-768x513.jpg 768w, https:\/\/arkenhotel.com\/wp-content\/uploads\/sites\/5\/2025\/04\/23_Utkiken-konferens-lokal-arken-hotell-spa-6651-1536x1025.jpg 1536w, https:\/\/arkenhotel.com\/wp-content\/uploads\/sites\/5\/2025\/04\/23_Utkiken-konferens-lokal-arken-hotell-spa-6651.jpg 1618w\" alt=\"UTKIKEN\" class=\"\" \/>\n            <\/div>\n                  <div class=\"content-wrapper\">\n            <div class=\"post-title-capacity\">\n                                 <h3 class=\"wp-block-heading post-title\">UTKIKEN<\/h3>\n                                                <p class=\"post-capacity\">20 pers.<\/p>\n                           <\/div>\n                           <p class=\"post-subheading\">In Utkiken you will find all the equipment you need for your conference.<\/p>\n                     <\/div>\n                     <div class=\"btn-wrapper\">\n               <button class=\"post-btn wp-block-button__link wp-element-button\">\n                  <div class=\"post-btn-closed\">\n                     Read more                     <svg width=\"10\" height=\"10\" viewBox=\"0 0 10 10\" fill=\"none\" xmlns=\"http:\/\/www.w3.org\/2000\/svg\">\n                        <path d=\"M10 2.66038L5 8L-4.8687e-07 2.66038L0.627207 2L5 6.66981L9.37279 2L10 2.66038Z\" fill=\"currentcolor\" \/>\n                     <\/svg>\n                  <\/div>\n                  <div class=\"post-btn-open\">\n                     Close                     <svg width=\"10\" height=\"10\" viewBox=\"0 0 10 10\" fill=\"none\" xmlns=\"http:\/\/www.w3.org\/2000\/svg\">\n                        <path d=\"M0.561192 10L0 9.43881L4.43881 5L0 0.561192L0.561192 0L5 4.43881L9.43881 0L10 0.561192L5.56119 5L10 9.43881L9.43881 10L5 5.56119L0.561192 10Z\" fill=\"currentcolor\" \/>\n                     <\/svg>\n                  <\/div>\n               <\/button>\n            <\/div>\n                  <div class=\"post-dropdown-content\" data-post-id=\"30920\">\n            <div class=\"post-dropdown-content-inner\">\n               \n<div class=\"wp-block-columns has-base-background-color has-background is-layout-flex wp-container-core-columns-is-layout-a864abb7 wp-block-columns-is-layout-flex\" style=\"padding-top:0;padding-right:0;padding-bottom:0;padding-left:0\">\n<div class=\"wp-block-column is-vertically-aligned-top has-small-font-size is-layout-flow wp-container-core-column-is-layout-6073293c wp-block-column-is-layout-flow\" style=\"flex-basis:500px\">\n<div class=\"wp-block-group is-content-justification-space-between is-nowrap is-layout-flex wp-container-core-group-is-layout-63c1e1a1 wp-block-group-is-layout-flex\">\n<h3 class=\"wp-block-heading\">Utkiken<\/h3>\n\n\n\n<p class=\"has-contrast-color has-text-color has-link-color has-medium-font-size wp-elements-8686d528259d02f321d4dde016a520e9\">20 pers.<\/p>\n<\/div>\n\n\n\n<p>In Utkiken you will find all the equipment you need for your conference. The room is equipped for maximum comfort, with ergonomic chairs, generous writing boards and adjustable lighting. <\/p>\n\n\n\n<div class=\"wp-block-buttons is-layout-flex wp-block-buttons-is-layout-flex\">\n<div class=\"wp-block-button\" style=\"--hover-background-color:var(--wp--preset--color--contrast);--hover-text-color:var(--wp--preset--color--base);--hover-border-color:var(--wp--preset--color--contrast);--active-background-color:var(--wp--preset--color--color-3);--active-text-color:var(--wp--preset--color--base);--active-border-color:var(--wp--preset--color--color-3);--focus-background-color:var(--wp--preset--color--contrast);--focus-text-color:var(--wp--preset--color--base);--focus-border-color:var(--wp--preset--color--contrast);--disabled-background-color:var(--wp--preset--color--color-2);--disabled-text-color:var(--wp--preset--color--black);--disabled-border-color:var(--wp--preset--color--color-2)\"><a class=\"wp-block-button__link wp-element-button\" href=\"https:\/\/arkenhotel.com\/en\/meetings-events\/venues\/#kontakt\">SEND A BOOKING INQUIRY<\/a><\/div>\n<\/div>\n\n\n\n<div class=\"wp-block-group is-vertical is-layout-flex wp-container-core-group-is-layout-9f8fc9c8 wp-block-group-is-layout-flex\">\n<p style=\"font-style:normal;font-weight:500\">Equipment on the premises:<\/p>\n\n\n\n<ul class=\"wp-block-list is-style-checklist is-style-checklist--16\">\n<li>Projector<\/li>\n\n\n\n<li>Whiteboards<\/li>\n\n\n\n<li>TV<\/li>\n\n\n\n<li>Flipchart<\/li>\n\n\n\n<li>Fixed and wireless broadband access<\/li>\n<\/ul>\n<\/div>\n\n\n\n<div class=\"wp-block-group is-vertical is-layout-flex wp-container-core-group-is-layout-9f8fc9c8 wp-block-group-is-layout-flex\">\n<p style=\"font-style:normal;font-weight:500\">Facts:<\/p>\n\n\n\n<p class=\"has-x-small-font-size\">Surface area: 30 sqm<\/p>\n\n\n\n<p class=\"has-x-small-font-size\">Maximum number: 20 pers.<\/p>\n<\/div>\n\n\n\n<div class=\"wp-block-group is-vertical is-layout-flex wp-container-core-group-is-layout-9f8fc9c8 wp-block-group-is-layout-flex\">\n<p style=\"font-style:normal;font-weight:500\">Seatings:<\/p>\n\n\n\n<p class=\"has-x-small-font-size\">U-seat &#8211; 9 pers. | Islands &#8211; 12 pers. | School seating &#8211; 12 pers. | Cinema seating &#8211; 20 pers. | Chairs in a circle &#8211; 10 pers.    <\/p>\n\n\n\n<p class=\"has-x-small-font-size\"><\/p>\n\n\n\n<p class=\"has-x-small-font-size\"><\/p>\n<\/div>\n<\/div>\n\n\n\n<div class=\"wp-block-column is-vertically-aligned-top is-layout-flow wp-block-column-is-layout-flow\" style=\"flex-basis:66.66%\"><div data-block-id=\"4e6a6933-c609-4c49-a87e-7b92feb82710\" class=\"wp-block-content-grid block-editor-block-list__block wp-block wp-block-tiburon-content-grid columns-l-1 columns-m-1 columns-s-1 layout-default slider-on-l slider-on-m slider-on-s column-gap-0\">\n   \n\n<div class=\"wp-block-group has-global-padding is-layout-constrained wp-container-core-group-is-layout-7db9d80f wp-block-group-is-layout-constrained\" style=\"padding-right:0;padding-left:0\">\n<figure class=\"wp-block-image size-large\"><img loading=\"lazy\" decoding=\"async\" width=\"900\" height=\"601\" src=\"https:\/\/arkenhotel.com\/wp-content\/uploads\/sites\/5\/2025\/04\/23_Utkiken-konferens-lokal-arken-hotell-spa-6651-900x601.jpg\" alt=\"Utkiken - conference room at Arken Hotel &amp;amp; Art Garden Spa\" class=\"wp-image-25872\" srcset=\"https:\/\/arkenhotel.com\/wp-content\/uploads\/sites\/5\/2025\/04\/23_Utkiken-konferens-lokal-arken-hotell-spa-6651-900x601.jpg 900w, https:\/\/arkenhotel.com\/wp-content\/uploads\/sites\/5\/2025\/04\/23_Utkiken-konferens-lokal-arken-hotell-spa-6651-400x267.jpg 400w, https:\/\/arkenhotel.com\/wp-content\/uploads\/sites\/5\/2025\/04\/23_Utkiken-konferens-lokal-arken-hotell-spa-6651-600x400.jpg 600w, https:\/\/arkenhotel.com\/wp-content\/uploads\/sites\/5\/2025\/04\/23_Utkiken-konferens-lokal-arken-hotell-spa-6651-700x467.jpg 700w, https:\/\/arkenhotel.com\/wp-content\/uploads\/sites\/5\/2025\/04\/23_Utkiken-konferens-lokal-arken-hotell-spa-6651-800x534.jpg 800w, https:\/\/arkenhotel.com\/wp-content\/uploads\/sites\/5\/2025\/04\/23_Utkiken-konferens-lokal-arken-hotell-spa-6651-1000x667.jpg 1000w, https:\/\/arkenhotel.com\/wp-content\/uploads\/sites\/5\/2025\/04\/23_Utkiken-konferens-lokal-arken-hotell-spa-6651-1100x734.jpg 1100w, https:\/\/arkenhotel.com\/wp-content\/uploads\/sites\/5\/2025\/04\/23_Utkiken-konferens-lokal-arken-hotell-spa-6651-1280x854.jpg 1280w, https:\/\/arkenhotel.com\/wp-content\/uploads\/sites\/5\/2025\/04\/23_Utkiken-konferens-lokal-arken-hotell-spa-6651-768x513.jpg 768w, https:\/\/arkenhotel.com\/wp-content\/uploads\/sites\/5\/2025\/04\/23_Utkiken-konferens-lokal-arken-hotell-spa-6651-1536x1025.jpg 1536w, https:\/\/arkenhotel.com\/wp-content\/uploads\/sites\/5\/2025\/04\/23_Utkiken-konferens-lokal-arken-hotell-spa-6651.jpg 1618w\" sizes=\"auto, (max-width: 900px) 100vw, 900px\" \/><\/figure>\n<\/div>\n\n\n\n<div class=\"wp-block-group has-global-padding is-layout-constrained wp-container-core-group-is-layout-7db9d80f wp-block-group-is-layout-constrained\" style=\"padding-right:0;padding-left:0\">\n<figure class=\"wp-block-image size-large\"><img loading=\"lazy\" decoding=\"async\" width=\"900\" height=\"601\" src=\"https:\/\/arkenhotel.com\/wp-content\/uploads\/sites\/5\/2025\/04\/23_Utkiken-konferens-lokal-arken-hotell-spa-6667-900x601.jpg\" alt=\"Utkiken conference room\" class=\"wp-image-25875\" srcset=\"https:\/\/arkenhotel.com\/wp-content\/uploads\/sites\/5\/2025\/04\/23_Utkiken-konferens-lokal-arken-hotell-spa-6667-900x601.jpg 900w, https:\/\/arkenhotel.com\/wp-content\/uploads\/sites\/5\/2025\/04\/23_Utkiken-konferens-lokal-arken-hotell-spa-6667-400x267.jpg 400w, https:\/\/arkenhotel.com\/wp-content\/uploads\/sites\/5\/2025\/04\/23_Utkiken-konferens-lokal-arken-hotell-spa-6667-600x400.jpg 600w, https:\/\/arkenhotel.com\/wp-content\/uploads\/sites\/5\/2025\/04\/23_Utkiken-konferens-lokal-arken-hotell-spa-6667-700x467.jpg 700w, https:\/\/arkenhotel.com\/wp-content\/uploads\/sites\/5\/2025\/04\/23_Utkiken-konferens-lokal-arken-hotell-spa-6667-800x534.jpg 800w, https:\/\/arkenhotel.com\/wp-content\/uploads\/sites\/5\/2025\/04\/23_Utkiken-konferens-lokal-arken-hotell-spa-6667-1000x667.jpg 1000w, https:\/\/arkenhotel.com\/wp-content\/uploads\/sites\/5\/2025\/04\/23_Utkiken-konferens-lokal-arken-hotell-spa-6667-1100x734.jpg 1100w, https:\/\/arkenhotel.com\/wp-content\/uploads\/sites\/5\/2025\/04\/23_Utkiken-konferens-lokal-arken-hotell-spa-6667-1280x854.jpg 1280w, https:\/\/arkenhotel.com\/wp-content\/uploads\/sites\/5\/2025\/04\/23_Utkiken-konferens-lokal-arken-hotell-spa-6667-768x513.jpg 768w, https:\/\/arkenhotel.com\/wp-content\/uploads\/sites\/5\/2025\/04\/23_Utkiken-konferens-lokal-arken-hotell-spa-6667-1536x1025.jpg 1536w, https:\/\/arkenhotel.com\/wp-content\/uploads\/sites\/5\/2025\/04\/23_Utkiken-konferens-lokal-arken-hotell-spa-6667.jpg 1618w\" sizes=\"auto, (max-width: 900px) 100vw, 900px\" \/><\/figure>\n<\/div>\n\n\n\n<div class=\"wp-block-group has-global-padding is-layout-constrained wp-container-core-group-is-layout-7db9d80f wp-block-group-is-layout-constrained\" style=\"padding-right:0;padding-left:0\">\n<figure class=\"wp-block-image size-large\"><img loading=\"lazy\" decoding=\"async\" width=\"900\" height=\"601\" src=\"https:\/\/arkenhotel.com\/wp-content\/uploads\/sites\/5\/2025\/04\/23_Utkiken-konferens-lokal-arken-hotell-spa-6669-900x601.jpg\" alt=\"Conference room for up to 20 people\" class=\"wp-image-25876\" srcset=\"https:\/\/arkenhotel.com\/wp-content\/uploads\/sites\/5\/2025\/04\/23_Utkiken-konferens-lokal-arken-hotell-spa-6669-900x601.jpg 900w, https:\/\/arkenhotel.com\/wp-content\/uploads\/sites\/5\/2025\/04\/23_Utkiken-konferens-lokal-arken-hotell-spa-6669-400x267.jpg 400w, https:\/\/arkenhotel.com\/wp-content\/uploads\/sites\/5\/2025\/04\/23_Utkiken-konferens-lokal-arken-hotell-spa-6669-600x400.jpg 600w, https:\/\/arkenhotel.com\/wp-content\/uploads\/sites\/5\/2025\/04\/23_Utkiken-konferens-lokal-arken-hotell-spa-6669-700x467.jpg 700w, https:\/\/arkenhotel.com\/wp-content\/uploads\/sites\/5\/2025\/04\/23_Utkiken-konferens-lokal-arken-hotell-spa-6669-800x534.jpg 800w, https:\/\/arkenhotel.com\/wp-content\/uploads\/sites\/5\/2025\/04\/23_Utkiken-konferens-lokal-arken-hotell-spa-6669-1000x667.jpg 1000w, https:\/\/arkenhotel.com\/wp-content\/uploads\/sites\/5\/2025\/04\/23_Utkiken-konferens-lokal-arken-hotell-spa-6669-1100x734.jpg 1100w, https:\/\/arkenhotel.com\/wp-content\/uploads\/sites\/5\/2025\/04\/23_Utkiken-konferens-lokal-arken-hotell-spa-6669-1280x854.jpg 1280w, https:\/\/arkenhotel.com\/wp-content\/uploads\/sites\/5\/2025\/04\/23_Utkiken-konferens-lokal-arken-hotell-spa-6669-768x513.jpg 768w, https:\/\/arkenhotel.com\/wp-content\/uploads\/sites\/5\/2025\/04\/23_Utkiken-konferens-lokal-arken-hotell-spa-6669-1536x1025.jpg 1536w, https:\/\/arkenhotel.com\/wp-content\/uploads\/sites\/5\/2025\/04\/23_Utkiken-konferens-lokal-arken-hotell-spa-6669.jpg 1618w\" sizes=\"auto, (max-width: 900px) 100vw, 900px\" \/><\/figure>\n<\/div>\n\n\n\n<div class=\"wp-block-group has-global-padding is-layout-constrained wp-container-core-group-is-layout-7db9d80f wp-block-group-is-layout-constrained\" style=\"padding-right:0;padding-left:0\">\n<figure class=\"wp-block-image size-large\"><img loading=\"lazy\" decoding=\"async\" width=\"900\" height=\"601\" src=\"https:\/\/arkenhotel.com\/wp-content\/uploads\/sites\/5\/2025\/04\/23_Utkiken-konferens-lokal-arken-hotell-spa-6674-900x601.jpg\" alt=\"Conference room for between 9 and 20 people.\" class=\"wp-image-25877\" srcset=\"https:\/\/arkenhotel.com\/wp-content\/uploads\/sites\/5\/2025\/04\/23_Utkiken-konferens-lokal-arken-hotell-spa-6674-900x601.jpg 900w, https:\/\/arkenhotel.com\/wp-content\/uploads\/sites\/5\/2025\/04\/23_Utkiken-konferens-lokal-arken-hotell-spa-6674-400x267.jpg 400w, https:\/\/arkenhotel.com\/wp-content\/uploads\/sites\/5\/2025\/04\/23_Utkiken-konferens-lokal-arken-hotell-spa-6674-600x400.jpg 600w, https:\/\/arkenhotel.com\/wp-content\/uploads\/sites\/5\/2025\/04\/23_Utkiken-konferens-lokal-arken-hotell-spa-6674-700x467.jpg 700w, https:\/\/arkenhotel.com\/wp-content\/uploads\/sites\/5\/2025\/04\/23_Utkiken-konferens-lokal-arken-hotell-spa-6674-800x534.jpg 800w, https:\/\/arkenhotel.com\/wp-content\/uploads\/sites\/5\/2025\/04\/23_Utkiken-konferens-lokal-arken-hotell-spa-6674-1000x667.jpg 1000w, https:\/\/arkenhotel.com\/wp-content\/uploads\/sites\/5\/2025\/04\/23_Utkiken-konferens-lokal-arken-hotell-spa-6674-1100x734.jpg 1100w, https:\/\/arkenhotel.com\/wp-content\/uploads\/sites\/5\/2025\/04\/23_Utkiken-konferens-lokal-arken-hotell-spa-6674-1280x854.jpg 1280w, https:\/\/arkenhotel.com\/wp-content\/uploads\/sites\/5\/2025\/04\/23_Utkiken-konferens-lokal-arken-hotell-spa-6674-768x513.jpg 768w, https:\/\/arkenhotel.com\/wp-content\/uploads\/sites\/5\/2025\/04\/23_Utkiken-konferens-lokal-arken-hotell-spa-6674-1536x1025.jpg 1536w, https:\/\/arkenhotel.com\/wp-content\/uploads\/sites\/5\/2025\/04\/23_Utkiken-konferens-lokal-arken-hotell-spa-6674.jpg 1618w\" sizes=\"auto, (max-width: 900px) 100vw, 900px\" \/><\/figure>\n<\/div>\n\n\n\n<div class=\"wp-block-group has-global-padding is-layout-constrained wp-container-core-group-is-layout-7db9d80f wp-block-group-is-layout-constrained\" style=\"padding-right:0;padding-left:0\">\n<figure class=\"wp-block-image size-large\"><img loading=\"lazy\" decoding=\"async\" width=\"900\" height=\"601\" src=\"https:\/\/arkenhotel.com\/wp-content\/uploads\/sites\/5\/2025\/04\/23_Utkiken-konferens-lokal-arken-hotell-spa-6662-900x601.jpg\" alt=\"View from the Utkiken conference room\" class=\"wp-image-25873\" srcset=\"https:\/\/arkenhotel.com\/wp-content\/uploads\/sites\/5\/2025\/04\/23_Utkiken-konferens-lokal-arken-hotell-spa-6662-900x601.jpg 900w, https:\/\/arkenhotel.com\/wp-content\/uploads\/sites\/5\/2025\/04\/23_Utkiken-konferens-lokal-arken-hotell-spa-6662-400x267.jpg 400w, https:\/\/arkenhotel.com\/wp-content\/uploads\/sites\/5\/2025\/04\/23_Utkiken-konferens-lokal-arken-hotell-spa-6662-600x401.jpg 600w, https:\/\/arkenhotel.com\/wp-content\/uploads\/sites\/5\/2025\/04\/23_Utkiken-konferens-lokal-arken-hotell-spa-6662-700x467.jpg 700w, https:\/\/arkenhotel.com\/wp-content\/uploads\/sites\/5\/2025\/04\/23_Utkiken-konferens-lokal-arken-hotell-spa-6662-800x534.jpg 800w, https:\/\/arkenhotel.com\/wp-content\/uploads\/sites\/5\/2025\/04\/23_Utkiken-konferens-lokal-arken-hotell-spa-6662-1000x668.jpg 1000w, https:\/\/arkenhotel.com\/wp-content\/uploads\/sites\/5\/2025\/04\/23_Utkiken-konferens-lokal-arken-hotell-spa-6662-1100x734.jpg 1100w, https:\/\/arkenhotel.com\/wp-content\/uploads\/sites\/5\/2025\/04\/23_Utkiken-konferens-lokal-arken-hotell-spa-6662-1280x855.jpg 1280w, https:\/\/arkenhotel.com\/wp-content\/uploads\/sites\/5\/2025\/04\/23_Utkiken-konferens-lokal-arken-hotell-spa-6662-1920x1282.jpg 1920w, https:\/\/arkenhotel.com\/wp-content\/uploads\/sites\/5\/2025\/04\/23_Utkiken-konferens-lokal-arken-hotell-spa-6662-768x513.jpg 768w, https:\/\/arkenhotel.com\/wp-content\/uploads\/sites\/5\/2025\/04\/23_Utkiken-konferens-lokal-arken-hotell-spa-6662-1536x1026.jpg 1536w, https:\/\/arkenhotel.com\/wp-content\/uploads\/sites\/5\/2025\/04\/23_Utkiken-konferens-lokal-arken-hotell-spa-6662-2048x1367.jpg 2048w, https:\/\/arkenhotel.com\/wp-content\/uploads\/sites\/5\/2025\/04\/23_Utkiken-konferens-lokal-arken-hotell-spa-6662-scaled.jpg 1617w\" sizes=\"auto, (max-width: 900px) 100vw, 900px\" \/><\/figure>\n<\/div>\n\n<\/div><!DOCTYPE html PUBLIC \"-\/\/W3C\/\/DTD HTML 4.0 Transitional\/\/EN\" \"http:\/\/www.w3.org\/TR\/REC-html40\/loose.dtd\">\n<html><body><swiper-container init=\"false\" data-slides-per-view-l=\"1\" data-slides-per-view-m=\"1\" data-slides-per-view-s=\"1\" data-show-next=\"\" data-width-auto=\"0\" data-columns-gap=\"0\" data-show-navigation=\"1\" pagination-type=\"fraction\" data-pagination-version=\"first\" data-nav-bg-color=\"var(--wp--preset--color--contrast)\" data-nav-arrow-color=\"var(--wp--preset--color--base)\" class=\"wp-block-content-grid-slider slider-l slider-m slider-s\"><swiper-slide><div class=\"wp-block-group has-global-padding is-layout-constrained wp-container-core-group-is-layout-7db9d80f wp-block-group-is-layout-constrained\" style=\"padding-right:0;padding-left:0\">\n<figure class=\"wp-block-image size-large\"><img loading=\"lazy\" decoding=\"async\" width=\"900\" height=\"601\" src=\"https:\/\/arkenhotel.com\/wp-content\/uploads\/sites\/5\/2025\/04\/23_Utkiken-konferens-lokal-arken-hotell-spa-6651-900x601.jpg\" alt=\"Utkiken - conference room at Arken Hotel &amp;amp; Art Garden Spa\" class=\"wp-image-25872\" srcset=\"https:\/\/arkenhotel.com\/wp-content\/uploads\/sites\/5\/2025\/04\/23_Utkiken-konferens-lokal-arken-hotell-spa-6651-900x601.jpg 900w, https:\/\/arkenhotel.com\/wp-content\/uploads\/sites\/5\/2025\/04\/23_Utkiken-konferens-lokal-arken-hotell-spa-6651-400x267.jpg 400w, https:\/\/arkenhotel.com\/wp-content\/uploads\/sites\/5\/2025\/04\/23_Utkiken-konferens-lokal-arken-hotell-spa-6651-600x400.jpg 600w, https:\/\/arkenhotel.com\/wp-content\/uploads\/sites\/5\/2025\/04\/23_Utkiken-konferens-lokal-arken-hotell-spa-6651-700x467.jpg 700w, https:\/\/arkenhotel.com\/wp-content\/uploads\/sites\/5\/2025\/04\/23_Utkiken-konferens-lokal-arken-hotell-spa-6651-800x534.jpg 800w, https:\/\/arkenhotel.com\/wp-content\/uploads\/sites\/5\/2025\/04\/23_Utkiken-konferens-lokal-arken-hotell-spa-6651-1000x667.jpg 1000w, https:\/\/arkenhotel.com\/wp-content\/uploads\/sites\/5\/2025\/04\/23_Utkiken-konferens-lokal-arken-hotell-spa-6651-1100x734.jpg 1100w, https:\/\/arkenhotel.com\/wp-content\/uploads\/sites\/5\/2025\/04\/23_Utkiken-konferens-lokal-arken-hotell-spa-6651-1280x854.jpg 1280w, https:\/\/arkenhotel.com\/wp-content\/uploads\/sites\/5\/2025\/04\/23_Utkiken-konferens-lokal-arken-hotell-spa-6651-768x513.jpg 768w, https:\/\/arkenhotel.com\/wp-content\/uploads\/sites\/5\/2025\/04\/23_Utkiken-konferens-lokal-arken-hotell-spa-6651-1536x1025.jpg 1536w, https:\/\/arkenhotel.com\/wp-content\/uploads\/sites\/5\/2025\/04\/23_Utkiken-konferens-lokal-arken-hotell-spa-6651.jpg 1618w\" sizes=\"auto, (max-width: 900px) 100vw, 900px\" \/><\/figure>\n<\/div><\/swiper-slide><swiper-slide><div class=\"wp-block-group has-global-padding is-layout-constrained wp-container-core-group-is-layout-7db9d80f wp-block-group-is-layout-constrained\" style=\"padding-right:0;padding-left:0\">\n<figure class=\"wp-block-image size-large\"><img loading=\"lazy\" decoding=\"async\" width=\"900\" height=\"601\" src=\"https:\/\/arkenhotel.com\/wp-content\/uploads\/sites\/5\/2025\/04\/23_Utkiken-konferens-lokal-arken-hotell-spa-6667-900x601.jpg\" alt=\"Utkiken conference room\" class=\"wp-image-25875\" srcset=\"https:\/\/arkenhotel.com\/wp-content\/uploads\/sites\/5\/2025\/04\/23_Utkiken-konferens-lokal-arken-hotell-spa-6667-900x601.jpg 900w, https:\/\/arkenhotel.com\/wp-content\/uploads\/sites\/5\/2025\/04\/23_Utkiken-konferens-lokal-arken-hotell-spa-6667-400x267.jpg 400w, https:\/\/arkenhotel.com\/wp-content\/uploads\/sites\/5\/2025\/04\/23_Utkiken-konferens-lokal-arken-hotell-spa-6667-600x400.jpg 600w, https:\/\/arkenhotel.com\/wp-content\/uploads\/sites\/5\/2025\/04\/23_Utkiken-konferens-lokal-arken-hotell-spa-6667-700x467.jpg 700w, https:\/\/arkenhotel.com\/wp-content\/uploads\/sites\/5\/2025\/04\/23_Utkiken-konferens-lokal-arken-hotell-spa-6667-800x534.jpg 800w, https:\/\/arkenhotel.com\/wp-content\/uploads\/sites\/5\/2025\/04\/23_Utkiken-konferens-lokal-arken-hotell-spa-6667-1000x667.jpg 1000w, https:\/\/arkenhotel.com\/wp-content\/uploads\/sites\/5\/2025\/04\/23_Utkiken-konferens-lokal-arken-hotell-spa-6667-1100x734.jpg 1100w, https:\/\/arkenhotel.com\/wp-content\/uploads\/sites\/5\/2025\/04\/23_Utkiken-konferens-lokal-arken-hotell-spa-6667-1280x854.jpg 1280w, https:\/\/arkenhotel.com\/wp-content\/uploads\/sites\/5\/2025\/04\/23_Utkiken-konferens-lokal-arken-hotell-spa-6667-768x513.jpg 768w, https:\/\/arkenhotel.com\/wp-content\/uploads\/sites\/5\/2025\/04\/23_Utkiken-konferens-lokal-arken-hotell-spa-6667-1536x1025.jpg 1536w, https:\/\/arkenhotel.com\/wp-content\/uploads\/sites\/5\/2025\/04\/23_Utkiken-konferens-lokal-arken-hotell-spa-6667.jpg 1618w\" sizes=\"auto, (max-width: 900px) 100vw, 900px\" \/><\/figure>\n<\/div><\/swiper-slide><swiper-slide><div class=\"wp-block-group has-global-padding is-layout-constrained wp-container-core-group-is-layout-7db9d80f wp-block-group-is-layout-constrained\" style=\"padding-right:0;padding-left:0\">\n<figure class=\"wp-block-image size-large\"><img loading=\"lazy\" decoding=\"async\" width=\"900\" height=\"601\" src=\"https:\/\/arkenhotel.com\/wp-content\/uploads\/sites\/5\/2025\/04\/23_Utkiken-konferens-lokal-arken-hotell-spa-6669-900x601.jpg\" alt=\"Conference room for up to 20 people\" class=\"wp-image-25876\" srcset=\"https:\/\/arkenhotel.com\/wp-content\/uploads\/sites\/5\/2025\/04\/23_Utkiken-konferens-lokal-arken-hotell-spa-6669-900x601.jpg 900w, https:\/\/arkenhotel.com\/wp-content\/uploads\/sites\/5\/2025\/04\/23_Utkiken-konferens-lokal-arken-hotell-spa-6669-400x267.jpg 400w, https:\/\/arkenhotel.com\/wp-content\/uploads\/sites\/5\/2025\/04\/23_Utkiken-konferens-lokal-arken-hotell-spa-6669-600x400.jpg 600w, https:\/\/arkenhotel.com\/wp-content\/uploads\/sites\/5\/2025\/04\/23_Utkiken-konferens-lokal-arken-hotell-spa-6669-700x467.jpg 700w, https:\/\/arkenhotel.com\/wp-content\/uploads\/sites\/5\/2025\/04\/23_Utkiken-konferens-lokal-arken-hotell-spa-6669-800x534.jpg 800w, https:\/\/arkenhotel.com\/wp-content\/uploads\/sites\/5\/2025\/04\/23_Utkiken-konferens-lokal-arken-hotell-spa-6669-1000x667.jpg 1000w, https:\/\/arkenhotel.com\/wp-content\/uploads\/sites\/5\/2025\/04\/23_Utkiken-konferens-lokal-arken-hotell-spa-6669-1100x734.jpg 1100w, https:\/\/arkenhotel.com\/wp-content\/uploads\/sites\/5\/2025\/04\/23_Utkiken-konferens-lokal-arken-hotell-spa-6669-1280x854.jpg 1280w, https:\/\/arkenhotel.com\/wp-content\/uploads\/sites\/5\/2025\/04\/23_Utkiken-konferens-lokal-arken-hotell-spa-6669-768x513.jpg 768w, https:\/\/arkenhotel.com\/wp-content\/uploads\/sites\/5\/2025\/04\/23_Utkiken-konferens-lokal-arken-hotell-spa-6669-1536x1025.jpg 1536w, https:\/\/arkenhotel.com\/wp-content\/uploads\/sites\/5\/2025\/04\/23_Utkiken-konferens-lokal-arken-hotell-spa-6669.jpg 1618w\" sizes=\"auto, (max-width: 900px) 100vw, 900px\" \/><\/figure>\n<\/div><\/swiper-slide><swiper-slide><div class=\"wp-block-group has-global-padding is-layout-constrained wp-container-core-group-is-layout-7db9d80f wp-block-group-is-layout-constrained\" style=\"padding-right:0;padding-left:0\">\n<figure class=\"wp-block-image size-large\"><img loading=\"lazy\" decoding=\"async\" width=\"900\" height=\"601\" src=\"https:\/\/arkenhotel.com\/wp-content\/uploads\/sites\/5\/2025\/04\/23_Utkiken-konferens-lokal-arken-hotell-spa-6674-900x601.jpg\" alt=\"Conference room for between 9 and 20 people.\" class=\"wp-image-25877\" srcset=\"https:\/\/arkenhotel.com\/wp-content\/uploads\/sites\/5\/2025\/04\/23_Utkiken-konferens-lokal-arken-hotell-spa-6674-900x601.jpg 900w, https:\/\/arkenhotel.com\/wp-content\/uploads\/sites\/5\/2025\/04\/23_Utkiken-konferens-lokal-arken-hotell-spa-6674-400x267.jpg 400w, https:\/\/arkenhotel.com\/wp-content\/uploads\/sites\/5\/2025\/04\/23_Utkiken-konferens-lokal-arken-hotell-spa-6674-600x400.jpg 600w, https:\/\/arkenhotel.com\/wp-content\/uploads\/sites\/5\/2025\/04\/23_Utkiken-konferens-lokal-arken-hotell-spa-6674-700x467.jpg 700w, https:\/\/arkenhotel.com\/wp-content\/uploads\/sites\/5\/2025\/04\/23_Utkiken-konferens-lokal-arken-hotell-spa-6674-800x534.jpg 800w, https:\/\/arkenhotel.com\/wp-content\/uploads\/sites\/5\/2025\/04\/23_Utkiken-konferens-lokal-arken-hotell-spa-6674-1000x667.jpg 1000w, https:\/\/arkenhotel.com\/wp-content\/uploads\/sites\/5\/2025\/04\/23_Utkiken-konferens-lokal-arken-hotell-spa-6674-1100x734.jpg 1100w, https:\/\/arkenhotel.com\/wp-content\/uploads\/sites\/5\/2025\/04\/23_Utkiken-konferens-lokal-arken-hotell-spa-6674-1280x854.jpg 1280w, https:\/\/arkenhotel.com\/wp-content\/uploads\/sites\/5\/2025\/04\/23_Utkiken-konferens-lokal-arken-hotell-spa-6674-768x513.jpg 768w, https:\/\/arkenhotel.com\/wp-content\/uploads\/sites\/5\/2025\/04\/23_Utkiken-konferens-lokal-arken-hotell-spa-6674-1536x1025.jpg 1536w, https:\/\/arkenhotel.com\/wp-content\/uploads\/sites\/5\/2025\/04\/23_Utkiken-konferens-lokal-arken-hotell-spa-6674.jpg 1618w\" sizes=\"auto, (max-width: 900px) 100vw, 900px\" \/><\/figure>\n<\/div><\/swiper-slide><swiper-slide><div class=\"wp-block-group has-global-padding is-layout-constrained wp-container-core-group-is-layout-7db9d80f wp-block-group-is-layout-constrained\" style=\"padding-right:0;padding-left:0\">\n<figure class=\"wp-block-image size-large\"><img loading=\"lazy\" decoding=\"async\" width=\"900\" height=\"601\" src=\"https:\/\/arkenhotel.com\/wp-content\/uploads\/sites\/5\/2025\/04\/23_Utkiken-konferens-lokal-arken-hotell-spa-6662-900x601.jpg\" alt=\"View from the Utkiken conference room\" class=\"wp-image-25873\" srcset=\"https:\/\/arkenhotel.com\/wp-content\/uploads\/sites\/5\/2025\/04\/23_Utkiken-konferens-lokal-arken-hotell-spa-6662-900x601.jpg 900w, https:\/\/arkenhotel.com\/wp-content\/uploads\/sites\/5\/2025\/04\/23_Utkiken-konferens-lokal-arken-hotell-spa-6662-400x267.jpg 400w, https:\/\/arkenhotel.com\/wp-content\/uploads\/sites\/5\/2025\/04\/23_Utkiken-konferens-lokal-arken-hotell-spa-6662-600x401.jpg 600w, https:\/\/arkenhotel.com\/wp-content\/uploads\/sites\/5\/2025\/04\/23_Utkiken-konferens-lokal-arken-hotell-spa-6662-700x467.jpg 700w, https:\/\/arkenhotel.com\/wp-content\/uploads\/sites\/5\/2025\/04\/23_Utkiken-konferens-lokal-arken-hotell-spa-6662-800x534.jpg 800w, https:\/\/arkenhotel.com\/wp-content\/uploads\/sites\/5\/2025\/04\/23_Utkiken-konferens-lokal-arken-hotell-spa-6662-1000x668.jpg 1000w, https:\/\/arkenhotel.com\/wp-content\/uploads\/sites\/5\/2025\/04\/23_Utkiken-konferens-lokal-arken-hotell-spa-6662-1100x734.jpg 1100w, https:\/\/arkenhotel.com\/wp-content\/uploads\/sites\/5\/2025\/04\/23_Utkiken-konferens-lokal-arken-hotell-spa-6662-1280x855.jpg 1280w, https:\/\/arkenhotel.com\/wp-content\/uploads\/sites\/5\/2025\/04\/23_Utkiken-konferens-lokal-arken-hotell-spa-6662-1920x1282.jpg 1920w, https:\/\/arkenhotel.com\/wp-content\/uploads\/sites\/5\/2025\/04\/23_Utkiken-konferens-lokal-arken-hotell-spa-6662-768x513.jpg 768w, https:\/\/arkenhotel.com\/wp-content\/uploads\/sites\/5\/2025\/04\/23_Utkiken-konferens-lokal-arken-hotell-spa-6662-1536x1026.jpg 1536w, https:\/\/arkenhotel.com\/wp-content\/uploads\/sites\/5\/2025\/04\/23_Utkiken-konferens-lokal-arken-hotell-spa-6662-2048x1367.jpg 2048w, https:\/\/arkenhotel.com\/wp-content\/uploads\/sites\/5\/2025\/04\/23_Utkiken-konferens-lokal-arken-hotell-spa-6662-scaled.jpg 1617w\" sizes=\"auto, (max-width: 900px) 100vw, 900px\" \/><\/figure>\n<\/div><\/swiper-slide><\/swiper-container><\/body><\/html>\n<\/div>\n<\/div>\n\n<p><\/p>\n            <\/div>\n         <\/div>\n      <\/div>\n         <div class=\" post-card\" data-post-id=\"30906\" data-post-slug=\"hallen\">\n                     <div class=\"image-wrapper\">\n               <img decoding=\"async\" src=\"https:\/\/arkenhotel.com\/wp-content\/uploads\/sites\/5\/2025\/04\/26_hallen-konferens-lokaler-arken-7520-7570-900x601.jpg\" srcset=\"https:\/\/arkenhotel.com\/wp-content\/uploads\/sites\/5\/2025\/04\/26_hallen-konferens-lokaler-arken-7520-7570-900x601.jpg 900w, https:\/\/arkenhotel.com\/wp-content\/uploads\/sites\/5\/2025\/04\/26_hallen-konferens-lokaler-arken-7520-7570-400x267.jpg 400w, https:\/\/arkenhotel.com\/wp-content\/uploads\/sites\/5\/2025\/04\/26_hallen-konferens-lokaler-arken-7520-7570-600x400.jpg 600w, https:\/\/arkenhotel.com\/wp-content\/uploads\/sites\/5\/2025\/04\/26_hallen-konferens-lokaler-arken-7520-7570-700x467.jpg 700w, https:\/\/arkenhotel.com\/wp-content\/uploads\/sites\/5\/2025\/04\/26_hallen-konferens-lokaler-arken-7520-7570-800x534.jpg 800w, https:\/\/arkenhotel.com\/wp-content\/uploads\/sites\/5\/2025\/04\/26_hallen-konferens-lokaler-arken-7520-7570-1000x667.jpg 1000w, https:\/\/arkenhotel.com\/wp-content\/uploads\/sites\/5\/2025\/04\/26_hallen-konferens-lokaler-arken-7520-7570-1100x734.jpg 1100w, https:\/\/arkenhotel.com\/wp-content\/uploads\/sites\/5\/2025\/04\/26_hallen-konferens-lokaler-arken-7520-7570-1280x854.jpg 1280w, https:\/\/arkenhotel.com\/wp-content\/uploads\/sites\/5\/2025\/04\/26_hallen-konferens-lokaler-arken-7520-7570-768x513.jpg 768w, https:\/\/arkenhotel.com\/wp-content\/uploads\/sites\/5\/2025\/04\/26_hallen-konferens-lokaler-arken-7520-7570-1536x1025.jpg 1536w, https:\/\/arkenhotel.com\/wp-content\/uploads\/sites\/5\/2025\/04\/26_hallen-konferens-lokaler-arken-7520-7570.jpg 1618w\" alt=\"H\u00c4LLEN\" class=\"\" \/>\n            <\/div>\n                  <div class=\"content-wrapper\">\n            <div class=\"post-title-capacity\">\n                                 <h3 class=\"wp-block-heading post-title\">H\u00c4LLEN<\/h3>\n                                                <p class=\"post-capacity\">16 pers.<\/p>\n                           <\/div>\n                           <p class=\"post-subheading\">In H\u00e4llen you will find all the equipment you need for your conference.  <\/p>\n                     <\/div>\n                     <div class=\"btn-wrapper\">\n               <button class=\"post-btn wp-block-button__link wp-element-button\">\n                  <div class=\"post-btn-closed\">\n                     Read more                     <svg width=\"10\" height=\"10\" viewBox=\"0 0 10 10\" fill=\"none\" xmlns=\"http:\/\/www.w3.org\/2000\/svg\">\n                        <path d=\"M10 2.66038L5 8L-4.8687e-07 2.66038L0.627207 2L5 6.66981L9.37279 2L10 2.66038Z\" fill=\"currentcolor\" \/>\n                     <\/svg>\n                  <\/div>\n                  <div class=\"post-btn-open\">\n                     Close                     <svg width=\"10\" height=\"10\" viewBox=\"0 0 10 10\" fill=\"none\" xmlns=\"http:\/\/www.w3.org\/2000\/svg\">\n                        <path d=\"M0.561192 10L0 9.43881L4.43881 5L0 0.561192L0.561192 0L5 4.43881L9.43881 0L10 0.561192L5.56119 5L10 9.43881L9.43881 10L5 5.56119L0.561192 10Z\" fill=\"currentcolor\" \/>\n                     <\/svg>\n                  <\/div>\n               <\/button>\n            <\/div>\n                  <div class=\"post-dropdown-content\" data-post-id=\"30906\">\n            <div class=\"post-dropdown-content-inner\">\n               \n<div class=\"wp-block-columns has-base-background-color has-background is-layout-flex wp-container-core-columns-is-layout-a864abb7 wp-block-columns-is-layout-flex\" style=\"padding-top:0;padding-right:0;padding-bottom:0;padding-left:0\">\n<div class=\"wp-block-column is-vertically-aligned-top has-small-font-size is-layout-flow wp-container-core-column-is-layout-6073293c wp-block-column-is-layout-flow\" style=\"flex-basis:500px\">\n<div class=\"wp-block-group is-content-justification-space-between is-nowrap is-layout-flex wp-container-core-group-is-layout-63c1e1a1 wp-block-group-is-layout-flex\">\n<h3 class=\"wp-block-heading\">H\u00e4llen<\/h3>\n\n\n\n<p class=\"has-contrast-color has-text-color has-link-color has-medium-font-size wp-elements-03a0e3a1510add79aa45f8deffef234e\">16 pers.<\/p>\n<\/div>\n\n\n\n<p>In H\u00e4llen you will find all the equipment you need for your conference. The room is equipped for maximum comfort, with ergonomic chairs, generous writing boards and adjustable lighting. <\/p>\n\n\n\n<div class=\"wp-block-buttons is-layout-flex wp-block-buttons-is-layout-flex\">\n<div class=\"wp-block-button\" style=\"--hover-background-color:var(--wp--preset--color--contrast);--hover-text-color:var(--wp--preset--color--base);--hover-border-color:var(--wp--preset--color--contrast);--active-background-color:var(--wp--preset--color--color-3);--active-text-color:var(--wp--preset--color--base);--active-border-color:var(--wp--preset--color--color-3);--focus-background-color:var(--wp--preset--color--contrast);--focus-text-color:var(--wp--preset--color--base);--focus-border-color:var(--wp--preset--color--contrast);--disabled-background-color:var(--wp--preset--color--color-2);--disabled-text-color:var(--wp--preset--color--black);--disabled-border-color:var(--wp--preset--color--color-2)\"><a class=\"wp-block-button__link wp-element-button\" href=\"https:\/\/arkenhotel.com\/en\/meetings-events\/venues\/#kontakt\">SEND A BOOKING INQUIRY<\/a><\/div>\n<\/div>\n\n\n\n<div class=\"wp-block-group is-vertical is-layout-flex wp-container-core-group-is-layout-9f8fc9c8 wp-block-group-is-layout-flex\">\n<p style=\"font-style:normal;font-weight:500\">Equipment on the premises:<\/p>\n\n\n\n<ul class=\"wp-block-list is-style-checklist is-style-checklist--17\">\n<li>Projector<\/li>\n\n\n\n<li>Loudspeakers<\/li>\n\n\n\n<li>Whiteboards<\/li>\n\n\n\n<li>Flipchart<\/li>\n\n\n\n<li>Fixed and wireless broadband<\/li>\n<\/ul>\n<\/div>\n\n\n\n<div class=\"wp-block-group is-vertical is-layout-flex wp-container-core-group-is-layout-9f8fc9c8 wp-block-group-is-layout-flex\">\n<p style=\"font-style:normal;font-weight:500\">Facts:<\/p>\n\n\n\n<p class=\"has-x-small-font-size\">Surface area: 25 sqm<\/p>\n\n\n\n<p class=\"has-x-small-font-size\">Maximum number: 16 pers.<\/p>\n<\/div>\n\n\n\n<div class=\"wp-block-group is-vertical is-layout-flex wp-container-core-group-is-layout-9f8fc9c8 wp-block-group-is-layout-flex\">\n<p style=\"font-style:normal;font-weight:500\">Seatings:<\/p>\n\n\n\n<p class=\"has-x-small-font-size\">U-seat &#8211; 7 pers. | Islands &#8211; 8 pers. | School seating &#8211; 9 pers. | Cinema seating &#8211; 16 pers. | Chairs in a circle &#8211; 10 pers.  <\/p>\n\n\n\n<p class=\"has-x-small-font-size\"><\/p>\n\n\n\n<p class=\"has-x-small-font-size\"><\/p>\n<\/div>\n<\/div>\n\n\n\n<div class=\"wp-block-column is-vertically-aligned-top is-layout-flow wp-block-column-is-layout-flow\" style=\"flex-basis:66.66%\"><div data-block-id=\"4e6a6933-c609-4c49-a87e-7b92feb82710\" class=\"wp-block-content-grid block-editor-block-list__block wp-block wp-block-tiburon-content-grid columns-l-1 columns-m-1 columns-s-1 layout-default slider-on-l slider-on-m slider-on-s column-gap-0\">\n   \n\n<div class=\"wp-block-group has-global-padding is-layout-constrained wp-container-core-group-is-layout-7db9d80f wp-block-group-is-layout-constrained\" style=\"padding-right:0;padding-left:0\">\n<figure class=\"wp-block-image size-large\"><img loading=\"lazy\" decoding=\"async\" width=\"900\" height=\"601\" src=\"https:\/\/arkenhotel.com\/wp-content\/uploads\/sites\/5\/2025\/04\/26_hallen-konferens-lokaler-arken-7520-7570-900x601.jpg\" alt=\"H&#xE4;llen conference room for up to 16 people.\" class=\"wp-image-25883\" srcset=\"https:\/\/arkenhotel.com\/wp-content\/uploads\/sites\/5\/2025\/04\/26_hallen-konferens-lokaler-arken-7520-7570-900x601.jpg 900w, https:\/\/arkenhotel.com\/wp-content\/uploads\/sites\/5\/2025\/04\/26_hallen-konferens-lokaler-arken-7520-7570-400x267.jpg 400w, https:\/\/arkenhotel.com\/wp-content\/uploads\/sites\/5\/2025\/04\/26_hallen-konferens-lokaler-arken-7520-7570-600x400.jpg 600w, https:\/\/arkenhotel.com\/wp-content\/uploads\/sites\/5\/2025\/04\/26_hallen-konferens-lokaler-arken-7520-7570-700x467.jpg 700w, https:\/\/arkenhotel.com\/wp-content\/uploads\/sites\/5\/2025\/04\/26_hallen-konferens-lokaler-arken-7520-7570-800x534.jpg 800w, https:\/\/arkenhotel.com\/wp-content\/uploads\/sites\/5\/2025\/04\/26_hallen-konferens-lokaler-arken-7520-7570-1000x667.jpg 1000w, https:\/\/arkenhotel.com\/wp-content\/uploads\/sites\/5\/2025\/04\/26_hallen-konferens-lokaler-arken-7520-7570-1100x734.jpg 1100w, https:\/\/arkenhotel.com\/wp-content\/uploads\/sites\/5\/2025\/04\/26_hallen-konferens-lokaler-arken-7520-7570-1280x854.jpg 1280w, https:\/\/arkenhotel.com\/wp-content\/uploads\/sites\/5\/2025\/04\/26_hallen-konferens-lokaler-arken-7520-7570-768x513.jpg 768w, https:\/\/arkenhotel.com\/wp-content\/uploads\/sites\/5\/2025\/04\/26_hallen-konferens-lokaler-arken-7520-7570-1536x1025.jpg 1536w, https:\/\/arkenhotel.com\/wp-content\/uploads\/sites\/5\/2025\/04\/26_hallen-konferens-lokaler-arken-7520-7570.jpg 1618w\" sizes=\"auto, (max-width: 900px) 100vw, 900px\" \/><\/figure>\n<\/div>\n\n\n\n<div class=\"wp-block-group has-global-padding is-layout-constrained wp-container-core-group-is-layout-7db9d80f wp-block-group-is-layout-constrained\" style=\"padding-right:0;padding-left:0\">\n<figure class=\"wp-block-image size-large\"><img loading=\"lazy\" decoding=\"async\" width=\"900\" height=\"601\" src=\"https:\/\/arkenhotel.com\/wp-content\/uploads\/sites\/5\/2025\/04\/26_hallen-konferens-lokaler-arken-7520-7573-900x601.jpg\" alt=\"H&#xE4;llen conference room\" class=\"wp-image-25884\" srcset=\"https:\/\/arkenhotel.com\/wp-content\/uploads\/sites\/5\/2025\/04\/26_hallen-konferens-lokaler-arken-7520-7573-900x601.jpg 900w, https:\/\/arkenhotel.com\/wp-content\/uploads\/sites\/5\/2025\/04\/26_hallen-konferens-lokaler-arken-7520-7573-400x267.jpg 400w, https:\/\/arkenhotel.com\/wp-content\/uploads\/sites\/5\/2025\/04\/26_hallen-konferens-lokaler-arken-7520-7573-600x400.jpg 600w, https:\/\/arkenhotel.com\/wp-content\/uploads\/sites\/5\/2025\/04\/26_hallen-konferens-lokaler-arken-7520-7573-700x467.jpg 700w, https:\/\/arkenhotel.com\/wp-content\/uploads\/sites\/5\/2025\/04\/26_hallen-konferens-lokaler-arken-7520-7573-800x534.jpg 800w, https:\/\/arkenhotel.com\/wp-content\/uploads\/sites\/5\/2025\/04\/26_hallen-konferens-lokaler-arken-7520-7573-1000x667.jpg 1000w, https:\/\/arkenhotel.com\/wp-content\/uploads\/sites\/5\/2025\/04\/26_hallen-konferens-lokaler-arken-7520-7573-1100x734.jpg 1100w, https:\/\/arkenhotel.com\/wp-content\/uploads\/sites\/5\/2025\/04\/26_hallen-konferens-lokaler-arken-7520-7573-1280x854.jpg 1280w, https:\/\/arkenhotel.com\/wp-content\/uploads\/sites\/5\/2025\/04\/26_hallen-konferens-lokaler-arken-7520-7573-768x513.jpg 768w, https:\/\/arkenhotel.com\/wp-content\/uploads\/sites\/5\/2025\/04\/26_hallen-konferens-lokaler-arken-7520-7573-1536x1025.jpg 1536w, https:\/\/arkenhotel.com\/wp-content\/uploads\/sites\/5\/2025\/04\/26_hallen-konferens-lokaler-arken-7520-7573.jpg 1618w\" sizes=\"auto, (max-width: 900px) 100vw, 900px\" \/><\/figure>\n<\/div>\n\n\n\n<div class=\"wp-block-group has-global-padding is-layout-constrained wp-container-core-group-is-layout-7db9d80f wp-block-group-is-layout-constrained\" style=\"padding-right:0;padding-left:0\">\n<figure class=\"wp-block-image size-large\"><img loading=\"lazy\" decoding=\"async\" width=\"900\" height=\"601\" src=\"https:\/\/arkenhotel.com\/wp-content\/uploads\/sites\/5\/2025\/04\/26_hallen-konferens-lokaler-arken-7520-7567-900x601.jpg\" alt=\"Conference in the H&#xE4;llen room\" class=\"wp-image-25882\" srcset=\"https:\/\/arkenhotel.com\/wp-content\/uploads\/sites\/5\/2025\/04\/26_hallen-konferens-lokaler-arken-7520-7567-900x601.jpg 900w, https:\/\/arkenhotel.com\/wp-content\/uploads\/sites\/5\/2025\/04\/26_hallen-konferens-lokaler-arken-7520-7567-400x267.jpg 400w, https:\/\/arkenhotel.com\/wp-content\/uploads\/sites\/5\/2025\/04\/26_hallen-konferens-lokaler-arken-7520-7567-600x401.jpg 600w, https:\/\/arkenhotel.com\/wp-content\/uploads\/sites\/5\/2025\/04\/26_hallen-konferens-lokaler-arken-7520-7567-700x467.jpg 700w, https:\/\/arkenhotel.com\/wp-content\/uploads\/sites\/5\/2025\/04\/26_hallen-konferens-lokaler-arken-7520-7567-800x534.jpg 800w, https:\/\/arkenhotel.com\/wp-content\/uploads\/sites\/5\/2025\/04\/26_hallen-konferens-lokaler-arken-7520-7567-1000x668.jpg 1000w, https:\/\/arkenhotel.com\/wp-content\/uploads\/sites\/5\/2025\/04\/26_hallen-konferens-lokaler-arken-7520-7567-1100x734.jpg 1100w, https:\/\/arkenhotel.com\/wp-content\/uploads\/sites\/5\/2025\/04\/26_hallen-konferens-lokaler-arken-7520-7567-1280x855.jpg 1280w, https:\/\/arkenhotel.com\/wp-content\/uploads\/sites\/5\/2025\/04\/26_hallen-konferens-lokaler-arken-7520-7567-1920x1282.jpg 1920w, https:\/\/arkenhotel.com\/wp-content\/uploads\/sites\/5\/2025\/04\/26_hallen-konferens-lokaler-arken-7520-7567-768x513.jpg 768w, https:\/\/arkenhotel.com\/wp-content\/uploads\/sites\/5\/2025\/04\/26_hallen-konferens-lokaler-arken-7520-7567-1536x1026.jpg 1536w, https:\/\/arkenhotel.com\/wp-content\/uploads\/sites\/5\/2025\/04\/26_hallen-konferens-lokaler-arken-7520-7567-2048x1367.jpg 2048w, https:\/\/arkenhotel.com\/wp-content\/uploads\/sites\/5\/2025\/04\/26_hallen-konferens-lokaler-arken-7520-7567-scaled.jpg 1617w\" sizes=\"auto, (max-width: 900px) 100vw, 900px\" \/><\/figure>\n<\/div>\n\n\n\n<div class=\"wp-block-group has-global-padding is-layout-constrained wp-container-core-group-is-layout-7db9d80f wp-block-group-is-layout-constrained\" style=\"padding-right:0;padding-left:0\">\n<figure class=\"wp-block-image size-large\"><img loading=\"lazy\" decoding=\"async\" width=\"900\" height=\"601\" src=\"https:\/\/arkenhotel.com\/wp-content\/uploads\/sites\/5\/2025\/04\/08_innanskaret-konferens-lokal-arken-hotell-spa-4338-900x601.jpg\" alt=\"Conference at Arken Hotel &amp;amp; Art Garden Spa\" class=\"wp-image-25814\" srcset=\"https:\/\/arkenhotel.com\/wp-content\/uploads\/sites\/5\/2025\/04\/08_innanskaret-konferens-lokal-arken-hotell-spa-4338-900x601.jpg 900w, https:\/\/arkenhotel.com\/wp-content\/uploads\/sites\/5\/2025\/04\/08_innanskaret-konferens-lokal-arken-hotell-spa-4338-400x267.jpg 400w, https:\/\/arkenhotel.com\/wp-content\/uploads\/sites\/5\/2025\/04\/08_innanskaret-konferens-lokal-arken-hotell-spa-4338-600x400.jpg 600w, https:\/\/arkenhotel.com\/wp-content\/uploads\/sites\/5\/2025\/04\/08_innanskaret-konferens-lokal-arken-hotell-spa-4338-700x467.jpg 700w, https:\/\/arkenhotel.com\/wp-content\/uploads\/sites\/5\/2025\/04\/08_innanskaret-konferens-lokal-arken-hotell-spa-4338-800x534.jpg 800w, https:\/\/arkenhotel.com\/wp-content\/uploads\/sites\/5\/2025\/04\/08_innanskaret-konferens-lokal-arken-hotell-spa-4338-1000x667.jpg 1000w, https:\/\/arkenhotel.com\/wp-content\/uploads\/sites\/5\/2025\/04\/08_innanskaret-konferens-lokal-arken-hotell-spa-4338-1100x734.jpg 1100w, https:\/\/arkenhotel.com\/wp-content\/uploads\/sites\/5\/2025\/04\/08_innanskaret-konferens-lokal-arken-hotell-spa-4338-1280x854.jpg 1280w, https:\/\/arkenhotel.com\/wp-content\/uploads\/sites\/5\/2025\/04\/08_innanskaret-konferens-lokal-arken-hotell-spa-4338-768x513.jpg 768w, https:\/\/arkenhotel.com\/wp-content\/uploads\/sites\/5\/2025\/04\/08_innanskaret-konferens-lokal-arken-hotell-spa-4338-1536x1025.jpg 1536w, https:\/\/arkenhotel.com\/wp-content\/uploads\/sites\/5\/2025\/04\/08_innanskaret-konferens-lokal-arken-hotell-spa-4338.jpg 1618w\" sizes=\"auto, (max-width: 900px) 100vw, 900px\" \/><\/figure>\n<\/div>\n\n<\/div><!DOCTYPE html PUBLIC \"-\/\/W3C\/\/DTD HTML 4.0 Transitional\/\/EN\" \"http:\/\/www.w3.org\/TR\/REC-html40\/loose.dtd\">\n<html><body><swiper-container init=\"false\" data-slides-per-view-l=\"1\" data-slides-per-view-m=\"1\" data-slides-per-view-s=\"1\" data-show-next=\"\" data-width-auto=\"0\" data-columns-gap=\"0\" data-show-navigation=\"1\" pagination-type=\"fraction\" data-pagination-version=\"first\" data-nav-bg-color=\"var(--wp--preset--color--contrast)\" data-nav-arrow-color=\"var(--wp--preset--color--base)\" class=\"wp-block-content-grid-slider slider-l slider-m slider-s\"><swiper-slide><div class=\"wp-block-group has-global-padding is-layout-constrained wp-container-core-group-is-layout-7db9d80f wp-block-group-is-layout-constrained\" style=\"padding-right:0;padding-left:0\">\n<figure class=\"wp-block-image size-large\"><img loading=\"lazy\" decoding=\"async\" width=\"900\" height=\"601\" src=\"https:\/\/arkenhotel.com\/wp-content\/uploads\/sites\/5\/2025\/04\/26_hallen-konferens-lokaler-arken-7520-7570-900x601.jpg\" alt=\"H&auml;llen conference room for up to 16 people.\" class=\"wp-image-25883\" srcset=\"https:\/\/arkenhotel.com\/wp-content\/uploads\/sites\/5\/2025\/04\/26_hallen-konferens-lokaler-arken-7520-7570-900x601.jpg 900w, https:\/\/arkenhotel.com\/wp-content\/uploads\/sites\/5\/2025\/04\/26_hallen-konferens-lokaler-arken-7520-7570-400x267.jpg 400w, https:\/\/arkenhotel.com\/wp-content\/uploads\/sites\/5\/2025\/04\/26_hallen-konferens-lokaler-arken-7520-7570-600x400.jpg 600w, https:\/\/arkenhotel.com\/wp-content\/uploads\/sites\/5\/2025\/04\/26_hallen-konferens-lokaler-arken-7520-7570-700x467.jpg 700w, https:\/\/arkenhotel.com\/wp-content\/uploads\/sites\/5\/2025\/04\/26_hallen-konferens-lokaler-arken-7520-7570-800x534.jpg 800w, https:\/\/arkenhotel.com\/wp-content\/uploads\/sites\/5\/2025\/04\/26_hallen-konferens-lokaler-arken-7520-7570-1000x667.jpg 1000w, https:\/\/arkenhotel.com\/wp-content\/uploads\/sites\/5\/2025\/04\/26_hallen-konferens-lokaler-arken-7520-7570-1100x734.jpg 1100w, https:\/\/arkenhotel.com\/wp-content\/uploads\/sites\/5\/2025\/04\/26_hallen-konferens-lokaler-arken-7520-7570-1280x854.jpg 1280w, https:\/\/arkenhotel.com\/wp-content\/uploads\/sites\/5\/2025\/04\/26_hallen-konferens-lokaler-arken-7520-7570-768x513.jpg 768w, https:\/\/arkenhotel.com\/wp-content\/uploads\/sites\/5\/2025\/04\/26_hallen-konferens-lokaler-arken-7520-7570-1536x1025.jpg 1536w, https:\/\/arkenhotel.com\/wp-content\/uploads\/sites\/5\/2025\/04\/26_hallen-konferens-lokaler-arken-7520-7570.jpg 1618w\" sizes=\"auto, (max-width: 900px) 100vw, 900px\" \/><\/figure>\n<\/div><\/swiper-slide><swiper-slide><div class=\"wp-block-group has-global-padding is-layout-constrained wp-container-core-group-is-layout-7db9d80f wp-block-group-is-layout-constrained\" style=\"padding-right:0;padding-left:0\">\n<figure class=\"wp-block-image size-large\"><img loading=\"lazy\" decoding=\"async\" width=\"900\" height=\"601\" src=\"https:\/\/arkenhotel.com\/wp-content\/uploads\/sites\/5\/2025\/04\/26_hallen-konferens-lokaler-arken-7520-7573-900x601.jpg\" alt=\"H&auml;llen conference room\" class=\"wp-image-25884\" srcset=\"https:\/\/arkenhotel.com\/wp-content\/uploads\/sites\/5\/2025\/04\/26_hallen-konferens-lokaler-arken-7520-7573-900x601.jpg 900w, https:\/\/arkenhotel.com\/wp-content\/uploads\/sites\/5\/2025\/04\/26_hallen-konferens-lokaler-arken-7520-7573-400x267.jpg 400w, https:\/\/arkenhotel.com\/wp-content\/uploads\/sites\/5\/2025\/04\/26_hallen-konferens-lokaler-arken-7520-7573-600x400.jpg 600w, https:\/\/arkenhotel.com\/wp-content\/uploads\/sites\/5\/2025\/04\/26_hallen-konferens-lokaler-arken-7520-7573-700x467.jpg 700w, https:\/\/arkenhotel.com\/wp-content\/uploads\/sites\/5\/2025\/04\/26_hallen-konferens-lokaler-arken-7520-7573-800x534.jpg 800w, https:\/\/arkenhotel.com\/wp-content\/uploads\/sites\/5\/2025\/04\/26_hallen-konferens-lokaler-arken-7520-7573-1000x667.jpg 1000w, https:\/\/arkenhotel.com\/wp-content\/uploads\/sites\/5\/2025\/04\/26_hallen-konferens-lokaler-arken-7520-7573-1100x734.jpg 1100w, https:\/\/arkenhotel.com\/wp-content\/uploads\/sites\/5\/2025\/04\/26_hallen-konferens-lokaler-arken-7520-7573-1280x854.jpg 1280w, https:\/\/arkenhotel.com\/wp-content\/uploads\/sites\/5\/2025\/04\/26_hallen-konferens-lokaler-arken-7520-7573-768x513.jpg 768w, https:\/\/arkenhotel.com\/wp-content\/uploads\/sites\/5\/2025\/04\/26_hallen-konferens-lokaler-arken-7520-7573-1536x1025.jpg 1536w, https:\/\/arkenhotel.com\/wp-content\/uploads\/sites\/5\/2025\/04\/26_hallen-konferens-lokaler-arken-7520-7573.jpg 1618w\" sizes=\"auto, (max-width: 900px) 100vw, 900px\" \/><\/figure>\n<\/div><\/swiper-slide><swiper-slide><div class=\"wp-block-group has-global-padding is-layout-constrained wp-container-core-group-is-layout-7db9d80f wp-block-group-is-layout-constrained\" style=\"padding-right:0;padding-left:0\">\n<figure class=\"wp-block-image size-large\"><img loading=\"lazy\" decoding=\"async\" width=\"900\" height=\"601\" src=\"https:\/\/arkenhotel.com\/wp-content\/uploads\/sites\/5\/2025\/04\/26_hallen-konferens-lokaler-arken-7520-7567-900x601.jpg\" alt=\"Conference in the H&auml;llen room\" class=\"wp-image-25882\" srcset=\"https:\/\/arkenhotel.com\/wp-content\/uploads\/sites\/5\/2025\/04\/26_hallen-konferens-lokaler-arken-7520-7567-900x601.jpg 900w, https:\/\/arkenhotel.com\/wp-content\/uploads\/sites\/5\/2025\/04\/26_hallen-konferens-lokaler-arken-7520-7567-400x267.jpg 400w, https:\/\/arkenhotel.com\/wp-content\/uploads\/sites\/5\/2025\/04\/26_hallen-konferens-lokaler-arken-7520-7567-600x401.jpg 600w, https:\/\/arkenhotel.com\/wp-content\/uploads\/sites\/5\/2025\/04\/26_hallen-konferens-lokaler-arken-7520-7567-700x467.jpg 700w, https:\/\/arkenhotel.com\/wp-content\/uploads\/sites\/5\/2025\/04\/26_hallen-konferens-lokaler-arken-7520-7567-800x534.jpg 800w, https:\/\/arkenhotel.com\/wp-content\/uploads\/sites\/5\/2025\/04\/26_hallen-konferens-lokaler-arken-7520-7567-1000x668.jpg 1000w, https:\/\/arkenhotel.com\/wp-content\/uploads\/sites\/5\/2025\/04\/26_hallen-konferens-lokaler-arken-7520-7567-1100x734.jpg 1100w, https:\/\/arkenhotel.com\/wp-content\/uploads\/sites\/5\/2025\/04\/26_hallen-konferens-lokaler-arken-7520-7567-1280x855.jpg 1280w, https:\/\/arkenhotel.com\/wp-content\/uploads\/sites\/5\/2025\/04\/26_hallen-konferens-lokaler-arken-7520-7567-1920x1282.jpg 1920w, https:\/\/arkenhotel.com\/wp-content\/uploads\/sites\/5\/2025\/04\/26_hallen-konferens-lokaler-arken-7520-7567-768x513.jpg 768w, https:\/\/arkenhotel.com\/wp-content\/uploads\/sites\/5\/2025\/04\/26_hallen-konferens-lokaler-arken-7520-7567-1536x1026.jpg 1536w, https:\/\/arkenhotel.com\/wp-content\/uploads\/sites\/5\/2025\/04\/26_hallen-konferens-lokaler-arken-7520-7567-2048x1367.jpg 2048w, https:\/\/arkenhotel.com\/wp-content\/uploads\/sites\/5\/2025\/04\/26_hallen-konferens-lokaler-arken-7520-7567-scaled.jpg 1617w\" sizes=\"auto, (max-width: 900px) 100vw, 900px\" \/><\/figure>\n<\/div><\/swiper-slide><swiper-slide><div class=\"wp-block-group has-global-padding is-layout-constrained wp-container-core-group-is-layout-7db9d80f wp-block-group-is-layout-constrained\" style=\"padding-right:0;padding-left:0\">\n<figure class=\"wp-block-image size-large\"><img loading=\"lazy\" decoding=\"async\" width=\"900\" height=\"601\" src=\"https:\/\/arkenhotel.com\/wp-content\/uploads\/sites\/5\/2025\/04\/08_innanskaret-konferens-lokal-arken-hotell-spa-4338-900x601.jpg\" alt=\"Conference at Arken Hotel &amp;amp; Art Garden Spa\" class=\"wp-image-25814\" srcset=\"https:\/\/arkenhotel.com\/wp-content\/uploads\/sites\/5\/2025\/04\/08_innanskaret-konferens-lokal-arken-hotell-spa-4338-900x601.jpg 900w, https:\/\/arkenhotel.com\/wp-content\/uploads\/sites\/5\/2025\/04\/08_innanskaret-konferens-lokal-arken-hotell-spa-4338-400x267.jpg 400w, https:\/\/arkenhotel.com\/wp-content\/uploads\/sites\/5\/2025\/04\/08_innanskaret-konferens-lokal-arken-hotell-spa-4338-600x400.jpg 600w, https:\/\/arkenhotel.com\/wp-content\/uploads\/sites\/5\/2025\/04\/08_innanskaret-konferens-lokal-arken-hotell-spa-4338-700x467.jpg 700w, https:\/\/arkenhotel.com\/wp-content\/uploads\/sites\/5\/2025\/04\/08_innanskaret-konferens-lokal-arken-hotell-spa-4338-800x534.jpg 800w, https:\/\/arkenhotel.com\/wp-content\/uploads\/sites\/5\/2025\/04\/08_innanskaret-konferens-lokal-arken-hotell-spa-4338-1000x667.jpg 1000w, https:\/\/arkenhotel.com\/wp-content\/uploads\/sites\/5\/2025\/04\/08_innanskaret-konferens-lokal-arken-hotell-spa-4338-1100x734.jpg 1100w, https:\/\/arkenhotel.com\/wp-content\/uploads\/sites\/5\/2025\/04\/08_innanskaret-konferens-lokal-arken-hotell-spa-4338-1280x854.jpg 1280w, https:\/\/arkenhotel.com\/wp-content\/uploads\/sites\/5\/2025\/04\/08_innanskaret-konferens-lokal-arken-hotell-spa-4338-768x513.jpg 768w, https:\/\/arkenhotel.com\/wp-content\/uploads\/sites\/5\/2025\/04\/08_innanskaret-konferens-lokal-arken-hotell-spa-4338-1536x1025.jpg 1536w, https:\/\/arkenhotel.com\/wp-content\/uploads\/sites\/5\/2025\/04\/08_innanskaret-konferens-lokal-arken-hotell-spa-4338.jpg 1618w\" sizes=\"auto, (max-width: 900px) 100vw, 900px\" \/><\/figure>\n<\/div><\/swiper-slide><\/swiper-container><\/body><\/html>\n<\/div>\n<\/div>\n\n<p><\/p>\n            <\/div>\n         <\/div>\n      <\/div>\n         <div class=\" post-card\" data-post-id=\"30927\" data-post-slug=\"ekan\">\n                     <div class=\"image-wrapper\">\n               <img decoding=\"async\" src=\"https:\/\/arkenhotel.com\/wp-content\/uploads\/sites\/5\/2025\/04\/4_ekan-konferens-lokaler-arken-7501--900x601.jpg\" srcset=\"https:\/\/arkenhotel.com\/wp-content\/uploads\/sites\/5\/2025\/04\/4_ekan-konferens-lokaler-arken-7501--900x601.jpg 900w, https:\/\/arkenhotel.com\/wp-content\/uploads\/sites\/5\/2025\/04\/4_ekan-konferens-lokaler-arken-7501--400x267.jpg 400w, https:\/\/arkenhotel.com\/wp-content\/uploads\/sites\/5\/2025\/04\/4_ekan-konferens-lokaler-arken-7501--600x400.jpg 600w, https:\/\/arkenhotel.com\/wp-content\/uploads\/sites\/5\/2025\/04\/4_ekan-konferens-lokaler-arken-7501--700x467.jpg 700w, https:\/\/arkenhotel.com\/wp-content\/uploads\/sites\/5\/2025\/04\/4_ekan-konferens-lokaler-arken-7501--800x534.jpg 800w, https:\/\/arkenhotel.com\/wp-content\/uploads\/sites\/5\/2025\/04\/4_ekan-konferens-lokaler-arken-7501--1000x667.jpg 1000w, https:\/\/arkenhotel.com\/wp-content\/uploads\/sites\/5\/2025\/04\/4_ekan-konferens-lokaler-arken-7501--1100x734.jpg 1100w, https:\/\/arkenhotel.com\/wp-content\/uploads\/sites\/5\/2025\/04\/4_ekan-konferens-lokaler-arken-7501--1280x854.jpg 1280w, https:\/\/arkenhotel.com\/wp-content\/uploads\/sites\/5\/2025\/04\/4_ekan-konferens-lokaler-arken-7501--768x513.jpg 768w, https:\/\/arkenhotel.com\/wp-content\/uploads\/sites\/5\/2025\/04\/4_ekan-konferens-lokaler-arken-7501--1536x1025.jpg 1536w, https:\/\/arkenhotel.com\/wp-content\/uploads\/sites\/5\/2025\/04\/4_ekan-konferens-lokaler-arken-7501-.jpg 1618w\" alt=\"EKAN\" class=\"\" \/>\n            <\/div>\n                  <div class=\"content-wrapper\">\n            <div class=\"post-title-capacity\">\n                                 <h3 class=\"wp-block-heading post-title\">EKAN<\/h3>\n                                                <p class=\"post-capacity\">10 pers.<\/p>\n                           <\/div>\n                           <p class=\"post-subheading\">A bright and pleasant conference room with windows and a door to our atrium.  <\/p>\n                     <\/div>\n                     <div class=\"btn-wrapper\">\n               <button class=\"post-btn wp-block-button__link wp-element-button\">\n                  <div class=\"post-btn-closed\">\n                     Read more                     <svg width=\"10\" height=\"10\" viewBox=\"0 0 10 10\" fill=\"none\" xmlns=\"http:\/\/www.w3.org\/2000\/svg\">\n                        <path d=\"M10 2.66038L5 8L-4.8687e-07 2.66038L0.627207 2L5 6.66981L9.37279 2L10 2.66038Z\" fill=\"currentcolor\" \/>\n                     <\/svg>\n                  <\/div>\n                  <div class=\"post-btn-open\">\n                     Close                     <svg width=\"10\" height=\"10\" viewBox=\"0 0 10 10\" fill=\"none\" xmlns=\"http:\/\/www.w3.org\/2000\/svg\">\n                        <path d=\"M0.561192 10L0 9.43881L4.43881 5L0 0.561192L0.561192 0L5 4.43881L9.43881 0L10 0.561192L5.56119 5L10 9.43881L9.43881 10L5 5.56119L0.561192 10Z\" fill=\"currentcolor\" \/>\n                     <\/svg>\n                  <\/div>\n               <\/button>\n            <\/div>\n                  <div class=\"post-dropdown-content\" data-post-id=\"30927\">\n            <div class=\"post-dropdown-content-inner\">\n               \n<div class=\"wp-block-columns has-base-background-color has-background is-layout-flex wp-container-core-columns-is-layout-a864abb7 wp-block-columns-is-layout-flex\" style=\"padding-top:0;padding-right:0;padding-bottom:0;padding-left:0\">\n<div class=\"wp-block-column is-vertically-aligned-top has-small-font-size is-layout-flow wp-container-core-column-is-layout-6073293c wp-block-column-is-layout-flow\" style=\"flex-basis:500px\">\n<div class=\"wp-block-group is-content-justification-space-between is-nowrap is-layout-flex wp-container-core-group-is-layout-63c1e1a1 wp-block-group-is-layout-flex\">\n<h3 class=\"wp-block-heading\">EKAN<\/h3>\n\n\n\n<p class=\"has-contrast-color has-text-color has-link-color has-medium-font-size wp-elements-0aec0d670406d1cfa08ab115c601df16\">10 pers.<\/p>\n<\/div>\n\n\n\n<p>In Ekan you will find all the equipment you need for your conference. The room is equipped for maximum comfort, with ergonomic chairs, generous writing boards and adjustable lighting.   <\/p>\n\n\n\n<div class=\"wp-block-buttons is-layout-flex wp-block-buttons-is-layout-flex\">\n<div class=\"wp-block-button\" style=\"--hover-background-color:var(--wp--preset--color--contrast);--hover-text-color:var(--wp--preset--color--base);--hover-border-color:var(--wp--preset--color--contrast);--active-background-color:var(--wp--preset--color--color-3);--active-text-color:var(--wp--preset--color--base);--active-border-color:var(--wp--preset--color--color-3);--focus-background-color:var(--wp--preset--color--contrast);--focus-text-color:var(--wp--preset--color--base);--focus-border-color:var(--wp--preset--color--contrast);--disabled-background-color:var(--wp--preset--color--color-2);--disabled-text-color:var(--wp--preset--color--black);--disabled-border-color:var(--wp--preset--color--color-2)\"><a class=\"wp-block-button__link wp-element-button\" href=\"https:\/\/arkenhotel.com\/en\/meetings-events\/venues\/#kontakt\">SEND A BOOKING INQUIRY<\/a><\/div>\n<\/div>\n\n\n\n<div class=\"wp-block-group is-vertical is-layout-flex wp-container-core-group-is-layout-9f8fc9c8 wp-block-group-is-layout-flex\">\n<p style=\"font-style:normal;font-weight:500\">Equipment on the premises:<\/p>\n\n\n\n<ul class=\"wp-block-list is-style-checklist is-style-checklist--18\">\n<li>Projector<\/li>\n\n\n\n<li>Loudspeakers<\/li>\n\n\n\n<li>Whiteboards<\/li>\n\n\n\n<li>Flipchart<\/li>\n\n\n\n<li>Fixed and wireless broadband access<\/li>\n\n\n\n<li>Window facing atrium\/orangery<\/li>\n<\/ul>\n<\/div>\n\n\n\n<div class=\"wp-block-group is-vertical is-layout-flex wp-container-core-group-is-layout-9f8fc9c8 wp-block-group-is-layout-flex\">\n<p style=\"font-style:normal;font-weight:500\">Facts:<\/p>\n\n\n\n<p class=\"has-x-small-font-size\">Surface area: 27 sqm<\/p>\n\n\n\n<p class=\"has-x-small-font-size\">Maximum number: 10 pers.<\/p>\n<\/div>\n\n\n\n<div class=\"wp-block-group is-vertical is-layout-flex wp-container-core-group-is-layout-9f8fc9c8 wp-block-group-is-layout-flex\">\n<p style=\"font-style:normal;font-weight:500\">Seatings:<\/p>\n\n\n\n<p class=\"has-x-small-font-size\">Board seating &#8211; 10 pers.<\/p>\n<\/div>\n<\/div>\n\n\n\n<div class=\"wp-block-column is-vertically-aligned-top is-layout-flow wp-block-column-is-layout-flow\" style=\"flex-basis:66.66%\"><div data-block-id=\"4e6a6933-c609-4c49-a87e-7b92feb82710\" class=\"wp-block-content-grid block-editor-block-list__block wp-block wp-block-tiburon-content-grid columns-l-1 columns-m-1 columns-s-1 layout-default slider-on-l slider-on-m slider-on-s column-gap-0\">\n   \n\n<div class=\"wp-block-group has-global-padding is-layout-constrained wp-container-core-group-is-layout-7db9d80f wp-block-group-is-layout-constrained\" style=\"padding-right:0;padding-left:0\">\n<figure class=\"wp-block-image size-large\"><img loading=\"lazy\" decoding=\"async\" width=\"900\" height=\"601\" src=\"https:\/\/arkenhotel.com\/wp-content\/uploads\/sites\/5\/2025\/04\/4_ekan-konferens-lokaler-arken-7501--900x601.jpg\" alt=\"The Ekan conference room is ideal for smaller meetings.\" class=\"wp-image-25798\" srcset=\"https:\/\/arkenhotel.com\/wp-content\/uploads\/sites\/5\/2025\/04\/4_ekan-konferens-lokaler-arken-7501--900x601.jpg 900w, https:\/\/arkenhotel.com\/wp-content\/uploads\/sites\/5\/2025\/04\/4_ekan-konferens-lokaler-arken-7501--400x267.jpg 400w, https:\/\/arkenhotel.com\/wp-content\/uploads\/sites\/5\/2025\/04\/4_ekan-konferens-lokaler-arken-7501--600x400.jpg 600w, https:\/\/arkenhotel.com\/wp-content\/uploads\/sites\/5\/2025\/04\/4_ekan-konferens-lokaler-arken-7501--700x467.jpg 700w, https:\/\/arkenhotel.com\/wp-content\/uploads\/sites\/5\/2025\/04\/4_ekan-konferens-lokaler-arken-7501--800x534.jpg 800w, https:\/\/arkenhotel.com\/wp-content\/uploads\/sites\/5\/2025\/04\/4_ekan-konferens-lokaler-arken-7501--1000x667.jpg 1000w, https:\/\/arkenhotel.com\/wp-content\/uploads\/sites\/5\/2025\/04\/4_ekan-konferens-lokaler-arken-7501--1100x734.jpg 1100w, https:\/\/arkenhotel.com\/wp-content\/uploads\/sites\/5\/2025\/04\/4_ekan-konferens-lokaler-arken-7501--1280x854.jpg 1280w, https:\/\/arkenhotel.com\/wp-content\/uploads\/sites\/5\/2025\/04\/4_ekan-konferens-lokaler-arken-7501--768x513.jpg 768w, https:\/\/arkenhotel.com\/wp-content\/uploads\/sites\/5\/2025\/04\/4_ekan-konferens-lokaler-arken-7501--1536x1025.jpg 1536w, https:\/\/arkenhotel.com\/wp-content\/uploads\/sites\/5\/2025\/04\/4_ekan-konferens-lokaler-arken-7501-.jpg 1618w\" sizes=\"auto, (max-width: 900px) 100vw, 900px\" \/><\/figure>\n<\/div>\n\n\n\n<div class=\"wp-block-group has-global-padding is-layout-constrained wp-container-core-group-is-layout-7db9d80f wp-block-group-is-layout-constrained\" style=\"padding-right:0;padding-left:0\">\n<figure class=\"wp-block-image size-large\"><img loading=\"lazy\" decoding=\"async\" width=\"900\" height=\"601\" src=\"https:\/\/arkenhotel.com\/wp-content\/uploads\/sites\/5\/2025\/04\/4_ekan-konferens-lokaler-arken-7493-900x601.jpg\" alt=\"Ekan with boardroom seating for 10 people\" class=\"wp-image-25796\" srcset=\"https:\/\/arkenhotel.com\/wp-content\/uploads\/sites\/5\/2025\/04\/4_ekan-konferens-lokaler-arken-7493-900x601.jpg 900w, https:\/\/arkenhotel.com\/wp-content\/uploads\/sites\/5\/2025\/04\/4_ekan-konferens-lokaler-arken-7493-400x267.jpg 400w, https:\/\/arkenhotel.com\/wp-content\/uploads\/sites\/5\/2025\/04\/4_ekan-konferens-lokaler-arken-7493-600x400.jpg 600w, https:\/\/arkenhotel.com\/wp-content\/uploads\/sites\/5\/2025\/04\/4_ekan-konferens-lokaler-arken-7493-700x467.jpg 700w, https:\/\/arkenhotel.com\/wp-content\/uploads\/sites\/5\/2025\/04\/4_ekan-konferens-lokaler-arken-7493-800x534.jpg 800w, https:\/\/arkenhotel.com\/wp-content\/uploads\/sites\/5\/2025\/04\/4_ekan-konferens-lokaler-arken-7493-1000x667.jpg 1000w, https:\/\/arkenhotel.com\/wp-content\/uploads\/sites\/5\/2025\/04\/4_ekan-konferens-lokaler-arken-7493-1100x734.jpg 1100w, https:\/\/arkenhotel.com\/wp-content\/uploads\/sites\/5\/2025\/04\/4_ekan-konferens-lokaler-arken-7493-1280x854.jpg 1280w, https:\/\/arkenhotel.com\/wp-content\/uploads\/sites\/5\/2025\/04\/4_ekan-konferens-lokaler-arken-7493-768x513.jpg 768w, https:\/\/arkenhotel.com\/wp-content\/uploads\/sites\/5\/2025\/04\/4_ekan-konferens-lokaler-arken-7493-1536x1025.jpg 1536w, https:\/\/arkenhotel.com\/wp-content\/uploads\/sites\/5\/2025\/04\/4_ekan-konferens-lokaler-arken-7493.jpg 1618w\" sizes=\"auto, (max-width: 900px) 100vw, 900px\" \/><\/figure>\n<\/div>\n\n\n\n<div class=\"wp-block-group has-global-padding is-layout-constrained wp-container-core-group-is-layout-7db9d80f wp-block-group-is-layout-constrained\" style=\"padding-right:0;padding-left:0\">\n<figure class=\"wp-block-image size-large\"><img loading=\"lazy\" decoding=\"async\" width=\"900\" height=\"601\" src=\"https:\/\/arkenhotel.com\/wp-content\/uploads\/sites\/5\/2025\/04\/4_ekan-konferens-lokaler-arken-7494-900x601.jpg\" alt=\"Ekan conference room\" class=\"wp-image-25797\" srcset=\"https:\/\/arkenhotel.com\/wp-content\/uploads\/sites\/5\/2025\/04\/4_ekan-konferens-lokaler-arken-7494-900x601.jpg 900w, https:\/\/arkenhotel.com\/wp-content\/uploads\/sites\/5\/2025\/04\/4_ekan-konferens-lokaler-arken-7494-400x267.jpg 400w, https:\/\/arkenhotel.com\/wp-content\/uploads\/sites\/5\/2025\/04\/4_ekan-konferens-lokaler-arken-7494-600x400.jpg 600w, https:\/\/arkenhotel.com\/wp-content\/uploads\/sites\/5\/2025\/04\/4_ekan-konferens-lokaler-arken-7494-700x467.jpg 700w, https:\/\/arkenhotel.com\/wp-content\/uploads\/sites\/5\/2025\/04\/4_ekan-konferens-lokaler-arken-7494-800x534.jpg 800w, https:\/\/arkenhotel.com\/wp-content\/uploads\/sites\/5\/2025\/04\/4_ekan-konferens-lokaler-arken-7494-1000x667.jpg 1000w, https:\/\/arkenhotel.com\/wp-content\/uploads\/sites\/5\/2025\/04\/4_ekan-konferens-lokaler-arken-7494-1100x734.jpg 1100w, https:\/\/arkenhotel.com\/wp-content\/uploads\/sites\/5\/2025\/04\/4_ekan-konferens-lokaler-arken-7494-1280x854.jpg 1280w, https:\/\/arkenhotel.com\/wp-content\/uploads\/sites\/5\/2025\/04\/4_ekan-konferens-lokaler-arken-7494-768x513.jpg 768w, https:\/\/arkenhotel.com\/wp-content\/uploads\/sites\/5\/2025\/04\/4_ekan-konferens-lokaler-arken-7494-1536x1025.jpg 1536w, https:\/\/arkenhotel.com\/wp-content\/uploads\/sites\/5\/2025\/04\/4_ekan-konferens-lokaler-arken-7494.jpg 1618w\" sizes=\"auto, (max-width: 900px) 100vw, 900px\" \/><\/figure>\n<\/div>\n\n<\/div><!DOCTYPE html PUBLIC \"-\/\/W3C\/\/DTD HTML 4.0 Transitional\/\/EN\" \"http:\/\/www.w3.org\/TR\/REC-html40\/loose.dtd\">\n<html><body><swiper-container init=\"false\" data-slides-per-view-l=\"1\" data-slides-per-view-m=\"1\" data-slides-per-view-s=\"1\" data-show-next=\"\" data-width-auto=\"0\" data-columns-gap=\"0\" data-show-navigation=\"1\" pagination-type=\"fraction\" data-pagination-version=\"first\" data-nav-bg-color=\"var(--wp--preset--color--contrast)\" data-nav-arrow-color=\"var(--wp--preset--color--base)\" class=\"wp-block-content-grid-slider slider-l slider-m slider-s\"><swiper-slide><div class=\"wp-block-group has-global-padding is-layout-constrained wp-container-core-group-is-layout-7db9d80f wp-block-group-is-layout-constrained\" style=\"padding-right:0;padding-left:0\">\n<figure class=\"wp-block-image size-large\"><img loading=\"lazy\" decoding=\"async\" width=\"900\" height=\"601\" src=\"https:\/\/arkenhotel.com\/wp-content\/uploads\/sites\/5\/2025\/04\/4_ekan-konferens-lokaler-arken-7501--900x601.jpg\" alt=\"The Ekan conference room is ideal for smaller meetings.\" class=\"wp-image-25798\" srcset=\"https:\/\/arkenhotel.com\/wp-content\/uploads\/sites\/5\/2025\/04\/4_ekan-konferens-lokaler-arken-7501--900x601.jpg 900w, https:\/\/arkenhotel.com\/wp-content\/uploads\/sites\/5\/2025\/04\/4_ekan-konferens-lokaler-arken-7501--400x267.jpg 400w, https:\/\/arkenhotel.com\/wp-content\/uploads\/sites\/5\/2025\/04\/4_ekan-konferens-lokaler-arken-7501--600x400.jpg 600w, https:\/\/arkenhotel.com\/wp-content\/uploads\/sites\/5\/2025\/04\/4_ekan-konferens-lokaler-arken-7501--700x467.jpg 700w, https:\/\/arkenhotel.com\/wp-content\/uploads\/sites\/5\/2025\/04\/4_ekan-konferens-lokaler-arken-7501--800x534.jpg 800w, https:\/\/arkenhotel.com\/wp-content\/uploads\/sites\/5\/2025\/04\/4_ekan-konferens-lokaler-arken-7501--1000x667.jpg 1000w, https:\/\/arkenhotel.com\/wp-content\/uploads\/sites\/5\/2025\/04\/4_ekan-konferens-lokaler-arken-7501--1100x734.jpg 1100w, https:\/\/arkenhotel.com\/wp-content\/uploads\/sites\/5\/2025\/04\/4_ekan-konferens-lokaler-arken-7501--1280x854.jpg 1280w, https:\/\/arkenhotel.com\/wp-content\/uploads\/sites\/5\/2025\/04\/4_ekan-konferens-lokaler-arken-7501--768x513.jpg 768w, https:\/\/arkenhotel.com\/wp-content\/uploads\/sites\/5\/2025\/04\/4_ekan-konferens-lokaler-arken-7501--1536x1025.jpg 1536w, https:\/\/arkenhotel.com\/wp-content\/uploads\/sites\/5\/2025\/04\/4_ekan-konferens-lokaler-arken-7501-.jpg 1618w\" sizes=\"auto, (max-width: 900px) 100vw, 900px\" \/><\/figure>\n<\/div><\/swiper-slide><swiper-slide><div class=\"wp-block-group has-global-padding is-layout-constrained wp-container-core-group-is-layout-7db9d80f wp-block-group-is-layout-constrained\" style=\"padding-right:0;padding-left:0\">\n<figure class=\"wp-block-image size-large\"><img loading=\"lazy\" decoding=\"async\" width=\"900\" height=\"601\" src=\"https:\/\/arkenhotel.com\/wp-content\/uploads\/sites\/5\/2025\/04\/4_ekan-konferens-lokaler-arken-7493-900x601.jpg\" alt=\"Ekan with boardroom seating for 10 people\" class=\"wp-image-25796\" srcset=\"https:\/\/arkenhotel.com\/wp-content\/uploads\/sites\/5\/2025\/04\/4_ekan-konferens-lokaler-arken-7493-900x601.jpg 900w, https:\/\/arkenhotel.com\/wp-content\/uploads\/sites\/5\/2025\/04\/4_ekan-konferens-lokaler-arken-7493-400x267.jpg 400w, https:\/\/arkenhotel.com\/wp-content\/uploads\/sites\/5\/2025\/04\/4_ekan-konferens-lokaler-arken-7493-600x400.jpg 600w, https:\/\/arkenhotel.com\/wp-content\/uploads\/sites\/5\/2025\/04\/4_ekan-konferens-lokaler-arken-7493-700x467.jpg 700w, https:\/\/arkenhotel.com\/wp-content\/uploads\/sites\/5\/2025\/04\/4_ekan-konferens-lokaler-arken-7493-800x534.jpg 800w, https:\/\/arkenhotel.com\/wp-content\/uploads\/sites\/5\/2025\/04\/4_ekan-konferens-lokaler-arken-7493-1000x667.jpg 1000w, https:\/\/arkenhotel.com\/wp-content\/uploads\/sites\/5\/2025\/04\/4_ekan-konferens-lokaler-arken-7493-1100x734.jpg 1100w, https:\/\/arkenhotel.com\/wp-content\/uploads\/sites\/5\/2025\/04\/4_ekan-konferens-lokaler-arken-7493-1280x854.jpg 1280w, https:\/\/arkenhotel.com\/wp-content\/uploads\/sites\/5\/2025\/04\/4_ekan-konferens-lokaler-arken-7493-768x513.jpg 768w, https:\/\/arkenhotel.com\/wp-content\/uploads\/sites\/5\/2025\/04\/4_ekan-konferens-lokaler-arken-7493-1536x1025.jpg 1536w, https:\/\/arkenhotel.com\/wp-content\/uploads\/sites\/5\/2025\/04\/4_ekan-konferens-lokaler-arken-7493.jpg 1618w\" sizes=\"auto, (max-width: 900px) 100vw, 900px\" \/><\/figure>\n<\/div><\/swiper-slide><swiper-slide><div class=\"wp-block-group has-global-padding is-layout-constrained wp-container-core-group-is-layout-7db9d80f wp-block-group-is-layout-constrained\" style=\"padding-right:0;padding-left:0\">\n<figure class=\"wp-block-image size-large\"><img loading=\"lazy\" decoding=\"async\" width=\"900\" height=\"601\" src=\"https:\/\/arkenhotel.com\/wp-content\/uploads\/sites\/5\/2025\/04\/4_ekan-konferens-lokaler-arken-7494-900x601.jpg\" alt=\"Ekan conference room\" class=\"wp-image-25797\" srcset=\"https:\/\/arkenhotel.com\/wp-content\/uploads\/sites\/5\/2025\/04\/4_ekan-konferens-lokaler-arken-7494-900x601.jpg 900w, https:\/\/arkenhotel.com\/wp-content\/uploads\/sites\/5\/2025\/04\/4_ekan-konferens-lokaler-arken-7494-400x267.jpg 400w, https:\/\/arkenhotel.com\/wp-content\/uploads\/sites\/5\/2025\/04\/4_ekan-konferens-lokaler-arken-7494-600x400.jpg 600w, https:\/\/arkenhotel.com\/wp-content\/uploads\/sites\/5\/2025\/04\/4_ekan-konferens-lokaler-arken-7494-700x467.jpg 700w, https:\/\/arkenhotel.com\/wp-content\/uploads\/sites\/5\/2025\/04\/4_ekan-konferens-lokaler-arken-7494-800x534.jpg 800w, https:\/\/arkenhotel.com\/wp-content\/uploads\/sites\/5\/2025\/04\/4_ekan-konferens-lokaler-arken-7494-1000x667.jpg 1000w, https:\/\/arkenhotel.com\/wp-content\/uploads\/sites\/5\/2025\/04\/4_ekan-konferens-lokaler-arken-7494-1100x734.jpg 1100w, https:\/\/arkenhotel.com\/wp-content\/uploads\/sites\/5\/2025\/04\/4_ekan-konferens-lokaler-arken-7494-1280x854.jpg 1280w, https:\/\/arkenhotel.com\/wp-content\/uploads\/sites\/5\/2025\/04\/4_ekan-konferens-lokaler-arken-7494-768x513.jpg 768w, https:\/\/arkenhotel.com\/wp-content\/uploads\/sites\/5\/2025\/04\/4_ekan-konferens-lokaler-arken-7494-1536x1025.jpg 1536w, https:\/\/arkenhotel.com\/wp-content\/uploads\/sites\/5\/2025\/04\/4_ekan-konferens-lokaler-arken-7494.jpg 1618w\" sizes=\"auto, (max-width: 900px) 100vw, 900px\" \/><\/figure>\n<\/div><\/swiper-slide><\/swiper-container><\/body><\/html>\n<\/div>\n<\/div>\n\n<p><\/p>\n            <\/div>\n         <\/div>\n      <\/div>\n         <div class=\" post-card\" data-post-id=\"30930\" data-post-slug=\"fjorden\">\n                     <div class=\"image-wrapper\">\n               <img decoding=\"async\" src=\"https:\/\/arkenhotel.com\/wp-content\/uploads\/sites\/5\/2025\/10\/05_fjorden-konferens-lokaler-arken-3838-900x600.jpg\" srcset=\"\" alt=\"FJORDEN\" class=\"\" \/>\n            <\/div>\n                  <div class=\"content-wrapper\">\n            <div class=\"post-title-capacity\">\n                                 <h3 class=\"wp-block-heading post-title\">FJORDEN<\/h3>\n                                                <p class=\"post-capacity\">10 pers.<\/p>\n                           <\/div>\n                           <p class=\"post-subheading\">Fjorden has all the equipment you need for your conference.  <\/p>\n                     <\/div>\n                     <div class=\"btn-wrapper\">\n               <button class=\"post-btn wp-block-button__link wp-element-button\">\n                  <div class=\"post-btn-closed\">\n                     Read more                     <svg width=\"10\" height=\"10\" viewBox=\"0 0 10 10\" fill=\"none\" xmlns=\"http:\/\/www.w3.org\/2000\/svg\">\n                        <path d=\"M10 2.66038L5 8L-4.8687e-07 2.66038L0.627207 2L5 6.66981L9.37279 2L10 2.66038Z\" fill=\"currentcolor\" \/>\n                     <\/svg>\n                  <\/div>\n                  <div class=\"post-btn-open\">\n                     Close                     <svg width=\"10\" height=\"10\" viewBox=\"0 0 10 10\" fill=\"none\" xmlns=\"http:\/\/www.w3.org\/2000\/svg\">\n                        <path d=\"M0.561192 10L0 9.43881L4.43881 5L0 0.561192L0.561192 0L5 4.43881L9.43881 0L10 0.561192L5.56119 5L10 9.43881L9.43881 10L5 5.56119L0.561192 10Z\" fill=\"currentcolor\" \/>\n                     <\/svg>\n                  <\/div>\n               <\/button>\n            <\/div>\n                  <div class=\"post-dropdown-content\" data-post-id=\"30930\">\n            <div class=\"post-dropdown-content-inner\">\n               \n<div class=\"wp-block-columns has-base-background-color has-background is-layout-flex wp-container-core-columns-is-layout-a864abb7 wp-block-columns-is-layout-flex\" style=\"padding-top:0;padding-right:0;padding-bottom:0;padding-left:0\">\n<div class=\"wp-block-column is-vertically-aligned-top has-small-font-size is-layout-flow wp-container-core-column-is-layout-6073293c wp-block-column-is-layout-flow\" style=\"flex-basis:500px\">\n<div class=\"wp-block-group is-content-justification-space-between is-nowrap is-layout-flex wp-container-core-group-is-layout-63c1e1a1 wp-block-group-is-layout-flex\">\n<h3 class=\"wp-block-heading\">fjorden<\/h3>\n\n\n\n<p class=\"has-contrast-color has-text-color has-link-color has-medium-font-size wp-elements-0aec0d670406d1cfa08ab115c601df16\">10 pers.<\/p>\n<\/div>\n\n\n\n<p>In Fjorden you will find all the equipment you need for your conference. The room is equipped for maximum comfort, with ergonomic chairs, generous writing boards and adjustable lighting. <\/p>\n\n\n\n<div class=\"wp-block-buttons is-layout-flex wp-block-buttons-is-layout-flex\">\n<div class=\"wp-block-button\" style=\"--hover-background-color:var(--wp--preset--color--contrast);--hover-text-color:var(--wp--preset--color--base);--hover-border-color:var(--wp--preset--color--contrast);--active-background-color:var(--wp--preset--color--color-3);--active-text-color:var(--wp--preset--color--base);--active-border-color:var(--wp--preset--color--color-3);--focus-background-color:var(--wp--preset--color--contrast);--focus-text-color:var(--wp--preset--color--base);--focus-border-color:var(--wp--preset--color--contrast);--disabled-background-color:var(--wp--preset--color--color-2);--disabled-text-color:var(--wp--preset--color--black);--disabled-border-color:var(--wp--preset--color--color-2)\"><a class=\"wp-block-button__link wp-element-button\" href=\"https:\/\/arkenhotel.com\/en\/meetings-events\/venues\/#kontakt\">SEND A BOOKING INQUIRY<\/a><\/div>\n<\/div>\n\n\n\n<div class=\"wp-block-group is-vertical is-layout-flex wp-container-core-group-is-layout-9f8fc9c8 wp-block-group-is-layout-flex\">\n<p style=\"font-style:normal;font-weight:500\">Equipment on the premises:<\/p>\n\n\n\n<ul class=\"wp-block-list is-style-checklist is-style-checklist--19\">\n<li>Projector<\/li>\n\n\n\n<li>Loudspeakers<\/li>\n\n\n\n<li>Whiteboards<\/li>\n\n\n\n<li>Flipchart<\/li>\n\n\n\n<li>Fixed and wireless broadband access<\/li>\n\n\n\n<li>Window facing atrium\/orangery<\/li>\n<\/ul>\n<\/div>\n\n\n\n<div class=\"wp-block-group is-vertical is-layout-flex wp-container-core-group-is-layout-9f8fc9c8 wp-block-group-is-layout-flex\">\n<p style=\"font-style:normal;font-weight:500\">Facts:<\/p>\n\n\n\n<p class=\"has-x-small-font-size\">Surface area: 27 sqm<\/p>\n\n\n\n<p class=\"has-x-small-font-size\">Maximum number: 10 pers.<\/p>\n<\/div>\n\n\n\n<div class=\"wp-block-group is-vertical is-layout-flex wp-container-core-group-is-layout-9f8fc9c8 wp-block-group-is-layout-flex\">\n<p style=\"font-style:normal;font-weight:500\">Seatings:<\/p>\n\n\n\n<p class=\"has-x-small-font-size\">Board seating &#8211; 10 pers.<\/p>\n\n\n\n<p class=\"has-x-small-font-size\"><\/p>\n\n\n\n<p class=\"has-x-small-font-size\"><\/p>\n<\/div>\n<\/div>\n\n\n\n<div class=\"wp-block-column is-vertically-aligned-top is-layout-flow wp-block-column-is-layout-flow\" style=\"flex-basis:66.66%\"><div data-block-id=\"4e6a6933-c609-4c49-a87e-7b92feb82710\" class=\"wp-block-content-grid block-editor-block-list__block wp-block wp-block-tiburon-content-grid columns-l-1 columns-m-1 columns-s-1 layout-default slider-on-l slider-on-m slider-on-s column-gap-0\">\n   \n\n<div class=\"wp-block-group has-global-padding is-layout-constrained wp-container-core-group-is-layout-7db9d80f wp-block-group-is-layout-constrained\" style=\"padding-right:0;padding-left:0\">\n<figure class=\"wp-block-image size-large\"><img decoding=\"async\" src=\"https:\/\/arkenhotel.com\/wp-content\/uploads\/sites\/5\/2025\/04\/05_fjorden-konferens-lokaler-arken-3837-1536x1024.jpg\" alt=\"Fjorden conference room at Arken Hotel &amp;amp; Art Garden Spa\" class=\"wp-image-25799\"\/><\/figure>\n<\/div>\n\n\n\n<div class=\"wp-block-group has-global-padding is-layout-constrained wp-container-core-group-is-layout-7db9d80f wp-block-group-is-layout-constrained\" style=\"padding-right:0;padding-left:0\">\n<figure class=\"wp-block-image size-large\"><img decoding=\"async\" src=\"https:\/\/arkenhotel.com\/wp-content\/uploads\/sites\/5\/2025\/04\/05_fjorden-konferens-lokaler-arken-3839-1536x1024.jpg\" alt=\"Fjorden with window to atrium\/orangery\" class=\"wp-image-25801\"\/><\/figure>\n<\/div>\n\n<\/div><!DOCTYPE html PUBLIC \"-\/\/W3C\/\/DTD HTML 4.0 Transitional\/\/EN\" \"http:\/\/www.w3.org\/TR\/REC-html40\/loose.dtd\">\n<html><body><swiper-container init=\"false\" data-slides-per-view-l=\"1\" data-slides-per-view-m=\"1\" data-slides-per-view-s=\"1\" data-show-next=\"\" data-width-auto=\"0\" data-columns-gap=\"0\" data-show-navigation=\"1\" pagination-type=\"fraction\" data-pagination-version=\"first\" data-nav-bg-color=\"var(--wp--preset--color--contrast)\" data-nav-arrow-color=\"var(--wp--preset--color--base)\" class=\"wp-block-content-grid-slider slider-l slider-m slider-s\"><swiper-slide><div class=\"wp-block-group has-global-padding is-layout-constrained wp-container-core-group-is-layout-7db9d80f wp-block-group-is-layout-constrained\" style=\"padding-right:0;padding-left:0\">\n<figure class=\"wp-block-image size-large\"><img decoding=\"async\" src=\"https:\/\/arkenhotel.com\/wp-content\/uploads\/sites\/5\/2025\/04\/05_fjorden-konferens-lokaler-arken-3837-1536x1024.jpg\" alt=\"Fjorden conference room at Arken Hotel &amp;amp; Art Garden Spa\" class=\"wp-image-25799\"><\/figure>\n<\/div><\/swiper-slide><swiper-slide><div class=\"wp-block-group has-global-padding is-layout-constrained wp-container-core-group-is-layout-7db9d80f wp-block-group-is-layout-constrained\" style=\"padding-right:0;padding-left:0\">\n<figure class=\"wp-block-image size-large\"><img decoding=\"async\" src=\"https:\/\/arkenhotel.com\/wp-content\/uploads\/sites\/5\/2025\/04\/05_fjorden-konferens-lokaler-arken-3839-1536x1024.jpg\" alt=\"Fjorden with window to atrium\/orangery\" class=\"wp-image-25801\"><\/figure>\n<\/div><\/swiper-slide><\/swiper-container><\/body><\/html>\n<\/div>\n<\/div>\n\n<p><\/p>\n            <\/div>\n         <\/div>\n      <\/div>\n         <div class=\" post-card\" data-post-id=\"30933\" data-post-slug=\"grynnan\">\n                     <div class=\"image-wrapper\">\n               <img decoding=\"async\" src=\"https:\/\/arkenhotel.com\/wp-content\/uploads\/sites\/5\/2025\/04\/6_grynnan-konferens-lokaler-arken--900x601.jpg\" srcset=\"https:\/\/arkenhotel.com\/wp-content\/uploads\/sites\/5\/2025\/04\/6_grynnan-konferens-lokaler-arken--900x601.jpg 900w, https:\/\/arkenhotel.com\/wp-content\/uploads\/sites\/5\/2025\/04\/6_grynnan-konferens-lokaler-arken--400x267.jpg 400w, https:\/\/arkenhotel.com\/wp-content\/uploads\/sites\/5\/2025\/04\/6_grynnan-konferens-lokaler-arken--600x400.jpg 600w, https:\/\/arkenhotel.com\/wp-content\/uploads\/sites\/5\/2025\/04\/6_grynnan-konferens-lokaler-arken--700x467.jpg 700w, https:\/\/arkenhotel.com\/wp-content\/uploads\/sites\/5\/2025\/04\/6_grynnan-konferens-lokaler-arken--800x534.jpg 800w, https:\/\/arkenhotel.com\/wp-content\/uploads\/sites\/5\/2025\/04\/6_grynnan-konferens-lokaler-arken--1000x667.jpg 1000w, https:\/\/arkenhotel.com\/wp-content\/uploads\/sites\/5\/2025\/04\/6_grynnan-konferens-lokaler-arken--1100x734.jpg 1100w, https:\/\/arkenhotel.com\/wp-content\/uploads\/sites\/5\/2025\/04\/6_grynnan-konferens-lokaler-arken--1280x854.jpg 1280w, https:\/\/arkenhotel.com\/wp-content\/uploads\/sites\/5\/2025\/04\/6_grynnan-konferens-lokaler-arken--768x513.jpg 768w, https:\/\/arkenhotel.com\/wp-content\/uploads\/sites\/5\/2025\/04\/6_grynnan-konferens-lokaler-arken--1536x1025.jpg 1536w, https:\/\/arkenhotel.com\/wp-content\/uploads\/sites\/5\/2025\/04\/6_grynnan-konferens-lokaler-arken-.jpg 1618w\" alt=\"GRYNNAN\" class=\"\" \/>\n            <\/div>\n                  <div class=\"content-wrapper\">\n            <div class=\"post-title-capacity\">\n                                 <h3 class=\"wp-block-heading post-title\">GRYNNAN<\/h3>\n                                                <p class=\"post-capacity\">10 pers.<\/p>\n                           <\/div>\n                           <p class=\"post-subheading\">Grynnan has all the equipment you need for your conference. Equipped for maximum comfort with windows facing the orangery. <\/p>\n                     <\/div>\n                     <div class=\"btn-wrapper\">\n               <button class=\"post-btn wp-block-button__link wp-element-button\">\n                  <div class=\"post-btn-closed\">\n                     Read more                     <svg width=\"10\" height=\"10\" viewBox=\"0 0 10 10\" fill=\"none\" xmlns=\"http:\/\/www.w3.org\/2000\/svg\">\n                        <path d=\"M10 2.66038L5 8L-4.8687e-07 2.66038L0.627207 2L5 6.66981L9.37279 2L10 2.66038Z\" fill=\"currentcolor\" \/>\n                     <\/svg>\n                  <\/div>\n                  <div class=\"post-btn-open\">\n                     Close                     <svg width=\"10\" height=\"10\" viewBox=\"0 0 10 10\" fill=\"none\" xmlns=\"http:\/\/www.w3.org\/2000\/svg\">\n                        <path d=\"M0.561192 10L0 9.43881L4.43881 5L0 0.561192L0.561192 0L5 4.43881L9.43881 0L10 0.561192L5.56119 5L10 9.43881L9.43881 10L5 5.56119L0.561192 10Z\" fill=\"currentcolor\" \/>\n                     <\/svg>\n                  <\/div>\n               <\/button>\n            <\/div>\n                  <div class=\"post-dropdown-content\" data-post-id=\"30933\">\n            <div class=\"post-dropdown-content-inner\">\n               \n<div class=\"wp-block-columns has-base-background-color has-background is-layout-flex wp-container-core-columns-is-layout-a864abb7 wp-block-columns-is-layout-flex\" style=\"padding-top:0;padding-right:0;padding-bottom:0;padding-left:0\">\n<div class=\"wp-block-column is-vertically-aligned-top has-small-font-size is-layout-flow wp-container-core-column-is-layout-6073293c wp-block-column-is-layout-flow\" style=\"flex-basis:500px\">\n<div class=\"wp-block-group is-content-justification-space-between is-nowrap is-layout-flex wp-container-core-group-is-layout-63c1e1a1 wp-block-group-is-layout-flex\">\n<h3 class=\"wp-block-heading\">GRYNNAN<\/h3>\n\n\n\n<p class=\"has-contrast-color has-text-color has-link-color has-medium-font-size wp-elements-0aec0d670406d1cfa08ab115c601df16\">10 pers.<\/p>\n<\/div>\n\n\n\n<p>In Grynnan you will find all the equipment you need for your conference. The room is equipped for maximum comfort, with ergonomic chairs, generous writing boards and adjustable lighting. <\/p>\n\n\n\n<div class=\"wp-block-buttons is-layout-flex wp-block-buttons-is-layout-flex\">\n<div class=\"wp-block-button\" style=\"--hover-background-color:var(--wp--preset--color--contrast);--hover-text-color:var(--wp--preset--color--base);--hover-border-color:var(--wp--preset--color--contrast);--active-background-color:var(--wp--preset--color--color-3);--active-text-color:var(--wp--preset--color--base);--active-border-color:var(--wp--preset--color--color-3);--focus-background-color:var(--wp--preset--color--contrast);--focus-text-color:var(--wp--preset--color--base);--focus-border-color:var(--wp--preset--color--contrast);--disabled-background-color:var(--wp--preset--color--color-2);--disabled-text-color:var(--wp--preset--color--black);--disabled-border-color:var(--wp--preset--color--color-2)\"><a class=\"wp-block-button__link wp-element-button\" href=\"https:\/\/arkenhotel.com\/en\/meetings-events\/venues\/#kontakt\">SEND A BOOKING INQUIRY<\/a><\/div>\n<\/div>\n\n\n\n<div class=\"wp-block-group is-vertical is-layout-flex wp-container-core-group-is-layout-9f8fc9c8 wp-block-group-is-layout-flex\">\n<p style=\"font-style:normal;font-weight:500\">Equipment on the premises:<\/p>\n\n\n\n<ul class=\"wp-block-list is-style-checklist is-style-checklist--20\">\n<li>Projector<\/li>\n\n\n\n<li>Loudspeakers<\/li>\n\n\n\n<li>Whiteboards<\/li>\n\n\n\n<li>Flipchart<\/li>\n\n\n\n<li>Fixed and wireless broadband access<\/li>\n\n\n\n<li>Window facing atrium\/orangery<\/li>\n<\/ul>\n<\/div>\n\n\n\n<div class=\"wp-block-group is-vertical is-layout-flex wp-container-core-group-is-layout-9f8fc9c8 wp-block-group-is-layout-flex\">\n<p style=\"font-style:normal;font-weight:500\">Facts:<\/p>\n\n\n\n<p class=\"has-x-small-font-size\">Surface area: 27 sqm<\/p>\n\n\n\n<p class=\"has-x-small-font-size\">Maximum number: 10 pers.<\/p>\n<\/div>\n\n\n\n<div class=\"wp-block-group is-vertical is-layout-flex wp-container-core-group-is-layout-9f8fc9c8 wp-block-group-is-layout-flex\">\n<p style=\"font-style:normal;font-weight:500\">Seatings:<\/p>\n\n\n\n<p class=\"has-x-small-font-size\">Board seating &#8211; 10 pers.<\/p>\n\n\n\n<p class=\"has-x-small-font-size\"><\/p>\n\n\n\n<p class=\"has-x-small-font-size\"><\/p>\n<\/div>\n<\/div>\n\n\n\n<div class=\"wp-block-column is-vertically-aligned-top is-layout-flow wp-block-column-is-layout-flow\" style=\"flex-basis:66.66%\"><div data-block-id=\"4e6a6933-c609-4c49-a87e-7b92feb82710\" class=\"wp-block-content-grid block-editor-block-list__block wp-block wp-block-tiburon-content-grid columns-l-1 columns-m-1 columns-s-1 layout-default slider-on-l slider-on-m slider-on-s column-gap-0\">\n   \n\n<div class=\"wp-block-group has-global-padding is-layout-constrained wp-container-core-group-is-layout-7db9d80f wp-block-group-is-layout-constrained\" style=\"padding-right:0;padding-left:0\">\n<figure class=\"wp-block-image size-large\"><img loading=\"lazy\" decoding=\"async\" width=\"1536\" height=\"1026\" src=\"https:\/\/arkenhotel.com\/wp-content\/uploads\/sites\/5\/2025\/10\/05_fjorden-konferens-lokaler-arken-hotell-9888-1536x1026.jpg\" alt=\"Fjorden conference room at Arken Hotel &amp;amp; Art Garden Spa\" class=\"wp-image-25799\" srcset=\"https:\/\/arkenhotel.com\/wp-content\/uploads\/sites\/5\/2025\/10\/05_fjorden-konferens-lokaler-arken-hotell-9888-1536x1026.jpg 1536w, https:\/\/arkenhotel.com\/wp-content\/uploads\/sites\/5\/2025\/10\/05_fjorden-konferens-lokaler-arken-hotell-9888-600x401.jpg 600w, https:\/\/arkenhotel.com\/wp-content\/uploads\/sites\/5\/2025\/10\/05_fjorden-konferens-lokaler-arken-hotell-9888-900x601.jpg 900w, https:\/\/arkenhotel.com\/wp-content\/uploads\/sites\/5\/2025\/10\/05_fjorden-konferens-lokaler-arken-hotell-9888-768x513.jpg 768w, https:\/\/arkenhotel.com\/wp-content\/uploads\/sites\/5\/2025\/10\/05_fjorden-konferens-lokaler-arken-hotell-9888-2048x1367.jpg 2048w, https:\/\/arkenhotel.com\/wp-content\/uploads\/sites\/5\/2025\/10\/05_fjorden-konferens-lokaler-arken-hotell-9888-400x267.jpg 400w, https:\/\/arkenhotel.com\/wp-content\/uploads\/sites\/5\/2025\/10\/05_fjorden-konferens-lokaler-arken-hotell-9888-700x467.jpg 700w, https:\/\/arkenhotel.com\/wp-content\/uploads\/sites\/5\/2025\/10\/05_fjorden-konferens-lokaler-arken-hotell-9888-800x534.jpg 800w, https:\/\/arkenhotel.com\/wp-content\/uploads\/sites\/5\/2025\/10\/05_fjorden-konferens-lokaler-arken-hotell-9888-1000x668.jpg 1000w, https:\/\/arkenhotel.com\/wp-content\/uploads\/sites\/5\/2025\/10\/05_fjorden-konferens-lokaler-arken-hotell-9888-1100x734.jpg 1100w, https:\/\/arkenhotel.com\/wp-content\/uploads\/sites\/5\/2025\/10\/05_fjorden-konferens-lokaler-arken-hotell-9888-1280x855.jpg 1280w, https:\/\/arkenhotel.com\/wp-content\/uploads\/sites\/5\/2025\/10\/05_fjorden-konferens-lokaler-arken-hotell-9888-1920x1282.jpg 1920w\" sizes=\"auto, (max-width: 1536px) 100vw, 1536px\" \/><\/figure>\n<\/div>\n\n\n\n<div class=\"wp-block-group has-global-padding is-layout-constrained wp-container-core-group-is-layout-7db9d80f wp-block-group-is-layout-constrained\" style=\"padding-right:0;padding-left:0\">\n<figure class=\"wp-block-image size-large\"><img loading=\"lazy\" decoding=\"async\" width=\"900\" height=\"601\" src=\"https:\/\/arkenhotel.com\/wp-content\/uploads\/sites\/5\/2025\/04\/6_grynnan-konferens-lokaler-arken-7478-900x601.jpg\" alt=\"Bright and airy conference room for 10 people.\" class=\"wp-image-25804\" srcset=\"https:\/\/arkenhotel.com\/wp-content\/uploads\/sites\/5\/2025\/04\/6_grynnan-konferens-lokaler-arken-7478-900x601.jpg 900w, https:\/\/arkenhotel.com\/wp-content\/uploads\/sites\/5\/2025\/04\/6_grynnan-konferens-lokaler-arken-7478-400x267.jpg 400w, https:\/\/arkenhotel.com\/wp-content\/uploads\/sites\/5\/2025\/04\/6_grynnan-konferens-lokaler-arken-7478-600x400.jpg 600w, https:\/\/arkenhotel.com\/wp-content\/uploads\/sites\/5\/2025\/04\/6_grynnan-konferens-lokaler-arken-7478-700x467.jpg 700w, https:\/\/arkenhotel.com\/wp-content\/uploads\/sites\/5\/2025\/04\/6_grynnan-konferens-lokaler-arken-7478-800x534.jpg 800w, https:\/\/arkenhotel.com\/wp-content\/uploads\/sites\/5\/2025\/04\/6_grynnan-konferens-lokaler-arken-7478-1000x667.jpg 1000w, https:\/\/arkenhotel.com\/wp-content\/uploads\/sites\/5\/2025\/04\/6_grynnan-konferens-lokaler-arken-7478-1100x734.jpg 1100w, https:\/\/arkenhotel.com\/wp-content\/uploads\/sites\/5\/2025\/04\/6_grynnan-konferens-lokaler-arken-7478-1280x854.jpg 1280w, https:\/\/arkenhotel.com\/wp-content\/uploads\/sites\/5\/2025\/04\/6_grynnan-konferens-lokaler-arken-7478-768x513.jpg 768w, https:\/\/arkenhotel.com\/wp-content\/uploads\/sites\/5\/2025\/04\/6_grynnan-konferens-lokaler-arken-7478-1536x1025.jpg 1536w, https:\/\/arkenhotel.com\/wp-content\/uploads\/sites\/5\/2025\/04\/6_grynnan-konferens-lokaler-arken-7478.jpg 1618w\" sizes=\"auto, (max-width: 900px) 100vw, 900px\" \/><\/figure>\n<\/div>\n\n<\/div><!DOCTYPE html PUBLIC \"-\/\/W3C\/\/DTD HTML 4.0 Transitional\/\/EN\" \"http:\/\/www.w3.org\/TR\/REC-html40\/loose.dtd\">\n<html><body><swiper-container init=\"false\" data-slides-per-view-l=\"1\" data-slides-per-view-m=\"1\" data-slides-per-view-s=\"1\" data-show-next=\"\" data-width-auto=\"0\" data-columns-gap=\"0\" data-show-navigation=\"1\" pagination-type=\"fraction\" data-pagination-version=\"first\" data-nav-bg-color=\"var(--wp--preset--color--contrast)\" data-nav-arrow-color=\"var(--wp--preset--color--base)\" class=\"wp-block-content-grid-slider slider-l slider-m slider-s\"><swiper-slide><div class=\"wp-block-group has-global-padding is-layout-constrained wp-container-core-group-is-layout-7db9d80f wp-block-group-is-layout-constrained\" style=\"padding-right:0;padding-left:0\">\n<figure class=\"wp-block-image size-large\"><img loading=\"lazy\" decoding=\"async\" width=\"1536\" height=\"1026\" src=\"https:\/\/arkenhotel.com\/wp-content\/uploads\/sites\/5\/2025\/10\/05_fjorden-konferens-lokaler-arken-hotell-9888-1536x1026.jpg\" alt=\"Fjorden conference room at Arken Hotel &amp;amp; Art Garden Spa\" class=\"wp-image-25799\" srcset=\"https:\/\/arkenhotel.com\/wp-content\/uploads\/sites\/5\/2025\/10\/05_fjorden-konferens-lokaler-arken-hotell-9888-1536x1026.jpg 1536w, https:\/\/arkenhotel.com\/wp-content\/uploads\/sites\/5\/2025\/10\/05_fjorden-konferens-lokaler-arken-hotell-9888-600x401.jpg 600w, https:\/\/arkenhotel.com\/wp-content\/uploads\/sites\/5\/2025\/10\/05_fjorden-konferens-lokaler-arken-hotell-9888-900x601.jpg 900w, https:\/\/arkenhotel.com\/wp-content\/uploads\/sites\/5\/2025\/10\/05_fjorden-konferens-lokaler-arken-hotell-9888-768x513.jpg 768w, https:\/\/arkenhotel.com\/wp-content\/uploads\/sites\/5\/2025\/10\/05_fjorden-konferens-lokaler-arken-hotell-9888-2048x1367.jpg 2048w, https:\/\/arkenhotel.com\/wp-content\/uploads\/sites\/5\/2025\/10\/05_fjorden-konferens-lokaler-arken-hotell-9888-400x267.jpg 400w, https:\/\/arkenhotel.com\/wp-content\/uploads\/sites\/5\/2025\/10\/05_fjorden-konferens-lokaler-arken-hotell-9888-700x467.jpg 700w, https:\/\/arkenhotel.com\/wp-content\/uploads\/sites\/5\/2025\/10\/05_fjorden-konferens-lokaler-arken-hotell-9888-800x534.jpg 800w, https:\/\/arkenhotel.com\/wp-content\/uploads\/sites\/5\/2025\/10\/05_fjorden-konferens-lokaler-arken-hotell-9888-1000x668.jpg 1000w, https:\/\/arkenhotel.com\/wp-content\/uploads\/sites\/5\/2025\/10\/05_fjorden-konferens-lokaler-arken-hotell-9888-1100x734.jpg 1100w, https:\/\/arkenhotel.com\/wp-content\/uploads\/sites\/5\/2025\/10\/05_fjorden-konferens-lokaler-arken-hotell-9888-1280x855.jpg 1280w, https:\/\/arkenhotel.com\/wp-content\/uploads\/sites\/5\/2025\/10\/05_fjorden-konferens-lokaler-arken-hotell-9888-1920x1282.jpg 1920w\" sizes=\"auto, (max-width: 1536px) 100vw, 1536px\" \/><\/figure>\n<\/div><\/swiper-slide><swiper-slide><div class=\"wp-block-group has-global-padding is-layout-constrained wp-container-core-group-is-layout-7db9d80f wp-block-group-is-layout-constrained\" style=\"padding-right:0;padding-left:0\">\n<figure class=\"wp-block-image size-large\"><img loading=\"lazy\" decoding=\"async\" width=\"900\" height=\"601\" src=\"https:\/\/arkenhotel.com\/wp-content\/uploads\/sites\/5\/2025\/04\/6_grynnan-konferens-lokaler-arken-7478-900x601.jpg\" alt=\"Bright and airy conference room for 10 people.\" class=\"wp-image-25804\" srcset=\"https:\/\/arkenhotel.com\/wp-content\/uploads\/sites\/5\/2025\/04\/6_grynnan-konferens-lokaler-arken-7478-900x601.jpg 900w, https:\/\/arkenhotel.com\/wp-content\/uploads\/sites\/5\/2025\/04\/6_grynnan-konferens-lokaler-arken-7478-400x267.jpg 400w, https:\/\/arkenhotel.com\/wp-content\/uploads\/sites\/5\/2025\/04\/6_grynnan-konferens-lokaler-arken-7478-600x400.jpg 600w, https:\/\/arkenhotel.com\/wp-content\/uploads\/sites\/5\/2025\/04\/6_grynnan-konferens-lokaler-arken-7478-700x467.jpg 700w, https:\/\/arkenhotel.com\/wp-content\/uploads\/sites\/5\/2025\/04\/6_grynnan-konferens-lokaler-arken-7478-800x534.jpg 800w, https:\/\/arkenhotel.com\/wp-content\/uploads\/sites\/5\/2025\/04\/6_grynnan-konferens-lokaler-arken-7478-1000x667.jpg 1000w, https:\/\/arkenhotel.com\/wp-content\/uploads\/sites\/5\/2025\/04\/6_grynnan-konferens-lokaler-arken-7478-1100x734.jpg 1100w, https:\/\/arkenhotel.com\/wp-content\/uploads\/sites\/5\/2025\/04\/6_grynnan-konferens-lokaler-arken-7478-1280x854.jpg 1280w, https:\/\/arkenhotel.com\/wp-content\/uploads\/sites\/5\/2025\/04\/6_grynnan-konferens-lokaler-arken-7478-768x513.jpg 768w, https:\/\/arkenhotel.com\/wp-content\/uploads\/sites\/5\/2025\/04\/6_grynnan-konferens-lokaler-arken-7478-1536x1025.jpg 1536w, https:\/\/arkenhotel.com\/wp-content\/uploads\/sites\/5\/2025\/04\/6_grynnan-konferens-lokaler-arken-7478.jpg 1618w\" sizes=\"auto, (max-width: 900px) 100vw, 900px\" \/><\/figure>\n<\/div><\/swiper-slide><\/swiper-container><\/body><\/html>\n<\/div>\n<\/div>\n\n<p><\/p>\n            <\/div>\n         <\/div>\n      <\/div>\n         <div class=\" post-card\" data-post-id=\"30936\" data-post-slug=\"holmen\">\n                     <div class=\"image-wrapper\">\n               <img decoding=\"async\" src=\"https:\/\/arkenhotel.com\/wp-content\/uploads\/sites\/5\/2025\/04\/7_holmen-konferens-lokaler-arken-7462-900x601.jpg\" srcset=\"https:\/\/arkenhotel.com\/wp-content\/uploads\/sites\/5\/2025\/04\/7_holmen-konferens-lokaler-arken-7462-900x601.jpg 900w, https:\/\/arkenhotel.com\/wp-content\/uploads\/sites\/5\/2025\/04\/7_holmen-konferens-lokaler-arken-7462-400x267.jpg 400w, https:\/\/arkenhotel.com\/wp-content\/uploads\/sites\/5\/2025\/04\/7_holmen-konferens-lokaler-arken-7462-600x401.jpg 600w, https:\/\/arkenhotel.com\/wp-content\/uploads\/sites\/5\/2025\/04\/7_holmen-konferens-lokaler-arken-7462-700x467.jpg 700w, https:\/\/arkenhotel.com\/wp-content\/uploads\/sites\/5\/2025\/04\/7_holmen-konferens-lokaler-arken-7462-800x534.jpg 800w, https:\/\/arkenhotel.com\/wp-content\/uploads\/sites\/5\/2025\/04\/7_holmen-konferens-lokaler-arken-7462-1000x668.jpg 1000w, https:\/\/arkenhotel.com\/wp-content\/uploads\/sites\/5\/2025\/04\/7_holmen-konferens-lokaler-arken-7462-1100x734.jpg 1100w, https:\/\/arkenhotel.com\/wp-content\/uploads\/sites\/5\/2025\/04\/7_holmen-konferens-lokaler-arken-7462-1280x855.jpg 1280w, https:\/\/arkenhotel.com\/wp-content\/uploads\/sites\/5\/2025\/04\/7_holmen-konferens-lokaler-arken-7462-1920x1282.jpg 1920w, https:\/\/arkenhotel.com\/wp-content\/uploads\/sites\/5\/2025\/04\/7_holmen-konferens-lokaler-arken-7462-768x513.jpg 768w, https:\/\/arkenhotel.com\/wp-content\/uploads\/sites\/5\/2025\/04\/7_holmen-konferens-lokaler-arken-7462-1536x1026.jpg 1536w, https:\/\/arkenhotel.com\/wp-content\/uploads\/sites\/5\/2025\/04\/7_holmen-konferens-lokaler-arken-7462-2048x1367.jpg 2048w, https:\/\/arkenhotel.com\/wp-content\/uploads\/sites\/5\/2025\/04\/7_holmen-konferens-lokaler-arken-7462-scaled.jpg 1617w\" alt=\"HOLMEN\" class=\"\" \/>\n            <\/div>\n                  <div class=\"content-wrapper\">\n            <div class=\"post-title-capacity\">\n                                 <h3 class=\"wp-block-heading post-title\">HOLMEN<\/h3>\n                                                <p class=\"post-capacity\">8 pers.<\/p>\n                           <\/div>\n                           <p class=\"post-subheading\">Holmen is one of 8 group rooms with boardroom seating for 8 people.  <\/p>\n                     <\/div>\n                     <div class=\"btn-wrapper\">\n               <button class=\"post-btn wp-block-button__link wp-element-button\">\n                  <div class=\"post-btn-closed\">\n                     Read more                     <svg width=\"10\" height=\"10\" viewBox=\"0 0 10 10\" fill=\"none\" xmlns=\"http:\/\/www.w3.org\/2000\/svg\">\n                        <path d=\"M10 2.66038L5 8L-4.8687e-07 2.66038L0.627207 2L5 6.66981L9.37279 2L10 2.66038Z\" fill=\"currentcolor\" \/>\n                     <\/svg>\n                  <\/div>\n                  <div class=\"post-btn-open\">\n                     Close                     <svg width=\"10\" height=\"10\" viewBox=\"0 0 10 10\" fill=\"none\" xmlns=\"http:\/\/www.w3.org\/2000\/svg\">\n                        <path d=\"M0.561192 10L0 9.43881L4.43881 5L0 0.561192L0.561192 0L5 4.43881L9.43881 0L10 0.561192L5.56119 5L10 9.43881L9.43881 10L5 5.56119L0.561192 10Z\" fill=\"currentcolor\" \/>\n                     <\/svg>\n                  <\/div>\n               <\/button>\n            <\/div>\n                  <div class=\"post-dropdown-content\" data-post-id=\"30936\">\n            <div class=\"post-dropdown-content-inner\">\n               \n<div class=\"wp-block-columns has-base-background-color has-background is-layout-flex wp-container-core-columns-is-layout-a864abb7 wp-block-columns-is-layout-flex\" style=\"padding-top:0;padding-right:0;padding-bottom:0;padding-left:0\">\n<div class=\"wp-block-column is-vertically-aligned-top has-small-font-size is-layout-flow wp-container-core-column-is-layout-6073293c wp-block-column-is-layout-flow\" style=\"flex-basis:500px\">\n<div class=\"wp-block-group is-content-justification-space-between is-nowrap is-layout-flex wp-container-core-group-is-layout-63c1e1a1 wp-block-group-is-layout-flex\">\n<h3 class=\"wp-block-heading\">Holmen<\/h3>\n\n\n\n<p class=\"has-contrast-color has-text-color has-link-color has-medium-font-size wp-elements-1889282f855cbc7fd727101eeb3cc6d4\">8 pers.<\/p>\n<\/div>\n\n\n\n<p>Holmen is one of 8 group rooms with boardroom seating for 8 people. All are equipped for maximum comfort, with ergonomic chairs, generous whiteboards and adjustable lighting.   <\/p>\n\n\n\n<div class=\"wp-block-buttons is-layout-flex wp-block-buttons-is-layout-flex\">\n<div class=\"wp-block-button\" style=\"--hover-background-color:var(--wp--preset--color--contrast);--hover-text-color:var(--wp--preset--color--base);--hover-border-color:var(--wp--preset--color--contrast);--active-background-color:var(--wp--preset--color--color-3);--active-text-color:var(--wp--preset--color--base);--active-border-color:var(--wp--preset--color--color-3);--focus-background-color:var(--wp--preset--color--contrast);--focus-text-color:var(--wp--preset--color--base);--focus-border-color:var(--wp--preset--color--contrast);--disabled-background-color:var(--wp--preset--color--color-2);--disabled-text-color:var(--wp--preset--color--black);--disabled-border-color:var(--wp--preset--color--color-2)\"><a class=\"wp-block-button__link wp-element-button\" href=\"https:\/\/arkenhotel.com\/en\/meetings-events\/venues\/#kontakt\">SEND A BOOKING INQUIRY<\/a><\/div>\n<\/div>\n\n\n\n<div class=\"wp-block-group is-vertical is-layout-flex wp-container-core-group-is-layout-9f8fc9c8 wp-block-group-is-layout-flex\">\n<p style=\"font-style:normal;font-weight:500\">Equipment on the premises:<\/p>\n\n\n\n<ul class=\"wp-block-list is-style-checklist is-style-checklist--21\">\n<li>Whiteboards<\/li>\n\n\n\n<li>TV<\/li>\n\n\n\n<li>Flipchart<\/li>\n\n\n\n<li>Fixed and wireless broadband access<\/li>\n\n\n\n<li>Windows facing orangery\/atrium house<\/li>\n<\/ul>\n<\/div>\n\n\n\n<div class=\"wp-block-group is-vertical is-layout-flex wp-container-core-group-is-layout-9f8fc9c8 wp-block-group-is-layout-flex\">\n<p style=\"font-style:normal;font-weight:500\">Facts:<\/p>\n\n\n\n<p class=\"has-x-small-font-size\">Surface area: 14 sqm<\/p>\n\n\n\n<p class=\"has-x-small-font-size\">Maximum number: 8 pers.<\/p>\n<\/div>\n\n\n\n<div class=\"wp-block-group is-vertical is-layout-flex wp-container-core-group-is-layout-9f8fc9c8 wp-block-group-is-layout-flex\">\n<p style=\"font-style:normal;font-weight:500\">Seatings:<\/p>\n\n\n\n<p class=\"has-x-small-font-size\">Boardroom seating &#8211; 8 pers.<\/p>\n\n\n\n<p class=\"has-x-small-font-size\"><\/p>\n\n\n\n<p class=\"has-x-small-font-size\"><\/p>\n<\/div>\n<\/div>\n\n\n\n<div class=\"wp-block-column is-vertically-aligned-top is-layout-flow wp-block-column-is-layout-flow\" style=\"flex-basis:66.66%\"><div data-block-id=\"4e6a6933-c609-4c49-a87e-7b92feb82710\" class=\"wp-block-content-grid block-editor-block-list__block wp-block wp-block-tiburon-content-grid columns-l-1 columns-m-1 columns-s-1 layout-default slider-on-l slider-on-m slider-on-s column-gap-0\">\n   \n\n<div class=\"wp-block-group has-global-padding is-layout-constrained wp-container-core-group-is-layout-7db9d80f wp-block-group-is-layout-constrained\" style=\"padding-right:0;padding-left:0\">\n<figure class=\"wp-block-image size-large\"><img loading=\"lazy\" decoding=\"async\" width=\"900\" height=\"601\" src=\"https:\/\/arkenhotel.com\/wp-content\/uploads\/sites\/5\/2025\/04\/7_holmen-konferens-lokaler-arken-7462-900x601.jpg\" alt=\"Holmen is a small and charming group room with windows facing the orangery\/atrium\" class=\"wp-image-25805\" srcset=\"https:\/\/arkenhotel.com\/wp-content\/uploads\/sites\/5\/2025\/04\/7_holmen-konferens-lokaler-arken-7462-900x601.jpg 900w, https:\/\/arkenhotel.com\/wp-content\/uploads\/sites\/5\/2025\/04\/7_holmen-konferens-lokaler-arken-7462-400x267.jpg 400w, https:\/\/arkenhotel.com\/wp-content\/uploads\/sites\/5\/2025\/04\/7_holmen-konferens-lokaler-arken-7462-600x401.jpg 600w, https:\/\/arkenhotel.com\/wp-content\/uploads\/sites\/5\/2025\/04\/7_holmen-konferens-lokaler-arken-7462-700x467.jpg 700w, https:\/\/arkenhotel.com\/wp-content\/uploads\/sites\/5\/2025\/04\/7_holmen-konferens-lokaler-arken-7462-800x534.jpg 800w, https:\/\/arkenhotel.com\/wp-content\/uploads\/sites\/5\/2025\/04\/7_holmen-konferens-lokaler-arken-7462-1000x668.jpg 1000w, https:\/\/arkenhotel.com\/wp-content\/uploads\/sites\/5\/2025\/04\/7_holmen-konferens-lokaler-arken-7462-1100x734.jpg 1100w, https:\/\/arkenhotel.com\/wp-content\/uploads\/sites\/5\/2025\/04\/7_holmen-konferens-lokaler-arken-7462-1280x855.jpg 1280w, https:\/\/arkenhotel.com\/wp-content\/uploads\/sites\/5\/2025\/04\/7_holmen-konferens-lokaler-arken-7462-1920x1282.jpg 1920w, https:\/\/arkenhotel.com\/wp-content\/uploads\/sites\/5\/2025\/04\/7_holmen-konferens-lokaler-arken-7462-768x513.jpg 768w, https:\/\/arkenhotel.com\/wp-content\/uploads\/sites\/5\/2025\/04\/7_holmen-konferens-lokaler-arken-7462-1536x1026.jpg 1536w, https:\/\/arkenhotel.com\/wp-content\/uploads\/sites\/5\/2025\/04\/7_holmen-konferens-lokaler-arken-7462-2048x1367.jpg 2048w, https:\/\/arkenhotel.com\/wp-content\/uploads\/sites\/5\/2025\/04\/7_holmen-konferens-lokaler-arken-7462-scaled.jpg 1617w\" sizes=\"auto, (max-width: 900px) 100vw, 900px\" \/><\/figure>\n<\/div>\n\n\n\n<div class=\"wp-block-group has-global-padding is-layout-constrained wp-container-core-group-is-layout-7db9d80f wp-block-group-is-layout-constrained\" style=\"padding-right:0;padding-left:0\">\n<figure class=\"wp-block-image size-large\"><img loading=\"lazy\" decoding=\"async\" width=\"900\" height=\"601\" src=\"https:\/\/arkenhotel.com\/wp-content\/uploads\/sites\/5\/2025\/04\/7_holmen-konferens-lokaler-arken-7471-900x601.jpg\" alt=\"Holmen, charming group room for the small meeting\" class=\"wp-image-25806\" srcset=\"https:\/\/arkenhotel.com\/wp-content\/uploads\/sites\/5\/2025\/04\/7_holmen-konferens-lokaler-arken-7471-900x601.jpg 900w, https:\/\/arkenhotel.com\/wp-content\/uploads\/sites\/5\/2025\/04\/7_holmen-konferens-lokaler-arken-7471-400x267.jpg 400w, https:\/\/arkenhotel.com\/wp-content\/uploads\/sites\/5\/2025\/04\/7_holmen-konferens-lokaler-arken-7471-600x400.jpg 600w, https:\/\/arkenhotel.com\/wp-content\/uploads\/sites\/5\/2025\/04\/7_holmen-konferens-lokaler-arken-7471-700x467.jpg 700w, https:\/\/arkenhotel.com\/wp-content\/uploads\/sites\/5\/2025\/04\/7_holmen-konferens-lokaler-arken-7471-800x534.jpg 800w, https:\/\/arkenhotel.com\/wp-content\/uploads\/sites\/5\/2025\/04\/7_holmen-konferens-lokaler-arken-7471-1000x667.jpg 1000w, https:\/\/arkenhotel.com\/wp-content\/uploads\/sites\/5\/2025\/04\/7_holmen-konferens-lokaler-arken-7471-1100x734.jpg 1100w, https:\/\/arkenhotel.com\/wp-content\/uploads\/sites\/5\/2025\/04\/7_holmen-konferens-lokaler-arken-7471-1280x854.jpg 1280w, https:\/\/arkenhotel.com\/wp-content\/uploads\/sites\/5\/2025\/04\/7_holmen-konferens-lokaler-arken-7471-768x513.jpg 768w, https:\/\/arkenhotel.com\/wp-content\/uploads\/sites\/5\/2025\/04\/7_holmen-konferens-lokaler-arken-7471-1536x1025.jpg 1536w, https:\/\/arkenhotel.com\/wp-content\/uploads\/sites\/5\/2025\/04\/7_holmen-konferens-lokaler-arken-7471.jpg 1618w\" sizes=\"auto, (max-width: 900px) 100vw, 900px\" \/><\/figure>\n<\/div>\n\n<\/div><!DOCTYPE html PUBLIC \"-\/\/W3C\/\/DTD HTML 4.0 Transitional\/\/EN\" \"http:\/\/www.w3.org\/TR\/REC-html40\/loose.dtd\">\n<html><body><swiper-container init=\"false\" data-slides-per-view-l=\"1\" data-slides-per-view-m=\"1\" data-slides-per-view-s=\"1\" data-show-next=\"\" data-width-auto=\"0\" data-columns-gap=\"0\" data-show-navigation=\"1\" pagination-type=\"fraction\" data-pagination-version=\"first\" data-nav-bg-color=\"var(--wp--preset--color--contrast)\" data-nav-arrow-color=\"var(--wp--preset--color--base)\" class=\"wp-block-content-grid-slider slider-l slider-m slider-s\"><swiper-slide><div class=\"wp-block-group has-global-padding is-layout-constrained wp-container-core-group-is-layout-7db9d80f wp-block-group-is-layout-constrained\" style=\"padding-right:0;padding-left:0\">\n<figure class=\"wp-block-image size-large\"><img loading=\"lazy\" decoding=\"async\" width=\"900\" height=\"601\" src=\"https:\/\/arkenhotel.com\/wp-content\/uploads\/sites\/5\/2025\/04\/7_holmen-konferens-lokaler-arken-7462-900x601.jpg\" alt=\"Holmen is a small and charming group room with windows facing the orangery\/atrium\" class=\"wp-image-25805\" srcset=\"https:\/\/arkenhotel.com\/wp-content\/uploads\/sites\/5\/2025\/04\/7_holmen-konferens-lokaler-arken-7462-900x601.jpg 900w, https:\/\/arkenhotel.com\/wp-content\/uploads\/sites\/5\/2025\/04\/7_holmen-konferens-lokaler-arken-7462-400x267.jpg 400w, https:\/\/arkenhotel.com\/wp-content\/uploads\/sites\/5\/2025\/04\/7_holmen-konferens-lokaler-arken-7462-600x401.jpg 600w, https:\/\/arkenhotel.com\/wp-content\/uploads\/sites\/5\/2025\/04\/7_holmen-konferens-lokaler-arken-7462-700x467.jpg 700w, https:\/\/arkenhotel.com\/wp-content\/uploads\/sites\/5\/2025\/04\/7_holmen-konferens-lokaler-arken-7462-800x534.jpg 800w, https:\/\/arkenhotel.com\/wp-content\/uploads\/sites\/5\/2025\/04\/7_holmen-konferens-lokaler-arken-7462-1000x668.jpg 1000w, https:\/\/arkenhotel.com\/wp-content\/uploads\/sites\/5\/2025\/04\/7_holmen-konferens-lokaler-arken-7462-1100x734.jpg 1100w, https:\/\/arkenhotel.com\/wp-content\/uploads\/sites\/5\/2025\/04\/7_holmen-konferens-lokaler-arken-7462-1280x855.jpg 1280w, https:\/\/arkenhotel.com\/wp-content\/uploads\/sites\/5\/2025\/04\/7_holmen-konferens-lokaler-arken-7462-1920x1282.jpg 1920w, https:\/\/arkenhotel.com\/wp-content\/uploads\/sites\/5\/2025\/04\/7_holmen-konferens-lokaler-arken-7462-768x513.jpg 768w, https:\/\/arkenhotel.com\/wp-content\/uploads\/sites\/5\/2025\/04\/7_holmen-konferens-lokaler-arken-7462-1536x1026.jpg 1536w, https:\/\/arkenhotel.com\/wp-content\/uploads\/sites\/5\/2025\/04\/7_holmen-konferens-lokaler-arken-7462-2048x1367.jpg 2048w, https:\/\/arkenhotel.com\/wp-content\/uploads\/sites\/5\/2025\/04\/7_holmen-konferens-lokaler-arken-7462-scaled.jpg 1617w\" sizes=\"auto, (max-width: 900px) 100vw, 900px\" \/><\/figure>\n<\/div><\/swiper-slide><swiper-slide><div class=\"wp-block-group has-global-padding is-layout-constrained wp-container-core-group-is-layout-7db9d80f wp-block-group-is-layout-constrained\" style=\"padding-right:0;padding-left:0\">\n<figure class=\"wp-block-image size-large\"><img loading=\"lazy\" decoding=\"async\" width=\"900\" height=\"601\" src=\"https:\/\/arkenhotel.com\/wp-content\/uploads\/sites\/5\/2025\/04\/7_holmen-konferens-lokaler-arken-7471-900x601.jpg\" alt=\"Holmen, charming group room for the small meeting\" class=\"wp-image-25806\" srcset=\"https:\/\/arkenhotel.com\/wp-content\/uploads\/sites\/5\/2025\/04\/7_holmen-konferens-lokaler-arken-7471-900x601.jpg 900w, https:\/\/arkenhotel.com\/wp-content\/uploads\/sites\/5\/2025\/04\/7_holmen-konferens-lokaler-arken-7471-400x267.jpg 400w, https:\/\/arkenhotel.com\/wp-content\/uploads\/sites\/5\/2025\/04\/7_holmen-konferens-lokaler-arken-7471-600x400.jpg 600w, https:\/\/arkenhotel.com\/wp-content\/uploads\/sites\/5\/2025\/04\/7_holmen-konferens-lokaler-arken-7471-700x467.jpg 700w, https:\/\/arkenhotel.com\/wp-content\/uploads\/sites\/5\/2025\/04\/7_holmen-konferens-lokaler-arken-7471-800x534.jpg 800w, https:\/\/arkenhotel.com\/wp-content\/uploads\/sites\/5\/2025\/04\/7_holmen-konferens-lokaler-arken-7471-1000x667.jpg 1000w, https:\/\/arkenhotel.com\/wp-content\/uploads\/sites\/5\/2025\/04\/7_holmen-konferens-lokaler-arken-7471-1100x734.jpg 1100w, https:\/\/arkenhotel.com\/wp-content\/uploads\/sites\/5\/2025\/04\/7_holmen-konferens-lokaler-arken-7471-1280x854.jpg 1280w, https:\/\/arkenhotel.com\/wp-content\/uploads\/sites\/5\/2025\/04\/7_holmen-konferens-lokaler-arken-7471-768x513.jpg 768w, https:\/\/arkenhotel.com\/wp-content\/uploads\/sites\/5\/2025\/04\/7_holmen-konferens-lokaler-arken-7471-1536x1025.jpg 1536w, https:\/\/arkenhotel.com\/wp-content\/uploads\/sites\/5\/2025\/04\/7_holmen-konferens-lokaler-arken-7471.jpg 1618w\" sizes=\"auto, (max-width: 900px) 100vw, 900px\" \/><\/figure>\n<\/div><\/swiper-slide><\/swiper-container><\/body><\/html>\n<\/div>\n<\/div>\n\n<p><\/p>\n            <\/div>\n         <\/div>\n      <\/div>\n         <div class=\" post-card\" data-post-id=\"30864\" data-post-slug=\"innanskaret\">\n                     <div class=\"image-wrapper\">\n               <img decoding=\"async\" src=\"https:\/\/arkenhotel.com\/wp-content\/uploads\/sites\/5\/2025\/04\/08_innanskaret-konferens-lokal-arken-hotell-spa-4300-900x601.jpg\" srcset=\"https:\/\/arkenhotel.com\/wp-content\/uploads\/sites\/5\/2025\/04\/08_innanskaret-konferens-lokal-arken-hotell-spa-4300-900x601.jpg 900w, https:\/\/arkenhotel.com\/wp-content\/uploads\/sites\/5\/2025\/04\/08_innanskaret-konferens-lokal-arken-hotell-spa-4300-400x267.jpg 400w, https:\/\/arkenhotel.com\/wp-content\/uploads\/sites\/5\/2025\/04\/08_innanskaret-konferens-lokal-arken-hotell-spa-4300-600x401.jpg 600w, https:\/\/arkenhotel.com\/wp-content\/uploads\/sites\/5\/2025\/04\/08_innanskaret-konferens-lokal-arken-hotell-spa-4300-700x467.jpg 700w, https:\/\/arkenhotel.com\/wp-content\/uploads\/sites\/5\/2025\/04\/08_innanskaret-konferens-lokal-arken-hotell-spa-4300-800x534.jpg 800w, https:\/\/arkenhotel.com\/wp-content\/uploads\/sites\/5\/2025\/04\/08_innanskaret-konferens-lokal-arken-hotell-spa-4300-1000x668.jpg 1000w, https:\/\/arkenhotel.com\/wp-content\/uploads\/sites\/5\/2025\/04\/08_innanskaret-konferens-lokal-arken-hotell-spa-4300-1100x734.jpg 1100w, https:\/\/arkenhotel.com\/wp-content\/uploads\/sites\/5\/2025\/04\/08_innanskaret-konferens-lokal-arken-hotell-spa-4300-1280x855.jpg 1280w, https:\/\/arkenhotel.com\/wp-content\/uploads\/sites\/5\/2025\/04\/08_innanskaret-konferens-lokal-arken-hotell-spa-4300-1920x1282.jpg 1920w, https:\/\/arkenhotel.com\/wp-content\/uploads\/sites\/5\/2025\/04\/08_innanskaret-konferens-lokal-arken-hotell-spa-4300-768x513.jpg 768w, https:\/\/arkenhotel.com\/wp-content\/uploads\/sites\/5\/2025\/04\/08_innanskaret-konferens-lokal-arken-hotell-spa-4300-1536x1026.jpg 1536w, https:\/\/arkenhotel.com\/wp-content\/uploads\/sites\/5\/2025\/04\/08_innanskaret-konferens-lokal-arken-hotell-spa-4300-2048x1367.jpg 2048w, https:\/\/arkenhotel.com\/wp-content\/uploads\/sites\/5\/2025\/04\/08_innanskaret-konferens-lokal-arken-hotell-spa-4300-scaled.jpg 1617w\" alt=\"INNANSK\u00c4RET\" class=\"\" \/>\n            <\/div>\n                  <div class=\"content-wrapper\">\n            <div class=\"post-title-capacity\">\n                                 <h3 class=\"wp-block-heading post-title\">INNANSK\u00c4RET<\/h3>\n                                                <p class=\"post-capacity\">8 pers.<\/p>\n                           <\/div>\n                           <p class=\"post-subheading\">Innansk\u00e4ret is one of 8 group rooms with boardroom seating for up to 8 people. <\/p>\n                     <\/div>\n                     <div class=\"btn-wrapper\">\n               <button class=\"post-btn wp-block-button__link wp-element-button\">\n                  <div class=\"post-btn-closed\">\n                     Read more                     <svg width=\"10\" height=\"10\" viewBox=\"0 0 10 10\" fill=\"none\" xmlns=\"http:\/\/www.w3.org\/2000\/svg\">\n                        <path d=\"M10 2.66038L5 8L-4.8687e-07 2.66038L0.627207 2L5 6.66981L9.37279 2L10 2.66038Z\" fill=\"currentcolor\" \/>\n                     <\/svg>\n                  <\/div>\n                  <div class=\"post-btn-open\">\n                     Close                     <svg width=\"10\" height=\"10\" viewBox=\"0 0 10 10\" fill=\"none\" xmlns=\"http:\/\/www.w3.org\/2000\/svg\">\n                        <path d=\"M0.561192 10L0 9.43881L4.43881 5L0 0.561192L0.561192 0L5 4.43881L9.43881 0L10 0.561192L5.56119 5L10 9.43881L9.43881 10L5 5.56119L0.561192 10Z\" fill=\"currentcolor\" \/>\n                     <\/svg>\n                  <\/div>\n               <\/button>\n            <\/div>\n                  <div class=\"post-dropdown-content\" data-post-id=\"30864\">\n            <div class=\"post-dropdown-content-inner\">\n               \n<div class=\"wp-block-columns has-base-background-color has-background is-layout-flex wp-container-core-columns-is-layout-a864abb7 wp-block-columns-is-layout-flex\" style=\"padding-top:0;padding-right:0;padding-bottom:0;padding-left:0\">\n<div class=\"wp-block-column is-vertically-aligned-top has-small-font-size is-layout-flow wp-container-core-column-is-layout-6073293c wp-block-column-is-layout-flow\" style=\"flex-basis:500px\">\n<div class=\"wp-block-group is-content-justification-space-between is-nowrap is-layout-flex wp-container-core-group-is-layout-63c1e1a1 wp-block-group-is-layout-flex\">\n<h3 class=\"wp-block-heading\">INSIDE CORE<\/h3>\n\n\n\n<p class=\"has-contrast-color has-text-color has-link-color has-medium-font-size wp-elements-1889282f855cbc7fd727101eeb3cc6d4\">8 pers.<\/p>\n<\/div>\n\n\n\n<p>Innansk\u00e4ret is one of 8 group rooms with boardroom seating for up to 8 people. All are equipped for maximum comfort, with ergonomic chairs, generous writing boards and adjustable lighting.  <\/p>\n\n\n\n<div class=\"wp-block-buttons is-layout-flex wp-block-buttons-is-layout-flex\">\n<div class=\"wp-block-button\" style=\"--hover-background-color:var(--wp--preset--color--contrast);--hover-text-color:var(--wp--preset--color--base);--hover-border-color:var(--wp--preset--color--contrast);--active-background-color:var(--wp--preset--color--color-3);--active-text-color:var(--wp--preset--color--base);--active-border-color:var(--wp--preset--color--color-3);--focus-background-color:var(--wp--preset--color--contrast);--focus-text-color:var(--wp--preset--color--base);--focus-border-color:var(--wp--preset--color--contrast);--disabled-background-color:var(--wp--preset--color--color-2);--disabled-text-color:var(--wp--preset--color--black);--disabled-border-color:var(--wp--preset--color--color-2)\"><a class=\"wp-block-button__link wp-element-button\" href=\"https:\/\/arkenhotel.com\/en\/meetings-events\/venues\/#kontakt\">SEND A BOOKING INQUIRY<\/a><\/div>\n<\/div>\n\n\n\n<div class=\"wp-block-group is-vertical is-layout-flex wp-container-core-group-is-layout-9f8fc9c8 wp-block-group-is-layout-flex\">\n<p style=\"font-style:normal;font-weight:500\">Equipment on the premises:<\/p>\n\n\n\n<ul class=\"wp-block-list is-style-checklist is-style-checklist--22\">\n<li>Whiteboards<\/li>\n\n\n\n<li>TV<\/li>\n\n\n\n<li>Flipchart<\/li>\n\n\n\n<li>Fixed and wireless broadband access<\/li>\n\n\n\n<li>Windows facing orangery\/atrium house<\/li>\n<\/ul>\n<\/div>\n\n\n\n<div class=\"wp-block-group is-vertical is-layout-flex wp-container-core-group-is-layout-9f8fc9c8 wp-block-group-is-layout-flex\">\n<p style=\"font-style:normal;font-weight:500\">Facts:<\/p>\n\n\n\n<p class=\"has-x-small-font-size\">Surface area: 14 sqm<\/p>\n\n\n\n<p class=\"has-x-small-font-size\">Maximum number: 8 pers.<\/p>\n<\/div>\n\n\n\n<div class=\"wp-block-group is-vertical is-layout-flex wp-container-core-group-is-layout-9f8fc9c8 wp-block-group-is-layout-flex\">\n<p style=\"font-style:normal;font-weight:500\">Seatings:<\/p>\n\n\n\n<p class=\"has-x-small-font-size\">Board seating &#8211; 8 pers.<\/p>\n\n\n\n<p class=\"has-x-small-font-size\"><\/p>\n\n\n\n<p class=\"has-x-small-font-size\"><\/p>\n<\/div>\n<\/div>\n\n\n\n<div class=\"wp-block-column is-vertically-aligned-top is-layout-flow wp-block-column-is-layout-flow\" style=\"flex-basis:66.66%\"><div data-block-id=\"4e6a6933-c609-4c49-a87e-7b92feb82710\" class=\"wp-block-content-grid block-editor-block-list__block wp-block wp-block-tiburon-content-grid columns-l-1 columns-m-1 columns-s-1 layout-default slider-on-l slider-on-m slider-on-s column-gap-0\">\n   \n\n<div class=\"wp-block-group has-global-padding is-layout-constrained wp-container-core-group-is-layout-7db9d80f wp-block-group-is-layout-constrained\" style=\"padding-right:0;padding-left:0\">\n<figure class=\"wp-block-image size-large\"><img loading=\"lazy\" decoding=\"async\" width=\"900\" height=\"601\" src=\"https:\/\/arkenhotel.com\/wp-content\/uploads\/sites\/5\/2025\/04\/08_innanskaret-konferens-lokal-arken-hotell-spa-4300-900x601.jpg\" alt=\"Innansk&#xE4;ret - a group room for up to 8 people.\" class=\"wp-image-25811\" srcset=\"https:\/\/arkenhotel.com\/wp-content\/uploads\/sites\/5\/2025\/04\/08_innanskaret-konferens-lokal-arken-hotell-spa-4300-900x601.jpg 900w, https:\/\/arkenhotel.com\/wp-content\/uploads\/sites\/5\/2025\/04\/08_innanskaret-konferens-lokal-arken-hotell-spa-4300-400x267.jpg 400w, https:\/\/arkenhotel.com\/wp-content\/uploads\/sites\/5\/2025\/04\/08_innanskaret-konferens-lokal-arken-hotell-spa-4300-600x401.jpg 600w, https:\/\/arkenhotel.com\/wp-content\/uploads\/sites\/5\/2025\/04\/08_innanskaret-konferens-lokal-arken-hotell-spa-4300-700x467.jpg 700w, https:\/\/arkenhotel.com\/wp-content\/uploads\/sites\/5\/2025\/04\/08_innanskaret-konferens-lokal-arken-hotell-spa-4300-800x534.jpg 800w, https:\/\/arkenhotel.com\/wp-content\/uploads\/sites\/5\/2025\/04\/08_innanskaret-konferens-lokal-arken-hotell-spa-4300-1000x668.jpg 1000w, https:\/\/arkenhotel.com\/wp-content\/uploads\/sites\/5\/2025\/04\/08_innanskaret-konferens-lokal-arken-hotell-spa-4300-1100x734.jpg 1100w, https:\/\/arkenhotel.com\/wp-content\/uploads\/sites\/5\/2025\/04\/08_innanskaret-konferens-lokal-arken-hotell-spa-4300-1280x855.jpg 1280w, https:\/\/arkenhotel.com\/wp-content\/uploads\/sites\/5\/2025\/04\/08_innanskaret-konferens-lokal-arken-hotell-spa-4300-1920x1282.jpg 1920w, https:\/\/arkenhotel.com\/wp-content\/uploads\/sites\/5\/2025\/04\/08_innanskaret-konferens-lokal-arken-hotell-spa-4300-768x513.jpg 768w, https:\/\/arkenhotel.com\/wp-content\/uploads\/sites\/5\/2025\/04\/08_innanskaret-konferens-lokal-arken-hotell-spa-4300-1536x1026.jpg 1536w, https:\/\/arkenhotel.com\/wp-content\/uploads\/sites\/5\/2025\/04\/08_innanskaret-konferens-lokal-arken-hotell-spa-4300-2048x1367.jpg 2048w, https:\/\/arkenhotel.com\/wp-content\/uploads\/sites\/5\/2025\/04\/08_innanskaret-konferens-lokal-arken-hotell-spa-4300-scaled.jpg 1617w\" sizes=\"auto, (max-width: 900px) 100vw, 900px\" \/><\/figure>\n<\/div>\n\n\n\n<div class=\"wp-block-group has-global-padding is-layout-constrained wp-container-core-group-is-layout-7db9d80f wp-block-group-is-layout-constrained\" style=\"padding-right:0;padding-left:0\">\n<figure class=\"wp-block-image size-large\"><img loading=\"lazy\" decoding=\"async\" width=\"900\" height=\"601\" src=\"https:\/\/arkenhotel.com\/wp-content\/uploads\/sites\/5\/2025\/04\/08_innanskaret-konferens-lokal-arken-hotell-spa-4298-900x601.jpg\" alt=\"Innansk&#xE4;ret - a group room at Arken Hotel &amp;amp; Art Garden Spa\" class=\"wp-image-25810\" srcset=\"https:\/\/arkenhotel.com\/wp-content\/uploads\/sites\/5\/2025\/04\/08_innanskaret-konferens-lokal-arken-hotell-spa-4298-900x601.jpg 900w, https:\/\/arkenhotel.com\/wp-content\/uploads\/sites\/5\/2025\/04\/08_innanskaret-konferens-lokal-arken-hotell-spa-4298-400x267.jpg 400w, https:\/\/arkenhotel.com\/wp-content\/uploads\/sites\/5\/2025\/04\/08_innanskaret-konferens-lokal-arken-hotell-spa-4298-600x400.jpg 600w, https:\/\/arkenhotel.com\/wp-content\/uploads\/sites\/5\/2025\/04\/08_innanskaret-konferens-lokal-arken-hotell-spa-4298-700x467.jpg 700w, https:\/\/arkenhotel.com\/wp-content\/uploads\/sites\/5\/2025\/04\/08_innanskaret-konferens-lokal-arken-hotell-spa-4298-800x534.jpg 800w, https:\/\/arkenhotel.com\/wp-content\/uploads\/sites\/5\/2025\/04\/08_innanskaret-konferens-lokal-arken-hotell-spa-4298-1000x667.jpg 1000w, https:\/\/arkenhotel.com\/wp-content\/uploads\/sites\/5\/2025\/04\/08_innanskaret-konferens-lokal-arken-hotell-spa-4298-1100x734.jpg 1100w, https:\/\/arkenhotel.com\/wp-content\/uploads\/sites\/5\/2025\/04\/08_innanskaret-konferens-lokal-arken-hotell-spa-4298-1280x854.jpg 1280w, https:\/\/arkenhotel.com\/wp-content\/uploads\/sites\/5\/2025\/04\/08_innanskaret-konferens-lokal-arken-hotell-spa-4298-768x513.jpg 768w, https:\/\/arkenhotel.com\/wp-content\/uploads\/sites\/5\/2025\/04\/08_innanskaret-konferens-lokal-arken-hotell-spa-4298-1536x1025.jpg 1536w, https:\/\/arkenhotel.com\/wp-content\/uploads\/sites\/5\/2025\/04\/08_innanskaret-konferens-lokal-arken-hotell-spa-4298.jpg 1618w\" sizes=\"auto, (max-width: 900px) 100vw, 900px\" \/><\/figure>\n<\/div>\n\n\n\n<div class=\"wp-block-group has-global-padding is-layout-constrained wp-container-core-group-is-layout-7db9d80f wp-block-group-is-layout-constrained\" style=\"padding-right:0;padding-left:0\">\n<figure class=\"wp-block-image size-large\"><img loading=\"lazy\" decoding=\"async\" width=\"900\" height=\"601\" src=\"https:\/\/arkenhotel.com\/wp-content\/uploads\/sites\/5\/2025\/04\/08_innanskaret-konferens-lokal-arken-hotell-spa-4312-900x601.jpg\" alt=\"Innansk&#xE4;ret is a group room for small meetings\" class=\"wp-image-25812\" srcset=\"https:\/\/arkenhotel.com\/wp-content\/uploads\/sites\/5\/2025\/04\/08_innanskaret-konferens-lokal-arken-hotell-spa-4312-900x601.jpg 900w, https:\/\/arkenhotel.com\/wp-content\/uploads\/sites\/5\/2025\/04\/08_innanskaret-konferens-lokal-arken-hotell-spa-4312-400x267.jpg 400w, https:\/\/arkenhotel.com\/wp-content\/uploads\/sites\/5\/2025\/04\/08_innanskaret-konferens-lokal-arken-hotell-spa-4312-600x400.jpg 600w, https:\/\/arkenhotel.com\/wp-content\/uploads\/sites\/5\/2025\/04\/08_innanskaret-konferens-lokal-arken-hotell-spa-4312-700x467.jpg 700w, https:\/\/arkenhotel.com\/wp-content\/uploads\/sites\/5\/2025\/04\/08_innanskaret-konferens-lokal-arken-hotell-spa-4312-800x534.jpg 800w, https:\/\/arkenhotel.com\/wp-content\/uploads\/sites\/5\/2025\/04\/08_innanskaret-konferens-lokal-arken-hotell-spa-4312-1000x667.jpg 1000w, https:\/\/arkenhotel.com\/wp-content\/uploads\/sites\/5\/2025\/04\/08_innanskaret-konferens-lokal-arken-hotell-spa-4312-1100x734.jpg 1100w, https:\/\/arkenhotel.com\/wp-content\/uploads\/sites\/5\/2025\/04\/08_innanskaret-konferens-lokal-arken-hotell-spa-4312-1280x854.jpg 1280w, https:\/\/arkenhotel.com\/wp-content\/uploads\/sites\/5\/2025\/04\/08_innanskaret-konferens-lokal-arken-hotell-spa-4312-768x513.jpg 768w, https:\/\/arkenhotel.com\/wp-content\/uploads\/sites\/5\/2025\/04\/08_innanskaret-konferens-lokal-arken-hotell-spa-4312-1536x1025.jpg 1536w, https:\/\/arkenhotel.com\/wp-content\/uploads\/sites\/5\/2025\/04\/08_innanskaret-konferens-lokal-arken-hotell-spa-4312.jpg 1618w\" sizes=\"auto, (max-width: 900px) 100vw, 900px\" \/><\/figure>\n<\/div>\n\n\n\n<div class=\"wp-block-group has-global-padding is-layout-constrained wp-container-core-group-is-layout-7db9d80f wp-block-group-is-layout-constrained\" style=\"padding-right:0;padding-left:0\">\n<figure class=\"wp-block-image size-large\"><img loading=\"lazy\" decoding=\"async\" width=\"900\" height=\"601\" src=\"https:\/\/arkenhotel.com\/wp-content\/uploads\/sites\/5\/2025\/04\/08_innanskaret-konferens-lokal-arken-hotell-spa-2-4357-900x601.jpg\" alt=\"Cozy group room with view of the orangery\" class=\"wp-image-25807\" srcset=\"https:\/\/arkenhotel.com\/wp-content\/uploads\/sites\/5\/2025\/04\/08_innanskaret-konferens-lokal-arken-hotell-spa-2-4357-900x601.jpg 900w, https:\/\/arkenhotel.com\/wp-content\/uploads\/sites\/5\/2025\/04\/08_innanskaret-konferens-lokal-arken-hotell-spa-2-4357-400x267.jpg 400w, https:\/\/arkenhotel.com\/wp-content\/uploads\/sites\/5\/2025\/04\/08_innanskaret-konferens-lokal-arken-hotell-spa-2-4357-600x400.jpg 600w, https:\/\/arkenhotel.com\/wp-content\/uploads\/sites\/5\/2025\/04\/08_innanskaret-konferens-lokal-arken-hotell-spa-2-4357-700x467.jpg 700w, https:\/\/arkenhotel.com\/wp-content\/uploads\/sites\/5\/2025\/04\/08_innanskaret-konferens-lokal-arken-hotell-spa-2-4357-800x534.jpg 800w, https:\/\/arkenhotel.com\/wp-content\/uploads\/sites\/5\/2025\/04\/08_innanskaret-konferens-lokal-arken-hotell-spa-2-4357-1000x667.jpg 1000w, https:\/\/arkenhotel.com\/wp-content\/uploads\/sites\/5\/2025\/04\/08_innanskaret-konferens-lokal-arken-hotell-spa-2-4357-1100x734.jpg 1100w, https:\/\/arkenhotel.com\/wp-content\/uploads\/sites\/5\/2025\/04\/08_innanskaret-konferens-lokal-arken-hotell-spa-2-4357-1280x854.jpg 1280w, https:\/\/arkenhotel.com\/wp-content\/uploads\/sites\/5\/2025\/04\/08_innanskaret-konferens-lokal-arken-hotell-spa-2-4357-768x513.jpg 768w, https:\/\/arkenhotel.com\/wp-content\/uploads\/sites\/5\/2025\/04\/08_innanskaret-konferens-lokal-arken-hotell-spa-2-4357-1536x1025.jpg 1536w, https:\/\/arkenhotel.com\/wp-content\/uploads\/sites\/5\/2025\/04\/08_innanskaret-konferens-lokal-arken-hotell-spa-2-4357.jpg 1618w\" sizes=\"auto, (max-width: 900px) 100vw, 900px\" \/><\/figure>\n<\/div>\n\n<\/div><!DOCTYPE html PUBLIC \"-\/\/W3C\/\/DTD HTML 4.0 Transitional\/\/EN\" \"http:\/\/www.w3.org\/TR\/REC-html40\/loose.dtd\">\n<html><body><swiper-container init=\"false\" data-slides-per-view-l=\"1\" data-slides-per-view-m=\"1\" data-slides-per-view-s=\"1\" data-show-next=\"\" data-width-auto=\"0\" data-columns-gap=\"0\" data-show-navigation=\"1\" pagination-type=\"fraction\" data-pagination-version=\"first\" data-nav-bg-color=\"var(--wp--preset--color--contrast)\" data-nav-arrow-color=\"var(--wp--preset--color--base)\" class=\"wp-block-content-grid-slider slider-l slider-m slider-s\"><swiper-slide><div class=\"wp-block-group has-global-padding is-layout-constrained wp-container-core-group-is-layout-7db9d80f wp-block-group-is-layout-constrained\" style=\"padding-right:0;padding-left:0\">\n<figure class=\"wp-block-image size-large\"><img loading=\"lazy\" decoding=\"async\" width=\"900\" height=\"601\" src=\"https:\/\/arkenhotel.com\/wp-content\/uploads\/sites\/5\/2025\/04\/08_innanskaret-konferens-lokal-arken-hotell-spa-4300-900x601.jpg\" alt=\"Innansk&auml;ret - a group room for up to 8 people.\" class=\"wp-image-25811\" srcset=\"https:\/\/arkenhotel.com\/wp-content\/uploads\/sites\/5\/2025\/04\/08_innanskaret-konferens-lokal-arken-hotell-spa-4300-900x601.jpg 900w, https:\/\/arkenhotel.com\/wp-content\/uploads\/sites\/5\/2025\/04\/08_innanskaret-konferens-lokal-arken-hotell-spa-4300-400x267.jpg 400w, https:\/\/arkenhotel.com\/wp-content\/uploads\/sites\/5\/2025\/04\/08_innanskaret-konferens-lokal-arken-hotell-spa-4300-600x401.jpg 600w, https:\/\/arkenhotel.com\/wp-content\/uploads\/sites\/5\/2025\/04\/08_innanskaret-konferens-lokal-arken-hotell-spa-4300-700x467.jpg 700w, https:\/\/arkenhotel.com\/wp-content\/uploads\/sites\/5\/2025\/04\/08_innanskaret-konferens-lokal-arken-hotell-spa-4300-800x534.jpg 800w, https:\/\/arkenhotel.com\/wp-content\/uploads\/sites\/5\/2025\/04\/08_innanskaret-konferens-lokal-arken-hotell-spa-4300-1000x668.jpg 1000w, https:\/\/arkenhotel.com\/wp-content\/uploads\/sites\/5\/2025\/04\/08_innanskaret-konferens-lokal-arken-hotell-spa-4300-1100x734.jpg 1100w, https:\/\/arkenhotel.com\/wp-content\/uploads\/sites\/5\/2025\/04\/08_innanskaret-konferens-lokal-arken-hotell-spa-4300-1280x855.jpg 1280w, https:\/\/arkenhotel.com\/wp-content\/uploads\/sites\/5\/2025\/04\/08_innanskaret-konferens-lokal-arken-hotell-spa-4300-1920x1282.jpg 1920w, https:\/\/arkenhotel.com\/wp-content\/uploads\/sites\/5\/2025\/04\/08_innanskaret-konferens-lokal-arken-hotell-spa-4300-768x513.jpg 768w, https:\/\/arkenhotel.com\/wp-content\/uploads\/sites\/5\/2025\/04\/08_innanskaret-konferens-lokal-arken-hotell-spa-4300-1536x1026.jpg 1536w, https:\/\/arkenhotel.com\/wp-content\/uploads\/sites\/5\/2025\/04\/08_innanskaret-konferens-lokal-arken-hotell-spa-4300-2048x1367.jpg 2048w, https:\/\/arkenhotel.com\/wp-content\/uploads\/sites\/5\/2025\/04\/08_innanskaret-konferens-lokal-arken-hotell-spa-4300-scaled.jpg 1617w\" sizes=\"auto, (max-width: 900px) 100vw, 900px\" \/><\/figure>\n<\/div><\/swiper-slide><swiper-slide><div class=\"wp-block-group has-global-padding is-layout-constrained wp-container-core-group-is-layout-7db9d80f wp-block-group-is-layout-constrained\" style=\"padding-right:0;padding-left:0\">\n<figure class=\"wp-block-image size-large\"><img loading=\"lazy\" decoding=\"async\" width=\"900\" height=\"601\" src=\"https:\/\/arkenhotel.com\/wp-content\/uploads\/sites\/5\/2025\/04\/08_innanskaret-konferens-lokal-arken-hotell-spa-4298-900x601.jpg\" alt=\"Innansk&auml;ret - a group room at Arken Hotel &amp;amp; Art Garden Spa\" class=\"wp-image-25810\" srcset=\"https:\/\/arkenhotel.com\/wp-content\/uploads\/sites\/5\/2025\/04\/08_innanskaret-konferens-lokal-arken-hotell-spa-4298-900x601.jpg 900w, https:\/\/arkenhotel.com\/wp-content\/uploads\/sites\/5\/2025\/04\/08_innanskaret-konferens-lokal-arken-hotell-spa-4298-400x267.jpg 400w, https:\/\/arkenhotel.com\/wp-content\/uploads\/sites\/5\/2025\/04\/08_innanskaret-konferens-lokal-arken-hotell-spa-4298-600x400.jpg 600w, https:\/\/arkenhotel.com\/wp-content\/uploads\/sites\/5\/2025\/04\/08_innanskaret-konferens-lokal-arken-hotell-spa-4298-700x467.jpg 700w, https:\/\/arkenhotel.com\/wp-content\/uploads\/sites\/5\/2025\/04\/08_innanskaret-konferens-lokal-arken-hotell-spa-4298-800x534.jpg 800w, https:\/\/arkenhotel.com\/wp-content\/uploads\/sites\/5\/2025\/04\/08_innanskaret-konferens-lokal-arken-hotell-spa-4298-1000x667.jpg 1000w, https:\/\/arkenhotel.com\/wp-content\/uploads\/sites\/5\/2025\/04\/08_innanskaret-konferens-lokal-arken-hotell-spa-4298-1100x734.jpg 1100w, https:\/\/arkenhotel.com\/wp-content\/uploads\/sites\/5\/2025\/04\/08_innanskaret-konferens-lokal-arken-hotell-spa-4298-1280x854.jpg 1280w, https:\/\/arkenhotel.com\/wp-content\/uploads\/sites\/5\/2025\/04\/08_innanskaret-konferens-lokal-arken-hotell-spa-4298-768x513.jpg 768w, https:\/\/arkenhotel.com\/wp-content\/uploads\/sites\/5\/2025\/04\/08_innanskaret-konferens-lokal-arken-hotell-spa-4298-1536x1025.jpg 1536w, https:\/\/arkenhotel.com\/wp-content\/uploads\/sites\/5\/2025\/04\/08_innanskaret-konferens-lokal-arken-hotell-spa-4298.jpg 1618w\" sizes=\"auto, (max-width: 900px) 100vw, 900px\" \/><\/figure>\n<\/div><\/swiper-slide><swiper-slide><div class=\"wp-block-group has-global-padding is-layout-constrained wp-container-core-group-is-layout-7db9d80f wp-block-group-is-layout-constrained\" style=\"padding-right:0;padding-left:0\">\n<figure class=\"wp-block-image size-large\"><img loading=\"lazy\" decoding=\"async\" width=\"900\" height=\"601\" src=\"https:\/\/arkenhotel.com\/wp-content\/uploads\/sites\/5\/2025\/04\/08_innanskaret-konferens-lokal-arken-hotell-spa-4312-900x601.jpg\" alt=\"Innansk&auml;ret is a group room for small meetings\" class=\"wp-image-25812\" srcset=\"https:\/\/arkenhotel.com\/wp-content\/uploads\/sites\/5\/2025\/04\/08_innanskaret-konferens-lokal-arken-hotell-spa-4312-900x601.jpg 900w, https:\/\/arkenhotel.com\/wp-content\/uploads\/sites\/5\/2025\/04\/08_innanskaret-konferens-lokal-arken-hotell-spa-4312-400x267.jpg 400w, https:\/\/arkenhotel.com\/wp-content\/uploads\/sites\/5\/2025\/04\/08_innanskaret-konferens-lokal-arken-hotell-spa-4312-600x400.jpg 600w, https:\/\/arkenhotel.com\/wp-content\/uploads\/sites\/5\/2025\/04\/08_innanskaret-konferens-lokal-arken-hotell-spa-4312-700x467.jpg 700w, https:\/\/arkenhotel.com\/wp-content\/uploads\/sites\/5\/2025\/04\/08_innanskaret-konferens-lokal-arken-hotell-spa-4312-800x534.jpg 800w, https:\/\/arkenhotel.com\/wp-content\/uploads\/sites\/5\/2025\/04\/08_innanskaret-konferens-lokal-arken-hotell-spa-4312-1000x667.jpg 1000w, https:\/\/arkenhotel.com\/wp-content\/uploads\/sites\/5\/2025\/04\/08_innanskaret-konferens-lokal-arken-hotell-spa-4312-1100x734.jpg 1100w, https:\/\/arkenhotel.com\/wp-content\/uploads\/sites\/5\/2025\/04\/08_innanskaret-konferens-lokal-arken-hotell-spa-4312-1280x854.jpg 1280w, https:\/\/arkenhotel.com\/wp-content\/uploads\/sites\/5\/2025\/04\/08_innanskaret-konferens-lokal-arken-hotell-spa-4312-768x513.jpg 768w, https:\/\/arkenhotel.com\/wp-content\/uploads\/sites\/5\/2025\/04\/08_innanskaret-konferens-lokal-arken-hotell-spa-4312-1536x1025.jpg 1536w, https:\/\/arkenhotel.com\/wp-content\/uploads\/sites\/5\/2025\/04\/08_innanskaret-konferens-lokal-arken-hotell-spa-4312.jpg 1618w\" sizes=\"auto, (max-width: 900px) 100vw, 900px\" \/><\/figure>\n<\/div><\/swiper-slide><swiper-slide><div class=\"wp-block-group has-global-padding is-layout-constrained wp-container-core-group-is-layout-7db9d80f wp-block-group-is-layout-constrained\" style=\"padding-right:0;padding-left:0\">\n<figure class=\"wp-block-image size-large\"><img loading=\"lazy\" decoding=\"async\" width=\"900\" height=\"601\" src=\"https:\/\/arkenhotel.com\/wp-content\/uploads\/sites\/5\/2025\/04\/08_innanskaret-konferens-lokal-arken-hotell-spa-2-4357-900x601.jpg\" alt=\"Cozy group room with view of the orangery\" class=\"wp-image-25807\" srcset=\"https:\/\/arkenhotel.com\/wp-content\/uploads\/sites\/5\/2025\/04\/08_innanskaret-konferens-lokal-arken-hotell-spa-2-4357-900x601.jpg 900w, https:\/\/arkenhotel.com\/wp-content\/uploads\/sites\/5\/2025\/04\/08_innanskaret-konferens-lokal-arken-hotell-spa-2-4357-400x267.jpg 400w, https:\/\/arkenhotel.com\/wp-content\/uploads\/sites\/5\/2025\/04\/08_innanskaret-konferens-lokal-arken-hotell-spa-2-4357-600x400.jpg 600w, https:\/\/arkenhotel.com\/wp-content\/uploads\/sites\/5\/2025\/04\/08_innanskaret-konferens-lokal-arken-hotell-spa-2-4357-700x467.jpg 700w, https:\/\/arkenhotel.com\/wp-content\/uploads\/sites\/5\/2025\/04\/08_innanskaret-konferens-lokal-arken-hotell-spa-2-4357-800x534.jpg 800w, https:\/\/arkenhotel.com\/wp-content\/uploads\/sites\/5\/2025\/04\/08_innanskaret-konferens-lokal-arken-hotell-spa-2-4357-1000x667.jpg 1000w, https:\/\/arkenhotel.com\/wp-content\/uploads\/sites\/5\/2025\/04\/08_innanskaret-konferens-lokal-arken-hotell-spa-2-4357-1100x734.jpg 1100w, https:\/\/arkenhotel.com\/wp-content\/uploads\/sites\/5\/2025\/04\/08_innanskaret-konferens-lokal-arken-hotell-spa-2-4357-1280x854.jpg 1280w, https:\/\/arkenhotel.com\/wp-content\/uploads\/sites\/5\/2025\/04\/08_innanskaret-konferens-lokal-arken-hotell-spa-2-4357-768x513.jpg 768w, https:\/\/arkenhotel.com\/wp-content\/uploads\/sites\/5\/2025\/04\/08_innanskaret-konferens-lokal-arken-hotell-spa-2-4357-1536x1025.jpg 1536w, https:\/\/arkenhotel.com\/wp-content\/uploads\/sites\/5\/2025\/04\/08_innanskaret-konferens-lokal-arken-hotell-spa-2-4357.jpg 1618w\" sizes=\"auto, (max-width: 900px) 100vw, 900px\" \/><\/figure>\n<\/div><\/swiper-slide><\/swiper-container><\/body><\/html>\n<\/div>\n<\/div>\n\n<p><\/p>\n            <\/div>\n         <\/div>\n      <\/div>\n         <div class=\" post-card\" data-post-id=\"30870\" data-post-slug=\"jollen\">\n                     <div class=\"image-wrapper\">\n               <img decoding=\"async\" src=\"https:\/\/arkenhotel.com\/wp-content\/uploads\/sites\/5\/2025\/04\/9_jollen-konferens-lokaler-arken-7450-900x601.jpg\" srcset=\"https:\/\/arkenhotel.com\/wp-content\/uploads\/sites\/5\/2025\/04\/9_jollen-konferens-lokaler-arken-7450-900x601.jpg 900w, https:\/\/arkenhotel.com\/wp-content\/uploads\/sites\/5\/2025\/04\/9_jollen-konferens-lokaler-arken-7450-400x267.jpg 400w, https:\/\/arkenhotel.com\/wp-content\/uploads\/sites\/5\/2025\/04\/9_jollen-konferens-lokaler-arken-7450-600x401.jpg 600w, https:\/\/arkenhotel.com\/wp-content\/uploads\/sites\/5\/2025\/04\/9_jollen-konferens-lokaler-arken-7450-700x467.jpg 700w, https:\/\/arkenhotel.com\/wp-content\/uploads\/sites\/5\/2025\/04\/9_jollen-konferens-lokaler-arken-7450-800x534.jpg 800w, https:\/\/arkenhotel.com\/wp-content\/uploads\/sites\/5\/2025\/04\/9_jollen-konferens-lokaler-arken-7450-1000x668.jpg 1000w, https:\/\/arkenhotel.com\/wp-content\/uploads\/sites\/5\/2025\/04\/9_jollen-konferens-lokaler-arken-7450-1100x734.jpg 1100w, https:\/\/arkenhotel.com\/wp-content\/uploads\/sites\/5\/2025\/04\/9_jollen-konferens-lokaler-arken-7450-1280x855.jpg 1280w, https:\/\/arkenhotel.com\/wp-content\/uploads\/sites\/5\/2025\/04\/9_jollen-konferens-lokaler-arken-7450-1920x1282.jpg 1920w, https:\/\/arkenhotel.com\/wp-content\/uploads\/sites\/5\/2025\/04\/9_jollen-konferens-lokaler-arken-7450-768x513.jpg 768w, https:\/\/arkenhotel.com\/wp-content\/uploads\/sites\/5\/2025\/04\/9_jollen-konferens-lokaler-arken-7450-1536x1026.jpg 1536w, https:\/\/arkenhotel.com\/wp-content\/uploads\/sites\/5\/2025\/04\/9_jollen-konferens-lokaler-arken-7450-2048x1367.jpg 2048w, https:\/\/arkenhotel.com\/wp-content\/uploads\/sites\/5\/2025\/04\/9_jollen-konferens-lokaler-arken-7450-scaled.jpg 1617w\" alt=\"JOLLEN\" class=\"\" \/>\n            <\/div>\n                  <div class=\"content-wrapper\">\n            <div class=\"post-title-capacity\">\n                                 <h3 class=\"wp-block-heading post-title\">JOLLEN<\/h3>\n                                                <p class=\"post-capacity\">8 pers.<\/p>\n                           <\/div>\n                           <p class=\"post-subheading\">Jollen is one of 8 group rooms with boardroom seating for up to 8 people. <\/p>\n                     <\/div>\n                     <div class=\"btn-wrapper\">\n               <button class=\"post-btn wp-block-button__link wp-element-button\">\n                  <div class=\"post-btn-closed\">\n                     Read more                     <svg width=\"10\" height=\"10\" viewBox=\"0 0 10 10\" fill=\"none\" xmlns=\"http:\/\/www.w3.org\/2000\/svg\">\n                        <path d=\"M10 2.66038L5 8L-4.8687e-07 2.66038L0.627207 2L5 6.66981L9.37279 2L10 2.66038Z\" fill=\"currentcolor\" \/>\n                     <\/svg>\n                  <\/div>\n                  <div class=\"post-btn-open\">\n                     Close                     <svg width=\"10\" height=\"10\" viewBox=\"0 0 10 10\" fill=\"none\" xmlns=\"http:\/\/www.w3.org\/2000\/svg\">\n                        <path d=\"M0.561192 10L0 9.43881L4.43881 5L0 0.561192L0.561192 0L5 4.43881L9.43881 0L10 0.561192L5.56119 5L10 9.43881L9.43881 10L5 5.56119L0.561192 10Z\" fill=\"currentcolor\" \/>\n                     <\/svg>\n                  <\/div>\n               <\/button>\n            <\/div>\n                  <div class=\"post-dropdown-content\" data-post-id=\"30870\">\n            <div class=\"post-dropdown-content-inner\">\n               \n<div class=\"wp-block-columns has-base-background-color has-background is-layout-flex wp-container-core-columns-is-layout-a864abb7 wp-block-columns-is-layout-flex\" style=\"padding-top:0;padding-right:0;padding-bottom:0;padding-left:0\">\n<div class=\"wp-block-column is-vertically-aligned-top has-small-font-size is-layout-flow wp-container-core-column-is-layout-6073293c wp-block-column-is-layout-flow\" style=\"flex-basis:500px\">\n<div class=\"wp-block-group is-content-justification-space-between is-nowrap is-layout-flex wp-container-core-group-is-layout-63c1e1a1 wp-block-group-is-layout-flex\">\n<h3 class=\"wp-block-heading\">JOLLEN<\/h3>\n\n\n\n<p class=\"has-contrast-color has-text-color has-link-color has-medium-font-size wp-elements-1889282f855cbc7fd727101eeb3cc6d4\">8 pers.<\/p>\n<\/div>\n\n\n\n<p>Jollen is one of 8 group rooms with boardroom seating for up to 8 people. All are equipped for maximum comfort, with ergonomic chairs, generous whiteboards and adjustable lighting.  <\/p>\n\n\n\n<div class=\"wp-block-buttons is-layout-flex wp-block-buttons-is-layout-flex\">\n<div class=\"wp-block-button\" style=\"--hover-background-color:var(--wp--preset--color--contrast);--hover-text-color:var(--wp--preset--color--base);--hover-border-color:var(--wp--preset--color--contrast);--active-background-color:var(--wp--preset--color--color-3);--active-text-color:var(--wp--preset--color--base);--active-border-color:var(--wp--preset--color--color-3);--focus-background-color:var(--wp--preset--color--contrast);--focus-text-color:var(--wp--preset--color--base);--focus-border-color:var(--wp--preset--color--contrast);--disabled-background-color:var(--wp--preset--color--color-2);--disabled-text-color:var(--wp--preset--color--black);--disabled-border-color:var(--wp--preset--color--color-2)\"><a class=\"wp-block-button__link wp-element-button\" href=\"https:\/\/arkenhotel.com\/en\/meetings-events\/venues\/#kontakt\">SEND A BOOKING INQUIRY<\/a><\/div>\n<\/div>\n\n\n\n<div class=\"wp-block-group is-vertical is-layout-flex wp-container-core-group-is-layout-9f8fc9c8 wp-block-group-is-layout-flex\">\n<p style=\"font-style:normal;font-weight:500\">Equipment on the premises:<\/p>\n\n\n\n<ul class=\"wp-block-list is-style-checklist is-style-checklist--23\">\n<li>Whiteboards<\/li>\n\n\n\n<li>TV<\/li>\n\n\n\n<li>Flipchart<\/li>\n\n\n\n<li>Fixed and wireless broadband access<\/li>\n\n\n\n<li>Windows facing orangery\/atrium house<\/li>\n<\/ul>\n<\/div>\n\n\n\n<div class=\"wp-block-group is-vertical is-layout-flex wp-container-core-group-is-layout-9f8fc9c8 wp-block-group-is-layout-flex\">\n<p style=\"font-style:normal;font-weight:500\">Facts:<\/p>\n\n\n\n<p class=\"has-x-small-font-size\">Surface area: 14 sqm<\/p>\n\n\n\n<p class=\"has-x-small-font-size\">Maximum number: 8 pers.<\/p>\n<\/div>\n\n\n\n<div class=\"wp-block-group is-vertical is-layout-flex wp-container-core-group-is-layout-9f8fc9c8 wp-block-group-is-layout-flex\">\n<p style=\"font-style:normal;font-weight:500\">Seatings:<\/p>\n\n\n\n<p class=\"has-x-small-font-size\">Board seating &#8211; 8 pers.<\/p>\n\n\n\n<p class=\"has-x-small-font-size\"><\/p>\n\n\n\n<p class=\"has-x-small-font-size\"><\/p>\n<\/div>\n<\/div>\n\n\n\n<div class=\"wp-block-column is-vertically-aligned-top is-layout-flow wp-block-column-is-layout-flow\" style=\"flex-basis:66.66%\"><div data-block-id=\"4e6a6933-c609-4c49-a87e-7b92feb82710\" class=\"wp-block-content-grid block-editor-block-list__block wp-block wp-block-tiburon-content-grid columns-l-1 columns-m-1 columns-s-1 layout-default slider-on-l slider-on-m slider-on-s column-gap-0\">\n   \n\n<div class=\"wp-block-group has-global-padding is-layout-constrained wp-container-core-group-is-layout-7db9d80f wp-block-group-is-layout-constrained\" style=\"padding-right:0;padding-left:0\">\n<figure class=\"wp-block-image size-large\"><img loading=\"lazy\" decoding=\"async\" width=\"900\" height=\"601\" src=\"https:\/\/arkenhotel.com\/wp-content\/uploads\/sites\/5\/2025\/04\/9_jollen-konferens-lokaler-arken-7450-900x601.jpg\" alt=\"Group room Jollen for 8 people.\" class=\"wp-image-25820\" srcset=\"https:\/\/arkenhotel.com\/wp-content\/uploads\/sites\/5\/2025\/04\/9_jollen-konferens-lokaler-arken-7450-900x601.jpg 900w, https:\/\/arkenhotel.com\/wp-content\/uploads\/sites\/5\/2025\/04\/9_jollen-konferens-lokaler-arken-7450-400x267.jpg 400w, https:\/\/arkenhotel.com\/wp-content\/uploads\/sites\/5\/2025\/04\/9_jollen-konferens-lokaler-arken-7450-600x401.jpg 600w, https:\/\/arkenhotel.com\/wp-content\/uploads\/sites\/5\/2025\/04\/9_jollen-konferens-lokaler-arken-7450-700x467.jpg 700w, https:\/\/arkenhotel.com\/wp-content\/uploads\/sites\/5\/2025\/04\/9_jollen-konferens-lokaler-arken-7450-800x534.jpg 800w, https:\/\/arkenhotel.com\/wp-content\/uploads\/sites\/5\/2025\/04\/9_jollen-konferens-lokaler-arken-7450-1000x668.jpg 1000w, https:\/\/arkenhotel.com\/wp-content\/uploads\/sites\/5\/2025\/04\/9_jollen-konferens-lokaler-arken-7450-1100x734.jpg 1100w, https:\/\/arkenhotel.com\/wp-content\/uploads\/sites\/5\/2025\/04\/9_jollen-konferens-lokaler-arken-7450-1280x855.jpg 1280w, https:\/\/arkenhotel.com\/wp-content\/uploads\/sites\/5\/2025\/04\/9_jollen-konferens-lokaler-arken-7450-1920x1282.jpg 1920w, https:\/\/arkenhotel.com\/wp-content\/uploads\/sites\/5\/2025\/04\/9_jollen-konferens-lokaler-arken-7450-768x513.jpg 768w, https:\/\/arkenhotel.com\/wp-content\/uploads\/sites\/5\/2025\/04\/9_jollen-konferens-lokaler-arken-7450-1536x1026.jpg 1536w, https:\/\/arkenhotel.com\/wp-content\/uploads\/sites\/5\/2025\/04\/9_jollen-konferens-lokaler-arken-7450-2048x1367.jpg 2048w, https:\/\/arkenhotel.com\/wp-content\/uploads\/sites\/5\/2025\/04\/9_jollen-konferens-lokaler-arken-7450-scaled.jpg 1617w\" sizes=\"auto, (max-width: 900px) 100vw, 900px\" \/><\/figure>\n<\/div>\n\n\n\n<div class=\"wp-block-group has-global-padding is-layout-constrained wp-container-core-group-is-layout-7db9d80f wp-block-group-is-layout-constrained\" style=\"padding-right:0;padding-left:0\">\n<figure class=\"wp-block-image size-large\"><img loading=\"lazy\" decoding=\"async\" width=\"900\" height=\"601\" src=\"https:\/\/arkenhotel.com\/wp-content\/uploads\/sites\/5\/2025\/04\/9_jollen-konferens-lokaler-arken--900x601.jpg\" alt=\"Boardroom seating for up to 8 people in the Jollen group room\" class=\"wp-image-25819\" srcset=\"https:\/\/arkenhotel.com\/wp-content\/uploads\/sites\/5\/2025\/04\/9_jollen-konferens-lokaler-arken--900x601.jpg 900w, https:\/\/arkenhotel.com\/wp-content\/uploads\/sites\/5\/2025\/04\/9_jollen-konferens-lokaler-arken--400x267.jpg 400w, https:\/\/arkenhotel.com\/wp-content\/uploads\/sites\/5\/2025\/04\/9_jollen-konferens-lokaler-arken--600x401.jpg 600w, https:\/\/arkenhotel.com\/wp-content\/uploads\/sites\/5\/2025\/04\/9_jollen-konferens-lokaler-arken--700x467.jpg 700w, https:\/\/arkenhotel.com\/wp-content\/uploads\/sites\/5\/2025\/04\/9_jollen-konferens-lokaler-arken--800x534.jpg 800w, https:\/\/arkenhotel.com\/wp-content\/uploads\/sites\/5\/2025\/04\/9_jollen-konferens-lokaler-arken--1000x668.jpg 1000w, https:\/\/arkenhotel.com\/wp-content\/uploads\/sites\/5\/2025\/04\/9_jollen-konferens-lokaler-arken--1100x734.jpg 1100w, https:\/\/arkenhotel.com\/wp-content\/uploads\/sites\/5\/2025\/04\/9_jollen-konferens-lokaler-arken--1280x855.jpg 1280w, https:\/\/arkenhotel.com\/wp-content\/uploads\/sites\/5\/2025\/04\/9_jollen-konferens-lokaler-arken--1920x1282.jpg 1920w, https:\/\/arkenhotel.com\/wp-content\/uploads\/sites\/5\/2025\/04\/9_jollen-konferens-lokaler-arken--768x513.jpg 768w, https:\/\/arkenhotel.com\/wp-content\/uploads\/sites\/5\/2025\/04\/9_jollen-konferens-lokaler-arken--1536x1026.jpg 1536w, https:\/\/arkenhotel.com\/wp-content\/uploads\/sites\/5\/2025\/04\/9_jollen-konferens-lokaler-arken--2048x1367.jpg 2048w, https:\/\/arkenhotel.com\/wp-content\/uploads\/sites\/5\/2025\/04\/9_jollen-konferens-lokaler-arken--scaled.jpg 1617w\" sizes=\"auto, (max-width: 900px) 100vw, 900px\" \/><\/figure>\n<\/div>\n\n<\/div><!DOCTYPE html PUBLIC \"-\/\/W3C\/\/DTD HTML 4.0 Transitional\/\/EN\" \"http:\/\/www.w3.org\/TR\/REC-html40\/loose.dtd\">\n<html><body><swiper-container init=\"false\" data-slides-per-view-l=\"1\" data-slides-per-view-m=\"1\" data-slides-per-view-s=\"1\" data-show-next=\"\" data-width-auto=\"0\" data-columns-gap=\"0\" data-show-navigation=\"1\" pagination-type=\"fraction\" data-pagination-version=\"first\" data-nav-bg-color=\"var(--wp--preset--color--contrast)\" data-nav-arrow-color=\"var(--wp--preset--color--base)\" class=\"wp-block-content-grid-slider slider-l slider-m slider-s\"><swiper-slide><div class=\"wp-block-group has-global-padding is-layout-constrained wp-container-core-group-is-layout-7db9d80f wp-block-group-is-layout-constrained\" style=\"padding-right:0;padding-left:0\">\n<figure class=\"wp-block-image size-large\"><img loading=\"lazy\" decoding=\"async\" width=\"900\" height=\"601\" src=\"https:\/\/arkenhotel.com\/wp-content\/uploads\/sites\/5\/2025\/04\/9_jollen-konferens-lokaler-arken-7450-900x601.jpg\" alt=\"Group room Jollen for 8 people.\" class=\"wp-image-25820\" srcset=\"https:\/\/arkenhotel.com\/wp-content\/uploads\/sites\/5\/2025\/04\/9_jollen-konferens-lokaler-arken-7450-900x601.jpg 900w, https:\/\/arkenhotel.com\/wp-content\/uploads\/sites\/5\/2025\/04\/9_jollen-konferens-lokaler-arken-7450-400x267.jpg 400w, https:\/\/arkenhotel.com\/wp-content\/uploads\/sites\/5\/2025\/04\/9_jollen-konferens-lokaler-arken-7450-600x401.jpg 600w, https:\/\/arkenhotel.com\/wp-content\/uploads\/sites\/5\/2025\/04\/9_jollen-konferens-lokaler-arken-7450-700x467.jpg 700w, https:\/\/arkenhotel.com\/wp-content\/uploads\/sites\/5\/2025\/04\/9_jollen-konferens-lokaler-arken-7450-800x534.jpg 800w, https:\/\/arkenhotel.com\/wp-content\/uploads\/sites\/5\/2025\/04\/9_jollen-konferens-lokaler-arken-7450-1000x668.jpg 1000w, https:\/\/arkenhotel.com\/wp-content\/uploads\/sites\/5\/2025\/04\/9_jollen-konferens-lokaler-arken-7450-1100x734.jpg 1100w, https:\/\/arkenhotel.com\/wp-content\/uploads\/sites\/5\/2025\/04\/9_jollen-konferens-lokaler-arken-7450-1280x855.jpg 1280w, https:\/\/arkenhotel.com\/wp-content\/uploads\/sites\/5\/2025\/04\/9_jollen-konferens-lokaler-arken-7450-1920x1282.jpg 1920w, https:\/\/arkenhotel.com\/wp-content\/uploads\/sites\/5\/2025\/04\/9_jollen-konferens-lokaler-arken-7450-768x513.jpg 768w, https:\/\/arkenhotel.com\/wp-content\/uploads\/sites\/5\/2025\/04\/9_jollen-konferens-lokaler-arken-7450-1536x1026.jpg 1536w, https:\/\/arkenhotel.com\/wp-content\/uploads\/sites\/5\/2025\/04\/9_jollen-konferens-lokaler-arken-7450-2048x1367.jpg 2048w, https:\/\/arkenhotel.com\/wp-content\/uploads\/sites\/5\/2025\/04\/9_jollen-konferens-lokaler-arken-7450-scaled.jpg 1617w\" sizes=\"auto, (max-width: 900px) 100vw, 900px\" \/><\/figure>\n<\/div><\/swiper-slide><swiper-slide><div class=\"wp-block-group has-global-padding is-layout-constrained wp-container-core-group-is-layout-7db9d80f wp-block-group-is-layout-constrained\" style=\"padding-right:0;padding-left:0\">\n<figure class=\"wp-block-image size-large\"><img loading=\"lazy\" decoding=\"async\" width=\"900\" height=\"601\" src=\"https:\/\/arkenhotel.com\/wp-content\/uploads\/sites\/5\/2025\/04\/9_jollen-konferens-lokaler-arken--900x601.jpg\" alt=\"Boardroom seating for up to 8 people in the Jollen group room\" class=\"wp-image-25819\" srcset=\"https:\/\/arkenhotel.com\/wp-content\/uploads\/sites\/5\/2025\/04\/9_jollen-konferens-lokaler-arken--900x601.jpg 900w, https:\/\/arkenhotel.com\/wp-content\/uploads\/sites\/5\/2025\/04\/9_jollen-konferens-lokaler-arken--400x267.jpg 400w, https:\/\/arkenhotel.com\/wp-content\/uploads\/sites\/5\/2025\/04\/9_jollen-konferens-lokaler-arken--600x401.jpg 600w, https:\/\/arkenhotel.com\/wp-content\/uploads\/sites\/5\/2025\/04\/9_jollen-konferens-lokaler-arken--700x467.jpg 700w, https:\/\/arkenhotel.com\/wp-content\/uploads\/sites\/5\/2025\/04\/9_jollen-konferens-lokaler-arken--800x534.jpg 800w, https:\/\/arkenhotel.com\/wp-content\/uploads\/sites\/5\/2025\/04\/9_jollen-konferens-lokaler-arken--1000x668.jpg 1000w, https:\/\/arkenhotel.com\/wp-content\/uploads\/sites\/5\/2025\/04\/9_jollen-konferens-lokaler-arken--1100x734.jpg 1100w, https:\/\/arkenhotel.com\/wp-content\/uploads\/sites\/5\/2025\/04\/9_jollen-konferens-lokaler-arken--1280x855.jpg 1280w, https:\/\/arkenhotel.com\/wp-content\/uploads\/sites\/5\/2025\/04\/9_jollen-konferens-lokaler-arken--1920x1282.jpg 1920w, https:\/\/arkenhotel.com\/wp-content\/uploads\/sites\/5\/2025\/04\/9_jollen-konferens-lokaler-arken--768x513.jpg 768w, https:\/\/arkenhotel.com\/wp-content\/uploads\/sites\/5\/2025\/04\/9_jollen-konferens-lokaler-arken--1536x1026.jpg 1536w, https:\/\/arkenhotel.com\/wp-content\/uploads\/sites\/5\/2025\/04\/9_jollen-konferens-lokaler-arken--2048x1367.jpg 2048w, https:\/\/arkenhotel.com\/wp-content\/uploads\/sites\/5\/2025\/04\/9_jollen-konferens-lokaler-arken--scaled.jpg 1617w\" sizes=\"auto, (max-width: 900px) 100vw, 900px\" \/><\/figure>\n<\/div><\/swiper-slide><\/swiper-container><\/body><\/html>\n<\/div>\n<\/div>\n\n<p><\/p>\n            <\/div>\n         <\/div>\n      <\/div>\n         <div class=\" post-card\" data-post-id=\"30871\" data-post-slug=\"kobben\">\n                     <div class=\"image-wrapper\">\n               <img decoding=\"async\" src=\"https:\/\/arkenhotel.com\/wp-content\/uploads\/sites\/5\/2025\/04\/10_kobben-konferens-lokaler-arken-7457-900x601.jpg\" srcset=\"https:\/\/arkenhotel.com\/wp-content\/uploads\/sites\/5\/2025\/04\/10_kobben-konferens-lokaler-arken-7457-900x601.jpg 900w, https:\/\/arkenhotel.com\/wp-content\/uploads\/sites\/5\/2025\/04\/10_kobben-konferens-lokaler-arken-7457-400x267.jpg 400w, https:\/\/arkenhotel.com\/wp-content\/uploads\/sites\/5\/2025\/04\/10_kobben-konferens-lokaler-arken-7457-600x401.jpg 600w, https:\/\/arkenhotel.com\/wp-content\/uploads\/sites\/5\/2025\/04\/10_kobben-konferens-lokaler-arken-7457-700x467.jpg 700w, https:\/\/arkenhotel.com\/wp-content\/uploads\/sites\/5\/2025\/04\/10_kobben-konferens-lokaler-arken-7457-800x534.jpg 800w, https:\/\/arkenhotel.com\/wp-content\/uploads\/sites\/5\/2025\/04\/10_kobben-konferens-lokaler-arken-7457-1000x668.jpg 1000w, https:\/\/arkenhotel.com\/wp-content\/uploads\/sites\/5\/2025\/04\/10_kobben-konferens-lokaler-arken-7457-1100x734.jpg 1100w, https:\/\/arkenhotel.com\/wp-content\/uploads\/sites\/5\/2025\/04\/10_kobben-konferens-lokaler-arken-7457-1280x855.jpg 1280w, https:\/\/arkenhotel.com\/wp-content\/uploads\/sites\/5\/2025\/04\/10_kobben-konferens-lokaler-arken-7457-1920x1282.jpg 1920w, https:\/\/arkenhotel.com\/wp-content\/uploads\/sites\/5\/2025\/04\/10_kobben-konferens-lokaler-arken-7457-768x513.jpg 768w, https:\/\/arkenhotel.com\/wp-content\/uploads\/sites\/5\/2025\/04\/10_kobben-konferens-lokaler-arken-7457-1536x1026.jpg 1536w, https:\/\/arkenhotel.com\/wp-content\/uploads\/sites\/5\/2025\/04\/10_kobben-konferens-lokaler-arken-7457-2048x1367.jpg 2048w, https:\/\/arkenhotel.com\/wp-content\/uploads\/sites\/5\/2025\/04\/10_kobben-konferens-lokaler-arken-7457-scaled.jpg 1617w\" alt=\"KOBBEN\" class=\"\" \/>\n            <\/div>\n                  <div class=\"content-wrapper\">\n            <div class=\"post-title-capacity\">\n                                 <h3 class=\"wp-block-heading post-title\">KOBBEN<\/h3>\n                                                <p class=\"post-capacity\">8 pers.<\/p>\n                           <\/div>\n                           <p class=\"post-subheading\">Kobben is one of 8 group rooms with boardroom seating for up to 8 people. <\/p>\n                     <\/div>\n                     <div class=\"btn-wrapper\">\n               <button class=\"post-btn wp-block-button__link wp-element-button\">\n                  <div class=\"post-btn-closed\">\n                     Read more                     <svg width=\"10\" height=\"10\" viewBox=\"0 0 10 10\" fill=\"none\" xmlns=\"http:\/\/www.w3.org\/2000\/svg\">\n                        <path d=\"M10 2.66038L5 8L-4.8687e-07 2.66038L0.627207 2L5 6.66981L9.37279 2L10 2.66038Z\" fill=\"currentcolor\" \/>\n                     <\/svg>\n                  <\/div>\n                  <div class=\"post-btn-open\">\n                     Close                     <svg width=\"10\" height=\"10\" viewBox=\"0 0 10 10\" fill=\"none\" xmlns=\"http:\/\/www.w3.org\/2000\/svg\">\n                        <path d=\"M0.561192 10L0 9.43881L4.43881 5L0 0.561192L0.561192 0L5 4.43881L9.43881 0L10 0.561192L5.56119 5L10 9.43881L9.43881 10L5 5.56119L0.561192 10Z\" fill=\"currentcolor\" \/>\n                     <\/svg>\n                  <\/div>\n               <\/button>\n            <\/div>\n                  <div class=\"post-dropdown-content\" data-post-id=\"30871\">\n            <div class=\"post-dropdown-content-inner\">\n               \n<div class=\"wp-block-columns has-base-background-color has-background is-layout-flex wp-container-core-columns-is-layout-a864abb7 wp-block-columns-is-layout-flex\" style=\"padding-top:0;padding-right:0;padding-bottom:0;padding-left:0\">\n<div class=\"wp-block-column is-vertically-aligned-top has-small-font-size is-layout-flow wp-container-core-column-is-layout-6073293c wp-block-column-is-layout-flow\" style=\"flex-basis:500px\">\n<div class=\"wp-block-group is-content-justification-space-between is-nowrap is-layout-flex wp-container-core-group-is-layout-63c1e1a1 wp-block-group-is-layout-flex\">\n<h3 class=\"wp-block-heading\">CUBE<\/h3>\n\n\n\n<p class=\"has-contrast-color has-text-color has-link-color has-medium-font-size wp-elements-1889282f855cbc7fd727101eeb3cc6d4\">8 pers.<\/p>\n<\/div>\n\n\n\n<p>Kobben is one of 8 group rooms with boardroom seating for up to 8 people. All are equipped for maximum comfort, with ergonomic chairs, generous whiteboards and adjustable lighting.  <\/p>\n\n\n\n<div class=\"wp-block-buttons is-layout-flex wp-block-buttons-is-layout-flex\">\n<div class=\"wp-block-button\" style=\"--hover-background-color:var(--wp--preset--color--contrast);--hover-text-color:var(--wp--preset--color--base);--hover-border-color:var(--wp--preset--color--contrast);--active-background-color:var(--wp--preset--color--color-3);--active-text-color:var(--wp--preset--color--base);--active-border-color:var(--wp--preset--color--color-3);--focus-background-color:var(--wp--preset--color--contrast);--focus-text-color:var(--wp--preset--color--base);--focus-border-color:var(--wp--preset--color--contrast);--disabled-background-color:var(--wp--preset--color--color-2);--disabled-text-color:var(--wp--preset--color--black);--disabled-border-color:var(--wp--preset--color--color-2)\"><a class=\"wp-block-button__link wp-element-button\" href=\"https:\/\/arkenhotel.com\/en\/meetings-events\/venues\/#kontakt\">SEND A BOOKING INQUIRY<\/a><\/div>\n<\/div>\n\n\n\n<div class=\"wp-block-group is-vertical is-layout-flex wp-container-core-group-is-layout-9f8fc9c8 wp-block-group-is-layout-flex\">\n<p style=\"font-style:normal;font-weight:500\">Equipment on the premises:<\/p>\n\n\n\n<ul class=\"wp-block-list is-style-checklist is-style-checklist--24\">\n<li>Whiteboards<\/li>\n\n\n\n<li>TV<\/li>\n\n\n\n<li>Flipchart<\/li>\n\n\n\n<li>Fixed and wireless broadband access<\/li>\n\n\n\n<li>Windows facing orangery\/atrium house<\/li>\n<\/ul>\n<\/div>\n\n\n\n<div class=\"wp-block-group is-vertical is-layout-flex wp-container-core-group-is-layout-9f8fc9c8 wp-block-group-is-layout-flex\">\n<p style=\"font-style:normal;font-weight:500\">Facts:<\/p>\n\n\n\n<p class=\"has-x-small-font-size\">Surface area: 14 sqm<\/p>\n\n\n\n<p class=\"has-x-small-font-size\">Maximum number: 8 pers.<\/p>\n<\/div>\n\n\n\n<div class=\"wp-block-group is-vertical is-layout-flex wp-container-core-group-is-layout-9f8fc9c8 wp-block-group-is-layout-flex\">\n<p style=\"font-style:normal;font-weight:500\">Seatings:<\/p>\n\n\n\n<p class=\"has-x-small-font-size\">Board seating &#8211; 8 pers.<\/p>\n\n\n\n<p class=\"has-x-small-font-size\"><\/p>\n\n\n\n<p class=\"has-x-small-font-size\"><\/p>\n<\/div>\n<\/div>\n\n\n\n<div class=\"wp-block-column is-vertically-aligned-top is-layout-flow wp-block-column-is-layout-flow\" style=\"flex-basis:66.66%\"><div data-block-id=\"4e6a6933-c609-4c49-a87e-7b92feb82710\" class=\"wp-block-content-grid block-editor-block-list__block wp-block wp-block-tiburon-content-grid columns-l-1 columns-m-1 columns-s-1 layout-default slider-on-l slider-on-m slider-on-s column-gap-0\">\n   \n\n<div class=\"wp-block-group has-global-padding is-layout-constrained wp-container-core-group-is-layout-7db9d80f wp-block-group-is-layout-constrained\" style=\"padding-right:0;padding-left:0\">\n<figure class=\"wp-block-image size-large\"><img loading=\"lazy\" decoding=\"async\" width=\"900\" height=\"601\" src=\"https:\/\/arkenhotel.com\/wp-content\/uploads\/sites\/5\/2025\/04\/10_kobben-konferens-lokaler-arken-7457-900x601.jpg\" alt=\"Kobben - a group room for up to 8 people.\" class=\"wp-image-25821\" srcset=\"https:\/\/arkenhotel.com\/wp-content\/uploads\/sites\/5\/2025\/04\/10_kobben-konferens-lokaler-arken-7457-900x601.jpg 900w, https:\/\/arkenhotel.com\/wp-content\/uploads\/sites\/5\/2025\/04\/10_kobben-konferens-lokaler-arken-7457-400x267.jpg 400w, https:\/\/arkenhotel.com\/wp-content\/uploads\/sites\/5\/2025\/04\/10_kobben-konferens-lokaler-arken-7457-600x401.jpg 600w, https:\/\/arkenhotel.com\/wp-content\/uploads\/sites\/5\/2025\/04\/10_kobben-konferens-lokaler-arken-7457-700x467.jpg 700w, https:\/\/arkenhotel.com\/wp-content\/uploads\/sites\/5\/2025\/04\/10_kobben-konferens-lokaler-arken-7457-800x534.jpg 800w, https:\/\/arkenhotel.com\/wp-content\/uploads\/sites\/5\/2025\/04\/10_kobben-konferens-lokaler-arken-7457-1000x668.jpg 1000w, https:\/\/arkenhotel.com\/wp-content\/uploads\/sites\/5\/2025\/04\/10_kobben-konferens-lokaler-arken-7457-1100x734.jpg 1100w, https:\/\/arkenhotel.com\/wp-content\/uploads\/sites\/5\/2025\/04\/10_kobben-konferens-lokaler-arken-7457-1280x855.jpg 1280w, https:\/\/arkenhotel.com\/wp-content\/uploads\/sites\/5\/2025\/04\/10_kobben-konferens-lokaler-arken-7457-1920x1282.jpg 1920w, https:\/\/arkenhotel.com\/wp-content\/uploads\/sites\/5\/2025\/04\/10_kobben-konferens-lokaler-arken-7457-768x513.jpg 768w, https:\/\/arkenhotel.com\/wp-content\/uploads\/sites\/5\/2025\/04\/10_kobben-konferens-lokaler-arken-7457-1536x1026.jpg 1536w, https:\/\/arkenhotel.com\/wp-content\/uploads\/sites\/5\/2025\/04\/10_kobben-konferens-lokaler-arken-7457-2048x1367.jpg 2048w, https:\/\/arkenhotel.com\/wp-content\/uploads\/sites\/5\/2025\/04\/10_kobben-konferens-lokaler-arken-7457-scaled.jpg 1617w\" sizes=\"auto, (max-width: 900px) 100vw, 900px\" \/><\/figure>\n<\/div>\n\n\n\n<div class=\"wp-block-group has-global-padding is-layout-constrained wp-container-core-group-is-layout-7db9d80f wp-block-group-is-layout-constrained\" style=\"padding-right:0;padding-left:0\">\n<figure class=\"wp-block-image size-large\"><img loading=\"lazy\" decoding=\"async\" width=\"900\" height=\"601\" src=\"https:\/\/arkenhotel.com\/wp-content\/uploads\/sites\/5\/2025\/04\/08_innanskaret-konferens-lokal-arken-hotell-spa-4312-900x601.jpg\" alt=\"Group rooms for small meetings\" class=\"wp-image-25812\" srcset=\"https:\/\/arkenhotel.com\/wp-content\/uploads\/sites\/5\/2025\/04\/08_innanskaret-konferens-lokal-arken-hotell-spa-4312-900x601.jpg 900w, https:\/\/arkenhotel.com\/wp-content\/uploads\/sites\/5\/2025\/04\/08_innanskaret-konferens-lokal-arken-hotell-spa-4312-400x267.jpg 400w, https:\/\/arkenhotel.com\/wp-content\/uploads\/sites\/5\/2025\/04\/08_innanskaret-konferens-lokal-arken-hotell-spa-4312-600x400.jpg 600w, https:\/\/arkenhotel.com\/wp-content\/uploads\/sites\/5\/2025\/04\/08_innanskaret-konferens-lokal-arken-hotell-spa-4312-700x467.jpg 700w, https:\/\/arkenhotel.com\/wp-content\/uploads\/sites\/5\/2025\/04\/08_innanskaret-konferens-lokal-arken-hotell-spa-4312-800x534.jpg 800w, https:\/\/arkenhotel.com\/wp-content\/uploads\/sites\/5\/2025\/04\/08_innanskaret-konferens-lokal-arken-hotell-spa-4312-1000x667.jpg 1000w, https:\/\/arkenhotel.com\/wp-content\/uploads\/sites\/5\/2025\/04\/08_innanskaret-konferens-lokal-arken-hotell-spa-4312-1100x734.jpg 1100w, https:\/\/arkenhotel.com\/wp-content\/uploads\/sites\/5\/2025\/04\/08_innanskaret-konferens-lokal-arken-hotell-spa-4312-1280x854.jpg 1280w, https:\/\/arkenhotel.com\/wp-content\/uploads\/sites\/5\/2025\/04\/08_innanskaret-konferens-lokal-arken-hotell-spa-4312-768x513.jpg 768w, https:\/\/arkenhotel.com\/wp-content\/uploads\/sites\/5\/2025\/04\/08_innanskaret-konferens-lokal-arken-hotell-spa-4312-1536x1025.jpg 1536w, https:\/\/arkenhotel.com\/wp-content\/uploads\/sites\/5\/2025\/04\/08_innanskaret-konferens-lokal-arken-hotell-spa-4312.jpg 1618w\" sizes=\"auto, (max-width: 900px) 100vw, 900px\" \/><\/figure>\n<\/div>\n\n<\/div><!DOCTYPE html PUBLIC \"-\/\/W3C\/\/DTD HTML 4.0 Transitional\/\/EN\" \"http:\/\/www.w3.org\/TR\/REC-html40\/loose.dtd\">\n<html><body><swiper-container init=\"false\" data-slides-per-view-l=\"1\" data-slides-per-view-m=\"1\" data-slides-per-view-s=\"1\" data-show-next=\"\" data-width-auto=\"0\" data-columns-gap=\"0\" data-show-navigation=\"1\" pagination-type=\"fraction\" data-pagination-version=\"first\" data-nav-bg-color=\"var(--wp--preset--color--contrast)\" data-nav-arrow-color=\"var(--wp--preset--color--base)\" class=\"wp-block-content-grid-slider slider-l slider-m slider-s\"><swiper-slide><div class=\"wp-block-group has-global-padding is-layout-constrained wp-container-core-group-is-layout-7db9d80f wp-block-group-is-layout-constrained\" style=\"padding-right:0;padding-left:0\">\n<figure class=\"wp-block-image size-large\"><img loading=\"lazy\" decoding=\"async\" width=\"900\" height=\"601\" src=\"https:\/\/arkenhotel.com\/wp-content\/uploads\/sites\/5\/2025\/04\/10_kobben-konferens-lokaler-arken-7457-900x601.jpg\" alt=\"Kobben - a group room for up to 8 people.\" class=\"wp-image-25821\" srcset=\"https:\/\/arkenhotel.com\/wp-content\/uploads\/sites\/5\/2025\/04\/10_kobben-konferens-lokaler-arken-7457-900x601.jpg 900w, https:\/\/arkenhotel.com\/wp-content\/uploads\/sites\/5\/2025\/04\/10_kobben-konferens-lokaler-arken-7457-400x267.jpg 400w, https:\/\/arkenhotel.com\/wp-content\/uploads\/sites\/5\/2025\/04\/10_kobben-konferens-lokaler-arken-7457-600x401.jpg 600w, https:\/\/arkenhotel.com\/wp-content\/uploads\/sites\/5\/2025\/04\/10_kobben-konferens-lokaler-arken-7457-700x467.jpg 700w, https:\/\/arkenhotel.com\/wp-content\/uploads\/sites\/5\/2025\/04\/10_kobben-konferens-lokaler-arken-7457-800x534.jpg 800w, https:\/\/arkenhotel.com\/wp-content\/uploads\/sites\/5\/2025\/04\/10_kobben-konferens-lokaler-arken-7457-1000x668.jpg 1000w, https:\/\/arkenhotel.com\/wp-content\/uploads\/sites\/5\/2025\/04\/10_kobben-konferens-lokaler-arken-7457-1100x734.jpg 1100w, https:\/\/arkenhotel.com\/wp-content\/uploads\/sites\/5\/2025\/04\/10_kobben-konferens-lokaler-arken-7457-1280x855.jpg 1280w, https:\/\/arkenhotel.com\/wp-content\/uploads\/sites\/5\/2025\/04\/10_kobben-konferens-lokaler-arken-7457-1920x1282.jpg 1920w, https:\/\/arkenhotel.com\/wp-content\/uploads\/sites\/5\/2025\/04\/10_kobben-konferens-lokaler-arken-7457-768x513.jpg 768w, https:\/\/arkenhotel.com\/wp-content\/uploads\/sites\/5\/2025\/04\/10_kobben-konferens-lokaler-arken-7457-1536x1026.jpg 1536w, https:\/\/arkenhotel.com\/wp-content\/uploads\/sites\/5\/2025\/04\/10_kobben-konferens-lokaler-arken-7457-2048x1367.jpg 2048w, https:\/\/arkenhotel.com\/wp-content\/uploads\/sites\/5\/2025\/04\/10_kobben-konferens-lokaler-arken-7457-scaled.jpg 1617w\" sizes=\"auto, (max-width: 900px) 100vw, 900px\" \/><\/figure>\n<\/div><\/swiper-slide><swiper-slide><div class=\"wp-block-group has-global-padding is-layout-constrained wp-container-core-group-is-layout-7db9d80f wp-block-group-is-layout-constrained\" style=\"padding-right:0;padding-left:0\">\n<figure class=\"wp-block-image size-large\"><img loading=\"lazy\" decoding=\"async\" width=\"900\" height=\"601\" src=\"https:\/\/arkenhotel.com\/wp-content\/uploads\/sites\/5\/2025\/04\/08_innanskaret-konferens-lokal-arken-hotell-spa-4312-900x601.jpg\" alt=\"Group rooms for small meetings\" class=\"wp-image-25812\" srcset=\"https:\/\/arkenhotel.com\/wp-content\/uploads\/sites\/5\/2025\/04\/08_innanskaret-konferens-lokal-arken-hotell-spa-4312-900x601.jpg 900w, https:\/\/arkenhotel.com\/wp-content\/uploads\/sites\/5\/2025\/04\/08_innanskaret-konferens-lokal-arken-hotell-spa-4312-400x267.jpg 400w, https:\/\/arkenhotel.com\/wp-content\/uploads\/sites\/5\/2025\/04\/08_innanskaret-konferens-lokal-arken-hotell-spa-4312-600x400.jpg 600w, https:\/\/arkenhotel.com\/wp-content\/uploads\/sites\/5\/2025\/04\/08_innanskaret-konferens-lokal-arken-hotell-spa-4312-700x467.jpg 700w, https:\/\/arkenhotel.com\/wp-content\/uploads\/sites\/5\/2025\/04\/08_innanskaret-konferens-lokal-arken-hotell-spa-4312-800x534.jpg 800w, https:\/\/arkenhotel.com\/wp-content\/uploads\/sites\/5\/2025\/04\/08_innanskaret-konferens-lokal-arken-hotell-spa-4312-1000x667.jpg 1000w, https:\/\/arkenhotel.com\/wp-content\/uploads\/sites\/5\/2025\/04\/08_innanskaret-konferens-lokal-arken-hotell-spa-4312-1100x734.jpg 1100w, https:\/\/arkenhotel.com\/wp-content\/uploads\/sites\/5\/2025\/04\/08_innanskaret-konferens-lokal-arken-hotell-spa-4312-1280x854.jpg 1280w, https:\/\/arkenhotel.com\/wp-content\/uploads\/sites\/5\/2025\/04\/08_innanskaret-konferens-lokal-arken-hotell-spa-4312-768x513.jpg 768w, https:\/\/arkenhotel.com\/wp-content\/uploads\/sites\/5\/2025\/04\/08_innanskaret-konferens-lokal-arken-hotell-spa-4312-1536x1025.jpg 1536w, https:\/\/arkenhotel.com\/wp-content\/uploads\/sites\/5\/2025\/04\/08_innanskaret-konferens-lokal-arken-hotell-spa-4312.jpg 1618w\" sizes=\"auto, (max-width: 900px) 100vw, 900px\" \/><\/figure>\n<\/div><\/swiper-slide><\/swiper-container><\/body><\/html>\n<\/div>\n<\/div>\n\n<p><\/p>\n            <\/div>\n         <\/div>\n      <\/div>\n         <div class=\" post-card\" data-post-id=\"30877\" data-post-slug=\"najaden\">\n                     <div class=\"image-wrapper\">\n               <img decoding=\"async\" src=\"https:\/\/arkenhotel.com\/wp-content\/uploads\/sites\/5\/2025\/04\/13_najaden-konferens-lokal-arken-hotell-spa-6588-900x601.jpg\" srcset=\"https:\/\/arkenhotel.com\/wp-content\/uploads\/sites\/5\/2025\/04\/13_najaden-konferens-lokal-arken-hotell-spa-6588-900x601.jpg 900w, https:\/\/arkenhotel.com\/wp-content\/uploads\/sites\/5\/2025\/04\/13_najaden-konferens-lokal-arken-hotell-spa-6588-400x267.jpg 400w, https:\/\/arkenhotel.com\/wp-content\/uploads\/sites\/5\/2025\/04\/13_najaden-konferens-lokal-arken-hotell-spa-6588-600x400.jpg 600w, https:\/\/arkenhotel.com\/wp-content\/uploads\/sites\/5\/2025\/04\/13_najaden-konferens-lokal-arken-hotell-spa-6588-700x467.jpg 700w, https:\/\/arkenhotel.com\/wp-content\/uploads\/sites\/5\/2025\/04\/13_najaden-konferens-lokal-arken-hotell-spa-6588-800x534.jpg 800w, https:\/\/arkenhotel.com\/wp-content\/uploads\/sites\/5\/2025\/04\/13_najaden-konferens-lokal-arken-hotell-spa-6588-1000x667.jpg 1000w, https:\/\/arkenhotel.com\/wp-content\/uploads\/sites\/5\/2025\/04\/13_najaden-konferens-lokal-arken-hotell-spa-6588-1100x734.jpg 1100w, https:\/\/arkenhotel.com\/wp-content\/uploads\/sites\/5\/2025\/04\/13_najaden-konferens-lokal-arken-hotell-spa-6588-1280x854.jpg 1280w, https:\/\/arkenhotel.com\/wp-content\/uploads\/sites\/5\/2025\/04\/13_najaden-konferens-lokal-arken-hotell-spa-6588-768x513.jpg 768w, https:\/\/arkenhotel.com\/wp-content\/uploads\/sites\/5\/2025\/04\/13_najaden-konferens-lokal-arken-hotell-spa-6588-1536x1025.jpg 1536w, https:\/\/arkenhotel.com\/wp-content\/uploads\/sites\/5\/2025\/04\/13_najaden-konferens-lokal-arken-hotell-spa-6588.jpg 1618w\" alt=\"NAJADEN\" class=\"\" \/>\n            <\/div>\n                  <div class=\"content-wrapper\">\n            <div class=\"post-title-capacity\">\n                                 <h3 class=\"wp-block-heading post-title\">NAJADEN<\/h3>\n                                                <p class=\"post-capacity\">8 pers.<\/p>\n                           <\/div>\n                           <p class=\"post-subheading\">Najaden is one of 8 group rooms with boardroom seating for up to 8 people. <\/p>\n                     <\/div>\n                     <div class=\"btn-wrapper\">\n               <button class=\"post-btn wp-block-button__link wp-element-button\">\n                  <div class=\"post-btn-closed\">\n                     Read more                     <svg width=\"10\" height=\"10\" viewBox=\"0 0 10 10\" fill=\"none\" xmlns=\"http:\/\/www.w3.org\/2000\/svg\">\n                        <path d=\"M10 2.66038L5 8L-4.8687e-07 2.66038L0.627207 2L5 6.66981L9.37279 2L10 2.66038Z\" fill=\"currentcolor\" \/>\n                     <\/svg>\n                  <\/div>\n                  <div class=\"post-btn-open\">\n                     Close                     <svg width=\"10\" height=\"10\" viewBox=\"0 0 10 10\" fill=\"none\" xmlns=\"http:\/\/www.w3.org\/2000\/svg\">\n                        <path d=\"M0.561192 10L0 9.43881L4.43881 5L0 0.561192L0.561192 0L5 4.43881L9.43881 0L10 0.561192L5.56119 5L10 9.43881L9.43881 10L5 5.56119L0.561192 10Z\" fill=\"currentcolor\" \/>\n                     <\/svg>\n                  <\/div>\n               <\/button>\n            <\/div>\n                  <div class=\"post-dropdown-content\" data-post-id=\"30877\">\n            <div class=\"post-dropdown-content-inner\">\n               \n<div class=\"wp-block-columns has-base-background-color has-background is-layout-flex wp-container-core-columns-is-layout-a864abb7 wp-block-columns-is-layout-flex\" style=\"padding-top:0;padding-right:0;padding-bottom:0;padding-left:0\">\n<div class=\"wp-block-column is-vertically-aligned-top has-small-font-size is-layout-flow wp-container-core-column-is-layout-6073293c wp-block-column-is-layout-flow\" style=\"flex-basis:500px\">\n<div class=\"wp-block-group is-content-justification-space-between is-nowrap is-layout-flex wp-container-core-group-is-layout-63c1e1a1 wp-block-group-is-layout-flex\">\n<h3 class=\"wp-block-heading\">NAJADEN<\/h3>\n\n\n\n<p class=\"has-contrast-color has-text-color has-link-color has-medium-font-size wp-elements-1889282f855cbc7fd727101eeb3cc6d4\">8 pers.<\/p>\n<\/div>\n\n\n\n<p>Najaden is one of 8 group rooms with boardroom seating for up to 8 people. All are equipped for maximum comfort, with ergonomic chairs, generous whiteboards and adjustable lighting.  <\/p>\n\n\n\n<div class=\"wp-block-buttons is-layout-flex wp-block-buttons-is-layout-flex\">\n<div class=\"wp-block-button\" style=\"--hover-background-color:var(--wp--preset--color--contrast);--hover-text-color:var(--wp--preset--color--base);--hover-border-color:var(--wp--preset--color--contrast);--active-background-color:var(--wp--preset--color--color-3);--active-text-color:var(--wp--preset--color--base);--active-border-color:var(--wp--preset--color--color-3);--focus-background-color:var(--wp--preset--color--contrast);--focus-text-color:var(--wp--preset--color--base);--focus-border-color:var(--wp--preset--color--contrast);--disabled-background-color:var(--wp--preset--color--color-2);--disabled-text-color:var(--wp--preset--color--black);--disabled-border-color:var(--wp--preset--color--color-2)\"><a class=\"wp-block-button__link wp-element-button\" href=\"https:\/\/arkenhotel.com\/en\/meetings-events\/venues\/#kontakt\">SEND A BOOKING INQUIRY<\/a><\/div>\n<\/div>\n\n\n\n<div class=\"wp-block-group is-vertical is-layout-flex wp-container-core-group-is-layout-9f8fc9c8 wp-block-group-is-layout-flex\">\n<p style=\"font-style:normal;font-weight:500\">Equipment on the premises:<\/p>\n\n\n\n<ul class=\"wp-block-list is-style-checklist is-style-checklist--25\">\n<li>Whiteboards<\/li>\n\n\n\n<li>TV<\/li>\n\n\n\n<li>Flipchart<\/li>\n\n\n\n<li>Fixed and wireless broadband access<\/li>\n\n\n\n<li>Window and door to orangery<\/li>\n<\/ul>\n<\/div>\n\n\n\n<div class=\"wp-block-group is-vertical is-layout-flex wp-container-core-group-is-layout-9f8fc9c8 wp-block-group-is-layout-flex\">\n<p style=\"font-style:normal;font-weight:500\">Facts:<\/p>\n\n\n\n<p class=\"has-x-small-font-size\">Surface area: 14 sqm<\/p>\n\n\n\n<p class=\"has-x-small-font-size\">Maximum number: 8 pers.<\/p>\n<\/div>\n\n\n\n<div class=\"wp-block-group is-vertical is-layout-flex wp-container-core-group-is-layout-9f8fc9c8 wp-block-group-is-layout-flex\">\n<p style=\"font-style:normal;font-weight:500\">Seatings:<\/p>\n\n\n\n<p class=\"has-x-small-font-size\">Board seating &#8211; 8 pers.<\/p>\n\n\n\n<p class=\"has-x-small-font-size\"><\/p>\n\n\n\n<p class=\"has-x-small-font-size\"><\/p>\n<\/div>\n<\/div>\n\n\n\n<div class=\"wp-block-column is-vertically-aligned-top is-layout-flow wp-block-column-is-layout-flow\" style=\"flex-basis:66.66%\"><div data-block-id=\"4e6a6933-c609-4c49-a87e-7b92feb82710\" class=\"wp-block-content-grid block-editor-block-list__block wp-block wp-block-tiburon-content-grid columns-l-1 columns-m-1 columns-s-1 layout-default slider-on-l slider-on-m slider-on-s column-gap-0\">\n   \n\n<div class=\"wp-block-group has-global-padding is-layout-constrained wp-container-core-group-is-layout-7db9d80f wp-block-group-is-layout-constrained\" style=\"padding-right:0;padding-left:0\">\n<figure class=\"wp-block-image size-large\"><img loading=\"lazy\" decoding=\"async\" width=\"900\" height=\"601\" src=\"https:\/\/arkenhotel.com\/wp-content\/uploads\/sites\/5\/2025\/04\/13_najaden-konferens-lokal-arken-hotell-spa-6588-900x601.jpg\" alt=\"Najaden group room at Arken Hotel &amp;amp; Art Garden Spa\" class=\"wp-image-25831\" srcset=\"https:\/\/arkenhotel.com\/wp-content\/uploads\/sites\/5\/2025\/04\/13_najaden-konferens-lokal-arken-hotell-spa-6588-900x601.jpg 900w, https:\/\/arkenhotel.com\/wp-content\/uploads\/sites\/5\/2025\/04\/13_najaden-konferens-lokal-arken-hotell-spa-6588-400x267.jpg 400w, https:\/\/arkenhotel.com\/wp-content\/uploads\/sites\/5\/2025\/04\/13_najaden-konferens-lokal-arken-hotell-spa-6588-600x400.jpg 600w, https:\/\/arkenhotel.com\/wp-content\/uploads\/sites\/5\/2025\/04\/13_najaden-konferens-lokal-arken-hotell-spa-6588-700x467.jpg 700w, https:\/\/arkenhotel.com\/wp-content\/uploads\/sites\/5\/2025\/04\/13_najaden-konferens-lokal-arken-hotell-spa-6588-800x534.jpg 800w, https:\/\/arkenhotel.com\/wp-content\/uploads\/sites\/5\/2025\/04\/13_najaden-konferens-lokal-arken-hotell-spa-6588-1000x667.jpg 1000w, https:\/\/arkenhotel.com\/wp-content\/uploads\/sites\/5\/2025\/04\/13_najaden-konferens-lokal-arken-hotell-spa-6588-1100x734.jpg 1100w, https:\/\/arkenhotel.com\/wp-content\/uploads\/sites\/5\/2025\/04\/13_najaden-konferens-lokal-arken-hotell-spa-6588-1280x854.jpg 1280w, https:\/\/arkenhotel.com\/wp-content\/uploads\/sites\/5\/2025\/04\/13_najaden-konferens-lokal-arken-hotell-spa-6588-768x513.jpg 768w, https:\/\/arkenhotel.com\/wp-content\/uploads\/sites\/5\/2025\/04\/13_najaden-konferens-lokal-arken-hotell-spa-6588-1536x1025.jpg 1536w, https:\/\/arkenhotel.com\/wp-content\/uploads\/sites\/5\/2025\/04\/13_najaden-konferens-lokal-arken-hotell-spa-6588.jpg 1618w\" sizes=\"auto, (max-width: 900px) 100vw, 900px\" \/><\/figure>\n<\/div>\n\n\n\n<div class=\"wp-block-group has-global-padding is-layout-constrained wp-container-core-group-is-layout-7db9d80f wp-block-group-is-layout-constrained\" style=\"padding-right:0;padding-left:0\">\n<figure class=\"wp-block-image size-large\"><img loading=\"lazy\" decoding=\"async\" width=\"900\" height=\"601\" src=\"https:\/\/arkenhotel.com\/wp-content\/uploads\/sites\/5\/2025\/04\/13_najaden-konferens-lokal-arken-hotell-spa-6587-900x601.jpg\" alt=\"Najaden - a group room for up to 8 people\" class=\"wp-image-25830\" srcset=\"https:\/\/arkenhotel.com\/wp-content\/uploads\/sites\/5\/2025\/04\/13_najaden-konferens-lokal-arken-hotell-spa-6587-900x601.jpg 900w, https:\/\/arkenhotel.com\/wp-content\/uploads\/sites\/5\/2025\/04\/13_najaden-konferens-lokal-arken-hotell-spa-6587-400x267.jpg 400w, https:\/\/arkenhotel.com\/wp-content\/uploads\/sites\/5\/2025\/04\/13_najaden-konferens-lokal-arken-hotell-spa-6587-600x400.jpg 600w, https:\/\/arkenhotel.com\/wp-content\/uploads\/sites\/5\/2025\/04\/13_najaden-konferens-lokal-arken-hotell-spa-6587-700x467.jpg 700w, https:\/\/arkenhotel.com\/wp-content\/uploads\/sites\/5\/2025\/04\/13_najaden-konferens-lokal-arken-hotell-spa-6587-800x534.jpg 800w, https:\/\/arkenhotel.com\/wp-content\/uploads\/sites\/5\/2025\/04\/13_najaden-konferens-lokal-arken-hotell-spa-6587-1000x667.jpg 1000w, https:\/\/arkenhotel.com\/wp-content\/uploads\/sites\/5\/2025\/04\/13_najaden-konferens-lokal-arken-hotell-spa-6587-1100x734.jpg 1100w, https:\/\/arkenhotel.com\/wp-content\/uploads\/sites\/5\/2025\/04\/13_najaden-konferens-lokal-arken-hotell-spa-6587-1280x854.jpg 1280w, https:\/\/arkenhotel.com\/wp-content\/uploads\/sites\/5\/2025\/04\/13_najaden-konferens-lokal-arken-hotell-spa-6587-768x513.jpg 768w, https:\/\/arkenhotel.com\/wp-content\/uploads\/sites\/5\/2025\/04\/13_najaden-konferens-lokal-arken-hotell-spa-6587-1536x1025.jpg 1536w, https:\/\/arkenhotel.com\/wp-content\/uploads\/sites\/5\/2025\/04\/13_najaden-konferens-lokal-arken-hotell-spa-6587.jpg 1618w\" sizes=\"auto, (max-width: 900px) 100vw, 900px\" \/><\/figure>\n<\/div>\n\n\n\n<div class=\"wp-block-group has-global-padding is-layout-constrained wp-container-core-group-is-layout-7db9d80f wp-block-group-is-layout-constrained\" style=\"padding-right:0;padding-left:0\">\n<figure class=\"wp-block-image size-large\"><img loading=\"lazy\" decoding=\"async\" width=\"900\" height=\"601\" src=\"https:\/\/arkenhotel.com\/wp-content\/uploads\/sites\/5\/2025\/04\/13_najaden-konferens-lokal-arken-hotell-spa-6584-900x601.jpg\" alt=\"Group room Najaden with door and window to the orangery\" class=\"wp-image-25829\" srcset=\"https:\/\/arkenhotel.com\/wp-content\/uploads\/sites\/5\/2025\/04\/13_najaden-konferens-lokal-arken-hotell-spa-6584-900x601.jpg 900w, https:\/\/arkenhotel.com\/wp-content\/uploads\/sites\/5\/2025\/04\/13_najaden-konferens-lokal-arken-hotell-spa-6584-400x267.jpg 400w, https:\/\/arkenhotel.com\/wp-content\/uploads\/sites\/5\/2025\/04\/13_najaden-konferens-lokal-arken-hotell-spa-6584-600x400.jpg 600w, https:\/\/arkenhotel.com\/wp-content\/uploads\/sites\/5\/2025\/04\/13_najaden-konferens-lokal-arken-hotell-spa-6584-700x467.jpg 700w, https:\/\/arkenhotel.com\/wp-content\/uploads\/sites\/5\/2025\/04\/13_najaden-konferens-lokal-arken-hotell-spa-6584-800x534.jpg 800w, https:\/\/arkenhotel.com\/wp-content\/uploads\/sites\/5\/2025\/04\/13_najaden-konferens-lokal-arken-hotell-spa-6584-1000x667.jpg 1000w, https:\/\/arkenhotel.com\/wp-content\/uploads\/sites\/5\/2025\/04\/13_najaden-konferens-lokal-arken-hotell-spa-6584-1100x734.jpg 1100w, https:\/\/arkenhotel.com\/wp-content\/uploads\/sites\/5\/2025\/04\/13_najaden-konferens-lokal-arken-hotell-spa-6584-1280x854.jpg 1280w, https:\/\/arkenhotel.com\/wp-content\/uploads\/sites\/5\/2025\/04\/13_najaden-konferens-lokal-arken-hotell-spa-6584-768x513.jpg 768w, https:\/\/arkenhotel.com\/wp-content\/uploads\/sites\/5\/2025\/04\/13_najaden-konferens-lokal-arken-hotell-spa-6584-1536x1025.jpg 1536w, https:\/\/arkenhotel.com\/wp-content\/uploads\/sites\/5\/2025\/04\/13_najaden-konferens-lokal-arken-hotell-spa-6584.jpg 1618w\" sizes=\"auto, (max-width: 900px) 100vw, 900px\" \/><\/figure>\n<\/div>\n\n<\/div><!DOCTYPE html PUBLIC \"-\/\/W3C\/\/DTD HTML 4.0 Transitional\/\/EN\" \"http:\/\/www.w3.org\/TR\/REC-html40\/loose.dtd\">\n<html><body><swiper-container init=\"false\" data-slides-per-view-l=\"1\" data-slides-per-view-m=\"1\" data-slides-per-view-s=\"1\" data-show-next=\"\" data-width-auto=\"0\" data-columns-gap=\"0\" data-show-navigation=\"1\" pagination-type=\"fraction\" data-pagination-version=\"first\" data-nav-bg-color=\"var(--wp--preset--color--contrast)\" data-nav-arrow-color=\"var(--wp--preset--color--base)\" class=\"wp-block-content-grid-slider slider-l slider-m slider-s\"><swiper-slide><div class=\"wp-block-group has-global-padding is-layout-constrained wp-container-core-group-is-layout-7db9d80f wp-block-group-is-layout-constrained\" style=\"padding-right:0;padding-left:0\">\n<figure class=\"wp-block-image size-large\"><img loading=\"lazy\" decoding=\"async\" width=\"900\" height=\"601\" src=\"https:\/\/arkenhotel.com\/wp-content\/uploads\/sites\/5\/2025\/04\/13_najaden-konferens-lokal-arken-hotell-spa-6588-900x601.jpg\" alt=\"Najaden group room at Arken Hotel &amp;amp; Art Garden Spa\" class=\"wp-image-25831\" srcset=\"https:\/\/arkenhotel.com\/wp-content\/uploads\/sites\/5\/2025\/04\/13_najaden-konferens-lokal-arken-hotell-spa-6588-900x601.jpg 900w, https:\/\/arkenhotel.com\/wp-content\/uploads\/sites\/5\/2025\/04\/13_najaden-konferens-lokal-arken-hotell-spa-6588-400x267.jpg 400w, https:\/\/arkenhotel.com\/wp-content\/uploads\/sites\/5\/2025\/04\/13_najaden-konferens-lokal-arken-hotell-spa-6588-600x400.jpg 600w, https:\/\/arkenhotel.com\/wp-content\/uploads\/sites\/5\/2025\/04\/13_najaden-konferens-lokal-arken-hotell-spa-6588-700x467.jpg 700w, https:\/\/arkenhotel.com\/wp-content\/uploads\/sites\/5\/2025\/04\/13_najaden-konferens-lokal-arken-hotell-spa-6588-800x534.jpg 800w, https:\/\/arkenhotel.com\/wp-content\/uploads\/sites\/5\/2025\/04\/13_najaden-konferens-lokal-arken-hotell-spa-6588-1000x667.jpg 1000w, https:\/\/arkenhotel.com\/wp-content\/uploads\/sites\/5\/2025\/04\/13_najaden-konferens-lokal-arken-hotell-spa-6588-1100x734.jpg 1100w, https:\/\/arkenhotel.com\/wp-content\/uploads\/sites\/5\/2025\/04\/13_najaden-konferens-lokal-arken-hotell-spa-6588-1280x854.jpg 1280w, https:\/\/arkenhotel.com\/wp-content\/uploads\/sites\/5\/2025\/04\/13_najaden-konferens-lokal-arken-hotell-spa-6588-768x513.jpg 768w, https:\/\/arkenhotel.com\/wp-content\/uploads\/sites\/5\/2025\/04\/13_najaden-konferens-lokal-arken-hotell-spa-6588-1536x1025.jpg 1536w, https:\/\/arkenhotel.com\/wp-content\/uploads\/sites\/5\/2025\/04\/13_najaden-konferens-lokal-arken-hotell-spa-6588.jpg 1618w\" sizes=\"auto, (max-width: 900px) 100vw, 900px\" \/><\/figure>\n<\/div><\/swiper-slide><swiper-slide><div class=\"wp-block-group has-global-padding is-layout-constrained wp-container-core-group-is-layout-7db9d80f wp-block-group-is-layout-constrained\" style=\"padding-right:0;padding-left:0\">\n<figure class=\"wp-block-image size-large\"><img loading=\"lazy\" decoding=\"async\" width=\"900\" height=\"601\" src=\"https:\/\/arkenhotel.com\/wp-content\/uploads\/sites\/5\/2025\/04\/13_najaden-konferens-lokal-arken-hotell-spa-6587-900x601.jpg\" alt=\"Najaden - a group room for up to 8 people\" class=\"wp-image-25830\" srcset=\"https:\/\/arkenhotel.com\/wp-content\/uploads\/sites\/5\/2025\/04\/13_najaden-konferens-lokal-arken-hotell-spa-6587-900x601.jpg 900w, https:\/\/arkenhotel.com\/wp-content\/uploads\/sites\/5\/2025\/04\/13_najaden-konferens-lokal-arken-hotell-spa-6587-400x267.jpg 400w, https:\/\/arkenhotel.com\/wp-content\/uploads\/sites\/5\/2025\/04\/13_najaden-konferens-lokal-arken-hotell-spa-6587-600x400.jpg 600w, https:\/\/arkenhotel.com\/wp-content\/uploads\/sites\/5\/2025\/04\/13_najaden-konferens-lokal-arken-hotell-spa-6587-700x467.jpg 700w, https:\/\/arkenhotel.com\/wp-content\/uploads\/sites\/5\/2025\/04\/13_najaden-konferens-lokal-arken-hotell-spa-6587-800x534.jpg 800w, https:\/\/arkenhotel.com\/wp-content\/uploads\/sites\/5\/2025\/04\/13_najaden-konferens-lokal-arken-hotell-spa-6587-1000x667.jpg 1000w, https:\/\/arkenhotel.com\/wp-content\/uploads\/sites\/5\/2025\/04\/13_najaden-konferens-lokal-arken-hotell-spa-6587-1100x734.jpg 1100w, https:\/\/arkenhotel.com\/wp-content\/uploads\/sites\/5\/2025\/04\/13_najaden-konferens-lokal-arken-hotell-spa-6587-1280x854.jpg 1280w, https:\/\/arkenhotel.com\/wp-content\/uploads\/sites\/5\/2025\/04\/13_najaden-konferens-lokal-arken-hotell-spa-6587-768x513.jpg 768w, https:\/\/arkenhotel.com\/wp-content\/uploads\/sites\/5\/2025\/04\/13_najaden-konferens-lokal-arken-hotell-spa-6587-1536x1025.jpg 1536w, https:\/\/arkenhotel.com\/wp-content\/uploads\/sites\/5\/2025\/04\/13_najaden-konferens-lokal-arken-hotell-spa-6587.jpg 1618w\" sizes=\"auto, (max-width: 900px) 100vw, 900px\" \/><\/figure>\n<\/div><\/swiper-slide><swiper-slide><div class=\"wp-block-group has-global-padding is-layout-constrained wp-container-core-group-is-layout-7db9d80f wp-block-group-is-layout-constrained\" style=\"padding-right:0;padding-left:0\">\n<figure class=\"wp-block-image size-large\"><img loading=\"lazy\" decoding=\"async\" width=\"900\" height=\"601\" src=\"https:\/\/arkenhotel.com\/wp-content\/uploads\/sites\/5\/2025\/04\/13_najaden-konferens-lokal-arken-hotell-spa-6584-900x601.jpg\" alt=\"Group room Najaden with door and window to the orangery\" class=\"wp-image-25829\" srcset=\"https:\/\/arkenhotel.com\/wp-content\/uploads\/sites\/5\/2025\/04\/13_najaden-konferens-lokal-arken-hotell-spa-6584-900x601.jpg 900w, https:\/\/arkenhotel.com\/wp-content\/uploads\/sites\/5\/2025\/04\/13_najaden-konferens-lokal-arken-hotell-spa-6584-400x267.jpg 400w, https:\/\/arkenhotel.com\/wp-content\/uploads\/sites\/5\/2025\/04\/13_najaden-konferens-lokal-arken-hotell-spa-6584-600x400.jpg 600w, https:\/\/arkenhotel.com\/wp-content\/uploads\/sites\/5\/2025\/04\/13_najaden-konferens-lokal-arken-hotell-spa-6584-700x467.jpg 700w, https:\/\/arkenhotel.com\/wp-content\/uploads\/sites\/5\/2025\/04\/13_najaden-konferens-lokal-arken-hotell-spa-6584-800x534.jpg 800w, https:\/\/arkenhotel.com\/wp-content\/uploads\/sites\/5\/2025\/04\/13_najaden-konferens-lokal-arken-hotell-spa-6584-1000x667.jpg 1000w, https:\/\/arkenhotel.com\/wp-content\/uploads\/sites\/5\/2025\/04\/13_najaden-konferens-lokal-arken-hotell-spa-6584-1100x734.jpg 1100w, https:\/\/arkenhotel.com\/wp-content\/uploads\/sites\/5\/2025\/04\/13_najaden-konferens-lokal-arken-hotell-spa-6584-1280x854.jpg 1280w, https:\/\/arkenhotel.com\/wp-content\/uploads\/sites\/5\/2025\/04\/13_najaden-konferens-lokal-arken-hotell-spa-6584-768x513.jpg 768w, https:\/\/arkenhotel.com\/wp-content\/uploads\/sites\/5\/2025\/04\/13_najaden-konferens-lokal-arken-hotell-spa-6584-1536x1025.jpg 1536w, https:\/\/arkenhotel.com\/wp-content\/uploads\/sites\/5\/2025\/04\/13_najaden-konferens-lokal-arken-hotell-spa-6584.jpg 1618w\" sizes=\"auto, (max-width: 900px) 100vw, 900px\" \/><\/figure>\n<\/div><\/swiper-slide><\/swiper-container><\/body><\/html>\n<\/div>\n<\/div>\n\n<p><\/p>\n            <\/div>\n         <\/div>\n      <\/div>\n         <div class=\" post-card\" data-post-id=\"30865\" data-post-slug=\"ostronet\">\n                     <div class=\"image-wrapper\">\n               <img decoding=\"async\" src=\"https:\/\/arkenhotel.com\/wp-content\/uploads\/sites\/5\/2025\/04\/14_ostronet-konferens-lokal-arken-hotell-spa-6597-900x601.jpg\" srcset=\"https:\/\/arkenhotel.com\/wp-content\/uploads\/sites\/5\/2025\/04\/14_ostronet-konferens-lokal-arken-hotell-spa-6597-900x601.jpg 900w, https:\/\/arkenhotel.com\/wp-content\/uploads\/sites\/5\/2025\/04\/14_ostronet-konferens-lokal-arken-hotell-spa-6597-400x267.jpg 400w, https:\/\/arkenhotel.com\/wp-content\/uploads\/sites\/5\/2025\/04\/14_ostronet-konferens-lokal-arken-hotell-spa-6597-600x400.jpg 600w, https:\/\/arkenhotel.com\/wp-content\/uploads\/sites\/5\/2025\/04\/14_ostronet-konferens-lokal-arken-hotell-spa-6597-700x467.jpg 700w, https:\/\/arkenhotel.com\/wp-content\/uploads\/sites\/5\/2025\/04\/14_ostronet-konferens-lokal-arken-hotell-spa-6597-800x534.jpg 800w, https:\/\/arkenhotel.com\/wp-content\/uploads\/sites\/5\/2025\/04\/14_ostronet-konferens-lokal-arken-hotell-spa-6597-1000x667.jpg 1000w, https:\/\/arkenhotel.com\/wp-content\/uploads\/sites\/5\/2025\/04\/14_ostronet-konferens-lokal-arken-hotell-spa-6597-1100x734.jpg 1100w, https:\/\/arkenhotel.com\/wp-content\/uploads\/sites\/5\/2025\/04\/14_ostronet-konferens-lokal-arken-hotell-spa-6597-1280x854.jpg 1280w, https:\/\/arkenhotel.com\/wp-content\/uploads\/sites\/5\/2025\/04\/14_ostronet-konferens-lokal-arken-hotell-spa-6597-768x513.jpg 768w, https:\/\/arkenhotel.com\/wp-content\/uploads\/sites\/5\/2025\/04\/14_ostronet-konferens-lokal-arken-hotell-spa-6597-1536x1025.jpg 1536w, https:\/\/arkenhotel.com\/wp-content\/uploads\/sites\/5\/2025\/04\/14_ostronet-konferens-lokal-arken-hotell-spa-6597.jpg 1618w\" alt=\"OSTRONET\" class=\"\" \/>\n            <\/div>\n                  <div class=\"content-wrapper\">\n            <div class=\"post-title-capacity\">\n                                 <h3 class=\"wp-block-heading post-title\">OSTRONET<\/h3>\n                                                <p class=\"post-capacity\">8 pers.<\/p>\n                           <\/div>\n                           <p class=\"post-subheading\">Ostronet is one of 8 group rooms with boardroom seating for up to 8 people. <\/p>\n                     <\/div>\n                     <div class=\"btn-wrapper\">\n               <button class=\"post-btn wp-block-button__link wp-element-button\">\n                  <div class=\"post-btn-closed\">\n                     Read more                     <svg width=\"10\" height=\"10\" viewBox=\"0 0 10 10\" fill=\"none\" xmlns=\"http:\/\/www.w3.org\/2000\/svg\">\n                        <path d=\"M10 2.66038L5 8L-4.8687e-07 2.66038L0.627207 2L5 6.66981L9.37279 2L10 2.66038Z\" fill=\"currentcolor\" \/>\n                     <\/svg>\n                  <\/div>\n                  <div class=\"post-btn-open\">\n                     Close                     <svg width=\"10\" height=\"10\" viewBox=\"0 0 10 10\" fill=\"none\" xmlns=\"http:\/\/www.w3.org\/2000\/svg\">\n                        <path d=\"M0.561192 10L0 9.43881L4.43881 5L0 0.561192L0.561192 0L5 4.43881L9.43881 0L10 0.561192L5.56119 5L10 9.43881L9.43881 10L5 5.56119L0.561192 10Z\" fill=\"currentcolor\" \/>\n                     <\/svg>\n                  <\/div>\n               <\/button>\n            <\/div>\n                  <div class=\"post-dropdown-content\" data-post-id=\"30865\">\n            <div class=\"post-dropdown-content-inner\">\n               \n<div class=\"wp-block-columns has-base-background-color has-background is-layout-flex wp-container-core-columns-is-layout-a864abb7 wp-block-columns-is-layout-flex\" style=\"padding-top:0;padding-right:0;padding-bottom:0;padding-left:0\">\n<div class=\"wp-block-column is-vertically-aligned-top has-small-font-size is-layout-flow wp-container-core-column-is-layout-6073293c wp-block-column-is-layout-flow\" style=\"flex-basis:500px\">\n<div class=\"wp-block-group is-content-justification-space-between is-nowrap is-layout-flex wp-container-core-group-is-layout-63c1e1a1 wp-block-group-is-layout-flex\">\n<h3 class=\"wp-block-heading\">ostronet<\/h3>\n\n\n\n<p class=\"has-contrast-color has-text-color has-link-color has-medium-font-size wp-elements-1889282f855cbc7fd727101eeb3cc6d4\">8 pers.<\/p>\n<\/div>\n\n\n\n<p>Ostronet is one of 8 group rooms with boardroom seating for up to 8 people. All are equipped for maximum comfort, with ergonomic chairs, generous whiteboards and adjustable lighting.  <\/p>\n\n\n\n<div class=\"wp-block-buttons is-layout-flex wp-block-buttons-is-layout-flex\">\n<div class=\"wp-block-button\" style=\"--hover-background-color:var(--wp--preset--color--contrast);--hover-text-color:var(--wp--preset--color--base);--hover-border-color:var(--wp--preset--color--contrast);--active-background-color:var(--wp--preset--color--color-3);--active-text-color:var(--wp--preset--color--base);--active-border-color:var(--wp--preset--color--color-3);--focus-background-color:var(--wp--preset--color--contrast);--focus-text-color:var(--wp--preset--color--base);--focus-border-color:var(--wp--preset--color--contrast);--disabled-background-color:var(--wp--preset--color--color-2);--disabled-text-color:var(--wp--preset--color--black);--disabled-border-color:var(--wp--preset--color--color-2)\"><a class=\"wp-block-button__link wp-element-button\" href=\"https:\/\/arkenhotel.com\/en\/meetings-events\/venues\/#kontakt\">SEND A BOOKING INQUIRY<\/a><\/div>\n<\/div>\n\n\n\n<div class=\"wp-block-group is-vertical is-layout-flex wp-container-core-group-is-layout-9f8fc9c8 wp-block-group-is-layout-flex\">\n<p style=\"font-style:normal;font-weight:500\">Equipment on the premises:<\/p>\n\n\n\n<ul class=\"wp-block-list is-style-checklist is-style-checklist--26\">\n<li>Whiteboards<\/li>\n\n\n\n<li>TV<\/li>\n\n\n\n<li>Flipchart<\/li>\n\n\n\n<li>Fixed and wireless broadband access<\/li>\n\n\n\n<li>Window and door to orangery<\/li>\n<\/ul>\n<\/div>\n\n\n\n<div class=\"wp-block-group is-vertical is-layout-flex wp-container-core-group-is-layout-9f8fc9c8 wp-block-group-is-layout-flex\">\n<p style=\"font-style:normal;font-weight:500\">Facts:<\/p>\n\n\n\n<p class=\"has-x-small-font-size\">Surface area: 14 sqm<\/p>\n\n\n\n<p class=\"has-x-small-font-size\">Maximum number: 8 pers.<\/p>\n<\/div>\n\n\n\n<div class=\"wp-block-group is-vertical is-layout-flex wp-container-core-group-is-layout-9f8fc9c8 wp-block-group-is-layout-flex\">\n<p style=\"font-style:normal;font-weight:500\">Seatings:<\/p>\n\n\n\n<p class=\"has-x-small-font-size\">Board seating &#8211; 8 pers.<\/p>\n\n\n\n<p class=\"has-x-small-font-size\"><\/p>\n\n\n\n<p class=\"has-x-small-font-size\"><\/p>\n<\/div>\n<\/div>\n\n\n\n<div class=\"wp-block-column is-vertically-aligned-top is-layout-flow wp-block-column-is-layout-flow\" style=\"flex-basis:66.66%\"><div data-block-id=\"4e6a6933-c609-4c49-a87e-7b92feb82710\" class=\"wp-block-content-grid block-editor-block-list__block wp-block wp-block-tiburon-content-grid columns-l-1 columns-m-1 columns-s-1 layout-default slider-on-l slider-on-m slider-on-s column-gap-0\">\n   \n\n<div class=\"wp-block-group has-global-padding is-layout-constrained wp-container-core-group-is-layout-7db9d80f wp-block-group-is-layout-constrained\" style=\"padding-right:0;padding-left:0\">\n<figure class=\"wp-block-image size-large\"><img loading=\"lazy\" decoding=\"async\" width=\"900\" height=\"601\" src=\"https:\/\/arkenhotel.com\/wp-content\/uploads\/sites\/5\/2025\/04\/14_ostronet-konferens-lokal-arken-hotell-spa-6597-900x601.jpg\" alt=\"Ostronet is a bright and fresh room for up to 8 people\" class=\"wp-image-25833\" srcset=\"https:\/\/arkenhotel.com\/wp-content\/uploads\/sites\/5\/2025\/04\/14_ostronet-konferens-lokal-arken-hotell-spa-6597-900x601.jpg 900w, https:\/\/arkenhotel.com\/wp-content\/uploads\/sites\/5\/2025\/04\/14_ostronet-konferens-lokal-arken-hotell-spa-6597-400x267.jpg 400w, https:\/\/arkenhotel.com\/wp-content\/uploads\/sites\/5\/2025\/04\/14_ostronet-konferens-lokal-arken-hotell-spa-6597-600x400.jpg 600w, https:\/\/arkenhotel.com\/wp-content\/uploads\/sites\/5\/2025\/04\/14_ostronet-konferens-lokal-arken-hotell-spa-6597-700x467.jpg 700w, https:\/\/arkenhotel.com\/wp-content\/uploads\/sites\/5\/2025\/04\/14_ostronet-konferens-lokal-arken-hotell-spa-6597-800x534.jpg 800w, https:\/\/arkenhotel.com\/wp-content\/uploads\/sites\/5\/2025\/04\/14_ostronet-konferens-lokal-arken-hotell-spa-6597-1000x667.jpg 1000w, https:\/\/arkenhotel.com\/wp-content\/uploads\/sites\/5\/2025\/04\/14_ostronet-konferens-lokal-arken-hotell-spa-6597-1100x734.jpg 1100w, https:\/\/arkenhotel.com\/wp-content\/uploads\/sites\/5\/2025\/04\/14_ostronet-konferens-lokal-arken-hotell-spa-6597-1280x854.jpg 1280w, https:\/\/arkenhotel.com\/wp-content\/uploads\/sites\/5\/2025\/04\/14_ostronet-konferens-lokal-arken-hotell-spa-6597-768x513.jpg 768w, https:\/\/arkenhotel.com\/wp-content\/uploads\/sites\/5\/2025\/04\/14_ostronet-konferens-lokal-arken-hotell-spa-6597-1536x1025.jpg 1536w, https:\/\/arkenhotel.com\/wp-content\/uploads\/sites\/5\/2025\/04\/14_ostronet-konferens-lokal-arken-hotell-spa-6597.jpg 1618w\" sizes=\"auto, (max-width: 900px) 100vw, 900px\" \/><\/figure>\n<\/div>\n\n\n\n<div class=\"wp-block-group has-global-padding is-layout-constrained wp-container-core-group-is-layout-7db9d80f wp-block-group-is-layout-constrained\" style=\"padding-right:0;padding-left:0\">\n<figure class=\"wp-block-image size-large\"><img loading=\"lazy\" decoding=\"async\" width=\"900\" height=\"601\" src=\"https:\/\/arkenhotel.com\/wp-content\/uploads\/sites\/5\/2025\/04\/14_ostronet-konferens-lokal-arken-hotell-spa-6598-900x601.jpg\" alt=\"Group room Ostronet at Arken Hotel &amp;amp; Art Garden Spa\" class=\"wp-image-25834\" srcset=\"https:\/\/arkenhotel.com\/wp-content\/uploads\/sites\/5\/2025\/04\/14_ostronet-konferens-lokal-arken-hotell-spa-6598-900x601.jpg 900w, https:\/\/arkenhotel.com\/wp-content\/uploads\/sites\/5\/2025\/04\/14_ostronet-konferens-lokal-arken-hotell-spa-6598-400x267.jpg 400w, https:\/\/arkenhotel.com\/wp-content\/uploads\/sites\/5\/2025\/04\/14_ostronet-konferens-lokal-arken-hotell-spa-6598-600x400.jpg 600w, https:\/\/arkenhotel.com\/wp-content\/uploads\/sites\/5\/2025\/04\/14_ostronet-konferens-lokal-arken-hotell-spa-6598-700x467.jpg 700w, https:\/\/arkenhotel.com\/wp-content\/uploads\/sites\/5\/2025\/04\/14_ostronet-konferens-lokal-arken-hotell-spa-6598-800x534.jpg 800w, https:\/\/arkenhotel.com\/wp-content\/uploads\/sites\/5\/2025\/04\/14_ostronet-konferens-lokal-arken-hotell-spa-6598-1000x667.jpg 1000w, https:\/\/arkenhotel.com\/wp-content\/uploads\/sites\/5\/2025\/04\/14_ostronet-konferens-lokal-arken-hotell-spa-6598-1100x734.jpg 1100w, https:\/\/arkenhotel.com\/wp-content\/uploads\/sites\/5\/2025\/04\/14_ostronet-konferens-lokal-arken-hotell-spa-6598-1280x854.jpg 1280w, https:\/\/arkenhotel.com\/wp-content\/uploads\/sites\/5\/2025\/04\/14_ostronet-konferens-lokal-arken-hotell-spa-6598-768x513.jpg 768w, https:\/\/arkenhotel.com\/wp-content\/uploads\/sites\/5\/2025\/04\/14_ostronet-konferens-lokal-arken-hotell-spa-6598-1536x1025.jpg 1536w, https:\/\/arkenhotel.com\/wp-content\/uploads\/sites\/5\/2025\/04\/14_ostronet-konferens-lokal-arken-hotell-spa-6598.jpg 1618w\" sizes=\"auto, (max-width: 900px) 100vw, 900px\" \/><\/figure>\n<\/div>\n\n\n\n<div class=\"wp-block-group has-global-padding is-layout-constrained wp-container-core-group-is-layout-7db9d80f wp-block-group-is-layout-constrained\" style=\"padding-right:0;padding-left:0\">\n<figure class=\"wp-block-image size-large\"><img loading=\"lazy\" decoding=\"async\" width=\"900\" height=\"601\" src=\"https:\/\/arkenhotel.com\/wp-content\/uploads\/sites\/5\/2025\/04\/14_ostronet-konferens-lokal-arken-hotell-spa-6599-900x601.jpg\" alt=\"Group room Ostronet with light from the orangery.\" class=\"wp-image-25835\" srcset=\"https:\/\/arkenhotel.com\/wp-content\/uploads\/sites\/5\/2025\/04\/14_ostronet-konferens-lokal-arken-hotell-spa-6599-900x601.jpg 900w, https:\/\/arkenhotel.com\/wp-content\/uploads\/sites\/5\/2025\/04\/14_ostronet-konferens-lokal-arken-hotell-spa-6599-400x267.jpg 400w, https:\/\/arkenhotel.com\/wp-content\/uploads\/sites\/5\/2025\/04\/14_ostronet-konferens-lokal-arken-hotell-spa-6599-600x400.jpg 600w, https:\/\/arkenhotel.com\/wp-content\/uploads\/sites\/5\/2025\/04\/14_ostronet-konferens-lokal-arken-hotell-spa-6599-700x467.jpg 700w, https:\/\/arkenhotel.com\/wp-content\/uploads\/sites\/5\/2025\/04\/14_ostronet-konferens-lokal-arken-hotell-spa-6599-800x534.jpg 800w, https:\/\/arkenhotel.com\/wp-content\/uploads\/sites\/5\/2025\/04\/14_ostronet-konferens-lokal-arken-hotell-spa-6599-1000x667.jpg 1000w, https:\/\/arkenhotel.com\/wp-content\/uploads\/sites\/5\/2025\/04\/14_ostronet-konferens-lokal-arken-hotell-spa-6599-1100x734.jpg 1100w, https:\/\/arkenhotel.com\/wp-content\/uploads\/sites\/5\/2025\/04\/14_ostronet-konferens-lokal-arken-hotell-spa-6599-1280x854.jpg 1280w, https:\/\/arkenhotel.com\/wp-content\/uploads\/sites\/5\/2025\/04\/14_ostronet-konferens-lokal-arken-hotell-spa-6599-768x513.jpg 768w, https:\/\/arkenhotel.com\/wp-content\/uploads\/sites\/5\/2025\/04\/14_ostronet-konferens-lokal-arken-hotell-spa-6599-1536x1025.jpg 1536w, https:\/\/arkenhotel.com\/wp-content\/uploads\/sites\/5\/2025\/04\/14_ostronet-konferens-lokal-arken-hotell-spa-6599.jpg 1618w\" sizes=\"auto, (max-width: 900px) 100vw, 900px\" \/><\/figure>\n<\/div>\n\n\n\n<div class=\"wp-block-group has-global-padding is-layout-constrained wp-container-core-group-is-layout-7db9d80f wp-block-group-is-layout-constrained\" style=\"padding-right:0;padding-left:0\">\n<figure class=\"wp-block-image size-large\"><img loading=\"lazy\" decoding=\"async\" width=\"900\" height=\"601\" src=\"https:\/\/arkenhotel.com\/wp-content\/uploads\/sites\/5\/2025\/04\/14_ostronet-konferens-lokal-arken-hotell-spa-6604-900x601.jpg\" alt=\"Ostronet - group room for board meetings\" class=\"wp-image-25836\" srcset=\"https:\/\/arkenhotel.com\/wp-content\/uploads\/sites\/5\/2025\/04\/14_ostronet-konferens-lokal-arken-hotell-spa-6604-900x601.jpg 900w, https:\/\/arkenhotel.com\/wp-content\/uploads\/sites\/5\/2025\/04\/14_ostronet-konferens-lokal-arken-hotell-spa-6604-400x267.jpg 400w, https:\/\/arkenhotel.com\/wp-content\/uploads\/sites\/5\/2025\/04\/14_ostronet-konferens-lokal-arken-hotell-spa-6604-600x400.jpg 600w, https:\/\/arkenhotel.com\/wp-content\/uploads\/sites\/5\/2025\/04\/14_ostronet-konferens-lokal-arken-hotell-spa-6604-700x467.jpg 700w, https:\/\/arkenhotel.com\/wp-content\/uploads\/sites\/5\/2025\/04\/14_ostronet-konferens-lokal-arken-hotell-spa-6604-800x534.jpg 800w, https:\/\/arkenhotel.com\/wp-content\/uploads\/sites\/5\/2025\/04\/14_ostronet-konferens-lokal-arken-hotell-spa-6604-1000x667.jpg 1000w, https:\/\/arkenhotel.com\/wp-content\/uploads\/sites\/5\/2025\/04\/14_ostronet-konferens-lokal-arken-hotell-spa-6604-1100x734.jpg 1100w, https:\/\/arkenhotel.com\/wp-content\/uploads\/sites\/5\/2025\/04\/14_ostronet-konferens-lokal-arken-hotell-spa-6604-1280x854.jpg 1280w, https:\/\/arkenhotel.com\/wp-content\/uploads\/sites\/5\/2025\/04\/14_ostronet-konferens-lokal-arken-hotell-spa-6604-768x513.jpg 768w, https:\/\/arkenhotel.com\/wp-content\/uploads\/sites\/5\/2025\/04\/14_ostronet-konferens-lokal-arken-hotell-spa-6604-1536x1025.jpg 1536w, https:\/\/arkenhotel.com\/wp-content\/uploads\/sites\/5\/2025\/04\/14_ostronet-konferens-lokal-arken-hotell-spa-6604.jpg 1618w\" sizes=\"auto, (max-width: 900px) 100vw, 900px\" \/><\/figure>\n<\/div>\n\n<\/div><!DOCTYPE html PUBLIC \"-\/\/W3C\/\/DTD HTML 4.0 Transitional\/\/EN\" \"http:\/\/www.w3.org\/TR\/REC-html40\/loose.dtd\">\n<html><body><swiper-container init=\"false\" data-slides-per-view-l=\"1\" data-slides-per-view-m=\"1\" data-slides-per-view-s=\"1\" data-show-next=\"\" data-width-auto=\"0\" data-columns-gap=\"0\" data-show-navigation=\"1\" pagination-type=\"fraction\" data-pagination-version=\"first\" data-nav-bg-color=\"var(--wp--preset--color--contrast)\" data-nav-arrow-color=\"var(--wp--preset--color--base)\" class=\"wp-block-content-grid-slider slider-l slider-m slider-s\"><swiper-slide><div class=\"wp-block-group has-global-padding is-layout-constrained wp-container-core-group-is-layout-7db9d80f wp-block-group-is-layout-constrained\" style=\"padding-right:0;padding-left:0\">\n<figure class=\"wp-block-image size-large\"><img loading=\"lazy\" decoding=\"async\" width=\"900\" height=\"601\" src=\"https:\/\/arkenhotel.com\/wp-content\/uploads\/sites\/5\/2025\/04\/14_ostronet-konferens-lokal-arken-hotell-spa-6597-900x601.jpg\" alt=\"Ostronet is a bright and fresh room for up to 8 people\" class=\"wp-image-25833\" srcset=\"https:\/\/arkenhotel.com\/wp-content\/uploads\/sites\/5\/2025\/04\/14_ostronet-konferens-lokal-arken-hotell-spa-6597-900x601.jpg 900w, https:\/\/arkenhotel.com\/wp-content\/uploads\/sites\/5\/2025\/04\/14_ostronet-konferens-lokal-arken-hotell-spa-6597-400x267.jpg 400w, https:\/\/arkenhotel.com\/wp-content\/uploads\/sites\/5\/2025\/04\/14_ostronet-konferens-lokal-arken-hotell-spa-6597-600x400.jpg 600w, https:\/\/arkenhotel.com\/wp-content\/uploads\/sites\/5\/2025\/04\/14_ostronet-konferens-lokal-arken-hotell-spa-6597-700x467.jpg 700w, https:\/\/arkenhotel.com\/wp-content\/uploads\/sites\/5\/2025\/04\/14_ostronet-konferens-lokal-arken-hotell-spa-6597-800x534.jpg 800w, https:\/\/arkenhotel.com\/wp-content\/uploads\/sites\/5\/2025\/04\/14_ostronet-konferens-lokal-arken-hotell-spa-6597-1000x667.jpg 1000w, https:\/\/arkenhotel.com\/wp-content\/uploads\/sites\/5\/2025\/04\/14_ostronet-konferens-lokal-arken-hotell-spa-6597-1100x734.jpg 1100w, https:\/\/arkenhotel.com\/wp-content\/uploads\/sites\/5\/2025\/04\/14_ostronet-konferens-lokal-arken-hotell-spa-6597-1280x854.jpg 1280w, https:\/\/arkenhotel.com\/wp-content\/uploads\/sites\/5\/2025\/04\/14_ostronet-konferens-lokal-arken-hotell-spa-6597-768x513.jpg 768w, https:\/\/arkenhotel.com\/wp-content\/uploads\/sites\/5\/2025\/04\/14_ostronet-konferens-lokal-arken-hotell-spa-6597-1536x1025.jpg 1536w, https:\/\/arkenhotel.com\/wp-content\/uploads\/sites\/5\/2025\/04\/14_ostronet-konferens-lokal-arken-hotell-spa-6597.jpg 1618w\" sizes=\"auto, (max-width: 900px) 100vw, 900px\" \/><\/figure>\n<\/div><\/swiper-slide><swiper-slide><div class=\"wp-block-group has-global-padding is-layout-constrained wp-container-core-group-is-layout-7db9d80f wp-block-group-is-layout-constrained\" style=\"padding-right:0;padding-left:0\">\n<figure class=\"wp-block-image size-large\"><img loading=\"lazy\" decoding=\"async\" width=\"900\" height=\"601\" src=\"https:\/\/arkenhotel.com\/wp-content\/uploads\/sites\/5\/2025\/04\/14_ostronet-konferens-lokal-arken-hotell-spa-6598-900x601.jpg\" alt=\"Group room Ostronet at Arken Hotel &amp;amp; Art Garden Spa\" class=\"wp-image-25834\" srcset=\"https:\/\/arkenhotel.com\/wp-content\/uploads\/sites\/5\/2025\/04\/14_ostronet-konferens-lokal-arken-hotell-spa-6598-900x601.jpg 900w, https:\/\/arkenhotel.com\/wp-content\/uploads\/sites\/5\/2025\/04\/14_ostronet-konferens-lokal-arken-hotell-spa-6598-400x267.jpg 400w, https:\/\/arkenhotel.com\/wp-content\/uploads\/sites\/5\/2025\/04\/14_ostronet-konferens-lokal-arken-hotell-spa-6598-600x400.jpg 600w, https:\/\/arkenhotel.com\/wp-content\/uploads\/sites\/5\/2025\/04\/14_ostronet-konferens-lokal-arken-hotell-spa-6598-700x467.jpg 700w, https:\/\/arkenhotel.com\/wp-content\/uploads\/sites\/5\/2025\/04\/14_ostronet-konferens-lokal-arken-hotell-spa-6598-800x534.jpg 800w, https:\/\/arkenhotel.com\/wp-content\/uploads\/sites\/5\/2025\/04\/14_ostronet-konferens-lokal-arken-hotell-spa-6598-1000x667.jpg 1000w, https:\/\/arkenhotel.com\/wp-content\/uploads\/sites\/5\/2025\/04\/14_ostronet-konferens-lokal-arken-hotell-spa-6598-1100x734.jpg 1100w, https:\/\/arkenhotel.com\/wp-content\/uploads\/sites\/5\/2025\/04\/14_ostronet-konferens-lokal-arken-hotell-spa-6598-1280x854.jpg 1280w, https:\/\/arkenhotel.com\/wp-content\/uploads\/sites\/5\/2025\/04\/14_ostronet-konferens-lokal-arken-hotell-spa-6598-768x513.jpg 768w, https:\/\/arkenhotel.com\/wp-content\/uploads\/sites\/5\/2025\/04\/14_ostronet-konferens-lokal-arken-hotell-spa-6598-1536x1025.jpg 1536w, https:\/\/arkenhotel.com\/wp-content\/uploads\/sites\/5\/2025\/04\/14_ostronet-konferens-lokal-arken-hotell-spa-6598.jpg 1618w\" sizes=\"auto, (max-width: 900px) 100vw, 900px\" \/><\/figure>\n<\/div><\/swiper-slide><swiper-slide><div class=\"wp-block-group has-global-padding is-layout-constrained wp-container-core-group-is-layout-7db9d80f wp-block-group-is-layout-constrained\" style=\"padding-right:0;padding-left:0\">\n<figure class=\"wp-block-image size-large\"><img loading=\"lazy\" decoding=\"async\" width=\"900\" height=\"601\" src=\"https:\/\/arkenhotel.com\/wp-content\/uploads\/sites\/5\/2025\/04\/14_ostronet-konferens-lokal-arken-hotell-spa-6599-900x601.jpg\" alt=\"Group room Ostronet with light from the orangery.\" class=\"wp-image-25835\" srcset=\"https:\/\/arkenhotel.com\/wp-content\/uploads\/sites\/5\/2025\/04\/14_ostronet-konferens-lokal-arken-hotell-spa-6599-900x601.jpg 900w, https:\/\/arkenhotel.com\/wp-content\/uploads\/sites\/5\/2025\/04\/14_ostronet-konferens-lokal-arken-hotell-spa-6599-400x267.jpg 400w, https:\/\/arkenhotel.com\/wp-content\/uploads\/sites\/5\/2025\/04\/14_ostronet-konferens-lokal-arken-hotell-spa-6599-600x400.jpg 600w, https:\/\/arkenhotel.com\/wp-content\/uploads\/sites\/5\/2025\/04\/14_ostronet-konferens-lokal-arken-hotell-spa-6599-700x467.jpg 700w, https:\/\/arkenhotel.com\/wp-content\/uploads\/sites\/5\/2025\/04\/14_ostronet-konferens-lokal-arken-hotell-spa-6599-800x534.jpg 800w, https:\/\/arkenhotel.com\/wp-content\/uploads\/sites\/5\/2025\/04\/14_ostronet-konferens-lokal-arken-hotell-spa-6599-1000x667.jpg 1000w, https:\/\/arkenhotel.com\/wp-content\/uploads\/sites\/5\/2025\/04\/14_ostronet-konferens-lokal-arken-hotell-spa-6599-1100x734.jpg 1100w, https:\/\/arkenhotel.com\/wp-content\/uploads\/sites\/5\/2025\/04\/14_ostronet-konferens-lokal-arken-hotell-spa-6599-1280x854.jpg 1280w, https:\/\/arkenhotel.com\/wp-content\/uploads\/sites\/5\/2025\/04\/14_ostronet-konferens-lokal-arken-hotell-spa-6599-768x513.jpg 768w, https:\/\/arkenhotel.com\/wp-content\/uploads\/sites\/5\/2025\/04\/14_ostronet-konferens-lokal-arken-hotell-spa-6599-1536x1025.jpg 1536w, https:\/\/arkenhotel.com\/wp-content\/uploads\/sites\/5\/2025\/04\/14_ostronet-konferens-lokal-arken-hotell-spa-6599.jpg 1618w\" sizes=\"auto, (max-width: 900px) 100vw, 900px\" \/><\/figure>\n<\/div><\/swiper-slide><swiper-slide><div class=\"wp-block-group has-global-padding is-layout-constrained wp-container-core-group-is-layout-7db9d80f wp-block-group-is-layout-constrained\" style=\"padding-right:0;padding-left:0\">\n<figure class=\"wp-block-image size-large\"><img loading=\"lazy\" decoding=\"async\" width=\"900\" height=\"601\" src=\"https:\/\/arkenhotel.com\/wp-content\/uploads\/sites\/5\/2025\/04\/14_ostronet-konferens-lokal-arken-hotell-spa-6604-900x601.jpg\" alt=\"Ostronet - group room for board meetings\" class=\"wp-image-25836\" srcset=\"https:\/\/arkenhotel.com\/wp-content\/uploads\/sites\/5\/2025\/04\/14_ostronet-konferens-lokal-arken-hotell-spa-6604-900x601.jpg 900w, https:\/\/arkenhotel.com\/wp-content\/uploads\/sites\/5\/2025\/04\/14_ostronet-konferens-lokal-arken-hotell-spa-6604-400x267.jpg 400w, https:\/\/arkenhotel.com\/wp-content\/uploads\/sites\/5\/2025\/04\/14_ostronet-konferens-lokal-arken-hotell-spa-6604-600x400.jpg 600w, https:\/\/arkenhotel.com\/wp-content\/uploads\/sites\/5\/2025\/04\/14_ostronet-konferens-lokal-arken-hotell-spa-6604-700x467.jpg 700w, https:\/\/arkenhotel.com\/wp-content\/uploads\/sites\/5\/2025\/04\/14_ostronet-konferens-lokal-arken-hotell-spa-6604-800x534.jpg 800w, https:\/\/arkenhotel.com\/wp-content\/uploads\/sites\/5\/2025\/04\/14_ostronet-konferens-lokal-arken-hotell-spa-6604-1000x667.jpg 1000w, https:\/\/arkenhotel.com\/wp-content\/uploads\/sites\/5\/2025\/04\/14_ostronet-konferens-lokal-arken-hotell-spa-6604-1100x734.jpg 1100w, https:\/\/arkenhotel.com\/wp-content\/uploads\/sites\/5\/2025\/04\/14_ostronet-konferens-lokal-arken-hotell-spa-6604-1280x854.jpg 1280w, https:\/\/arkenhotel.com\/wp-content\/uploads\/sites\/5\/2025\/04\/14_ostronet-konferens-lokal-arken-hotell-spa-6604-768x513.jpg 768w, https:\/\/arkenhotel.com\/wp-content\/uploads\/sites\/5\/2025\/04\/14_ostronet-konferens-lokal-arken-hotell-spa-6604-1536x1025.jpg 1536w, https:\/\/arkenhotel.com\/wp-content\/uploads\/sites\/5\/2025\/04\/14_ostronet-konferens-lokal-arken-hotell-spa-6604.jpg 1618w\" sizes=\"auto, (max-width: 900px) 100vw, 900px\" \/><\/figure>\n<\/div><\/swiper-slide><\/swiper-container><\/body><\/html>\n<\/div>\n<\/div>\n\n<p><\/p>\n            <\/div>\n         <\/div>\n      <\/div>\n         <div class=\" post-card\" data-post-id=\"30876\" data-post-slug=\"skallen\">\n                     <div class=\"image-wrapper\">\n               <img decoding=\"async\" src=\"https:\/\/arkenhotel.com\/wp-content\/uploads\/sites\/5\/2025\/04\/15_skallen-konferens-lokal-arken-hotell-spa-6628-900x601.jpg\" srcset=\"https:\/\/arkenhotel.com\/wp-content\/uploads\/sites\/5\/2025\/04\/15_skallen-konferens-lokal-arken-hotell-spa-6628-900x601.jpg 900w, https:\/\/arkenhotel.com\/wp-content\/uploads\/sites\/5\/2025\/04\/15_skallen-konferens-lokal-arken-hotell-spa-6628-400x267.jpg 400w, https:\/\/arkenhotel.com\/wp-content\/uploads\/sites\/5\/2025\/04\/15_skallen-konferens-lokal-arken-hotell-spa-6628-600x401.jpg 600w, https:\/\/arkenhotel.com\/wp-content\/uploads\/sites\/5\/2025\/04\/15_skallen-konferens-lokal-arken-hotell-spa-6628-700x467.jpg 700w, https:\/\/arkenhotel.com\/wp-content\/uploads\/sites\/5\/2025\/04\/15_skallen-konferens-lokal-arken-hotell-spa-6628-800x534.jpg 800w, https:\/\/arkenhotel.com\/wp-content\/uploads\/sites\/5\/2025\/04\/15_skallen-konferens-lokal-arken-hotell-spa-6628-1000x668.jpg 1000w, https:\/\/arkenhotel.com\/wp-content\/uploads\/sites\/5\/2025\/04\/15_skallen-konferens-lokal-arken-hotell-spa-6628-1100x734.jpg 1100w, https:\/\/arkenhotel.com\/wp-content\/uploads\/sites\/5\/2025\/04\/15_skallen-konferens-lokal-arken-hotell-spa-6628-1280x855.jpg 1280w, https:\/\/arkenhotel.com\/wp-content\/uploads\/sites\/5\/2025\/04\/15_skallen-konferens-lokal-arken-hotell-spa-6628-1920x1282.jpg 1920w, https:\/\/arkenhotel.com\/wp-content\/uploads\/sites\/5\/2025\/04\/15_skallen-konferens-lokal-arken-hotell-spa-6628-768x513.jpg 768w, https:\/\/arkenhotel.com\/wp-content\/uploads\/sites\/5\/2025\/04\/15_skallen-konferens-lokal-arken-hotell-spa-6628-1536x1026.jpg 1536w, https:\/\/arkenhotel.com\/wp-content\/uploads\/sites\/5\/2025\/04\/15_skallen-konferens-lokal-arken-hotell-spa-6628-2048x1367.jpg 2048w, https:\/\/arkenhotel.com\/wp-content\/uploads\/sites\/5\/2025\/04\/15_skallen-konferens-lokal-arken-hotell-spa-6628-scaled.jpg 1617w\" alt=\"SKALLEN\" class=\"\" \/>\n            <\/div>\n                  <div class=\"content-wrapper\">\n            <div class=\"post-title-capacity\">\n                                 <h3 class=\"wp-block-heading post-title\">SKALLEN<\/h3>\n                                                <p class=\"post-capacity\">8 pers.<\/p>\n                           <\/div>\n                           <p class=\"post-subheading\">Skallen is one of 8 group rooms with boardroom seating for up to 8 people. <\/p>\n                     <\/div>\n                     <div class=\"btn-wrapper\">\n               <button class=\"post-btn wp-block-button__link wp-element-button\">\n                  <div class=\"post-btn-closed\">\n                     Read more                     <svg width=\"10\" height=\"10\" viewBox=\"0 0 10 10\" fill=\"none\" xmlns=\"http:\/\/www.w3.org\/2000\/svg\">\n                        <path d=\"M10 2.66038L5 8L-4.8687e-07 2.66038L0.627207 2L5 6.66981L9.37279 2L10 2.66038Z\" fill=\"currentcolor\" \/>\n                     <\/svg>\n                  <\/div>\n                  <div class=\"post-btn-open\">\n                     Close                     <svg width=\"10\" height=\"10\" viewBox=\"0 0 10 10\" fill=\"none\" xmlns=\"http:\/\/www.w3.org\/2000\/svg\">\n                        <path d=\"M0.561192 10L0 9.43881L4.43881 5L0 0.561192L0.561192 0L5 4.43881L9.43881 0L10 0.561192L5.56119 5L10 9.43881L9.43881 10L5 5.56119L0.561192 10Z\" fill=\"currentcolor\" \/>\n                     <\/svg>\n                  <\/div>\n               <\/button>\n            <\/div>\n                  <div class=\"post-dropdown-content\" data-post-id=\"30876\">\n            <div class=\"post-dropdown-content-inner\">\n               \n<div class=\"wp-block-columns has-base-background-color has-background is-layout-flex wp-container-core-columns-is-layout-a864abb7 wp-block-columns-is-layout-flex\" style=\"padding-top:0;padding-right:0;padding-bottom:0;padding-left:0\">\n<div class=\"wp-block-column is-vertically-aligned-top has-small-font-size is-layout-flow wp-container-core-column-is-layout-6073293c wp-block-column-is-layout-flow\" style=\"flex-basis:500px\">\n<div class=\"wp-block-group is-content-justification-space-between is-nowrap is-layout-flex wp-container-core-group-is-layout-63c1e1a1 wp-block-group-is-layout-flex\">\n<h3 class=\"wp-block-heading\">SKALLEN<\/h3>\n\n\n\n<p class=\"has-contrast-color has-text-color has-link-color has-medium-font-size wp-elements-1889282f855cbc7fd727101eeb3cc6d4\">8 pers.<\/p>\n<\/div>\n\n\n\n<p>Skallen is one of 8 group rooms with boardroom seating for up to 8 people. All are equipped for maximum comfort, with ergonomic chairs, generous whiteboards and adjustable lighting.  <\/p>\n\n\n\n<div class=\"wp-block-buttons is-layout-flex wp-block-buttons-is-layout-flex\">\n<div class=\"wp-block-button\" style=\"--hover-background-color:var(--wp--preset--color--contrast);--hover-text-color:var(--wp--preset--color--base);--hover-border-color:var(--wp--preset--color--contrast);--active-background-color:var(--wp--preset--color--color-3);--active-text-color:var(--wp--preset--color--base);--active-border-color:var(--wp--preset--color--color-3);--focus-background-color:var(--wp--preset--color--contrast);--focus-text-color:var(--wp--preset--color--base);--focus-border-color:var(--wp--preset--color--contrast);--disabled-background-color:var(--wp--preset--color--color-2);--disabled-text-color:var(--wp--preset--color--black);--disabled-border-color:var(--wp--preset--color--color-2)\"><a class=\"wp-block-button__link wp-element-button\" href=\"https:\/\/arkenhotel.com\/en\/meetings-events\/venues\/#kontakt\">SEND A BOOKING INQUIRY<\/a><\/div>\n<\/div>\n\n\n\n<div class=\"wp-block-group is-vertical is-layout-flex wp-container-core-group-is-layout-9f8fc9c8 wp-block-group-is-layout-flex\">\n<p style=\"font-style:normal;font-weight:500\">Equipment on the premises:<\/p>\n\n\n\n<ul class=\"wp-block-list is-style-checklist is-style-checklist--27\">\n<li>Whiteboards<\/li>\n\n\n\n<li>TV<\/li>\n\n\n\n<li>Flipchart<\/li>\n\n\n\n<li>Fixed and wireless broadband access<\/li>\n<\/ul>\n<\/div>\n\n\n\n<div class=\"wp-block-group is-vertical is-layout-flex wp-container-core-group-is-layout-9f8fc9c8 wp-block-group-is-layout-flex\">\n<p style=\"font-style:normal;font-weight:500\">Facts:<\/p>\n\n\n\n<p class=\"has-x-small-font-size\">Surface area: 13 sqm<\/p>\n\n\n\n<p class=\"has-x-small-font-size\">Maximum number: 8 pers.<\/p>\n<\/div>\n\n\n\n<div class=\"wp-block-group is-vertical is-layout-flex wp-container-core-group-is-layout-9f8fc9c8 wp-block-group-is-layout-flex\">\n<p style=\"font-style:normal;font-weight:500\">Seatings:<\/p>\n\n\n\n<p class=\"has-x-small-font-size\">Board seating &#8211; 8 pers.<\/p>\n\n\n\n<p class=\"has-x-small-font-size\"><\/p>\n\n\n\n<p class=\"has-x-small-font-size\"><\/p>\n<\/div>\n<\/div>\n\n\n\n<div class=\"wp-block-column is-vertically-aligned-top is-layout-flow wp-block-column-is-layout-flow\" style=\"flex-basis:66.66%\"><div data-block-id=\"4e6a6933-c609-4c49-a87e-7b92feb82710\" class=\"wp-block-content-grid block-editor-block-list__block wp-block wp-block-tiburon-content-grid columns-l-1 columns-m-1 columns-s-1 layout-default slider-on-l slider-on-m slider-on-s column-gap-0\">\n   \n\n<div class=\"wp-block-group has-global-padding is-layout-constrained wp-container-core-group-is-layout-7db9d80f wp-block-group-is-layout-constrained\" style=\"padding-right:0;padding-left:0\">\n<figure class=\"wp-block-image size-large\"><img loading=\"lazy\" decoding=\"async\" width=\"900\" height=\"601\" src=\"https:\/\/arkenhotel.com\/wp-content\/uploads\/sites\/5\/2025\/04\/15_skallen-konferens-lokal-arken-hotell-spa-6628-900x601.jpg\" alt=\"Skallen - group room for 8 people.\" class=\"wp-image-25840\" srcset=\"https:\/\/arkenhotel.com\/wp-content\/uploads\/sites\/5\/2025\/04\/15_skallen-konferens-lokal-arken-hotell-spa-6628-900x601.jpg 900w, https:\/\/arkenhotel.com\/wp-content\/uploads\/sites\/5\/2025\/04\/15_skallen-konferens-lokal-arken-hotell-spa-6628-400x267.jpg 400w, https:\/\/arkenhotel.com\/wp-content\/uploads\/sites\/5\/2025\/04\/15_skallen-konferens-lokal-arken-hotell-spa-6628-600x401.jpg 600w, https:\/\/arkenhotel.com\/wp-content\/uploads\/sites\/5\/2025\/04\/15_skallen-konferens-lokal-arken-hotell-spa-6628-700x467.jpg 700w, https:\/\/arkenhotel.com\/wp-content\/uploads\/sites\/5\/2025\/04\/15_skallen-konferens-lokal-arken-hotell-spa-6628-800x534.jpg 800w, https:\/\/arkenhotel.com\/wp-content\/uploads\/sites\/5\/2025\/04\/15_skallen-konferens-lokal-arken-hotell-spa-6628-1000x668.jpg 1000w, https:\/\/arkenhotel.com\/wp-content\/uploads\/sites\/5\/2025\/04\/15_skallen-konferens-lokal-arken-hotell-spa-6628-1100x734.jpg 1100w, https:\/\/arkenhotel.com\/wp-content\/uploads\/sites\/5\/2025\/04\/15_skallen-konferens-lokal-arken-hotell-spa-6628-1280x855.jpg 1280w, https:\/\/arkenhotel.com\/wp-content\/uploads\/sites\/5\/2025\/04\/15_skallen-konferens-lokal-arken-hotell-spa-6628-1920x1282.jpg 1920w, https:\/\/arkenhotel.com\/wp-content\/uploads\/sites\/5\/2025\/04\/15_skallen-konferens-lokal-arken-hotell-spa-6628-768x513.jpg 768w, https:\/\/arkenhotel.com\/wp-content\/uploads\/sites\/5\/2025\/04\/15_skallen-konferens-lokal-arken-hotell-spa-6628-1536x1026.jpg 1536w, https:\/\/arkenhotel.com\/wp-content\/uploads\/sites\/5\/2025\/04\/15_skallen-konferens-lokal-arken-hotell-spa-6628-2048x1367.jpg 2048w, https:\/\/arkenhotel.com\/wp-content\/uploads\/sites\/5\/2025\/04\/15_skallen-konferens-lokal-arken-hotell-spa-6628-scaled.jpg 1617w\" sizes=\"auto, (max-width: 900px) 100vw, 900px\" \/><\/figure>\n<\/div>\n\n<\/div><!DOCTYPE html PUBLIC \"-\/\/W3C\/\/DTD HTML 4.0 Transitional\/\/EN\" \"http:\/\/www.w3.org\/TR\/REC-html40\/loose.dtd\">\n<html><body><swiper-container init=\"false\" data-slides-per-view-l=\"1\" data-slides-per-view-m=\"1\" data-slides-per-view-s=\"1\" data-show-next=\"\" data-width-auto=\"0\" data-columns-gap=\"0\" data-show-navigation=\"1\" pagination-type=\"fraction\" data-pagination-version=\"first\" data-nav-bg-color=\"var(--wp--preset--color--contrast)\" data-nav-arrow-color=\"var(--wp--preset--color--base)\" class=\"wp-block-content-grid-slider slider-l slider-m slider-s\"><swiper-slide><div class=\"wp-block-group has-global-padding is-layout-constrained wp-container-core-group-is-layout-7db9d80f wp-block-group-is-layout-constrained\" style=\"padding-right:0;padding-left:0\">\n<figure class=\"wp-block-image size-large\"><img loading=\"lazy\" decoding=\"async\" width=\"900\" height=\"601\" src=\"https:\/\/arkenhotel.com\/wp-content\/uploads\/sites\/5\/2025\/04\/15_skallen-konferens-lokal-arken-hotell-spa-6628-900x601.jpg\" alt=\"Skallen - group room for 8 people.\" class=\"wp-image-25840\" srcset=\"https:\/\/arkenhotel.com\/wp-content\/uploads\/sites\/5\/2025\/04\/15_skallen-konferens-lokal-arken-hotell-spa-6628-900x601.jpg 900w, https:\/\/arkenhotel.com\/wp-content\/uploads\/sites\/5\/2025\/04\/15_skallen-konferens-lokal-arken-hotell-spa-6628-400x267.jpg 400w, https:\/\/arkenhotel.com\/wp-content\/uploads\/sites\/5\/2025\/04\/15_skallen-konferens-lokal-arken-hotell-spa-6628-600x401.jpg 600w, https:\/\/arkenhotel.com\/wp-content\/uploads\/sites\/5\/2025\/04\/15_skallen-konferens-lokal-arken-hotell-spa-6628-700x467.jpg 700w, https:\/\/arkenhotel.com\/wp-content\/uploads\/sites\/5\/2025\/04\/15_skallen-konferens-lokal-arken-hotell-spa-6628-800x534.jpg 800w, https:\/\/arkenhotel.com\/wp-content\/uploads\/sites\/5\/2025\/04\/15_skallen-konferens-lokal-arken-hotell-spa-6628-1000x668.jpg 1000w, https:\/\/arkenhotel.com\/wp-content\/uploads\/sites\/5\/2025\/04\/15_skallen-konferens-lokal-arken-hotell-spa-6628-1100x734.jpg 1100w, https:\/\/arkenhotel.com\/wp-content\/uploads\/sites\/5\/2025\/04\/15_skallen-konferens-lokal-arken-hotell-spa-6628-1280x855.jpg 1280w, https:\/\/arkenhotel.com\/wp-content\/uploads\/sites\/5\/2025\/04\/15_skallen-konferens-lokal-arken-hotell-spa-6628-1920x1282.jpg 1920w, https:\/\/arkenhotel.com\/wp-content\/uploads\/sites\/5\/2025\/04\/15_skallen-konferens-lokal-arken-hotell-spa-6628-768x513.jpg 768w, https:\/\/arkenhotel.com\/wp-content\/uploads\/sites\/5\/2025\/04\/15_skallen-konferens-lokal-arken-hotell-spa-6628-1536x1026.jpg 1536w, https:\/\/arkenhotel.com\/wp-content\/uploads\/sites\/5\/2025\/04\/15_skallen-konferens-lokal-arken-hotell-spa-6628-2048x1367.jpg 2048w, https:\/\/arkenhotel.com\/wp-content\/uploads\/sites\/5\/2025\/04\/15_skallen-konferens-lokal-arken-hotell-spa-6628-scaled.jpg 1617w\" sizes=\"auto, (max-width: 900px) 100vw, 900px\" \/><\/figure>\n<\/div><\/swiper-slide><\/swiper-container><\/body><\/html>\n<\/div>\n<\/div>\n\n<p><\/p>\n            <\/div>\n         <\/div>\n      <\/div>\n         <div class=\" post-card\" data-post-id=\"30882\" data-post-slug=\"matskar\">\n                     <div class=\"image-wrapper\">\n               <img decoding=\"async\" src=\"https:\/\/arkenhotel.com\/wp-content\/uploads\/sites\/5\/2025\/04\/16_matskar-konferens-lokal-arken-hotell-spa-6647-900x601.jpg\" srcset=\"https:\/\/arkenhotel.com\/wp-content\/uploads\/sites\/5\/2025\/04\/16_matskar-konferens-lokal-arken-hotell-spa-6647-900x601.jpg 900w, https:\/\/arkenhotel.com\/wp-content\/uploads\/sites\/5\/2025\/04\/16_matskar-konferens-lokal-arken-hotell-spa-6647-400x267.jpg 400w, https:\/\/arkenhotel.com\/wp-content\/uploads\/sites\/5\/2025\/04\/16_matskar-konferens-lokal-arken-hotell-spa-6647-600x400.jpg 600w, https:\/\/arkenhotel.com\/wp-content\/uploads\/sites\/5\/2025\/04\/16_matskar-konferens-lokal-arken-hotell-spa-6647-700x467.jpg 700w, https:\/\/arkenhotel.com\/wp-content\/uploads\/sites\/5\/2025\/04\/16_matskar-konferens-lokal-arken-hotell-spa-6647-800x534.jpg 800w, https:\/\/arkenhotel.com\/wp-content\/uploads\/sites\/5\/2025\/04\/16_matskar-konferens-lokal-arken-hotell-spa-6647-1000x667.jpg 1000w, https:\/\/arkenhotel.com\/wp-content\/uploads\/sites\/5\/2025\/04\/16_matskar-konferens-lokal-arken-hotell-spa-6647-1100x734.jpg 1100w, https:\/\/arkenhotel.com\/wp-content\/uploads\/sites\/5\/2025\/04\/16_matskar-konferens-lokal-arken-hotell-spa-6647-1280x854.jpg 1280w, https:\/\/arkenhotel.com\/wp-content\/uploads\/sites\/5\/2025\/04\/16_matskar-konferens-lokal-arken-hotell-spa-6647-768x513.jpg 768w, https:\/\/arkenhotel.com\/wp-content\/uploads\/sites\/5\/2025\/04\/16_matskar-konferens-lokal-arken-hotell-spa-6647-1536x1025.jpg 1536w, https:\/\/arkenhotel.com\/wp-content\/uploads\/sites\/5\/2025\/04\/16_matskar-konferens-lokal-arken-hotell-spa-6647.jpg 1618w\" alt=\"MATSK\u00c4R\" class=\"\" \/>\n            <\/div>\n                  <div class=\"content-wrapper\">\n            <div class=\"post-title-capacity\">\n                                 <h3 class=\"wp-block-heading post-title\">MATSK\u00c4R<\/h3>\n                                                <p class=\"post-capacity\">8 pers.<\/p>\n                           <\/div>\n                           <p class=\"post-subheading\">Matsk\u00e4r is one of 8 group rooms with boardroom seating for up to 8 people.  <\/p>\n                     <\/div>\n                     <div class=\"btn-wrapper\">\n               <button class=\"post-btn wp-block-button__link wp-element-button\">\n                  <div class=\"post-btn-closed\">\n                     Read more                     <svg width=\"10\" height=\"10\" viewBox=\"0 0 10 10\" fill=\"none\" xmlns=\"http:\/\/www.w3.org\/2000\/svg\">\n                        <path d=\"M10 2.66038L5 8L-4.8687e-07 2.66038L0.627207 2L5 6.66981L9.37279 2L10 2.66038Z\" fill=\"currentcolor\" \/>\n                     <\/svg>\n                  <\/div>\n                  <div class=\"post-btn-open\">\n                     Close                     <svg width=\"10\" height=\"10\" viewBox=\"0 0 10 10\" fill=\"none\" xmlns=\"http:\/\/www.w3.org\/2000\/svg\">\n                        <path d=\"M0.561192 10L0 9.43881L4.43881 5L0 0.561192L0.561192 0L5 4.43881L9.43881 0L10 0.561192L5.56119 5L10 9.43881L9.43881 10L5 5.56119L0.561192 10Z\" fill=\"currentcolor\" \/>\n                     <\/svg>\n                  <\/div>\n               <\/button>\n            <\/div>\n                  <div class=\"post-dropdown-content\" data-post-id=\"30882\">\n            <div class=\"post-dropdown-content-inner\">\n               \n<div class=\"wp-block-columns has-base-background-color has-background is-layout-flex wp-container-core-columns-is-layout-a864abb7 wp-block-columns-is-layout-flex\" style=\"padding-top:0;padding-right:0;padding-bottom:0;padding-left:0\">\n<div class=\"wp-block-column is-vertically-aligned-top has-small-font-size is-layout-flow wp-container-core-column-is-layout-6073293c wp-block-column-is-layout-flow\" style=\"flex-basis:500px\">\n<div class=\"wp-block-group is-content-justification-space-between is-nowrap is-layout-flex wp-container-core-group-is-layout-63c1e1a1 wp-block-group-is-layout-flex\">\n<h3 class=\"wp-block-heading\">MATSK\u00c4R<\/h3>\n\n\n\n<p class=\"has-contrast-color has-text-color has-link-color has-medium-font-size wp-elements-1889282f855cbc7fd727101eeb3cc6d4\">8 pers.<\/p>\n<\/div>\n\n\n\n<p>Matsk\u00e4r is one of 8 group rooms with boardroom seating for up to 8 people. All are equipped for maximum comfort, with ergonomic chairs, generous writing boards and adjustable lighting.   <\/p>\n\n\n\n<div class=\"wp-block-buttons is-layout-flex wp-block-buttons-is-layout-flex\">\n<div class=\"wp-block-button\" style=\"--hover-background-color:var(--wp--preset--color--contrast);--hover-text-color:var(--wp--preset--color--base);--hover-border-color:var(--wp--preset--color--contrast);--active-background-color:var(--wp--preset--color--color-3);--active-text-color:var(--wp--preset--color--base);--active-border-color:var(--wp--preset--color--color-3);--focus-background-color:var(--wp--preset--color--contrast);--focus-text-color:var(--wp--preset--color--base);--focus-border-color:var(--wp--preset--color--contrast);--disabled-background-color:var(--wp--preset--color--color-2);--disabled-text-color:var(--wp--preset--color--black);--disabled-border-color:var(--wp--preset--color--color-2)\"><a class=\"wp-block-button__link wp-element-button\" href=\"https:\/\/arkenhotel.com\/en\/meetings-events\/venues\/#kontakt\">SEND A BOOKING INQUIRY<\/a><\/div>\n<\/div>\n\n\n\n<div class=\"wp-block-group is-vertical is-layout-flex wp-container-core-group-is-layout-9f8fc9c8 wp-block-group-is-layout-flex\">\n<p style=\"font-style:normal;font-weight:500\">Equipment on the premises:<\/p>\n\n\n\n<ul class=\"wp-block-list is-style-checklist is-style-checklist--28\">\n<li>Whiteboards<\/li>\n\n\n\n<li>TV<\/li>\n\n\n\n<li>Flipchart<\/li>\n\n\n\n<li>Fixed and wireless broadband access<\/li>\n<\/ul>\n<\/div>\n\n\n\n<div class=\"wp-block-group is-vertical is-layout-flex wp-container-core-group-is-layout-9f8fc9c8 wp-block-group-is-layout-flex\">\n<p style=\"font-style:normal;font-weight:500\">Facts:<\/p>\n\n\n\n<p class=\"has-x-small-font-size\">Surface area: 13 sqm<\/p>\n\n\n\n<p class=\"has-x-small-font-size\">Maximum number: 8 pers.<\/p>\n<\/div>\n\n\n\n<div class=\"wp-block-group is-vertical is-layout-flex wp-container-core-group-is-layout-9f8fc9c8 wp-block-group-is-layout-flex\">\n<p style=\"font-style:normal;font-weight:500\">Seatings:<\/p>\n\n\n\n<p class=\"has-x-small-font-size\">Board seating &#8211; 8 pers.<\/p>\n\n\n\n<p class=\"has-x-small-font-size\"><\/p>\n\n\n\n<p class=\"has-x-small-font-size\"><\/p>\n<\/div>\n<\/div>\n\n\n\n<div class=\"wp-block-column is-vertically-aligned-top is-layout-flow wp-block-column-is-layout-flow\" style=\"flex-basis:66.66%\"><div data-block-id=\"4e6a6933-c609-4c49-a87e-7b92feb82710\" class=\"wp-block-content-grid block-editor-block-list__block wp-block wp-block-tiburon-content-grid columns-l-1 columns-m-1 columns-s-1 layout-default slider-on-l slider-on-m slider-on-s column-gap-0\">\n   \n\n<div class=\"wp-block-group has-global-padding is-layout-constrained wp-container-core-group-is-layout-7db9d80f wp-block-group-is-layout-constrained\" style=\"padding-right:0;padding-left:0\">\n<figure class=\"wp-block-image size-large\"><img loading=\"lazy\" decoding=\"async\" width=\"900\" height=\"601\" src=\"https:\/\/arkenhotel.com\/wp-content\/uploads\/sites\/5\/2025\/04\/16_matskar-konferens-lokal-arken-hotell-spa-6647-900x601.jpg\" alt=\"Matsk&#xE4;r group room\" class=\"wp-image-25843\" srcset=\"https:\/\/arkenhotel.com\/wp-content\/uploads\/sites\/5\/2025\/04\/16_matskar-konferens-lokal-arken-hotell-spa-6647-900x601.jpg 900w, https:\/\/arkenhotel.com\/wp-content\/uploads\/sites\/5\/2025\/04\/16_matskar-konferens-lokal-arken-hotell-spa-6647-400x267.jpg 400w, https:\/\/arkenhotel.com\/wp-content\/uploads\/sites\/5\/2025\/04\/16_matskar-konferens-lokal-arken-hotell-spa-6647-600x400.jpg 600w, https:\/\/arkenhotel.com\/wp-content\/uploads\/sites\/5\/2025\/04\/16_matskar-konferens-lokal-arken-hotell-spa-6647-700x467.jpg 700w, https:\/\/arkenhotel.com\/wp-content\/uploads\/sites\/5\/2025\/04\/16_matskar-konferens-lokal-arken-hotell-spa-6647-800x534.jpg 800w, https:\/\/arkenhotel.com\/wp-content\/uploads\/sites\/5\/2025\/04\/16_matskar-konferens-lokal-arken-hotell-spa-6647-1000x667.jpg 1000w, https:\/\/arkenhotel.com\/wp-content\/uploads\/sites\/5\/2025\/04\/16_matskar-konferens-lokal-arken-hotell-spa-6647-1100x734.jpg 1100w, https:\/\/arkenhotel.com\/wp-content\/uploads\/sites\/5\/2025\/04\/16_matskar-konferens-lokal-arken-hotell-spa-6647-1280x854.jpg 1280w, https:\/\/arkenhotel.com\/wp-content\/uploads\/sites\/5\/2025\/04\/16_matskar-konferens-lokal-arken-hotell-spa-6647-768x513.jpg 768w, https:\/\/arkenhotel.com\/wp-content\/uploads\/sites\/5\/2025\/04\/16_matskar-konferens-lokal-arken-hotell-spa-6647-1536x1025.jpg 1536w, https:\/\/arkenhotel.com\/wp-content\/uploads\/sites\/5\/2025\/04\/16_matskar-konferens-lokal-arken-hotell-spa-6647.jpg 1618w\" sizes=\"auto, (max-width: 900px) 100vw, 900px\" \/><\/figure>\n<\/div>\n\n\n\n<div class=\"wp-block-group has-global-padding is-layout-constrained wp-container-core-group-is-layout-7db9d80f wp-block-group-is-layout-constrained\" style=\"padding-right:0;padding-left:0\">\n<figure class=\"wp-block-image size-large\"><img loading=\"lazy\" decoding=\"async\" width=\"900\" height=\"601\" src=\"https:\/\/arkenhotel.com\/wp-content\/uploads\/sites\/5\/2025\/04\/16_matskar-konferens-lokal-arken-hotell-spa-6633-900x601.jpg\" alt=\"Matsk&#xE4;r - group room for 8 people.\" class=\"wp-image-25841\" srcset=\"https:\/\/arkenhotel.com\/wp-content\/uploads\/sites\/5\/2025\/04\/16_matskar-konferens-lokal-arken-hotell-spa-6633-900x601.jpg 900w, https:\/\/arkenhotel.com\/wp-content\/uploads\/sites\/5\/2025\/04\/16_matskar-konferens-lokal-arken-hotell-spa-6633-400x267.jpg 400w, https:\/\/arkenhotel.com\/wp-content\/uploads\/sites\/5\/2025\/04\/16_matskar-konferens-lokal-arken-hotell-spa-6633-600x400.jpg 600w, https:\/\/arkenhotel.com\/wp-content\/uploads\/sites\/5\/2025\/04\/16_matskar-konferens-lokal-arken-hotell-spa-6633-700x467.jpg 700w, https:\/\/arkenhotel.com\/wp-content\/uploads\/sites\/5\/2025\/04\/16_matskar-konferens-lokal-arken-hotell-spa-6633-800x534.jpg 800w, https:\/\/arkenhotel.com\/wp-content\/uploads\/sites\/5\/2025\/04\/16_matskar-konferens-lokal-arken-hotell-spa-6633-1000x667.jpg 1000w, https:\/\/arkenhotel.com\/wp-content\/uploads\/sites\/5\/2025\/04\/16_matskar-konferens-lokal-arken-hotell-spa-6633-1100x734.jpg 1100w, https:\/\/arkenhotel.com\/wp-content\/uploads\/sites\/5\/2025\/04\/16_matskar-konferens-lokal-arken-hotell-spa-6633-1280x854.jpg 1280w, https:\/\/arkenhotel.com\/wp-content\/uploads\/sites\/5\/2025\/04\/16_matskar-konferens-lokal-arken-hotell-spa-6633-768x513.jpg 768w, https:\/\/arkenhotel.com\/wp-content\/uploads\/sites\/5\/2025\/04\/16_matskar-konferens-lokal-arken-hotell-spa-6633-1536x1025.jpg 1536w, https:\/\/arkenhotel.com\/wp-content\/uploads\/sites\/5\/2025\/04\/16_matskar-konferens-lokal-arken-hotell-spa-6633.jpg 1618w\" sizes=\"auto, (max-width: 900px) 100vw, 900px\" \/><\/figure>\n<\/div>\n\n<\/div><!DOCTYPE html PUBLIC \"-\/\/W3C\/\/DTD HTML 4.0 Transitional\/\/EN\" \"http:\/\/www.w3.org\/TR\/REC-html40\/loose.dtd\">\n<html><body><swiper-container init=\"false\" data-slides-per-view-l=\"1\" data-slides-per-view-m=\"1\" data-slides-per-view-s=\"1\" data-show-next=\"\" data-width-auto=\"0\" data-columns-gap=\"0\" data-show-navigation=\"1\" pagination-type=\"fraction\" data-pagination-version=\"first\" data-nav-bg-color=\"var(--wp--preset--color--contrast)\" data-nav-arrow-color=\"var(--wp--preset--color--base)\" class=\"wp-block-content-grid-slider slider-l slider-m slider-s\"><swiper-slide><div class=\"wp-block-group has-global-padding is-layout-constrained wp-container-core-group-is-layout-7db9d80f wp-block-group-is-layout-constrained\" style=\"padding-right:0;padding-left:0\">\n<figure class=\"wp-block-image size-large\"><img loading=\"lazy\" decoding=\"async\" width=\"900\" height=\"601\" src=\"https:\/\/arkenhotel.com\/wp-content\/uploads\/sites\/5\/2025\/04\/16_matskar-konferens-lokal-arken-hotell-spa-6647-900x601.jpg\" alt=\"Matsk&auml;r group room\" class=\"wp-image-25843\" srcset=\"https:\/\/arkenhotel.com\/wp-content\/uploads\/sites\/5\/2025\/04\/16_matskar-konferens-lokal-arken-hotell-spa-6647-900x601.jpg 900w, https:\/\/arkenhotel.com\/wp-content\/uploads\/sites\/5\/2025\/04\/16_matskar-konferens-lokal-arken-hotell-spa-6647-400x267.jpg 400w, https:\/\/arkenhotel.com\/wp-content\/uploads\/sites\/5\/2025\/04\/16_matskar-konferens-lokal-arken-hotell-spa-6647-600x400.jpg 600w, https:\/\/arkenhotel.com\/wp-content\/uploads\/sites\/5\/2025\/04\/16_matskar-konferens-lokal-arken-hotell-spa-6647-700x467.jpg 700w, https:\/\/arkenhotel.com\/wp-content\/uploads\/sites\/5\/2025\/04\/16_matskar-konferens-lokal-arken-hotell-spa-6647-800x534.jpg 800w, https:\/\/arkenhotel.com\/wp-content\/uploads\/sites\/5\/2025\/04\/16_matskar-konferens-lokal-arken-hotell-spa-6647-1000x667.jpg 1000w, https:\/\/arkenhotel.com\/wp-content\/uploads\/sites\/5\/2025\/04\/16_matskar-konferens-lokal-arken-hotell-spa-6647-1100x734.jpg 1100w, https:\/\/arkenhotel.com\/wp-content\/uploads\/sites\/5\/2025\/04\/16_matskar-konferens-lokal-arken-hotell-spa-6647-1280x854.jpg 1280w, https:\/\/arkenhotel.com\/wp-content\/uploads\/sites\/5\/2025\/04\/16_matskar-konferens-lokal-arken-hotell-spa-6647-768x513.jpg 768w, https:\/\/arkenhotel.com\/wp-content\/uploads\/sites\/5\/2025\/04\/16_matskar-konferens-lokal-arken-hotell-spa-6647-1536x1025.jpg 1536w, https:\/\/arkenhotel.com\/wp-content\/uploads\/sites\/5\/2025\/04\/16_matskar-konferens-lokal-arken-hotell-spa-6647.jpg 1618w\" sizes=\"auto, (max-width: 900px) 100vw, 900px\" \/><\/figure>\n<\/div><\/swiper-slide><swiper-slide><div class=\"wp-block-group has-global-padding is-layout-constrained wp-container-core-group-is-layout-7db9d80f wp-block-group-is-layout-constrained\" style=\"padding-right:0;padding-left:0\">\n<figure class=\"wp-block-image size-large\"><img loading=\"lazy\" decoding=\"async\" width=\"900\" height=\"601\" src=\"https:\/\/arkenhotel.com\/wp-content\/uploads\/sites\/5\/2025\/04\/16_matskar-konferens-lokal-arken-hotell-spa-6633-900x601.jpg\" alt=\"Matsk&auml;r - group room for 8 people.\" class=\"wp-image-25841\" srcset=\"https:\/\/arkenhotel.com\/wp-content\/uploads\/sites\/5\/2025\/04\/16_matskar-konferens-lokal-arken-hotell-spa-6633-900x601.jpg 900w, https:\/\/arkenhotel.com\/wp-content\/uploads\/sites\/5\/2025\/04\/16_matskar-konferens-lokal-arken-hotell-spa-6633-400x267.jpg 400w, https:\/\/arkenhotel.com\/wp-content\/uploads\/sites\/5\/2025\/04\/16_matskar-konferens-lokal-arken-hotell-spa-6633-600x400.jpg 600w, https:\/\/arkenhotel.com\/wp-content\/uploads\/sites\/5\/2025\/04\/16_matskar-konferens-lokal-arken-hotell-spa-6633-700x467.jpg 700w, https:\/\/arkenhotel.com\/wp-content\/uploads\/sites\/5\/2025\/04\/16_matskar-konferens-lokal-arken-hotell-spa-6633-800x534.jpg 800w, https:\/\/arkenhotel.com\/wp-content\/uploads\/sites\/5\/2025\/04\/16_matskar-konferens-lokal-arken-hotell-spa-6633-1000x667.jpg 1000w, https:\/\/arkenhotel.com\/wp-content\/uploads\/sites\/5\/2025\/04\/16_matskar-konferens-lokal-arken-hotell-spa-6633-1100x734.jpg 1100w, https:\/\/arkenhotel.com\/wp-content\/uploads\/sites\/5\/2025\/04\/16_matskar-konferens-lokal-arken-hotell-spa-6633-1280x854.jpg 1280w, https:\/\/arkenhotel.com\/wp-content\/uploads\/sites\/5\/2025\/04\/16_matskar-konferens-lokal-arken-hotell-spa-6633-768x513.jpg 768w, https:\/\/arkenhotel.com\/wp-content\/uploads\/sites\/5\/2025\/04\/16_matskar-konferens-lokal-arken-hotell-spa-6633-1536x1025.jpg 1536w, https:\/\/arkenhotel.com\/wp-content\/uploads\/sites\/5\/2025\/04\/16_matskar-konferens-lokal-arken-hotell-spa-6633.jpg 1618w\" sizes=\"auto, (max-width: 900px) 100vw, 900px\" \/><\/figure>\n<\/div><\/swiper-slide><\/swiper-container><\/body><\/html>\n<\/div>\n<\/div>\n\n<p><\/p>\n            <\/div>\n         <\/div>\n      <\/div>\n   <\/div><\/div>\n\n<div id=\"kontakt\" class=\"wp-block-group has-color-2-background-color has-background has-global-padding is-layout-constrained wp-block-group-is-layout-constrained\" style=\"padding-top:var(--wp--preset--spacing--5);padding-bottom:var(--wp--preset--spacing--5)\">\n<div class=\"wp-block-columns is-layout-flex wp-container-core-columns-is-layout-dbfa7ccc wp-block-columns-is-layout-flex\">\n<div class=\"wp-block-column is-layout-flow wp-block-column-is-layout-flow\" style=\"flex-basis:40%\">\n<h2 class=\"wp-block-heading\">we help you book your meeting rooms<\/h2>\n\n\n\n<p>Tell us what you want to achieve, and we&#8217;ll create the set-up to suit you. From technical equipment to breaks and meals, we make sure everything runs smoothly. <\/p>\n\n\n\n<p>Fill in the form and we will help you book your next event, meeting or conference. We will get back to you within 24 hours on weekdays. <\/p>\n\n\n\n<p>You can also contact us on tel: <a href=\"tel:+46317262505\">031-726 25 05<\/a> or mail: <a href=\"mailto:konferens@arkenhotel.com\">konferens@arkenhotel.com<\/a><\/p>\n\n\n\n<figure class=\"wp-block-image size-large\" style=\"margin-top:var(--wp--preset--spacing--1-75);margin-bottom:var(--wp--preset--spacing--1-75)\"><img loading=\"lazy\" decoding=\"async\" width=\"900\" height=\"600\" src=\"https:\/\/arkenhotel.com\/wp-content\/uploads\/sites\/5\/2025\/04\/personal-konferens-arken-hotell-goteborg-3631-900x600.jpg\" alt=\"meeting &amp;amp; event staff\" class=\"wp-image-27773\" srcset=\"https:\/\/arkenhotel.com\/wp-content\/uploads\/sites\/5\/2025\/04\/personal-konferens-arken-hotell-goteborg-3631-900x600.jpg 900w, https:\/\/arkenhotel.com\/wp-content\/uploads\/sites\/5\/2025\/04\/personal-konferens-arken-hotell-goteborg-3631-600x400.jpg 600w, https:\/\/arkenhotel.com\/wp-content\/uploads\/sites\/5\/2025\/04\/personal-konferens-arken-hotell-goteborg-3631-768x512.jpg 768w, https:\/\/arkenhotel.com\/wp-content\/uploads\/sites\/5\/2025\/04\/personal-konferens-arken-hotell-goteborg-3631-1536x1024.jpg 1536w, https:\/\/arkenhotel.com\/wp-content\/uploads\/sites\/5\/2025\/04\/personal-konferens-arken-hotell-goteborg-3631-400x267.jpg 400w, https:\/\/arkenhotel.com\/wp-content\/uploads\/sites\/5\/2025\/04\/personal-konferens-arken-hotell-goteborg-3631-700x467.jpg 700w, https:\/\/arkenhotel.com\/wp-content\/uploads\/sites\/5\/2025\/04\/personal-konferens-arken-hotell-goteborg-3631-800x533.jpg 800w, https:\/\/arkenhotel.com\/wp-content\/uploads\/sites\/5\/2025\/04\/personal-konferens-arken-hotell-goteborg-3631-1000x667.jpg 1000w, https:\/\/arkenhotel.com\/wp-content\/uploads\/sites\/5\/2025\/04\/personal-konferens-arken-hotell-goteborg-3631-1100x733.jpg 1100w, https:\/\/arkenhotel.com\/wp-content\/uploads\/sites\/5\/2025\/04\/personal-konferens-arken-hotell-goteborg-3631-1280x853.jpg 1280w, https:\/\/arkenhotel.com\/wp-content\/uploads\/sites\/5\/2025\/04\/personal-konferens-arken-hotell-goteborg-3631.jpg 1620w\" sizes=\"auto, (max-width: 900px) 100vw, 900px\" \/><\/figure>\n<\/div>\n\n\n\n<div class=\"wp-block-column is-layout-flow wp-block-column-is-layout-flow\"><div class=\"frm_forms  with_frm_style frm_style_formidables-stilmall frm_full_submit\" id=\"frm_form_1_container\" >\n<form enctype=\"multipart\/form-data\" method=\"post\" class=\"frm-show-form  frm_pro_form \" id=\"form_konferens\" >\n<div class=\"frm_form_fields \">\n<fieldset>\n<legend class=\"frm_screen_reader\">Conference<\/legend>\r\n\r\n<div class=\"frm_fields_container\">\n<input type=\"hidden\" name=\"frm_action\" value=\"create\" \/>\n<input type=\"hidden\" name=\"form_id\" value=\"1\" \/>\n<input type=\"hidden\" name=\"frm_hide_fields_1\" id=\"frm_hide_fields_1\" value=\"\" \/>\n<input type=\"hidden\" name=\"form_key\" value=\"konferens\" \/>\n<input type=\"hidden\" name=\"item_meta[0]\" value=\"\" \/>\n<input type=\"hidden\" id=\"frm_submit_entry_1\" name=\"frm_submit_entry_1\" value=\"df79d168c1\" \/><input type=\"hidden\" name=\"_wp_http_referer\" value=\"\/en\/wp-json\/wp\/v2\/meeting\/31045\" \/><div id=\"frm_field_1_container\" class=\"frm_form_field form-field  frm_required_field frm_top_container frm12 frm_first\">\r\n\t<label for=\"field_qh4icy\" id=\"field_qh4icy_label\" class=\"frm_primary_label\">Contact person\r\n\t\t<span class=\"frm_required\" aria-hidden=\"true\">*<\/span>\r\n\t<\/label>\r\n\t<input  type=\"text\" id=\"field_qh4icy\" name=\"item_meta[1]\" value=\"\"  data-reqmsg=\"Contact person cannot be empty.\" aria-required=\"true\" data-invmsg=\"Contact person is invalid.\" aria-invalid=\"false\"   \/>\r\n\t\r\n\t\r\n<\/div>\n<div id=\"frm_field_3_container\" class=\"frm_form_field form-field  frm_required_field frm_top_container frm6 frm_first\">\r\n\t<label for=\"field_29yf4d\" id=\"field_29yf4d_label\" class=\"frm_primary_label\">Email\r\n\t\t<span class=\"frm_required\" aria-hidden=\"true\">*<\/span>\r\n\t<\/label>\r\n\t<input type=\"email\" id=\"field_29yf4d\" name=\"item_meta[3]\" value=\"\"  data-reqmsg=\"Email cannot be empty.\" aria-required=\"true\" data-invmsg=\"Please enter a valid email address.\" aria-invalid=\"false\"  \/>\r\n\t\r\n\t\r\n<\/div>\n<div id=\"frm_field_7_container\" class=\"frm_form_field form-field  frm_required_field frm_top_container frm6\">\r\n\t<label for=\"field_4ovj\" id=\"field_4ovj_label\" class=\"frm_primary_label\">Telephone\r\n\t\t<span class=\"frm_required\" aria-hidden=\"true\">*<\/span>\r\n\t<\/label>\r\n\t<input type=\"tel\" id=\"field_4ovj\" name=\"item_meta[7]\" value=\"\"  data-reqmsg=\"Telephone cannot be empty.\" aria-required=\"true\" data-invmsg=\"Telephone is invalid.\" aria-invalid=\"false\" pattern=\"((\\+\\d{1,3}(-|.| )?\\(?\\d\\)?(-| |.)?\\d{1,5})|(\\(?\\d{2,6}\\)?))(-|.| )?(\\d{3,4})(-|.| )?(\\d{4})(( x| ext)\\d{1,5}){0,1}$\"  \/>\r\n\t\r\n\t\r\n<\/div>\n<div id=\"frm_field_2_container\" class=\"frm_form_field form-field  frm_required_field frm_top_container frm6 frm_first\">\r\n\t<label for=\"field_ocfup1\" id=\"field_ocfup1_label\" class=\"frm_primary_label\">Company\r\n\t\t<span class=\"frm_required\" aria-hidden=\"true\">*<\/span>\r\n\t<\/label>\r\n\t<input  type=\"text\" id=\"field_ocfup1\" name=\"item_meta[2]\" value=\"\"  data-reqmsg=\"Company cannot be empty.\" aria-required=\"true\" data-invmsg=\"Company is invalid.\" aria-invalid=\"false\"   \/>\r\n\t\r\n\t\r\n<\/div>\n<div id=\"frm_field_8_container\" class=\"frm_form_field form-field  frm_required_field frm_top_container frm6\">\r\n\t<label for=\"field_rgma9\" id=\"field_rgma9_label\" class=\"frm_primary_label\">Number of participants\r\n\t\t<span class=\"frm_required\" aria-hidden=\"true\">*<\/span>\r\n\t<\/label>\r\n\t<input  type=\"text\" id=\"field_rgma9\" name=\"item_meta[8]\" value=\"\"  data-reqmsg=\"Number of participants cannot be empty.\" aria-required=\"true\" data-invmsg=\"Number of participants is invalid.\" aria-invalid=\"false\"   \/>\r\n\t\r\n\t\r\n<\/div>\n<div id=\"frm_field_9_container\" class=\"frm_form_field form-field  frm_top_container frm_other_container\">\r\n\t<label for=\"field_ip7cc\" id=\"field_ip7cc_label\" class=\"frm_primary_label\">Seating\r\n\t\t<span class=\"frm_required\" aria-hidden=\"true\"><\/span>\r\n\t<\/label>\r\n\t\t\t<select name=\"item_meta[9]\" id=\"field_ip7cc\"  data-frmval=\"V\u00e4lj typ av sittning\" data-invmsg=\"Seating is invalid.\" aria-invalid=\"false\"  >\n\t\t<option  value=\"V\u00e4lj typ av sittning\" selected='selected'>Choose seating arrangement<\/option><option  value=\"Biosittning\">Theatre<\/option><option  value=\"Styrelsesittning\">Boardroom<\/option><option  value=\"Skolsittning\" class=\"frm_other_trigger\">Classroom<\/option><option  value=\"U-sittning\">U-shaped seating<\/option><option  value=\"\u00d6ar\">Banquet<\/option>\t<\/select>\n\t<label for=\"field_ip7cc-otext\" class=\"frm_screen_reader frm_hidden\">Seating<\/label><input type=\"text\" id=\"field_ip7cc-otext\" class=\"frm_other_input frm_pos_none\"  name=\"item_meta[other][9]\" value=\"\" \/>\r\n\t\r\n\t\r\n<\/div>\n<div id=\"frm_field_5_container\" class=\"frm_form_field form-field  frm_top_container frm_full\">\r\n\t<label for=\"field_9jv0r1\" id=\"field_9jv0r1_label\" class=\"frm_primary_label\">Tell us more about your planned conference\r\n\t\t<span class=\"frm_required\" aria-hidden=\"true\"><\/span>\r\n\t<\/label>\r\n\t<textarea name=\"item_meta[5]\" id=\"field_9jv0r1\" rows=\"5\"  data-invmsg=\"Tell us more about your planned conference is invalid.\" aria-invalid=\"false\"  ><\/textarea>\r\n\t\r\n\t\r\n<\/div>\n<div id=\"frm_field_52_container\" class=\"frm_form_field form-field  frm_required_field frm_top_container vertical_radio\">\r\n\t<div  id=\"field_vba17_label\" class=\"frm_primary_label\">Preferred follow-up\r\n\t\t<span class=\"frm_required\" aria-hidden=\"true\">*<\/span>\r\n\t<\/div>\r\n\t<div class=\"frm_opt_container\" aria-labelledby=\"field_vba17_label\" role=\"radiogroup\" aria-required=\"true\">\t\t<div class=\"frm_radio\" id=\"frm_radio_52-2\">\t\t\t<label  for=\"field_vba17-2\">\n\t\t\t\t\t<input type=\"radio\" name=\"item_meta[52]\" id=\"field_vba17-2\" value=\"Jag \u00f6nskar f\u00f6rslag p\u00e5 uppl\u00e4gg via mail\"\n\t\t data-reqmsg=\"Preferred follow-up cannot be empty.\" data-invmsg=\"Preferred follow-up is invalid.\"   \/> I would like to receive suggested programs by email<\/label><\/div>\n\t\t<div class=\"frm_radio\" id=\"frm_radio_52-1\">\t\t\t<label  for=\"field_vba17-1\">\n\t\t\t\t\t<input type=\"radio\" name=\"item_meta[52]\" id=\"field_vba17-1\" value=\"Jag \u00f6nskar en offert via mail\"\n\t\t data-reqmsg=\"Preferred follow-up cannot be empty.\" data-invmsg=\"Preferred follow-up is invalid.\"   \/> I would like to receive a quote by email<\/label><\/div>\n\t\t<div class=\"frm_radio\" id=\"frm_radio_52-0\">\t\t\t<label  for=\"field_vba17-0\">\n\t\t\t\t\t<input type=\"radio\" name=\"item_meta[52]\" id=\"field_vba17-0\" value=\"Jag \u00f6nskar bli kontaktad f\u00f6r att diskutera detaljer\"\n\t\t data-reqmsg=\"Preferred follow-up cannot be empty.\" data-invmsg=\"Preferred follow-up is invalid.\"   \/> I would like to be contacted to discuss the details<\/label><\/div>\n<\/div>\r\n\t\r\n\t\r\n<\/div>\n<div id=\"frm_field_10_container\" class=\"frm_form_field form-field  frm_required_field frm_top_container frm6 frm_first\">\r\n\t<label for=\"field_kf7jr\" id=\"field_kf7jr_label\" class=\"frm_primary_label\">Date of arrival\r\n\t\t<span class=\"frm_required\" aria-hidden=\"true\">*<\/span>\r\n\t<\/label>\r\n\t<input type=\"text\" id=\"field_kf7jr\" name=\"item_meta[10]\" value=\"\"  maxlength=\"10\" data-reqmsg=\"Date of arrival cannot be empty.\" aria-required=\"true\" data-invmsg=\"Date of arrival is invalid.\" class=\"frm_date\" aria-invalid=\"false\"  \/>\r\n\t\r\n\t\r\n<\/div>\n<div id=\"frm_field_11_container\" class=\"frm_form_field form-field  frm_required_field frm_top_container frm6\">\r\n\t<label for=\"field_g9q90\" id=\"field_g9q90_label\" class=\"frm_primary_label\">Date of departure\r\n\t\t<span class=\"frm_required\" aria-hidden=\"true\">*<\/span>\r\n\t<\/label>\r\n\t<input type=\"text\" id=\"field_g9q90\" name=\"item_meta[11]\" value=\"\"  maxlength=\"10\" data-reqmsg=\"Date of departure cannot be empty.\" aria-required=\"true\" data-invmsg=\"Date of departure is invalid.\" class=\"frm_date\" aria-invalid=\"false\"  \/>\r\n\t\r\n\t\r\n<\/div>\n<div id=\"frm_field_53_container\" class=\"frm_form_field form-field  frm_top_container frm6 frm_first\">\r\n\t<label for=\"field_lkbs8\" id=\"field_lkbs8_label\" class=\"frm_primary_label\">Alternative arrival date (if applicable)\r\n\t\t<span class=\"frm_required\" aria-hidden=\"true\"><\/span>\r\n\t<\/label>\r\n\t<input type=\"text\" id=\"field_lkbs8\" name=\"item_meta[53]\" value=\"\"  maxlength=\"10\" data-invmsg=\"Alternative arrival date (if applicable) is invalid.\" class=\"frm_date\" aria-invalid=\"false\"  \/>\r\n\t\r\n\t\r\n<\/div>\n<div id=\"frm_field_54_container\" class=\"frm_form_field form-field  frm_top_container frm6\">\r\n\t<label for=\"field_hwgdn\" id=\"field_hwgdn_label\" class=\"frm_primary_label\">Alternative departure date (if applicable)\r\n\t\t<span class=\"frm_required\" aria-hidden=\"true\"><\/span>\r\n\t<\/label>\r\n\t<input type=\"text\" id=\"field_hwgdn\" name=\"item_meta[54]\" value=\"\"  maxlength=\"10\" data-invmsg=\"Alternative departure date (if applicable) is invalid.\" class=\"frm_date\" aria-invalid=\"false\"  \/>\r\n\t\r\n\t\r\n<\/div>\n<div id=\"frm_field_12_container\" class=\"frm_form_field form-field  frm_required_field frm_none_container vertical_radio\">\r\n\t<div id=\"field_4ygul_label\" class=\"frm_primary_label\">I accept the terms and conditions\r\n\t\t<span class=\"frm_required\" aria-hidden=\"true\">*<\/span>\r\n\t<\/div>\r\n\t<div class=\"frm_opt_container\" role=\"group\">\t\t<div class=\"frm_checkbox\" id=\"frm_checkbox_12-0\">\t\t\t<label  for=\"field_4ygul-0\">\n\t\t\t<input type=\"checkbox\" name=\"item_meta[12][]\" id=\"field_4ygul-0\" value=\"Jag godk\u00e4nner att mina uppgifter lagras i enlighet med &lt;span class=&quot;popmake-9126&quot; style=&quot;text-decoration:underline;&quot;&gt;policyn f\u00f6r hantering av personuppgifter.&lt;\/span&gt;\"  data-reqmsg=\"I accept the terms and conditions cannot be empty.\" data-invmsg=\"I accept the terms and conditions is invalid.\"   aria-required=\"true\"  \/> I agree to the storage of my data in accordance with the <span class=\"popmake-33066\" style=\"text-decoration:underline\">privacy policy.<\/span><\/label><\/div>\n<\/div>\r\n\t\r\n\t\r\n<\/div>\n<div id=\"frm_field_51_container\" class=\"frm_form_field form-field  frm_none_container\">\r\n\t<label for=\"g-recaptcha-response\" id=\"field_xpksd_label\" class=\"frm_primary_label\">Captcha\r\n\t\t<span class=\"frm_required\" aria-hidden=\"true\"><\/span>\r\n\t<\/label>\r\n\t<div  id=\"field_xpksd\" class=\"frm-g-recaptcha\" data-sitekey=\"6LdsuA8sAAAAAIqM6hUrpmKz4e6bzGArLMVYiugw\" data-size=\"invisible\" data-theme=\"light\"><\/div>\r\n\t\r\n\t\r\n<\/div>\n<div id=\"frm_field_6_container\" class=\"frm_form_field form-field \">\r\n\t<div class=\"frm_submit frm_flex\">\r\n<button class=\"frm_button_submit frm_final_submit\" type=\"submit\"  formnovalidate=\"formnovalidate\">SEND<\/button>\r\n\r\n\r\n\r\n<\/div>\r\n<\/div>\n\t<input type=\"hidden\" name=\"item_key\" value=\"\" \/>\n\t\t\t<div id=\"frm_field_75_container\">\n\t\t\t<label for=\"field_lsbli\" >\n\t\t\t\tIf you are human, leave this field blank.\t\t\t<\/label>\n\t\t\t<input  id=\"field_lsbli\" type=\"text\" class=\"frm_form_field form-field frm_verify\" name=\"item_meta[75]\" value=\"\"  \/>\n\t\t<\/div>\n\t\t<input name=\"frm_state\" type=\"hidden\" value=\"q\/QG2BWUeZ1XlBdhv7l3ump8k9S9wFRtIVabGTbtW4bN32NgGz5lo62VStNvVGSQ\" \/><\/div>\n<\/fieldset>\n<\/div>\n\n<\/form>\n<\/div>\n<\/div>\n<\/div>\n<\/div>\n\n<div class=\"wp-block-group has-global-padding is-layout-constrained wp-block-group-is-layout-constrained\" style=\"padding-top:var(--wp--preset--spacing--5);padding-bottom:var(--wp--preset--spacing--5)\">\n<div class=\"wp-block-columns are-vertically-aligned-center is-layout-flex wp-container-core-columns-is-layout-54e5859a wp-block-columns-is-layout-flex\">\n<div class=\"wp-block-column is-vertically-aligned-center is-layout-flow wp-block-column-is-layout-flow\" style=\"flex-basis:66.66%\">\n<div style=\"aspect-ratio:3\/2;min-height:unset;\" class=\"wp-block-cover aligncenter has-aspect-ratio\"><img loading=\"lazy\" decoding=\"async\" width=\"900\" height=\"601\" class=\"wp-block-cover__image-background wp-image-25826 size-large\" alt=\"Masten - Konferenslokal Arken Hotel &amp; Art Garden Spa\" src=\"https:\/\/arkenhotel.com\/wp-content\/uploads\/sites\/5\/2025\/04\/12_masten-konferens-lokaler-arken-7517--900x601.jpg\" data-object-fit=\"cover\" srcset=\"https:\/\/arkenhotel.com\/wp-content\/uploads\/sites\/5\/2025\/04\/12_masten-konferens-lokaler-arken-7517--900x601.jpg 900w, https:\/\/arkenhotel.com\/wp-content\/uploads\/sites\/5\/2025\/04\/12_masten-konferens-lokaler-arken-7517--400x267.jpg 400w, https:\/\/arkenhotel.com\/wp-content\/uploads\/sites\/5\/2025\/04\/12_masten-konferens-lokaler-arken-7517--600x401.jpg 600w, https:\/\/arkenhotel.com\/wp-content\/uploads\/sites\/5\/2025\/04\/12_masten-konferens-lokaler-arken-7517--700x467.jpg 700w, https:\/\/arkenhotel.com\/wp-content\/uploads\/sites\/5\/2025\/04\/12_masten-konferens-lokaler-arken-7517--800x534.jpg 800w, https:\/\/arkenhotel.com\/wp-content\/uploads\/sites\/5\/2025\/04\/12_masten-konferens-lokaler-arken-7517--1000x668.jpg 1000w, https:\/\/arkenhotel.com\/wp-content\/uploads\/sites\/5\/2025\/04\/12_masten-konferens-lokaler-arken-7517--1100x734.jpg 1100w, https:\/\/arkenhotel.com\/wp-content\/uploads\/sites\/5\/2025\/04\/12_masten-konferens-lokaler-arken-7517--1280x855.jpg 1280w, https:\/\/arkenhotel.com\/wp-content\/uploads\/sites\/5\/2025\/04\/12_masten-konferens-lokaler-arken-7517--1920x1282.jpg 1920w, https:\/\/arkenhotel.com\/wp-content\/uploads\/sites\/5\/2025\/04\/12_masten-konferens-lokaler-arken-7517--768x513.jpg 768w, https:\/\/arkenhotel.com\/wp-content\/uploads\/sites\/5\/2025\/04\/12_masten-konferens-lokaler-arken-7517--1536x1026.jpg 1536w, https:\/\/arkenhotel.com\/wp-content\/uploads\/sites\/5\/2025\/04\/12_masten-konferens-lokaler-arken-7517--2048x1367.jpg 2048w, https:\/\/arkenhotel.com\/wp-content\/uploads\/sites\/5\/2025\/04\/12_masten-konferens-lokaler-arken-7517--scaled.jpg 1617w\" sizes=\"auto, (max-width: 900px) 100vw, 900px\" \/><span aria-hidden=\"true\" class=\"wp-block-cover__background has-background-dim-0 has-background-dim\"><\/span><div class=\"wp-block-cover__inner-container is-layout-flow wp-block-cover-is-layout-flow\">\n<p class=\"has-text-align-center has-large-font-size\"><\/p>\n<\/div><\/div>\n<\/div>\n\n\n\n<div class=\"wp-block-column is-vertically-aligned-center is-layout-flow wp-block-column-is-layout-flow\" style=\"flex-basis:33.33%\">\n<h2 class=\"wp-block-heading\">Book day and overnight conferences online<\/h2>\n\n\n\n<p class=\"has-body-sans-font-family has-small-font-size\" style=\"text-transform:uppercase\">  Book meetings for up to 20 people<\/p>\n\n\n\n<p>We can now offer a number of rooms for online booking. For those who need quick and easy access to our smaller conference rooms, it is easy to book your entire conference directly. <\/p>\n\n\n\n<p>If you can&#8217;t find what you&#8217;re looking for, contact us and we&#8217;ll help you book.  <\/p>\n\n\n\n<div class=\"wp-block-buttons is-layout-flex wp-block-buttons-is-layout-flex\">\n<div class=\"wp-block-button\" style=\"--hover-background-color:var(--wp--preset--color--color-4);--hover-text-color:var(--wp--preset--color--white);--hover-border-color:var(--wp--preset--color--color-4);--active-background-color:var(--wp--preset--color--color-3);--active-text-color:var(--wp--preset--color--white);--active-border-color:var(--wp--preset--color--color-3);--focus-background-color:var(--wp--preset--color--color-3);--focus-text-color:var(--wp--preset--color--white);--focus-border-color:var(--wp--preset--color--color-3);--disabled-background-color:var(--wp--preset--color--color-1);--disabled-text-color:var(--wp--preset--color--black);--disabled-border-color:var(--wp--preset--color--color-1)\"><a class=\"wp-block-button__link wp-element-button\" href=\"https:\/\/konferens.arkenhotel.com\/conference\">book a conference online<\/a><\/div>\n\n\n\n<div class=\"wp-block-button\" style=\"--hover-background-color:var(--wp--preset--color--color-4);--hover-text-color:var(--wp--preset--color--white);--hover-border-color:var(--wp--preset--color--color-4);--active-background-color:var(--wp--preset--color--color-3);--active-text-color:var(--wp--preset--color--white);--active-border-color:var(--wp--preset--color--color-3);--focus-background-color:var(--wp--preset--color--color-3);--focus-text-color:var(--wp--preset--color--white);--focus-border-color:var(--wp--preset--color--color-3);--disabled-background-color:var(--wp--preset--color--color-1);--disabled-text-color:var(--wp--preset--color--black);--disabled-border-color:var(--wp--preset--color--color-1)\"><a class=\"wp-block-button__link wp-element-button\" href=\"https:\/\/arkenhotel.com\/en\/meetings-events\/venues\/#kontakt\">contact us<\/a><\/div>\n<\/div>\n<\/div>\n<\/div>\n<\/div>\n","protected":false},"excerpt":{"rendered":"<p>We have flexible facilities for meetings, conferences and events. Everything from group rooms and conference rooms to auditoriums and banquet halls. <\/p>\n","protected":false},"author":3,"featured_media":0,"template":"","meta":{"_acf_changed":false,"inline_featured_image":false,"footnotes":""},"featured_post":[],"class_list":["post-31045","meeting","type-meeting","status-publish","hentry"],"acf":[],"yoast_head":"<!-- This site is optimized with the Yoast SEO plugin v27.2 - https:\/\/yoast.com\/product\/yoast-seo-wordpress\/ -->\n<title>Conference rooms in Gothenburg | Arken Hotel &amp; Art Garden Spa<\/title>\n<meta name=\"description\" content=\"Hold your next conference by the sea in Gothenburg. We have 28 flexible meeting rooms and conference facilities for everything from small meetings to large corporate events.\" \/>\n<meta name=\"robots\" content=\"index, follow, max-snippet:-1, max-image-preview:large, max-video-preview:-1\" \/>\n<link rel=\"canonical\" href=\"https:\/\/arkenhotel.com\/en\/meetings-events\/venues\/\" \/>\n<meta property=\"og:locale\" content=\"en_US\" \/>\n<meta property=\"og:type\" content=\"article\" \/>\n<meta property=\"og:title\" content=\"Conference rooms in Gothenburg | Arken Hotel &amp; Art Garden Spa\" \/>\n<meta property=\"og:description\" content=\"Hold your next conference by the sea in Gothenburg. We have 28 flexible meeting rooms and conference facilities for everything from small meetings to large corporate events.\" \/>\n<meta property=\"og:url\" content=\"https:\/\/arkenhotel.com\/en\/meetings-events\/venues\/\" \/>\n<meta property=\"og:site_name\" content=\"Arken Hotel\" \/>\n<meta property=\"article:publisher\" content=\"https:\/\/www.facebook.com\/arkenhotel\/\" \/>\n<meta property=\"article:modified_time\" content=\"2025-11-13T16:45:55+00:00\" \/>\n<meta property=\"og:image\" content=\"https:\/\/arkenhotel.com\/wp-content\/uploads\/sites\/5\/2025\/04\/01_aktern-konferens-lokal-arken-hotell-spa-6549-900x601.jpg\" \/>\n<meta name=\"twitter:card\" content=\"summary_large_image\" \/>\n<meta name=\"twitter:label1\" content=\"Est. reading time\" \/>\n\t<meta name=\"twitter:data1\" content=\"1 minute\" \/>\n<script type=\"application\/ld+json\" class=\"yoast-schema-graph\">{\"@context\":\"https:\/\/schema.org\",\"@graph\":[{\"@type\":\"WebPage\",\"@id\":\"https:\/\/arkenhotel.com\/en\/meetings-events\/venues\/\",\"url\":\"https:\/\/arkenhotel.com\/en\/meetings-events\/venues\/\",\"name\":\"Conference rooms in Gothenburg | Arken Hotel & Art Garden Spa\",\"isPartOf\":{\"@id\":\"https:\/\/arkenhotel.com\/en\/#website\"},\"primaryImageOfPage\":{\"@id\":\"https:\/\/arkenhotel.com\/en\/meetings-events\/venues\/#primaryimage\"},\"image\":{\"@id\":\"https:\/\/arkenhotel.com\/en\/meetings-events\/venues\/#primaryimage\"},\"thumbnailUrl\":\"https:\/\/arkenhotel.com\/wp-content\/uploads\/sites\/5\/2025\/04\/01_aktern-konferens-lokal-arken-hotell-spa-6549-900x601.jpg\",\"datePublished\":\"2025-05-02T07:07:15+00:00\",\"dateModified\":\"2025-11-13T16:45:55+00:00\",\"description\":\"Hold your next conference by the sea in Gothenburg. We have 28 flexible meeting rooms and conference facilities for everything from small meetings to large corporate events.\",\"breadcrumb\":{\"@id\":\"https:\/\/arkenhotel.com\/en\/meetings-events\/venues\/#breadcrumb\"},\"inLanguage\":\"en-US\",\"potentialAction\":[{\"@type\":\"ReadAction\",\"target\":[\"https:\/\/arkenhotel.com\/en\/meetings-events\/venues\/\"]}]},{\"@type\":\"ImageObject\",\"inLanguage\":\"en-US\",\"@id\":\"https:\/\/arkenhotel.com\/en\/meetings-events\/venues\/#primaryimage\",\"url\":\"https:\/\/arkenhotel.com\/wp-content\/uploads\/sites\/5\/2025\/04\/01_aktern-konferens-lokal-arken-hotell-spa-6549-900x601.jpg\",\"contentUrl\":\"https:\/\/arkenhotel.com\/wp-content\/uploads\/sites\/5\/2025\/04\/01_aktern-konferens-lokal-arken-hotell-spa-6549-900x601.jpg\"},{\"@type\":\"BreadcrumbList\",\"@id\":\"https:\/\/arkenhotel.com\/en\/meetings-events\/venues\/#breadcrumb\",\"itemListElement\":[{\"@type\":\"ListItem\",\"position\":1,\"name\":\"Hem\",\"item\":\"https:\/\/arkenhotel.com\/en\/\"},{\"@type\":\"ListItem\",\"position\":2,\"name\":\"Venues\"}]},{\"@type\":\"WebSite\",\"@id\":\"https:\/\/arkenhotel.com\/en\/#website\",\"url\":\"https:\/\/arkenhotel.com\/en\/\",\"name\":\"Arken Hotel\",\"description\":\"\",\"publisher\":{\"@id\":\"https:\/\/arkenhotel.com\/en\/#organization\"},\"alternateName\":\"Arken Hotel & Art Garden Spa\",\"potentialAction\":[{\"@type\":\"SearchAction\",\"target\":{\"@type\":\"EntryPoint\",\"urlTemplate\":\"https:\/\/arkenhotel.com\/en\/?s={search_term_string}\"},\"query-input\":{\"@type\":\"PropertyValueSpecification\",\"valueRequired\":true,\"valueName\":\"search_term_string\"}}],\"inLanguage\":\"en-US\"},{\"@type\":\"Organization\",\"@id\":\"https:\/\/arkenhotel.com\/en\/#organization\",\"name\":\"Arken Hotel\",\"alternateName\":\"Arken Hotel & Art Garden Spa\",\"url\":\"https:\/\/arkenhotel.com\/en\/\",\"logo\":{\"@type\":\"ImageObject\",\"inLanguage\":\"en-US\",\"@id\":\"https:\/\/arkenhotel.com\/en\/#\/schema\/logo\/image\/\",\"url\":\"https:\/\/arkenhotel.com\/wp-content\/uploads\/sites\/5\/2025\/04\/Arken_LOGO_Neg.svg\",\"contentUrl\":\"https:\/\/arkenhotel.com\/wp-content\/uploads\/sites\/5\/2025\/04\/Arken_LOGO_Neg.svg\",\"caption\":\"Arken Hotel\"},\"image\":{\"@id\":\"https:\/\/arkenhotel.com\/en\/#\/schema\/logo\/image\/\"},\"sameAs\":[\"https:\/\/www.facebook.com\/arkenhotel\/\",\"https:\/\/www.instagram.com\/arkenhotel\/\",\"https:\/\/www.linkedin.com\/company\/10872957\"]}]}<\/script>\n<!-- \/ Yoast SEO plugin. -->","yoast_head_json":{"title":"Conference rooms in Gothenburg | Arken Hotel & Art Garden Spa","description":"Hold your next conference by the sea in Gothenburg. We have 28 flexible meeting rooms and conference facilities for everything from small meetings to large corporate events.","robots":{"index":"index","follow":"follow","max-snippet":"max-snippet:-1","max-image-preview":"max-image-preview:large","max-video-preview":"max-video-preview:-1"},"canonical":"https:\/\/arkenhotel.com\/en\/meetings-events\/venues\/","og_locale":"en_US","og_type":"article","og_title":"Conference rooms in Gothenburg | Arken Hotel & Art Garden Spa","og_description":"Hold your next conference by the sea in Gothenburg. We have 28 flexible meeting rooms and conference facilities for everything from small meetings to large corporate events.","og_url":"https:\/\/arkenhotel.com\/en\/meetings-events\/venues\/","og_site_name":"Arken Hotel","article_publisher":"https:\/\/www.facebook.com\/arkenhotel\/","article_modified_time":"2025-11-13T16:45:55+00:00","og_image":[{"url":"https:\/\/arkenhotel.com\/wp-content\/uploads\/sites\/5\/2025\/04\/01_aktern-konferens-lokal-arken-hotell-spa-6549-900x601.jpg","type":"","width":"","height":""}],"twitter_card":"summary_large_image","twitter_misc":{"Est. reading time":"1 minute"},"schema":{"@context":"https:\/\/schema.org","@graph":[{"@type":"WebPage","@id":"https:\/\/arkenhotel.com\/en\/meetings-events\/venues\/","url":"https:\/\/arkenhotel.com\/en\/meetings-events\/venues\/","name":"Conference rooms in Gothenburg | Arken Hotel & Art Garden Spa","isPartOf":{"@id":"https:\/\/arkenhotel.com\/en\/#website"},"primaryImageOfPage":{"@id":"https:\/\/arkenhotel.com\/en\/meetings-events\/venues\/#primaryimage"},"image":{"@id":"https:\/\/arkenhotel.com\/en\/meetings-events\/venues\/#primaryimage"},"thumbnailUrl":"https:\/\/arkenhotel.com\/wp-content\/uploads\/sites\/5\/2025\/04\/01_aktern-konferens-lokal-arken-hotell-spa-6549-900x601.jpg","datePublished":"2025-05-02T07:07:15+00:00","dateModified":"2025-11-13T16:45:55+00:00","description":"Hold your next conference by the sea in Gothenburg. We have 28 flexible meeting rooms and conference facilities for everything from small meetings to large corporate events.","breadcrumb":{"@id":"https:\/\/arkenhotel.com\/en\/meetings-events\/venues\/#breadcrumb"},"inLanguage":"en-US","potentialAction":[{"@type":"ReadAction","target":["https:\/\/arkenhotel.com\/en\/meetings-events\/venues\/"]}]},{"@type":"ImageObject","inLanguage":"en-US","@id":"https:\/\/arkenhotel.com\/en\/meetings-events\/venues\/#primaryimage","url":"https:\/\/arkenhotel.com\/wp-content\/uploads\/sites\/5\/2025\/04\/01_aktern-konferens-lokal-arken-hotell-spa-6549-900x601.jpg","contentUrl":"https:\/\/arkenhotel.com\/wp-content\/uploads\/sites\/5\/2025\/04\/01_aktern-konferens-lokal-arken-hotell-spa-6549-900x601.jpg"},{"@type":"BreadcrumbList","@id":"https:\/\/arkenhotel.com\/en\/meetings-events\/venues\/#breadcrumb","itemListElement":[{"@type":"ListItem","position":1,"name":"Hem","item":"https:\/\/arkenhotel.com\/en\/"},{"@type":"ListItem","position":2,"name":"Venues"}]},{"@type":"WebSite","@id":"https:\/\/arkenhotel.com\/en\/#website","url":"https:\/\/arkenhotel.com\/en\/","name":"Arken Hotel","description":"","publisher":{"@id":"https:\/\/arkenhotel.com\/en\/#organization"},"alternateName":"Arken Hotel & Art Garden Spa","potentialAction":[{"@type":"SearchAction","target":{"@type":"EntryPoint","urlTemplate":"https:\/\/arkenhotel.com\/en\/?s={search_term_string}"},"query-input":{"@type":"PropertyValueSpecification","valueRequired":true,"valueName":"search_term_string"}}],"inLanguage":"en-US"},{"@type":"Organization","@id":"https:\/\/arkenhotel.com\/en\/#organization","name":"Arken Hotel","alternateName":"Arken Hotel & Art Garden Spa","url":"https:\/\/arkenhotel.com\/en\/","logo":{"@type":"ImageObject","inLanguage":"en-US","@id":"https:\/\/arkenhotel.com\/en\/#\/schema\/logo\/image\/","url":"https:\/\/arkenhotel.com\/wp-content\/uploads\/sites\/5\/2025\/04\/Arken_LOGO_Neg.svg","contentUrl":"https:\/\/arkenhotel.com\/wp-content\/uploads\/sites\/5\/2025\/04\/Arken_LOGO_Neg.svg","caption":"Arken Hotel"},"image":{"@id":"https:\/\/arkenhotel.com\/en\/#\/schema\/logo\/image\/"},"sameAs":["https:\/\/www.facebook.com\/arkenhotel\/","https:\/\/www.instagram.com\/arkenhotel\/","https:\/\/www.linkedin.com\/company\/10872957"]}]}},"publishpress_future_action":{"enabled":false,"date":"2026-05-06 06:25:08","action":"change-status","newStatus":"draft","terms":[],"taxonomy":"featured_post","extraData":[]},"publishpress_future_workflow_manual_trigger":{"enabledWorkflows":[]},"_links":{"self":[{"href":"https:\/\/arkenhotel.com\/en\/wp-json\/wp\/v2\/meeting\/31045","targetHints":{"allow":["GET"]}}],"collection":[{"href":"https:\/\/arkenhotel.com\/en\/wp-json\/wp\/v2\/meeting"}],"about":[{"href":"https:\/\/arkenhotel.com\/en\/wp-json\/wp\/v2\/types\/meeting"}],"author":[{"embeddable":true,"href":"https:\/\/arkenhotel.com\/en\/wp-json\/wp\/v2\/users\/3"}],"version-history":[{"count":4,"href":"https:\/\/arkenhotel.com\/en\/wp-json\/wp\/v2\/meeting\/31045\/revisions"}],"predecessor-version":[{"id":31198,"href":"https:\/\/arkenhotel.com\/en\/wp-json\/wp\/v2\/meeting\/31045\/revisions\/31198"}],"wp:attachment":[{"href":"https:\/\/arkenhotel.com\/en\/wp-json\/wp\/v2\/media?parent=31045"}],"wp:term":[{"taxonomy":"featured_post","embeddable":true,"href":"https:\/\/arkenhotel.com\/en\/wp-json\/wp\/v2\/featured_post?post=31045"}],"curies":[{"name":"wp","href":"https:\/\/api.w.org\/{rel}","templated":true}]}}