{"id":31781,"date":"2025-10-28T12:17:26","date_gmt":"2025-10-28T11:17:26","guid":{"rendered":"https:\/\/dev.arkenhotel.com\/mote-event\/massa\/"},"modified":"2025-11-14T16:07:57","modified_gmt":"2025-11-14T15:07:57","slug":"massa","status":"publish","type":"meeting","link":"https:\/\/arkenhotel.com\/en\/meetings-events\/massa\/","title":{"rendered":"Trade fair"},"content":{"rendered":"\n<div class=\"wp-block-group has-white-color has-contrast-background-color has-text-color has-background has-link-color wp-elements-f9c98fc131951b72905a82f3379aaa3f is-layout-flow wp-block-group-is-layout-flow\" style=\"padding-right:var(--wp--preset--spacing--hero);padding-left:var(--wp--preset--spacing--hero)\">\n<div class=\"wp-block-cover\" style=\"min-height:82vh;aspect-ratio:unset;\"><img loading=\"lazy\" decoding=\"async\" width=\"1620\" height=\"1080\" class=\"wp-block-cover__image-background wp-image-28029 size-full\" alt=\"bil vid event i oceanen\" src=\"https:\/\/arkenhotel.com\/wp-content\/uploads\/sites\/5\/2025\/04\/bil-utstallning-oceanen-arken-0215.jpg\" data-object-fit=\"cover\" srcset=\"https:\/\/arkenhotel.com\/wp-content\/uploads\/sites\/5\/2025\/04\/bil-utstallning-oceanen-arken-0215.jpg 1620w, https:\/\/arkenhotel.com\/wp-content\/uploads\/sites\/5\/2025\/04\/bil-utstallning-oceanen-arken-0215-600x400.jpg 600w, https:\/\/arkenhotel.com\/wp-content\/uploads\/sites\/5\/2025\/04\/bil-utstallning-oceanen-arken-0215-900x600.jpg 900w, https:\/\/arkenhotel.com\/wp-content\/uploads\/sites\/5\/2025\/04\/bil-utstallning-oceanen-arken-0215-768x512.jpg 768w, https:\/\/arkenhotel.com\/wp-content\/uploads\/sites\/5\/2025\/04\/bil-utstallning-oceanen-arken-0215-1536x1024.jpg 1536w, https:\/\/arkenhotel.com\/wp-content\/uploads\/sites\/5\/2025\/04\/bil-utstallning-oceanen-arken-0215-400x267.jpg 400w, https:\/\/arkenhotel.com\/wp-content\/uploads\/sites\/5\/2025\/04\/bil-utstallning-oceanen-arken-0215-700x467.jpg 700w, https:\/\/arkenhotel.com\/wp-content\/uploads\/sites\/5\/2025\/04\/bil-utstallning-oceanen-arken-0215-800x533.jpg 800w, https:\/\/arkenhotel.com\/wp-content\/uploads\/sites\/5\/2025\/04\/bil-utstallning-oceanen-arken-0215-1000x667.jpg 1000w, https:\/\/arkenhotel.com\/wp-content\/uploads\/sites\/5\/2025\/04\/bil-utstallning-oceanen-arken-0215-1100x733.jpg 1100w, https:\/\/arkenhotel.com\/wp-content\/uploads\/sites\/5\/2025\/04\/bil-utstallning-oceanen-arken-0215-1280x853.jpg 1280w\" sizes=\"auto, (max-width: 1620px) 100vw, 1620px\" \/><span aria-hidden=\"true\" class=\"wp-block-cover__background has-black-background-color has-background-dim-30 has-background-dim\"><\/span><div class=\"wp-block-cover__inner-container has-global-padding is-layout-constrained wp-container-core-cover-is-layout-44f82bf8 wp-block-cover-is-layout-constrained\">\n<h1 class=\"wp-block-heading has-text-align-center\">fair<\/h1>\n<\/div><\/div>\n\n\n\n<div class=\"wp-block-group is-hidden-mobile has-contrast-background-color has-background has-global-padding is-layout-constrained wp-container-core-group-is-layout-896cce2c wp-block-group-is-layout-constrained\" style=\"padding-top:var(--wp--preset--spacing--2);padding-bottom:var(--wp--preset--spacing--2)\"><\/div>\n<\/div>\n\n<div class=\"wp-block-group has-color-2-background-color has-background has-global-padding is-layout-constrained wp-container-core-group-is-layout-44c88912 wp-block-group-is-layout-constrained\" style=\"padding-top:var(--wp--preset--spacing--5);padding-bottom:var(--wp--preset--spacing--5)\">\n<div class=\"wp-block-columns are-vertically-aligned-top is-layout-flex wp-container-core-columns-is-layout-4df05606 wp-block-columns-is-layout-flex\">\n<div class=\"wp-block-column is-vertically-aligned-top is-layout-flow wp-block-column-is-layout-flow\" style=\"flex-basis:50%\">\n<div class=\"wp-block-group has-global-padding is-content-justification-left is-layout-constrained wp-container-core-group-is-layout-d5209ea4 wp-block-group-is-layout-constrained\">\n<h2 class=\"wp-block-heading\">exhibition AND fair in gothenburg<\/h2>\n<\/div>\n<\/div>\n\n\n\n<div class=\"wp-block-column is-vertically-aligned-top is-layout-flow wp-block-column-is-layout-flow\" style=\"flex-basis:50%\">\n<p class=\"has-medium-font-size\">Organizing a trade fair can be time-consuming and stressful. With modern technology and beautiful premises that are also functional for loading and unloading equipment, we make it easy for you. We help you with everything from planning to execution and ensure that the event is exactly as you imagined.    <\/p>\n\n\n\n<div class=\"wp-block-buttons is-layout-flex wp-block-buttons-is-layout-flex\">\n<div class=\"wp-block-button\" style=\"--hover-background-color:var(--wp--preset--color--color-4);--hover-text-color:var(--wp--preset--color--white);--hover-border-color:var(--wp--preset--color--color-4);--active-background-color:var(--wp--preset--color--color-3);--active-text-color:var(--wp--preset--color--white);--active-border-color:var(--wp--preset--color--color-3);--focus-background-color:var(--wp--preset--color--color-3);--focus-text-color:var(--wp--preset--color--white);--focus-border-color:var(--wp--preset--color--color-3);--disabled-background-color:var(--wp--preset--color--color-1);--disabled-text-color:var(--wp--preset--color--black);--disabled-border-color:var(--wp--preset--color--color-1)\"><a class=\"wp-block-button__link wp-element-button\" href=\"https:\/\/arkenhotel.com\/en\/?post_type=meeting&amp;p=31781#kontakt\">CONTACT US FOR YOUR TRADE FAIR<\/a><\/div>\n<\/div>\n<\/div>\n<\/div>\n<\/div>\n\n<div class=\"wp-block-group has-global-padding is-layout-constrained wp-block-group-is-layout-constrained\" style=\"padding-top:var(--wp--preset--spacing--5);padding-bottom:var(--wp--preset--spacing--5)\">\n<div class=\"wp-block-columns are-vertically-aligned-center is-layout-flex wp-container-core-columns-is-layout-54e5859a wp-block-columns-is-layout-flex\">\n<div class=\"wp-block-column is-vertically-aligned-center is-layout-flow wp-block-column-is-layout-flow\" style=\"flex-basis:66.66%\">\n<div style=\"aspect-ratio:3\/2;min-height:unset;\" class=\"wp-block-cover aligncenter has-aspect-ratio\"><img loading=\"lazy\" decoding=\"async\" width=\"900\" height=\"601\" class=\"wp-block-cover__image-background wp-image-28019 size-large\" alt=\"fest med band i oceanen\" src=\"https:\/\/arkenhotel.com\/wp-content\/uploads\/sites\/5\/2025\/04\/oceanen-event-arken-hotell-gbg-2881-900x601.jpg\" data-object-fit=\"cover\" srcset=\"https:\/\/arkenhotel.com\/wp-content\/uploads\/sites\/5\/2025\/04\/oceanen-event-arken-hotell-gbg-2881-900x601.jpg 900w, https:\/\/arkenhotel.com\/wp-content\/uploads\/sites\/5\/2025\/04\/oceanen-event-arken-hotell-gbg-2881-600x400.jpg 600w, https:\/\/arkenhotel.com\/wp-content\/uploads\/sites\/5\/2025\/04\/oceanen-event-arken-hotell-gbg-2881-768x513.jpg 768w, https:\/\/arkenhotel.com\/wp-content\/uploads\/sites\/5\/2025\/04\/oceanen-event-arken-hotell-gbg-2881-1536x1025.jpg 1536w, https:\/\/arkenhotel.com\/wp-content\/uploads\/sites\/5\/2025\/04\/oceanen-event-arken-hotell-gbg-2881-400x267.jpg 400w, https:\/\/arkenhotel.com\/wp-content\/uploads\/sites\/5\/2025\/04\/oceanen-event-arken-hotell-gbg-2881-700x467.jpg 700w, https:\/\/arkenhotel.com\/wp-content\/uploads\/sites\/5\/2025\/04\/oceanen-event-arken-hotell-gbg-2881-800x534.jpg 800w, https:\/\/arkenhotel.com\/wp-content\/uploads\/sites\/5\/2025\/04\/oceanen-event-arken-hotell-gbg-2881-1000x667.jpg 1000w, https:\/\/arkenhotel.com\/wp-content\/uploads\/sites\/5\/2025\/04\/oceanen-event-arken-hotell-gbg-2881-1100x734.jpg 1100w, https:\/\/arkenhotel.com\/wp-content\/uploads\/sites\/5\/2025\/04\/oceanen-event-arken-hotell-gbg-2881-1280x854.jpg 1280w, https:\/\/arkenhotel.com\/wp-content\/uploads\/sites\/5\/2025\/04\/oceanen-event-arken-hotell-gbg-2881.jpg 1618w\" sizes=\"auto, (max-width: 900px) 100vw, 900px\" \/><span aria-hidden=\"true\" class=\"wp-block-cover__background has-background-dim-0 has-background-dim\" style=\"background-color:#533035\"><\/span><div class=\"wp-block-cover__inner-container is-layout-flow wp-block-cover-is-layout-flow\">\n<p class=\"has-text-align-center has-large-font-size\"><\/p>\n<\/div><\/div>\n<\/div>\n\n\n\n<div class=\"wp-block-column is-vertically-aligned-center is-layout-flow wp-block-column-is-layout-flow\" style=\"flex-basis:33.33%\">\n<h2 class=\"wp-block-heading has-large-font-size\">Oceanen &#8211; The event venue of opportunities<\/h2>\n\n\n\n<p>When it comes to large meetings, our largest room, Oceanen, is the place to be. With a floor area of over 1000 sqm and a ceiling height of at least six meters, it is ideal for large congresses, dinners, exhibitions and fairs. Oceanen has a 24 sqm stage, wireless sound units, ceiling-mounted projector, PA system, front lights and wardrobes.  <\/p>\n\n\n\n<p><strong>Facts about Oceanen:<\/strong><br\/>Area: 1000 sqm<br\/>Length: 43 m<br\/>Width: 26 m<br\/>Ceiling height: at least 6 m<br\/>Max. number: 1000 pers.<br\/>Number of free parking spaces in connection: 500<\/p>\n\n\n\n<div class=\"wp-block-buttons is-layout-flex wp-block-buttons-is-layout-flex\">\n<div class=\"wp-block-button\" style=\"--hover-background-color:var(--wp--preset--color--color-4);--hover-text-color:var(--wp--preset--color--white);--hover-border-color:var(--wp--preset--color--color-4);--active-background-color:var(--wp--preset--color--color-3);--active-text-color:var(--wp--preset--color--white);--active-border-color:var(--wp--preset--color--color-3);--focus-background-color:var(--wp--preset--color--color-3);--focus-text-color:var(--wp--preset--color--white);--focus-border-color:var(--wp--preset--color--color-3);--disabled-background-color:var(--wp--preset--color--color-1);--disabled-text-color:var(--wp--preset--color--black);--disabled-border-color:var(--wp--preset--color--color-1)\"><a class=\"wp-block-button__link wp-element-button\" href=\"https:\/\/arkenhotel.com\/en\/meetings-events\/venues\/?lokal=oceanen\">read more about equipment<\/a><\/div>\n<\/div>\n<\/div>\n<\/div>\n<\/div>\n\n<div class=\"wp-block-group has-global-padding is-layout-constrained wp-block-group-is-layout-constrained\" style=\"padding-bottom:var(--wp--preset--spacing--5)\">\n<div class=\"wp-block-columns are-vertically-aligned-center is-layout-flex wp-container-core-columns-is-layout-54e5859a wp-block-columns-is-layout-flex\">\n<div class=\"wp-block-column is-vertically-aligned-center is-responsive-order is-layout-flow wp-block-column-is-layout-flow\" style=\"flex-basis:33.33%;--order-index:1\">\n<h2 class=\"wp-block-heading has-large-font-size\">exhibition space, lecture hall and event hall<\/h2>\n\n\n\n<p>The entire Oceanen is covered in textiles, which creates a pleasant setting for the room. The large surface area and flexibility make it possible to delimit and create several different environments with the help of textiles and screen walls. A large group of people can thus do different things in the same area at the same time, such as lectures, exhibitions and coffee breaks. In short, Oceanen is a venue with all the possibilities to make your event the event of the year!   <\/p>\n\n\n\n<p>From Oceanen&#8217;s central location in the building, you can easily get from the exhibition hall to the seminar room, group room, hotel room or restaurant.<\/p>\n\n\n\n<p>A wide loading door at ground level makes loading and unloading extremely easy. Vehicles under 3.50 m in height can drive all the way up to the door. It is also possible to drive vehicles directly into the premises.    <\/p>\n<\/div>\n\n\n\n<div class=\"wp-block-column is-vertically-aligned-center is-responsive-order is-layout-flow wp-block-column-is-layout-flow\" style=\"flex-basis:66.66%;--order-index:0\">\n<div style=\"aspect-ratio:3\/2;min-height:unset;\" class=\"wp-block-cover aligncenter has-aspect-ratio\"><img loading=\"lazy\" decoding=\"async\" width=\"900\" height=\"600\" class=\"wp-block-cover__image-background wp-image-25755 size-large\" alt=\"oceanen eventhall\" src=\"https:\/\/arkenhotel.com\/wp-content\/uploads\/sites\/5\/2025\/04\/oceanen-kongresshall-arken-hotel-0226-900x600.jpg\" data-object-fit=\"cover\" srcset=\"https:\/\/arkenhotel.com\/wp-content\/uploads\/sites\/5\/2025\/04\/oceanen-kongresshall-arken-hotel-0226-900x600.jpg 900w, https:\/\/arkenhotel.com\/wp-content\/uploads\/sites\/5\/2025\/04\/oceanen-kongresshall-arken-hotel-0226-400x267.jpg 400w, https:\/\/arkenhotel.com\/wp-content\/uploads\/sites\/5\/2025\/04\/oceanen-kongresshall-arken-hotel-0226-600x400.jpg 600w, https:\/\/arkenhotel.com\/wp-content\/uploads\/sites\/5\/2025\/04\/oceanen-kongresshall-arken-hotel-0226-700x467.jpg 700w, https:\/\/arkenhotel.com\/wp-content\/uploads\/sites\/5\/2025\/04\/oceanen-kongresshall-arken-hotel-0226-800x533.jpg 800w, https:\/\/arkenhotel.com\/wp-content\/uploads\/sites\/5\/2025\/04\/oceanen-kongresshall-arken-hotel-0226-1000x667.jpg 1000w, https:\/\/arkenhotel.com\/wp-content\/uploads\/sites\/5\/2025\/04\/oceanen-kongresshall-arken-hotel-0226-1100x733.jpg 1100w, https:\/\/arkenhotel.com\/wp-content\/uploads\/sites\/5\/2025\/04\/oceanen-kongresshall-arken-hotel-0226-1280x853.jpg 1280w, https:\/\/arkenhotel.com\/wp-content\/uploads\/sites\/5\/2025\/04\/oceanen-kongresshall-arken-hotel-0226-768x512.jpg 768w, https:\/\/arkenhotel.com\/wp-content\/uploads\/sites\/5\/2025\/04\/oceanen-kongresshall-arken-hotel-0226-1536x1024.jpg 1536w, https:\/\/arkenhotel.com\/wp-content\/uploads\/sites\/5\/2025\/04\/oceanen-kongresshall-arken-hotel-0226.jpg 1620w\" sizes=\"auto, (max-width: 900px) 100vw, 900px\" \/><span aria-hidden=\"true\" class=\"wp-block-cover__background has-background-dim-0 has-background-dim\" style=\"background-color:#686a7a\"><\/span><div class=\"wp-block-cover__inner-container is-layout-flow wp-block-cover-is-layout-flow\">\n<p class=\"has-text-align-center has-large-font-size\"><\/p>\n<\/div><\/div>\n<\/div>\n<\/div>\n<\/div>\n\n<div class=\"wp-block-group has-global-padding is-layout-constrained wp-block-group-is-layout-constrained\" style=\"padding-bottom:var(--wp--preset--spacing--5)\">\n<div class=\"wp-block-columns are-vertically-aligned-center is-layout-flex wp-container-core-columns-is-layout-54e5859a wp-block-columns-is-layout-flex\">\n<div class=\"wp-block-column is-vertically-aligned-center is-layout-flow wp-block-column-is-layout-flow\" style=\"flex-basis:66.66%\">\n<div style=\"aspect-ratio:3\/2;min-height:unset;\" class=\"wp-block-cover aligncenter has-aspect-ratio\"><img loading=\"lazy\" decoding=\"async\" width=\"900\" height=\"601\" class=\"wp-block-cover__image-background wp-image-25756 size-large\" alt=\"oceanen ljuss\u00e4ttning\" src=\"https:\/\/arkenhotel.com\/wp-content\/uploads\/sites\/5\/2025\/04\/oceanen-rgb-ljus-konferens-arken-900x601.gif\" data-object-fit=\"cover\" srcset=\"https:\/\/arkenhotel.com\/wp-content\/uploads\/sites\/5\/2025\/04\/oceanen-rgb-ljus-konferens-arken-900x601.gif 900w, https:\/\/arkenhotel.com\/wp-content\/uploads\/sites\/5\/2025\/04\/oceanen-rgb-ljus-konferens-arken-400x267.gif 400w, https:\/\/arkenhotel.com\/wp-content\/uploads\/sites\/5\/2025\/04\/oceanen-rgb-ljus-konferens-arken-600x401.gif 600w, https:\/\/arkenhotel.com\/wp-content\/uploads\/sites\/5\/2025\/04\/oceanen-rgb-ljus-konferens-arken-699x467.gif 699w, https:\/\/arkenhotel.com\/wp-content\/uploads\/sites\/5\/2025\/04\/oceanen-rgb-ljus-konferens-arken-800x534.gif 800w, https:\/\/arkenhotel.com\/wp-content\/uploads\/sites\/5\/2025\/04\/oceanen-rgb-ljus-konferens-arken-1000x668.gif 1000w, https:\/\/arkenhotel.com\/wp-content\/uploads\/sites\/5\/2025\/04\/oceanen-rgb-ljus-konferens-arken-1100x735.gif 1100w, https:\/\/arkenhotel.com\/wp-content\/uploads\/sites\/5\/2025\/04\/oceanen-rgb-ljus-konferens-arken-768x513.gif 768w\" sizes=\"auto, (max-width: 900px) 100vw, 900px\" \/><span aria-hidden=\"true\" class=\"wp-block-cover__background has-background-dim-0 has-background-dim\" style=\"background-color:#191e41\"><\/span><div class=\"wp-block-cover__inner-container is-layout-flow wp-block-cover-is-layout-flow\">\n<p class=\"has-text-align-center has-large-font-size\"><\/p>\n<\/div><\/div>\n<\/div>\n\n\n\n<div class=\"wp-block-column is-vertically-aligned-center is-layout-flow wp-block-column-is-layout-flow\" style=\"flex-basis:33.33%\">\n<h2 class=\"wp-block-heading has-large-font-size\">Flexible RGB lighting system<\/h2>\n\n\n\n<p>With the help of RGB lighting, we have the possibility of several general lighting modes and can color the entire room according to your wishes. We can therefore very easily create a unique feeling at your event and you can also quickly change color during the event. <\/p>\n\n\n\n<div class=\"wp-block-buttons is-layout-flex wp-block-buttons-is-layout-flex\">\n<div class=\"wp-block-button\" style=\"--hover-background-color:var(--wp--preset--color--color-4);--hover-text-color:var(--wp--preset--color--white);--hover-border-color:var(--wp--preset--color--color-4);--active-background-color:var(--wp--preset--color--color-3);--active-text-color:var(--wp--preset--color--white);--active-border-color:var(--wp--preset--color--color-3);--focus-background-color:var(--wp--preset--color--color-3);--focus-text-color:var(--wp--preset--color--white);--focus-border-color:var(--wp--preset--color--color-3);--disabled-background-color:var(--wp--preset--color--color-1);--disabled-text-color:var(--wp--preset--color--black);--disabled-border-color:var(--wp--preset--color--color-1)\"><a class=\"wp-block-button__link wp-element-button\" href=\"https:\/\/arkenhotel.com\/en\/?post_type=meeting&amp;p=31781#kontakt\">contact us for your event<\/a><\/div>\n<\/div>\n<\/div>\n<\/div>\n<\/div>\n\n<div class=\"wp-block-group has-color-2-color has-contrast-background-color has-text-color has-background has-link-color wp-elements-943743e0cb47dc1b923db00b96e144ef has-global-padding is-layout-constrained wp-block-group-is-layout-constrained\" style=\"padding-top:var(--wp--preset--spacing--5);padding-bottom:var(--wp--preset--spacing--2)\"><div data-block-id=\"0b208f51-6257-4fd3-9e76-98a3ecea0fc2\" class=\"wp-block-content-grid block-editor-block-list__block wp-block wp-block-tiburon-content-grid columns-l-1 columns-m-2 columns-s-1 layout-default slider-on-l slider-on-m slider-on-s column-gap-0 pagination-version-first\">\n   \n\n<div class=\"wp-block-group has-global-padding is-layout-constrained wp-block-group-is-layout-constrained\">\n<div class=\"wp-block-columns are-vertically-aligned-center is-layout-flex wp-container-core-columns-is-layout-ba976b0c wp-block-columns-is-layout-flex\">\n<div class=\"wp-block-column is-vertically-aligned-center is-layout-flow wp-block-column-is-layout-flow\" style=\"flex-basis:40%\">\n<div class=\"wp-block-group has-global-padding is-layout-constrained wp-block-group-is-layout-constrained\">\n<p class=\"has-body-sans-font-family\">REFERENCE CUSTOMERS:<\/p>\n\n\n\n<h2 class=\"wp-block-heading\">BRIXLYday &#8211; a recurring event<\/h2>\n\n\n\n<p>The construction company Brixly is a value-driven company and works actively with its core values. The big Brixly Day, where they gather over 400 employees to create a sense of togetherness for the whole team, has been organized at Arken for five years in a row. Read more about the organization and what Brixly&#8217;s CEO Markus Brink says about why they choose Arken for these days.    <\/p>\n\n\n\n<div class=\"wp-block-buttons is-layout-flex wp-block-buttons-is-layout-flex\">\n<div class=\"wp-block-button\" style=\"--hover-background-color:var(--wp--preset--color--color-4);--hover-text-color:var(--wp--preset--color--white);--hover-border-color:var(--wp--preset--color--color-4);--active-background-color:var(--wp--preset--color--color-3);--active-text-color:var(--wp--preset--color--white);--active-border-color:var(--wp--preset--color--color-3);--focus-background-color:var(--wp--preset--color--color-3);--focus-text-color:var(--wp--preset--color--white);--focus-border-color:var(--wp--preset--color--color-3);--disabled-background-color:var(--wp--preset--color--color-1);--disabled-text-color:var(--wp--preset--color--black);--disabled-border-color:var(--wp--preset--color--color-1)\"><a class=\"wp-block-button__link has-white-color has-text-color has-link-color wp-element-button\" href=\"https:\/\/arkenhotel.com\/artiklar\/brixly-referenskund\/\">read more about brixly&#8217;s approach<\/a><\/div>\n<\/div>\n\n\n\n<p><a href=\"https:\/\/www.arkenhotel.com\/artiklar\/brixly-referenskund\/\"><\/a><\/p>\n<\/div>\n<\/div>\n\n\n\n<div class=\"wp-block-column is-vertically-aligned-center is-layout-flow wp-container-core-column-is-layout-411270cb wp-block-column-is-layout-flow\" style=\"flex-basis:60%\">\n<div style=\"aspect-ratio:3\/2;min-height:unset;\" class=\"wp-block-cover aligncenter is-light has-aspect-ratio\"><img loading=\"lazy\" decoding=\"async\" width=\"900\" height=\"508\" class=\"wp-block-cover__image-background wp-image-28117 size-large\" alt=\"personal fr\u00e5n brixly i oceanen\" src=\"https:\/\/arkenhotel.com\/wp-content\/uploads\/sites\/5\/2025\/04\/Brixly-team-arken-konferens-900x508.jpg\" data-object-fit=\"cover\" srcset=\"https:\/\/arkenhotel.com\/wp-content\/uploads\/sites\/5\/2025\/04\/Brixly-team-arken-konferens-900x508.jpg 900w, https:\/\/arkenhotel.com\/wp-content\/uploads\/sites\/5\/2025\/04\/Brixly-team-arken-konferens-600x338.jpg 600w, https:\/\/arkenhotel.com\/wp-content\/uploads\/sites\/5\/2025\/04\/Brixly-team-arken-konferens-768x433.jpg 768w, https:\/\/arkenhotel.com\/wp-content\/uploads\/sites\/5\/2025\/04\/Brixly-team-arken-konferens-1536x866.jpg 1536w, https:\/\/arkenhotel.com\/wp-content\/uploads\/sites\/5\/2025\/04\/Brixly-team-arken-konferens-400x226.jpg 400w, https:\/\/arkenhotel.com\/wp-content\/uploads\/sites\/5\/2025\/04\/Brixly-team-arken-konferens-700x395.jpg 700w, https:\/\/arkenhotel.com\/wp-content\/uploads\/sites\/5\/2025\/04\/Brixly-team-arken-konferens-800x451.jpg 800w, https:\/\/arkenhotel.com\/wp-content\/uploads\/sites\/5\/2025\/04\/Brixly-team-arken-konferens-1000x564.jpg 1000w, https:\/\/arkenhotel.com\/wp-content\/uploads\/sites\/5\/2025\/04\/Brixly-team-arken-konferens-1100x620.jpg 1100w, https:\/\/arkenhotel.com\/wp-content\/uploads\/sites\/5\/2025\/04\/Brixly-team-arken-konferens-1280x722.jpg 1280w, https:\/\/arkenhotel.com\/wp-content\/uploads\/sites\/5\/2025\/04\/Brixly-team-arken-konferens.jpg 1915w\" sizes=\"auto, (max-width: 900px) 100vw, 900px\" \/><span aria-hidden=\"true\" class=\"wp-block-cover__background has-background-dim-0 has-background-dim\"><\/span><div class=\"wp-block-cover__inner-container is-layout-flow wp-block-cover-is-layout-flow\">\n<p class=\"has-text-align-center has-large-font-size\"><\/p>\n<\/div><\/div>\n<\/div>\n<\/div>\n<\/div>\n\n\n\n<div class=\"wp-block-group has-global-padding is-layout-constrained wp-block-group-is-layout-constrained\">\n<div class=\"wp-block-columns are-vertically-aligned-center is-layout-flex wp-container-core-columns-is-layout-ba976b0c wp-block-columns-is-layout-flex\">\n<div class=\"wp-block-column is-vertically-aligned-center is-layout-flow wp-block-column-is-layout-flow\" style=\"flex-basis:40%\">\n<div class=\"wp-block-group has-global-padding is-layout-constrained wp-block-group-is-layout-constrained\">\n<figure class=\"wp-block-image size-large\" style=\"margin-top:var(--wp--preset--spacing--1);margin-bottom:var(--wp--preset--spacing--1)\"><img loading=\"lazy\" decoding=\"async\" width=\"25\" height=\"23\" src=\"https:\/\/arkenhotel.com\/wp-content\/uploads\/sites\/5\/2025\/04\/green-quotation.svg\" alt=\"\" class=\"wp-image-66\"\/><\/figure>\n\n\n\n<h3 class=\"wp-block-heading has-text-align-left has-body-font-family\" style=\"margin-bottom:var(--wp--preset--spacing--1-75);font-size:clamp(1rem, 1rem + ((1vw - 0.2rem) * 0.429), 1.3rem);font-style:italic;font-weight:400;letter-spacing:1px;line-height:1.3;text-transform:none\">&#8220;Thank you for a very well organized event, great service and awesome food&#8221;<br\/><\/h3>\n\n\n\n<hr class=\"wp-block-separator has-text-color has-color-2-color has-alpha-channel-opacity has-color-2-background-color has-background\" style=\"margin-top:var(--wp--preset--spacing--1-50);margin-bottom:var(--wp--preset--spacing--1-50)\"\/>\n\n\n\n<p class=\"has-contrast-light-color has-text-color has-link-color has-body-sans-font-family has-small-font-size wp-elements-7caec2b3b12152ad161fec9f71831531\" style=\"margin-top:var(--wp--preset--spacing--0-25);margin-bottom:var(--wp--preset--spacing--0-25)\">RETURNING BUSINESS CUSTOMER<\/p>\n\n\n\n<p class=\"has-h-6-heading-font-size\">Jon Ellis &#8211; Nores<\/p>\n<\/div>\n<\/div>\n\n\n\n<div class=\"wp-block-column is-vertically-aligned-center is-layout-flow wp-container-core-column-is-layout-411270cb wp-block-column-is-layout-flow\" style=\"flex-basis:60%\">\n<div style=\"aspect-ratio:3\/2;min-height:unset;\" class=\"wp-block-cover aligncenter has-aspect-ratio\"><img loading=\"lazy\" decoding=\"async\" width=\"900\" height=\"601\" class=\"wp-block-cover__image-background wp-image-27663 size-large\" alt=\"event i oceanen\" src=\"https:\/\/arkenhotel.com\/wp-content\/uploads\/sites\/5\/2025\/10\/oceanen-event-arken-hotell-gbg-2886-900x601.jpg\" data-object-fit=\"cover\" srcset=\"https:\/\/arkenhotel.com\/wp-content\/uploads\/sites\/5\/2025\/10\/oceanen-event-arken-hotell-gbg-2886-900x601.jpg 900w, https:\/\/arkenhotel.com\/wp-content\/uploads\/sites\/5\/2025\/10\/oceanen-event-arken-hotell-gbg-2886-600x401.jpg 600w, https:\/\/arkenhotel.com\/wp-content\/uploads\/sites\/5\/2025\/10\/oceanen-event-arken-hotell-gbg-2886-768x513.jpg 768w, https:\/\/arkenhotel.com\/wp-content\/uploads\/sites\/5\/2025\/10\/oceanen-event-arken-hotell-gbg-2886-1536x1026.jpg 1536w, https:\/\/arkenhotel.com\/wp-content\/uploads\/sites\/5\/2025\/10\/oceanen-event-arken-hotell-gbg-2886-2048x1367.jpg 2048w, https:\/\/arkenhotel.com\/wp-content\/uploads\/sites\/5\/2025\/10\/oceanen-event-arken-hotell-gbg-2886-400x267.jpg 400w, https:\/\/arkenhotel.com\/wp-content\/uploads\/sites\/5\/2025\/10\/oceanen-event-arken-hotell-gbg-2886-700x467.jpg 700w, https:\/\/arkenhotel.com\/wp-content\/uploads\/sites\/5\/2025\/10\/oceanen-event-arken-hotell-gbg-2886-800x534.jpg 800w, https:\/\/arkenhotel.com\/wp-content\/uploads\/sites\/5\/2025\/10\/oceanen-event-arken-hotell-gbg-2886-1000x668.jpg 1000w, https:\/\/arkenhotel.com\/wp-content\/uploads\/sites\/5\/2025\/10\/oceanen-event-arken-hotell-gbg-2886-1100x734.jpg 1100w, https:\/\/arkenhotel.com\/wp-content\/uploads\/sites\/5\/2025\/10\/oceanen-event-arken-hotell-gbg-2886-1280x855.jpg 1280w, https:\/\/arkenhotel.com\/wp-content\/uploads\/sites\/5\/2025\/10\/oceanen-event-arken-hotell-gbg-2886-1920x1282.jpg 1920w\" sizes=\"auto, (max-width: 900px) 100vw, 900px\" \/><span aria-hidden=\"true\" class=\"wp-block-cover__background has-background-dim-0 has-background-dim\" style=\"background-color:#44204f\"><\/span><div class=\"wp-block-cover__inner-container is-layout-flow wp-block-cover-is-layout-flow\">\n<p class=\"has-text-align-center has-large-font-size\"><\/p>\n<\/div><\/div>\n<\/div>\n<\/div>\n<\/div>\n\n\n\n<div class=\"wp-block-group has-global-padding is-layout-constrained wp-block-group-is-layout-constrained\">\n<div class=\"wp-block-columns are-vertically-aligned-center is-layout-flex wp-container-core-columns-is-layout-ba976b0c wp-block-columns-is-layout-flex\">\n<div class=\"wp-block-column is-vertically-aligned-center is-layout-flow wp-block-column-is-layout-flow\" style=\"flex-basis:40%\">\n<div class=\"wp-block-group has-global-padding is-layout-constrained wp-block-group-is-layout-constrained\">\n<h2 class=\"wp-block-heading\">ASSEMBLIN EL &#8211; ANNUAL CONFERENCE<\/h2>\n\n\n\n<p>Assemblin El is a regular guest at Arken. When they visit us for their annual management conference to network and exchange experiences, there are usually around 120 people in our congress hall Oceanen. They use the congress hall in an efficient way that provides a positive experience for the participants, with everything gathered in one place.    <\/p>\n\n\n\n<div class=\"wp-block-buttons is-layout-flex wp-block-buttons-is-layout-flex\">\n<div class=\"wp-block-button\" style=\"--hover-background-color:var(--wp--preset--color--color-4);--hover-text-color:var(--wp--preset--color--white);--hover-border-color:var(--wp--preset--color--color-4);--active-background-color:var(--wp--preset--color--color-3);--active-text-color:var(--wp--preset--color--white);--active-border-color:var(--wp--preset--color--color-3);--focus-background-color:var(--wp--preset--color--color-3);--focus-text-color:var(--wp--preset--color--white);--focus-border-color:var(--wp--preset--color--color-3);--disabled-background-color:var(--wp--preset--color--color-1);--disabled-text-color:var(--wp--preset--color--black);--disabled-border-color:var(--wp--preset--color--color-1)\"><a class=\"wp-block-button__link has-white-color has-text-color has-link-color wp-element-button\" href=\"https:\/\/arkenhotel.com\/artiklar\/assemblin-el-referenskund\/\">read more about the assembly&#8217;s approach<\/a><\/div>\n<\/div>\n\n\n\n<p><a href=\"https:\/\/www.arkenhotel.com\/artiklar\/brixly-referenskund\/\"><\/a><\/p>\n<\/div>\n<\/div>\n\n\n\n<div class=\"wp-block-column is-vertically-aligned-center is-layout-flow wp-container-core-column-is-layout-411270cb wp-block-column-is-layout-flow\" style=\"flex-basis:60%\">\n<div style=\"aspect-ratio:3\/2;min-height:unset;\" class=\"wp-block-cover aligncenter has-aspect-ratio\"><img loading=\"lazy\" decoding=\"async\" width=\"900\" height=\"600\" class=\"wp-block-cover__image-background wp-image-28015 size-large\" alt=\"dukning f\u00f6r event i oceanen\" src=\"https:\/\/arkenhotel.com\/wp-content\/uploads\/sites\/5\/2025\/04\/kundcase-assemblin-arken-konferens-goteborg-5777-900x600.jpg\" data-object-fit=\"cover\" srcset=\"https:\/\/arkenhotel.com\/wp-content\/uploads\/sites\/5\/2025\/04\/kundcase-assemblin-arken-konferens-goteborg-5777-900x600.jpg 900w, https:\/\/arkenhotel.com\/wp-content\/uploads\/sites\/5\/2025\/04\/kundcase-assemblin-arken-konferens-goteborg-5777-600x400.jpg 600w, https:\/\/arkenhotel.com\/wp-content\/uploads\/sites\/5\/2025\/04\/kundcase-assemblin-arken-konferens-goteborg-5777-768x512.jpg 768w, https:\/\/arkenhotel.com\/wp-content\/uploads\/sites\/5\/2025\/04\/kundcase-assemblin-arken-konferens-goteborg-5777-1536x1024.jpg 1536w, https:\/\/arkenhotel.com\/wp-content\/uploads\/sites\/5\/2025\/04\/kundcase-assemblin-arken-konferens-goteborg-5777-400x267.jpg 400w, https:\/\/arkenhotel.com\/wp-content\/uploads\/sites\/5\/2025\/04\/kundcase-assemblin-arken-konferens-goteborg-5777-700x467.jpg 700w, https:\/\/arkenhotel.com\/wp-content\/uploads\/sites\/5\/2025\/04\/kundcase-assemblin-arken-konferens-goteborg-5777-800x533.jpg 800w, https:\/\/arkenhotel.com\/wp-content\/uploads\/sites\/5\/2025\/04\/kundcase-assemblin-arken-konferens-goteborg-5777-1000x667.jpg 1000w, https:\/\/arkenhotel.com\/wp-content\/uploads\/sites\/5\/2025\/04\/kundcase-assemblin-arken-konferens-goteborg-5777-1100x733.jpg 1100w, https:\/\/arkenhotel.com\/wp-content\/uploads\/sites\/5\/2025\/04\/kundcase-assemblin-arken-konferens-goteborg-5777-1280x853.jpg 1280w, https:\/\/arkenhotel.com\/wp-content\/uploads\/sites\/5\/2025\/04\/kundcase-assemblin-arken-konferens-goteborg-5777.jpg 1620w\" sizes=\"auto, (max-width: 900px) 100vw, 900px\" \/><span aria-hidden=\"true\" class=\"wp-block-cover__background has-background-dim-0 has-background-dim\"><\/span><div class=\"wp-block-cover__inner-container is-layout-flow wp-block-cover-is-layout-flow\">\n<p class=\"has-text-align-center has-large-font-size\"><\/p>\n<\/div><\/div>\n<\/div>\n<\/div>\n<\/div>\n\n\n\n<div class=\"wp-block-group has-global-padding is-layout-constrained wp-block-group-is-layout-constrained\">\n<div class=\"wp-block-columns are-vertically-aligned-center is-layout-flex wp-container-core-columns-is-layout-ba976b0c wp-block-columns-is-layout-flex\">\n<div class=\"wp-block-column is-vertically-aligned-center is-layout-flow wp-block-column-is-layout-flow\" style=\"flex-basis:40%\">\n<div class=\"wp-block-group has-global-padding is-layout-constrained wp-block-group-is-layout-constrained\">\n<h2 class=\"wp-block-heading\">BOSCH TAKE OVER &#8211; FAIR AND EVENT<\/h2>\n\n\n\n<p>The electronics company Bosch is a regular customer of ours at Arken. For a few days, they took over almost the entire hotel &#8211; both inside and out &#8211; during their annual sales convention, with representatives from all over the Nordic region. Maybe your company is thinking of doing something similar?  <\/p>\n\n\n\n<div class=\"wp-block-buttons is-layout-flex wp-block-buttons-is-layout-flex\">\n<div class=\"wp-block-button\" style=\"--hover-background-color:var(--wp--preset--color--color-4);--hover-text-color:var(--wp--preset--color--white);--hover-border-color:var(--wp--preset--color--color-4);--active-background-color:var(--wp--preset--color--color-3);--active-text-color:var(--wp--preset--color--white);--active-border-color:var(--wp--preset--color--color-3);--focus-background-color:var(--wp--preset--color--color-3);--focus-text-color:var(--wp--preset--color--white);--focus-border-color:var(--wp--preset--color--color-3);--disabled-background-color:var(--wp--preset--color--color-1);--disabled-text-color:var(--wp--preset--color--black);--disabled-border-color:var(--wp--preset--color--color-1)\"><a class=\"wp-block-button__link has-white-color has-text-color has-link-color wp-element-button\" href=\"https:\/\/arkenhotel.com\/artiklar\/bosch-take-over\/\">read more about the BOSCH approach<\/a><\/div>\n<\/div>\n\n\n\n<p><a href=\"https:\/\/www.arkenhotel.com\/artiklar\/brixly-referenskund\/\"><\/a><\/p>\n<\/div>\n<\/div>\n\n\n\n<div class=\"wp-block-column is-vertically-aligned-center is-layout-flow wp-container-core-column-is-layout-411270cb wp-block-column-is-layout-flow\" style=\"flex-basis:60%\">\n<div style=\"aspect-ratio:3\/2;min-height:unset;\" class=\"wp-block-cover aligncenter is-light has-aspect-ratio\"><img loading=\"lazy\" decoding=\"async\" width=\"900\" height=\"601\" class=\"wp-block-cover__image-background wp-image-28115 size-large\" alt=\"bosch utst\u00e4llning med t\u00e4lt i v\u00e5r tr\u00e4dg\u00e5rd\" src=\"https:\/\/arkenhotel.com\/wp-content\/uploads\/sites\/5\/2025\/04\/take-over-konferens-arken-goteborg-9262-900x601.jpg\" data-object-fit=\"cover\" srcset=\"https:\/\/arkenhotel.com\/wp-content\/uploads\/sites\/5\/2025\/04\/take-over-konferens-arken-goteborg-9262-900x601.jpg 900w, https:\/\/arkenhotel.com\/wp-content\/uploads\/sites\/5\/2025\/04\/take-over-konferens-arken-goteborg-9262-600x401.jpg 600w, https:\/\/arkenhotel.com\/wp-content\/uploads\/sites\/5\/2025\/04\/take-over-konferens-arken-goteborg-9262-768x513.jpg 768w, https:\/\/arkenhotel.com\/wp-content\/uploads\/sites\/5\/2025\/04\/take-over-konferens-arken-goteborg-9262-1536x1026.jpg 1536w, https:\/\/arkenhotel.com\/wp-content\/uploads\/sites\/5\/2025\/04\/take-over-konferens-arken-goteborg-9262-2048x1367.jpg 2048w, https:\/\/arkenhotel.com\/wp-content\/uploads\/sites\/5\/2025\/04\/take-over-konferens-arken-goteborg-9262-400x267.jpg 400w, https:\/\/arkenhotel.com\/wp-content\/uploads\/sites\/5\/2025\/04\/take-over-konferens-arken-goteborg-9262-700x467.jpg 700w, https:\/\/arkenhotel.com\/wp-content\/uploads\/sites\/5\/2025\/04\/take-over-konferens-arken-goteborg-9262-800x534.jpg 800w, https:\/\/arkenhotel.com\/wp-content\/uploads\/sites\/5\/2025\/04\/take-over-konferens-arken-goteborg-9262-1000x668.jpg 1000w, https:\/\/arkenhotel.com\/wp-content\/uploads\/sites\/5\/2025\/04\/take-over-konferens-arken-goteborg-9262-1100x734.jpg 1100w, https:\/\/arkenhotel.com\/wp-content\/uploads\/sites\/5\/2025\/04\/take-over-konferens-arken-goteborg-9262-1280x855.jpg 1280w, https:\/\/arkenhotel.com\/wp-content\/uploads\/sites\/5\/2025\/04\/take-over-konferens-arken-goteborg-9262-1920x1282.jpg 1920w\" sizes=\"auto, (max-width: 900px) 100vw, 900px\" \/><span aria-hidden=\"true\" class=\"wp-block-cover__background has-background-dim-0 has-background-dim\"><\/span><div class=\"wp-block-cover__inner-container is-layout-flow wp-block-cover-is-layout-flow\">\n<p class=\"has-text-align-center has-large-font-size\"><\/p>\n<\/div><\/div>\n<\/div>\n<\/div>\n<\/div>\n\n\n\n<div class=\"wp-block-group has-global-padding is-layout-constrained wp-block-group-is-layout-constrained\">\n<div class=\"wp-block-columns are-vertically-aligned-center is-layout-flex wp-container-core-columns-is-layout-ba976b0c wp-block-columns-is-layout-flex\">\n<div class=\"wp-block-column is-vertically-aligned-center is-layout-flow wp-block-column-is-layout-flow\" style=\"flex-basis:40%\">\n<div class=\"wp-block-group has-global-padding is-layout-constrained wp-block-group-is-layout-constrained\">\n<h2 class=\"wp-block-heading\">lecture &amp; yoga event<\/h2>\n\n\n\n<p>Do you want to host a special event that requires large spaces but also privacy?  <\/p>\n\n\n\n<p>Our congress hall Oceanen is covered in textiles, which gives the room a calm and cozy feeling, despite its size. With a stage and customized lighting, it is very suitable for larger lectures or, for example, a yoga event. <br\/><\/p>\n<\/div>\n<\/div>\n\n\n\n<div class=\"wp-block-column is-vertically-aligned-center is-layout-flow wp-container-core-column-is-layout-411270cb wp-block-column-is-layout-flow\" style=\"flex-basis:60%\">\n<div style=\"aspect-ratio:3\/2;min-height:unset;\" class=\"wp-block-cover aligncenter has-aspect-ratio\"><img loading=\"lazy\" decoding=\"async\" width=\"900\" height=\"601\" class=\"wp-block-cover__image-background wp-image-28027 size-large\" alt=\"yogaevent i oceanen\" src=\"https:\/\/arkenhotel.com\/wp-content\/uploads\/sites\/5\/2025\/04\/yoga-oceanen-konferens-arken-hotell-goteborg-2892-900x601.jpg\" data-object-fit=\"cover\" srcset=\"https:\/\/arkenhotel.com\/wp-content\/uploads\/sites\/5\/2025\/04\/yoga-oceanen-konferens-arken-hotell-goteborg-2892-900x601.jpg 900w, https:\/\/arkenhotel.com\/wp-content\/uploads\/sites\/5\/2025\/04\/yoga-oceanen-konferens-arken-hotell-goteborg-2892-600x400.jpg 600w, https:\/\/arkenhotel.com\/wp-content\/uploads\/sites\/5\/2025\/04\/yoga-oceanen-konferens-arken-hotell-goteborg-2892-768x513.jpg 768w, https:\/\/arkenhotel.com\/wp-content\/uploads\/sites\/5\/2025\/04\/yoga-oceanen-konferens-arken-hotell-goteborg-2892-1536x1025.jpg 1536w, https:\/\/arkenhotel.com\/wp-content\/uploads\/sites\/5\/2025\/04\/yoga-oceanen-konferens-arken-hotell-goteborg-2892-400x267.jpg 400w, https:\/\/arkenhotel.com\/wp-content\/uploads\/sites\/5\/2025\/04\/yoga-oceanen-konferens-arken-hotell-goteborg-2892-700x467.jpg 700w, https:\/\/arkenhotel.com\/wp-content\/uploads\/sites\/5\/2025\/04\/yoga-oceanen-konferens-arken-hotell-goteborg-2892-800x534.jpg 800w, https:\/\/arkenhotel.com\/wp-content\/uploads\/sites\/5\/2025\/04\/yoga-oceanen-konferens-arken-hotell-goteborg-2892-1000x667.jpg 1000w, https:\/\/arkenhotel.com\/wp-content\/uploads\/sites\/5\/2025\/04\/yoga-oceanen-konferens-arken-hotell-goteborg-2892-1100x734.jpg 1100w, https:\/\/arkenhotel.com\/wp-content\/uploads\/sites\/5\/2025\/04\/yoga-oceanen-konferens-arken-hotell-goteborg-2892-1280x854.jpg 1280w, https:\/\/arkenhotel.com\/wp-content\/uploads\/sites\/5\/2025\/04\/yoga-oceanen-konferens-arken-hotell-goteborg-2892.jpg 1618w\" sizes=\"auto, (max-width: 900px) 100vw, 900px\" \/><span aria-hidden=\"true\" class=\"wp-block-cover__background has-background-dim-0 has-background-dim\"><\/span><div class=\"wp-block-cover__inner-container is-layout-flow wp-block-cover-is-layout-flow\">\n<p class=\"has-text-align-center has-large-font-size\"><\/p>\n<\/div><\/div>\n<\/div>\n<\/div>\n<\/div>\n\n<\/div><!DOCTYPE html PUBLIC \"-\/\/W3C\/\/DTD HTML 4.0 Transitional\/\/EN\" \"http:\/\/www.w3.org\/TR\/REC-html40\/loose.dtd\">\n<html><body><swiper-container init=\"false\" data-slides-per-view-l=\"1\" data-slides-per-view-m=\"2\" data-slides-per-view-s=\"1\" data-show-next=\"\" data-width-auto=\"0\" data-columns-gap=\"0\" data-show-navigation=\"1\" pagination-type=\"fraction\" data-pagination-version=\"first\" data-nav-bg-color=\"var(--wp--preset--color--contrast)\" data-nav-arrow-color=\"var(--wp--preset--color--base)\" class=\"wp-block-content-grid-slider slider-l slider-m slider-s\"><swiper-slide><div class=\"wp-block-group has-global-padding is-layout-constrained wp-block-group-is-layout-constrained\">\n<div class=\"wp-block-columns are-vertically-aligned-center is-layout-flex wp-container-core-columns-is-layout-ba976b0c wp-block-columns-is-layout-flex\">\n<div class=\"wp-block-column is-vertically-aligned-center is-layout-flow wp-block-column-is-layout-flow\" style=\"flex-basis:40%\">\n<div class=\"wp-block-group has-global-padding is-layout-constrained wp-block-group-is-layout-constrained\">\n<p class=\"has-body-sans-font-family\">REFERENCE CUSTOMERS:<\/p>\n\n\n\n<h2 class=\"wp-block-heading\">BRIXLYday &#8211; a recurring event<\/h2>\n\n\n\n<p>The construction company Brixly is a value-driven company and works actively with its core values. The big Brixly Day, where they gather over 400 employees to create a sense of togetherness for the whole team, has been organized at Arken for five years in a row. Read more about the organization and what Brixly&#8217;s CEO Markus Brink says about why they choose Arken for these days.    <\/p>\n\n\n\n<div class=\"wp-block-buttons is-layout-flex wp-block-buttons-is-layout-flex\">\n<div class=\"wp-block-button\" style=\"--hover-background-color:var(--wp--preset--color--color-4);--hover-text-color:var(--wp--preset--color--white);--hover-border-color:var(--wp--preset--color--color-4);--active-background-color:var(--wp--preset--color--color-3);--active-text-color:var(--wp--preset--color--white);--active-border-color:var(--wp--preset--color--color-3);--focus-background-color:var(--wp--preset--color--color-3);--focus-text-color:var(--wp--preset--color--white);--focus-border-color:var(--wp--preset--color--color-3);--disabled-background-color:var(--wp--preset--color--color-1);--disabled-text-color:var(--wp--preset--color--black);--disabled-border-color:var(--wp--preset--color--color-1)\"><a class=\"wp-block-button__link has-white-color has-text-color has-link-color wp-element-button\" href=\"https:\/\/arkenhotel.com\/artiklar\/brixly-referenskund\/\">read more about brixly&#8217;s approach<\/a><\/div>\n<\/div>\n\n\n\n<p><a href=\"https:\/\/www.arkenhotel.com\/artiklar\/brixly-referenskund\/\"><\/a><\/p>\n<\/div>\n<\/div>\n\n\n\n<div class=\"wp-block-column is-vertically-aligned-center is-layout-flow wp-container-core-column-is-layout-411270cb wp-block-column-is-layout-flow\" style=\"flex-basis:60%\">\n<div style=\"aspect-ratio:3\/2;min-height:unset;\" class=\"wp-block-cover aligncenter is-light has-aspect-ratio\"><img loading=\"lazy\" decoding=\"async\" width=\"900\" height=\"508\" class=\"wp-block-cover__image-background wp-image-28117 size-large\" alt=\"personal fr&aring;n brixly i oceanen\" src=\"https:\/\/arkenhotel.com\/wp-content\/uploads\/sites\/5\/2025\/04\/Brixly-team-arken-konferens-900x508.jpg\" data-object-fit=\"cover\" srcset=\"https:\/\/arkenhotel.com\/wp-content\/uploads\/sites\/5\/2025\/04\/Brixly-team-arken-konferens-900x508.jpg 900w, https:\/\/arkenhotel.com\/wp-content\/uploads\/sites\/5\/2025\/04\/Brixly-team-arken-konferens-600x338.jpg 600w, https:\/\/arkenhotel.com\/wp-content\/uploads\/sites\/5\/2025\/04\/Brixly-team-arken-konferens-768x433.jpg 768w, https:\/\/arkenhotel.com\/wp-content\/uploads\/sites\/5\/2025\/04\/Brixly-team-arken-konferens-1536x866.jpg 1536w, https:\/\/arkenhotel.com\/wp-content\/uploads\/sites\/5\/2025\/04\/Brixly-team-arken-konferens-400x226.jpg 400w, https:\/\/arkenhotel.com\/wp-content\/uploads\/sites\/5\/2025\/04\/Brixly-team-arken-konferens-700x395.jpg 700w, https:\/\/arkenhotel.com\/wp-content\/uploads\/sites\/5\/2025\/04\/Brixly-team-arken-konferens-800x451.jpg 800w, https:\/\/arkenhotel.com\/wp-content\/uploads\/sites\/5\/2025\/04\/Brixly-team-arken-konferens-1000x564.jpg 1000w, https:\/\/arkenhotel.com\/wp-content\/uploads\/sites\/5\/2025\/04\/Brixly-team-arken-konferens-1100x620.jpg 1100w, https:\/\/arkenhotel.com\/wp-content\/uploads\/sites\/5\/2025\/04\/Brixly-team-arken-konferens-1280x722.jpg 1280w, https:\/\/arkenhotel.com\/wp-content\/uploads\/sites\/5\/2025\/04\/Brixly-team-arken-konferens.jpg 1915w\" sizes=\"auto, (max-width: 900px) 100vw, 900px\" \/><span aria-hidden=\"true\" class=\"wp-block-cover__background has-background-dim-0 has-background-dim\"><\/span><div class=\"wp-block-cover__inner-container is-layout-flow wp-block-cover-is-layout-flow\">\n<p class=\"has-text-align-center has-large-font-size\"><\/p>\n<\/div><\/div>\n<\/div>\n<\/div>\n<\/div><\/swiper-slide><swiper-slide><div class=\"wp-block-group has-global-padding is-layout-constrained wp-block-group-is-layout-constrained\">\n<div class=\"wp-block-columns are-vertically-aligned-center is-layout-flex wp-container-core-columns-is-layout-ba976b0c wp-block-columns-is-layout-flex\">\n<div class=\"wp-block-column is-vertically-aligned-center is-layout-flow wp-block-column-is-layout-flow\" style=\"flex-basis:40%\">\n<div class=\"wp-block-group has-global-padding is-layout-constrained wp-block-group-is-layout-constrained\">\n<figure class=\"wp-block-image size-large\" style=\"margin-top:var(--wp--preset--spacing--1);margin-bottom:var(--wp--preset--spacing--1)\"><img loading=\"lazy\" decoding=\"async\" width=\"25\" height=\"23\" src=\"https:\/\/arkenhotel.com\/wp-content\/uploads\/sites\/5\/2025\/04\/green-quotation.svg\" alt=\"\" class=\"wp-image-66\"><\/figure>\n\n\n\n<h3 class=\"wp-block-heading has-text-align-left has-body-font-family\" style=\"margin-bottom:var(--wp--preset--spacing--1-75);font-size:clamp(1rem, 1rem + ((1vw - 0.2rem) * 0.429), 1.3rem);font-style:italic;font-weight:400;letter-spacing:1px;line-height:1.3;text-transform:none\">&#8220;Thank you for a very well organized event, great service and awesome food&#8221;<br><\/h3>\n\n\n\n<hr class=\"wp-block-separator has-text-color has-color-2-color has-alpha-channel-opacity has-color-2-background-color has-background\" style=\"margin-top:var(--wp--preset--spacing--1-50);margin-bottom:var(--wp--preset--spacing--1-50)\">\n\n\n\n<p class=\"has-contrast-light-color has-text-color has-link-color has-body-sans-font-family has-small-font-size wp-elements-7caec2b3b12152ad161fec9f71831531\" style=\"margin-top:var(--wp--preset--spacing--0-25);margin-bottom:var(--wp--preset--spacing--0-25)\">RETURNING BUSINESS CUSTOMER<\/p>\n\n\n\n<p class=\"has-h-6-heading-font-size\">Jon Ellis &#8211; Nores<\/p>\n<\/div>\n<\/div>\n\n\n\n<div class=\"wp-block-column is-vertically-aligned-center is-layout-flow wp-container-core-column-is-layout-411270cb wp-block-column-is-layout-flow\" style=\"flex-basis:60%\">\n<div style=\"aspect-ratio:3\/2;min-height:unset;\" class=\"wp-block-cover aligncenter has-aspect-ratio\"><img loading=\"lazy\" decoding=\"async\" width=\"900\" height=\"601\" class=\"wp-block-cover__image-background wp-image-27663 size-large\" alt=\"event i oceanen\" src=\"https:\/\/arkenhotel.com\/wp-content\/uploads\/sites\/5\/2025\/10\/oceanen-event-arken-hotell-gbg-2886-900x601.jpg\" data-object-fit=\"cover\" srcset=\"https:\/\/arkenhotel.com\/wp-content\/uploads\/sites\/5\/2025\/10\/oceanen-event-arken-hotell-gbg-2886-900x601.jpg 900w, https:\/\/arkenhotel.com\/wp-content\/uploads\/sites\/5\/2025\/10\/oceanen-event-arken-hotell-gbg-2886-600x401.jpg 600w, https:\/\/arkenhotel.com\/wp-content\/uploads\/sites\/5\/2025\/10\/oceanen-event-arken-hotell-gbg-2886-768x513.jpg 768w, https:\/\/arkenhotel.com\/wp-content\/uploads\/sites\/5\/2025\/10\/oceanen-event-arken-hotell-gbg-2886-1536x1026.jpg 1536w, https:\/\/arkenhotel.com\/wp-content\/uploads\/sites\/5\/2025\/10\/oceanen-event-arken-hotell-gbg-2886-2048x1367.jpg 2048w, https:\/\/arkenhotel.com\/wp-content\/uploads\/sites\/5\/2025\/10\/oceanen-event-arken-hotell-gbg-2886-400x267.jpg 400w, https:\/\/arkenhotel.com\/wp-content\/uploads\/sites\/5\/2025\/10\/oceanen-event-arken-hotell-gbg-2886-700x467.jpg 700w, https:\/\/arkenhotel.com\/wp-content\/uploads\/sites\/5\/2025\/10\/oceanen-event-arken-hotell-gbg-2886-800x534.jpg 800w, https:\/\/arkenhotel.com\/wp-content\/uploads\/sites\/5\/2025\/10\/oceanen-event-arken-hotell-gbg-2886-1000x668.jpg 1000w, https:\/\/arkenhotel.com\/wp-content\/uploads\/sites\/5\/2025\/10\/oceanen-event-arken-hotell-gbg-2886-1100x734.jpg 1100w, https:\/\/arkenhotel.com\/wp-content\/uploads\/sites\/5\/2025\/10\/oceanen-event-arken-hotell-gbg-2886-1280x855.jpg 1280w, https:\/\/arkenhotel.com\/wp-content\/uploads\/sites\/5\/2025\/10\/oceanen-event-arken-hotell-gbg-2886-1920x1282.jpg 1920w\" sizes=\"auto, (max-width: 900px) 100vw, 900px\" \/><span aria-hidden=\"true\" class=\"wp-block-cover__background has-background-dim-0 has-background-dim\" style=\"background-color:#44204f\"><\/span><div class=\"wp-block-cover__inner-container is-layout-flow wp-block-cover-is-layout-flow\">\n<p class=\"has-text-align-center has-large-font-size\"><\/p>\n<\/div><\/div>\n<\/div>\n<\/div>\n<\/div><\/swiper-slide><swiper-slide><div class=\"wp-block-group has-global-padding is-layout-constrained wp-block-group-is-layout-constrained\">\n<div class=\"wp-block-columns are-vertically-aligned-center is-layout-flex wp-container-core-columns-is-layout-ba976b0c wp-block-columns-is-layout-flex\">\n<div class=\"wp-block-column is-vertically-aligned-center is-layout-flow wp-block-column-is-layout-flow\" style=\"flex-basis:40%\">\n<div class=\"wp-block-group has-global-padding is-layout-constrained wp-block-group-is-layout-constrained\">\n<h2 class=\"wp-block-heading\">ASSEMBLIN EL &#8211; ANNUAL CONFERENCE<\/h2>\n\n\n\n<p>Assemblin El is a regular guest at Arken. When they visit us for their annual management conference to network and exchange experiences, there are usually around 120 people in our congress hall Oceanen. They use the congress hall in an efficient way that provides a positive experience for the participants, with everything gathered in one place.    <\/p>\n\n\n\n<div class=\"wp-block-buttons is-layout-flex wp-block-buttons-is-layout-flex\">\n<div class=\"wp-block-button\" style=\"--hover-background-color:var(--wp--preset--color--color-4);--hover-text-color:var(--wp--preset--color--white);--hover-border-color:var(--wp--preset--color--color-4);--active-background-color:var(--wp--preset--color--color-3);--active-text-color:var(--wp--preset--color--white);--active-border-color:var(--wp--preset--color--color-3);--focus-background-color:var(--wp--preset--color--color-3);--focus-text-color:var(--wp--preset--color--white);--focus-border-color:var(--wp--preset--color--color-3);--disabled-background-color:var(--wp--preset--color--color-1);--disabled-text-color:var(--wp--preset--color--black);--disabled-border-color:var(--wp--preset--color--color-1)\"><a class=\"wp-block-button__link has-white-color has-text-color has-link-color wp-element-button\" href=\"https:\/\/arkenhotel.com\/artiklar\/assemblin-el-referenskund\/\">read more about the assembly&#8217;s approach<\/a><\/div>\n<\/div>\n\n\n\n<p><a href=\"https:\/\/www.arkenhotel.com\/artiklar\/brixly-referenskund\/\"><\/a><\/p>\n<\/div>\n<\/div>\n\n\n\n<div class=\"wp-block-column is-vertically-aligned-center is-layout-flow wp-container-core-column-is-layout-411270cb wp-block-column-is-layout-flow\" style=\"flex-basis:60%\">\n<div style=\"aspect-ratio:3\/2;min-height:unset;\" class=\"wp-block-cover aligncenter has-aspect-ratio\"><img loading=\"lazy\" decoding=\"async\" width=\"900\" height=\"600\" class=\"wp-block-cover__image-background wp-image-28015 size-large\" alt=\"dukning f&ouml;r event i oceanen\" src=\"https:\/\/arkenhotel.com\/wp-content\/uploads\/sites\/5\/2025\/04\/kundcase-assemblin-arken-konferens-goteborg-5777-900x600.jpg\" data-object-fit=\"cover\" srcset=\"https:\/\/arkenhotel.com\/wp-content\/uploads\/sites\/5\/2025\/04\/kundcase-assemblin-arken-konferens-goteborg-5777-900x600.jpg 900w, https:\/\/arkenhotel.com\/wp-content\/uploads\/sites\/5\/2025\/04\/kundcase-assemblin-arken-konferens-goteborg-5777-600x400.jpg 600w, https:\/\/arkenhotel.com\/wp-content\/uploads\/sites\/5\/2025\/04\/kundcase-assemblin-arken-konferens-goteborg-5777-768x512.jpg 768w, https:\/\/arkenhotel.com\/wp-content\/uploads\/sites\/5\/2025\/04\/kundcase-assemblin-arken-konferens-goteborg-5777-1536x1024.jpg 1536w, https:\/\/arkenhotel.com\/wp-content\/uploads\/sites\/5\/2025\/04\/kundcase-assemblin-arken-konferens-goteborg-5777-400x267.jpg 400w, https:\/\/arkenhotel.com\/wp-content\/uploads\/sites\/5\/2025\/04\/kundcase-assemblin-arken-konferens-goteborg-5777-700x467.jpg 700w, https:\/\/arkenhotel.com\/wp-content\/uploads\/sites\/5\/2025\/04\/kundcase-assemblin-arken-konferens-goteborg-5777-800x533.jpg 800w, https:\/\/arkenhotel.com\/wp-content\/uploads\/sites\/5\/2025\/04\/kundcase-assemblin-arken-konferens-goteborg-5777-1000x667.jpg 1000w, https:\/\/arkenhotel.com\/wp-content\/uploads\/sites\/5\/2025\/04\/kundcase-assemblin-arken-konferens-goteborg-5777-1100x733.jpg 1100w, https:\/\/arkenhotel.com\/wp-content\/uploads\/sites\/5\/2025\/04\/kundcase-assemblin-arken-konferens-goteborg-5777-1280x853.jpg 1280w, https:\/\/arkenhotel.com\/wp-content\/uploads\/sites\/5\/2025\/04\/kundcase-assemblin-arken-konferens-goteborg-5777.jpg 1620w\" sizes=\"auto, (max-width: 900px) 100vw, 900px\" \/><span aria-hidden=\"true\" class=\"wp-block-cover__background has-background-dim-0 has-background-dim\"><\/span><div class=\"wp-block-cover__inner-container is-layout-flow wp-block-cover-is-layout-flow\">\n<p class=\"has-text-align-center has-large-font-size\"><\/p>\n<\/div><\/div>\n<\/div>\n<\/div>\n<\/div><\/swiper-slide><swiper-slide><div class=\"wp-block-group has-global-padding is-layout-constrained wp-block-group-is-layout-constrained\">\n<div class=\"wp-block-columns are-vertically-aligned-center is-layout-flex wp-container-core-columns-is-layout-ba976b0c wp-block-columns-is-layout-flex\">\n<div class=\"wp-block-column is-vertically-aligned-center is-layout-flow wp-block-column-is-layout-flow\" style=\"flex-basis:40%\">\n<div class=\"wp-block-group has-global-padding is-layout-constrained wp-block-group-is-layout-constrained\">\n<h2 class=\"wp-block-heading\">BOSCH TAKE OVER &#8211; FAIR AND EVENT<\/h2>\n\n\n\n<p>The electronics company Bosch is a regular customer of ours at Arken. For a few days, they took over almost the entire hotel &#8211; both inside and out &#8211; during their annual sales convention, with representatives from all over the Nordic region. Maybe your company is thinking of doing something similar?  <\/p>\n\n\n\n<div class=\"wp-block-buttons is-layout-flex wp-block-buttons-is-layout-flex\">\n<div class=\"wp-block-button\" style=\"--hover-background-color:var(--wp--preset--color--color-4);--hover-text-color:var(--wp--preset--color--white);--hover-border-color:var(--wp--preset--color--color-4);--active-background-color:var(--wp--preset--color--color-3);--active-text-color:var(--wp--preset--color--white);--active-border-color:var(--wp--preset--color--color-3);--focus-background-color:var(--wp--preset--color--color-3);--focus-text-color:var(--wp--preset--color--white);--focus-border-color:var(--wp--preset--color--color-3);--disabled-background-color:var(--wp--preset--color--color-1);--disabled-text-color:var(--wp--preset--color--black);--disabled-border-color:var(--wp--preset--color--color-1)\"><a class=\"wp-block-button__link has-white-color has-text-color has-link-color wp-element-button\" href=\"https:\/\/arkenhotel.com\/artiklar\/bosch-take-over\/\">read more about the BOSCH approach<\/a><\/div>\n<\/div>\n\n\n\n<p><a href=\"https:\/\/www.arkenhotel.com\/artiklar\/brixly-referenskund\/\"><\/a><\/p>\n<\/div>\n<\/div>\n\n\n\n<div class=\"wp-block-column is-vertically-aligned-center is-layout-flow wp-container-core-column-is-layout-411270cb wp-block-column-is-layout-flow\" style=\"flex-basis:60%\">\n<div style=\"aspect-ratio:3\/2;min-height:unset;\" class=\"wp-block-cover aligncenter is-light has-aspect-ratio\"><img loading=\"lazy\" decoding=\"async\" width=\"900\" height=\"601\" class=\"wp-block-cover__image-background wp-image-28115 size-large\" alt=\"bosch utst&auml;llning med t&auml;lt i v&aring;r tr&auml;dg&aring;rd\" src=\"https:\/\/arkenhotel.com\/wp-content\/uploads\/sites\/5\/2025\/04\/take-over-konferens-arken-goteborg-9262-900x601.jpg\" data-object-fit=\"cover\" srcset=\"https:\/\/arkenhotel.com\/wp-content\/uploads\/sites\/5\/2025\/04\/take-over-konferens-arken-goteborg-9262-900x601.jpg 900w, https:\/\/arkenhotel.com\/wp-content\/uploads\/sites\/5\/2025\/04\/take-over-konferens-arken-goteborg-9262-600x401.jpg 600w, https:\/\/arkenhotel.com\/wp-content\/uploads\/sites\/5\/2025\/04\/take-over-konferens-arken-goteborg-9262-768x513.jpg 768w, https:\/\/arkenhotel.com\/wp-content\/uploads\/sites\/5\/2025\/04\/take-over-konferens-arken-goteborg-9262-1536x1026.jpg 1536w, https:\/\/arkenhotel.com\/wp-content\/uploads\/sites\/5\/2025\/04\/take-over-konferens-arken-goteborg-9262-2048x1367.jpg 2048w, https:\/\/arkenhotel.com\/wp-content\/uploads\/sites\/5\/2025\/04\/take-over-konferens-arken-goteborg-9262-400x267.jpg 400w, https:\/\/arkenhotel.com\/wp-content\/uploads\/sites\/5\/2025\/04\/take-over-konferens-arken-goteborg-9262-700x467.jpg 700w, https:\/\/arkenhotel.com\/wp-content\/uploads\/sites\/5\/2025\/04\/take-over-konferens-arken-goteborg-9262-800x534.jpg 800w, https:\/\/arkenhotel.com\/wp-content\/uploads\/sites\/5\/2025\/04\/take-over-konferens-arken-goteborg-9262-1000x668.jpg 1000w, https:\/\/arkenhotel.com\/wp-content\/uploads\/sites\/5\/2025\/04\/take-over-konferens-arken-goteborg-9262-1100x734.jpg 1100w, https:\/\/arkenhotel.com\/wp-content\/uploads\/sites\/5\/2025\/04\/take-over-konferens-arken-goteborg-9262-1280x855.jpg 1280w, https:\/\/arkenhotel.com\/wp-content\/uploads\/sites\/5\/2025\/04\/take-over-konferens-arken-goteborg-9262-1920x1282.jpg 1920w\" sizes=\"auto, (max-width: 900px) 100vw, 900px\" \/><span aria-hidden=\"true\" class=\"wp-block-cover__background has-background-dim-0 has-background-dim\"><\/span><div class=\"wp-block-cover__inner-container is-layout-flow wp-block-cover-is-layout-flow\">\n<p class=\"has-text-align-center has-large-font-size\"><\/p>\n<\/div><\/div>\n<\/div>\n<\/div>\n<\/div><\/swiper-slide><swiper-slide><div class=\"wp-block-group has-global-padding is-layout-constrained wp-block-group-is-layout-constrained\">\n<div class=\"wp-block-columns are-vertically-aligned-center is-layout-flex wp-container-core-columns-is-layout-ba976b0c wp-block-columns-is-layout-flex\">\n<div class=\"wp-block-column is-vertically-aligned-center is-layout-flow wp-block-column-is-layout-flow\" style=\"flex-basis:40%\">\n<div class=\"wp-block-group has-global-padding is-layout-constrained wp-block-group-is-layout-constrained\">\n<h2 class=\"wp-block-heading\">lecture &amp; yoga event<\/h2>\n\n\n\n<p>Do you want to host a special event that requires large spaces but also privacy?  <\/p>\n\n\n\n<p>Our congress hall Oceanen is covered in textiles, which gives the room a calm and cozy feeling, despite its size. With a stage and customized lighting, it is very suitable for larger lectures or, for example, a yoga event. <br><\/p>\n<\/div>\n<\/div>\n\n\n\n<div class=\"wp-block-column is-vertically-aligned-center is-layout-flow wp-container-core-column-is-layout-411270cb wp-block-column-is-layout-flow\" style=\"flex-basis:60%\">\n<div style=\"aspect-ratio:3\/2;min-height:unset;\" class=\"wp-block-cover aligncenter has-aspect-ratio\"><img loading=\"lazy\" decoding=\"async\" width=\"900\" height=\"601\" class=\"wp-block-cover__image-background wp-image-28027 size-large\" alt=\"yogaevent i oceanen\" src=\"https:\/\/arkenhotel.com\/wp-content\/uploads\/sites\/5\/2025\/04\/yoga-oceanen-konferens-arken-hotell-goteborg-2892-900x601.jpg\" data-object-fit=\"cover\" srcset=\"https:\/\/arkenhotel.com\/wp-content\/uploads\/sites\/5\/2025\/04\/yoga-oceanen-konferens-arken-hotell-goteborg-2892-900x601.jpg 900w, https:\/\/arkenhotel.com\/wp-content\/uploads\/sites\/5\/2025\/04\/yoga-oceanen-konferens-arken-hotell-goteborg-2892-600x400.jpg 600w, https:\/\/arkenhotel.com\/wp-content\/uploads\/sites\/5\/2025\/04\/yoga-oceanen-konferens-arken-hotell-goteborg-2892-768x513.jpg 768w, https:\/\/arkenhotel.com\/wp-content\/uploads\/sites\/5\/2025\/04\/yoga-oceanen-konferens-arken-hotell-goteborg-2892-1536x1025.jpg 1536w, https:\/\/arkenhotel.com\/wp-content\/uploads\/sites\/5\/2025\/04\/yoga-oceanen-konferens-arken-hotell-goteborg-2892-400x267.jpg 400w, https:\/\/arkenhotel.com\/wp-content\/uploads\/sites\/5\/2025\/04\/yoga-oceanen-konferens-arken-hotell-goteborg-2892-700x467.jpg 700w, https:\/\/arkenhotel.com\/wp-content\/uploads\/sites\/5\/2025\/04\/yoga-oceanen-konferens-arken-hotell-goteborg-2892-800x534.jpg 800w, https:\/\/arkenhotel.com\/wp-content\/uploads\/sites\/5\/2025\/04\/yoga-oceanen-konferens-arken-hotell-goteborg-2892-1000x667.jpg 1000w, https:\/\/arkenhotel.com\/wp-content\/uploads\/sites\/5\/2025\/04\/yoga-oceanen-konferens-arken-hotell-goteborg-2892-1100x734.jpg 1100w, https:\/\/arkenhotel.com\/wp-content\/uploads\/sites\/5\/2025\/04\/yoga-oceanen-konferens-arken-hotell-goteborg-2892-1280x854.jpg 1280w, https:\/\/arkenhotel.com\/wp-content\/uploads\/sites\/5\/2025\/04\/yoga-oceanen-konferens-arken-hotell-goteborg-2892.jpg 1618w\" sizes=\"auto, (max-width: 900px) 100vw, 900px\" \/><span aria-hidden=\"true\" class=\"wp-block-cover__background has-background-dim-0 has-background-dim\"><\/span><div class=\"wp-block-cover__inner-container is-layout-flow wp-block-cover-is-layout-flow\">\n<p class=\"has-text-align-center has-large-font-size\"><\/p>\n<\/div><\/div>\n<\/div>\n<\/div>\n<\/div><\/swiper-slide><\/swiper-container><\/body><\/html>\n<\/div>\n\n<div class=\"wp-block-group slider-section has-color-2-background-color has-background is-layout-flow wp-block-group-is-layout-flow\" style=\"padding-top:var(--wp--preset--spacing--5);padding-bottom:var(--wp--preset--spacing--3)\">\n<div class=\"wp-block-columns slider-columns is-layout-flex wp-container-core-columns-is-layout-fcbe3ea3 wp-block-columns-is-layout-flex\">\n<div class=\"wp-block-column slider-column is-layout-flow wp-block-column-is-layout-flow\">\n<div class=\"wp-block-columns are-vertically-aligned-top slider-heading-row is-layout-flex wp-container-core-columns-is-layout-2e4cbb90 wp-block-columns-is-layout-flex\" style=\"margin-bottom:var(--wp--preset--spacing--4)\">\n<div class=\"wp-block-column is-vertically-aligned-top is-layout-flow wp-block-column-is-layout-flow\" style=\"flex-basis:50%\">\n<h2 class=\"wp-block-heading\">more about Oceanen<\/h2>\n<\/div>\n\n\n\n<div class=\"wp-block-column is-vertically-aligned-top is-layout-flow wp-block-column-is-layout-flow\" style=\"flex-basis:50%\">\n<div class=\"wp-block-buttons is-layout-flex wp-block-buttons-is-layout-flex\"><\/div>\n<\/div>\n<\/div>\n\n\n<div data-block-id=\"a39f4ca1-926c-4994-8685-617ad4981199\" class=\"wp-block-content-grid block-editor-block-list__block wp-block wp-block-tiburon-content-grid columns-l-2 columns-m-2 columns-s-1 layout-simple slider-on-l slider-on-m slider-on-s column-gap-1 pagination-version-first\">\n   \n\n<div class=\"wp-block-group is-layout-flow wp-block-group-is-layout-flow\">\n<figure class=\"wp-block-image size-large is-resized\"><img loading=\"lazy\" decoding=\"async\" width=\"900\" height=\"600\" src=\"https:\/\/arkenhotel.com\/wp-content\/uploads\/sites\/5\/2025\/04\/oceanen-kongresshall-arken-hotel-0226-900x600.jpg\" alt=\"oceanen event hall\" class=\"wp-image-25755\" style=\"aspect-ratio:3\/2;object-fit:cover;width:auto;height:500px\" srcset=\"https:\/\/arkenhotel.com\/wp-content\/uploads\/sites\/5\/2025\/04\/oceanen-kongresshall-arken-hotel-0226-900x600.jpg 900w, https:\/\/arkenhotel.com\/wp-content\/uploads\/sites\/5\/2025\/04\/oceanen-kongresshall-arken-hotel-0226-400x267.jpg 400w, https:\/\/arkenhotel.com\/wp-content\/uploads\/sites\/5\/2025\/04\/oceanen-kongresshall-arken-hotel-0226-600x400.jpg 600w, https:\/\/arkenhotel.com\/wp-content\/uploads\/sites\/5\/2025\/04\/oceanen-kongresshall-arken-hotel-0226-700x467.jpg 700w, https:\/\/arkenhotel.com\/wp-content\/uploads\/sites\/5\/2025\/04\/oceanen-kongresshall-arken-hotel-0226-800x533.jpg 800w, https:\/\/arkenhotel.com\/wp-content\/uploads\/sites\/5\/2025\/04\/oceanen-kongresshall-arken-hotel-0226-1000x667.jpg 1000w, https:\/\/arkenhotel.com\/wp-content\/uploads\/sites\/5\/2025\/04\/oceanen-kongresshall-arken-hotel-0226-1100x733.jpg 1100w, https:\/\/arkenhotel.com\/wp-content\/uploads\/sites\/5\/2025\/04\/oceanen-kongresshall-arken-hotel-0226-1280x853.jpg 1280w, https:\/\/arkenhotel.com\/wp-content\/uploads\/sites\/5\/2025\/04\/oceanen-kongresshall-arken-hotel-0226-768x512.jpg 768w, https:\/\/arkenhotel.com\/wp-content\/uploads\/sites\/5\/2025\/04\/oceanen-kongresshall-arken-hotel-0226-1536x1024.jpg 1536w, https:\/\/arkenhotel.com\/wp-content\/uploads\/sites\/5\/2025\/04\/oceanen-kongresshall-arken-hotel-0226.jpg 1620w\" sizes=\"auto, (max-width: 900px) 100vw, 900px\" \/><figcaption class=\"wp-element-caption\">The floor area is over 1000 sqm and there is the possibility to drive in vehicles.  <\/figcaption><\/figure>\n<\/div>\n\n\n\n<div class=\"wp-block-group is-layout-flow wp-block-group-is-layout-flow\">\n<figure data-wp-context=\"{&quot;imageId&quot;:&quot;69f17ecd8b4f2&quot;}\" data-wp-interactive=\"core\/image\" data-wp-key=\"69f17ecd8b4f2\" class=\"wp-block-image size-large is-resized wp-lightbox-container\"><img loading=\"lazy\" decoding=\"async\" width=\"900\" height=\"600\" data-wp-class--hide=\"state.isContentHidden\" data-wp-class--show=\"state.isContentVisible\" data-wp-init=\"callbacks.setButtonStyles\" data-wp-on--click=\"actions.showLightbox\" data-wp-on--load=\"callbacks.setButtonStyles\" data-wp-on-window--resize=\"callbacks.setButtonStyles\" src=\"https:\/\/arkenhotel.com\/wp-content\/uploads\/sites\/5\/2025\/04\/massa-oceanen-nores-konferens-arken-hotell-0747-900x600.jpg\" alt=\"exhibition stands in oceanen\" class=\"wp-image-28032\" style=\"aspect-ratio:3\/2;object-fit:cover;width:auto;height:500px\" srcset=\"https:\/\/arkenhotel.com\/wp-content\/uploads\/sites\/5\/2025\/04\/massa-oceanen-nores-konferens-arken-hotell-0747-900x600.jpg 900w, https:\/\/arkenhotel.com\/wp-content\/uploads\/sites\/5\/2025\/04\/massa-oceanen-nores-konferens-arken-hotell-0747-600x400.jpg 600w, https:\/\/arkenhotel.com\/wp-content\/uploads\/sites\/5\/2025\/04\/massa-oceanen-nores-konferens-arken-hotell-0747-768x512.jpg 768w, https:\/\/arkenhotel.com\/wp-content\/uploads\/sites\/5\/2025\/04\/massa-oceanen-nores-konferens-arken-hotell-0747-1536x1024.jpg 1536w, https:\/\/arkenhotel.com\/wp-content\/uploads\/sites\/5\/2025\/04\/massa-oceanen-nores-konferens-arken-hotell-0747-2048x1365.jpg 2048w, https:\/\/arkenhotel.com\/wp-content\/uploads\/sites\/5\/2025\/04\/massa-oceanen-nores-konferens-arken-hotell-0747-400x267.jpg 400w, https:\/\/arkenhotel.com\/wp-content\/uploads\/sites\/5\/2025\/04\/massa-oceanen-nores-konferens-arken-hotell-0747-700x467.jpg 700w, https:\/\/arkenhotel.com\/wp-content\/uploads\/sites\/5\/2025\/04\/massa-oceanen-nores-konferens-arken-hotell-0747-800x533.jpg 800w, https:\/\/arkenhotel.com\/wp-content\/uploads\/sites\/5\/2025\/04\/massa-oceanen-nores-konferens-arken-hotell-0747-1000x667.jpg 1000w, https:\/\/arkenhotel.com\/wp-content\/uploads\/sites\/5\/2025\/04\/massa-oceanen-nores-konferens-arken-hotell-0747-1100x733.jpg 1100w, https:\/\/arkenhotel.com\/wp-content\/uploads\/sites\/5\/2025\/04\/massa-oceanen-nores-konferens-arken-hotell-0747-1280x853.jpg 1280w, https:\/\/arkenhotel.com\/wp-content\/uploads\/sites\/5\/2025\/04\/massa-oceanen-nores-konferens-arken-hotell-0747-1920x1280.jpg 1920w\" sizes=\"auto, (max-width: 900px) 100vw, 900px\" \/><button\n\t\t\tclass=\"lightbox-trigger\"\n\t\t\ttype=\"button\"\n\t\t\taria-haspopup=\"dialog\"\n\t\t\taria-label=\"Enlarge\"\n\t\t\tdata-wp-init=\"callbacks.initTriggerButton\"\n\t\t\tdata-wp-on--click=\"actions.showLightbox\"\n\t\t\tdata-wp-style--right=\"state.imageButtonRight\"\n\t\t\tdata-wp-style--top=\"state.imageButtonTop\"\n\t\t>\n\t\t\t<svg xmlns=\"http:\/\/www.w3.org\/2000\/svg\" width=\"12\" height=\"12\" fill=\"none\" viewBox=\"0 0 12 12\">\n\t\t\t\t<path fill=\"#fff\" d=\"M2 0a2 2 0 0 0-2 2v2h1.5V2a.5.5 0 0 1 .5-.5h2V0H2Zm2 10.5H2a.5.5 0 0 1-.5-.5V8H0v2a2 2 0 0 0 2 2h2v-1.5ZM8 12v-1.5h2a.5.5 0 0 0 .5-.5V8H12v2a2 2 0 0 1-2 2H8Zm2-12a2 2 0 0 1 2 2v2h-1.5V2a.5.5 0 0 0-.5-.5H8V0h2Z\" \/>\n\t\t\t<\/svg>\n\t\t<\/button><figcaption class=\"wp-element-caption\">Oceanen is ideal for exhibitions and fairs as it is easy to load and unload. <\/figcaption><\/figure>\n<\/div>\n\n\n\n<div class=\"wp-block-group is-layout-flow wp-block-group-is-layout-flow\">\n<figure class=\"wp-block-image size-large is-resized\"><img loading=\"lazy\" decoding=\"async\" width=\"900\" height=\"601\" src=\"https:\/\/arkenhotel.com\/wp-content\/uploads\/sites\/5\/2025\/04\/massa-julmarknad-konferens-arken-hotell-2982-900x601.jpg\" alt=\"Christmas market in Oceanen\" class=\"wp-image-28033\" style=\"aspect-ratio:3\/2;object-fit:cover;width:auto;height:500px\" srcset=\"https:\/\/arkenhotel.com\/wp-content\/uploads\/sites\/5\/2025\/04\/massa-julmarknad-konferens-arken-hotell-2982-900x601.jpg 900w, https:\/\/arkenhotel.com\/wp-content\/uploads\/sites\/5\/2025\/04\/massa-julmarknad-konferens-arken-hotell-2982-600x400.jpg 600w, https:\/\/arkenhotel.com\/wp-content\/uploads\/sites\/5\/2025\/04\/massa-julmarknad-konferens-arken-hotell-2982-768x513.jpg 768w, https:\/\/arkenhotel.com\/wp-content\/uploads\/sites\/5\/2025\/04\/massa-julmarknad-konferens-arken-hotell-2982-1536x1025.jpg 1536w, https:\/\/arkenhotel.com\/wp-content\/uploads\/sites\/5\/2025\/04\/massa-julmarknad-konferens-arken-hotell-2982-400x267.jpg 400w, https:\/\/arkenhotel.com\/wp-content\/uploads\/sites\/5\/2025\/04\/massa-julmarknad-konferens-arken-hotell-2982-700x467.jpg 700w, https:\/\/arkenhotel.com\/wp-content\/uploads\/sites\/5\/2025\/04\/massa-julmarknad-konferens-arken-hotell-2982-800x534.jpg 800w, https:\/\/arkenhotel.com\/wp-content\/uploads\/sites\/5\/2025\/04\/massa-julmarknad-konferens-arken-hotell-2982-1000x667.jpg 1000w, https:\/\/arkenhotel.com\/wp-content\/uploads\/sites\/5\/2025\/04\/massa-julmarknad-konferens-arken-hotell-2982-1100x734.jpg 1100w, https:\/\/arkenhotel.com\/wp-content\/uploads\/sites\/5\/2025\/04\/massa-julmarknad-konferens-arken-hotell-2982-1280x854.jpg 1280w, https:\/\/arkenhotel.com\/wp-content\/uploads\/sites\/5\/2025\/04\/massa-julmarknad-konferens-arken-hotell-2982.jpg 1618w\" sizes=\"auto, (max-width: 900px) 100vw, 900px\" \/><figcaption class=\"wp-element-caption\">Here, the entire Oceanen has been transformed into a Christmas market.<\/figcaption><\/figure>\n<\/div>\n\n\n\n<div class=\"wp-block-group is-layout-flow wp-block-group-is-layout-flow\">\n<figure data-wp-context=\"{&quot;imageId&quot;:&quot;69f17ecd8bd76&quot;}\" data-wp-interactive=\"core\/image\" data-wp-key=\"69f17ecd8bd76\" class=\"wp-block-image size-large is-resized wp-lightbox-container\"><img loading=\"lazy\" decoding=\"async\" width=\"900\" height=\"601\" data-wp-class--hide=\"state.isContentHidden\" data-wp-class--show=\"state.isContentVisible\" data-wp-init=\"callbacks.setButtonStyles\" data-wp-on--click=\"actions.showLightbox\" data-wp-on--load=\"callbacks.setButtonStyles\" data-wp-on-window--resize=\"callbacks.setButtonStyles\" src=\"https:\/\/arkenhotel.com\/wp-content\/uploads\/sites\/5\/2025\/04\/oceanen-event-arken-hotel-gbg-2824-900x601.jpg\" alt=\"chairs and tables set up for a party in Oceanen\" class=\"wp-image-28034\" style=\"aspect-ratio:3\/2;object-fit:cover;width:auto;height:500px\" srcset=\"https:\/\/arkenhotel.com\/wp-content\/uploads\/sites\/5\/2025\/04\/oceanen-event-arken-hotel-gbg-2824-900x601.jpg 900w, https:\/\/arkenhotel.com\/wp-content\/uploads\/sites\/5\/2025\/04\/oceanen-event-arken-hotel-gbg-2824-600x400.jpg 600w, https:\/\/arkenhotel.com\/wp-content\/uploads\/sites\/5\/2025\/04\/oceanen-event-arken-hotel-gbg-2824-768x513.jpg 768w, https:\/\/arkenhotel.com\/wp-content\/uploads\/sites\/5\/2025\/04\/oceanen-event-arken-hotel-gbg-2824-1536x1025.jpg 1536w, https:\/\/arkenhotel.com\/wp-content\/uploads\/sites\/5\/2025\/04\/oceanen-event-arken-hotel-gbg-2824-400x267.jpg 400w, https:\/\/arkenhotel.com\/wp-content\/uploads\/sites\/5\/2025\/04\/oceanen-event-arken-hotel-gbg-2824-700x467.jpg 700w, https:\/\/arkenhotel.com\/wp-content\/uploads\/sites\/5\/2025\/04\/oceanen-event-arken-hotel-gbg-2824-800x534.jpg 800w, https:\/\/arkenhotel.com\/wp-content\/uploads\/sites\/5\/2025\/04\/oceanen-event-arken-hotel-gbg-2824-1000x667.jpg 1000w, https:\/\/arkenhotel.com\/wp-content\/uploads\/sites\/5\/2025\/04\/oceanen-event-arken-hotel-gbg-2824-1100x734.jpg 1100w, https:\/\/arkenhotel.com\/wp-content\/uploads\/sites\/5\/2025\/04\/oceanen-event-arken-hotel-gbg-2824-1280x854.jpg 1280w, https:\/\/arkenhotel.com\/wp-content\/uploads\/sites\/5\/2025\/04\/oceanen-event-arken-hotel-gbg-2824.jpg 1618w\" sizes=\"auto, (max-width: 900px) 100vw, 900px\" \/><button\n\t\t\tclass=\"lightbox-trigger\"\n\t\t\ttype=\"button\"\n\t\t\taria-haspopup=\"dialog\"\n\t\t\taria-label=\"Enlarge\"\n\t\t\tdata-wp-init=\"callbacks.initTriggerButton\"\n\t\t\tdata-wp-on--click=\"actions.showLightbox\"\n\t\t\tdata-wp-style--right=\"state.imageButtonRight\"\n\t\t\tdata-wp-style--top=\"state.imageButtonTop\"\n\t\t>\n\t\t\t<svg xmlns=\"http:\/\/www.w3.org\/2000\/svg\" width=\"12\" height=\"12\" fill=\"none\" viewBox=\"0 0 12 12\">\n\t\t\t\t<path fill=\"#fff\" d=\"M2 0a2 2 0 0 0-2 2v2h1.5V2a.5.5 0 0 1 .5-.5h2V0H2Zm2 10.5H2a.5.5 0 0 1-.5-.5V8H0v2a2 2 0 0 0 2 2h2v-1.5ZM8 12v-1.5h2a.5.5 0 0 0 .5-.5V8H12v2a2 2 0 0 1-2 2H8Zm2-12a2 2 0 0 1 2 2v2h-1.5V2a.5.5 0 0 0-.5-.5H8V0h2Z\" \/>\n\t\t\t<\/svg>\n\t\t<\/button><figcaption class=\"wp-element-caption\">Set the table for dinner and a party.<\/figcaption><\/figure>\n<\/div>\n\n\n\n<div class=\"wp-block-group is-layout-flow wp-block-group-is-layout-flow\">\n<figure data-wp-context=\"{&quot;imageId&quot;:&quot;69f17ecd8c306&quot;}\" data-wp-interactive=\"core\/image\" data-wp-key=\"69f17ecd8c306\" class=\"wp-block-image size-large is-resized wp-lightbox-container\"><img loading=\"lazy\" decoding=\"async\" width=\"900\" height=\"600\" data-wp-class--hide=\"state.isContentHidden\" data-wp-class--show=\"state.isContentVisible\" data-wp-init=\"callbacks.setButtonStyles\" data-wp-on--click=\"actions.showLightbox\" data-wp-on--load=\"callbacks.setButtonStyles\" data-wp-on-window--resize=\"callbacks.setButtonStyles\" src=\"https:\/\/arkenhotel.com\/wp-content\/uploads\/sites\/5\/2025\/10\/kundcase-assemblin-arken-konferens-goteborg-5777-900x600.jpg\" alt=\"Assemblin chooses Arken Hotel\" class=\"wp-image-27984\" style=\"aspect-ratio:3\/2;object-fit:cover;width:auto;height:500px\" srcset=\"https:\/\/arkenhotel.com\/wp-content\/uploads\/sites\/5\/2025\/10\/kundcase-assemblin-arken-konferens-goteborg-5777-900x600.jpg 900w, https:\/\/arkenhotel.com\/wp-content\/uploads\/sites\/5\/2025\/10\/kundcase-assemblin-arken-konferens-goteborg-5777-600x400.jpg 600w, https:\/\/arkenhotel.com\/wp-content\/uploads\/sites\/5\/2025\/10\/kundcase-assemblin-arken-konferens-goteborg-5777-768x512.jpg 768w, https:\/\/arkenhotel.com\/wp-content\/uploads\/sites\/5\/2025\/10\/kundcase-assemblin-arken-konferens-goteborg-5777-1536x1024.jpg 1536w, https:\/\/arkenhotel.com\/wp-content\/uploads\/sites\/5\/2025\/10\/kundcase-assemblin-arken-konferens-goteborg-5777-400x267.jpg 400w, https:\/\/arkenhotel.com\/wp-content\/uploads\/sites\/5\/2025\/10\/kundcase-assemblin-arken-konferens-goteborg-5777-700x467.jpg 700w, https:\/\/arkenhotel.com\/wp-content\/uploads\/sites\/5\/2025\/10\/kundcase-assemblin-arken-konferens-goteborg-5777-800x533.jpg 800w, https:\/\/arkenhotel.com\/wp-content\/uploads\/sites\/5\/2025\/10\/kundcase-assemblin-arken-konferens-goteborg-5777-1000x667.jpg 1000w, https:\/\/arkenhotel.com\/wp-content\/uploads\/sites\/5\/2025\/10\/kundcase-assemblin-arken-konferens-goteborg-5777-1100x733.jpg 1100w, https:\/\/arkenhotel.com\/wp-content\/uploads\/sites\/5\/2025\/10\/kundcase-assemblin-arken-konferens-goteborg-5777-1280x853.jpg 1280w, https:\/\/arkenhotel.com\/wp-content\/uploads\/sites\/5\/2025\/10\/kundcase-assemblin-arken-konferens-goteborg-5777.jpg 1620w\" sizes=\"auto, (max-width: 900px) 100vw, 900px\" \/><button\n\t\t\tclass=\"lightbox-trigger\"\n\t\t\ttype=\"button\"\n\t\t\taria-haspopup=\"dialog\"\n\t\t\taria-label=\"Enlarge\"\n\t\t\tdata-wp-init=\"callbacks.initTriggerButton\"\n\t\t\tdata-wp-on--click=\"actions.showLightbox\"\n\t\t\tdata-wp-style--right=\"state.imageButtonRight\"\n\t\t\tdata-wp-style--top=\"state.imageButtonTop\"\n\t\t>\n\t\t\t<svg xmlns=\"http:\/\/www.w3.org\/2000\/svg\" width=\"12\" height=\"12\" fill=\"none\" viewBox=\"0 0 12 12\">\n\t\t\t\t<path fill=\"#fff\" d=\"M2 0a2 2 0 0 0-2 2v2h1.5V2a.5.5 0 0 1 .5-.5h2V0H2Zm2 10.5H2a.5.5 0 0 1-.5-.5V8H0v2a2 2 0 0 0 2 2h2v-1.5ZM8 12v-1.5h2a.5.5 0 0 0 .5-.5V8H12v2a2 2 0 0 1-2 2H8Zm2-12a2 2 0 0 1 2 2v2h-1.5V2a.5.5 0 0 0-.5-.5H8V0h2Z\" \/>\n\t\t\t<\/svg>\n\t\t<\/button><figcaption class=\"wp-element-caption\">The venue is ideal for large conferences.<\/figcaption><\/figure>\n<\/div>\n\n\n\n<div class=\"wp-block-group is-layout-flow wp-block-group-is-layout-flow\">\n<figure data-wp-context=\"{&quot;imageId&quot;:&quot;69f17ecd8c925&quot;}\" data-wp-interactive=\"core\/image\" data-wp-key=\"69f17ecd8c925\" class=\"wp-block-image size-large is-resized wp-lightbox-container\"><img loading=\"lazy\" decoding=\"async\" width=\"900\" height=\"601\" data-wp-class--hide=\"state.isContentHidden\" data-wp-class--show=\"state.isContentVisible\" data-wp-init=\"callbacks.setButtonStyles\" data-wp-on--click=\"actions.showLightbox\" data-wp-on--load=\"callbacks.setButtonStyles\" data-wp-on-window--resize=\"callbacks.setButtonStyles\" src=\"https:\/\/arkenhotel.com\/wp-content\/uploads\/sites\/5\/2025\/10\/kundcase-assemblin-arken-konferens-goteborg-5587-900x601.jpg\" alt=\"Oceanen divided into different sections\" class=\"wp-image-28306\" style=\"aspect-ratio:3\/2;object-fit:cover;width:auto;height:500px\" srcset=\"https:\/\/arkenhotel.com\/wp-content\/uploads\/sites\/5\/2025\/10\/kundcase-assemblin-arken-konferens-goteborg-5587-900x601.jpg 900w, https:\/\/arkenhotel.com\/wp-content\/uploads\/sites\/5\/2025\/10\/kundcase-assemblin-arken-konferens-goteborg-5587-600x400.jpg 600w, https:\/\/arkenhotel.com\/wp-content\/uploads\/sites\/5\/2025\/10\/kundcase-assemblin-arken-konferens-goteborg-5587-768x513.jpg 768w, https:\/\/arkenhotel.com\/wp-content\/uploads\/sites\/5\/2025\/10\/kundcase-assemblin-arken-konferens-goteborg-5587-1536x1025.jpg 1536w, https:\/\/arkenhotel.com\/wp-content\/uploads\/sites\/5\/2025\/10\/kundcase-assemblin-arken-konferens-goteborg-5587-400x267.jpg 400w, https:\/\/arkenhotel.com\/wp-content\/uploads\/sites\/5\/2025\/10\/kundcase-assemblin-arken-konferens-goteborg-5587-700x467.jpg 700w, https:\/\/arkenhotel.com\/wp-content\/uploads\/sites\/5\/2025\/10\/kundcase-assemblin-arken-konferens-goteborg-5587-800x534.jpg 800w, https:\/\/arkenhotel.com\/wp-content\/uploads\/sites\/5\/2025\/10\/kundcase-assemblin-arken-konferens-goteborg-5587-1000x667.jpg 1000w, https:\/\/arkenhotel.com\/wp-content\/uploads\/sites\/5\/2025\/10\/kundcase-assemblin-arken-konferens-goteborg-5587-1100x734.jpg 1100w, https:\/\/arkenhotel.com\/wp-content\/uploads\/sites\/5\/2025\/10\/kundcase-assemblin-arken-konferens-goteborg-5587-1280x854.jpg 1280w, https:\/\/arkenhotel.com\/wp-content\/uploads\/sites\/5\/2025\/10\/kundcase-assemblin-arken-konferens-goteborg-5587.jpg 1618w\" sizes=\"auto, (max-width: 900px) 100vw, 900px\" \/><button\n\t\t\tclass=\"lightbox-trigger\"\n\t\t\ttype=\"button\"\n\t\t\taria-haspopup=\"dialog\"\n\t\t\taria-label=\"Enlarge\"\n\t\t\tdata-wp-init=\"callbacks.initTriggerButton\"\n\t\t\tdata-wp-on--click=\"actions.showLightbox\"\n\t\t\tdata-wp-style--right=\"state.imageButtonRight\"\n\t\t\tdata-wp-style--top=\"state.imageButtonTop\"\n\t\t>\n\t\t\t<svg xmlns=\"http:\/\/www.w3.org\/2000\/svg\" width=\"12\" height=\"12\" fill=\"none\" viewBox=\"0 0 12 12\">\n\t\t\t\t<path fill=\"#fff\" d=\"M2 0a2 2 0 0 0-2 2v2h1.5V2a.5.5 0 0 1 .5-.5h2V0H2Zm2 10.5H2a.5.5 0 0 1-.5-.5V8H0v2a2 2 0 0 0 2 2h2v-1.5ZM8 12v-1.5h2a.5.5 0 0 0 .5-.5V8H12v2a2 2 0 0 1-2 2H8Zm2-12a2 2 0 0 1 2 2v2h-1.5V2a.5.5 0 0 0-.5-.5H8V0h2Z\" \/>\n\t\t\t<\/svg>\n\t\t<\/button><figcaption class=\"wp-element-caption\">Flexible as it can be divided into several smaller parts.  <\/figcaption><\/figure>\n<\/div>\n\n\n\n<div class=\"wp-block-group is-layout-flow wp-block-group-is-layout-flow\">\n<figure data-wp-context=\"{&quot;imageId&quot;:&quot;69f17ecd8cf41&quot;}\" data-wp-interactive=\"core\/image\" data-wp-key=\"69f17ecd8cf41\" class=\"wp-block-image size-large is-resized wp-lightbox-container\"><img loading=\"lazy\" decoding=\"async\" width=\"900\" height=\"599\" data-wp-class--hide=\"state.isContentHidden\" data-wp-class--show=\"state.isContentVisible\" data-wp-init=\"callbacks.setButtonStyles\" data-wp-on--click=\"actions.showLightbox\" data-wp-on--load=\"callbacks.setButtonStyles\" data-wp-on-window--resize=\"callbacks.setButtonStyles\" src=\"https:\/\/arkenhotel.com\/wp-content\/uploads\/sites\/5\/2025\/04\/20-oceanen-konferens-lokal-arken-hotell-goteborg-8267-900x599.jpg\" alt=\"chairs in oceanen\" class=\"wp-image-25757\" style=\"aspect-ratio:3\/2;object-fit:cover;width:auto;height:500px\" srcset=\"https:\/\/arkenhotel.com\/wp-content\/uploads\/sites\/5\/2025\/04\/20-oceanen-konferens-lokal-arken-hotell-goteborg-8267-900x599.jpg 900w, https:\/\/arkenhotel.com\/wp-content\/uploads\/sites\/5\/2025\/04\/20-oceanen-konferens-lokal-arken-hotell-goteborg-8267-400x266.jpg 400w, https:\/\/arkenhotel.com\/wp-content\/uploads\/sites\/5\/2025\/04\/20-oceanen-konferens-lokal-arken-hotell-goteborg-8267-600x399.jpg 600w, https:\/\/arkenhotel.com\/wp-content\/uploads\/sites\/5\/2025\/04\/20-oceanen-konferens-lokal-arken-hotell-goteborg-8267-700x466.jpg 700w, https:\/\/arkenhotel.com\/wp-content\/uploads\/sites\/5\/2025\/04\/20-oceanen-konferens-lokal-arken-hotell-goteborg-8267-800x532.jpg 800w, https:\/\/arkenhotel.com\/wp-content\/uploads\/sites\/5\/2025\/04\/20-oceanen-konferens-lokal-arken-hotell-goteborg-8267-1000x665.jpg 1000w, https:\/\/arkenhotel.com\/wp-content\/uploads\/sites\/5\/2025\/04\/20-oceanen-konferens-lokal-arken-hotell-goteborg-8267-1100x732.jpg 1100w, https:\/\/arkenhotel.com\/wp-content\/uploads\/sites\/5\/2025\/04\/20-oceanen-konferens-lokal-arken-hotell-goteborg-8267-1280x852.jpg 1280w, https:\/\/arkenhotel.com\/wp-content\/uploads\/sites\/5\/2025\/04\/20-oceanen-konferens-lokal-arken-hotell-goteborg-8267-768x511.jpg 768w, https:\/\/arkenhotel.com\/wp-content\/uploads\/sites\/5\/2025\/04\/20-oceanen-konferens-lokal-arken-hotell-goteborg-8267-1536x1022.jpg 1536w, https:\/\/arkenhotel.com\/wp-content\/uploads\/sites\/5\/2025\/04\/20-oceanen-konferens-lokal-arken-hotell-goteborg-8267.jpg 1623w\" sizes=\"auto, (max-width: 900px) 100vw, 900px\" \/><button\n\t\t\tclass=\"lightbox-trigger\"\n\t\t\ttype=\"button\"\n\t\t\taria-haspopup=\"dialog\"\n\t\t\taria-label=\"Enlarge\"\n\t\t\tdata-wp-init=\"callbacks.initTriggerButton\"\n\t\t\tdata-wp-on--click=\"actions.showLightbox\"\n\t\t\tdata-wp-style--right=\"state.imageButtonRight\"\n\t\t\tdata-wp-style--top=\"state.imageButtonTop\"\n\t\t>\n\t\t\t<svg xmlns=\"http:\/\/www.w3.org\/2000\/svg\" width=\"12\" height=\"12\" fill=\"none\" viewBox=\"0 0 12 12\">\n\t\t\t\t<path fill=\"#fff\" d=\"M2 0a2 2 0 0 0-2 2v2h1.5V2a.5.5 0 0 1 .5-.5h2V0H2Zm2 10.5H2a.5.5 0 0 1-.5-.5V8H0v2a2 2 0 0 0 2 2h2v-1.5ZM8 12v-1.5h2a.5.5 0 0 0 .5-.5V8H12v2a2 2 0 0 1-2 2H8Zm2-12a2 2 0 0 1 2 2v2h-1.5V2a.5.5 0 0 0-.5-.5H8V0h2Z\" \/>\n\t\t\t<\/svg>\n\t\t<\/button><figcaption class=\"wp-element-caption\">Capacity for 500 people in theater seating.  <\/figcaption><\/figure>\n<\/div>\n\n\n\n<div class=\"wp-block-group is-layout-flow wp-block-group-is-layout-flow\">\n<figure data-wp-context=\"{&quot;imageId&quot;:&quot;69f17ecd8d58d&quot;}\" data-wp-interactive=\"core\/image\" data-wp-key=\"69f17ecd8d58d\" class=\"wp-block-image size-large is-resized wp-lightbox-container\"><img loading=\"lazy\" decoding=\"async\" width=\"900\" height=\"599\" data-wp-class--hide=\"state.isContentHidden\" data-wp-class--show=\"state.isContentVisible\" data-wp-init=\"callbacks.setButtonStyles\" data-wp-on--click=\"actions.showLightbox\" data-wp-on--load=\"callbacks.setButtonStyles\" data-wp-on-window--resize=\"callbacks.setButtonStyles\" src=\"https:\/\/arkenhotel.com\/wp-content\/uploads\/sites\/5\/2025\/04\/20_oceanen-konferens-lokal-arken-1-900x599.jpg\" alt=\"buttons for technology in the ocean\" class=\"wp-image-25853\" style=\"aspect-ratio:3\/2;object-fit:cover;width:auto;height:500px\" srcset=\"https:\/\/arkenhotel.com\/wp-content\/uploads\/sites\/5\/2025\/04\/20_oceanen-konferens-lokal-arken-1-900x599.jpg 900w, https:\/\/arkenhotel.com\/wp-content\/uploads\/sites\/5\/2025\/04\/20_oceanen-konferens-lokal-arken-1-400x266.jpg 400w, https:\/\/arkenhotel.com\/wp-content\/uploads\/sites\/5\/2025\/04\/20_oceanen-konferens-lokal-arken-1-600x399.jpg 600w, https:\/\/arkenhotel.com\/wp-content\/uploads\/sites\/5\/2025\/04\/20_oceanen-konferens-lokal-arken-1-700x466.jpg 700w, https:\/\/arkenhotel.com\/wp-content\/uploads\/sites\/5\/2025\/04\/20_oceanen-konferens-lokal-arken-1-800x532.jpg 800w, https:\/\/arkenhotel.com\/wp-content\/uploads\/sites\/5\/2025\/04\/20_oceanen-konferens-lokal-arken-1-1000x665.jpg 1000w, https:\/\/arkenhotel.com\/wp-content\/uploads\/sites\/5\/2025\/04\/20_oceanen-konferens-lokal-arken-1-1100x732.jpg 1100w, https:\/\/arkenhotel.com\/wp-content\/uploads\/sites\/5\/2025\/04\/20_oceanen-konferens-lokal-arken-1-768x511.jpg 768w, https:\/\/arkenhotel.com\/wp-content\/uploads\/sites\/5\/2025\/04\/20_oceanen-konferens-lokal-arken-1.jpg 1200w\" sizes=\"auto, (max-width: 900px) 100vw, 900px\" \/><button\n\t\t\tclass=\"lightbox-trigger\"\n\t\t\ttype=\"button\"\n\t\t\taria-haspopup=\"dialog\"\n\t\t\taria-label=\"Enlarge\"\n\t\t\tdata-wp-init=\"callbacks.initTriggerButton\"\n\t\t\tdata-wp-on--click=\"actions.showLightbox\"\n\t\t\tdata-wp-style--right=\"state.imageButtonRight\"\n\t\t\tdata-wp-style--top=\"state.imageButtonTop\"\n\t\t>\n\t\t\t<svg xmlns=\"http:\/\/www.w3.org\/2000\/svg\" width=\"12\" height=\"12\" fill=\"none\" viewBox=\"0 0 12 12\">\n\t\t\t\t<path fill=\"#fff\" d=\"M2 0a2 2 0 0 0-2 2v2h1.5V2a.5.5 0 0 1 .5-.5h2V0H2Zm2 10.5H2a.5.5 0 0 1-.5-.5V8H0v2a2 2 0 0 0 2 2h2v-1.5ZM8 12v-1.5h2a.5.5 0 0 0 .5-.5V8H12v2a2 2 0 0 1-2 2H8Zm2-12a2 2 0 0 1 2 2v2h-1.5V2a.5.5 0 0 0-.5-.5H8V0h2Z\" \/>\n\t\t\t<\/svg>\n\t\t<\/button><figcaption class=\"wp-element-caption\">Good technique with adjustment and coloring of light.<\/figcaption><\/figure>\n<\/div>\n\n\n\n<div class=\"wp-block-group is-layout-flow wp-block-group-is-layout-flow\">\n<figure data-wp-context=\"{&quot;imageId&quot;:&quot;69f17ecd8dbcb&quot;}\" data-wp-interactive=\"core\/image\" data-wp-key=\"69f17ecd8dbcb\" class=\"wp-block-image size-large is-resized wp-lightbox-container\"><img loading=\"lazy\" decoding=\"async\" width=\"900\" height=\"601\" data-wp-class--hide=\"state.isContentHidden\" data-wp-class--show=\"state.isContentVisible\" data-wp-init=\"callbacks.setButtonStyles\" data-wp-on--click=\"actions.showLightbox\" data-wp-on--load=\"callbacks.setButtonStyles\" data-wp-on-window--resize=\"callbacks.setButtonStyles\" src=\"https:\/\/arkenhotel.com\/wp-content\/uploads\/sites\/5\/2025\/10\/oceanen-ljus-konferens-arken-5297-900x601.jpg\" alt=\"Oceanen colored with blue, green and purple light\" class=\"wp-image-28309\" style=\"aspect-ratio:3\/2;object-fit:cover;width:auto;height:500px\" srcset=\"https:\/\/arkenhotel.com\/wp-content\/uploads\/sites\/5\/2025\/10\/oceanen-ljus-konferens-arken-5297-900x601.jpg 900w, https:\/\/arkenhotel.com\/wp-content\/uploads\/sites\/5\/2025\/10\/oceanen-ljus-konferens-arken-5297-600x401.jpg 600w, https:\/\/arkenhotel.com\/wp-content\/uploads\/sites\/5\/2025\/10\/oceanen-ljus-konferens-arken-5297-768x513.jpg 768w, https:\/\/arkenhotel.com\/wp-content\/uploads\/sites\/5\/2025\/10\/oceanen-ljus-konferens-arken-5297-400x267.jpg 400w, https:\/\/arkenhotel.com\/wp-content\/uploads\/sites\/5\/2025\/10\/oceanen-ljus-konferens-arken-5297-700x467.jpg 700w, https:\/\/arkenhotel.com\/wp-content\/uploads\/sites\/5\/2025\/10\/oceanen-ljus-konferens-arken-5297-800x534.jpg 800w, https:\/\/arkenhotel.com\/wp-content\/uploads\/sites\/5\/2025\/10\/oceanen-ljus-konferens-arken-5297-1000x668.jpg 1000w, https:\/\/arkenhotel.com\/wp-content\/uploads\/sites\/5\/2025\/10\/oceanen-ljus-konferens-arken-5297-1100x735.jpg 1100w, https:\/\/arkenhotel.com\/wp-content\/uploads\/sites\/5\/2025\/10\/oceanen-ljus-konferens-arken-5297.jpg 1201w\" sizes=\"auto, (max-width: 900px) 100vw, 900px\" \/><button\n\t\t\tclass=\"lightbox-trigger\"\n\t\t\ttype=\"button\"\n\t\t\taria-haspopup=\"dialog\"\n\t\t\taria-label=\"Enlarge\"\n\t\t\tdata-wp-init=\"callbacks.initTriggerButton\"\n\t\t\tdata-wp-on--click=\"actions.showLightbox\"\n\t\t\tdata-wp-style--right=\"state.imageButtonRight\"\n\t\t\tdata-wp-style--top=\"state.imageButtonTop\"\n\t\t>\n\t\t\t<svg xmlns=\"http:\/\/www.w3.org\/2000\/svg\" width=\"12\" height=\"12\" fill=\"none\" viewBox=\"0 0 12 12\">\n\t\t\t\t<path fill=\"#fff\" d=\"M2 0a2 2 0 0 0-2 2v2h1.5V2a.5.5 0 0 1 .5-.5h2V0H2Zm2 10.5H2a.5.5 0 0 1-.5-.5V8H0v2a2 2 0 0 0 2 2h2v-1.5ZM8 12v-1.5h2a.5.5 0 0 0 .5-.5V8H12v2a2 2 0 0 1-2 2H8Zm2-12a2 2 0 0 1 2 2v2h-1.5V2a.5.5 0 0 0-.5-.5H8V0h2Z\" \/>\n\t\t\t<\/svg>\n\t\t<\/button><figcaption class=\"wp-element-caption\">You can choose the color scheme of the room &#8211; perhaps your company&#8217;s logo?<\/figcaption><\/figure>\n<\/div>\n\n\n\n<div class=\"wp-block-group is-layout-flow wp-block-group-is-layout-flow\">\n<figure data-wp-context=\"{&quot;imageId&quot;:&quot;69f17ecd8e167&quot;}\" data-wp-interactive=\"core\/image\" data-wp-key=\"69f17ecd8e167\" class=\"wp-block-image size-large is-resized wp-lightbox-container\"><img loading=\"lazy\" decoding=\"async\" width=\"900\" height=\"601\" data-wp-class--hide=\"state.isContentHidden\" data-wp-class--show=\"state.isContentVisible\" data-wp-init=\"callbacks.setButtonStyles\" data-wp-on--click=\"actions.showLightbox\" data-wp-on--load=\"callbacks.setButtonStyles\" data-wp-on-window--resize=\"callbacks.setButtonStyles\" src=\"https:\/\/arkenhotel.com\/wp-content\/uploads\/sites\/5\/2025\/04\/yoga-oceanen-konferens-arken-hotell-goteborg-2892-900x601.jpg\" alt=\"yoga event in the ocean\" class=\"wp-image-28027\" style=\"aspect-ratio:3\/2;object-fit:cover;width:auto;height:500px\" srcset=\"https:\/\/arkenhotel.com\/wp-content\/uploads\/sites\/5\/2025\/04\/yoga-oceanen-konferens-arken-hotell-goteborg-2892-900x601.jpg 900w, https:\/\/arkenhotel.com\/wp-content\/uploads\/sites\/5\/2025\/04\/yoga-oceanen-konferens-arken-hotell-goteborg-2892-600x400.jpg 600w, https:\/\/arkenhotel.com\/wp-content\/uploads\/sites\/5\/2025\/04\/yoga-oceanen-konferens-arken-hotell-goteborg-2892-768x513.jpg 768w, https:\/\/arkenhotel.com\/wp-content\/uploads\/sites\/5\/2025\/04\/yoga-oceanen-konferens-arken-hotell-goteborg-2892-1536x1025.jpg 1536w, https:\/\/arkenhotel.com\/wp-content\/uploads\/sites\/5\/2025\/04\/yoga-oceanen-konferens-arken-hotell-goteborg-2892-400x267.jpg 400w, https:\/\/arkenhotel.com\/wp-content\/uploads\/sites\/5\/2025\/04\/yoga-oceanen-konferens-arken-hotell-goteborg-2892-700x467.jpg 700w, https:\/\/arkenhotel.com\/wp-content\/uploads\/sites\/5\/2025\/04\/yoga-oceanen-konferens-arken-hotell-goteborg-2892-800x534.jpg 800w, https:\/\/arkenhotel.com\/wp-content\/uploads\/sites\/5\/2025\/04\/yoga-oceanen-konferens-arken-hotell-goteborg-2892-1000x667.jpg 1000w, https:\/\/arkenhotel.com\/wp-content\/uploads\/sites\/5\/2025\/04\/yoga-oceanen-konferens-arken-hotell-goteborg-2892-1100x734.jpg 1100w, https:\/\/arkenhotel.com\/wp-content\/uploads\/sites\/5\/2025\/04\/yoga-oceanen-konferens-arken-hotell-goteborg-2892-1280x854.jpg 1280w, https:\/\/arkenhotel.com\/wp-content\/uploads\/sites\/5\/2025\/04\/yoga-oceanen-konferens-arken-hotell-goteborg-2892.jpg 1618w\" sizes=\"auto, (max-width: 900px) 100vw, 900px\" \/><button\n\t\t\tclass=\"lightbox-trigger\"\n\t\t\ttype=\"button\"\n\t\t\taria-haspopup=\"dialog\"\n\t\t\taria-label=\"Enlarge\"\n\t\t\tdata-wp-init=\"callbacks.initTriggerButton\"\n\t\t\tdata-wp-on--click=\"actions.showLightbox\"\n\t\t\tdata-wp-style--right=\"state.imageButtonRight\"\n\t\t\tdata-wp-style--top=\"state.imageButtonTop\"\n\t\t>\n\t\t\t<svg xmlns=\"http:\/\/www.w3.org\/2000\/svg\" width=\"12\" height=\"12\" fill=\"none\" viewBox=\"0 0 12 12\">\n\t\t\t\t<path fill=\"#fff\" d=\"M2 0a2 2 0 0 0-2 2v2h1.5V2a.5.5 0 0 1 .5-.5h2V0H2Zm2 10.5H2a.5.5 0 0 1-.5-.5V8H0v2a2 2 0 0 0 2 2h2v-1.5ZM8 12v-1.5h2a.5.5 0 0 0 .5-.5V8H12v2a2 2 0 0 1-2 2H8Zm2-12a2 2 0 0 1 2 2v2h-1.5V2a.5.5 0 0 0-.5-.5H8V0h2Z\" \/>\n\t\t\t<\/svg>\n\t\t<\/button><figcaption class=\"wp-element-caption\">The entire Oceanen is covered in textiles, which creates a pleasant setting for a yoga event, for example.<\/figcaption><\/figure>\n<\/div>\n\n\n\n<div class=\"wp-block-group is-layout-flow wp-block-group-is-layout-flow\">\n<figure data-wp-context=\"{&quot;imageId&quot;:&quot;69f17ecd8e794&quot;}\" data-wp-interactive=\"core\/image\" data-wp-key=\"69f17ecd8e794\" class=\"wp-block-image size-large is-resized wp-lightbox-container\"><img loading=\"lazy\" decoding=\"async\" width=\"900\" height=\"601\" data-wp-class--hide=\"state.isContentHidden\" data-wp-class--show=\"state.isContentVisible\" data-wp-init=\"callbacks.setButtonStyles\" data-wp-on--click=\"actions.showLightbox\" data-wp-on--load=\"callbacks.setButtonStyles\" data-wp-on-window--resize=\"callbacks.setButtonStyles\" src=\"https:\/\/arkenhotel.com\/wp-content\/uploads\/sites\/5\/2025\/04\/take-over-konferens-arken-goteborg-9192-900x601.jpg\" alt=\"Mass and chairs in a row in oceanen\" class=\"wp-image-28018\" style=\"aspect-ratio:3\/2;object-fit:cover;width:auto;height:500px\" srcset=\"https:\/\/arkenhotel.com\/wp-content\/uploads\/sites\/5\/2025\/04\/take-over-konferens-arken-goteborg-9192-900x601.jpg 900w, https:\/\/arkenhotel.com\/wp-content\/uploads\/sites\/5\/2025\/04\/take-over-konferens-arken-goteborg-9192-600x400.jpg 600w, https:\/\/arkenhotel.com\/wp-content\/uploads\/sites\/5\/2025\/04\/take-over-konferens-arken-goteborg-9192-768x513.jpg 768w, https:\/\/arkenhotel.com\/wp-content\/uploads\/sites\/5\/2025\/04\/take-over-konferens-arken-goteborg-9192-1536x1025.jpg 1536w, https:\/\/arkenhotel.com\/wp-content\/uploads\/sites\/5\/2025\/04\/take-over-konferens-arken-goteborg-9192-400x267.jpg 400w, https:\/\/arkenhotel.com\/wp-content\/uploads\/sites\/5\/2025\/04\/take-over-konferens-arken-goteborg-9192-700x467.jpg 700w, https:\/\/arkenhotel.com\/wp-content\/uploads\/sites\/5\/2025\/04\/take-over-konferens-arken-goteborg-9192-800x534.jpg 800w, https:\/\/arkenhotel.com\/wp-content\/uploads\/sites\/5\/2025\/04\/take-over-konferens-arken-goteborg-9192-1000x667.jpg 1000w, https:\/\/arkenhotel.com\/wp-content\/uploads\/sites\/5\/2025\/04\/take-over-konferens-arken-goteborg-9192-1100x734.jpg 1100w, https:\/\/arkenhotel.com\/wp-content\/uploads\/sites\/5\/2025\/04\/take-over-konferens-arken-goteborg-9192-1280x854.jpg 1280w, https:\/\/arkenhotel.com\/wp-content\/uploads\/sites\/5\/2025\/04\/take-over-konferens-arken-goteborg-9192.jpg 1618w\" sizes=\"auto, (max-width: 900px) 100vw, 900px\" \/><button\n\t\t\tclass=\"lightbox-trigger\"\n\t\t\ttype=\"button\"\n\t\t\taria-haspopup=\"dialog\"\n\t\t\taria-label=\"Enlarge\"\n\t\t\tdata-wp-init=\"callbacks.initTriggerButton\"\n\t\t\tdata-wp-on--click=\"actions.showLightbox\"\n\t\t\tdata-wp-style--right=\"state.imageButtonRight\"\n\t\t\tdata-wp-style--top=\"state.imageButtonTop\"\n\t\t>\n\t\t\t<svg xmlns=\"http:\/\/www.w3.org\/2000\/svg\" width=\"12\" height=\"12\" fill=\"none\" viewBox=\"0 0 12 12\">\n\t\t\t\t<path fill=\"#fff\" d=\"M2 0a2 2 0 0 0-2 2v2h1.5V2a.5.5 0 0 1 .5-.5h2V0H2Zm2 10.5H2a.5.5 0 0 1-.5-.5V8H0v2a2 2 0 0 0 2 2h2v-1.5ZM8 12v-1.5h2a.5.5 0 0 0 .5-.5V8H12v2a2 2 0 0 1-2 2H8Zm2-12a2 2 0 0 1 2 2v2h-1.5V2a.5.5 0 0 0-.5-.5H8V0h2Z\" \/>\n\t\t\t<\/svg>\n\t\t<\/button><figcaption class=\"wp-element-caption\">The room is set up for exhibitions and lectures.  <\/figcaption><\/figure>\n<\/div>\n\n\n\n<div class=\"wp-block-group is-layout-flow wp-block-group-is-layout-flow\">\n<figure class=\"wp-block-image size-large is-resized\"><img loading=\"lazy\" decoding=\"async\" width=\"900\" height=\"601\" src=\"https:\/\/arkenhotel.com\/wp-content\/uploads\/sites\/5\/2025\/04\/eventhall-oceanen-konferens-arken-hotell-goteborg-1641-900x601.jpg\" alt=\"scene in oceanen\" class=\"wp-image-28025\" style=\"aspect-ratio:3\/2;object-fit:cover;width:auto;height:500px\" srcset=\"https:\/\/arkenhotel.com\/wp-content\/uploads\/sites\/5\/2025\/04\/eventhall-oceanen-konferens-arken-hotell-goteborg-1641-900x601.jpg 900w, https:\/\/arkenhotel.com\/wp-content\/uploads\/sites\/5\/2025\/04\/eventhall-oceanen-konferens-arken-hotell-goteborg-1641-600x400.jpg 600w, https:\/\/arkenhotel.com\/wp-content\/uploads\/sites\/5\/2025\/04\/eventhall-oceanen-konferens-arken-hotell-goteborg-1641-768x513.jpg 768w, https:\/\/arkenhotel.com\/wp-content\/uploads\/sites\/5\/2025\/04\/eventhall-oceanen-konferens-arken-hotell-goteborg-1641-1536x1025.jpg 1536w, https:\/\/arkenhotel.com\/wp-content\/uploads\/sites\/5\/2025\/04\/eventhall-oceanen-konferens-arken-hotell-goteborg-1641-400x267.jpg 400w, https:\/\/arkenhotel.com\/wp-content\/uploads\/sites\/5\/2025\/04\/eventhall-oceanen-konferens-arken-hotell-goteborg-1641-700x467.jpg 700w, https:\/\/arkenhotel.com\/wp-content\/uploads\/sites\/5\/2025\/04\/eventhall-oceanen-konferens-arken-hotell-goteborg-1641-800x534.jpg 800w, https:\/\/arkenhotel.com\/wp-content\/uploads\/sites\/5\/2025\/04\/eventhall-oceanen-konferens-arken-hotell-goteborg-1641-1000x667.jpg 1000w, https:\/\/arkenhotel.com\/wp-content\/uploads\/sites\/5\/2025\/04\/eventhall-oceanen-konferens-arken-hotell-goteborg-1641-1100x734.jpg 1100w, https:\/\/arkenhotel.com\/wp-content\/uploads\/sites\/5\/2025\/04\/eventhall-oceanen-konferens-arken-hotell-goteborg-1641-1280x854.jpg 1280w, https:\/\/arkenhotel.com\/wp-content\/uploads\/sites\/5\/2025\/04\/eventhall-oceanen-konferens-arken-hotell-goteborg-1641.jpg 1618w\" sizes=\"auto, (max-width: 900px) 100vw, 900px\" \/><figcaption class=\"wp-element-caption\">There is also a large stage of 24 square meters.  <\/figcaption><\/figure>\n<\/div>\n\n\n\n<div class=\"wp-block-group is-layout-flow wp-block-group-is-layout-flow\">\n<figure class=\"wp-block-image size-full is-resized\"><img loading=\"lazy\" decoding=\"async\" width=\"600\" height=\"800\" src=\"https:\/\/arkenhotel.com\/wp-content\/uploads\/sites\/5\/2025\/04\/20_Arken_oceanen-38-2.jpg\" alt=\"White theme party in Oceanen\" class=\"wp-image-28199\" style=\"aspect-ratio:3\/2;object-fit:cover;width:auto;height:500px\" srcset=\"https:\/\/arkenhotel.com\/wp-content\/uploads\/sites\/5\/2025\/04\/20_Arken_oceanen-38-2.jpg 600w, https:\/\/arkenhotel.com\/wp-content\/uploads\/sites\/5\/2025\/04\/20_Arken_oceanen-38-2-450x600.jpg 450w, https:\/\/arkenhotel.com\/wp-content\/uploads\/sites\/5\/2025\/04\/20_Arken_oceanen-38-2-400x533.jpg 400w\" sizes=\"auto, (max-width: 600px) 100vw, 600px\" \/><figcaption class=\"wp-element-caption\">The premises can be customized according to your wishes.  <\/figcaption><\/figure>\n<\/div>\n\n\n\n<div class=\"wp-block-group is-layout-flow wp-block-group-is-layout-flow\">\n<figure data-wp-context=\"{&quot;imageId&quot;:&quot;69f17ecd8f461&quot;}\" data-wp-interactive=\"core\/image\" data-wp-key=\"69f17ecd8f461\" class=\"wp-block-image size-large is-resized wp-lightbox-container\"><img loading=\"lazy\" decoding=\"async\" width=\"900\" height=\"601\" data-wp-class--hide=\"state.isContentHidden\" data-wp-class--show=\"state.isContentVisible\" data-wp-init=\"callbacks.setButtonStyles\" data-wp-on--click=\"actions.showLightbox\" data-wp-on--load=\"callbacks.setButtonStyles\" data-wp-on-window--resize=\"callbacks.setButtonStyles\" src=\"https:\/\/arkenhotel.com\/wp-content\/uploads\/sites\/5\/2025\/04\/mingelyta-konferens-arken-hotell-gbg-2798-900x601.jpg\" alt=\"conference lounge\" class=\"wp-image-27614\" style=\"aspect-ratio:3\/2;object-fit:cover;width:auto;height:500px\" srcset=\"https:\/\/arkenhotel.com\/wp-content\/uploads\/sites\/5\/2025\/04\/mingelyta-konferens-arken-hotell-gbg-2798-900x601.jpg 900w, https:\/\/arkenhotel.com\/wp-content\/uploads\/sites\/5\/2025\/04\/mingelyta-konferens-arken-hotell-gbg-2798-600x400.jpg 600w, https:\/\/arkenhotel.com\/wp-content\/uploads\/sites\/5\/2025\/04\/mingelyta-konferens-arken-hotell-gbg-2798-768x513.jpg 768w, https:\/\/arkenhotel.com\/wp-content\/uploads\/sites\/5\/2025\/04\/mingelyta-konferens-arken-hotell-gbg-2798-1536x1025.jpg 1536w, https:\/\/arkenhotel.com\/wp-content\/uploads\/sites\/5\/2025\/04\/mingelyta-konferens-arken-hotell-gbg-2798-400x267.jpg 400w, https:\/\/arkenhotel.com\/wp-content\/uploads\/sites\/5\/2025\/04\/mingelyta-konferens-arken-hotell-gbg-2798-700x467.jpg 700w, https:\/\/arkenhotel.com\/wp-content\/uploads\/sites\/5\/2025\/04\/mingelyta-konferens-arken-hotell-gbg-2798-800x534.jpg 800w, https:\/\/arkenhotel.com\/wp-content\/uploads\/sites\/5\/2025\/04\/mingelyta-konferens-arken-hotell-gbg-2798-1000x667.jpg 1000w, https:\/\/arkenhotel.com\/wp-content\/uploads\/sites\/5\/2025\/04\/mingelyta-konferens-arken-hotell-gbg-2798-1100x734.jpg 1100w, https:\/\/arkenhotel.com\/wp-content\/uploads\/sites\/5\/2025\/04\/mingelyta-konferens-arken-hotell-gbg-2798-1280x854.jpg 1280w, https:\/\/arkenhotel.com\/wp-content\/uploads\/sites\/5\/2025\/04\/mingelyta-konferens-arken-hotell-gbg-2798.jpg 1618w\" sizes=\"auto, (max-width: 900px) 100vw, 900px\" \/><button\n\t\t\tclass=\"lightbox-trigger\"\n\t\t\ttype=\"button\"\n\t\t\taria-haspopup=\"dialog\"\n\t\t\taria-label=\"Enlarge\"\n\t\t\tdata-wp-init=\"callbacks.initTriggerButton\"\n\t\t\tdata-wp-on--click=\"actions.showLightbox\"\n\t\t\tdata-wp-style--right=\"state.imageButtonRight\"\n\t\t\tdata-wp-style--top=\"state.imageButtonTop\"\n\t\t>\n\t\t\t<svg xmlns=\"http:\/\/www.w3.org\/2000\/svg\" width=\"12\" height=\"12\" fill=\"none\" viewBox=\"0 0 12 12\">\n\t\t\t\t<path fill=\"#fff\" d=\"M2 0a2 2 0 0 0-2 2v2h1.5V2a.5.5 0 0 1 .5-.5h2V0H2Zm2 10.5H2a.5.5 0 0 1-.5-.5V8H0v2a2 2 0 0 0 2 2h2v-1.5ZM8 12v-1.5h2a.5.5 0 0 0 .5-.5V8H12v2a2 2 0 0 1-2 2H8Zm2-12a2 2 0 0 1 2 2v2h-1.5V2a.5.5 0 0 0-.5-.5H8V0h2Z\" \/>\n\t\t\t<\/svg>\n\t\t<\/button><figcaption class=\"wp-element-caption\">There are large common areas and smaller rooms adjacent to the Oceanen.<\/figcaption><\/figure>\n<\/div>\n\n\n\n<div class=\"wp-block-group is-layout-flow wp-block-group-is-layout-flow\">\n<figure data-wp-context=\"{&quot;imageId&quot;:&quot;69f17ecd8fb64&quot;}\" data-wp-interactive=\"core\/image\" data-wp-key=\"69f17ecd8fb64\" class=\"wp-block-image size-large is-resized wp-lightbox-container\"><img loading=\"lazy\" decoding=\"async\" width=\"900\" height=\"601\" data-wp-class--hide=\"state.isContentHidden\" data-wp-class--show=\"state.isContentVisible\" data-wp-init=\"callbacks.setButtonStyles\" data-wp-on--click=\"actions.showLightbox\" data-wp-on--load=\"callbacks.setButtonStyles\" data-wp-on-window--resize=\"callbacks.setButtonStyles\" src=\"https:\/\/arkenhotel.com\/wp-content\/uploads\/sites\/5\/2025\/07\/restaurang-arken-hotell-goteborg-4253-900x601.jpg\" alt=\"interior of Flora restaurant\" class=\"wp-image-26892\" style=\"aspect-ratio:3\/2;object-fit:cover;width:auto;height:500px\" srcset=\"https:\/\/arkenhotel.com\/wp-content\/uploads\/sites\/5\/2025\/07\/restaurang-arken-hotell-goteborg-4253-900x601.jpg 900w, https:\/\/arkenhotel.com\/wp-content\/uploads\/sites\/5\/2025\/07\/restaurang-arken-hotell-goteborg-4253-600x400.jpg 600w, https:\/\/arkenhotel.com\/wp-content\/uploads\/sites\/5\/2025\/07\/restaurang-arken-hotell-goteborg-4253-768x513.jpg 768w, https:\/\/arkenhotel.com\/wp-content\/uploads\/sites\/5\/2025\/07\/restaurang-arken-hotell-goteborg-4253-1536x1025.jpg 1536w, https:\/\/arkenhotel.com\/wp-content\/uploads\/sites\/5\/2025\/07\/restaurang-arken-hotell-goteborg-4253-400x267.jpg 400w, https:\/\/arkenhotel.com\/wp-content\/uploads\/sites\/5\/2025\/07\/restaurang-arken-hotell-goteborg-4253-700x467.jpg 700w, https:\/\/arkenhotel.com\/wp-content\/uploads\/sites\/5\/2025\/07\/restaurang-arken-hotell-goteborg-4253-800x534.jpg 800w, https:\/\/arkenhotel.com\/wp-content\/uploads\/sites\/5\/2025\/07\/restaurang-arken-hotell-goteborg-4253-1000x667.jpg 1000w, https:\/\/arkenhotel.com\/wp-content\/uploads\/sites\/5\/2025\/07\/restaurang-arken-hotell-goteborg-4253-1100x734.jpg 1100w, https:\/\/arkenhotel.com\/wp-content\/uploads\/sites\/5\/2025\/07\/restaurang-arken-hotell-goteborg-4253-1280x854.jpg 1280w, https:\/\/arkenhotel.com\/wp-content\/uploads\/sites\/5\/2025\/07\/restaurang-arken-hotell-goteborg-4253.jpg 1618w\" sizes=\"auto, (max-width: 900px) 100vw, 900px\" \/><button\n\t\t\tclass=\"lightbox-trigger\"\n\t\t\ttype=\"button\"\n\t\t\taria-haspopup=\"dialog\"\n\t\t\taria-label=\"Enlarge\"\n\t\t\tdata-wp-init=\"callbacks.initTriggerButton\"\n\t\t\tdata-wp-on--click=\"actions.showLightbox\"\n\t\t\tdata-wp-style--right=\"state.imageButtonRight\"\n\t\t\tdata-wp-style--top=\"state.imageButtonTop\"\n\t\t>\n\t\t\t<svg xmlns=\"http:\/\/www.w3.org\/2000\/svg\" width=\"12\" height=\"12\" fill=\"none\" viewBox=\"0 0 12 12\">\n\t\t\t\t<path fill=\"#fff\" d=\"M2 0a2 2 0 0 0-2 2v2h1.5V2a.5.5 0 0 1 .5-.5h2V0H2Zm2 10.5H2a.5.5 0 0 1-.5-.5V8H0v2a2 2 0 0 0 2 2h2v-1.5ZM8 12v-1.5h2a.5.5 0 0 0 .5-.5V8H12v2a2 2 0 0 1-2 2H8Zm2-12a2 2 0 0 1 2 2v2h-1.5V2a.5.5 0 0 0-.5-.5H8V0h2Z\" \/>\n\t\t\t<\/svg>\n\t\t<\/button><figcaption class=\"wp-element-caption\">The premises are centrally located in the building, close to the restaurant and hotel rooms.  <\/figcaption><\/figure>\n<\/div>\n\n\n\n<div class=\"wp-block-group is-layout-flow wp-block-group-is-layout-flow\">\n<figure data-wp-context=\"{&quot;imageId&quot;:&quot;69f17ecd901b5&quot;}\" data-wp-interactive=\"core\/image\" data-wp-key=\"69f17ecd901b5\" class=\"wp-block-image size-large is-resized wp-lightbox-container\"><img loading=\"lazy\" decoding=\"async\" width=\"900\" height=\"601\" data-wp-class--hide=\"state.isContentHidden\" data-wp-class--show=\"state.isContentVisible\" data-wp-init=\"callbacks.setButtonStyles\" data-wp-on--click=\"actions.showLightbox\" data-wp-on--load=\"callbacks.setButtonStyles\" data-wp-on-window--resize=\"callbacks.setButtonStyles\" src=\"https:\/\/arkenhotel.com\/wp-content\/uploads\/sites\/5\/2025\/04\/parkering-arken-hotell-goteborg-1665-900x601.jpg\" alt=\"free parking for 500 cars\" class=\"wp-image-27652\" style=\"aspect-ratio:3\/2;object-fit:cover;width:auto;height:500px\" srcset=\"https:\/\/arkenhotel.com\/wp-content\/uploads\/sites\/5\/2025\/04\/parkering-arken-hotell-goteborg-1665-900x601.jpg 900w, https:\/\/arkenhotel.com\/wp-content\/uploads\/sites\/5\/2025\/04\/parkering-arken-hotell-goteborg-1665-600x400.jpg 600w, https:\/\/arkenhotel.com\/wp-content\/uploads\/sites\/5\/2025\/04\/parkering-arken-hotell-goteborg-1665-768x513.jpg 768w, https:\/\/arkenhotel.com\/wp-content\/uploads\/sites\/5\/2025\/04\/parkering-arken-hotell-goteborg-1665-1536x1025.jpg 1536w, https:\/\/arkenhotel.com\/wp-content\/uploads\/sites\/5\/2025\/04\/parkering-arken-hotell-goteborg-1665-400x267.jpg 400w, https:\/\/arkenhotel.com\/wp-content\/uploads\/sites\/5\/2025\/04\/parkering-arken-hotell-goteborg-1665-700x467.jpg 700w, https:\/\/arkenhotel.com\/wp-content\/uploads\/sites\/5\/2025\/04\/parkering-arken-hotell-goteborg-1665-800x534.jpg 800w, https:\/\/arkenhotel.com\/wp-content\/uploads\/sites\/5\/2025\/04\/parkering-arken-hotell-goteborg-1665-1000x667.jpg 1000w, https:\/\/arkenhotel.com\/wp-content\/uploads\/sites\/5\/2025\/04\/parkering-arken-hotell-goteborg-1665-1100x734.jpg 1100w, https:\/\/arkenhotel.com\/wp-content\/uploads\/sites\/5\/2025\/04\/parkering-arken-hotell-goteborg-1665-1280x854.jpg 1280w, https:\/\/arkenhotel.com\/wp-content\/uploads\/sites\/5\/2025\/04\/parkering-arken-hotell-goteborg-1665.jpg 1618w\" sizes=\"auto, (max-width: 900px) 100vw, 900px\" \/><button\n\t\t\tclass=\"lightbox-trigger\"\n\t\t\ttype=\"button\"\n\t\t\taria-haspopup=\"dialog\"\n\t\t\taria-label=\"Enlarge\"\n\t\t\tdata-wp-init=\"callbacks.initTriggerButton\"\n\t\t\tdata-wp-on--click=\"actions.showLightbox\"\n\t\t\tdata-wp-style--right=\"state.imageButtonRight\"\n\t\t\tdata-wp-style--top=\"state.imageButtonTop\"\n\t\t>\n\t\t\t<svg xmlns=\"http:\/\/www.w3.org\/2000\/svg\" width=\"12\" height=\"12\" fill=\"none\" viewBox=\"0 0 12 12\">\n\t\t\t\t<path fill=\"#fff\" d=\"M2 0a2 2 0 0 0-2 2v2h1.5V2a.5.5 0 0 1 .5-.5h2V0H2Zm2 10.5H2a.5.5 0 0 1-.5-.5V8H0v2a2 2 0 0 0 2 2h2v-1.5ZM8 12v-1.5h2a.5.5 0 0 0 .5-.5V8H12v2a2 2 0 0 1-2 2H8Zm2-12a2 2 0 0 1 2 2v2h-1.5V2a.5.5 0 0 0-.5-.5H8V0h2Z\" \/>\n\t\t\t<\/svg>\n\t\t<\/button><figcaption class=\"wp-element-caption\">Free parking for 500 cars and charging points for electric cars are available.<\/figcaption><\/figure>\n<\/div>\n\n<\/div><!DOCTYPE html PUBLIC \"-\/\/W3C\/\/DTD HTML 4.0 Transitional\/\/EN\" \"http:\/\/www.w3.org\/TR\/REC-html40\/loose.dtd\">\n<html><body><swiper-container init=\"false\" data-slides-per-view-l=\"2\" data-slides-per-view-m=\"2\" data-slides-per-view-s=\"1\" data-show-next=\"\" data-width-auto=\"1\" data-columns-gap=\"1\" data-show-navigation=\"1\" pagination-type=\"fraction\" data-pagination-version=\"first\" data-nav-bg-color=\"var(--wp--preset--color--contrast)\" data-nav-arrow-color=\"var(--wp--preset--color--base)\" class=\"wp-block-content-grid-slider slider-l slider-m slider-s\"><swiper-slide><div class=\"wp-block-group is-layout-flow wp-block-group-is-layout-flow\">\n<figure class=\"wp-block-image size-large is-resized\"><img loading=\"lazy\" decoding=\"async\" width=\"900\" height=\"600\" src=\"https:\/\/arkenhotel.com\/wp-content\/uploads\/sites\/5\/2025\/04\/oceanen-kongresshall-arken-hotel-0226-900x600.jpg\" alt=\"oceanen event hall\" class=\"wp-image-25755\" style=\"aspect-ratio:3\/2;object-fit:cover;width:auto;height:500px\" srcset=\"https:\/\/arkenhotel.com\/wp-content\/uploads\/sites\/5\/2025\/04\/oceanen-kongresshall-arken-hotel-0226-900x600.jpg 900w, https:\/\/arkenhotel.com\/wp-content\/uploads\/sites\/5\/2025\/04\/oceanen-kongresshall-arken-hotel-0226-400x267.jpg 400w, https:\/\/arkenhotel.com\/wp-content\/uploads\/sites\/5\/2025\/04\/oceanen-kongresshall-arken-hotel-0226-600x400.jpg 600w, https:\/\/arkenhotel.com\/wp-content\/uploads\/sites\/5\/2025\/04\/oceanen-kongresshall-arken-hotel-0226-700x467.jpg 700w, https:\/\/arkenhotel.com\/wp-content\/uploads\/sites\/5\/2025\/04\/oceanen-kongresshall-arken-hotel-0226-800x533.jpg 800w, https:\/\/arkenhotel.com\/wp-content\/uploads\/sites\/5\/2025\/04\/oceanen-kongresshall-arken-hotel-0226-1000x667.jpg 1000w, https:\/\/arkenhotel.com\/wp-content\/uploads\/sites\/5\/2025\/04\/oceanen-kongresshall-arken-hotel-0226-1100x733.jpg 1100w, https:\/\/arkenhotel.com\/wp-content\/uploads\/sites\/5\/2025\/04\/oceanen-kongresshall-arken-hotel-0226-1280x853.jpg 1280w, https:\/\/arkenhotel.com\/wp-content\/uploads\/sites\/5\/2025\/04\/oceanen-kongresshall-arken-hotel-0226-768x512.jpg 768w, https:\/\/arkenhotel.com\/wp-content\/uploads\/sites\/5\/2025\/04\/oceanen-kongresshall-arken-hotel-0226-1536x1024.jpg 1536w, https:\/\/arkenhotel.com\/wp-content\/uploads\/sites\/5\/2025\/04\/oceanen-kongresshall-arken-hotel-0226.jpg 1620w\" sizes=\"auto, (max-width: 900px) 100vw, 900px\" \/><figcaption class=\"wp-element-caption\">The floor area is over 1000 sqm and there is the possibility to drive in vehicles.  <\/figcaption><\/figure>\n<\/div><\/swiper-slide><swiper-slide><div class=\"wp-block-group is-layout-flow wp-block-group-is-layout-flow\">\n<figure data-wp-context='{\"imageId\":\"69f17ecd8b4f2\"}' data-wp-interactive=\"core\/image\" data-wp-key=\"69f17ecd8b4f2\" class=\"wp-block-image size-large is-resized wp-lightbox-container\"><img loading=\"lazy\" decoding=\"async\" width=\"900\" height=\"600\" data-wp-class--hide=\"state.isContentHidden\" data-wp-class--show=\"state.isContentVisible\" data-wp-init=\"callbacks.setButtonStyles\" data-wp-on--click=\"actions.showLightbox\" data-wp-on--load=\"callbacks.setButtonStyles\" data-wp-on-window--resize=\"callbacks.setButtonStyles\" src=\"https:\/\/arkenhotel.com\/wp-content\/uploads\/sites\/5\/2025\/04\/massa-oceanen-nores-konferens-arken-hotell-0747-900x600.jpg\" alt=\"exhibition stands in oceanen\" class=\"wp-image-28032\" style=\"aspect-ratio:3\/2;object-fit:cover;width:auto;height:500px\" srcset=\"https:\/\/arkenhotel.com\/wp-content\/uploads\/sites\/5\/2025\/04\/massa-oceanen-nores-konferens-arken-hotell-0747-900x600.jpg 900w, https:\/\/arkenhotel.com\/wp-content\/uploads\/sites\/5\/2025\/04\/massa-oceanen-nores-konferens-arken-hotell-0747-600x400.jpg 600w, https:\/\/arkenhotel.com\/wp-content\/uploads\/sites\/5\/2025\/04\/massa-oceanen-nores-konferens-arken-hotell-0747-768x512.jpg 768w, https:\/\/arkenhotel.com\/wp-content\/uploads\/sites\/5\/2025\/04\/massa-oceanen-nores-konferens-arken-hotell-0747-1536x1024.jpg 1536w, https:\/\/arkenhotel.com\/wp-content\/uploads\/sites\/5\/2025\/04\/massa-oceanen-nores-konferens-arken-hotell-0747-2048x1365.jpg 2048w, https:\/\/arkenhotel.com\/wp-content\/uploads\/sites\/5\/2025\/04\/massa-oceanen-nores-konferens-arken-hotell-0747-400x267.jpg 400w, https:\/\/arkenhotel.com\/wp-content\/uploads\/sites\/5\/2025\/04\/massa-oceanen-nores-konferens-arken-hotell-0747-700x467.jpg 700w, https:\/\/arkenhotel.com\/wp-content\/uploads\/sites\/5\/2025\/04\/massa-oceanen-nores-konferens-arken-hotell-0747-800x533.jpg 800w, https:\/\/arkenhotel.com\/wp-content\/uploads\/sites\/5\/2025\/04\/massa-oceanen-nores-konferens-arken-hotell-0747-1000x667.jpg 1000w, https:\/\/arkenhotel.com\/wp-content\/uploads\/sites\/5\/2025\/04\/massa-oceanen-nores-konferens-arken-hotell-0747-1100x733.jpg 1100w, https:\/\/arkenhotel.com\/wp-content\/uploads\/sites\/5\/2025\/04\/massa-oceanen-nores-konferens-arken-hotell-0747-1280x853.jpg 1280w, https:\/\/arkenhotel.com\/wp-content\/uploads\/sites\/5\/2025\/04\/massa-oceanen-nores-konferens-arken-hotell-0747-1920x1280.jpg 1920w\" sizes=\"auto, (max-width: 900px) 100vw, 900px\" \/><button class=\"lightbox-trigger\" type=\"button\" aria-haspopup=\"dialog\" aria-label=\"Enlarge\" data-wp-init=\"callbacks.initTriggerButton\" data-wp-on--click=\"actions.showLightbox\" data-wp-style--right=\"state.imageButtonRight\" data-wp-style--top=\"state.imageButtonTop\">\n\t\t\t<svg xmlns=\"http:\/\/www.w3.org\/2000\/svg\" width=\"12\" height=\"12\" fill=\"none\" viewbox=\"0 0 12 12\">\n\t\t\t\t<path fill=\"#fff\" d=\"M2 0a2 2 0 0 0-2 2v2h1.5V2a.5.5 0 0 1 .5-.5h2V0H2Zm2 10.5H2a.5.5 0 0 1-.5-.5V8H0v2a2 2 0 0 0 2 2h2v-1.5ZM8 12v-1.5h2a.5.5 0 0 0 .5-.5V8H12v2a2 2 0 0 1-2 2H8Zm2-12a2 2 0 0 1 2 2v2h-1.5V2a.5.5 0 0 0-.5-.5H8V0h2Z\"><\/path>\n\t\t\t<\/svg>\n\t\t<\/button><figcaption class=\"wp-element-caption\">Oceanen is ideal for exhibitions and fairs as it is easy to load and unload. <\/figcaption><\/figure>\n<\/div><\/swiper-slide><swiper-slide><div class=\"wp-block-group is-layout-flow wp-block-group-is-layout-flow\">\n<figure class=\"wp-block-image size-large is-resized\"><img loading=\"lazy\" decoding=\"async\" width=\"900\" height=\"601\" src=\"https:\/\/arkenhotel.com\/wp-content\/uploads\/sites\/5\/2025\/04\/massa-julmarknad-konferens-arken-hotell-2982-900x601.jpg\" alt=\"Christmas market in Oceanen\" class=\"wp-image-28033\" style=\"aspect-ratio:3\/2;object-fit:cover;width:auto;height:500px\" srcset=\"https:\/\/arkenhotel.com\/wp-content\/uploads\/sites\/5\/2025\/04\/massa-julmarknad-konferens-arken-hotell-2982-900x601.jpg 900w, https:\/\/arkenhotel.com\/wp-content\/uploads\/sites\/5\/2025\/04\/massa-julmarknad-konferens-arken-hotell-2982-600x400.jpg 600w, https:\/\/arkenhotel.com\/wp-content\/uploads\/sites\/5\/2025\/04\/massa-julmarknad-konferens-arken-hotell-2982-768x513.jpg 768w, https:\/\/arkenhotel.com\/wp-content\/uploads\/sites\/5\/2025\/04\/massa-julmarknad-konferens-arken-hotell-2982-1536x1025.jpg 1536w, https:\/\/arkenhotel.com\/wp-content\/uploads\/sites\/5\/2025\/04\/massa-julmarknad-konferens-arken-hotell-2982-400x267.jpg 400w, https:\/\/arkenhotel.com\/wp-content\/uploads\/sites\/5\/2025\/04\/massa-julmarknad-konferens-arken-hotell-2982-700x467.jpg 700w, https:\/\/arkenhotel.com\/wp-content\/uploads\/sites\/5\/2025\/04\/massa-julmarknad-konferens-arken-hotell-2982-800x534.jpg 800w, https:\/\/arkenhotel.com\/wp-content\/uploads\/sites\/5\/2025\/04\/massa-julmarknad-konferens-arken-hotell-2982-1000x667.jpg 1000w, https:\/\/arkenhotel.com\/wp-content\/uploads\/sites\/5\/2025\/04\/massa-julmarknad-konferens-arken-hotell-2982-1100x734.jpg 1100w, https:\/\/arkenhotel.com\/wp-content\/uploads\/sites\/5\/2025\/04\/massa-julmarknad-konferens-arken-hotell-2982-1280x854.jpg 1280w, https:\/\/arkenhotel.com\/wp-content\/uploads\/sites\/5\/2025\/04\/massa-julmarknad-konferens-arken-hotell-2982.jpg 1618w\" sizes=\"auto, (max-width: 900px) 100vw, 900px\" \/><figcaption class=\"wp-element-caption\">Here, the entire Oceanen has been transformed into a Christmas market.<\/figcaption><\/figure>\n<\/div><\/swiper-slide><swiper-slide><div class=\"wp-block-group is-layout-flow wp-block-group-is-layout-flow\">\n<figure data-wp-context='{\"imageId\":\"69f17ecd8bd76\"}' data-wp-interactive=\"core\/image\" data-wp-key=\"69f17ecd8bd76\" class=\"wp-block-image size-large is-resized wp-lightbox-container\"><img loading=\"lazy\" decoding=\"async\" width=\"900\" height=\"601\" data-wp-class--hide=\"state.isContentHidden\" data-wp-class--show=\"state.isContentVisible\" data-wp-init=\"callbacks.setButtonStyles\" data-wp-on--click=\"actions.showLightbox\" data-wp-on--load=\"callbacks.setButtonStyles\" data-wp-on-window--resize=\"callbacks.setButtonStyles\" src=\"https:\/\/arkenhotel.com\/wp-content\/uploads\/sites\/5\/2025\/04\/oceanen-event-arken-hotel-gbg-2824-900x601.jpg\" alt=\"chairs and tables set up for a party in Oceanen\" class=\"wp-image-28034\" style=\"aspect-ratio:3\/2;object-fit:cover;width:auto;height:500px\" srcset=\"https:\/\/arkenhotel.com\/wp-content\/uploads\/sites\/5\/2025\/04\/oceanen-event-arken-hotel-gbg-2824-900x601.jpg 900w, https:\/\/arkenhotel.com\/wp-content\/uploads\/sites\/5\/2025\/04\/oceanen-event-arken-hotel-gbg-2824-600x400.jpg 600w, https:\/\/arkenhotel.com\/wp-content\/uploads\/sites\/5\/2025\/04\/oceanen-event-arken-hotel-gbg-2824-768x513.jpg 768w, https:\/\/arkenhotel.com\/wp-content\/uploads\/sites\/5\/2025\/04\/oceanen-event-arken-hotel-gbg-2824-1536x1025.jpg 1536w, https:\/\/arkenhotel.com\/wp-content\/uploads\/sites\/5\/2025\/04\/oceanen-event-arken-hotel-gbg-2824-400x267.jpg 400w, https:\/\/arkenhotel.com\/wp-content\/uploads\/sites\/5\/2025\/04\/oceanen-event-arken-hotel-gbg-2824-700x467.jpg 700w, https:\/\/arkenhotel.com\/wp-content\/uploads\/sites\/5\/2025\/04\/oceanen-event-arken-hotel-gbg-2824-800x534.jpg 800w, https:\/\/arkenhotel.com\/wp-content\/uploads\/sites\/5\/2025\/04\/oceanen-event-arken-hotel-gbg-2824-1000x667.jpg 1000w, https:\/\/arkenhotel.com\/wp-content\/uploads\/sites\/5\/2025\/04\/oceanen-event-arken-hotel-gbg-2824-1100x734.jpg 1100w, https:\/\/arkenhotel.com\/wp-content\/uploads\/sites\/5\/2025\/04\/oceanen-event-arken-hotel-gbg-2824-1280x854.jpg 1280w, https:\/\/arkenhotel.com\/wp-content\/uploads\/sites\/5\/2025\/04\/oceanen-event-arken-hotel-gbg-2824.jpg 1618w\" sizes=\"auto, (max-width: 900px) 100vw, 900px\" \/><button class=\"lightbox-trigger\" type=\"button\" aria-haspopup=\"dialog\" aria-label=\"Enlarge\" data-wp-init=\"callbacks.initTriggerButton\" data-wp-on--click=\"actions.showLightbox\" data-wp-style--right=\"state.imageButtonRight\" data-wp-style--top=\"state.imageButtonTop\">\n\t\t\t<svg xmlns=\"http:\/\/www.w3.org\/2000\/svg\" width=\"12\" height=\"12\" fill=\"none\" viewbox=\"0 0 12 12\">\n\t\t\t\t<path fill=\"#fff\" d=\"M2 0a2 2 0 0 0-2 2v2h1.5V2a.5.5 0 0 1 .5-.5h2V0H2Zm2 10.5H2a.5.5 0 0 1-.5-.5V8H0v2a2 2 0 0 0 2 2h2v-1.5ZM8 12v-1.5h2a.5.5 0 0 0 .5-.5V8H12v2a2 2 0 0 1-2 2H8Zm2-12a2 2 0 0 1 2 2v2h-1.5V2a.5.5 0 0 0-.5-.5H8V0h2Z\"><\/path>\n\t\t\t<\/svg>\n\t\t<\/button><figcaption class=\"wp-element-caption\">Set the table for dinner and a party.<\/figcaption><\/figure>\n<\/div><\/swiper-slide><swiper-slide><div class=\"wp-block-group is-layout-flow wp-block-group-is-layout-flow\">\n<figure data-wp-context='{\"imageId\":\"69f17ecd8c306\"}' data-wp-interactive=\"core\/image\" data-wp-key=\"69f17ecd8c306\" class=\"wp-block-image size-large is-resized wp-lightbox-container\"><img loading=\"lazy\" decoding=\"async\" width=\"900\" height=\"600\" data-wp-class--hide=\"state.isContentHidden\" data-wp-class--show=\"state.isContentVisible\" data-wp-init=\"callbacks.setButtonStyles\" data-wp-on--click=\"actions.showLightbox\" data-wp-on--load=\"callbacks.setButtonStyles\" data-wp-on-window--resize=\"callbacks.setButtonStyles\" src=\"https:\/\/arkenhotel.com\/wp-content\/uploads\/sites\/5\/2025\/10\/kundcase-assemblin-arken-konferens-goteborg-5777-900x600.jpg\" alt=\"Assemblin chooses Arken Hotel\" class=\"wp-image-27984\" style=\"aspect-ratio:3\/2;object-fit:cover;width:auto;height:500px\" srcset=\"https:\/\/arkenhotel.com\/wp-content\/uploads\/sites\/5\/2025\/10\/kundcase-assemblin-arken-konferens-goteborg-5777-900x600.jpg 900w, https:\/\/arkenhotel.com\/wp-content\/uploads\/sites\/5\/2025\/10\/kundcase-assemblin-arken-konferens-goteborg-5777-600x400.jpg 600w, https:\/\/arkenhotel.com\/wp-content\/uploads\/sites\/5\/2025\/10\/kundcase-assemblin-arken-konferens-goteborg-5777-768x512.jpg 768w, https:\/\/arkenhotel.com\/wp-content\/uploads\/sites\/5\/2025\/10\/kundcase-assemblin-arken-konferens-goteborg-5777-1536x1024.jpg 1536w, https:\/\/arkenhotel.com\/wp-content\/uploads\/sites\/5\/2025\/10\/kundcase-assemblin-arken-konferens-goteborg-5777-400x267.jpg 400w, https:\/\/arkenhotel.com\/wp-content\/uploads\/sites\/5\/2025\/10\/kundcase-assemblin-arken-konferens-goteborg-5777-700x467.jpg 700w, https:\/\/arkenhotel.com\/wp-content\/uploads\/sites\/5\/2025\/10\/kundcase-assemblin-arken-konferens-goteborg-5777-800x533.jpg 800w, https:\/\/arkenhotel.com\/wp-content\/uploads\/sites\/5\/2025\/10\/kundcase-assemblin-arken-konferens-goteborg-5777-1000x667.jpg 1000w, https:\/\/arkenhotel.com\/wp-content\/uploads\/sites\/5\/2025\/10\/kundcase-assemblin-arken-konferens-goteborg-5777-1100x733.jpg 1100w, https:\/\/arkenhotel.com\/wp-content\/uploads\/sites\/5\/2025\/10\/kundcase-assemblin-arken-konferens-goteborg-5777-1280x853.jpg 1280w, https:\/\/arkenhotel.com\/wp-content\/uploads\/sites\/5\/2025\/10\/kundcase-assemblin-arken-konferens-goteborg-5777.jpg 1620w\" sizes=\"auto, (max-width: 900px) 100vw, 900px\" \/><button class=\"lightbox-trigger\" type=\"button\" aria-haspopup=\"dialog\" aria-label=\"Enlarge\" data-wp-init=\"callbacks.initTriggerButton\" data-wp-on--click=\"actions.showLightbox\" data-wp-style--right=\"state.imageButtonRight\" data-wp-style--top=\"state.imageButtonTop\">\n\t\t\t<svg xmlns=\"http:\/\/www.w3.org\/2000\/svg\" width=\"12\" height=\"12\" fill=\"none\" viewbox=\"0 0 12 12\">\n\t\t\t\t<path fill=\"#fff\" d=\"M2 0a2 2 0 0 0-2 2v2h1.5V2a.5.5 0 0 1 .5-.5h2V0H2Zm2 10.5H2a.5.5 0 0 1-.5-.5V8H0v2a2 2 0 0 0 2 2h2v-1.5ZM8 12v-1.5h2a.5.5 0 0 0 .5-.5V8H12v2a2 2 0 0 1-2 2H8Zm2-12a2 2 0 0 1 2 2v2h-1.5V2a.5.5 0 0 0-.5-.5H8V0h2Z\"><\/path>\n\t\t\t<\/svg>\n\t\t<\/button><figcaption class=\"wp-element-caption\">The venue is ideal for large conferences.<\/figcaption><\/figure>\n<\/div><\/swiper-slide><swiper-slide><div class=\"wp-block-group is-layout-flow wp-block-group-is-layout-flow\">\n<figure data-wp-context='{\"imageId\":\"69f17ecd8c925\"}' data-wp-interactive=\"core\/image\" data-wp-key=\"69f17ecd8c925\" class=\"wp-block-image size-large is-resized wp-lightbox-container\"><img loading=\"lazy\" decoding=\"async\" width=\"900\" height=\"601\" data-wp-class--hide=\"state.isContentHidden\" data-wp-class--show=\"state.isContentVisible\" data-wp-init=\"callbacks.setButtonStyles\" data-wp-on--click=\"actions.showLightbox\" data-wp-on--load=\"callbacks.setButtonStyles\" data-wp-on-window--resize=\"callbacks.setButtonStyles\" src=\"https:\/\/arkenhotel.com\/wp-content\/uploads\/sites\/5\/2025\/10\/kundcase-assemblin-arken-konferens-goteborg-5587-900x601.jpg\" alt=\"Oceanen divided into different sections\" class=\"wp-image-28306\" style=\"aspect-ratio:3\/2;object-fit:cover;width:auto;height:500px\" srcset=\"https:\/\/arkenhotel.com\/wp-content\/uploads\/sites\/5\/2025\/10\/kundcase-assemblin-arken-konferens-goteborg-5587-900x601.jpg 900w, https:\/\/arkenhotel.com\/wp-content\/uploads\/sites\/5\/2025\/10\/kundcase-assemblin-arken-konferens-goteborg-5587-600x400.jpg 600w, https:\/\/arkenhotel.com\/wp-content\/uploads\/sites\/5\/2025\/10\/kundcase-assemblin-arken-konferens-goteborg-5587-768x513.jpg 768w, https:\/\/arkenhotel.com\/wp-content\/uploads\/sites\/5\/2025\/10\/kundcase-assemblin-arken-konferens-goteborg-5587-1536x1025.jpg 1536w, https:\/\/arkenhotel.com\/wp-content\/uploads\/sites\/5\/2025\/10\/kundcase-assemblin-arken-konferens-goteborg-5587-400x267.jpg 400w, https:\/\/arkenhotel.com\/wp-content\/uploads\/sites\/5\/2025\/10\/kundcase-assemblin-arken-konferens-goteborg-5587-700x467.jpg 700w, https:\/\/arkenhotel.com\/wp-content\/uploads\/sites\/5\/2025\/10\/kundcase-assemblin-arken-konferens-goteborg-5587-800x534.jpg 800w, https:\/\/arkenhotel.com\/wp-content\/uploads\/sites\/5\/2025\/10\/kundcase-assemblin-arken-konferens-goteborg-5587-1000x667.jpg 1000w, https:\/\/arkenhotel.com\/wp-content\/uploads\/sites\/5\/2025\/10\/kundcase-assemblin-arken-konferens-goteborg-5587-1100x734.jpg 1100w, https:\/\/arkenhotel.com\/wp-content\/uploads\/sites\/5\/2025\/10\/kundcase-assemblin-arken-konferens-goteborg-5587-1280x854.jpg 1280w, https:\/\/arkenhotel.com\/wp-content\/uploads\/sites\/5\/2025\/10\/kundcase-assemblin-arken-konferens-goteborg-5587.jpg 1618w\" sizes=\"auto, (max-width: 900px) 100vw, 900px\" \/><button class=\"lightbox-trigger\" type=\"button\" aria-haspopup=\"dialog\" aria-label=\"Enlarge\" data-wp-init=\"callbacks.initTriggerButton\" data-wp-on--click=\"actions.showLightbox\" data-wp-style--right=\"state.imageButtonRight\" data-wp-style--top=\"state.imageButtonTop\">\n\t\t\t<svg xmlns=\"http:\/\/www.w3.org\/2000\/svg\" width=\"12\" height=\"12\" fill=\"none\" viewbox=\"0 0 12 12\">\n\t\t\t\t<path fill=\"#fff\" d=\"M2 0a2 2 0 0 0-2 2v2h1.5V2a.5.5 0 0 1 .5-.5h2V0H2Zm2 10.5H2a.5.5 0 0 1-.5-.5V8H0v2a2 2 0 0 0 2 2h2v-1.5ZM8 12v-1.5h2a.5.5 0 0 0 .5-.5V8H12v2a2 2 0 0 1-2 2H8Zm2-12a2 2 0 0 1 2 2v2h-1.5V2a.5.5 0 0 0-.5-.5H8V0h2Z\"><\/path>\n\t\t\t<\/svg>\n\t\t<\/button><figcaption class=\"wp-element-caption\">Flexible as it can be divided into several smaller parts.  <\/figcaption><\/figure>\n<\/div><\/swiper-slide><swiper-slide><div class=\"wp-block-group is-layout-flow wp-block-group-is-layout-flow\">\n<figure data-wp-context='{\"imageId\":\"69f17ecd8cf41\"}' data-wp-interactive=\"core\/image\" data-wp-key=\"69f17ecd8cf41\" class=\"wp-block-image size-large is-resized wp-lightbox-container\"><img loading=\"lazy\" decoding=\"async\" width=\"900\" height=\"599\" data-wp-class--hide=\"state.isContentHidden\" data-wp-class--show=\"state.isContentVisible\" data-wp-init=\"callbacks.setButtonStyles\" data-wp-on--click=\"actions.showLightbox\" data-wp-on--load=\"callbacks.setButtonStyles\" data-wp-on-window--resize=\"callbacks.setButtonStyles\" src=\"https:\/\/arkenhotel.com\/wp-content\/uploads\/sites\/5\/2025\/04\/20-oceanen-konferens-lokal-arken-hotell-goteborg-8267-900x599.jpg\" alt=\"chairs in oceanen\" class=\"wp-image-25757\" style=\"aspect-ratio:3\/2;object-fit:cover;width:auto;height:500px\" srcset=\"https:\/\/arkenhotel.com\/wp-content\/uploads\/sites\/5\/2025\/04\/20-oceanen-konferens-lokal-arken-hotell-goteborg-8267-900x599.jpg 900w, https:\/\/arkenhotel.com\/wp-content\/uploads\/sites\/5\/2025\/04\/20-oceanen-konferens-lokal-arken-hotell-goteborg-8267-400x266.jpg 400w, https:\/\/arkenhotel.com\/wp-content\/uploads\/sites\/5\/2025\/04\/20-oceanen-konferens-lokal-arken-hotell-goteborg-8267-600x399.jpg 600w, https:\/\/arkenhotel.com\/wp-content\/uploads\/sites\/5\/2025\/04\/20-oceanen-konferens-lokal-arken-hotell-goteborg-8267-700x466.jpg 700w, https:\/\/arkenhotel.com\/wp-content\/uploads\/sites\/5\/2025\/04\/20-oceanen-konferens-lokal-arken-hotell-goteborg-8267-800x532.jpg 800w, https:\/\/arkenhotel.com\/wp-content\/uploads\/sites\/5\/2025\/04\/20-oceanen-konferens-lokal-arken-hotell-goteborg-8267-1000x665.jpg 1000w, https:\/\/arkenhotel.com\/wp-content\/uploads\/sites\/5\/2025\/04\/20-oceanen-konferens-lokal-arken-hotell-goteborg-8267-1100x732.jpg 1100w, https:\/\/arkenhotel.com\/wp-content\/uploads\/sites\/5\/2025\/04\/20-oceanen-konferens-lokal-arken-hotell-goteborg-8267-1280x852.jpg 1280w, https:\/\/arkenhotel.com\/wp-content\/uploads\/sites\/5\/2025\/04\/20-oceanen-konferens-lokal-arken-hotell-goteborg-8267-768x511.jpg 768w, https:\/\/arkenhotel.com\/wp-content\/uploads\/sites\/5\/2025\/04\/20-oceanen-konferens-lokal-arken-hotell-goteborg-8267-1536x1022.jpg 1536w, https:\/\/arkenhotel.com\/wp-content\/uploads\/sites\/5\/2025\/04\/20-oceanen-konferens-lokal-arken-hotell-goteborg-8267.jpg 1623w\" sizes=\"auto, (max-width: 900px) 100vw, 900px\" \/><button class=\"lightbox-trigger\" type=\"button\" aria-haspopup=\"dialog\" aria-label=\"Enlarge\" data-wp-init=\"callbacks.initTriggerButton\" data-wp-on--click=\"actions.showLightbox\" data-wp-style--right=\"state.imageButtonRight\" data-wp-style--top=\"state.imageButtonTop\">\n\t\t\t<svg xmlns=\"http:\/\/www.w3.org\/2000\/svg\" width=\"12\" height=\"12\" fill=\"none\" viewbox=\"0 0 12 12\">\n\t\t\t\t<path fill=\"#fff\" d=\"M2 0a2 2 0 0 0-2 2v2h1.5V2a.5.5 0 0 1 .5-.5h2V0H2Zm2 10.5H2a.5.5 0 0 1-.5-.5V8H0v2a2 2 0 0 0 2 2h2v-1.5ZM8 12v-1.5h2a.5.5 0 0 0 .5-.5V8H12v2a2 2 0 0 1-2 2H8Zm2-12a2 2 0 0 1 2 2v2h-1.5V2a.5.5 0 0 0-.5-.5H8V0h2Z\"><\/path>\n\t\t\t<\/svg>\n\t\t<\/button><figcaption class=\"wp-element-caption\">Capacity for 500 people in theater seating.  <\/figcaption><\/figure>\n<\/div><\/swiper-slide><swiper-slide><div class=\"wp-block-group is-layout-flow wp-block-group-is-layout-flow\">\n<figure data-wp-context='{\"imageId\":\"69f17ecd8d58d\"}' data-wp-interactive=\"core\/image\" data-wp-key=\"69f17ecd8d58d\" class=\"wp-block-image size-large is-resized wp-lightbox-container\"><img loading=\"lazy\" decoding=\"async\" width=\"900\" height=\"599\" data-wp-class--hide=\"state.isContentHidden\" data-wp-class--show=\"state.isContentVisible\" data-wp-init=\"callbacks.setButtonStyles\" data-wp-on--click=\"actions.showLightbox\" data-wp-on--load=\"callbacks.setButtonStyles\" data-wp-on-window--resize=\"callbacks.setButtonStyles\" src=\"https:\/\/arkenhotel.com\/wp-content\/uploads\/sites\/5\/2025\/04\/20_oceanen-konferens-lokal-arken-1-900x599.jpg\" alt=\"buttons for technology in the ocean\" class=\"wp-image-25853\" style=\"aspect-ratio:3\/2;object-fit:cover;width:auto;height:500px\" srcset=\"https:\/\/arkenhotel.com\/wp-content\/uploads\/sites\/5\/2025\/04\/20_oceanen-konferens-lokal-arken-1-900x599.jpg 900w, https:\/\/arkenhotel.com\/wp-content\/uploads\/sites\/5\/2025\/04\/20_oceanen-konferens-lokal-arken-1-400x266.jpg 400w, https:\/\/arkenhotel.com\/wp-content\/uploads\/sites\/5\/2025\/04\/20_oceanen-konferens-lokal-arken-1-600x399.jpg 600w, https:\/\/arkenhotel.com\/wp-content\/uploads\/sites\/5\/2025\/04\/20_oceanen-konferens-lokal-arken-1-700x466.jpg 700w, https:\/\/arkenhotel.com\/wp-content\/uploads\/sites\/5\/2025\/04\/20_oceanen-konferens-lokal-arken-1-800x532.jpg 800w, https:\/\/arkenhotel.com\/wp-content\/uploads\/sites\/5\/2025\/04\/20_oceanen-konferens-lokal-arken-1-1000x665.jpg 1000w, https:\/\/arkenhotel.com\/wp-content\/uploads\/sites\/5\/2025\/04\/20_oceanen-konferens-lokal-arken-1-1100x732.jpg 1100w, https:\/\/arkenhotel.com\/wp-content\/uploads\/sites\/5\/2025\/04\/20_oceanen-konferens-lokal-arken-1-768x511.jpg 768w, https:\/\/arkenhotel.com\/wp-content\/uploads\/sites\/5\/2025\/04\/20_oceanen-konferens-lokal-arken-1.jpg 1200w\" sizes=\"auto, (max-width: 900px) 100vw, 900px\" \/><button class=\"lightbox-trigger\" type=\"button\" aria-haspopup=\"dialog\" aria-label=\"Enlarge\" data-wp-init=\"callbacks.initTriggerButton\" data-wp-on--click=\"actions.showLightbox\" data-wp-style--right=\"state.imageButtonRight\" data-wp-style--top=\"state.imageButtonTop\">\n\t\t\t<svg xmlns=\"http:\/\/www.w3.org\/2000\/svg\" width=\"12\" height=\"12\" fill=\"none\" viewbox=\"0 0 12 12\">\n\t\t\t\t<path fill=\"#fff\" d=\"M2 0a2 2 0 0 0-2 2v2h1.5V2a.5.5 0 0 1 .5-.5h2V0H2Zm2 10.5H2a.5.5 0 0 1-.5-.5V8H0v2a2 2 0 0 0 2 2h2v-1.5ZM8 12v-1.5h2a.5.5 0 0 0 .5-.5V8H12v2a2 2 0 0 1-2 2H8Zm2-12a2 2 0 0 1 2 2v2h-1.5V2a.5.5 0 0 0-.5-.5H8V0h2Z\"><\/path>\n\t\t\t<\/svg>\n\t\t<\/button><figcaption class=\"wp-element-caption\">Good technique with adjustment and coloring of light.<\/figcaption><\/figure>\n<\/div><\/swiper-slide><swiper-slide><div class=\"wp-block-group is-layout-flow wp-block-group-is-layout-flow\">\n<figure data-wp-context='{\"imageId\":\"69f17ecd8dbcb\"}' data-wp-interactive=\"core\/image\" data-wp-key=\"69f17ecd8dbcb\" class=\"wp-block-image size-large is-resized wp-lightbox-container\"><img loading=\"lazy\" decoding=\"async\" width=\"900\" height=\"601\" data-wp-class--hide=\"state.isContentHidden\" data-wp-class--show=\"state.isContentVisible\" data-wp-init=\"callbacks.setButtonStyles\" data-wp-on--click=\"actions.showLightbox\" data-wp-on--load=\"callbacks.setButtonStyles\" data-wp-on-window--resize=\"callbacks.setButtonStyles\" src=\"https:\/\/arkenhotel.com\/wp-content\/uploads\/sites\/5\/2025\/10\/oceanen-ljus-konferens-arken-5297-900x601.jpg\" alt=\"Oceanen colored with blue, green and purple light\" class=\"wp-image-28309\" style=\"aspect-ratio:3\/2;object-fit:cover;width:auto;height:500px\" srcset=\"https:\/\/arkenhotel.com\/wp-content\/uploads\/sites\/5\/2025\/10\/oceanen-ljus-konferens-arken-5297-900x601.jpg 900w, https:\/\/arkenhotel.com\/wp-content\/uploads\/sites\/5\/2025\/10\/oceanen-ljus-konferens-arken-5297-600x401.jpg 600w, https:\/\/arkenhotel.com\/wp-content\/uploads\/sites\/5\/2025\/10\/oceanen-ljus-konferens-arken-5297-768x513.jpg 768w, https:\/\/arkenhotel.com\/wp-content\/uploads\/sites\/5\/2025\/10\/oceanen-ljus-konferens-arken-5297-400x267.jpg 400w, https:\/\/arkenhotel.com\/wp-content\/uploads\/sites\/5\/2025\/10\/oceanen-ljus-konferens-arken-5297-700x467.jpg 700w, https:\/\/arkenhotel.com\/wp-content\/uploads\/sites\/5\/2025\/10\/oceanen-ljus-konferens-arken-5297-800x534.jpg 800w, https:\/\/arkenhotel.com\/wp-content\/uploads\/sites\/5\/2025\/10\/oceanen-ljus-konferens-arken-5297-1000x668.jpg 1000w, https:\/\/arkenhotel.com\/wp-content\/uploads\/sites\/5\/2025\/10\/oceanen-ljus-konferens-arken-5297-1100x735.jpg 1100w, https:\/\/arkenhotel.com\/wp-content\/uploads\/sites\/5\/2025\/10\/oceanen-ljus-konferens-arken-5297.jpg 1201w\" sizes=\"auto, (max-width: 900px) 100vw, 900px\" \/><button class=\"lightbox-trigger\" type=\"button\" aria-haspopup=\"dialog\" aria-label=\"Enlarge\" data-wp-init=\"callbacks.initTriggerButton\" data-wp-on--click=\"actions.showLightbox\" data-wp-style--right=\"state.imageButtonRight\" data-wp-style--top=\"state.imageButtonTop\">\n\t\t\t<svg xmlns=\"http:\/\/www.w3.org\/2000\/svg\" width=\"12\" height=\"12\" fill=\"none\" viewbox=\"0 0 12 12\">\n\t\t\t\t<path fill=\"#fff\" d=\"M2 0a2 2 0 0 0-2 2v2h1.5V2a.5.5 0 0 1 .5-.5h2V0H2Zm2 10.5H2a.5.5 0 0 1-.5-.5V8H0v2a2 2 0 0 0 2 2h2v-1.5ZM8 12v-1.5h2a.5.5 0 0 0 .5-.5V8H12v2a2 2 0 0 1-2 2H8Zm2-12a2 2 0 0 1 2 2v2h-1.5V2a.5.5 0 0 0-.5-.5H8V0h2Z\"><\/path>\n\t\t\t<\/svg>\n\t\t<\/button><figcaption class=\"wp-element-caption\">You can choose the color scheme of the room &#8211; perhaps your company&#8217;s logo?<\/figcaption><\/figure>\n<\/div><\/swiper-slide><swiper-slide><div class=\"wp-block-group is-layout-flow wp-block-group-is-layout-flow\">\n<figure data-wp-context='{\"imageId\":\"69f17ecd8e167\"}' data-wp-interactive=\"core\/image\" data-wp-key=\"69f17ecd8e167\" class=\"wp-block-image size-large is-resized wp-lightbox-container\"><img loading=\"lazy\" decoding=\"async\" width=\"900\" height=\"601\" data-wp-class--hide=\"state.isContentHidden\" data-wp-class--show=\"state.isContentVisible\" data-wp-init=\"callbacks.setButtonStyles\" data-wp-on--click=\"actions.showLightbox\" data-wp-on--load=\"callbacks.setButtonStyles\" data-wp-on-window--resize=\"callbacks.setButtonStyles\" src=\"https:\/\/arkenhotel.com\/wp-content\/uploads\/sites\/5\/2025\/04\/yoga-oceanen-konferens-arken-hotell-goteborg-2892-900x601.jpg\" alt=\"yoga event in the ocean\" class=\"wp-image-28027\" style=\"aspect-ratio:3\/2;object-fit:cover;width:auto;height:500px\" srcset=\"https:\/\/arkenhotel.com\/wp-content\/uploads\/sites\/5\/2025\/04\/yoga-oceanen-konferens-arken-hotell-goteborg-2892-900x601.jpg 900w, https:\/\/arkenhotel.com\/wp-content\/uploads\/sites\/5\/2025\/04\/yoga-oceanen-konferens-arken-hotell-goteborg-2892-600x400.jpg 600w, https:\/\/arkenhotel.com\/wp-content\/uploads\/sites\/5\/2025\/04\/yoga-oceanen-konferens-arken-hotell-goteborg-2892-768x513.jpg 768w, https:\/\/arkenhotel.com\/wp-content\/uploads\/sites\/5\/2025\/04\/yoga-oceanen-konferens-arken-hotell-goteborg-2892-1536x1025.jpg 1536w, https:\/\/arkenhotel.com\/wp-content\/uploads\/sites\/5\/2025\/04\/yoga-oceanen-konferens-arken-hotell-goteborg-2892-400x267.jpg 400w, https:\/\/arkenhotel.com\/wp-content\/uploads\/sites\/5\/2025\/04\/yoga-oceanen-konferens-arken-hotell-goteborg-2892-700x467.jpg 700w, https:\/\/arkenhotel.com\/wp-content\/uploads\/sites\/5\/2025\/04\/yoga-oceanen-konferens-arken-hotell-goteborg-2892-800x534.jpg 800w, https:\/\/arkenhotel.com\/wp-content\/uploads\/sites\/5\/2025\/04\/yoga-oceanen-konferens-arken-hotell-goteborg-2892-1000x667.jpg 1000w, https:\/\/arkenhotel.com\/wp-content\/uploads\/sites\/5\/2025\/04\/yoga-oceanen-konferens-arken-hotell-goteborg-2892-1100x734.jpg 1100w, https:\/\/arkenhotel.com\/wp-content\/uploads\/sites\/5\/2025\/04\/yoga-oceanen-konferens-arken-hotell-goteborg-2892-1280x854.jpg 1280w, https:\/\/arkenhotel.com\/wp-content\/uploads\/sites\/5\/2025\/04\/yoga-oceanen-konferens-arken-hotell-goteborg-2892.jpg 1618w\" sizes=\"auto, (max-width: 900px) 100vw, 900px\" \/><button class=\"lightbox-trigger\" type=\"button\" aria-haspopup=\"dialog\" aria-label=\"Enlarge\" data-wp-init=\"callbacks.initTriggerButton\" data-wp-on--click=\"actions.showLightbox\" data-wp-style--right=\"state.imageButtonRight\" data-wp-style--top=\"state.imageButtonTop\">\n\t\t\t<svg xmlns=\"http:\/\/www.w3.org\/2000\/svg\" width=\"12\" height=\"12\" fill=\"none\" viewbox=\"0 0 12 12\">\n\t\t\t\t<path fill=\"#fff\" d=\"M2 0a2 2 0 0 0-2 2v2h1.5V2a.5.5 0 0 1 .5-.5h2V0H2Zm2 10.5H2a.5.5 0 0 1-.5-.5V8H0v2a2 2 0 0 0 2 2h2v-1.5ZM8 12v-1.5h2a.5.5 0 0 0 .5-.5V8H12v2a2 2 0 0 1-2 2H8Zm2-12a2 2 0 0 1 2 2v2h-1.5V2a.5.5 0 0 0-.5-.5H8V0h2Z\"><\/path>\n\t\t\t<\/svg>\n\t\t<\/button><figcaption class=\"wp-element-caption\">The entire Oceanen is covered in textiles, which creates a pleasant setting for a yoga event, for example.<\/figcaption><\/figure>\n<\/div><\/swiper-slide><swiper-slide><div class=\"wp-block-group is-layout-flow wp-block-group-is-layout-flow\">\n<figure data-wp-context='{\"imageId\":\"69f17ecd8e794\"}' data-wp-interactive=\"core\/image\" data-wp-key=\"69f17ecd8e794\" class=\"wp-block-image size-large is-resized wp-lightbox-container\"><img loading=\"lazy\" decoding=\"async\" width=\"900\" height=\"601\" data-wp-class--hide=\"state.isContentHidden\" data-wp-class--show=\"state.isContentVisible\" data-wp-init=\"callbacks.setButtonStyles\" data-wp-on--click=\"actions.showLightbox\" data-wp-on--load=\"callbacks.setButtonStyles\" data-wp-on-window--resize=\"callbacks.setButtonStyles\" src=\"https:\/\/arkenhotel.com\/wp-content\/uploads\/sites\/5\/2025\/04\/take-over-konferens-arken-goteborg-9192-900x601.jpg\" alt=\"Mass and chairs in a row in oceanen\" class=\"wp-image-28018\" style=\"aspect-ratio:3\/2;object-fit:cover;width:auto;height:500px\" srcset=\"https:\/\/arkenhotel.com\/wp-content\/uploads\/sites\/5\/2025\/04\/take-over-konferens-arken-goteborg-9192-900x601.jpg 900w, https:\/\/arkenhotel.com\/wp-content\/uploads\/sites\/5\/2025\/04\/take-over-konferens-arken-goteborg-9192-600x400.jpg 600w, https:\/\/arkenhotel.com\/wp-content\/uploads\/sites\/5\/2025\/04\/take-over-konferens-arken-goteborg-9192-768x513.jpg 768w, https:\/\/arkenhotel.com\/wp-content\/uploads\/sites\/5\/2025\/04\/take-over-konferens-arken-goteborg-9192-1536x1025.jpg 1536w, https:\/\/arkenhotel.com\/wp-content\/uploads\/sites\/5\/2025\/04\/take-over-konferens-arken-goteborg-9192-400x267.jpg 400w, https:\/\/arkenhotel.com\/wp-content\/uploads\/sites\/5\/2025\/04\/take-over-konferens-arken-goteborg-9192-700x467.jpg 700w, https:\/\/arkenhotel.com\/wp-content\/uploads\/sites\/5\/2025\/04\/take-over-konferens-arken-goteborg-9192-800x534.jpg 800w, https:\/\/arkenhotel.com\/wp-content\/uploads\/sites\/5\/2025\/04\/take-over-konferens-arken-goteborg-9192-1000x667.jpg 1000w, https:\/\/arkenhotel.com\/wp-content\/uploads\/sites\/5\/2025\/04\/take-over-konferens-arken-goteborg-9192-1100x734.jpg 1100w, https:\/\/arkenhotel.com\/wp-content\/uploads\/sites\/5\/2025\/04\/take-over-konferens-arken-goteborg-9192-1280x854.jpg 1280w, https:\/\/arkenhotel.com\/wp-content\/uploads\/sites\/5\/2025\/04\/take-over-konferens-arken-goteborg-9192.jpg 1618w\" sizes=\"auto, (max-width: 900px) 100vw, 900px\" \/><button class=\"lightbox-trigger\" type=\"button\" aria-haspopup=\"dialog\" aria-label=\"Enlarge\" data-wp-init=\"callbacks.initTriggerButton\" data-wp-on--click=\"actions.showLightbox\" data-wp-style--right=\"state.imageButtonRight\" data-wp-style--top=\"state.imageButtonTop\">\n\t\t\t<svg xmlns=\"http:\/\/www.w3.org\/2000\/svg\" width=\"12\" height=\"12\" fill=\"none\" viewbox=\"0 0 12 12\">\n\t\t\t\t<path fill=\"#fff\" d=\"M2 0a2 2 0 0 0-2 2v2h1.5V2a.5.5 0 0 1 .5-.5h2V0H2Zm2 10.5H2a.5.5 0 0 1-.5-.5V8H0v2a2 2 0 0 0 2 2h2v-1.5ZM8 12v-1.5h2a.5.5 0 0 0 .5-.5V8H12v2a2 2 0 0 1-2 2H8Zm2-12a2 2 0 0 1 2 2v2h-1.5V2a.5.5 0 0 0-.5-.5H8V0h2Z\"><\/path>\n\t\t\t<\/svg>\n\t\t<\/button><figcaption class=\"wp-element-caption\">The room is set up for exhibitions and lectures.  <\/figcaption><\/figure>\n<\/div><\/swiper-slide><swiper-slide><div class=\"wp-block-group is-layout-flow wp-block-group-is-layout-flow\">\n<figure class=\"wp-block-image size-large is-resized\"><img loading=\"lazy\" decoding=\"async\" width=\"900\" height=\"601\" src=\"https:\/\/arkenhotel.com\/wp-content\/uploads\/sites\/5\/2025\/04\/eventhall-oceanen-konferens-arken-hotell-goteborg-1641-900x601.jpg\" alt=\"scene in oceanen\" class=\"wp-image-28025\" style=\"aspect-ratio:3\/2;object-fit:cover;width:auto;height:500px\" srcset=\"https:\/\/arkenhotel.com\/wp-content\/uploads\/sites\/5\/2025\/04\/eventhall-oceanen-konferens-arken-hotell-goteborg-1641-900x601.jpg 900w, https:\/\/arkenhotel.com\/wp-content\/uploads\/sites\/5\/2025\/04\/eventhall-oceanen-konferens-arken-hotell-goteborg-1641-600x400.jpg 600w, https:\/\/arkenhotel.com\/wp-content\/uploads\/sites\/5\/2025\/04\/eventhall-oceanen-konferens-arken-hotell-goteborg-1641-768x513.jpg 768w, https:\/\/arkenhotel.com\/wp-content\/uploads\/sites\/5\/2025\/04\/eventhall-oceanen-konferens-arken-hotell-goteborg-1641-1536x1025.jpg 1536w, https:\/\/arkenhotel.com\/wp-content\/uploads\/sites\/5\/2025\/04\/eventhall-oceanen-konferens-arken-hotell-goteborg-1641-400x267.jpg 400w, https:\/\/arkenhotel.com\/wp-content\/uploads\/sites\/5\/2025\/04\/eventhall-oceanen-konferens-arken-hotell-goteborg-1641-700x467.jpg 700w, https:\/\/arkenhotel.com\/wp-content\/uploads\/sites\/5\/2025\/04\/eventhall-oceanen-konferens-arken-hotell-goteborg-1641-800x534.jpg 800w, https:\/\/arkenhotel.com\/wp-content\/uploads\/sites\/5\/2025\/04\/eventhall-oceanen-konferens-arken-hotell-goteborg-1641-1000x667.jpg 1000w, https:\/\/arkenhotel.com\/wp-content\/uploads\/sites\/5\/2025\/04\/eventhall-oceanen-konferens-arken-hotell-goteborg-1641-1100x734.jpg 1100w, https:\/\/arkenhotel.com\/wp-content\/uploads\/sites\/5\/2025\/04\/eventhall-oceanen-konferens-arken-hotell-goteborg-1641-1280x854.jpg 1280w, https:\/\/arkenhotel.com\/wp-content\/uploads\/sites\/5\/2025\/04\/eventhall-oceanen-konferens-arken-hotell-goteborg-1641.jpg 1618w\" sizes=\"auto, (max-width: 900px) 100vw, 900px\" \/><figcaption class=\"wp-element-caption\">There is also a large stage of 24 square meters.  <\/figcaption><\/figure>\n<\/div><\/swiper-slide><swiper-slide><div class=\"wp-block-group is-layout-flow wp-block-group-is-layout-flow\">\n<figure class=\"wp-block-image size-full is-resized\"><img loading=\"lazy\" decoding=\"async\" width=\"600\" height=\"800\" src=\"https:\/\/arkenhotel.com\/wp-content\/uploads\/sites\/5\/2025\/04\/20_Arken_oceanen-38-2.jpg\" alt=\"White theme party in Oceanen\" class=\"wp-image-28199\" style=\"aspect-ratio:3\/2;object-fit:cover;width:auto;height:500px\" srcset=\"https:\/\/arkenhotel.com\/wp-content\/uploads\/sites\/5\/2025\/04\/20_Arken_oceanen-38-2.jpg 600w, https:\/\/arkenhotel.com\/wp-content\/uploads\/sites\/5\/2025\/04\/20_Arken_oceanen-38-2-450x600.jpg 450w, https:\/\/arkenhotel.com\/wp-content\/uploads\/sites\/5\/2025\/04\/20_Arken_oceanen-38-2-400x533.jpg 400w\" sizes=\"auto, (max-width: 600px) 100vw, 600px\" \/><figcaption class=\"wp-element-caption\">The premises can be customized according to your wishes.  <\/figcaption><\/figure>\n<\/div><\/swiper-slide><swiper-slide><div class=\"wp-block-group is-layout-flow wp-block-group-is-layout-flow\">\n<figure data-wp-context='{\"imageId\":\"69f17ecd8f461\"}' data-wp-interactive=\"core\/image\" data-wp-key=\"69f17ecd8f461\" class=\"wp-block-image size-large is-resized wp-lightbox-container\"><img loading=\"lazy\" decoding=\"async\" width=\"900\" height=\"601\" data-wp-class--hide=\"state.isContentHidden\" data-wp-class--show=\"state.isContentVisible\" data-wp-init=\"callbacks.setButtonStyles\" data-wp-on--click=\"actions.showLightbox\" data-wp-on--load=\"callbacks.setButtonStyles\" data-wp-on-window--resize=\"callbacks.setButtonStyles\" src=\"https:\/\/arkenhotel.com\/wp-content\/uploads\/sites\/5\/2025\/04\/mingelyta-konferens-arken-hotell-gbg-2798-900x601.jpg\" alt=\"conference lounge\" class=\"wp-image-27614\" style=\"aspect-ratio:3\/2;object-fit:cover;width:auto;height:500px\" srcset=\"https:\/\/arkenhotel.com\/wp-content\/uploads\/sites\/5\/2025\/04\/mingelyta-konferens-arken-hotell-gbg-2798-900x601.jpg 900w, https:\/\/arkenhotel.com\/wp-content\/uploads\/sites\/5\/2025\/04\/mingelyta-konferens-arken-hotell-gbg-2798-600x400.jpg 600w, https:\/\/arkenhotel.com\/wp-content\/uploads\/sites\/5\/2025\/04\/mingelyta-konferens-arken-hotell-gbg-2798-768x513.jpg 768w, https:\/\/arkenhotel.com\/wp-content\/uploads\/sites\/5\/2025\/04\/mingelyta-konferens-arken-hotell-gbg-2798-1536x1025.jpg 1536w, https:\/\/arkenhotel.com\/wp-content\/uploads\/sites\/5\/2025\/04\/mingelyta-konferens-arken-hotell-gbg-2798-400x267.jpg 400w, https:\/\/arkenhotel.com\/wp-content\/uploads\/sites\/5\/2025\/04\/mingelyta-konferens-arken-hotell-gbg-2798-700x467.jpg 700w, https:\/\/arkenhotel.com\/wp-content\/uploads\/sites\/5\/2025\/04\/mingelyta-konferens-arken-hotell-gbg-2798-800x534.jpg 800w, https:\/\/arkenhotel.com\/wp-content\/uploads\/sites\/5\/2025\/04\/mingelyta-konferens-arken-hotell-gbg-2798-1000x667.jpg 1000w, https:\/\/arkenhotel.com\/wp-content\/uploads\/sites\/5\/2025\/04\/mingelyta-konferens-arken-hotell-gbg-2798-1100x734.jpg 1100w, https:\/\/arkenhotel.com\/wp-content\/uploads\/sites\/5\/2025\/04\/mingelyta-konferens-arken-hotell-gbg-2798-1280x854.jpg 1280w, https:\/\/arkenhotel.com\/wp-content\/uploads\/sites\/5\/2025\/04\/mingelyta-konferens-arken-hotell-gbg-2798.jpg 1618w\" sizes=\"auto, (max-width: 900px) 100vw, 900px\" \/><button class=\"lightbox-trigger\" type=\"button\" aria-haspopup=\"dialog\" aria-label=\"Enlarge\" data-wp-init=\"callbacks.initTriggerButton\" data-wp-on--click=\"actions.showLightbox\" data-wp-style--right=\"state.imageButtonRight\" data-wp-style--top=\"state.imageButtonTop\">\n\t\t\t<svg xmlns=\"http:\/\/www.w3.org\/2000\/svg\" width=\"12\" height=\"12\" fill=\"none\" viewbox=\"0 0 12 12\">\n\t\t\t\t<path fill=\"#fff\" d=\"M2 0a2 2 0 0 0-2 2v2h1.5V2a.5.5 0 0 1 .5-.5h2V0H2Zm2 10.5H2a.5.5 0 0 1-.5-.5V8H0v2a2 2 0 0 0 2 2h2v-1.5ZM8 12v-1.5h2a.5.5 0 0 0 .5-.5V8H12v2a2 2 0 0 1-2 2H8Zm2-12a2 2 0 0 1 2 2v2h-1.5V2a.5.5 0 0 0-.5-.5H8V0h2Z\"><\/path>\n\t\t\t<\/svg>\n\t\t<\/button><figcaption class=\"wp-element-caption\">There are large common areas and smaller rooms adjacent to the Oceanen.<\/figcaption><\/figure>\n<\/div><\/swiper-slide><swiper-slide><div class=\"wp-block-group is-layout-flow wp-block-group-is-layout-flow\">\n<figure data-wp-context='{\"imageId\":\"69f17ecd8fb64\"}' data-wp-interactive=\"core\/image\" data-wp-key=\"69f17ecd8fb64\" class=\"wp-block-image size-large is-resized wp-lightbox-container\"><img loading=\"lazy\" decoding=\"async\" width=\"900\" height=\"601\" data-wp-class--hide=\"state.isContentHidden\" data-wp-class--show=\"state.isContentVisible\" data-wp-init=\"callbacks.setButtonStyles\" data-wp-on--click=\"actions.showLightbox\" data-wp-on--load=\"callbacks.setButtonStyles\" data-wp-on-window--resize=\"callbacks.setButtonStyles\" src=\"https:\/\/arkenhotel.com\/wp-content\/uploads\/sites\/5\/2025\/07\/restaurang-arken-hotell-goteborg-4253-900x601.jpg\" alt=\"interior of Flora restaurant\" class=\"wp-image-26892\" style=\"aspect-ratio:3\/2;object-fit:cover;width:auto;height:500px\" srcset=\"https:\/\/arkenhotel.com\/wp-content\/uploads\/sites\/5\/2025\/07\/restaurang-arken-hotell-goteborg-4253-900x601.jpg 900w, https:\/\/arkenhotel.com\/wp-content\/uploads\/sites\/5\/2025\/07\/restaurang-arken-hotell-goteborg-4253-600x400.jpg 600w, https:\/\/arkenhotel.com\/wp-content\/uploads\/sites\/5\/2025\/07\/restaurang-arken-hotell-goteborg-4253-768x513.jpg 768w, https:\/\/arkenhotel.com\/wp-content\/uploads\/sites\/5\/2025\/07\/restaurang-arken-hotell-goteborg-4253-1536x1025.jpg 1536w, https:\/\/arkenhotel.com\/wp-content\/uploads\/sites\/5\/2025\/07\/restaurang-arken-hotell-goteborg-4253-400x267.jpg 400w, https:\/\/arkenhotel.com\/wp-content\/uploads\/sites\/5\/2025\/07\/restaurang-arken-hotell-goteborg-4253-700x467.jpg 700w, https:\/\/arkenhotel.com\/wp-content\/uploads\/sites\/5\/2025\/07\/restaurang-arken-hotell-goteborg-4253-800x534.jpg 800w, https:\/\/arkenhotel.com\/wp-content\/uploads\/sites\/5\/2025\/07\/restaurang-arken-hotell-goteborg-4253-1000x667.jpg 1000w, https:\/\/arkenhotel.com\/wp-content\/uploads\/sites\/5\/2025\/07\/restaurang-arken-hotell-goteborg-4253-1100x734.jpg 1100w, https:\/\/arkenhotel.com\/wp-content\/uploads\/sites\/5\/2025\/07\/restaurang-arken-hotell-goteborg-4253-1280x854.jpg 1280w, https:\/\/arkenhotel.com\/wp-content\/uploads\/sites\/5\/2025\/07\/restaurang-arken-hotell-goteborg-4253.jpg 1618w\" sizes=\"auto, (max-width: 900px) 100vw, 900px\" \/><button class=\"lightbox-trigger\" type=\"button\" aria-haspopup=\"dialog\" aria-label=\"Enlarge\" data-wp-init=\"callbacks.initTriggerButton\" data-wp-on--click=\"actions.showLightbox\" data-wp-style--right=\"state.imageButtonRight\" data-wp-style--top=\"state.imageButtonTop\">\n\t\t\t<svg xmlns=\"http:\/\/www.w3.org\/2000\/svg\" width=\"12\" height=\"12\" fill=\"none\" viewbox=\"0 0 12 12\">\n\t\t\t\t<path fill=\"#fff\" d=\"M2 0a2 2 0 0 0-2 2v2h1.5V2a.5.5 0 0 1 .5-.5h2V0H2Zm2 10.5H2a.5.5 0 0 1-.5-.5V8H0v2a2 2 0 0 0 2 2h2v-1.5ZM8 12v-1.5h2a.5.5 0 0 0 .5-.5V8H12v2a2 2 0 0 1-2 2H8Zm2-12a2 2 0 0 1 2 2v2h-1.5V2a.5.5 0 0 0-.5-.5H8V0h2Z\"><\/path>\n\t\t\t<\/svg>\n\t\t<\/button><figcaption class=\"wp-element-caption\">The premises are centrally located in the building, close to the restaurant and hotel rooms.  <\/figcaption><\/figure>\n<\/div><\/swiper-slide><swiper-slide><div class=\"wp-block-group is-layout-flow wp-block-group-is-layout-flow\">\n<figure data-wp-context='{\"imageId\":\"69f17ecd901b5\"}' data-wp-interactive=\"core\/image\" data-wp-key=\"69f17ecd901b5\" class=\"wp-block-image size-large is-resized wp-lightbox-container\"><img loading=\"lazy\" decoding=\"async\" width=\"900\" height=\"601\" data-wp-class--hide=\"state.isContentHidden\" data-wp-class--show=\"state.isContentVisible\" data-wp-init=\"callbacks.setButtonStyles\" data-wp-on--click=\"actions.showLightbox\" data-wp-on--load=\"callbacks.setButtonStyles\" data-wp-on-window--resize=\"callbacks.setButtonStyles\" src=\"https:\/\/arkenhotel.com\/wp-content\/uploads\/sites\/5\/2025\/04\/parkering-arken-hotell-goteborg-1665-900x601.jpg\" alt=\"free parking for 500 cars\" class=\"wp-image-27652\" style=\"aspect-ratio:3\/2;object-fit:cover;width:auto;height:500px\" srcset=\"https:\/\/arkenhotel.com\/wp-content\/uploads\/sites\/5\/2025\/04\/parkering-arken-hotell-goteborg-1665-900x601.jpg 900w, https:\/\/arkenhotel.com\/wp-content\/uploads\/sites\/5\/2025\/04\/parkering-arken-hotell-goteborg-1665-600x400.jpg 600w, https:\/\/arkenhotel.com\/wp-content\/uploads\/sites\/5\/2025\/04\/parkering-arken-hotell-goteborg-1665-768x513.jpg 768w, https:\/\/arkenhotel.com\/wp-content\/uploads\/sites\/5\/2025\/04\/parkering-arken-hotell-goteborg-1665-1536x1025.jpg 1536w, https:\/\/arkenhotel.com\/wp-content\/uploads\/sites\/5\/2025\/04\/parkering-arken-hotell-goteborg-1665-400x267.jpg 400w, https:\/\/arkenhotel.com\/wp-content\/uploads\/sites\/5\/2025\/04\/parkering-arken-hotell-goteborg-1665-700x467.jpg 700w, https:\/\/arkenhotel.com\/wp-content\/uploads\/sites\/5\/2025\/04\/parkering-arken-hotell-goteborg-1665-800x534.jpg 800w, https:\/\/arkenhotel.com\/wp-content\/uploads\/sites\/5\/2025\/04\/parkering-arken-hotell-goteborg-1665-1000x667.jpg 1000w, https:\/\/arkenhotel.com\/wp-content\/uploads\/sites\/5\/2025\/04\/parkering-arken-hotell-goteborg-1665-1100x734.jpg 1100w, https:\/\/arkenhotel.com\/wp-content\/uploads\/sites\/5\/2025\/04\/parkering-arken-hotell-goteborg-1665-1280x854.jpg 1280w, https:\/\/arkenhotel.com\/wp-content\/uploads\/sites\/5\/2025\/04\/parkering-arken-hotell-goteborg-1665.jpg 1618w\" sizes=\"auto, (max-width: 900px) 100vw, 900px\" \/><button class=\"lightbox-trigger\" type=\"button\" aria-haspopup=\"dialog\" aria-label=\"Enlarge\" data-wp-init=\"callbacks.initTriggerButton\" data-wp-on--click=\"actions.showLightbox\" data-wp-style--right=\"state.imageButtonRight\" data-wp-style--top=\"state.imageButtonTop\">\n\t\t\t<svg xmlns=\"http:\/\/www.w3.org\/2000\/svg\" width=\"12\" height=\"12\" fill=\"none\" viewbox=\"0 0 12 12\">\n\t\t\t\t<path fill=\"#fff\" d=\"M2 0a2 2 0 0 0-2 2v2h1.5V2a.5.5 0 0 1 .5-.5h2V0H2Zm2 10.5H2a.5.5 0 0 1-.5-.5V8H0v2a2 2 0 0 0 2 2h2v-1.5ZM8 12v-1.5h2a.5.5 0 0 0 .5-.5V8H12v2a2 2 0 0 1-2 2H8Zm2-12a2 2 0 0 1 2 2v2h-1.5V2a.5.5 0 0 0-.5-.5H8V0h2Z\"><\/path>\n\t\t\t<\/svg>\n\t\t<\/button><figcaption class=\"wp-element-caption\">Free parking for 500 cars and charging points for electric cars are available.<\/figcaption><\/figure>\n<\/div><\/swiper-slide><\/swiper-container><\/body><\/html>\n<\/div>\n<\/div>\n<\/div>\n\n<div class=\"wp-block-group has-white-color has-color-1-background-color has-text-color has-background has-link-color wp-elements-12fe5fa0c1db3cebe722daaf3bddf562 has-global-padding is-layout-constrained wp-block-group-is-layout-constrained\" style=\"padding-top:var(--wp--preset--spacing--5);padding-bottom:var(--wp--preset--spacing--5)\">\n<div class=\"wp-block-columns are-vertically-aligned-center is-layout-flex wp-container-core-columns-is-layout-67705a99 wp-block-columns-is-layout-flex\">\n<div class=\"wp-block-column is-vertically-aligned-center is-layout-flow wp-block-column-is-layout-flow\">\n<div class=\"wp-block-group has-global-padding is-layout-constrained wp-block-group-is-layout-constrained\">\n<h2 class=\"wp-block-heading has-text-align-center\">premises for trade fairs and events in gothenburg<\/h2>\n\n\n\n<p class=\"has-text-align-center\">Arken Hotel &amp; Art Garden Spa is a 15-minute drive from the city center, with the Gothenburg archipelago and Arendal harbor area as neighbors. The location, together with free parking for 500 cars, makes it perfect for large events and fairs.<\/p>\n<\/div>\n<\/div>\n\n\n\n<div class=\"wp-block-column is-vertically-aligned-center is-layout-flow wp-container-core-column-is-layout-411270cb wp-block-column-is-layout-flow\">\n<div class=\"wp-block-group is-content-justification-center is-nowrap is-layout-flex wp-container-core-group-is-layout-1a69f193 wp-block-group-is-layout-flex\">\n<div class=\"wp-block-group is-vertical is-content-justification-center is-layout-flex wp-container-core-group-is-layout-ce155fab wp-block-group-is-layout-flex\">\n<p class=\"has-text-align-center has-heading-font-family has-h-2-heading-font-size\" style=\"margin-top:0;margin-bottom:0;line-height:1.1\"><strong>15 min<\/strong><\/p>\n\n\n\n<p class=\"has-color-2-color has-text-color has-link-color has-x-small-font-size wp-elements-522952230661d40cea0dabe8629ac9c5\" style=\"margin-top:var(--wp--preset--spacing--0-25);margin-bottom:var(--wp--preset--spacing--0-25);font-style:normal;font-weight:500;text-transform:uppercase\">by car from<\/p>\n\n\n\n<p class=\"has-heading-font-family has-h-3-heading-font-size\" style=\"margin-top:0;margin-bottom:0\">Gothenburg, Sweden<\/p>\n<\/div>\n\n\n\n<div class=\"wp-block-group is-vertical is-content-justification-center is-layout-flex wp-container-core-group-is-layout-ce155fab wp-block-group-is-layout-flex\">\n<p class=\"has-text-align-center has-heading-font-family has-h-2-heading-font-size\" style=\"margin-top:0;margin-bottom:0;line-height:1.1\">30<strong> minutes<\/strong><\/p>\n\n\n\n<p class=\"has-color-2-color has-text-color has-link-color has-x-small-font-size wp-elements-522952230661d40cea0dabe8629ac9c5\" style=\"margin-top:var(--wp--preset--spacing--0-25);margin-bottom:var(--wp--preset--spacing--0-25);font-style:normal;font-weight:500;text-transform:uppercase\">by car from<\/p>\n\n\n\n<p class=\"has-heading-font-family has-h-3-heading-font-size\" style=\"margin-top:0;margin-bottom:0\">Landvetter<\/p>\n<\/div>\n<\/div>\n<\/div>\n<\/div>\n<\/div>\n\n<div id=\"kontakt\" class=\"wp-block-group has-global-padding is-layout-constrained wp-block-group-is-layout-constrained\" style=\"padding-top:var(--wp--preset--spacing--5);padding-bottom:var(--wp--preset--spacing--3)\">\n<div class=\"wp-block-columns is-layout-flex wp-container-core-columns-is-layout-dbfa7ccc wp-block-columns-is-layout-flex\">\n<div class=\"wp-block-column is-layout-flow wp-block-column-is-layout-flow\" style=\"flex-basis:40%\">\n<h2 class=\"wp-block-heading\">We help you book your trade fair<\/h2>\n\n\n\n<p>Fill in the form and we will help you book your next event. We will get back to you within 24 hours on weekdays. <\/p>\n\n\n\n<p>You can also contact us on tel: <a href=\"tel:+46317262505\">031-726 25 05<\/a> or mail: <a href=\"mailto:konferens@arkenhotel.com\">konferens@arkenhotel.com<\/a><\/p>\n\n\n\n<figure class=\"wp-block-image size-700px\" style=\"margin-top:var(--wp--preset--spacing--1-75);margin-bottom:var(--wp--preset--spacing--1-75)\"><img loading=\"lazy\" decoding=\"async\" width=\"700\" height=\"467\" src=\"https:\/\/arkenhotel.com\/wp-content\/uploads\/sites\/5\/2025\/04\/personal-konferens-arken-hotell-goteborg-3631-700x467.jpg\" alt=\"meeting &amp;amp; event staff\" class=\"wp-image-27773\" style=\"aspect-ratio:3\/2;object-fit:cover\" srcset=\"https:\/\/arkenhotel.com\/wp-content\/uploads\/sites\/5\/2025\/04\/personal-konferens-arken-hotell-goteborg-3631-700x467.jpg 700w, https:\/\/arkenhotel.com\/wp-content\/uploads\/sites\/5\/2025\/04\/personal-konferens-arken-hotell-goteborg-3631-600x400.jpg 600w, https:\/\/arkenhotel.com\/wp-content\/uploads\/sites\/5\/2025\/04\/personal-konferens-arken-hotell-goteborg-3631-900x600.jpg 900w, https:\/\/arkenhotel.com\/wp-content\/uploads\/sites\/5\/2025\/04\/personal-konferens-arken-hotell-goteborg-3631-768x512.jpg 768w, https:\/\/arkenhotel.com\/wp-content\/uploads\/sites\/5\/2025\/04\/personal-konferens-arken-hotell-goteborg-3631-1536x1024.jpg 1536w, https:\/\/arkenhotel.com\/wp-content\/uploads\/sites\/5\/2025\/04\/personal-konferens-arken-hotell-goteborg-3631-400x267.jpg 400w, https:\/\/arkenhotel.com\/wp-content\/uploads\/sites\/5\/2025\/04\/personal-konferens-arken-hotell-goteborg-3631-800x533.jpg 800w, https:\/\/arkenhotel.com\/wp-content\/uploads\/sites\/5\/2025\/04\/personal-konferens-arken-hotell-goteborg-3631-1000x667.jpg 1000w, https:\/\/arkenhotel.com\/wp-content\/uploads\/sites\/5\/2025\/04\/personal-konferens-arken-hotell-goteborg-3631-1100x733.jpg 1100w, https:\/\/arkenhotel.com\/wp-content\/uploads\/sites\/5\/2025\/04\/personal-konferens-arken-hotell-goteborg-3631-1280x853.jpg 1280w, https:\/\/arkenhotel.com\/wp-content\/uploads\/sites\/5\/2025\/04\/personal-konferens-arken-hotell-goteborg-3631.jpg 1620w\" sizes=\"auto, (max-width: 700px) 100vw, 700px\" \/><\/figure>\n<\/div>\n\n\n\n<div class=\"wp-block-column is-layout-flow wp-block-column-is-layout-flow\"><div class=\"frm_forms  with_frm_style frm_style_formidables-stilmall frm_full_submit\" id=\"frm_form_1_container\" >\n<form enctype=\"multipart\/form-data\" method=\"post\" class=\"frm-show-form  frm_pro_form \" id=\"form_konferens\" >\n<div class=\"frm_form_fields \">\n<fieldset>\n<legend class=\"frm_screen_reader\">Conference<\/legend>\r\n\r\n<div class=\"frm_fields_container\">\n<input type=\"hidden\" name=\"frm_action\" value=\"create\" \/>\n<input type=\"hidden\" name=\"form_id\" value=\"1\" \/>\n<input type=\"hidden\" name=\"frm_hide_fields_1\" id=\"frm_hide_fields_1\" value=\"\" \/>\n<input type=\"hidden\" name=\"form_key\" value=\"konferens\" \/>\n<input type=\"hidden\" name=\"item_meta[0]\" value=\"\" \/>\n<input type=\"hidden\" id=\"frm_submit_entry_1\" name=\"frm_submit_entry_1\" value=\"df79d168c1\" \/><input type=\"hidden\" name=\"_wp_http_referer\" value=\"\/en\/wp-json\/wp\/v2\/meeting\/31781\" \/><div id=\"frm_field_1_container\" class=\"frm_form_field form-field  frm_required_field frm_top_container frm12 frm_first\">\r\n\t<label for=\"field_qh4icy\" id=\"field_qh4icy_label\" class=\"frm_primary_label\">Contact person\r\n\t\t<span class=\"frm_required\" aria-hidden=\"true\">*<\/span>\r\n\t<\/label>\r\n\t<input  type=\"text\" id=\"field_qh4icy\" name=\"item_meta[1]\" value=\"\"  data-reqmsg=\"Contact person cannot be empty.\" aria-required=\"true\" data-invmsg=\"Contact person is invalid.\" aria-invalid=\"false\"   \/>\r\n\t\r\n\t\r\n<\/div>\n<div id=\"frm_field_3_container\" class=\"frm_form_field form-field  frm_required_field frm_top_container frm6 frm_first\">\r\n\t<label for=\"field_29yf4d\" id=\"field_29yf4d_label\" class=\"frm_primary_label\">Email\r\n\t\t<span class=\"frm_required\" aria-hidden=\"true\">*<\/span>\r\n\t<\/label>\r\n\t<input type=\"email\" id=\"field_29yf4d\" name=\"item_meta[3]\" value=\"\"  data-reqmsg=\"Email cannot be empty.\" aria-required=\"true\" data-invmsg=\"Please enter a valid email address.\" aria-invalid=\"false\"  \/>\r\n\t\r\n\t\r\n<\/div>\n<div id=\"frm_field_7_container\" class=\"frm_form_field form-field  frm_required_field frm_top_container frm6\">\r\n\t<label for=\"field_4ovj\" id=\"field_4ovj_label\" class=\"frm_primary_label\">Telephone\r\n\t\t<span class=\"frm_required\" aria-hidden=\"true\">*<\/span>\r\n\t<\/label>\r\n\t<input type=\"tel\" id=\"field_4ovj\" name=\"item_meta[7]\" value=\"\"  data-reqmsg=\"Telephone cannot be empty.\" aria-required=\"true\" data-invmsg=\"Telephone is invalid.\" aria-invalid=\"false\" pattern=\"((\\+\\d{1,3}(-|.| )?\\(?\\d\\)?(-| |.)?\\d{1,5})|(\\(?\\d{2,6}\\)?))(-|.| )?(\\d{3,4})(-|.| )?(\\d{4})(( x| ext)\\d{1,5}){0,1}$\"  \/>\r\n\t\r\n\t\r\n<\/div>\n<div id=\"frm_field_2_container\" class=\"frm_form_field form-field  frm_required_field frm_top_container frm6 frm_first\">\r\n\t<label for=\"field_ocfup1\" id=\"field_ocfup1_label\" class=\"frm_primary_label\">Company\r\n\t\t<span class=\"frm_required\" aria-hidden=\"true\">*<\/span>\r\n\t<\/label>\r\n\t<input  type=\"text\" id=\"field_ocfup1\" name=\"item_meta[2]\" value=\"\"  data-reqmsg=\"Company cannot be empty.\" aria-required=\"true\" data-invmsg=\"Company is invalid.\" aria-invalid=\"false\"   \/>\r\n\t\r\n\t\r\n<\/div>\n<div id=\"frm_field_8_container\" class=\"frm_form_field form-field  frm_required_field frm_top_container frm6\">\r\n\t<label for=\"field_rgma9\" id=\"field_rgma9_label\" class=\"frm_primary_label\">Number of participants\r\n\t\t<span class=\"frm_required\" aria-hidden=\"true\">*<\/span>\r\n\t<\/label>\r\n\t<input  type=\"text\" id=\"field_rgma9\" name=\"item_meta[8]\" value=\"\"  data-reqmsg=\"Number of participants cannot be empty.\" aria-required=\"true\" data-invmsg=\"Number of participants is invalid.\" aria-invalid=\"false\"   \/>\r\n\t\r\n\t\r\n<\/div>\n<div id=\"frm_field_9_container\" class=\"frm_form_field form-field  frm_top_container frm_other_container\">\r\n\t<label for=\"field_ip7cc\" id=\"field_ip7cc_label\" class=\"frm_primary_label\">Seating\r\n\t\t<span class=\"frm_required\" aria-hidden=\"true\"><\/span>\r\n\t<\/label>\r\n\t\t\t<select name=\"item_meta[9]\" id=\"field_ip7cc\"  data-frmval=\"V\u00e4lj typ av sittning\" data-invmsg=\"Seating is invalid.\" aria-invalid=\"false\"  >\n\t\t<option  value=\"V\u00e4lj typ av sittning\" selected='selected'>Choose seating arrangement<\/option><option  value=\"Biosittning\">Theatre<\/option><option  value=\"Styrelsesittning\">Boardroom<\/option><option  value=\"Skolsittning\" class=\"frm_other_trigger\">Classroom<\/option><option  value=\"U-sittning\">U-shaped seating<\/option><option  value=\"\u00d6ar\">Banquet<\/option>\t<\/select>\n\t<label for=\"field_ip7cc-otext\" class=\"frm_screen_reader frm_hidden\">Seating<\/label><input type=\"text\" id=\"field_ip7cc-otext\" class=\"frm_other_input frm_pos_none\"  name=\"item_meta[other][9]\" value=\"\" \/>\r\n\t\r\n\t\r\n<\/div>\n<div id=\"frm_field_5_container\" class=\"frm_form_field form-field  frm_top_container frm_full\">\r\n\t<label for=\"field_9jv0r1\" id=\"field_9jv0r1_label\" class=\"frm_primary_label\">Tell us more about your planned conference\r\n\t\t<span class=\"frm_required\" aria-hidden=\"true\"><\/span>\r\n\t<\/label>\r\n\t<textarea name=\"item_meta[5]\" id=\"field_9jv0r1\" rows=\"5\"  data-invmsg=\"Tell us more about your planned conference is invalid.\" aria-invalid=\"false\"  ><\/textarea>\r\n\t\r\n\t\r\n<\/div>\n<div id=\"frm_field_52_container\" class=\"frm_form_field form-field  frm_required_field frm_top_container vertical_radio\">\r\n\t<div  id=\"field_vba17_label\" class=\"frm_primary_label\">Preferred follow-up\r\n\t\t<span class=\"frm_required\" aria-hidden=\"true\">*<\/span>\r\n\t<\/div>\r\n\t<div class=\"frm_opt_container\" aria-labelledby=\"field_vba17_label\" role=\"radiogroup\" aria-required=\"true\">\t\t<div class=\"frm_radio\" id=\"frm_radio_52-2\">\t\t\t<label  for=\"field_vba17-2\">\n\t\t\t\t\t<input type=\"radio\" name=\"item_meta[52]\" id=\"field_vba17-2\" value=\"Jag \u00f6nskar f\u00f6rslag p\u00e5 uppl\u00e4gg via mail\"\n\t\t data-reqmsg=\"Preferred follow-up cannot be empty.\" data-invmsg=\"Preferred follow-up is invalid.\"   \/> I would like to receive suggested programs by email<\/label><\/div>\n\t\t<div class=\"frm_radio\" id=\"frm_radio_52-1\">\t\t\t<label  for=\"field_vba17-1\">\n\t\t\t\t\t<input type=\"radio\" name=\"item_meta[52]\" id=\"field_vba17-1\" value=\"Jag \u00f6nskar en offert via mail\"\n\t\t data-reqmsg=\"Preferred follow-up cannot be empty.\" data-invmsg=\"Preferred follow-up is invalid.\"   \/> I would like to receive a quote by email<\/label><\/div>\n\t\t<div class=\"frm_radio\" id=\"frm_radio_52-0\">\t\t\t<label  for=\"field_vba17-0\">\n\t\t\t\t\t<input type=\"radio\" name=\"item_meta[52]\" id=\"field_vba17-0\" value=\"Jag \u00f6nskar bli kontaktad f\u00f6r att diskutera detaljer\"\n\t\t data-reqmsg=\"Preferred follow-up cannot be empty.\" data-invmsg=\"Preferred follow-up is invalid.\"   \/> I would like to be contacted to discuss the details<\/label><\/div>\n<\/div>\r\n\t\r\n\t\r\n<\/div>\n<div id=\"frm_field_10_container\" class=\"frm_form_field form-field  frm_required_field frm_top_container frm6 frm_first\">\r\n\t<label for=\"field_kf7jr\" id=\"field_kf7jr_label\" class=\"frm_primary_label\">Date of arrival\r\n\t\t<span class=\"frm_required\" aria-hidden=\"true\">*<\/span>\r\n\t<\/label>\r\n\t<input type=\"text\" id=\"field_kf7jr\" name=\"item_meta[10]\" value=\"\"  maxlength=\"10\" data-reqmsg=\"Date of arrival cannot be empty.\" aria-required=\"true\" data-invmsg=\"Date of arrival is invalid.\" class=\"frm_date\" aria-invalid=\"false\"  \/>\r\n\t\r\n\t\r\n<\/div>\n<div id=\"frm_field_11_container\" class=\"frm_form_field form-field  frm_required_field frm_top_container frm6\">\r\n\t<label for=\"field_g9q90\" id=\"field_g9q90_label\" class=\"frm_primary_label\">Date of departure\r\n\t\t<span class=\"frm_required\" aria-hidden=\"true\">*<\/span>\r\n\t<\/label>\r\n\t<input type=\"text\" id=\"field_g9q90\" name=\"item_meta[11]\" value=\"\"  maxlength=\"10\" data-reqmsg=\"Date of departure cannot be empty.\" aria-required=\"true\" data-invmsg=\"Date of departure is invalid.\" class=\"frm_date\" aria-invalid=\"false\"  \/>\r\n\t\r\n\t\r\n<\/div>\n<div id=\"frm_field_53_container\" class=\"frm_form_field form-field  frm_top_container frm6 frm_first\">\r\n\t<label for=\"field_lkbs8\" id=\"field_lkbs8_label\" class=\"frm_primary_label\">Alternative arrival date (if applicable)\r\n\t\t<span class=\"frm_required\" aria-hidden=\"true\"><\/span>\r\n\t<\/label>\r\n\t<input type=\"text\" id=\"field_lkbs8\" name=\"item_meta[53]\" value=\"\"  maxlength=\"10\" data-invmsg=\"Alternative arrival date (if applicable) is invalid.\" class=\"frm_date\" aria-invalid=\"false\"  \/>\r\n\t\r\n\t\r\n<\/div>\n<div id=\"frm_field_54_container\" class=\"frm_form_field form-field  frm_top_container frm6\">\r\n\t<label for=\"field_hwgdn\" id=\"field_hwgdn_label\" class=\"frm_primary_label\">Alternative departure date (if applicable)\r\n\t\t<span class=\"frm_required\" aria-hidden=\"true\"><\/span>\r\n\t<\/label>\r\n\t<input type=\"text\" id=\"field_hwgdn\" name=\"item_meta[54]\" value=\"\"  maxlength=\"10\" data-invmsg=\"Alternative departure date (if applicable) is invalid.\" class=\"frm_date\" aria-invalid=\"false\"  \/>\r\n\t\r\n\t\r\n<\/div>\n<div id=\"frm_field_12_container\" class=\"frm_form_field form-field  frm_required_field frm_none_container vertical_radio\">\r\n\t<div id=\"field_4ygul_label\" class=\"frm_primary_label\">I accept the terms and conditions\r\n\t\t<span class=\"frm_required\" aria-hidden=\"true\">*<\/span>\r\n\t<\/div>\r\n\t<div class=\"frm_opt_container\" role=\"group\">\t\t<div class=\"frm_checkbox\" id=\"frm_checkbox_12-0\">\t\t\t<label  for=\"field_4ygul-0\">\n\t\t\t<input type=\"checkbox\" name=\"item_meta[12][]\" id=\"field_4ygul-0\" value=\"Jag godk\u00e4nner att mina uppgifter lagras i enlighet med &lt;span class=&quot;popmake-9126&quot; style=&quot;text-decoration:underline;&quot;&gt;policyn f\u00f6r hantering av personuppgifter.&lt;\/span&gt;\"  data-reqmsg=\"I accept the terms and conditions cannot be empty.\" data-invmsg=\"I accept the terms and conditions is invalid.\"   aria-required=\"true\"  \/> I agree to the storage of my data in accordance with the <span class=\"popmake-33066\" style=\"text-decoration:underline\">privacy policy.<\/span><\/label><\/div>\n<\/div>\r\n\t\r\n\t\r\n<\/div>\n<div id=\"frm_field_51_container\" class=\"frm_form_field form-field  frm_none_container\">\r\n\t<label for=\"g-recaptcha-response\" id=\"field_xpksd_label\" class=\"frm_primary_label\">Captcha\r\n\t\t<span class=\"frm_required\" aria-hidden=\"true\"><\/span>\r\n\t<\/label>\r\n\t<div  id=\"field_xpksd\" class=\"frm-g-recaptcha\" data-sitekey=\"6LdsuA8sAAAAAIqM6hUrpmKz4e6bzGArLMVYiugw\" data-size=\"invisible\" data-theme=\"light\"><\/div>\r\n\t\r\n\t\r\n<\/div>\n<div id=\"frm_field_6_container\" class=\"frm_form_field form-field \">\r\n\t<div class=\"frm_submit frm_flex\">\r\n<button class=\"frm_button_submit frm_final_submit\" type=\"submit\"  formnovalidate=\"formnovalidate\">SEND<\/button>\r\n\r\n\r\n\r\n<\/div>\r\n<\/div>\n\t<input type=\"hidden\" name=\"item_key\" value=\"\" \/>\n\t\t\t<div id=\"frm_field_75_container\">\n\t\t\t<label for=\"field_ba0cb\" >\n\t\t\t\tIf you are human, leave this field blank.\t\t\t<\/label>\n\t\t\t<input  id=\"field_ba0cb\" type=\"text\" class=\"frm_form_field form-field frm_verify\" name=\"item_meta[75]\" value=\"\"  \/>\n\t\t<\/div>\n\t\t<input name=\"frm_state\" type=\"hidden\" value=\"q\/QG2BWUeZ1XlBdhv7l3utg8LPZPXGsYJ8h24fjbFj\/N32NgGz5lo62VStNvVGSQ\" \/><\/div>\n<\/fieldset>\n<\/div>\n\n<\/form>\n<\/div>\n<\/div>\n<\/div>\n<\/div>\n","protected":false},"excerpt":{"rendered":"<p>With modern technology and beautiful premises that are functional for loading and unloading, we make it easy for you to organize a trade fair.  <\/p>\n","protected":false},"author":3,"featured_media":31782,"template":"","meta":{"_acf_changed":false,"inline_featured_image":false,"footnotes":""},"featured_post":[],"class_list":["post-31781","meeting","type-meeting","status-publish","has-post-thumbnail","hentry"],"acf":[],"yoast_head":"<!-- This site is optimized with the Yoast SEO plugin v27.2 - https:\/\/yoast.com\/product\/yoast-seo-wordpress\/ -->\n<title>Venues for fairs &amp; events | Arken Hotel &amp; Art Garden Spa<\/title>\n<meta name=\"description\" content=\"With modern technology and beautiful premises that are functional for loading and unloading, we make it easy for you to organize a trade fair. Get in touch with us!\" \/>\n<meta name=\"robots\" content=\"index, follow, max-snippet:-1, max-image-preview:large, max-video-preview:-1\" \/>\n<link rel=\"canonical\" href=\"https:\/\/arkenhotel.com\/en\/meetings-events\/massa\/\" \/>\n<meta property=\"og:locale\" content=\"en_US\" \/>\n<meta property=\"og:type\" content=\"article\" \/>\n<meta property=\"og:title\" content=\"Venues for fairs &amp; events | Arken Hotel &amp; Art Garden Spa\" \/>\n<meta property=\"og:description\" content=\"With modern technology and beautiful premises that are functional for loading and unloading, we make it easy for you to organize a trade fair. Get in touch with us!\" \/>\n<meta property=\"og:url\" content=\"https:\/\/arkenhotel.com\/en\/meetings-events\/massa\/\" \/>\n<meta property=\"og:site_name\" content=\"Arken Hotel\" \/>\n<meta property=\"article:publisher\" content=\"https:\/\/www.facebook.com\/arkenhotel\/\" \/>\n<meta property=\"article:modified_time\" content=\"2025-11-14T15:07:57+00:00\" \/>\n<meta property=\"og:image\" content=\"https:\/\/arkenhotel.com\/wp-content\/uploads\/sites\/5\/2025\/04\/bil-utstallning-oceanen-arken-0215.jpg\" \/>\n\t<meta property=\"og:image:width\" content=\"1620\" \/>\n\t<meta property=\"og:image:height\" content=\"1080\" \/>\n\t<meta property=\"og:image:type\" content=\"image\/jpeg\" \/>\n<meta name=\"twitter:card\" content=\"summary_large_image\" \/>\n<meta name=\"twitter:label1\" content=\"Est. reading time\" \/>\n\t<meta name=\"twitter:data1\" content=\"5 minutes\" \/>\n<script type=\"application\/ld+json\" class=\"yoast-schema-graph\">{\"@context\":\"https:\/\/schema.org\",\"@graph\":[{\"@type\":\"WebPage\",\"@id\":\"https:\/\/arkenhotel.com\/en\/meetings-events\/massa\/\",\"url\":\"https:\/\/arkenhotel.com\/en\/meetings-events\/massa\/\",\"name\":\"Venues for fairs & events | Arken Hotel & Art Garden Spa\",\"isPartOf\":{\"@id\":\"https:\/\/arkenhotel.com\/en\/#website\"},\"primaryImageOfPage\":{\"@id\":\"https:\/\/arkenhotel.com\/en\/meetings-events\/massa\/#primaryimage\"},\"image\":{\"@id\":\"https:\/\/arkenhotel.com\/en\/meetings-events\/massa\/#primaryimage\"},\"thumbnailUrl\":\"https:\/\/arkenhotel.com\/wp-content\/uploads\/sites\/5\/2025\/04\/bil-utstallning-oceanen-arken-0215.jpg\",\"datePublished\":\"2025-10-28T11:17:26+00:00\",\"dateModified\":\"2025-11-14T15:07:57+00:00\",\"description\":\"With modern technology and beautiful premises that are functional for loading and unloading, we make it easy for you to organize a trade fair. Get in touch with us!\",\"breadcrumb\":{\"@id\":\"https:\/\/arkenhotel.com\/en\/meetings-events\/massa\/#breadcrumb\"},\"inLanguage\":\"en-US\",\"potentialAction\":[{\"@type\":\"ReadAction\",\"target\":[\"https:\/\/arkenhotel.com\/en\/meetings-events\/massa\/\"]}]},{\"@type\":\"ImageObject\",\"inLanguage\":\"en-US\",\"@id\":\"https:\/\/arkenhotel.com\/en\/meetings-events\/massa\/#primaryimage\",\"url\":\"https:\/\/arkenhotel.com\/wp-content\/uploads\/sites\/5\/2025\/04\/bil-utstallning-oceanen-arken-0215.jpg\",\"contentUrl\":\"https:\/\/arkenhotel.com\/wp-content\/uploads\/sites\/5\/2025\/04\/bil-utstallning-oceanen-arken-0215.jpg\",\"width\":1620,\"height\":1080,\"caption\":\"car at events in oceanen\"},{\"@type\":\"BreadcrumbList\",\"@id\":\"https:\/\/arkenhotel.com\/en\/meetings-events\/massa\/#breadcrumb\",\"itemListElement\":[{\"@type\":\"ListItem\",\"position\":1,\"name\":\"Hem\",\"item\":\"https:\/\/arkenhotel.com\/en\/\"},{\"@type\":\"ListItem\",\"position\":2,\"name\":\"Trade fair\"}]},{\"@type\":\"WebSite\",\"@id\":\"https:\/\/arkenhotel.com\/en\/#website\",\"url\":\"https:\/\/arkenhotel.com\/en\/\",\"name\":\"Arken Hotel\",\"description\":\"\",\"publisher\":{\"@id\":\"https:\/\/arkenhotel.com\/en\/#organization\"},\"alternateName\":\"Arken Hotel & Art Garden Spa\",\"potentialAction\":[{\"@type\":\"SearchAction\",\"target\":{\"@type\":\"EntryPoint\",\"urlTemplate\":\"https:\/\/arkenhotel.com\/en\/?s={search_term_string}\"},\"query-input\":{\"@type\":\"PropertyValueSpecification\",\"valueRequired\":true,\"valueName\":\"search_term_string\"}}],\"inLanguage\":\"en-US\"},{\"@type\":\"Organization\",\"@id\":\"https:\/\/arkenhotel.com\/en\/#organization\",\"name\":\"Arken Hotel\",\"alternateName\":\"Arken Hotel & Art Garden Spa\",\"url\":\"https:\/\/arkenhotel.com\/en\/\",\"logo\":{\"@type\":\"ImageObject\",\"inLanguage\":\"en-US\",\"@id\":\"https:\/\/arkenhotel.com\/en\/#\/schema\/logo\/image\/\",\"url\":\"https:\/\/arkenhotel.com\/wp-content\/uploads\/sites\/5\/2025\/04\/Arken_LOGO_Neg.svg\",\"contentUrl\":\"https:\/\/arkenhotel.com\/wp-content\/uploads\/sites\/5\/2025\/04\/Arken_LOGO_Neg.svg\",\"caption\":\"Arken Hotel\"},\"image\":{\"@id\":\"https:\/\/arkenhotel.com\/en\/#\/schema\/logo\/image\/\"},\"sameAs\":[\"https:\/\/www.facebook.com\/arkenhotel\/\",\"https:\/\/www.instagram.com\/arkenhotel\/\",\"https:\/\/www.linkedin.com\/company\/10872957\"]}]}<\/script>\n<!-- \/ Yoast SEO plugin. -->","yoast_head_json":{"title":"Venues for fairs & events | Arken Hotel & Art Garden Spa","description":"With modern technology and beautiful premises that are functional for loading and unloading, we make it easy for you to organize a trade fair. Get in touch with us!","robots":{"index":"index","follow":"follow","max-snippet":"max-snippet:-1","max-image-preview":"max-image-preview:large","max-video-preview":"max-video-preview:-1"},"canonical":"https:\/\/arkenhotel.com\/en\/meetings-events\/massa\/","og_locale":"en_US","og_type":"article","og_title":"Venues for fairs & events | Arken Hotel & Art Garden Spa","og_description":"With modern technology and beautiful premises that are functional for loading and unloading, we make it easy for you to organize a trade fair. Get in touch with us!","og_url":"https:\/\/arkenhotel.com\/en\/meetings-events\/massa\/","og_site_name":"Arken Hotel","article_publisher":"https:\/\/www.facebook.com\/arkenhotel\/","article_modified_time":"2025-11-14T15:07:57+00:00","og_image":[{"width":1620,"height":1080,"url":"https:\/\/arkenhotel.com\/wp-content\/uploads\/sites\/5\/2025\/04\/bil-utstallning-oceanen-arken-0215.jpg","type":"image\/jpeg"}],"twitter_card":"summary_large_image","twitter_misc":{"Est. reading time":"5 minutes"},"schema":{"@context":"https:\/\/schema.org","@graph":[{"@type":"WebPage","@id":"https:\/\/arkenhotel.com\/en\/meetings-events\/massa\/","url":"https:\/\/arkenhotel.com\/en\/meetings-events\/massa\/","name":"Venues for fairs & events | Arken Hotel & Art Garden Spa","isPartOf":{"@id":"https:\/\/arkenhotel.com\/en\/#website"},"primaryImageOfPage":{"@id":"https:\/\/arkenhotel.com\/en\/meetings-events\/massa\/#primaryimage"},"image":{"@id":"https:\/\/arkenhotel.com\/en\/meetings-events\/massa\/#primaryimage"},"thumbnailUrl":"https:\/\/arkenhotel.com\/wp-content\/uploads\/sites\/5\/2025\/04\/bil-utstallning-oceanen-arken-0215.jpg","datePublished":"2025-10-28T11:17:26+00:00","dateModified":"2025-11-14T15:07:57+00:00","description":"With modern technology and beautiful premises that are functional for loading and unloading, we make it easy for you to organize a trade fair. Get in touch with us!","breadcrumb":{"@id":"https:\/\/arkenhotel.com\/en\/meetings-events\/massa\/#breadcrumb"},"inLanguage":"en-US","potentialAction":[{"@type":"ReadAction","target":["https:\/\/arkenhotel.com\/en\/meetings-events\/massa\/"]}]},{"@type":"ImageObject","inLanguage":"en-US","@id":"https:\/\/arkenhotel.com\/en\/meetings-events\/massa\/#primaryimage","url":"https:\/\/arkenhotel.com\/wp-content\/uploads\/sites\/5\/2025\/04\/bil-utstallning-oceanen-arken-0215.jpg","contentUrl":"https:\/\/arkenhotel.com\/wp-content\/uploads\/sites\/5\/2025\/04\/bil-utstallning-oceanen-arken-0215.jpg","width":1620,"height":1080,"caption":"car at events in oceanen"},{"@type":"BreadcrumbList","@id":"https:\/\/arkenhotel.com\/en\/meetings-events\/massa\/#breadcrumb","itemListElement":[{"@type":"ListItem","position":1,"name":"Hem","item":"https:\/\/arkenhotel.com\/en\/"},{"@type":"ListItem","position":2,"name":"Trade fair"}]},{"@type":"WebSite","@id":"https:\/\/arkenhotel.com\/en\/#website","url":"https:\/\/arkenhotel.com\/en\/","name":"Arken Hotel","description":"","publisher":{"@id":"https:\/\/arkenhotel.com\/en\/#organization"},"alternateName":"Arken Hotel & Art Garden Spa","potentialAction":[{"@type":"SearchAction","target":{"@type":"EntryPoint","urlTemplate":"https:\/\/arkenhotel.com\/en\/?s={search_term_string}"},"query-input":{"@type":"PropertyValueSpecification","valueRequired":true,"valueName":"search_term_string"}}],"inLanguage":"en-US"},{"@type":"Organization","@id":"https:\/\/arkenhotel.com\/en\/#organization","name":"Arken Hotel","alternateName":"Arken Hotel & Art Garden Spa","url":"https:\/\/arkenhotel.com\/en\/","logo":{"@type":"ImageObject","inLanguage":"en-US","@id":"https:\/\/arkenhotel.com\/en\/#\/schema\/logo\/image\/","url":"https:\/\/arkenhotel.com\/wp-content\/uploads\/sites\/5\/2025\/04\/Arken_LOGO_Neg.svg","contentUrl":"https:\/\/arkenhotel.com\/wp-content\/uploads\/sites\/5\/2025\/04\/Arken_LOGO_Neg.svg","caption":"Arken Hotel"},"image":{"@id":"https:\/\/arkenhotel.com\/en\/#\/schema\/logo\/image\/"},"sameAs":["https:\/\/www.facebook.com\/arkenhotel\/","https:\/\/www.instagram.com\/arkenhotel\/","https:\/\/www.linkedin.com\/company\/10872957"]}]}},"publishpress_future_action":{"enabled":false,"date":"2026-05-06 05:45:17","action":"change-status","newStatus":"draft","terms":[],"taxonomy":"featured_post","extraData":[]},"publishpress_future_workflow_manual_trigger":{"enabledWorkflows":[]},"_links":{"self":[{"href":"https:\/\/arkenhotel.com\/en\/wp-json\/wp\/v2\/meeting\/31781","targetHints":{"allow":["GET"]}}],"collection":[{"href":"https:\/\/arkenhotel.com\/en\/wp-json\/wp\/v2\/meeting"}],"about":[{"href":"https:\/\/arkenhotel.com\/en\/wp-json\/wp\/v2\/types\/meeting"}],"author":[{"embeddable":true,"href":"https:\/\/arkenhotel.com\/en\/wp-json\/wp\/v2\/users\/3"}],"version-history":[{"count":8,"href":"https:\/\/arkenhotel.com\/en\/wp-json\/wp\/v2\/meeting\/31781\/revisions"}],"predecessor-version":[{"id":31796,"href":"https:\/\/arkenhotel.com\/en\/wp-json\/wp\/v2\/meeting\/31781\/revisions\/31796"}],"wp:featuredmedia":[{"embeddable":true,"href":"https:\/\/arkenhotel.com\/en\/wp-json\/wp\/v2\/media\/31782"}],"wp:attachment":[{"href":"https:\/\/arkenhotel.com\/en\/wp-json\/wp\/v2\/media?parent=31781"}],"wp:term":[{"taxonomy":"featured_post","embeddable":true,"href":"https:\/\/arkenhotel.com\/en\/wp-json\/wp\/v2\/featured_post?post=31781"}],"curies":[{"name":"wp","href":"https:\/\/api.w.org\/{rel}","templated":true}]}}